{"id":3736,"date":"2022-01-05T05:26:27","date_gmt":"2022-01-05T11:26:27","guid":{"rendered":"http:\/\/www.amormisericordioso.org\/ita\/?page_id=3736"},"modified":"2022-01-05T05:26:30","modified_gmt":"2022-01-05T11:26:30","slug":"tutti-gli-eventi","status":"publish","type":"page","link":"http:\/\/www.amormisericordioso.org\/ita\/tutti-gli-eventi\/","title":{"rendered":"Tutti gli eventi"},"content":{"rendered":"<div class=\"flex_column av_three_fourth  flex_column_div av-zero-column-padding first  avia-builder-el-0  avia-builder-el-no-sibling  \" style='border-radius:0px; '><div   data-autoplay=''  data-interval='5'  data-animation='fade'  data-show_slide_delay='90'  class='avia-content-slider avia-content-grid-active avia-content-slider1 avia-content-slider-odd  avia-builder-el-1  avia-builder-el-no-sibling  '  itemscope=\"itemscope\" itemtype=\"https:\/\/schema.org\/Blog\" ><div class='avia-content-slider-inner'><div class='slide-entry-wrap'><article class='slide-entry flex_column  post-entry post-entry-6324 slide-entry-overview slide-loop-1 slide-parity-odd  av_one_third first real-thumbnail post-format-standard'  itemscope=\"itemscope\" itemtype=\"https:\/\/schema.org\/CreativeWork\" ><a href='http:\/\/www.amormisericordioso.org\/ita\/ordinazione-presbiterale-p-alexandru-cristinel-chiriches-fam\/' data-rel='slide-1' class='slide-image' title='Ordinazione presbiterale P. ALEXANDRU CRISTINEL CHIRICHE\u015e fam'><img decoding=\"async\" width=\"300\" height=\"300\" src=\"http:\/\/www.amormisericordioso.org\/ita\/wp-content\/uploads\/2026\/04\/Immagini-in-Evidenza-SITO-AM-2026-04-28T085442.056-300x300.png\" class=\"wp-image-6327 avia-img-lazy-loading-not-6327 attachment-medium size-medium wp-post-image\" alt=\"\" srcset=\"http:\/\/www.amormisericordioso.org\/ita\/wp-content\/uploads\/2026\/04\/Immagini-in-Evidenza-SITO-AM-2026-04-28T085442.056-300x300.png 300w, http:\/\/www.amormisericordioso.org\/ita\/wp-content\/uploads\/2026\/04\/Immagini-in-Evidenza-SITO-AM-2026-04-28T085442.056-1030x1030.png 1030w, http:\/\/www.amormisericordioso.org\/ita\/wp-content\/uploads\/2026\/04\/Immagini-in-Evidenza-SITO-AM-2026-04-28T085442.056-80x80.png 80w, http:\/\/www.amormisericordioso.org\/ita\/wp-content\/uploads\/2026\/04\/Immagini-in-Evidenza-SITO-AM-2026-04-28T085442.056-768x768.png 768w, http:\/\/www.amormisericordioso.org\/ita\/wp-content\/uploads\/2026\/04\/Immagini-in-Evidenza-SITO-AM-2026-04-28T085442.056-36x36.png 36w, http:\/\/www.amormisericordioso.org\/ita\/wp-content\/uploads\/2026\/04\/Immagini-in-Evidenza-SITO-AM-2026-04-28T085442.056-180x180.png 180w, http:\/\/www.amormisericordioso.org\/ita\/wp-content\/uploads\/2026\/04\/Immagini-in-Evidenza-SITO-AM-2026-04-28T085442.056-705x705.png 705w, http:\/\/www.amormisericordioso.org\/ita\/wp-content\/uploads\/2026\/04\/Immagini-in-Evidenza-SITO-AM-2026-04-28T085442.056.png 1080w\" sizes=\"(max-width: 300px) 100vw, 300px\" \/><\/a><div class='slide-content'><header class=\"entry-content-header\"><h3 class='slide-entry-title entry-title '  itemprop=\"headline\" ><a href='http:\/\/www.amormisericordioso.org\/ita\/ordinazione-presbiterale-p-alexandru-cristinel-chiriches-fam\/' title='Ordinazione presbiterale P. ALEXANDRU CRISTINEL CHIRICHE\u015e fam'>Ordinazione presbiterale P. ALEXANDRU CRISTINEL CHIRICHE\u015e fam<\/a><\/h3><span class=\"av-vertical-delimiter\"><\/span><\/header><div class='slide-meta'><time class='slide-meta-time updated'  itemprop=\"datePublished\" datetime=\"2026-04-28T08:56:12+02:00\" >28 Aprile 2026<\/time><\/div><div class='slide-entry-excerpt entry-content'  itemprop=\"text\" >\n\n<\/div><\/div><footer class=\"entry-footer\"><\/footer><span class='hidden'>\n\t\t\t\t<span class='av-structured-data'  itemprop=\"image\" itemscope=\"itemscope\" itemtype=\"https:\/\/schema.org\/ImageObject\" >\n\t\t\t\t\t\t<span itemprop='url'>http:\/\/www.amormisericordioso.org\/ita\/wp-content\/uploads\/2026\/04\/Immagini-in-Evidenza-SITO-AM-2026-04-28T085442.056.png<\/span>\n\t\t\t\t\t\t<span itemprop='height'>1080<\/span>\n\t\t\t\t\t\t<span itemprop='width'>1080<\/span>\n\t\t\t\t<\/span>\n\t\t\t\t<span class='av-structured-data'  itemprop=\"publisher\" itemtype=\"https:\/\/schema.org\/Organization\" itemscope=\"itemscope\" >\n\t\t\t\t\t\t<span itemprop='name'>Famiglia dell'Amore Misericordioso<\/span>\n\t\t\t\t\t\t<span itemprop='logo' itemscope itemtype='https:\/\/schema.org\/ImageObject'>\n\t\t\t\t\t\t\t<span itemprop='url'>http:\/\/www.amormisericordioso.org\/ita\/wp-content\/uploads\/2018\/02\/logo-fam-italiano.png<\/span>\n\t\t\t\t\t\t <\/span>\n\t\t\t\t<\/span><span class='av-structured-data'  itemprop=\"author\" itemscope=\"itemscope\" itemtype=\"https:\/\/schema.org\/Person\" ><span itemprop='name'>Famiglia dell'Amore Misericordioso<\/span><\/span><span class='av-structured-data'  itemprop=\"datePublished\" datetime=\"2022-01-05T05:26:27+01:00\" >2026-04-28 08:56:12<\/span><span class='av-structured-data'  itemprop=\"dateModified\" itemtype=\"https:\/\/schema.org\/dateModified\" >2026-04-28 08:56:14<\/span><span class='av-structured-data'  itemprop=\"mainEntityOfPage\" itemtype=\"https:\/\/schema.org\/mainEntityOfPage\" ><span itemprop='name'>Ordinazione presbiterale P. ALEXANDRU CRISTINEL CHIRICHE\u015e fam<\/span><\/span><\/span><\/article><article class='slide-entry flex_column  post-entry post-entry-6304 slide-entry-overview slide-loop-2 slide-parity-even  av_one_third  real-thumbnail post-format-standard'  itemscope=\"itemscope\" itemtype=\"https:\/\/schema.org\/CreativeWork\" ><a href='http:\/\/www.amormisericordioso.org\/ita\/esercizi-spirituali-e-convegni-per-sacerdoti-2026\/' data-rel='slide-1' class='slide-image' title='ESERCIZI SPIRITUALI E CONVEGNI per sacerdoti 2026'><img decoding=\"async\" width=\"190\" height=\"300\" src=\"http:\/\/www.amormisericordioso.org\/ita\/wp-content\/uploads\/2025\/07\/2c115e5e3c9da4695960b66bb820b537-190x300.jpg\" class=\"wp-image-5985 avia-img-lazy-loading-not-5985 attachment-medium size-medium wp-post-image\" alt=\"\" srcset=\"http:\/\/www.amormisericordioso.org\/ita\/wp-content\/uploads\/2025\/07\/2c115e5e3c9da4695960b66bb820b537-190x300.jpg 190w, http:\/\/www.amormisericordioso.org\/ita\/wp-content\/uploads\/2025\/07\/2c115e5e3c9da4695960b66bb820b537-653x1030.jpg 653w, http:\/\/www.amormisericordioso.org\/ita\/wp-content\/uploads\/2025\/07\/2c115e5e3c9da4695960b66bb820b537-447x705.jpg 447w, http:\/\/www.amormisericordioso.org\/ita\/wp-content\/uploads\/2025\/07\/2c115e5e3c9da4695960b66bb820b537.jpg 736w\" sizes=\"(max-width: 190px) 100vw, 190px\" \/><\/a><div class='slide-content'><header class=\"entry-content-header\"><h3 class='slide-entry-title entry-title '  itemprop=\"headline\" ><a href='http:\/\/www.amormisericordioso.org\/ita\/esercizi-spirituali-e-convegni-per-sacerdoti-2026\/' title='ESERCIZI SPIRITUALI E CONVEGNI per sacerdoti 2026'>ESERCIZI SPIRITUALI E CONVEGNI per sacerdoti 2026<\/a><\/h3><span class=\"av-vertical-delimiter\"><\/span><\/header><div class='slide-meta'><time class='slide-meta-time updated'  itemprop=\"datePublished\" datetime=\"2026-04-13T09:41:04+02:00\" >13 Aprile 2026<\/time><\/div><div class='slide-entry-excerpt entry-content'  itemprop=\"text\" >\n\n<\/div><\/div><footer class=\"entry-footer\"><\/footer><span class='hidden'>\n\t\t\t\t<span class='av-structured-data'  itemprop=\"image\" itemscope=\"itemscope\" itemtype=\"https:\/\/schema.org\/ImageObject\" >\n\t\t\t\t\t\t<span itemprop='url'>http:\/\/www.amormisericordioso.org\/ita\/wp-content\/uploads\/2025\/07\/2c115e5e3c9da4695960b66bb820b537.jpg<\/span>\n\t\t\t\t\t\t<span itemprop='height'>1161<\/span>\n\t\t\t\t\t\t<span itemprop='width'>736<\/span>\n\t\t\t\t<\/span>\n\t\t\t\t<span class='av-structured-data'  itemprop=\"publisher\" itemtype=\"https:\/\/schema.org\/Organization\" itemscope=\"itemscope\" >\n\t\t\t\t\t\t<span itemprop='name'>Famiglia dell'Amore Misericordioso<\/span>\n\t\t\t\t\t\t<span itemprop='logo' itemscope itemtype='https:\/\/schema.org\/ImageObject'>\n\t\t\t\t\t\t\t<span itemprop='url'>http:\/\/www.amormisericordioso.org\/ita\/wp-content\/uploads\/2018\/02\/logo-fam-italiano.png<\/span>\n\t\t\t\t\t\t <\/span>\n\t\t\t\t<\/span><span class='av-structured-data'  itemprop=\"author\" itemscope=\"itemscope\" itemtype=\"https:\/\/schema.org\/Person\" ><span itemprop='name'>Famiglia dell'Amore Misericordioso<\/span><\/span><span class='av-structured-data'  itemprop=\"datePublished\" datetime=\"2022-01-05T05:26:27+01:00\" >2026-04-13 09:41:04<\/span><span class='av-structured-data'  itemprop=\"dateModified\" itemtype=\"https:\/\/schema.org\/dateModified\" >2026-04-13 09:41:06<\/span><span class='av-structured-data'  itemprop=\"mainEntityOfPage\" itemtype=\"https:\/\/schema.org\/mainEntityOfPage\" ><span itemprop='name'>ESERCIZI SPIRITUALI E CONVEGNI per sacerdoti 2026<\/span><\/span><\/span><\/article><article class='slide-entry flex_column  post-entry post-entry-6272 slide-entry-overview slide-loop-3 slide-parity-odd  av_one_third  real-thumbnail post-format-standard'  itemscope=\"itemscope\" itemtype=\"https:\/\/schema.org\/CreativeWork\" ><a href='http:\/\/www.amormisericordioso.org\/ita\/esercizi-spirituali-2026-ancelle-dellamore-misericordioso\/' data-rel='slide-1' class='slide-image' title='ESERCIZI SPIRITUALI 2026 Ancelle dell&#8217;Amore Misericordioso'><img decoding=\"async\" width=\"300\" height=\"300\" src=\"http:\/\/www.amormisericordioso.org\/ita\/wp-content\/uploads\/2025\/01\/Immagini-in-Evidenza-SITO-AM-2025-01-22T115813.596-300x300.png\" class=\"wp-image-5903 avia-img-lazy-loading-not-5903 attachment-medium size-medium wp-post-image\" alt=\"\" srcset=\"http:\/\/www.amormisericordioso.org\/ita\/wp-content\/uploads\/2025\/01\/Immagini-in-Evidenza-SITO-AM-2025-01-22T115813.596-300x300.png 300w, http:\/\/www.amormisericordioso.org\/ita\/wp-content\/uploads\/2025\/01\/Immagini-in-Evidenza-SITO-AM-2025-01-22T115813.596-1030x1030.png 1030w, http:\/\/www.amormisericordioso.org\/ita\/wp-content\/uploads\/2025\/01\/Immagini-in-Evidenza-SITO-AM-2025-01-22T115813.596-80x80.png 80w, http:\/\/www.amormisericordioso.org\/ita\/wp-content\/uploads\/2025\/01\/Immagini-in-Evidenza-SITO-AM-2025-01-22T115813.596-768x768.png 768w, http:\/\/www.amormisericordioso.org\/ita\/wp-content\/uploads\/2025\/01\/Immagini-in-Evidenza-SITO-AM-2025-01-22T115813.596-36x36.png 36w, http:\/\/www.amormisericordioso.org\/ita\/wp-content\/uploads\/2025\/01\/Immagini-in-Evidenza-SITO-AM-2025-01-22T115813.596-180x180.png 180w, http:\/\/www.amormisericordioso.org\/ita\/wp-content\/uploads\/2025\/01\/Immagini-in-Evidenza-SITO-AM-2025-01-22T115813.596-705x705.png 705w, http:\/\/www.amormisericordioso.org\/ita\/wp-content\/uploads\/2025\/01\/Immagini-in-Evidenza-SITO-AM-2025-01-22T115813.596.png 1080w\" sizes=\"(max-width: 300px) 100vw, 300px\" \/><\/a><div class='slide-content'><header class=\"entry-content-header\"><h3 class='slide-entry-title entry-title '  itemprop=\"headline\" ><a href='http:\/\/www.amormisericordioso.org\/ita\/esercizi-spirituali-2026-ancelle-dellamore-misericordioso\/' title='ESERCIZI SPIRITUALI 2026 Ancelle dell&#8217;Amore Misericordioso'>ESERCIZI SPIRITUALI 2026 Ancelle dell&#8217;Amore Misericordioso<\/a><\/h3><span class=\"av-vertical-delimiter\"><\/span><\/header><div class='slide-meta'><time class='slide-meta-time updated'  itemprop=\"datePublished\" datetime=\"2026-01-29T16:43:28+01:00\" >29 Gennaio 2026<\/time><\/div><div class='slide-entry-excerpt entry-content'  itemprop=\"text\" >\n\n<\/div><\/div><footer class=\"entry-footer\"><\/footer><span class='hidden'>\n\t\t\t\t<span class='av-structured-data'  itemprop=\"image\" itemscope=\"itemscope\" itemtype=\"https:\/\/schema.org\/ImageObject\" >\n\t\t\t\t\t\t<span itemprop='url'>http:\/\/www.amormisericordioso.org\/ita\/wp-content\/uploads\/2025\/01\/Immagini-in-Evidenza-SITO-AM-2025-01-22T115813.596.png<\/span>\n\t\t\t\t\t\t<span itemprop='height'>1080<\/span>\n\t\t\t\t\t\t<span itemprop='width'>1080<\/span>\n\t\t\t\t<\/span>\n\t\t\t\t<span class='av-structured-data'  itemprop=\"publisher\" itemtype=\"https:\/\/schema.org\/Organization\" itemscope=\"itemscope\" >\n\t\t\t\t\t\t<span itemprop='name'>Famiglia dell'Amore Misericordioso<\/span>\n\t\t\t\t\t\t<span itemprop='logo' itemscope itemtype='https:\/\/schema.org\/ImageObject'>\n\t\t\t\t\t\t\t<span itemprop='url'>http:\/\/www.amormisericordioso.org\/ita\/wp-content\/uploads\/2018\/02\/logo-fam-italiano.png<\/span>\n\t\t\t\t\t\t <\/span>\n\t\t\t\t<\/span><span class='av-structured-data'  itemprop=\"author\" itemscope=\"itemscope\" itemtype=\"https:\/\/schema.org\/Person\" ><span itemprop='name'>Famiglia dell'Amore Misericordioso<\/span><\/span><span class='av-structured-data'  itemprop=\"datePublished\" datetime=\"2022-01-05T05:26:27+01:00\" >2026-01-29 16:43:28<\/span><span class='av-structured-data'  itemprop=\"dateModified\" itemtype=\"https:\/\/schema.org\/dateModified\" >2026-02-05 16:45:20<\/span><span class='av-structured-data'  itemprop=\"mainEntityOfPage\" itemtype=\"https:\/\/schema.org\/mainEntityOfPage\" ><span itemprop='name'>ESERCIZI SPIRITUALI 2026 Ancelle dell&#8217;Amore Misericordioso<\/span><\/span><\/span><\/article><\/div><div class='slide-entry-wrap'><article class='slide-entry flex_column  post-entry post-entry-6261 slide-entry-overview slide-loop-4 slide-parity-odd  av_one_third first real-thumbnail post-format-standard'  itemscope=\"itemscope\" itemtype=\"https:\/\/schema.org\/CreativeWork\" ><a href='http:\/\/www.amormisericordioso.org\/ita\/festa-di-madre-speranza\/' data-rel='slide-1' class='slide-image' title='Festa di MADRE SPERANZA'><img decoding=\"async\" width=\"300\" height=\"300\" src=\"http:\/\/www.amormisericordioso.org\/ita\/wp-content\/uploads\/2024\/01\/Immagini-in-Evidenza-SITO-AM-69-300x300.png\" class=\"wp-image-5302 avia-img-lazy-loading-not-5302 attachment-medium size-medium wp-post-image\" alt=\"\" srcset=\"http:\/\/www.amormisericordioso.org\/ita\/wp-content\/uploads\/2024\/01\/Immagini-in-Evidenza-SITO-AM-69-300x300.png 300w, http:\/\/www.amormisericordioso.org\/ita\/wp-content\/uploads\/2024\/01\/Immagini-in-Evidenza-SITO-AM-69-1030x1030.png 1030w, http:\/\/www.amormisericordioso.org\/ita\/wp-content\/uploads\/2024\/01\/Immagini-in-Evidenza-SITO-AM-69-80x80.png 80w, http:\/\/www.amormisericordioso.org\/ita\/wp-content\/uploads\/2024\/01\/Immagini-in-Evidenza-SITO-AM-69-768x768.png 768w, http:\/\/www.amormisericordioso.org\/ita\/wp-content\/uploads\/2024\/01\/Immagini-in-Evidenza-SITO-AM-69-36x36.png 36w, http:\/\/www.amormisericordioso.org\/ita\/wp-content\/uploads\/2024\/01\/Immagini-in-Evidenza-SITO-AM-69-180x180.png 180w, http:\/\/www.amormisericordioso.org\/ita\/wp-content\/uploads\/2024\/01\/Immagini-in-Evidenza-SITO-AM-69-705x705.png 705w, http:\/\/www.amormisericordioso.org\/ita\/wp-content\/uploads\/2024\/01\/Immagini-in-Evidenza-SITO-AM-69.png 1080w\" sizes=\"(max-width: 300px) 100vw, 300px\" \/><\/a><div class='slide-content'><header class=\"entry-content-header\"><h3 class='slide-entry-title entry-title '  itemprop=\"headline\" ><a href='http:\/\/www.amormisericordioso.org\/ita\/festa-di-madre-speranza\/' title='Festa di MADRE SPERANZA'>Festa di MADRE SPERANZA<\/a><\/h3><span class=\"av-vertical-delimiter\"><\/span><\/header><div class='slide-meta'><time class='slide-meta-time updated'  itemprop=\"datePublished\" datetime=\"2026-01-27T19:49:24+01:00\" >27 Gennaio 2026<\/time><\/div><div class='slide-entry-excerpt entry-content'  itemprop=\"text\" >\n\n<\/div><\/div><footer class=\"entry-footer\"><\/footer><span class='hidden'>\n\t\t\t\t<span class='av-structured-data'  itemprop=\"image\" itemscope=\"itemscope\" itemtype=\"https:\/\/schema.org\/ImageObject\" >\n\t\t\t\t\t\t<span itemprop='url'>http:\/\/www.amormisericordioso.org\/ita\/wp-content\/uploads\/2024\/01\/Immagini-in-Evidenza-SITO-AM-69.png<\/span>\n\t\t\t\t\t\t<span itemprop='height'>1080<\/span>\n\t\t\t\t\t\t<span itemprop='width'>1080<\/span>\n\t\t\t\t<\/span>\n\t\t\t\t<span class='av-structured-data'  itemprop=\"publisher\" itemtype=\"https:\/\/schema.org\/Organization\" itemscope=\"itemscope\" >\n\t\t\t\t\t\t<span itemprop='name'>Famiglia dell'Amore Misericordioso<\/span>\n\t\t\t\t\t\t<span itemprop='logo' itemscope itemtype='https:\/\/schema.org\/ImageObject'>\n\t\t\t\t\t\t\t<span itemprop='url'>http:\/\/www.amormisericordioso.org\/ita\/wp-content\/uploads\/2018\/02\/logo-fam-italiano.png<\/span>\n\t\t\t\t\t\t <\/span>\n\t\t\t\t<\/span><span class='av-structured-data'  itemprop=\"author\" itemscope=\"itemscope\" itemtype=\"https:\/\/schema.org\/Person\" ><span itemprop='name'>Famiglia dell'Amore Misericordioso<\/span><\/span><span class='av-structured-data'  itemprop=\"datePublished\" datetime=\"2022-01-05T05:26:27+01:00\" >2026-01-27 19:49:24<\/span><span class='av-structured-data'  itemprop=\"dateModified\" itemtype=\"https:\/\/schema.org\/dateModified\" >2026-01-27 19:49:26<\/span><span class='av-structured-data'  itemprop=\"mainEntityOfPage\" itemtype=\"https:\/\/schema.org\/mainEntityOfPage\" ><span itemprop='name'>Festa di MADRE SPERANZA<\/span><\/span><\/span><\/article><article class='slide-entry flex_column  post-entry post-entry-6254 slide-entry-overview slide-loop-5 slide-parity-even  av_one_third  real-thumbnail post-format-standard'  itemscope=\"itemscope\" itemtype=\"https:\/\/schema.org\/CreativeWork\" ><a href='http:\/\/www.amormisericordioso.org\/ita\/prima-professione-di-caterina-la-spisa\/' data-rel='slide-1' class='slide-image' title='Prima professione di Caterina La Spisa'><img decoding=\"async\" width=\"300\" height=\"300\" src=\"http:\/\/www.amormisericordioso.org\/ita\/wp-content\/uploads\/2026\/01\/Immagini-in-Evidenza-SITO-AM-2026-01-17T155944.555-300x300.png\" class=\"wp-image-6257 avia-img-lazy-loading-not-6257 attachment-medium size-medium wp-post-image\" alt=\"\" srcset=\"http:\/\/www.amormisericordioso.org\/ita\/wp-content\/uploads\/2026\/01\/Immagini-in-Evidenza-SITO-AM-2026-01-17T155944.555-300x300.png 300w, http:\/\/www.amormisericordioso.org\/ita\/wp-content\/uploads\/2026\/01\/Immagini-in-Evidenza-SITO-AM-2026-01-17T155944.555-1030x1030.png 1030w, http:\/\/www.amormisericordioso.org\/ita\/wp-content\/uploads\/2026\/01\/Immagini-in-Evidenza-SITO-AM-2026-01-17T155944.555-80x80.png 80w, http:\/\/www.amormisericordioso.org\/ita\/wp-content\/uploads\/2026\/01\/Immagini-in-Evidenza-SITO-AM-2026-01-17T155944.555-768x768.png 768w, http:\/\/www.amormisericordioso.org\/ita\/wp-content\/uploads\/2026\/01\/Immagini-in-Evidenza-SITO-AM-2026-01-17T155944.555-36x36.png 36w, http:\/\/www.amormisericordioso.org\/ita\/wp-content\/uploads\/2026\/01\/Immagini-in-Evidenza-SITO-AM-2026-01-17T155944.555-180x180.png 180w, http:\/\/www.amormisericordioso.org\/ita\/wp-content\/uploads\/2026\/01\/Immagini-in-Evidenza-SITO-AM-2026-01-17T155944.555-705x705.png 705w, http:\/\/www.amormisericordioso.org\/ita\/wp-content\/uploads\/2026\/01\/Immagini-in-Evidenza-SITO-AM-2026-01-17T155944.555.png 1080w\" sizes=\"(max-width: 300px) 100vw, 300px\" \/><\/a><div class='slide-content'><header class=\"entry-content-header\"><h3 class='slide-entry-title entry-title '  itemprop=\"headline\" ><a href='http:\/\/www.amormisericordioso.org\/ita\/prima-professione-di-caterina-la-spisa\/' title='Prima professione di Caterina La Spisa'>Prima professione di Caterina La Spisa<\/a><\/h3><span class=\"av-vertical-delimiter\"><\/span><\/header><div class='slide-meta'><time class='slide-meta-time updated'  itemprop=\"datePublished\" datetime=\"2026-01-17T16:01:00+01:00\" >17 Gennaio 2026<\/time><\/div><div class='slide-entry-excerpt entry-content'  itemprop=\"text\" >\n\n<\/div><\/div><footer class=\"entry-footer\"><\/footer><span class='hidden'>\n\t\t\t\t<span class='av-structured-data'  itemprop=\"image\" itemscope=\"itemscope\" itemtype=\"https:\/\/schema.org\/ImageObject\" >\n\t\t\t\t\t\t<span itemprop='url'>http:\/\/www.amormisericordioso.org\/ita\/wp-content\/uploads\/2026\/01\/Immagini-in-Evidenza-SITO-AM-2026-01-17T155944.555.png<\/span>\n\t\t\t\t\t\t<span itemprop='height'>1080<\/span>\n\t\t\t\t\t\t<span itemprop='width'>1080<\/span>\n\t\t\t\t<\/span>\n\t\t\t\t<span class='av-structured-data'  itemprop=\"publisher\" itemtype=\"https:\/\/schema.org\/Organization\" itemscope=\"itemscope\" >\n\t\t\t\t\t\t<span itemprop='name'>Famiglia dell'Amore Misericordioso<\/span>\n\t\t\t\t\t\t<span itemprop='logo' itemscope itemtype='https:\/\/schema.org\/ImageObject'>\n\t\t\t\t\t\t\t<span itemprop='url'>http:\/\/www.amormisericordioso.org\/ita\/wp-content\/uploads\/2018\/02\/logo-fam-italiano.png<\/span>\n\t\t\t\t\t\t <\/span>\n\t\t\t\t<\/span><span class='av-structured-data'  itemprop=\"author\" itemscope=\"itemscope\" itemtype=\"https:\/\/schema.org\/Person\" ><span itemprop='name'>Famiglia dell'Amore Misericordioso<\/span><\/span><span class='av-structured-data'  itemprop=\"datePublished\" datetime=\"2022-01-05T05:26:27+01:00\" >2026-01-17 16:01:00<\/span><span class='av-structured-data'  itemprop=\"dateModified\" itemtype=\"https:\/\/schema.org\/dateModified\" >2026-01-17 16:01:02<\/span><span class='av-structured-data'  itemprop=\"mainEntityOfPage\" itemtype=\"https:\/\/schema.org\/mainEntityOfPage\" ><span itemprop='name'>Prima professione di Caterina La Spisa<\/span><\/span><\/span><\/article><article class='slide-entry flex_column  post-entry post-entry-6220 slide-entry-overview slide-loop-6 slide-parity-odd  av_one_third  real-thumbnail post-format-standard'  itemscope=\"itemscope\" itemtype=\"https:\/\/schema.org\/CreativeWork\" ><a href='http:\/\/www.amormisericordioso.org\/ita\/xxiv-assemblea-sdfam-fam-ditalia\/' data-rel='slide-1' class='slide-image' title='XXIV Assemblea SDFAM-FAM d&#8217;Italia'><img decoding=\"async\" width=\"300\" height=\"300\" src=\"http:\/\/www.amormisericordioso.org\/ita\/wp-content\/uploads\/2023\/10\/Immagini-in-Evidenza-SITO-AM-50-300x300.png\" class=\"wp-image-5135 avia-img-lazy-loading-not-5135 attachment-medium size-medium wp-post-image\" alt=\"\" srcset=\"http:\/\/www.amormisericordioso.org\/ita\/wp-content\/uploads\/2023\/10\/Immagini-in-Evidenza-SITO-AM-50-300x300.png 300w, http:\/\/www.amormisericordioso.org\/ita\/wp-content\/uploads\/2023\/10\/Immagini-in-Evidenza-SITO-AM-50-1030x1030.png 1030w, http:\/\/www.amormisericordioso.org\/ita\/wp-content\/uploads\/2023\/10\/Immagini-in-Evidenza-SITO-AM-50-80x80.png 80w, http:\/\/www.amormisericordioso.org\/ita\/wp-content\/uploads\/2023\/10\/Immagini-in-Evidenza-SITO-AM-50-768x768.png 768w, http:\/\/www.amormisericordioso.org\/ita\/wp-content\/uploads\/2023\/10\/Immagini-in-Evidenza-SITO-AM-50-36x36.png 36w, http:\/\/www.amormisericordioso.org\/ita\/wp-content\/uploads\/2023\/10\/Immagini-in-Evidenza-SITO-AM-50-180x180.png 180w, http:\/\/www.amormisericordioso.org\/ita\/wp-content\/uploads\/2023\/10\/Immagini-in-Evidenza-SITO-AM-50-705x705.png 705w, http:\/\/www.amormisericordioso.org\/ita\/wp-content\/uploads\/2023\/10\/Immagini-in-Evidenza-SITO-AM-50.png 1080w\" sizes=\"(max-width: 300px) 100vw, 300px\" \/><\/a><div class='slide-content'><header class=\"entry-content-header\"><h3 class='slide-entry-title entry-title '  itemprop=\"headline\" ><a href='http:\/\/www.amormisericordioso.org\/ita\/xxiv-assemblea-sdfam-fam-ditalia\/' title='XXIV Assemblea SDFAM-FAM d&#8217;Italia'>XXIV Assemblea SDFAM-FAM d&#8217;Italia<\/a><\/h3><span class=\"av-vertical-delimiter\"><\/span><\/header><div class='slide-meta'><time class='slide-meta-time updated'  itemprop=\"datePublished\" datetime=\"2025-10-16T10:45:50+02:00\" >16 Ottobre 2025<\/time><\/div><div class='slide-entry-excerpt entry-content'  itemprop=\"text\" >\n\n\n\n\nDal 10 al 14 novembre 2025 si terr\u00e0 a Collevalenza, presso\u2026<\/div><\/div><footer class=\"entry-footer\"><\/footer><span class='hidden'>\n\t\t\t\t<span class='av-structured-data'  itemprop=\"image\" itemscope=\"itemscope\" itemtype=\"https:\/\/schema.org\/ImageObject\" >\n\t\t\t\t\t\t<span itemprop='url'>http:\/\/www.amormisericordioso.org\/ita\/wp-content\/uploads\/2023\/10\/Immagini-in-Evidenza-SITO-AM-50.png<\/span>\n\t\t\t\t\t\t<span itemprop='height'>1080<\/span>\n\t\t\t\t\t\t<span itemprop='width'>1080<\/span>\n\t\t\t\t<\/span>\n\t\t\t\t<span class='av-structured-data'  itemprop=\"publisher\" itemtype=\"https:\/\/schema.org\/Organization\" itemscope=\"itemscope\" >\n\t\t\t\t\t\t<span itemprop='name'>Famiglia dell'Amore Misericordioso<\/span>\n\t\t\t\t\t\t<span itemprop='logo' itemscope itemtype='https:\/\/schema.org\/ImageObject'>\n\t\t\t\t\t\t\t<span itemprop='url'>http:\/\/www.amormisericordioso.org\/ita\/wp-content\/uploads\/2018\/02\/logo-fam-italiano.png<\/span>\n\t\t\t\t\t\t <\/span>\n\t\t\t\t<\/span><span class='av-structured-data'  itemprop=\"author\" itemscope=\"itemscope\" itemtype=\"https:\/\/schema.org\/Person\" ><span itemprop='name'>Famiglia dell'Amore Misericordioso<\/span><\/span><span class='av-structured-data'  itemprop=\"datePublished\" datetime=\"2022-01-05T05:26:27+01:00\" >2025-10-16 10:45:50<\/span><span class='av-structured-data'  itemprop=\"dateModified\" itemtype=\"https:\/\/schema.org\/dateModified\" >2025-10-16 10:49:59<\/span><span class='av-structured-data'  itemprop=\"mainEntityOfPage\" itemtype=\"https:\/\/schema.org\/mainEntityOfPage\" ><span itemprop='name'>XXIV Assemblea SDFAM-FAM d&#8217;Italia<\/span><\/span><\/span><\/article><\/div><div class='slide-entry-wrap'><article class='slide-entry flex_column  post-entry post-entry-6217 slide-entry-overview slide-loop-7 slide-parity-odd  av_one_third first real-thumbnail post-format-standard'  itemscope=\"itemscope\" itemtype=\"https:\/\/schema.org\/CreativeWork\" ><a href='http:\/\/www.amormisericordioso.org\/ita\/professione-religiosa-temporanea-di-paolo-cedro\/' data-rel='slide-1' class='slide-image' title='PROFESSIONE RELIGIOSA TEMPORANEA di Paolo Cedro'><img decoding=\"async\" width=\"300\" height=\"300\" src=\"http:\/\/www.amormisericordioso.org\/ita\/wp-content\/uploads\/2023\/11\/Immagini-in-Evidenza-SITO-AM-53-300x300.png\" class=\"wp-image-5175 avia-img-lazy-loading-not-5175 attachment-medium size-medium wp-post-image\" alt=\"\" srcset=\"http:\/\/www.amormisericordioso.org\/ita\/wp-content\/uploads\/2023\/11\/Immagini-in-Evidenza-SITO-AM-53-300x300.png 300w, http:\/\/www.amormisericordioso.org\/ita\/wp-content\/uploads\/2023\/11\/Immagini-in-Evidenza-SITO-AM-53-1030x1030.png 1030w, http:\/\/www.amormisericordioso.org\/ita\/wp-content\/uploads\/2023\/11\/Immagini-in-Evidenza-SITO-AM-53-80x80.png 80w, http:\/\/www.amormisericordioso.org\/ita\/wp-content\/uploads\/2023\/11\/Immagini-in-Evidenza-SITO-AM-53-768x768.png 768w, http:\/\/www.amormisericordioso.org\/ita\/wp-content\/uploads\/2023\/11\/Immagini-in-Evidenza-SITO-AM-53-36x36.png 36w, http:\/\/www.amormisericordioso.org\/ita\/wp-content\/uploads\/2023\/11\/Immagini-in-Evidenza-SITO-AM-53-180x180.png 180w, http:\/\/www.amormisericordioso.org\/ita\/wp-content\/uploads\/2023\/11\/Immagini-in-Evidenza-SITO-AM-53-705x705.png 705w, http:\/\/www.amormisericordioso.org\/ita\/wp-content\/uploads\/2023\/11\/Immagini-in-Evidenza-SITO-AM-53.png 1080w\" sizes=\"(max-width: 300px) 100vw, 300px\" \/><\/a><div class='slide-content'><header class=\"entry-content-header\"><h3 class='slide-entry-title entry-title '  itemprop=\"headline\" ><a href='http:\/\/www.amormisericordioso.org\/ita\/professione-religiosa-temporanea-di-paolo-cedro\/' title='PROFESSIONE RELIGIOSA TEMPORANEA di Paolo Cedro'>PROFESSIONE RELIGIOSA TEMPORANEA di Paolo Cedro<\/a><\/h3><span class=\"av-vertical-delimiter\"><\/span><\/header><div class='slide-meta'><time class='slide-meta-time updated'  itemprop=\"datePublished\" datetime=\"2025-10-13T10:09:34+02:00\" >13 Ottobre 2025<\/time><\/div><div class='slide-entry-excerpt entry-content'  itemprop=\"text\" >\n\n<\/div><\/div><footer class=\"entry-footer\"><\/footer><span class='hidden'>\n\t\t\t\t<span class='av-structured-data'  itemprop=\"image\" itemscope=\"itemscope\" itemtype=\"https:\/\/schema.org\/ImageObject\" >\n\t\t\t\t\t\t<span itemprop='url'>http:\/\/www.amormisericordioso.org\/ita\/wp-content\/uploads\/2023\/11\/Immagini-in-Evidenza-SITO-AM-53.png<\/span>\n\t\t\t\t\t\t<span itemprop='height'>1080<\/span>\n\t\t\t\t\t\t<span itemprop='width'>1080<\/span>\n\t\t\t\t<\/span>\n\t\t\t\t<span class='av-structured-data'  itemprop=\"publisher\" itemtype=\"https:\/\/schema.org\/Organization\" itemscope=\"itemscope\" >\n\t\t\t\t\t\t<span itemprop='name'>Famiglia dell'Amore Misericordioso<\/span>\n\t\t\t\t\t\t<span itemprop='logo' itemscope itemtype='https:\/\/schema.org\/ImageObject'>\n\t\t\t\t\t\t\t<span itemprop='url'>http:\/\/www.amormisericordioso.org\/ita\/wp-content\/uploads\/2018\/02\/logo-fam-italiano.png<\/span>\n\t\t\t\t\t\t <\/span>\n\t\t\t\t<\/span><span class='av-structured-data'  itemprop=\"author\" itemscope=\"itemscope\" itemtype=\"https:\/\/schema.org\/Person\" ><span itemprop='name'>Famiglia dell'Amore Misericordioso<\/span><\/span><span class='av-structured-data'  itemprop=\"datePublished\" datetime=\"2022-01-05T05:26:27+01:00\" >2025-10-13 10:09:34<\/span><span class='av-structured-data'  itemprop=\"dateModified\" itemtype=\"https:\/\/schema.org\/dateModified\" >2025-10-16 10:12:23<\/span><span class='av-structured-data'  itemprop=\"mainEntityOfPage\" itemtype=\"https:\/\/schema.org\/mainEntityOfPage\" ><span itemprop='name'>PROFESSIONE RELIGIOSA TEMPORANEA di Paolo Cedro<\/span><\/span><\/span><\/article><article class='slide-entry flex_column  post-entry post-entry-6184 slide-entry-overview slide-loop-8 slide-parity-even  av_one_third  real-thumbnail post-format-standard'  itemscope=\"itemscope\" itemtype=\"https:\/\/schema.org\/CreativeWork\" ><a href='http:\/\/www.amormisericordioso.org\/ita\/eccomi-sono-la-serva-del-signore-lc-138\/' data-rel='slide-1' class='slide-image' title='&#8220;Eccomi, sono la serva del Signore&#8221; (Lc 1,38)'><img decoding=\"async\" width=\"300\" height=\"300\" src=\"http:\/\/www.amormisericordioso.org\/ita\/wp-content\/uploads\/2024\/01\/Immagini-in-Evidenza-SITO-AM-69-300x300.png\" class=\"wp-image-5302 avia-img-lazy-loading-not-5302 attachment-medium size-medium wp-post-image\" alt=\"\" srcset=\"http:\/\/www.amormisericordioso.org\/ita\/wp-content\/uploads\/2024\/01\/Immagini-in-Evidenza-SITO-AM-69-300x300.png 300w, http:\/\/www.amormisericordioso.org\/ita\/wp-content\/uploads\/2024\/01\/Immagini-in-Evidenza-SITO-AM-69-1030x1030.png 1030w, http:\/\/www.amormisericordioso.org\/ita\/wp-content\/uploads\/2024\/01\/Immagini-in-Evidenza-SITO-AM-69-80x80.png 80w, http:\/\/www.amormisericordioso.org\/ita\/wp-content\/uploads\/2024\/01\/Immagini-in-Evidenza-SITO-AM-69-768x768.png 768w, http:\/\/www.amormisericordioso.org\/ita\/wp-content\/uploads\/2024\/01\/Immagini-in-Evidenza-SITO-AM-69-36x36.png 36w, http:\/\/www.amormisericordioso.org\/ita\/wp-content\/uploads\/2024\/01\/Immagini-in-Evidenza-SITO-AM-69-180x180.png 180w, http:\/\/www.amormisericordioso.org\/ita\/wp-content\/uploads\/2024\/01\/Immagini-in-Evidenza-SITO-AM-69-705x705.png 705w, http:\/\/www.amormisericordioso.org\/ita\/wp-content\/uploads\/2024\/01\/Immagini-in-Evidenza-SITO-AM-69.png 1080w\" sizes=\"(max-width: 300px) 100vw, 300px\" \/><\/a><div class='slide-content'><header class=\"entry-content-header\"><h3 class='slide-entry-title entry-title '  itemprop=\"headline\" ><a href='http:\/\/www.amormisericordioso.org\/ita\/eccomi-sono-la-serva-del-signore-lc-138\/' title='&#8220;Eccomi, sono la serva del Signore&#8221; (Lc 1,38)'>&#8220;Eccomi, sono la serva del Signore&#8221; (Lc 1,38)<\/a><\/h3><span class=\"av-vertical-delimiter\"><\/span><\/header><div class='slide-meta'><time class='slide-meta-time updated'  itemprop=\"datePublished\" datetime=\"2025-10-05T17:35:16+02:00\" >5 Ottobre 2025<\/time><\/div><div class='slide-entry-excerpt entry-content'  itemprop=\"text\" >\n\n<\/div><\/div><footer class=\"entry-footer\"><\/footer><span class='hidden'>\n\t\t\t\t<span class='av-structured-data'  itemprop=\"image\" itemscope=\"itemscope\" itemtype=\"https:\/\/schema.org\/ImageObject\" >\n\t\t\t\t\t\t<span itemprop='url'>http:\/\/www.amormisericordioso.org\/ita\/wp-content\/uploads\/2024\/01\/Immagini-in-Evidenza-SITO-AM-69.png<\/span>\n\t\t\t\t\t\t<span itemprop='height'>1080<\/span>\n\t\t\t\t\t\t<span itemprop='width'>1080<\/span>\n\t\t\t\t<\/span>\n\t\t\t\t<span class='av-structured-data'  itemprop=\"publisher\" itemtype=\"https:\/\/schema.org\/Organization\" itemscope=\"itemscope\" >\n\t\t\t\t\t\t<span itemprop='name'>Famiglia dell'Amore Misericordioso<\/span>\n\t\t\t\t\t\t<span itemprop='logo' itemscope itemtype='https:\/\/schema.org\/ImageObject'>\n\t\t\t\t\t\t\t<span itemprop='url'>http:\/\/www.amormisericordioso.org\/ita\/wp-content\/uploads\/2018\/02\/logo-fam-italiano.png<\/span>\n\t\t\t\t\t\t <\/span>\n\t\t\t\t<\/span><span class='av-structured-data'  itemprop=\"author\" itemscope=\"itemscope\" itemtype=\"https:\/\/schema.org\/Person\" ><span itemprop='name'>Famiglia dell'Amore Misericordioso<\/span><\/span><span class='av-structured-data'  itemprop=\"datePublished\" datetime=\"2022-01-05T05:26:27+01:00\" >2025-10-05 17:35:16<\/span><span class='av-structured-data'  itemprop=\"dateModified\" itemtype=\"https:\/\/schema.org\/dateModified\" >2025-10-05 17:35:18<\/span><span class='av-structured-data'  itemprop=\"mainEntityOfPage\" itemtype=\"https:\/\/schema.org\/mainEntityOfPage\" ><span itemprop='name'>&#8220;Eccomi, sono la serva del Signore&#8221; (Lc 1,38)<\/span><\/span><\/span><\/article><article class='slide-entry flex_column  post-entry post-entry-6143 slide-entry-overview slide-loop-9 slide-parity-odd  av_one_third  real-thumbnail post-format-standard'  itemscope=\"itemscope\" itemtype=\"https:\/\/schema.org\/CreativeWork\" ><a href='http:\/\/www.amormisericordioso.org\/ita\/professioni-perpetue-di-3-figli-dellamore-misericordioso\/' data-rel='slide-1' class='slide-image' title='PROFESSIONI PERPETUE di 3 Figli dell&#8217;Amore Misericordioso'><img decoding=\"async\" width=\"300\" height=\"300\" src=\"http:\/\/www.amormisericordioso.org\/ita\/wp-content\/uploads\/2025\/09\/Immagini-in-Evidenza-SITO-AM-40-1030x1030-1-300x300.png\" class=\"wp-image-6145 avia-img-lazy-loading-not-6145 attachment-medium size-medium wp-post-image\" alt=\"\" srcset=\"http:\/\/www.amormisericordioso.org\/ita\/wp-content\/uploads\/2025\/09\/Immagini-in-Evidenza-SITO-AM-40-1030x1030-1-300x300.png 300w, http:\/\/www.amormisericordioso.org\/ita\/wp-content\/uploads\/2025\/09\/Immagini-in-Evidenza-SITO-AM-40-1030x1030-1-80x80.png 80w, http:\/\/www.amormisericordioso.org\/ita\/wp-content\/uploads\/2025\/09\/Immagini-in-Evidenza-SITO-AM-40-1030x1030-1-768x768.png 768w, http:\/\/www.amormisericordioso.org\/ita\/wp-content\/uploads\/2025\/09\/Immagini-in-Evidenza-SITO-AM-40-1030x1030-1-36x36.png 36w, http:\/\/www.amormisericordioso.org\/ita\/wp-content\/uploads\/2025\/09\/Immagini-in-Evidenza-SITO-AM-40-1030x1030-1-180x180.png 180w, http:\/\/www.amormisericordioso.org\/ita\/wp-content\/uploads\/2025\/09\/Immagini-in-Evidenza-SITO-AM-40-1030x1030-1-705x705.png 705w, http:\/\/www.amormisericordioso.org\/ita\/wp-content\/uploads\/2025\/09\/Immagini-in-Evidenza-SITO-AM-40-1030x1030-1.png 1030w\" sizes=\"(max-width: 300px) 100vw, 300px\" \/><\/a><div class='slide-content'><header class=\"entry-content-header\"><h3 class='slide-entry-title entry-title '  itemprop=\"headline\" ><a href='http:\/\/www.amormisericordioso.org\/ita\/professioni-perpetue-di-3-figli-dellamore-misericordioso\/' title='PROFESSIONI PERPETUE di 3 Figli dell&#8217;Amore Misericordioso'>PROFESSIONI PERPETUE di 3 Figli dell&#8217;Amore Misericordioso<\/a><\/h3><span class=\"av-vertical-delimiter\"><\/span><\/header><div class='slide-meta'><time class='slide-meta-time updated'  itemprop=\"datePublished\" datetime=\"2025-09-22T00:00:00+02:00\" >22 Settembre 2025<\/time><\/div><div class='slide-entry-excerpt entry-content'  itemprop=\"text\" >\n\n<\/div><\/div><footer class=\"entry-footer\"><\/footer><span class='hidden'>\n\t\t\t\t<span class='av-structured-data'  itemprop=\"image\" itemscope=\"itemscope\" itemtype=\"https:\/\/schema.org\/ImageObject\" >\n\t\t\t\t\t\t<span itemprop='url'>http:\/\/www.amormisericordioso.org\/ita\/wp-content\/uploads\/2025\/09\/Immagini-in-Evidenza-SITO-AM-40-1030x1030-1.png<\/span>\n\t\t\t\t\t\t<span itemprop='height'>1030<\/span>\n\t\t\t\t\t\t<span itemprop='width'>1030<\/span>\n\t\t\t\t<\/span>\n\t\t\t\t<span class='av-structured-data'  itemprop=\"publisher\" itemtype=\"https:\/\/schema.org\/Organization\" itemscope=\"itemscope\" >\n\t\t\t\t\t\t<span itemprop='name'>Famiglia dell'Amore Misericordioso<\/span>\n\t\t\t\t\t\t<span itemprop='logo' itemscope itemtype='https:\/\/schema.org\/ImageObject'>\n\t\t\t\t\t\t\t<span itemprop='url'>http:\/\/www.amormisericordioso.org\/ita\/wp-content\/uploads\/2018\/02\/logo-fam-italiano.png<\/span>\n\t\t\t\t\t\t <\/span>\n\t\t\t\t<\/span><span class='av-structured-data'  itemprop=\"author\" itemscope=\"itemscope\" itemtype=\"https:\/\/schema.org\/Person\" ><span itemprop='name'>Famiglia dell'Amore Misericordioso<\/span><\/span><span class='av-structured-data'  itemprop=\"datePublished\" datetime=\"2022-01-05T05:26:27+01:00\" >2025-09-22 00:00:00<\/span><span class='av-structured-data'  itemprop=\"dateModified\" itemtype=\"https:\/\/schema.org\/dateModified\" >2025-09-01 12:27:00<\/span><span class='av-structured-data'  itemprop=\"mainEntityOfPage\" itemtype=\"https:\/\/schema.org\/mainEntityOfPage\" ><span itemprop='name'>PROFESSIONI PERPETUE di 3 Figli dell&#8217;Amore Misericordioso<\/span><\/span><\/span><\/article><\/div><div class='slide-entry-wrap'><article class='slide-entry flex_column  post-entry post-entry-6135 slide-entry-overview slide-loop-10 slide-parity-odd  av_one_third first real-thumbnail post-format-standard'  itemscope=\"itemscope\" itemtype=\"https:\/\/schema.org\/CreativeWork\" ><a href='http:\/\/www.amormisericordioso.org\/ita\/festa-del-santuario-dellamore-misericordioso-4\/' data-rel='slide-1' class='slide-image' title='FESTA DEL SANTUARIO DELL&#8217;AMORE MISERICORDIOSO'><img decoding=\"async\" width=\"300\" height=\"300\" src=\"http:\/\/www.amormisericordioso.org\/ita\/wp-content\/uploads\/2024\/09\/Immagini-in-Evidenza-SITO-AM-98-300x300.png\" class=\"wp-image-5651 avia-img-lazy-loading-not-5651 attachment-medium size-medium wp-post-image\" alt=\"\" srcset=\"http:\/\/www.amormisericordioso.org\/ita\/wp-content\/uploads\/2024\/09\/Immagini-in-Evidenza-SITO-AM-98-300x300.png 300w, http:\/\/www.amormisericordioso.org\/ita\/wp-content\/uploads\/2024\/09\/Immagini-in-Evidenza-SITO-AM-98-1030x1030.png 1030w, http:\/\/www.amormisericordioso.org\/ita\/wp-content\/uploads\/2024\/09\/Immagini-in-Evidenza-SITO-AM-98-80x80.png 80w, http:\/\/www.amormisericordioso.org\/ita\/wp-content\/uploads\/2024\/09\/Immagini-in-Evidenza-SITO-AM-98-768x768.png 768w, http:\/\/www.amormisericordioso.org\/ita\/wp-content\/uploads\/2024\/09\/Immagini-in-Evidenza-SITO-AM-98-36x36.png 36w, http:\/\/www.amormisericordioso.org\/ita\/wp-content\/uploads\/2024\/09\/Immagini-in-Evidenza-SITO-AM-98-180x180.png 180w, http:\/\/www.amormisericordioso.org\/ita\/wp-content\/uploads\/2024\/09\/Immagini-in-Evidenza-SITO-AM-98-705x705.png 705w, http:\/\/www.amormisericordioso.org\/ita\/wp-content\/uploads\/2024\/09\/Immagini-in-Evidenza-SITO-AM-98.png 1080w\" sizes=\"(max-width: 300px) 100vw, 300px\" \/><\/a><div class='slide-content'><header class=\"entry-content-header\"><h3 class='slide-entry-title entry-title '  itemprop=\"headline\" ><a href='http:\/\/www.amormisericordioso.org\/ita\/festa-del-santuario-dellamore-misericordioso-4\/' title='FESTA DEL SANTUARIO DELL&#8217;AMORE MISERICORDIOSO'>FESTA DEL SANTUARIO DELL&#8217;AMORE MISERICORDIOSO<\/a><\/h3><span class=\"av-vertical-delimiter\"><\/span><\/header><div class='slide-meta'><time class='slide-meta-time updated'  itemprop=\"datePublished\" datetime=\"2025-09-01T11:40:36+02:00\" >1 Settembre 2025<\/time><\/div><div class='slide-entry-excerpt entry-content'  itemprop=\"text\" >\n\n<\/div><\/div><footer class=\"entry-footer\"><\/footer><span class='hidden'>\n\t\t\t\t<span class='av-structured-data'  itemprop=\"image\" itemscope=\"itemscope\" itemtype=\"https:\/\/schema.org\/ImageObject\" >\n\t\t\t\t\t\t<span itemprop='url'>http:\/\/www.amormisericordioso.org\/ita\/wp-content\/uploads\/2024\/09\/Immagini-in-Evidenza-SITO-AM-98.png<\/span>\n\t\t\t\t\t\t<span itemprop='height'>1080<\/span>\n\t\t\t\t\t\t<span itemprop='width'>1080<\/span>\n\t\t\t\t<\/span>\n\t\t\t\t<span class='av-structured-data'  itemprop=\"publisher\" itemtype=\"https:\/\/schema.org\/Organization\" itemscope=\"itemscope\" >\n\t\t\t\t\t\t<span itemprop='name'>Famiglia dell'Amore Misericordioso<\/span>\n\t\t\t\t\t\t<span itemprop='logo' itemscope itemtype='https:\/\/schema.org\/ImageObject'>\n\t\t\t\t\t\t\t<span itemprop='url'>http:\/\/www.amormisericordioso.org\/ita\/wp-content\/uploads\/2018\/02\/logo-fam-italiano.png<\/span>\n\t\t\t\t\t\t <\/span>\n\t\t\t\t<\/span><span class='av-structured-data'  itemprop=\"author\" itemscope=\"itemscope\" itemtype=\"https:\/\/schema.org\/Person\" ><span itemprop='name'>Famiglia dell'Amore Misericordioso<\/span><\/span><span class='av-structured-data'  itemprop=\"datePublished\" datetime=\"2022-01-05T05:26:27+01:00\" >2025-09-01 11:40:36<\/span><span class='av-structured-data'  itemprop=\"dateModified\" itemtype=\"https:\/\/schema.org\/dateModified\" >2025-09-01 11:40:37<\/span><span class='av-structured-data'  itemprop=\"mainEntityOfPage\" itemtype=\"https:\/\/schema.org\/mainEntityOfPage\" ><span itemprop='name'>FESTA DEL SANTUARIO DELL&#8217;AMORE MISERICORDIOSO<\/span><\/span><\/span><\/article><article class='slide-entry flex_column  post-entry post-entry-6132 slide-entry-overview slide-loop-11 slide-parity-even  av_one_third  real-thumbnail post-format-standard'  itemscope=\"itemscope\" itemtype=\"https:\/\/schema.org\/CreativeWork\" ><a href='http:\/\/www.amormisericordioso.org\/ita\/progetto-giovani-anno-2025-2026\/' data-rel='slide-1' class='slide-image' title='PROGETTO GIOVANI anno 2025-2026'><img decoding=\"async\" width=\"300\" height=\"300\" src=\"http:\/\/www.amormisericordioso.org\/ita\/wp-content\/uploads\/2024\/10\/Immagini-in-Evidenza-SITO-AM-44-1030x1030-1-300x300.png\" class=\"wp-image-5687 avia-img-lazy-loading-not-5687 attachment-medium size-medium wp-post-image\" alt=\"\" srcset=\"http:\/\/www.amormisericordioso.org\/ita\/wp-content\/uploads\/2024\/10\/Immagini-in-Evidenza-SITO-AM-44-1030x1030-1-300x300.png 300w, http:\/\/www.amormisericordioso.org\/ita\/wp-content\/uploads\/2024\/10\/Immagini-in-Evidenza-SITO-AM-44-1030x1030-1-80x80.png 80w, http:\/\/www.amormisericordioso.org\/ita\/wp-content\/uploads\/2024\/10\/Immagini-in-Evidenza-SITO-AM-44-1030x1030-1-768x768.png 768w, http:\/\/www.amormisericordioso.org\/ita\/wp-content\/uploads\/2024\/10\/Immagini-in-Evidenza-SITO-AM-44-1030x1030-1-36x36.png 36w, http:\/\/www.amormisericordioso.org\/ita\/wp-content\/uploads\/2024\/10\/Immagini-in-Evidenza-SITO-AM-44-1030x1030-1-180x180.png 180w, http:\/\/www.amormisericordioso.org\/ita\/wp-content\/uploads\/2024\/10\/Immagini-in-Evidenza-SITO-AM-44-1030x1030-1-705x705.png 705w, http:\/\/www.amormisericordioso.org\/ita\/wp-content\/uploads\/2024\/10\/Immagini-in-Evidenza-SITO-AM-44-1030x1030-1.png 1030w\" sizes=\"(max-width: 300px) 100vw, 300px\" \/><\/a><div class='slide-content'><header class=\"entry-content-header\"><h3 class='slide-entry-title entry-title '  itemprop=\"headline\" ><a href='http:\/\/www.amormisericordioso.org\/ita\/progetto-giovani-anno-2025-2026\/' title='PROGETTO GIOVANI anno 2025-2026'>PROGETTO GIOVANI anno 2025-2026<\/a><\/h3><span class=\"av-vertical-delimiter\"><\/span><\/header><div class='slide-meta'><time class='slide-meta-time updated'  itemprop=\"datePublished\" datetime=\"2025-09-01T11:38:57+02:00\" >1 Settembre 2025<\/time><\/div><div class='slide-entry-excerpt entry-content'  itemprop=\"text\" >\n\n<\/div><\/div><footer class=\"entry-footer\"><\/footer><span class='hidden'>\n\t\t\t\t<span class='av-structured-data'  itemprop=\"image\" itemscope=\"itemscope\" itemtype=\"https:\/\/schema.org\/ImageObject\" >\n\t\t\t\t\t\t<span itemprop='url'>http:\/\/www.amormisericordioso.org\/ita\/wp-content\/uploads\/2024\/10\/Immagini-in-Evidenza-SITO-AM-44-1030x1030-1.png<\/span>\n\t\t\t\t\t\t<span itemprop='height'>1030<\/span>\n\t\t\t\t\t\t<span itemprop='width'>1030<\/span>\n\t\t\t\t<\/span>\n\t\t\t\t<span class='av-structured-data'  itemprop=\"publisher\" itemtype=\"https:\/\/schema.org\/Organization\" itemscope=\"itemscope\" >\n\t\t\t\t\t\t<span itemprop='name'>Famiglia dell'Amore Misericordioso<\/span>\n\t\t\t\t\t\t<span itemprop='logo' itemscope itemtype='https:\/\/schema.org\/ImageObject'>\n\t\t\t\t\t\t\t<span itemprop='url'>http:\/\/www.amormisericordioso.org\/ita\/wp-content\/uploads\/2018\/02\/logo-fam-italiano.png<\/span>\n\t\t\t\t\t\t <\/span>\n\t\t\t\t<\/span><span class='av-structured-data'  itemprop=\"author\" itemscope=\"itemscope\" itemtype=\"https:\/\/schema.org\/Person\" ><span itemprop='name'>Famiglia dell'Amore Misericordioso<\/span><\/span><span class='av-structured-data'  itemprop=\"datePublished\" datetime=\"2022-01-05T05:26:27+01:00\" >2025-09-01 11:38:57<\/span><span class='av-structured-data'  itemprop=\"dateModified\" itemtype=\"https:\/\/schema.org\/dateModified\" >2025-09-01 11:38:58<\/span><span class='av-structured-data'  itemprop=\"mainEntityOfPage\" itemtype=\"https:\/\/schema.org\/mainEntityOfPage\" ><span itemprop='name'>PROGETTO GIOVANI anno 2025-2026<\/span><\/span><\/span><\/article><article class='slide-entry flex_column  post-entry post-entry-6066 slide-entry-overview slide-loop-12 slide-parity-odd  av_one_third  real-thumbnail post-format-standard'  itemscope=\"itemscope\" itemtype=\"https:\/\/schema.org\/CreativeWork\" ><a href='http:\/\/www.amormisericordioso.org\/ita\/esercizi-spirituali-per-sacerdoti-2025\/' data-rel='slide-1' class='slide-image' title='Esercizi spirituali PER SACERDOTI 2025'><img decoding=\"async\" width=\"190\" height=\"300\" src=\"http:\/\/www.amormisericordioso.org\/ita\/wp-content\/uploads\/2025\/07\/2c115e5e3c9da4695960b66bb820b537-190x300.jpg\" class=\"wp-image-5985 avia-img-lazy-loading-not-5985 attachment-medium size-medium wp-post-image\" alt=\"\" srcset=\"http:\/\/www.amormisericordioso.org\/ita\/wp-content\/uploads\/2025\/07\/2c115e5e3c9da4695960b66bb820b537-190x300.jpg 190w, http:\/\/www.amormisericordioso.org\/ita\/wp-content\/uploads\/2025\/07\/2c115e5e3c9da4695960b66bb820b537-653x1030.jpg 653w, http:\/\/www.amormisericordioso.org\/ita\/wp-content\/uploads\/2025\/07\/2c115e5e3c9da4695960b66bb820b537-447x705.jpg 447w, http:\/\/www.amormisericordioso.org\/ita\/wp-content\/uploads\/2025\/07\/2c115e5e3c9da4695960b66bb820b537.jpg 736w\" sizes=\"(max-width: 190px) 100vw, 190px\" \/><\/a><div class='slide-content'><header class=\"entry-content-header\"><h3 class='slide-entry-title entry-title '  itemprop=\"headline\" ><a href='http:\/\/www.amormisericordioso.org\/ita\/esercizi-spirituali-per-sacerdoti-2025\/' title='Esercizi spirituali PER SACERDOTI 2025'>Esercizi spirituali PER SACERDOTI 2025<\/a><\/h3><span class=\"av-vertical-delimiter\"><\/span><\/header><div class='slide-meta'><time class='slide-meta-time updated'  itemprop=\"datePublished\" datetime=\"2025-07-30T12:23:13+02:00\" >30 Luglio 2025<\/time><\/div><div class='slide-entry-excerpt entry-content'  itemprop=\"text\" >\n\n<\/div><\/div><footer class=\"entry-footer\"><\/footer><span class='hidden'>\n\t\t\t\t<span class='av-structured-data'  itemprop=\"image\" itemscope=\"itemscope\" itemtype=\"https:\/\/schema.org\/ImageObject\" >\n\t\t\t\t\t\t<span itemprop='url'>http:\/\/www.amormisericordioso.org\/ita\/wp-content\/uploads\/2025\/07\/2c115e5e3c9da4695960b66bb820b537.jpg<\/span>\n\t\t\t\t\t\t<span itemprop='height'>1161<\/span>\n\t\t\t\t\t\t<span itemprop='width'>736<\/span>\n\t\t\t\t<\/span>\n\t\t\t\t<span class='av-structured-data'  itemprop=\"publisher\" itemtype=\"https:\/\/schema.org\/Organization\" itemscope=\"itemscope\" >\n\t\t\t\t\t\t<span itemprop='name'>Famiglia dell'Amore Misericordioso<\/span>\n\t\t\t\t\t\t<span itemprop='logo' itemscope itemtype='https:\/\/schema.org\/ImageObject'>\n\t\t\t\t\t\t\t<span itemprop='url'>http:\/\/www.amormisericordioso.org\/ita\/wp-content\/uploads\/2018\/02\/logo-fam-italiano.png<\/span>\n\t\t\t\t\t\t <\/span>\n\t\t\t\t<\/span><span class='av-structured-data'  itemprop=\"author\" itemscope=\"itemscope\" itemtype=\"https:\/\/schema.org\/Person\" ><span itemprop='name'>Famiglia dell'Amore Misericordioso<\/span><\/span><span class='av-structured-data'  itemprop=\"datePublished\" datetime=\"2022-01-05T05:26:27+01:00\" >2025-07-30 12:23:13<\/span><span class='av-structured-data'  itemprop=\"dateModified\" itemtype=\"https:\/\/schema.org\/dateModified\" >2025-07-30 12:24:02<\/span><span class='av-structured-data'  itemprop=\"mainEntityOfPage\" itemtype=\"https:\/\/schema.org\/mainEntityOfPage\" ><span itemprop='name'>Esercizi spirituali PER SACERDOTI 2025<\/span><\/span><\/span><\/article><\/div><div class='slide-entry-wrap'><article class='slide-entry flex_column  post-entry post-entry-6062 slide-entry-overview slide-loop-13 slide-parity-odd  av_one_third first real-thumbnail post-format-standard'  itemscope=\"itemscope\" itemtype=\"https:\/\/schema.org\/CreativeWork\" ><a href='http:\/\/www.amormisericordioso.org\/ita\/assemblea-nazione-dellassociazione-laici-dellamore-misericordioso-italia\/' data-rel='slide-1' class='slide-image' title='ASSEMBLEA NAZIONE dell&#8217;Associazione Laici dell&#8217;Amore Misericordioso (Italia)'><img decoding=\"async\" width=\"300\" height=\"300\" src=\"http:\/\/www.amormisericordioso.org\/ita\/wp-content\/uploads\/2025\/07\/Immagini-in-Evidenza-SITO-AM-2025-07-28T112233.212-300x300.png\" class=\"wp-image-6064 avia-img-lazy-loading-not-6064 attachment-medium size-medium wp-post-image\" alt=\"\" srcset=\"http:\/\/www.amormisericordioso.org\/ita\/wp-content\/uploads\/2025\/07\/Immagini-in-Evidenza-SITO-AM-2025-07-28T112233.212-300x300.png 300w, http:\/\/www.amormisericordioso.org\/ita\/wp-content\/uploads\/2025\/07\/Immagini-in-Evidenza-SITO-AM-2025-07-28T112233.212-1030x1030.png 1030w, http:\/\/www.amormisericordioso.org\/ita\/wp-content\/uploads\/2025\/07\/Immagini-in-Evidenza-SITO-AM-2025-07-28T112233.212-80x80.png 80w, http:\/\/www.amormisericordioso.org\/ita\/wp-content\/uploads\/2025\/07\/Immagini-in-Evidenza-SITO-AM-2025-07-28T112233.212-768x768.png 768w, http:\/\/www.amormisericordioso.org\/ita\/wp-content\/uploads\/2025\/07\/Immagini-in-Evidenza-SITO-AM-2025-07-28T112233.212-36x36.png 36w, http:\/\/www.amormisericordioso.org\/ita\/wp-content\/uploads\/2025\/07\/Immagini-in-Evidenza-SITO-AM-2025-07-28T112233.212-180x180.png 180w, http:\/\/www.amormisericordioso.org\/ita\/wp-content\/uploads\/2025\/07\/Immagini-in-Evidenza-SITO-AM-2025-07-28T112233.212-705x705.png 705w, http:\/\/www.amormisericordioso.org\/ita\/wp-content\/uploads\/2025\/07\/Immagini-in-Evidenza-SITO-AM-2025-07-28T112233.212.png 1080w\" sizes=\"(max-width: 300px) 100vw, 300px\" \/><\/a><div class='slide-content'><header class=\"entry-content-header\"><h3 class='slide-entry-title entry-title '  itemprop=\"headline\" ><a href='http:\/\/www.amormisericordioso.org\/ita\/assemblea-nazione-dellassociazione-laici-dellamore-misericordioso-italia\/' title='ASSEMBLEA NAZIONE dell&#8217;Associazione Laici dell&#8217;Amore Misericordioso (Italia)'>ASSEMBLEA NAZIONE dell&#8217;Associazione Laici dell&#8217;Amore Misericordioso (Italia)<\/a><\/h3><span class=\"av-vertical-delimiter\"><\/span><\/header><div class='slide-meta'><time class='slide-meta-time updated'  itemprop=\"datePublished\" datetime=\"2025-07-28T11:24:11+02:00\" >28 Luglio 2025<\/time><\/div><div class='slide-entry-excerpt entry-content'  itemprop=\"text\" >\n\n<\/div><\/div><footer class=\"entry-footer\"><\/footer><span class='hidden'>\n\t\t\t\t<span class='av-structured-data'  itemprop=\"image\" itemscope=\"itemscope\" itemtype=\"https:\/\/schema.org\/ImageObject\" >\n\t\t\t\t\t\t<span itemprop='url'>http:\/\/www.amormisericordioso.org\/ita\/wp-content\/uploads\/2025\/07\/Immagini-in-Evidenza-SITO-AM-2025-07-28T112233.212.png<\/span>\n\t\t\t\t\t\t<span itemprop='height'>1080<\/span>\n\t\t\t\t\t\t<span itemprop='width'>1080<\/span>\n\t\t\t\t<\/span>\n\t\t\t\t<span class='av-structured-data'  itemprop=\"publisher\" itemtype=\"https:\/\/schema.org\/Organization\" itemscope=\"itemscope\" >\n\t\t\t\t\t\t<span itemprop='name'>Famiglia dell'Amore Misericordioso<\/span>\n\t\t\t\t\t\t<span itemprop='logo' itemscope itemtype='https:\/\/schema.org\/ImageObject'>\n\t\t\t\t\t\t\t<span itemprop='url'>http:\/\/www.amormisericordioso.org\/ita\/wp-content\/uploads\/2018\/02\/logo-fam-italiano.png<\/span>\n\t\t\t\t\t\t <\/span>\n\t\t\t\t<\/span><span class='av-structured-data'  itemprop=\"author\" itemscope=\"itemscope\" itemtype=\"https:\/\/schema.org\/Person\" ><span itemprop='name'>Famiglia dell'Amore Misericordioso<\/span><\/span><span class='av-structured-data'  itemprop=\"datePublished\" datetime=\"2022-01-05T05:26:27+01:00\" >2025-07-28 11:24:11<\/span><span class='av-structured-data'  itemprop=\"dateModified\" itemtype=\"https:\/\/schema.org\/dateModified\" >2025-07-28 11:24:13<\/span><span class='av-structured-data'  itemprop=\"mainEntityOfPage\" itemtype=\"https:\/\/schema.org\/mainEntityOfPage\" ><span itemprop='name'>ASSEMBLEA NAZIONE dell&#8217;Associazione Laici dell&#8217;Amore Misericordioso (Italia)<\/span><\/span><\/span><\/article><article class='slide-entry flex_column  post-entry post-entry-5983 slide-entry-overview slide-loop-14 slide-parity-even  av_one_third  real-thumbnail post-format-standard'  itemscope=\"itemscope\" itemtype=\"https:\/\/schema.org\/CreativeWork\" ><a href='http:\/\/www.amormisericordioso.org\/ita\/esercizi-spirituali-2025-laici-e-sacerdoti\/' data-rel='slide-1' class='slide-image' title='ESERCIZI SPIRITUALI 2025 &#8211; laici e sacerdoti'><img decoding=\"async\" width=\"190\" height=\"300\" src=\"http:\/\/www.amormisericordioso.org\/ita\/wp-content\/uploads\/2025\/07\/2c115e5e3c9da4695960b66bb820b537-190x300.jpg\" class=\"wp-image-5985 avia-img-lazy-loading-not-5985 attachment-medium size-medium wp-post-image\" alt=\"\" srcset=\"http:\/\/www.amormisericordioso.org\/ita\/wp-content\/uploads\/2025\/07\/2c115e5e3c9da4695960b66bb820b537-190x300.jpg 190w, http:\/\/www.amormisericordioso.org\/ita\/wp-content\/uploads\/2025\/07\/2c115e5e3c9da4695960b66bb820b537-653x1030.jpg 653w, http:\/\/www.amormisericordioso.org\/ita\/wp-content\/uploads\/2025\/07\/2c115e5e3c9da4695960b66bb820b537-447x705.jpg 447w, http:\/\/www.amormisericordioso.org\/ita\/wp-content\/uploads\/2025\/07\/2c115e5e3c9da4695960b66bb820b537.jpg 736w\" sizes=\"(max-width: 190px) 100vw, 190px\" \/><\/a><div class='slide-content'><header class=\"entry-content-header\"><h3 class='slide-entry-title entry-title '  itemprop=\"headline\" ><a href='http:\/\/www.amormisericordioso.org\/ita\/esercizi-spirituali-2025-laici-e-sacerdoti\/' title='ESERCIZI SPIRITUALI 2025 &#8211; laici e sacerdoti'>ESERCIZI SPIRITUALI 2025 &#8211; laici e sacerdoti<\/a><\/h3><span class=\"av-vertical-delimiter\"><\/span><\/header><div class='slide-meta'><time class='slide-meta-time updated'  itemprop=\"datePublished\" datetime=\"2025-07-01T11:43:45+02:00\" >1 Luglio 2025<\/time><\/div><div class='slide-entry-excerpt entry-content'  itemprop=\"text\" >\n\n<\/div><\/div><footer class=\"entry-footer\"><\/footer><span class='hidden'>\n\t\t\t\t<span class='av-structured-data'  itemprop=\"image\" itemscope=\"itemscope\" itemtype=\"https:\/\/schema.org\/ImageObject\" >\n\t\t\t\t\t\t<span itemprop='url'>http:\/\/www.amormisericordioso.org\/ita\/wp-content\/uploads\/2025\/07\/2c115e5e3c9da4695960b66bb820b537.jpg<\/span>\n\t\t\t\t\t\t<span itemprop='height'>1161<\/span>\n\t\t\t\t\t\t<span itemprop='width'>736<\/span>\n\t\t\t\t<\/span>\n\t\t\t\t<span class='av-structured-data'  itemprop=\"publisher\" itemtype=\"https:\/\/schema.org\/Organization\" itemscope=\"itemscope\" >\n\t\t\t\t\t\t<span itemprop='name'>Famiglia dell'Amore Misericordioso<\/span>\n\t\t\t\t\t\t<span itemprop='logo' itemscope itemtype='https:\/\/schema.org\/ImageObject'>\n\t\t\t\t\t\t\t<span itemprop='url'>http:\/\/www.amormisericordioso.org\/ita\/wp-content\/uploads\/2018\/02\/logo-fam-italiano.png<\/span>\n\t\t\t\t\t\t <\/span>\n\t\t\t\t<\/span><span class='av-structured-data'  itemprop=\"author\" itemscope=\"itemscope\" itemtype=\"https:\/\/schema.org\/Person\" ><span itemprop='name'>Famiglia dell'Amore Misericordioso<\/span><\/span><span class='av-structured-data'  itemprop=\"datePublished\" datetime=\"2022-01-05T05:26:27+01:00\" >2025-07-01 11:43:45<\/span><span class='av-structured-data'  itemprop=\"dateModified\" itemtype=\"https:\/\/schema.org\/dateModified\" >2025-07-01 12:01:26<\/span><span class='av-structured-data'  itemprop=\"mainEntityOfPage\" itemtype=\"https:\/\/schema.org\/mainEntityOfPage\" ><span itemprop='name'>ESERCIZI SPIRITUALI 2025 &#8211; laici e sacerdoti<\/span><\/span><\/span><\/article><article class='slide-entry flex_column  post-entry post-entry-5916 slide-entry-overview slide-loop-15 slide-parity-odd  av_one_third  real-thumbnail post-format-standard'  itemscope=\"itemscope\" itemtype=\"https:\/\/schema.org\/CreativeWork\" ><a href='http:\/\/www.amormisericordioso.org\/ita\/festa-della-beata-speranza-di-gesu\/' data-rel='slide-1' class='slide-image' title='FESTA della BEATA SPERANZA DI GES\u00d9'><img decoding=\"async\" width=\"300\" height=\"300\" src=\"http:\/\/www.amormisericordioso.org\/ita\/wp-content\/uploads\/2023\/11\/Immagini-in-Evidenza-SITO-AM-57-300x300.png\" class=\"wp-image-5217 avia-img-lazy-loading-not-5217 attachment-medium size-medium wp-post-image\" alt=\"\" srcset=\"http:\/\/www.amormisericordioso.org\/ita\/wp-content\/uploads\/2023\/11\/Immagini-in-Evidenza-SITO-AM-57-300x300.png 300w, http:\/\/www.amormisericordioso.org\/ita\/wp-content\/uploads\/2023\/11\/Immagini-in-Evidenza-SITO-AM-57-1030x1030.png 1030w, http:\/\/www.amormisericordioso.org\/ita\/wp-content\/uploads\/2023\/11\/Immagini-in-Evidenza-SITO-AM-57-80x80.png 80w, http:\/\/www.amormisericordioso.org\/ita\/wp-content\/uploads\/2023\/11\/Immagini-in-Evidenza-SITO-AM-57-768x768.png 768w, http:\/\/www.amormisericordioso.org\/ita\/wp-content\/uploads\/2023\/11\/Immagini-in-Evidenza-SITO-AM-57-36x36.png 36w, http:\/\/www.amormisericordioso.org\/ita\/wp-content\/uploads\/2023\/11\/Immagini-in-Evidenza-SITO-AM-57-180x180.png 180w, http:\/\/www.amormisericordioso.org\/ita\/wp-content\/uploads\/2023\/11\/Immagini-in-Evidenza-SITO-AM-57-705x705.png 705w, http:\/\/www.amormisericordioso.org\/ita\/wp-content\/uploads\/2023\/11\/Immagini-in-Evidenza-SITO-AM-57.png 1080w\" sizes=\"(max-width: 300px) 100vw, 300px\" \/><\/a><div class='slide-content'><header class=\"entry-content-header\"><h3 class='slide-entry-title entry-title '  itemprop=\"headline\" ><a href='http:\/\/www.amormisericordioso.org\/ita\/festa-della-beata-speranza-di-gesu\/' title='FESTA della BEATA SPERANZA DI GES\u00d9'>FESTA della BEATA SPERANZA DI GES\u00d9<\/a><\/h3><span class=\"av-vertical-delimiter\"><\/span><\/header><div class='slide-meta'><time class='slide-meta-time updated'  itemprop=\"datePublished\" datetime=\"2025-01-27T09:44:12+01:00\" >27 Gennaio 2025<\/time><\/div><div class='slide-entry-excerpt entry-content'  itemprop=\"text\" >\n\n<\/div><\/div><footer class=\"entry-footer\"><\/footer><span class='hidden'>\n\t\t\t\t<span class='av-structured-data'  itemprop=\"image\" itemscope=\"itemscope\" itemtype=\"https:\/\/schema.org\/ImageObject\" >\n\t\t\t\t\t\t<span itemprop='url'>http:\/\/www.amormisericordioso.org\/ita\/wp-content\/uploads\/2023\/11\/Immagini-in-Evidenza-SITO-AM-57.png<\/span>\n\t\t\t\t\t\t<span itemprop='height'>1080<\/span>\n\t\t\t\t\t\t<span itemprop='width'>1080<\/span>\n\t\t\t\t<\/span>\n\t\t\t\t<span class='av-structured-data'  itemprop=\"publisher\" itemtype=\"https:\/\/schema.org\/Organization\" itemscope=\"itemscope\" >\n\t\t\t\t\t\t<span itemprop='name'>Famiglia dell'Amore Misericordioso<\/span>\n\t\t\t\t\t\t<span itemprop='logo' itemscope itemtype='https:\/\/schema.org\/ImageObject'>\n\t\t\t\t\t\t\t<span itemprop='url'>http:\/\/www.amormisericordioso.org\/ita\/wp-content\/uploads\/2018\/02\/logo-fam-italiano.png<\/span>\n\t\t\t\t\t\t <\/span>\n\t\t\t\t<\/span><span class='av-structured-data'  itemprop=\"author\" itemscope=\"itemscope\" itemtype=\"https:\/\/schema.org\/Person\" ><span itemprop='name'>Famiglia dell'Amore Misericordioso<\/span><\/span><span class='av-structured-data'  itemprop=\"datePublished\" datetime=\"2022-01-05T05:26:27+01:00\" >2025-01-27 09:44:12<\/span><span class='av-structured-data'  itemprop=\"dateModified\" itemtype=\"https:\/\/schema.org\/dateModified\" >2025-01-27 09:44:14<\/span><span class='av-structured-data'  itemprop=\"mainEntityOfPage\" itemtype=\"https:\/\/schema.org\/mainEntityOfPage\" ><span itemprop='name'>FESTA della BEATA SPERANZA DI GES\u00d9<\/span><\/span><\/span><\/article><\/div><div class='slide-entry-wrap'><article class='slide-entry flex_column  post-entry post-entry-5912 slide-entry-overview slide-loop-16 slide-parity-odd  av_one_third first real-thumbnail post-format-standard'  itemscope=\"itemscope\" itemtype=\"https:\/\/schema.org\/CreativeWork\" ><a href='http:\/\/www.amormisericordioso.org\/ita\/conferimento-della-cittadinanza-onoraria-alla-memoria\/' data-rel='slide-1' class='slide-image' title='Conferimento della CITTADINANZA ONORARIA ALLA MEMORIA'><img decoding=\"async\" width=\"300\" height=\"300\" src=\"http:\/\/www.amormisericordioso.org\/ita\/wp-content\/uploads\/2024\/01\/Immagini-in-Evidenza-SITO-AM-69-300x300.png\" class=\"wp-image-5302 avia-img-lazy-loading-not-5302 attachment-medium size-medium wp-post-image\" alt=\"\" srcset=\"http:\/\/www.amormisericordioso.org\/ita\/wp-content\/uploads\/2024\/01\/Immagini-in-Evidenza-SITO-AM-69-300x300.png 300w, http:\/\/www.amormisericordioso.org\/ita\/wp-content\/uploads\/2024\/01\/Immagini-in-Evidenza-SITO-AM-69-1030x1030.png 1030w, http:\/\/www.amormisericordioso.org\/ita\/wp-content\/uploads\/2024\/01\/Immagini-in-Evidenza-SITO-AM-69-80x80.png 80w, http:\/\/www.amormisericordioso.org\/ita\/wp-content\/uploads\/2024\/01\/Immagini-in-Evidenza-SITO-AM-69-768x768.png 768w, http:\/\/www.amormisericordioso.org\/ita\/wp-content\/uploads\/2024\/01\/Immagini-in-Evidenza-SITO-AM-69-36x36.png 36w, http:\/\/www.amormisericordioso.org\/ita\/wp-content\/uploads\/2024\/01\/Immagini-in-Evidenza-SITO-AM-69-180x180.png 180w, http:\/\/www.amormisericordioso.org\/ita\/wp-content\/uploads\/2024\/01\/Immagini-in-Evidenza-SITO-AM-69-705x705.png 705w, http:\/\/www.amormisericordioso.org\/ita\/wp-content\/uploads\/2024\/01\/Immagini-in-Evidenza-SITO-AM-69.png 1080w\" sizes=\"(max-width: 300px) 100vw, 300px\" \/><\/a><div class='slide-content'><header class=\"entry-content-header\"><h3 class='slide-entry-title entry-title '  itemprop=\"headline\" ><a href='http:\/\/www.amormisericordioso.org\/ita\/conferimento-della-cittadinanza-onoraria-alla-memoria\/' title='Conferimento della CITTADINANZA ONORARIA ALLA MEMORIA'>Conferimento della CITTADINANZA ONORARIA ALLA MEMORIA<\/a><\/h3><span class=\"av-vertical-delimiter\"><\/span><\/header><div class='slide-meta'><time class='slide-meta-time updated'  itemprop=\"datePublished\" datetime=\"2025-01-22T12:07:44+01:00\" >22 Gennaio 2025<\/time><\/div><div class='slide-entry-excerpt entry-content'  itemprop=\"text\" >\n\n<\/div><\/div><footer class=\"entry-footer\"><\/footer><span class='hidden'>\n\t\t\t\t<span class='av-structured-data'  itemprop=\"image\" itemscope=\"itemscope\" itemtype=\"https:\/\/schema.org\/ImageObject\" >\n\t\t\t\t\t\t<span itemprop='url'>http:\/\/www.amormisericordioso.org\/ita\/wp-content\/uploads\/2024\/01\/Immagini-in-Evidenza-SITO-AM-69.png<\/span>\n\t\t\t\t\t\t<span itemprop='height'>1080<\/span>\n\t\t\t\t\t\t<span itemprop='width'>1080<\/span>\n\t\t\t\t<\/span>\n\t\t\t\t<span class='av-structured-data'  itemprop=\"publisher\" itemtype=\"https:\/\/schema.org\/Organization\" itemscope=\"itemscope\" >\n\t\t\t\t\t\t<span itemprop='name'>Famiglia dell'Amore Misericordioso<\/span>\n\t\t\t\t\t\t<span itemprop='logo' itemscope itemtype='https:\/\/schema.org\/ImageObject'>\n\t\t\t\t\t\t\t<span itemprop='url'>http:\/\/www.amormisericordioso.org\/ita\/wp-content\/uploads\/2018\/02\/logo-fam-italiano.png<\/span>\n\t\t\t\t\t\t <\/span>\n\t\t\t\t<\/span><span class='av-structured-data'  itemprop=\"author\" itemscope=\"itemscope\" itemtype=\"https:\/\/schema.org\/Person\" ><span itemprop='name'>Famiglia dell'Amore Misericordioso<\/span><\/span><span class='av-structured-data'  itemprop=\"datePublished\" datetime=\"2022-01-05T05:26:27+01:00\" >2025-01-22 12:07:44<\/span><span class='av-structured-data'  itemprop=\"dateModified\" itemtype=\"https:\/\/schema.org\/dateModified\" >2025-01-22 12:07:46<\/span><span class='av-structured-data'  itemprop=\"mainEntityOfPage\" itemtype=\"https:\/\/schema.org\/mainEntityOfPage\" ><span itemprop='name'>Conferimento della CITTADINANZA ONORARIA ALLA MEMORIA<\/span><\/span><\/span><\/article><article class='slide-entry flex_column  post-entry post-entry-5901 slide-entry-overview slide-loop-17 slide-parity-even  av_one_third  real-thumbnail post-format-standard'  itemscope=\"itemscope\" itemtype=\"https:\/\/schema.org\/CreativeWork\" ><a href='http:\/\/www.amormisericordioso.org\/ita\/esercizi-spirituali-2025-ancelle-dellamore-misericordioso\/' data-rel='slide-1' class='slide-image' title='ESERCIZI SPIRITUALI 2025 Ancelle dell&#8217;Amore Misericordioso'><img decoding=\"async\" width=\"300\" height=\"300\" src=\"http:\/\/www.amormisericordioso.org\/ita\/wp-content\/uploads\/2025\/01\/Immagini-in-Evidenza-SITO-AM-2025-01-22T115813.596-300x300.png\" class=\"wp-image-5903 avia-img-lazy-loading-not-5903 attachment-medium size-medium wp-post-image\" alt=\"\" srcset=\"http:\/\/www.amormisericordioso.org\/ita\/wp-content\/uploads\/2025\/01\/Immagini-in-Evidenza-SITO-AM-2025-01-22T115813.596-300x300.png 300w, http:\/\/www.amormisericordioso.org\/ita\/wp-content\/uploads\/2025\/01\/Immagini-in-Evidenza-SITO-AM-2025-01-22T115813.596-1030x1030.png 1030w, http:\/\/www.amormisericordioso.org\/ita\/wp-content\/uploads\/2025\/01\/Immagini-in-Evidenza-SITO-AM-2025-01-22T115813.596-80x80.png 80w, http:\/\/www.amormisericordioso.org\/ita\/wp-content\/uploads\/2025\/01\/Immagini-in-Evidenza-SITO-AM-2025-01-22T115813.596-768x768.png 768w, http:\/\/www.amormisericordioso.org\/ita\/wp-content\/uploads\/2025\/01\/Immagini-in-Evidenza-SITO-AM-2025-01-22T115813.596-36x36.png 36w, http:\/\/www.amormisericordioso.org\/ita\/wp-content\/uploads\/2025\/01\/Immagini-in-Evidenza-SITO-AM-2025-01-22T115813.596-180x180.png 180w, http:\/\/www.amormisericordioso.org\/ita\/wp-content\/uploads\/2025\/01\/Immagini-in-Evidenza-SITO-AM-2025-01-22T115813.596-705x705.png 705w, http:\/\/www.amormisericordioso.org\/ita\/wp-content\/uploads\/2025\/01\/Immagini-in-Evidenza-SITO-AM-2025-01-22T115813.596.png 1080w\" sizes=\"(max-width: 300px) 100vw, 300px\" \/><\/a><div class='slide-content'><header class=\"entry-content-header\"><h3 class='slide-entry-title entry-title '  itemprop=\"headline\" ><a href='http:\/\/www.amormisericordioso.org\/ita\/esercizi-spirituali-2025-ancelle-dellamore-misericordioso\/' title='ESERCIZI SPIRITUALI 2025 Ancelle dell&#8217;Amore Misericordioso'>ESERCIZI SPIRITUALI 2025 Ancelle dell&#8217;Amore Misericordioso<\/a><\/h3><span class=\"av-vertical-delimiter\"><\/span><\/header><div class='slide-meta'><time class='slide-meta-time updated'  itemprop=\"datePublished\" datetime=\"2025-01-22T12:00:38+01:00\" >22 Gennaio 2025<\/time><\/div><div class='slide-entry-excerpt entry-content'  itemprop=\"text\" >\n\n<\/div><\/div><footer class=\"entry-footer\"><\/footer><span class='hidden'>\n\t\t\t\t<span class='av-structured-data'  itemprop=\"image\" itemscope=\"itemscope\" itemtype=\"https:\/\/schema.org\/ImageObject\" >\n\t\t\t\t\t\t<span itemprop='url'>http:\/\/www.amormisericordioso.org\/ita\/wp-content\/uploads\/2025\/01\/Immagini-in-Evidenza-SITO-AM-2025-01-22T115813.596.png<\/span>\n\t\t\t\t\t\t<span itemprop='height'>1080<\/span>\n\t\t\t\t\t\t<span itemprop='width'>1080<\/span>\n\t\t\t\t<\/span>\n\t\t\t\t<span class='av-structured-data'  itemprop=\"publisher\" itemtype=\"https:\/\/schema.org\/Organization\" itemscope=\"itemscope\" >\n\t\t\t\t\t\t<span itemprop='name'>Famiglia dell'Amore Misericordioso<\/span>\n\t\t\t\t\t\t<span itemprop='logo' itemscope itemtype='https:\/\/schema.org\/ImageObject'>\n\t\t\t\t\t\t\t<span itemprop='url'>http:\/\/www.amormisericordioso.org\/ita\/wp-content\/uploads\/2018\/02\/logo-fam-italiano.png<\/span>\n\t\t\t\t\t\t <\/span>\n\t\t\t\t<\/span><span class='av-structured-data'  itemprop=\"author\" itemscope=\"itemscope\" itemtype=\"https:\/\/schema.org\/Person\" ><span itemprop='name'>Famiglia dell'Amore Misericordioso<\/span><\/span><span class='av-structured-data'  itemprop=\"datePublished\" datetime=\"2022-01-05T05:26:27+01:00\" >2025-01-22 12:00:38<\/span><span class='av-structured-data'  itemprop=\"dateModified\" itemtype=\"https:\/\/schema.org\/dateModified\" >2025-01-22 12:00:41<\/span><span class='av-structured-data'  itemprop=\"mainEntityOfPage\" itemtype=\"https:\/\/schema.org\/mainEntityOfPage\" ><span itemprop='name'>ESERCIZI SPIRITUALI 2025 Ancelle dell&#8217;Amore Misericordioso<\/span><\/span><\/span><\/article><article class='slide-entry flex_column  post-entry post-entry-5896 slide-entry-overview slide-loop-18 slide-parity-odd  av_one_third  real-thumbnail post-format-standard'  itemscope=\"itemscope\" itemtype=\"https:\/\/schema.org\/CreativeWork\" ><a href='http:\/\/www.amormisericordioso.org\/ita\/apertura-dellanno-giubilare-2025-collevalenza\/' data-rel='slide-1' class='slide-image' title='Apertura dell&#8217;ANNO GIUBILARE 2025 &#8211; Collevalenza'><img decoding=\"async\" width=\"300\" height=\"300\" src=\"http:\/\/www.amormisericordioso.org\/ita\/wp-content\/uploads\/2025\/01\/R-4-300x300.jpeg\" class=\"wp-image-5898 avia-img-lazy-loading-not-5898 attachment-medium size-medium wp-post-image\" alt=\"\" srcset=\"http:\/\/www.amormisericordioso.org\/ita\/wp-content\/uploads\/2025\/01\/R-4-300x300.jpeg 300w, http:\/\/www.amormisericordioso.org\/ita\/wp-content\/uploads\/2025\/01\/R-4-80x80.jpeg 80w, http:\/\/www.amormisericordioso.org\/ita\/wp-content\/uploads\/2025\/01\/R-4-36x36.jpeg 36w, http:\/\/www.amormisericordioso.org\/ita\/wp-content\/uploads\/2025\/01\/R-4-180x180.jpeg 180w, http:\/\/www.amormisericordioso.org\/ita\/wp-content\/uploads\/2025\/01\/R-4.jpeg 400w\" sizes=\"(max-width: 300px) 100vw, 300px\" \/><\/a><div class='slide-content'><header class=\"entry-content-header\"><h3 class='slide-entry-title entry-title '  itemprop=\"headline\" ><a href='http:\/\/www.amormisericordioso.org\/ita\/apertura-dellanno-giubilare-2025-collevalenza\/' title='Apertura dell&#8217;ANNO GIUBILARE 2025 &#8211; Collevalenza'>Apertura dell&#8217;ANNO GIUBILARE 2025 &#8211; Collevalenza<\/a><\/h3><span class=\"av-vertical-delimiter\"><\/span><\/header><div class='slide-meta'><time class='slide-meta-time updated'  itemprop=\"datePublished\" datetime=\"2025-01-07T12:32:49+01:00\" >7 Gennaio 2025<\/time><\/div><div class='slide-entry-excerpt entry-content'  itemprop=\"text\" >\n\n<\/div><\/div><footer class=\"entry-footer\"><\/footer><span class='hidden'>\n\t\t\t\t<span class='av-structured-data'  itemprop=\"image\" itemscope=\"itemscope\" itemtype=\"https:\/\/schema.org\/ImageObject\" >\n\t\t\t\t\t\t<span itemprop='url'>http:\/\/www.amormisericordioso.org\/ita\/wp-content\/uploads\/2025\/01\/R-4.jpeg<\/span>\n\t\t\t\t\t\t<span itemprop='height'>400<\/span>\n\t\t\t\t\t\t<span itemprop='width'>400<\/span>\n\t\t\t\t<\/span>\n\t\t\t\t<span class='av-structured-data'  itemprop=\"publisher\" itemtype=\"https:\/\/schema.org\/Organization\" itemscope=\"itemscope\" >\n\t\t\t\t\t\t<span itemprop='name'>Famiglia dell'Amore Misericordioso<\/span>\n\t\t\t\t\t\t<span itemprop='logo' itemscope itemtype='https:\/\/schema.org\/ImageObject'>\n\t\t\t\t\t\t\t<span itemprop='url'>http:\/\/www.amormisericordioso.org\/ita\/wp-content\/uploads\/2018\/02\/logo-fam-italiano.png<\/span>\n\t\t\t\t\t\t <\/span>\n\t\t\t\t<\/span><span class='av-structured-data'  itemprop=\"author\" itemscope=\"itemscope\" itemtype=\"https:\/\/schema.org\/Person\" ><span itemprop='name'>Famiglia dell'Amore Misericordioso<\/span><\/span><span class='av-structured-data'  itemprop=\"datePublished\" datetime=\"2022-01-05T05:26:27+01:00\" >2025-01-07 12:32:49<\/span><span class='av-structured-data'  itemprop=\"dateModified\" itemtype=\"https:\/\/schema.org\/dateModified\" >2025-01-07 12:32:50<\/span><span class='av-structured-data'  itemprop=\"mainEntityOfPage\" itemtype=\"https:\/\/schema.org\/mainEntityOfPage\" ><span itemprop='name'>Apertura dell&#8217;ANNO GIUBILARE 2025 &#8211; Collevalenza<\/span><\/span><\/span><\/article><\/div><div class='slide-entry-wrap'><article class='slide-entry flex_column  post-entry post-entry-5867 slide-entry-overview slide-loop-19 slide-parity-odd  av_one_third first real-thumbnail post-format-standard'  itemscope=\"itemscope\" itemtype=\"https:\/\/schema.org\/CreativeWork\" ><a href='http:\/\/www.amormisericordioso.org\/ita\/santo-natale-2024-al-santuario-dellamore-misericordioso\/' data-rel='slide-1' class='slide-image' title='SANTO NATALE 2024 al Santuario dell&#8217;Amore Misericordioso'><img decoding=\"async\" width=\"300\" height=\"300\" src=\"http:\/\/www.amormisericordioso.org\/ita\/wp-content\/uploads\/2024\/12\/Immagini-in-Evidenza-SITO-AM-2024-12-13T144213.501-300x300.png\" class=\"wp-image-5869 avia-img-lazy-loading-not-5869 attachment-medium size-medium wp-post-image\" alt=\"\" srcset=\"http:\/\/www.amormisericordioso.org\/ita\/wp-content\/uploads\/2024\/12\/Immagini-in-Evidenza-SITO-AM-2024-12-13T144213.501-300x300.png 300w, http:\/\/www.amormisericordioso.org\/ita\/wp-content\/uploads\/2024\/12\/Immagini-in-Evidenza-SITO-AM-2024-12-13T144213.501-1030x1030.png 1030w, http:\/\/www.amormisericordioso.org\/ita\/wp-content\/uploads\/2024\/12\/Immagini-in-Evidenza-SITO-AM-2024-12-13T144213.501-80x80.png 80w, http:\/\/www.amormisericordioso.org\/ita\/wp-content\/uploads\/2024\/12\/Immagini-in-Evidenza-SITO-AM-2024-12-13T144213.501-768x768.png 768w, http:\/\/www.amormisericordioso.org\/ita\/wp-content\/uploads\/2024\/12\/Immagini-in-Evidenza-SITO-AM-2024-12-13T144213.501-36x36.png 36w, http:\/\/www.amormisericordioso.org\/ita\/wp-content\/uploads\/2024\/12\/Immagini-in-Evidenza-SITO-AM-2024-12-13T144213.501-180x180.png 180w, http:\/\/www.amormisericordioso.org\/ita\/wp-content\/uploads\/2024\/12\/Immagini-in-Evidenza-SITO-AM-2024-12-13T144213.501-705x705.png 705w, http:\/\/www.amormisericordioso.org\/ita\/wp-content\/uploads\/2024\/12\/Immagini-in-Evidenza-SITO-AM-2024-12-13T144213.501.png 1080w\" sizes=\"(max-width: 300px) 100vw, 300px\" \/><\/a><div class='slide-content'><header class=\"entry-content-header\"><h3 class='slide-entry-title entry-title '  itemprop=\"headline\" ><a href='http:\/\/www.amormisericordioso.org\/ita\/santo-natale-2024-al-santuario-dellamore-misericordioso\/' title='SANTO NATALE 2024 al Santuario dell&#8217;Amore Misericordioso'>SANTO NATALE 2024 al Santuario dell&#8217;Amore Misericordioso<\/a><\/h3><span class=\"av-vertical-delimiter\"><\/span><\/header><div class='slide-meta'><time class='slide-meta-time updated'  itemprop=\"datePublished\" datetime=\"2024-12-13T14:45:08+01:00\" >13 Dicembre 2024<\/time><\/div><div class='slide-entry-excerpt entry-content'  itemprop=\"text\" >\n\n<\/div><\/div><footer class=\"entry-footer\"><\/footer><span class='hidden'>\n\t\t\t\t<span class='av-structured-data'  itemprop=\"image\" itemscope=\"itemscope\" itemtype=\"https:\/\/schema.org\/ImageObject\" >\n\t\t\t\t\t\t<span itemprop='url'>http:\/\/www.amormisericordioso.org\/ita\/wp-content\/uploads\/2024\/12\/Immagini-in-Evidenza-SITO-AM-2024-12-13T144213.501.png<\/span>\n\t\t\t\t\t\t<span itemprop='height'>1080<\/span>\n\t\t\t\t\t\t<span itemprop='width'>1080<\/span>\n\t\t\t\t<\/span>\n\t\t\t\t<span class='av-structured-data'  itemprop=\"publisher\" itemtype=\"https:\/\/schema.org\/Organization\" itemscope=\"itemscope\" >\n\t\t\t\t\t\t<span itemprop='name'>Famiglia dell'Amore Misericordioso<\/span>\n\t\t\t\t\t\t<span itemprop='logo' itemscope itemtype='https:\/\/schema.org\/ImageObject'>\n\t\t\t\t\t\t\t<span itemprop='url'>http:\/\/www.amormisericordioso.org\/ita\/wp-content\/uploads\/2018\/02\/logo-fam-italiano.png<\/span>\n\t\t\t\t\t\t <\/span>\n\t\t\t\t<\/span><span class='av-structured-data'  itemprop=\"author\" itemscope=\"itemscope\" itemtype=\"https:\/\/schema.org\/Person\" ><span itemprop='name'>Famiglia dell'Amore Misericordioso<\/span><\/span><span class='av-structured-data'  itemprop=\"datePublished\" datetime=\"2022-01-05T05:26:27+01:00\" >2024-12-13 14:45:08<\/span><span class='av-structured-data'  itemprop=\"dateModified\" itemtype=\"https:\/\/schema.org\/dateModified\" >2024-12-13 14:45:09<\/span><span class='av-structured-data'  itemprop=\"mainEntityOfPage\" itemtype=\"https:\/\/schema.org\/mainEntityOfPage\" ><span itemprop='name'>SANTO NATALE 2024 al Santuario dell&#8217;Amore Misericordioso<\/span><\/span><\/span><\/article><article class='slide-entry flex_column  post-entry post-entry-5862 slide-entry-overview slide-loop-20 slide-parity-even  av_one_third  real-thumbnail post-format-standard'  itemscope=\"itemscope\" itemtype=\"https:\/\/schema.org\/CreativeWork\" ><a href='http:\/\/www.amormisericordioso.org\/ita\/capodanno-in-famiglia-tutti-a-bordo-in-un-mare-di-speranza\/' data-rel='slide-1' class='slide-image' title='CAPODANNO IN FAMIGLIA. Tutti a bordo&#8230; in un mare di Speranza'><img decoding=\"async\" width=\"300\" height=\"300\" src=\"http:\/\/www.amormisericordioso.org\/ita\/wp-content\/uploads\/2024\/12\/Immagini-in-Evidenza-SITO-AM-2024-12-13T092545.901-300x300.png\" class=\"wp-image-5864 avia-img-lazy-loading-not-5864 attachment-medium size-medium wp-post-image\" alt=\"\" srcset=\"http:\/\/www.amormisericordioso.org\/ita\/wp-content\/uploads\/2024\/12\/Immagini-in-Evidenza-SITO-AM-2024-12-13T092545.901-300x300.png 300w, http:\/\/www.amormisericordioso.org\/ita\/wp-content\/uploads\/2024\/12\/Immagini-in-Evidenza-SITO-AM-2024-12-13T092545.901-1030x1030.png 1030w, http:\/\/www.amormisericordioso.org\/ita\/wp-content\/uploads\/2024\/12\/Immagini-in-Evidenza-SITO-AM-2024-12-13T092545.901-80x80.png 80w, http:\/\/www.amormisericordioso.org\/ita\/wp-content\/uploads\/2024\/12\/Immagini-in-Evidenza-SITO-AM-2024-12-13T092545.901-768x768.png 768w, http:\/\/www.amormisericordioso.org\/ita\/wp-content\/uploads\/2024\/12\/Immagini-in-Evidenza-SITO-AM-2024-12-13T092545.901-36x36.png 36w, http:\/\/www.amormisericordioso.org\/ita\/wp-content\/uploads\/2024\/12\/Immagini-in-Evidenza-SITO-AM-2024-12-13T092545.901-180x180.png 180w, http:\/\/www.amormisericordioso.org\/ita\/wp-content\/uploads\/2024\/12\/Immagini-in-Evidenza-SITO-AM-2024-12-13T092545.901-705x705.png 705w, http:\/\/www.amormisericordioso.org\/ita\/wp-content\/uploads\/2024\/12\/Immagini-in-Evidenza-SITO-AM-2024-12-13T092545.901.png 1080w\" sizes=\"(max-width: 300px) 100vw, 300px\" \/><\/a><div class='slide-content'><header class=\"entry-content-header\"><h3 class='slide-entry-title entry-title '  itemprop=\"headline\" ><a href='http:\/\/www.amormisericordioso.org\/ita\/capodanno-in-famiglia-tutti-a-bordo-in-un-mare-di-speranza\/' title='CAPODANNO IN FAMIGLIA. Tutti a bordo&#8230; in un mare di Speranza'>CAPODANNO IN FAMIGLIA. Tutti a bordo&#8230; in un mare di Speranza<\/a><\/h3><span class=\"av-vertical-delimiter\"><\/span><\/header><div class='slide-meta'><time class='slide-meta-time updated'  itemprop=\"datePublished\" datetime=\"2024-12-13T09:27:18+01:00\" >13 Dicembre 2024<\/time><\/div><div class='slide-entry-excerpt entry-content'  itemprop=\"text\" >\n\n<\/div><\/div><footer class=\"entry-footer\"><\/footer><span class='hidden'>\n\t\t\t\t<span class='av-structured-data'  itemprop=\"image\" itemscope=\"itemscope\" itemtype=\"https:\/\/schema.org\/ImageObject\" >\n\t\t\t\t\t\t<span itemprop='url'>http:\/\/www.amormisericordioso.org\/ita\/wp-content\/uploads\/2024\/12\/Immagini-in-Evidenza-SITO-AM-2024-12-13T092545.901.png<\/span>\n\t\t\t\t\t\t<span itemprop='height'>1080<\/span>\n\t\t\t\t\t\t<span itemprop='width'>1080<\/span>\n\t\t\t\t<\/span>\n\t\t\t\t<span class='av-structured-data'  itemprop=\"publisher\" itemtype=\"https:\/\/schema.org\/Organization\" itemscope=\"itemscope\" >\n\t\t\t\t\t\t<span itemprop='name'>Famiglia dell'Amore Misericordioso<\/span>\n\t\t\t\t\t\t<span itemprop='logo' itemscope itemtype='https:\/\/schema.org\/ImageObject'>\n\t\t\t\t\t\t\t<span itemprop='url'>http:\/\/www.amormisericordioso.org\/ita\/wp-content\/uploads\/2018\/02\/logo-fam-italiano.png<\/span>\n\t\t\t\t\t\t <\/span>\n\t\t\t\t<\/span><span class='av-structured-data'  itemprop=\"author\" itemscope=\"itemscope\" itemtype=\"https:\/\/schema.org\/Person\" ><span itemprop='name'>Famiglia dell'Amore Misericordioso<\/span><\/span><span class='av-structured-data'  itemprop=\"datePublished\" datetime=\"2022-01-05T05:26:27+01:00\" >2024-12-13 09:27:18<\/span><span class='av-structured-data'  itemprop=\"dateModified\" itemtype=\"https:\/\/schema.org\/dateModified\" >2024-12-13 09:27:20<\/span><span class='av-structured-data'  itemprop=\"mainEntityOfPage\" itemtype=\"https:\/\/schema.org\/mainEntityOfPage\" ><span itemprop='name'>CAPODANNO IN FAMIGLIA. Tutti a bordo&#8230; in un mare di Speranza<\/span><\/span><\/span><\/article><article class='slide-entry flex_column  post-entry post-entry-5767 slide-entry-overview slide-loop-21 slide-parity-odd  av_one_third  real-thumbnail post-format-standard'  itemscope=\"itemscope\" itemtype=\"https:\/\/schema.org\/CreativeWork\" ><a href='http:\/\/www.amormisericordioso.org\/ita\/ordinazione-diaconale-fr-deepak-mon-willington-fam\/' data-rel='slide-1' class='slide-image' title='ORDINAZIONE DIACONALE Fr. Deepak Mon Willington, FAM'><img decoding=\"async\" width=\"212\" height=\"300\" src=\"http:\/\/www.amormisericordioso.org\/ita\/wp-content\/uploads\/2024\/11\/WhatsApp-Image-2024-11-20-at-09.55.20-212x300.jpeg\" class=\"wp-image-5768 avia-img-lazy-loading-not-5768 attachment-medium size-medium wp-post-image\" alt=\"\" srcset=\"http:\/\/www.amormisericordioso.org\/ita\/wp-content\/uploads\/2024\/11\/WhatsApp-Image-2024-11-20-at-09.55.20-212x300.jpeg 212w, http:\/\/www.amormisericordioso.org\/ita\/wp-content\/uploads\/2024\/11\/WhatsApp-Image-2024-11-20-at-09.55.20-728x1030.jpeg 728w, http:\/\/www.amormisericordioso.org\/ita\/wp-content\/uploads\/2024\/11\/WhatsApp-Image-2024-11-20-at-09.55.20-768x1086.jpeg 768w, http:\/\/www.amormisericordioso.org\/ita\/wp-content\/uploads\/2024\/11\/WhatsApp-Image-2024-11-20-at-09.55.20-1086x1536.jpeg 1086w, http:\/\/www.amormisericordioso.org\/ita\/wp-content\/uploads\/2024\/11\/WhatsApp-Image-2024-11-20-at-09.55.20-1060x1500.jpeg 1060w, http:\/\/www.amormisericordioso.org\/ita\/wp-content\/uploads\/2024\/11\/WhatsApp-Image-2024-11-20-at-09.55.20-498x705.jpeg 498w, http:\/\/www.amormisericordioso.org\/ita\/wp-content\/uploads\/2024\/11\/WhatsApp-Image-2024-11-20-at-09.55.20.jpeg 1131w\" sizes=\"(max-width: 212px) 100vw, 212px\" \/><\/a><div class='slide-content'><header class=\"entry-content-header\"><h3 class='slide-entry-title entry-title '  itemprop=\"headline\" ><a href='http:\/\/www.amormisericordioso.org\/ita\/ordinazione-diaconale-fr-deepak-mon-willington-fam\/' title='ORDINAZIONE DIACONALE Fr. Deepak Mon Willington, FAM'>ORDINAZIONE DIACONALE Fr. Deepak Mon Willington, FAM<\/a><\/h3><span class=\"av-vertical-delimiter\"><\/span><\/header><div class='slide-meta'><time class='slide-meta-time updated'  itemprop=\"datePublished\" datetime=\"2024-11-21T09:57:42+01:00\" >21 Novembre 2024<\/time><\/div><div class='slide-entry-excerpt entry-content'  itemprop=\"text\" >\n\n<\/div><\/div><footer class=\"entry-footer\"><\/footer><span class='hidden'>\n\t\t\t\t<span class='av-structured-data'  itemprop=\"image\" itemscope=\"itemscope\" itemtype=\"https:\/\/schema.org\/ImageObject\" >\n\t\t\t\t\t\t<span itemprop='url'>http:\/\/www.amormisericordioso.org\/ita\/wp-content\/uploads\/2024\/11\/WhatsApp-Image-2024-11-20-at-09.55.20.jpeg<\/span>\n\t\t\t\t\t\t<span itemprop='height'>1600<\/span>\n\t\t\t\t\t\t<span itemprop='width'>1131<\/span>\n\t\t\t\t<\/span>\n\t\t\t\t<span class='av-structured-data'  itemprop=\"publisher\" itemtype=\"https:\/\/schema.org\/Organization\" itemscope=\"itemscope\" >\n\t\t\t\t\t\t<span itemprop='name'>Famiglia dell'Amore Misericordioso<\/span>\n\t\t\t\t\t\t<span itemprop='logo' itemscope itemtype='https:\/\/schema.org\/ImageObject'>\n\t\t\t\t\t\t\t<span itemprop='url'>http:\/\/www.amormisericordioso.org\/ita\/wp-content\/uploads\/2018\/02\/logo-fam-italiano.png<\/span>\n\t\t\t\t\t\t <\/span>\n\t\t\t\t<\/span><span class='av-structured-data'  itemprop=\"author\" itemscope=\"itemscope\" itemtype=\"https:\/\/schema.org\/Person\" ><span itemprop='name'>Famiglia dell'Amore Misericordioso<\/span><\/span><span class='av-structured-data'  itemprop=\"datePublished\" datetime=\"2022-01-05T05:26:27+01:00\" >2024-11-21 09:57:42<\/span><span class='av-structured-data'  itemprop=\"dateModified\" itemtype=\"https:\/\/schema.org\/dateModified\" >2024-11-20 10:00:06<\/span><span class='av-structured-data'  itemprop=\"mainEntityOfPage\" itemtype=\"https:\/\/schema.org\/mainEntityOfPage\" ><span itemprop='name'>ORDINAZIONE DIACONALE Fr. Deepak Mon Willington, FAM<\/span><\/span><\/span><\/article><\/div><div class='slide-entry-wrap'><article class='slide-entry flex_column  post-entry post-entry-5771 slide-entry-overview slide-loop-22 slide-parity-odd  av_one_third first real-thumbnail post-format-standard'  itemscope=\"itemscope\" itemtype=\"https:\/\/schema.org\/CreativeWork\" ><a href='http:\/\/www.amormisericordioso.org\/ita\/ordinazione-diaconale-fr-michael-viyagappan-fam\/' data-rel='slide-1' class='slide-image' title='ORDINAZIONE DIACONALE fr. Michael Viyagappan, FAM'><img decoding=\"async\" width=\"212\" height=\"300\" src=\"http:\/\/www.amormisericordioso.org\/ita\/wp-content\/uploads\/2024\/11\/WhatsApp-Image-2024-11-10-at-09.11.45-212x300.jpeg\" class=\"wp-image-5772 avia-img-lazy-loading-not-5772 attachment-medium size-medium wp-post-image\" alt=\"\" srcset=\"http:\/\/www.amormisericordioso.org\/ita\/wp-content\/uploads\/2024\/11\/WhatsApp-Image-2024-11-10-at-09.11.45-212x300.jpeg 212w, http:\/\/www.amormisericordioso.org\/ita\/wp-content\/uploads\/2024\/11\/WhatsApp-Image-2024-11-10-at-09.11.45-728x1030.jpeg 728w, http:\/\/www.amormisericordioso.org\/ita\/wp-content\/uploads\/2024\/11\/WhatsApp-Image-2024-11-10-at-09.11.45-768x1086.jpeg 768w, http:\/\/www.amormisericordioso.org\/ita\/wp-content\/uploads\/2024\/11\/WhatsApp-Image-2024-11-10-at-09.11.45-1086x1536.jpeg 1086w, http:\/\/www.amormisericordioso.org\/ita\/wp-content\/uploads\/2024\/11\/WhatsApp-Image-2024-11-10-at-09.11.45-1060x1500.jpeg 1060w, http:\/\/www.amormisericordioso.org\/ita\/wp-content\/uploads\/2024\/11\/WhatsApp-Image-2024-11-10-at-09.11.45-498x705.jpeg 498w, http:\/\/www.amormisericordioso.org\/ita\/wp-content\/uploads\/2024\/11\/WhatsApp-Image-2024-11-10-at-09.11.45.jpeg 1131w\" sizes=\"(max-width: 212px) 100vw, 212px\" \/><\/a><div class='slide-content'><header class=\"entry-content-header\"><h3 class='slide-entry-title entry-title '  itemprop=\"headline\" ><a href='http:\/\/www.amormisericordioso.org\/ita\/ordinazione-diaconale-fr-michael-viyagappan-fam\/' title='ORDINAZIONE DIACONALE fr. Michael Viyagappan, FAM'>ORDINAZIONE DIACONALE fr. Michael Viyagappan, FAM<\/a><\/h3><span class=\"av-vertical-delimiter\"><\/span><\/header><div class='slide-meta'><time class='slide-meta-time updated'  itemprop=\"datePublished\" datetime=\"2024-11-20T10:03:07+01:00\" >20 Novembre 2024<\/time><\/div><div class='slide-entry-excerpt entry-content'  itemprop=\"text\" >\n\n<\/div><\/div><footer class=\"entry-footer\"><\/footer><span class='hidden'>\n\t\t\t\t<span class='av-structured-data'  itemprop=\"image\" itemscope=\"itemscope\" itemtype=\"https:\/\/schema.org\/ImageObject\" >\n\t\t\t\t\t\t<span itemprop='url'>http:\/\/www.amormisericordioso.org\/ita\/wp-content\/uploads\/2024\/11\/WhatsApp-Image-2024-11-10-at-09.11.45.jpeg<\/span>\n\t\t\t\t\t\t<span itemprop='height'>1600<\/span>\n\t\t\t\t\t\t<span itemprop='width'>1131<\/span>\n\t\t\t\t<\/span>\n\t\t\t\t<span class='av-structured-data'  itemprop=\"publisher\" itemtype=\"https:\/\/schema.org\/Organization\" itemscope=\"itemscope\" >\n\t\t\t\t\t\t<span itemprop='name'>Famiglia dell'Amore Misericordioso<\/span>\n\t\t\t\t\t\t<span itemprop='logo' itemscope itemtype='https:\/\/schema.org\/ImageObject'>\n\t\t\t\t\t\t\t<span itemprop='url'>http:\/\/www.amormisericordioso.org\/ita\/wp-content\/uploads\/2018\/02\/logo-fam-italiano.png<\/span>\n\t\t\t\t\t\t <\/span>\n\t\t\t\t<\/span><span class='av-structured-data'  itemprop=\"author\" itemscope=\"itemscope\" itemtype=\"https:\/\/schema.org\/Person\" ><span itemprop='name'>Famiglia dell'Amore Misericordioso<\/span><\/span><span class='av-structured-data'  itemprop=\"datePublished\" datetime=\"2022-01-05T05:26:27+01:00\" >2024-11-20 10:03:07<\/span><span class='av-structured-data'  itemprop=\"dateModified\" itemtype=\"https:\/\/schema.org\/dateModified\" >2024-11-20 10:03:08<\/span><span class='av-structured-data'  itemprop=\"mainEntityOfPage\" itemtype=\"https:\/\/schema.org\/mainEntityOfPage\" ><span itemprop='name'>ORDINAZIONE DIACONALE fr. Michael Viyagappan, FAM<\/span><\/span><\/span><\/article><article class='slide-entry flex_column  post-entry post-entry-5664 slide-entry-overview slide-loop-23 slide-parity-even  av_one_third  real-thumbnail post-format-standard'  itemscope=\"itemscope\" itemtype=\"https:\/\/schema.org\/CreativeWork\" ><a href='http:\/\/www.amormisericordioso.org\/ita\/assemblea-dellassociazione-dei-laici-dellamore-misericordioso\/' data-rel='slide-1' class='slide-image' title='Assemblea dell&#8217;Associazione dei LAICI DELL&#8217;AMORE MISERICORDIOSO'><img decoding=\"async\" width=\"300\" height=\"300\" src=\"http:\/\/www.amormisericordioso.org\/ita\/wp-content\/uploads\/2023\/09\/Immagini-in-Evidenza-SITO-AM-46-300x300.png\" class=\"wp-image-5103 avia-img-lazy-loading-not-5103 attachment-medium size-medium wp-post-image\" alt=\"\" srcset=\"http:\/\/www.amormisericordioso.org\/ita\/wp-content\/uploads\/2023\/09\/Immagini-in-Evidenza-SITO-AM-46-300x300.png 300w, http:\/\/www.amormisericordioso.org\/ita\/wp-content\/uploads\/2023\/09\/Immagini-in-Evidenza-SITO-AM-46-1030x1030.png 1030w, http:\/\/www.amormisericordioso.org\/ita\/wp-content\/uploads\/2023\/09\/Immagini-in-Evidenza-SITO-AM-46-80x80.png 80w, http:\/\/www.amormisericordioso.org\/ita\/wp-content\/uploads\/2023\/09\/Immagini-in-Evidenza-SITO-AM-46-768x768.png 768w, http:\/\/www.amormisericordioso.org\/ita\/wp-content\/uploads\/2023\/09\/Immagini-in-Evidenza-SITO-AM-46-36x36.png 36w, http:\/\/www.amormisericordioso.org\/ita\/wp-content\/uploads\/2023\/09\/Immagini-in-Evidenza-SITO-AM-46-180x180.png 180w, http:\/\/www.amormisericordioso.org\/ita\/wp-content\/uploads\/2023\/09\/Immagini-in-Evidenza-SITO-AM-46-705x705.png 705w, http:\/\/www.amormisericordioso.org\/ita\/wp-content\/uploads\/2023\/09\/Immagini-in-Evidenza-SITO-AM-46.png 1080w\" sizes=\"(max-width: 300px) 100vw, 300px\" \/><\/a><div class='slide-content'><header class=\"entry-content-header\"><h3 class='slide-entry-title entry-title '  itemprop=\"headline\" ><a href='http:\/\/www.amormisericordioso.org\/ita\/assemblea-dellassociazione-dei-laici-dellamore-misericordioso\/' title='Assemblea dell&#8217;Associazione dei LAICI DELL&#8217;AMORE MISERICORDIOSO'>Assemblea dell&#8217;Associazione dei LAICI DELL&#8217;AMORE MISERICORDIOSO<\/a><\/h3><span class=\"av-vertical-delimiter\"><\/span><\/header><div class='slide-meta'><time class='slide-meta-time updated'  itemprop=\"datePublished\" datetime=\"2024-10-06T10:30:00+02:00\" >6 Ottobre 2024<\/time><\/div><div class='slide-entry-excerpt entry-content'  itemprop=\"text\" >\n\n<\/div><\/div><footer class=\"entry-footer\"><\/footer><span class='hidden'>\n\t\t\t\t<span class='av-structured-data'  itemprop=\"image\" itemscope=\"itemscope\" itemtype=\"https:\/\/schema.org\/ImageObject\" >\n\t\t\t\t\t\t<span itemprop='url'>http:\/\/www.amormisericordioso.org\/ita\/wp-content\/uploads\/2023\/09\/Immagini-in-Evidenza-SITO-AM-46.png<\/span>\n\t\t\t\t\t\t<span itemprop='height'>1080<\/span>\n\t\t\t\t\t\t<span itemprop='width'>1080<\/span>\n\t\t\t\t<\/span>\n\t\t\t\t<span class='av-structured-data'  itemprop=\"publisher\" itemtype=\"https:\/\/schema.org\/Organization\" itemscope=\"itemscope\" >\n\t\t\t\t\t\t<span itemprop='name'>Famiglia dell'Amore Misericordioso<\/span>\n\t\t\t\t\t\t<span itemprop='logo' itemscope itemtype='https:\/\/schema.org\/ImageObject'>\n\t\t\t\t\t\t\t<span itemprop='url'>http:\/\/www.amormisericordioso.org\/ita\/wp-content\/uploads\/2018\/02\/logo-fam-italiano.png<\/span>\n\t\t\t\t\t\t <\/span>\n\t\t\t\t<\/span><span class='av-structured-data'  itemprop=\"author\" itemscope=\"itemscope\" itemtype=\"https:\/\/schema.org\/Person\" ><span itemprop='name'>Famiglia dell'Amore Misericordioso<\/span><\/span><span class='av-structured-data'  itemprop=\"datePublished\" datetime=\"2022-01-05T05:26:27+01:00\" >2024-10-06 10:30:00<\/span><span class='av-structured-data'  itemprop=\"dateModified\" itemtype=\"https:\/\/schema.org\/dateModified\" >2024-09-23 10:32:49<\/span><span class='av-structured-data'  itemprop=\"mainEntityOfPage\" itemtype=\"https:\/\/schema.org\/mainEntityOfPage\" ><span itemprop='name'>Assemblea dell&#8217;Associazione dei LAICI DELL&#8217;AMORE MISERICORDIOSO<\/span><\/span><\/span><\/article><article class='slide-entry flex_column  post-entry post-entry-5690 slide-entry-overview slide-loop-24 slide-parity-odd  av_one_third  real-thumbnail post-format-standard'  itemscope=\"itemscope\" itemtype=\"https:\/\/schema.org\/CreativeWork\" ><a href='http:\/\/www.amormisericordioso.org\/ita\/xxiii-assemblea-sdfam-e-delegazione-fam-ditalia\/' data-rel='slide-1' class='slide-image' title='XXIII Assemblea SDFAM e Delegazione FAM d&#8217;Italia'><img decoding=\"async\" width=\"300\" height=\"300\" src=\"http:\/\/www.amormisericordioso.org\/ita\/wp-content\/uploads\/2023\/10\/Immagini-in-Evidenza-SITO-AM-50-300x300.png\" class=\"wp-image-5135 avia-img-lazy-loading-not-5135 attachment-medium size-medium wp-post-image\" alt=\"\" srcset=\"http:\/\/www.amormisericordioso.org\/ita\/wp-content\/uploads\/2023\/10\/Immagini-in-Evidenza-SITO-AM-50-300x300.png 300w, http:\/\/www.amormisericordioso.org\/ita\/wp-content\/uploads\/2023\/10\/Immagini-in-Evidenza-SITO-AM-50-1030x1030.png 1030w, http:\/\/www.amormisericordioso.org\/ita\/wp-content\/uploads\/2023\/10\/Immagini-in-Evidenza-SITO-AM-50-80x80.png 80w, http:\/\/www.amormisericordioso.org\/ita\/wp-content\/uploads\/2023\/10\/Immagini-in-Evidenza-SITO-AM-50-768x768.png 768w, http:\/\/www.amormisericordioso.org\/ita\/wp-content\/uploads\/2023\/10\/Immagini-in-Evidenza-SITO-AM-50-36x36.png 36w, http:\/\/www.amormisericordioso.org\/ita\/wp-content\/uploads\/2023\/10\/Immagini-in-Evidenza-SITO-AM-50-180x180.png 180w, http:\/\/www.amormisericordioso.org\/ita\/wp-content\/uploads\/2023\/10\/Immagini-in-Evidenza-SITO-AM-50-705x705.png 705w, http:\/\/www.amormisericordioso.org\/ita\/wp-content\/uploads\/2023\/10\/Immagini-in-Evidenza-SITO-AM-50.png 1080w\" sizes=\"(max-width: 300px) 100vw, 300px\" \/><\/a><div class='slide-content'><header class=\"entry-content-header\"><h3 class='slide-entry-title entry-title '  itemprop=\"headline\" ><a href='http:\/\/www.amormisericordioso.org\/ita\/xxiii-assemblea-sdfam-e-delegazione-fam-ditalia\/' title='XXIII Assemblea SDFAM e Delegazione FAM d&#8217;Italia'>XXIII Assemblea SDFAM e Delegazione FAM d&#8217;Italia<\/a><\/h3><span class=\"av-vertical-delimiter\"><\/span><\/header><div class='slide-meta'><time class='slide-meta-time updated'  itemprop=\"datePublished\" datetime=\"2024-10-05T11:38:35+02:00\" >5 Ottobre 2024<\/time><\/div><div class='slide-entry-excerpt entry-content'  itemprop=\"text\" >\n\n\n\n\nDall'11 al 15 novembre 2024 si terr\u00e0 a Collevalenza, presso\u2026<\/div><\/div><footer class=\"entry-footer\"><\/footer><span class='hidden'>\n\t\t\t\t<span class='av-structured-data'  itemprop=\"image\" itemscope=\"itemscope\" itemtype=\"https:\/\/schema.org\/ImageObject\" >\n\t\t\t\t\t\t<span itemprop='url'>http:\/\/www.amormisericordioso.org\/ita\/wp-content\/uploads\/2023\/10\/Immagini-in-Evidenza-SITO-AM-50.png<\/span>\n\t\t\t\t\t\t<span itemprop='height'>1080<\/span>\n\t\t\t\t\t\t<span itemprop='width'>1080<\/span>\n\t\t\t\t<\/span>\n\t\t\t\t<span class='av-structured-data'  itemprop=\"publisher\" itemtype=\"https:\/\/schema.org\/Organization\" itemscope=\"itemscope\" >\n\t\t\t\t\t\t<span itemprop='name'>Famiglia dell'Amore Misericordioso<\/span>\n\t\t\t\t\t\t<span itemprop='logo' itemscope itemtype='https:\/\/schema.org\/ImageObject'>\n\t\t\t\t\t\t\t<span itemprop='url'>http:\/\/www.amormisericordioso.org\/ita\/wp-content\/uploads\/2018\/02\/logo-fam-italiano.png<\/span>\n\t\t\t\t\t\t <\/span>\n\t\t\t\t<\/span><span class='av-structured-data'  itemprop=\"author\" itemscope=\"itemscope\" itemtype=\"https:\/\/schema.org\/Person\" ><span itemprop='name'>Famiglia dell'Amore Misericordioso<\/span><\/span><span class='av-structured-data'  itemprop=\"datePublished\" datetime=\"2022-01-05T05:26:27+01:00\" >2024-10-05 11:38:35<\/span><span class='av-structured-data'  itemprop=\"dateModified\" itemtype=\"https:\/\/schema.org\/dateModified\" >2024-10-05 11:38:36<\/span><span class='av-structured-data'  itemprop=\"mainEntityOfPage\" itemtype=\"https:\/\/schema.org\/mainEntityOfPage\" ><span itemprop='name'>XXIII Assemblea SDFAM e Delegazione FAM d&#8217;Italia<\/span><\/span><\/span><\/article><\/div><div class='slide-entry-wrap'><article class='slide-entry flex_column  post-entry post-entry-5682 slide-entry-overview slide-loop-25 slide-parity-odd  av_one_third first real-thumbnail post-format-standard'  itemscope=\"itemscope\" itemtype=\"https:\/\/schema.org\/CreativeWork\" ><a href='http:\/\/www.amormisericordioso.org\/ita\/assemblea-dei-laici-dellamore-misericordioso\/' data-rel='slide-1' class='slide-image' title='ASSEMBLEA DEI LAICI DELL&#8217;AMORE MISERICORDIOSO'><img decoding=\"async\" width=\"300\" height=\"300\" src=\"http:\/\/www.amormisericordioso.org\/ita\/wp-content\/uploads\/2023\/09\/Immagini-in-Evidenza-SITO-AM-46-300x300.png\" class=\"wp-image-5103 avia-img-lazy-loading-not-5103 attachment-medium size-medium wp-post-image\" alt=\"\" srcset=\"http:\/\/www.amormisericordioso.org\/ita\/wp-content\/uploads\/2023\/09\/Immagini-in-Evidenza-SITO-AM-46-300x300.png 300w, http:\/\/www.amormisericordioso.org\/ita\/wp-content\/uploads\/2023\/09\/Immagini-in-Evidenza-SITO-AM-46-1030x1030.png 1030w, http:\/\/www.amormisericordioso.org\/ita\/wp-content\/uploads\/2023\/09\/Immagini-in-Evidenza-SITO-AM-46-80x80.png 80w, http:\/\/www.amormisericordioso.org\/ita\/wp-content\/uploads\/2023\/09\/Immagini-in-Evidenza-SITO-AM-46-768x768.png 768w, http:\/\/www.amormisericordioso.org\/ita\/wp-content\/uploads\/2023\/09\/Immagini-in-Evidenza-SITO-AM-46-36x36.png 36w, http:\/\/www.amormisericordioso.org\/ita\/wp-content\/uploads\/2023\/09\/Immagini-in-Evidenza-SITO-AM-46-180x180.png 180w, http:\/\/www.amormisericordioso.org\/ita\/wp-content\/uploads\/2023\/09\/Immagini-in-Evidenza-SITO-AM-46-705x705.png 705w, http:\/\/www.amormisericordioso.org\/ita\/wp-content\/uploads\/2023\/09\/Immagini-in-Evidenza-SITO-AM-46.png 1080w\" sizes=\"(max-width: 300px) 100vw, 300px\" \/><\/a><div class='slide-content'><header class=\"entry-content-header\"><h3 class='slide-entry-title entry-title '  itemprop=\"headline\" ><a href='http:\/\/www.amormisericordioso.org\/ita\/assemblea-dei-laici-dellamore-misericordioso\/' title='ASSEMBLEA DEI LAICI DELL&#8217;AMORE MISERICORDIOSO'>ASSEMBLEA DEI LAICI DELL&#8217;AMORE MISERICORDIOSO<\/a><\/h3><span class=\"av-vertical-delimiter\"><\/span><\/header><div class='slide-meta'><time class='slide-meta-time updated'  itemprop=\"datePublished\" datetime=\"2024-10-03T10:06:31+02:00\" >3 Ottobre 2024<\/time><\/div><div class='slide-entry-excerpt entry-content'  itemprop=\"text\" >\n\n<\/div><\/div><footer class=\"entry-footer\"><\/footer><span class='hidden'>\n\t\t\t\t<span class='av-structured-data'  itemprop=\"image\" itemscope=\"itemscope\" itemtype=\"https:\/\/schema.org\/ImageObject\" >\n\t\t\t\t\t\t<span itemprop='url'>http:\/\/www.amormisericordioso.org\/ita\/wp-content\/uploads\/2023\/09\/Immagini-in-Evidenza-SITO-AM-46.png<\/span>\n\t\t\t\t\t\t<span itemprop='height'>1080<\/span>\n\t\t\t\t\t\t<span itemprop='width'>1080<\/span>\n\t\t\t\t<\/span>\n\t\t\t\t<span class='av-structured-data'  itemprop=\"publisher\" itemtype=\"https:\/\/schema.org\/Organization\" itemscope=\"itemscope\" >\n\t\t\t\t\t\t<span itemprop='name'>Famiglia dell'Amore Misericordioso<\/span>\n\t\t\t\t\t\t<span itemprop='logo' itemscope itemtype='https:\/\/schema.org\/ImageObject'>\n\t\t\t\t\t\t\t<span itemprop='url'>http:\/\/www.amormisericordioso.org\/ita\/wp-content\/uploads\/2018\/02\/logo-fam-italiano.png<\/span>\n\t\t\t\t\t\t <\/span>\n\t\t\t\t<\/span><span class='av-structured-data'  itemprop=\"author\" itemscope=\"itemscope\" itemtype=\"https:\/\/schema.org\/Person\" ><span itemprop='name'>Famiglia dell'Amore Misericordioso<\/span><\/span><span class='av-structured-data'  itemprop=\"datePublished\" datetime=\"2022-01-05T05:26:27+01:00\" >2024-10-03 10:06:31<\/span><span class='av-structured-data'  itemprop=\"dateModified\" itemtype=\"https:\/\/schema.org\/dateModified\" >2024-10-03 10:06:33<\/span><span class='av-structured-data'  itemprop=\"mainEntityOfPage\" itemtype=\"https:\/\/schema.org\/mainEntityOfPage\" ><span itemprop='name'>ASSEMBLEA DEI LAICI DELL&#8217;AMORE MISERICORDIOSO<\/span><\/span><\/span><\/article><article class='slide-entry flex_column  post-entry post-entry-5685 slide-entry-overview slide-loop-26 slide-parity-even  av_one_third  real-thumbnail post-format-standard'  itemscope=\"itemscope\" itemtype=\"https:\/\/schema.org\/CreativeWork\" ><a href='http:\/\/www.amormisericordioso.org\/ita\/progetto-giovani-anno-2024-2025\/' data-rel='slide-1' class='slide-image' title='PROGETTO GIOVANI anno 2024-2025'><img decoding=\"async\" width=\"300\" height=\"300\" src=\"http:\/\/www.amormisericordioso.org\/ita\/wp-content\/uploads\/2024\/10\/Immagini-in-Evidenza-SITO-AM-44-1030x1030-1-300x300.png\" class=\"wp-image-5687 avia-img-lazy-loading-not-5687 attachment-medium size-medium wp-post-image\" alt=\"\" srcset=\"http:\/\/www.amormisericordioso.org\/ita\/wp-content\/uploads\/2024\/10\/Immagini-in-Evidenza-SITO-AM-44-1030x1030-1-300x300.png 300w, http:\/\/www.amormisericordioso.org\/ita\/wp-content\/uploads\/2024\/10\/Immagini-in-Evidenza-SITO-AM-44-1030x1030-1-80x80.png 80w, http:\/\/www.amormisericordioso.org\/ita\/wp-content\/uploads\/2024\/10\/Immagini-in-Evidenza-SITO-AM-44-1030x1030-1-768x768.png 768w, http:\/\/www.amormisericordioso.org\/ita\/wp-content\/uploads\/2024\/10\/Immagini-in-Evidenza-SITO-AM-44-1030x1030-1-36x36.png 36w, http:\/\/www.amormisericordioso.org\/ita\/wp-content\/uploads\/2024\/10\/Immagini-in-Evidenza-SITO-AM-44-1030x1030-1-180x180.png 180w, http:\/\/www.amormisericordioso.org\/ita\/wp-content\/uploads\/2024\/10\/Immagini-in-Evidenza-SITO-AM-44-1030x1030-1-705x705.png 705w, http:\/\/www.amormisericordioso.org\/ita\/wp-content\/uploads\/2024\/10\/Immagini-in-Evidenza-SITO-AM-44-1030x1030-1.png 1030w\" sizes=\"(max-width: 300px) 100vw, 300px\" \/><\/a><div class='slide-content'><header class=\"entry-content-header\"><h3 class='slide-entry-title entry-title '  itemprop=\"headline\" ><a href='http:\/\/www.amormisericordioso.org\/ita\/progetto-giovani-anno-2024-2025\/' title='PROGETTO GIOVANI anno 2024-2025'>PROGETTO GIOVANI anno 2024-2025<\/a><\/h3><span class=\"av-vertical-delimiter\"><\/span><\/header><div class='slide-meta'><time class='slide-meta-time updated'  itemprop=\"datePublished\" datetime=\"2024-10-01T10:26:38+02:00\" >1 Ottobre 2024<\/time><\/div><div class='slide-entry-excerpt entry-content'  itemprop=\"text\" >\n\n<\/div><\/div><footer class=\"entry-footer\"><\/footer><span class='hidden'>\n\t\t\t\t<span class='av-structured-data'  itemprop=\"image\" itemscope=\"itemscope\" itemtype=\"https:\/\/schema.org\/ImageObject\" >\n\t\t\t\t\t\t<span itemprop='url'>http:\/\/www.amormisericordioso.org\/ita\/wp-content\/uploads\/2024\/10\/Immagini-in-Evidenza-SITO-AM-44-1030x1030-1.png<\/span>\n\t\t\t\t\t\t<span itemprop='height'>1030<\/span>\n\t\t\t\t\t\t<span itemprop='width'>1030<\/span>\n\t\t\t\t<\/span>\n\t\t\t\t<span class='av-structured-data'  itemprop=\"publisher\" itemtype=\"https:\/\/schema.org\/Organization\" itemscope=\"itemscope\" >\n\t\t\t\t\t\t<span itemprop='name'>Famiglia dell'Amore Misericordioso<\/span>\n\t\t\t\t\t\t<span itemprop='logo' itemscope itemtype='https:\/\/schema.org\/ImageObject'>\n\t\t\t\t\t\t\t<span itemprop='url'>http:\/\/www.amormisericordioso.org\/ita\/wp-content\/uploads\/2018\/02\/logo-fam-italiano.png<\/span>\n\t\t\t\t\t\t <\/span>\n\t\t\t\t<\/span><span class='av-structured-data'  itemprop=\"author\" itemscope=\"itemscope\" itemtype=\"https:\/\/schema.org\/Person\" ><span itemprop='name'>Famiglia dell'Amore Misericordioso<\/span><\/span><span class='av-structured-data'  itemprop=\"datePublished\" datetime=\"2022-01-05T05:26:27+01:00\" >2024-10-01 10:26:38<\/span><span class='av-structured-data'  itemprop=\"dateModified\" itemtype=\"https:\/\/schema.org\/dateModified\" >2025-01-22 12:05:16<\/span><span class='av-structured-data'  itemprop=\"mainEntityOfPage\" itemtype=\"https:\/\/schema.org\/mainEntityOfPage\" ><span itemprop='name'>PROGETTO GIOVANI anno 2024-2025<\/span><\/span><\/span><\/article><article class='slide-entry flex_column  post-entry post-entry-5677 slide-entry-overview slide-loop-27 slide-parity-odd  av_one_third  real-thumbnail post-format-standard'  itemscope=\"itemscope\" itemtype=\"https:\/\/schema.org\/CreativeWork\" ><a href='http:\/\/www.amormisericordioso.org\/ita\/compleanno-di-madre-speranza-1983-30-09-2024\/' data-rel='slide-1' class='slide-image' title='Compleanno di Madre Speranza 1983 &#8211; 30.09 &#8211; 2024'><img decoding=\"async\" width=\"240\" height=\"300\" src=\"http:\/\/www.amormisericordioso.org\/ita\/wp-content\/uploads\/2024\/10\/WhatsApp-Image-2024-09-21-at-09.45.56-240x300.jpeg\" class=\"wp-image-5679 avia-img-lazy-loading-not-5679 attachment-medium size-medium wp-post-image\" alt=\"\" srcset=\"http:\/\/www.amormisericordioso.org\/ita\/wp-content\/uploads\/2024\/10\/WhatsApp-Image-2024-09-21-at-09.45.56-240x300.jpeg 240w, http:\/\/www.amormisericordioso.org\/ita\/wp-content\/uploads\/2024\/10\/WhatsApp-Image-2024-09-21-at-09.45.56-564x705.jpeg 564w, http:\/\/www.amormisericordioso.org\/ita\/wp-content\/uploads\/2024\/10\/WhatsApp-Image-2024-09-21-at-09.45.56.jpeg 758w\" sizes=\"(max-width: 240px) 100vw, 240px\" \/><\/a><div class='slide-content'><header class=\"entry-content-header\"><h3 class='slide-entry-title entry-title '  itemprop=\"headline\" ><a href='http:\/\/www.amormisericordioso.org\/ita\/compleanno-di-madre-speranza-1983-30-09-2024\/' title='Compleanno di Madre Speranza 1983 &#8211; 30.09 &#8211; 2024'>Compleanno di Madre Speranza 1983 &#8211; 30.09 &#8211; 2024<\/a><\/h3><span class=\"av-vertical-delimiter\"><\/span><\/header><div class='slide-meta'><time class='slide-meta-time updated'  itemprop=\"datePublished\" datetime=\"2024-09-29T17:18:00+02:00\" >29 Settembre 2024<\/time><\/div><div class='slide-entry-excerpt entry-content'  itemprop=\"text\" >\n\n<\/div><\/div><footer class=\"entry-footer\"><\/footer><span class='hidden'>\n\t\t\t\t<span class='av-structured-data'  itemprop=\"image\" itemscope=\"itemscope\" itemtype=\"https:\/\/schema.org\/ImageObject\" >\n\t\t\t\t\t\t<span itemprop='url'>http:\/\/www.amormisericordioso.org\/ita\/wp-content\/uploads\/2024\/10\/WhatsApp-Image-2024-09-21-at-09.45.56.jpeg<\/span>\n\t\t\t\t\t\t<span itemprop='height'>947<\/span>\n\t\t\t\t\t\t<span itemprop='width'>758<\/span>\n\t\t\t\t<\/span>\n\t\t\t\t<span class='av-structured-data'  itemprop=\"publisher\" itemtype=\"https:\/\/schema.org\/Organization\" itemscope=\"itemscope\" >\n\t\t\t\t\t\t<span itemprop='name'>Famiglia dell'Amore Misericordioso<\/span>\n\t\t\t\t\t\t<span itemprop='logo' itemscope itemtype='https:\/\/schema.org\/ImageObject'>\n\t\t\t\t\t\t\t<span itemprop='url'>http:\/\/www.amormisericordioso.org\/ita\/wp-content\/uploads\/2018\/02\/logo-fam-italiano.png<\/span>\n\t\t\t\t\t\t <\/span>\n\t\t\t\t<\/span><span class='av-structured-data'  itemprop=\"author\" itemscope=\"itemscope\" itemtype=\"https:\/\/schema.org\/Person\" ><span itemprop='name'>Famiglia dell'Amore Misericordioso<\/span><\/span><span class='av-structured-data'  itemprop=\"datePublished\" datetime=\"2022-01-05T05:26:27+01:00\" >2024-09-29 17:18:00<\/span><span class='av-structured-data'  itemprop=\"dateModified\" itemtype=\"https:\/\/schema.org\/dateModified\" >2024-10-02 17:21:09<\/span><span class='av-structured-data'  itemprop=\"mainEntityOfPage\" itemtype=\"https:\/\/schema.org\/mainEntityOfPage\" ><span itemprop='name'>Compleanno di Madre Speranza 1983 &#8211; 30.09 &#8211; 2024<\/span><\/span><\/span><\/article><\/div><div class='slide-entry-wrap'><article class='slide-entry flex_column  post-entry post-entry-5661 slide-entry-overview slide-loop-28 slide-parity-odd  av_one_third first real-thumbnail post-format-standard'  itemscope=\"itemscope\" itemtype=\"https:\/\/schema.org\/CreativeWork\" ><a href='http:\/\/www.amormisericordioso.org\/ita\/professione-perpetua-di-quattro-figli-dellamore-misericordioso\/' data-rel='slide-1' class='slide-image' title='PROFESSIONE PERPETUA di quattro Figli dell&#8217;Amore Misericordioso'><img decoding=\"async\" width=\"300\" height=\"300\" src=\"http:\/\/www.amormisericordioso.org\/ita\/wp-content\/uploads\/2024\/09\/Immagini-in-Evidenza-SITO-AM-98-300x300.png\" class=\"wp-image-5651 avia-img-lazy-loading-not-5651 attachment-medium size-medium wp-post-image\" alt=\"\" srcset=\"http:\/\/www.amormisericordioso.org\/ita\/wp-content\/uploads\/2024\/09\/Immagini-in-Evidenza-SITO-AM-98-300x300.png 300w, http:\/\/www.amormisericordioso.org\/ita\/wp-content\/uploads\/2024\/09\/Immagini-in-Evidenza-SITO-AM-98-1030x1030.png 1030w, http:\/\/www.amormisericordioso.org\/ita\/wp-content\/uploads\/2024\/09\/Immagini-in-Evidenza-SITO-AM-98-80x80.png 80w, http:\/\/www.amormisericordioso.org\/ita\/wp-content\/uploads\/2024\/09\/Immagini-in-Evidenza-SITO-AM-98-768x768.png 768w, http:\/\/www.amormisericordioso.org\/ita\/wp-content\/uploads\/2024\/09\/Immagini-in-Evidenza-SITO-AM-98-36x36.png 36w, http:\/\/www.amormisericordioso.org\/ita\/wp-content\/uploads\/2024\/09\/Immagini-in-Evidenza-SITO-AM-98-180x180.png 180w, http:\/\/www.amormisericordioso.org\/ita\/wp-content\/uploads\/2024\/09\/Immagini-in-Evidenza-SITO-AM-98-705x705.png 705w, http:\/\/www.amormisericordioso.org\/ita\/wp-content\/uploads\/2024\/09\/Immagini-in-Evidenza-SITO-AM-98.png 1080w\" sizes=\"(max-width: 300px) 100vw, 300px\" \/><\/a><div class='slide-content'><header class=\"entry-content-header\"><h3 class='slide-entry-title entry-title '  itemprop=\"headline\" ><a href='http:\/\/www.amormisericordioso.org\/ita\/professione-perpetua-di-quattro-figli-dellamore-misericordioso\/' title='PROFESSIONE PERPETUA di quattro Figli dell&#8217;Amore Misericordioso'>PROFESSIONE PERPETUA di quattro Figli dell&#8217;Amore Misericordioso<\/a><\/h3><span class=\"av-vertical-delimiter\"><\/span><\/header><div class='slide-meta'><time class='slide-meta-time updated'  itemprop=\"datePublished\" datetime=\"2024-09-23T10:23:50+02:00\" >23 Settembre 2024<\/time><\/div><div class='slide-entry-excerpt entry-content'  itemprop=\"text\" >\n\n<\/div><\/div><footer class=\"entry-footer\"><\/footer><span class='hidden'>\n\t\t\t\t<span class='av-structured-data'  itemprop=\"image\" itemscope=\"itemscope\" itemtype=\"https:\/\/schema.org\/ImageObject\" >\n\t\t\t\t\t\t<span itemprop='url'>http:\/\/www.amormisericordioso.org\/ita\/wp-content\/uploads\/2024\/09\/Immagini-in-Evidenza-SITO-AM-98.png<\/span>\n\t\t\t\t\t\t<span itemprop='height'>1080<\/span>\n\t\t\t\t\t\t<span itemprop='width'>1080<\/span>\n\t\t\t\t<\/span>\n\t\t\t\t<span class='av-structured-data'  itemprop=\"publisher\" itemtype=\"https:\/\/schema.org\/Organization\" itemscope=\"itemscope\" >\n\t\t\t\t\t\t<span itemprop='name'>Famiglia dell'Amore Misericordioso<\/span>\n\t\t\t\t\t\t<span itemprop='logo' itemscope itemtype='https:\/\/schema.org\/ImageObject'>\n\t\t\t\t\t\t\t<span itemprop='url'>http:\/\/www.amormisericordioso.org\/ita\/wp-content\/uploads\/2018\/02\/logo-fam-italiano.png<\/span>\n\t\t\t\t\t\t <\/span>\n\t\t\t\t<\/span><span class='av-structured-data'  itemprop=\"author\" itemscope=\"itemscope\" itemtype=\"https:\/\/schema.org\/Person\" ><span itemprop='name'>Famiglia dell'Amore Misericordioso<\/span><\/span><span class='av-structured-data'  itemprop=\"datePublished\" datetime=\"2022-01-05T05:26:27+01:00\" >2024-09-23 10:23:50<\/span><span class='av-structured-data'  itemprop=\"dateModified\" itemtype=\"https:\/\/schema.org\/dateModified\" >2024-09-23 10:23:52<\/span><span class='av-structured-data'  itemprop=\"mainEntityOfPage\" itemtype=\"https:\/\/schema.org\/mainEntityOfPage\" ><span itemprop='name'>PROFESSIONE PERPETUA di quattro Figli dell&#8217;Amore Misericordioso<\/span><\/span><\/span><\/article><article class='slide-entry flex_column  post-entry post-entry-5649 slide-entry-overview slide-loop-29 slide-parity-even  av_one_third  real-thumbnail post-format-standard'  itemscope=\"itemscope\" itemtype=\"https:\/\/schema.org\/CreativeWork\" ><a href='http:\/\/www.amormisericordioso.org\/ita\/festa-del-santuario-dellamore-misericordioso-3\/' data-rel='slide-1' class='slide-image' title='FESTA DEL SANTUARIO DELL&#8217;AMORE MISERICORDIOSO'><img decoding=\"async\" width=\"300\" height=\"300\" src=\"http:\/\/www.amormisericordioso.org\/ita\/wp-content\/uploads\/2024\/09\/Immagini-in-Evidenza-SITO-AM-98-300x300.png\" class=\"wp-image-5651 avia-img-lazy-loading-not-5651 attachment-medium size-medium wp-post-image\" alt=\"\" srcset=\"http:\/\/www.amormisericordioso.org\/ita\/wp-content\/uploads\/2024\/09\/Immagini-in-Evidenza-SITO-AM-98-300x300.png 300w, http:\/\/www.amormisericordioso.org\/ita\/wp-content\/uploads\/2024\/09\/Immagini-in-Evidenza-SITO-AM-98-1030x1030.png 1030w, http:\/\/www.amormisericordioso.org\/ita\/wp-content\/uploads\/2024\/09\/Immagini-in-Evidenza-SITO-AM-98-80x80.png 80w, http:\/\/www.amormisericordioso.org\/ita\/wp-content\/uploads\/2024\/09\/Immagini-in-Evidenza-SITO-AM-98-768x768.png 768w, http:\/\/www.amormisericordioso.org\/ita\/wp-content\/uploads\/2024\/09\/Immagini-in-Evidenza-SITO-AM-98-36x36.png 36w, http:\/\/www.amormisericordioso.org\/ita\/wp-content\/uploads\/2024\/09\/Immagini-in-Evidenza-SITO-AM-98-180x180.png 180w, http:\/\/www.amormisericordioso.org\/ita\/wp-content\/uploads\/2024\/09\/Immagini-in-Evidenza-SITO-AM-98-705x705.png 705w, http:\/\/www.amormisericordioso.org\/ita\/wp-content\/uploads\/2024\/09\/Immagini-in-Evidenza-SITO-AM-98.png 1080w\" sizes=\"(max-width: 300px) 100vw, 300px\" \/><\/a><div class='slide-content'><header class=\"entry-content-header\"><h3 class='slide-entry-title entry-title '  itemprop=\"headline\" ><a href='http:\/\/www.amormisericordioso.org\/ita\/festa-del-santuario-dellamore-misericordioso-3\/' title='FESTA DEL SANTUARIO DELL&#8217;AMORE MISERICORDIOSO'>FESTA DEL SANTUARIO DELL&#8217;AMORE MISERICORDIOSO<\/a><\/h3><span class=\"av-vertical-delimiter\"><\/span><\/header><div class='slide-meta'><time class='slide-meta-time updated'  itemprop=\"datePublished\" datetime=\"2024-09-13T11:11:40+02:00\" >13 Settembre 2024<\/time><\/div><div class='slide-entry-excerpt entry-content'  itemprop=\"text\" >\n\n<\/div><\/div><footer class=\"entry-footer\"><\/footer><span class='hidden'>\n\t\t\t\t<span class='av-structured-data'  itemprop=\"image\" itemscope=\"itemscope\" itemtype=\"https:\/\/schema.org\/ImageObject\" >\n\t\t\t\t\t\t<span itemprop='url'>http:\/\/www.amormisericordioso.org\/ita\/wp-content\/uploads\/2024\/09\/Immagini-in-Evidenza-SITO-AM-98.png<\/span>\n\t\t\t\t\t\t<span itemprop='height'>1080<\/span>\n\t\t\t\t\t\t<span itemprop='width'>1080<\/span>\n\t\t\t\t<\/span>\n\t\t\t\t<span class='av-structured-data'  itemprop=\"publisher\" itemtype=\"https:\/\/schema.org\/Organization\" itemscope=\"itemscope\" >\n\t\t\t\t\t\t<span itemprop='name'>Famiglia dell'Amore Misericordioso<\/span>\n\t\t\t\t\t\t<span itemprop='logo' itemscope itemtype='https:\/\/schema.org\/ImageObject'>\n\t\t\t\t\t\t\t<span itemprop='url'>http:\/\/www.amormisericordioso.org\/ita\/wp-content\/uploads\/2018\/02\/logo-fam-italiano.png<\/span>\n\t\t\t\t\t\t <\/span>\n\t\t\t\t<\/span><span class='av-structured-data'  itemprop=\"author\" itemscope=\"itemscope\" itemtype=\"https:\/\/schema.org\/Person\" ><span itemprop='name'>Famiglia dell'Amore Misericordioso<\/span><\/span><span class='av-structured-data'  itemprop=\"datePublished\" datetime=\"2022-01-05T05:26:27+01:00\" >2024-09-13 11:11:40<\/span><span class='av-structured-data'  itemprop=\"dateModified\" itemtype=\"https:\/\/schema.org\/dateModified\" >2024-09-13 11:11:50<\/span><span class='av-structured-data'  itemprop=\"mainEntityOfPage\" itemtype=\"https:\/\/schema.org\/mainEntityOfPage\" ><span itemprop='name'>FESTA DEL SANTUARIO DELL&#8217;AMORE MISERICORDIOSO<\/span><\/span><\/span><\/article><article class='slide-entry flex_column  post-entry post-entry-5637 slide-entry-overview slide-loop-30 slide-parity-odd  av_one_third  real-thumbnail post-format-standard'  itemscope=\"itemscope\" itemtype=\"https:\/\/schema.org\/CreativeWork\" ><a href='http:\/\/www.amormisericordioso.org\/ita\/prima-professione-religiosa-di-jorge-alberto-contreras-fabian-e-di-jesus-david-garcia-falcon\/' data-rel='slide-1' class='slide-image' title='PRIMA PROFESSIONE RELIGIOSA di Jorge Alberto Contreras Fab\u00ecan e di Jes\u00f9s David Garc\u00eca Falc\u00f2n'><img decoding=\"async\" width=\"300\" height=\"300\" src=\"http:\/\/www.amormisericordioso.org\/ita\/wp-content\/uploads\/2023\/08\/Immagini-in-Evidenza-SITO-AM-40-300x300.png\" class=\"wp-image-5020 avia-img-lazy-loading-not-5020 attachment-medium size-medium wp-post-image\" alt=\"\" srcset=\"http:\/\/www.amormisericordioso.org\/ita\/wp-content\/uploads\/2023\/08\/Immagini-in-Evidenza-SITO-AM-40-300x300.png 300w, http:\/\/www.amormisericordioso.org\/ita\/wp-content\/uploads\/2023\/08\/Immagini-in-Evidenza-SITO-AM-40-1030x1030.png 1030w, http:\/\/www.amormisericordioso.org\/ita\/wp-content\/uploads\/2023\/08\/Immagini-in-Evidenza-SITO-AM-40-80x80.png 80w, http:\/\/www.amormisericordioso.org\/ita\/wp-content\/uploads\/2023\/08\/Immagini-in-Evidenza-SITO-AM-40-768x768.png 768w, http:\/\/www.amormisericordioso.org\/ita\/wp-content\/uploads\/2023\/08\/Immagini-in-Evidenza-SITO-AM-40-36x36.png 36w, http:\/\/www.amormisericordioso.org\/ita\/wp-content\/uploads\/2023\/08\/Immagini-in-Evidenza-SITO-AM-40-180x180.png 180w, http:\/\/www.amormisericordioso.org\/ita\/wp-content\/uploads\/2023\/08\/Immagini-in-Evidenza-SITO-AM-40-705x705.png 705w, http:\/\/www.amormisericordioso.org\/ita\/wp-content\/uploads\/2023\/08\/Immagini-in-Evidenza-SITO-AM-40.png 1080w\" sizes=\"(max-width: 300px) 100vw, 300px\" \/><\/a><div class='slide-content'><header class=\"entry-content-header\"><h3 class='slide-entry-title entry-title '  itemprop=\"headline\" ><a href='http:\/\/www.amormisericordioso.org\/ita\/prima-professione-religiosa-di-jorge-alberto-contreras-fabian-e-di-jesus-david-garcia-falcon\/' title='PRIMA PROFESSIONE RELIGIOSA di Jorge Alberto Contreras Fab\u00ecan e di Jes\u00f9s David Garc\u00eca Falc\u00f2n'>PRIMA PROFESSIONE RELIGIOSA di Jorge Alberto Contreras Fab\u00ecan e di Jes\u00f9s David Garc\u00eca Falc\u00f2n<\/a><\/h3><span class=\"av-vertical-delimiter\"><\/span><\/header><div class='slide-meta'><time class='slide-meta-time updated'  itemprop=\"datePublished\" datetime=\"2024-09-07T12:25:15+02:00\" >7 Settembre 2024<\/time><\/div><div class='slide-entry-excerpt entry-content'  itemprop=\"text\" >\n\n<\/div><\/div><footer class=\"entry-footer\"><\/footer><span class='hidden'>\n\t\t\t\t<span class='av-structured-data'  itemprop=\"image\" itemscope=\"itemscope\" itemtype=\"https:\/\/schema.org\/ImageObject\" >\n\t\t\t\t\t\t<span itemprop='url'>http:\/\/www.amormisericordioso.org\/ita\/wp-content\/uploads\/2023\/08\/Immagini-in-Evidenza-SITO-AM-40.png<\/span>\n\t\t\t\t\t\t<span itemprop='height'>1080<\/span>\n\t\t\t\t\t\t<span itemprop='width'>1080<\/span>\n\t\t\t\t<\/span>\n\t\t\t\t<span class='av-structured-data'  itemprop=\"publisher\" itemtype=\"https:\/\/schema.org\/Organization\" itemscope=\"itemscope\" >\n\t\t\t\t\t\t<span itemprop='name'>Famiglia dell'Amore Misericordioso<\/span>\n\t\t\t\t\t\t<span itemprop='logo' itemscope itemtype='https:\/\/schema.org\/ImageObject'>\n\t\t\t\t\t\t\t<span itemprop='url'>http:\/\/www.amormisericordioso.org\/ita\/wp-content\/uploads\/2018\/02\/logo-fam-italiano.png<\/span>\n\t\t\t\t\t\t <\/span>\n\t\t\t\t<\/span><span class='av-structured-data'  itemprop=\"author\" itemscope=\"itemscope\" itemtype=\"https:\/\/schema.org\/Person\" ><span itemprop='name'>Famiglia dell'Amore Misericordioso<\/span><\/span><span class='av-structured-data'  itemprop=\"datePublished\" datetime=\"2022-01-05T05:26:27+01:00\" >2024-09-07 12:25:15<\/span><span class='av-structured-data'  itemprop=\"dateModified\" itemtype=\"https:\/\/schema.org\/dateModified\" >2024-09-07 12:25:18<\/span><span class='av-structured-data'  itemprop=\"mainEntityOfPage\" itemtype=\"https:\/\/schema.org\/mainEntityOfPage\" ><span itemprop='name'>PRIMA PROFESSIONE RELIGIOSA di Jorge Alberto Contreras Fab\u00ecan e di Jes\u00f9s David Garc\u00eca Falc\u00f2n<\/span><\/span><\/span><\/article><\/div><div class='slide-entry-wrap'><article class='slide-entry flex_column  post-entry post-entry-5604 slide-entry-overview slide-loop-31 slide-parity-odd  av_one_third first real-thumbnail post-format-standard'  itemscope=\"itemscope\" itemtype=\"https:\/\/schema.org\/CreativeWork\" ><a href='http:\/\/www.amormisericordioso.org\/ita\/prima-professione-religiosa-fam-kurram-srinadh-divvela-chandu-kolanti-karthik-madurai-india\/' data-rel='slide-1' class='slide-image' title='PRIMA PROFESSIONE RELIGIOSA FAM: Kurram Srinadh, Divvela Chandu, Kolanti Karthik (Madurai, INDIA)'><img decoding=\"async\" width=\"300\" height=\"300\" src=\"http:\/\/www.amormisericordioso.org\/ita\/wp-content\/uploads\/2023\/08\/Immagini-in-Evidenza-SITO-AM-40-300x300.png\" class=\"wp-image-5020 avia-img-lazy-loading-not-5020 attachment-medium size-medium wp-post-image\" alt=\"\" srcset=\"http:\/\/www.amormisericordioso.org\/ita\/wp-content\/uploads\/2023\/08\/Immagini-in-Evidenza-SITO-AM-40-300x300.png 300w, http:\/\/www.amormisericordioso.org\/ita\/wp-content\/uploads\/2023\/08\/Immagini-in-Evidenza-SITO-AM-40-1030x1030.png 1030w, http:\/\/www.amormisericordioso.org\/ita\/wp-content\/uploads\/2023\/08\/Immagini-in-Evidenza-SITO-AM-40-80x80.png 80w, http:\/\/www.amormisericordioso.org\/ita\/wp-content\/uploads\/2023\/08\/Immagini-in-Evidenza-SITO-AM-40-768x768.png 768w, http:\/\/www.amormisericordioso.org\/ita\/wp-content\/uploads\/2023\/08\/Immagini-in-Evidenza-SITO-AM-40-36x36.png 36w, http:\/\/www.amormisericordioso.org\/ita\/wp-content\/uploads\/2023\/08\/Immagini-in-Evidenza-SITO-AM-40-180x180.png 180w, http:\/\/www.amormisericordioso.org\/ita\/wp-content\/uploads\/2023\/08\/Immagini-in-Evidenza-SITO-AM-40-705x705.png 705w, http:\/\/www.amormisericordioso.org\/ita\/wp-content\/uploads\/2023\/08\/Immagini-in-Evidenza-SITO-AM-40.png 1080w\" sizes=\"(max-width: 300px) 100vw, 300px\" \/><\/a><div class='slide-content'><header class=\"entry-content-header\"><h3 class='slide-entry-title entry-title '  itemprop=\"headline\" ><a href='http:\/\/www.amormisericordioso.org\/ita\/prima-professione-religiosa-fam-kurram-srinadh-divvela-chandu-kolanti-karthik-madurai-india\/' title='PRIMA PROFESSIONE RELIGIOSA FAM: Kurram Srinadh, Divvela Chandu, Kolanti Karthik (Madurai, INDIA)'>PRIMA PROFESSIONE RELIGIOSA FAM: Kurram Srinadh, Divvela Chandu, Kolanti Karthik (Madurai, INDIA)<\/a><\/h3><span class=\"av-vertical-delimiter\"><\/span><\/header><div class='slide-meta'><time class='slide-meta-time updated'  itemprop=\"datePublished\" datetime=\"2024-08-12T08:29:06+02:00\" >12 Agosto 2024<\/time><\/div><div class='slide-entry-excerpt entry-content'  itemprop=\"text\" >\n\n<\/div><\/div><footer class=\"entry-footer\"><\/footer><span class='hidden'>\n\t\t\t\t<span class='av-structured-data'  itemprop=\"image\" itemscope=\"itemscope\" itemtype=\"https:\/\/schema.org\/ImageObject\" >\n\t\t\t\t\t\t<span itemprop='url'>http:\/\/www.amormisericordioso.org\/ita\/wp-content\/uploads\/2023\/08\/Immagini-in-Evidenza-SITO-AM-40.png<\/span>\n\t\t\t\t\t\t<span itemprop='height'>1080<\/span>\n\t\t\t\t\t\t<span itemprop='width'>1080<\/span>\n\t\t\t\t<\/span>\n\t\t\t\t<span class='av-structured-data'  itemprop=\"publisher\" itemtype=\"https:\/\/schema.org\/Organization\" itemscope=\"itemscope\" >\n\t\t\t\t\t\t<span itemprop='name'>Famiglia dell'Amore Misericordioso<\/span>\n\t\t\t\t\t\t<span itemprop='logo' itemscope itemtype='https:\/\/schema.org\/ImageObject'>\n\t\t\t\t\t\t\t<span itemprop='url'>http:\/\/www.amormisericordioso.org\/ita\/wp-content\/uploads\/2018\/02\/logo-fam-italiano.png<\/span>\n\t\t\t\t\t\t <\/span>\n\t\t\t\t<\/span><span class='av-structured-data'  itemprop=\"author\" itemscope=\"itemscope\" itemtype=\"https:\/\/schema.org\/Person\" ><span itemprop='name'>Famiglia dell'Amore Misericordioso<\/span><\/span><span class='av-structured-data'  itemprop=\"datePublished\" datetime=\"2022-01-05T05:26:27+01:00\" >2024-08-12 08:29:06<\/span><span class='av-structured-data'  itemprop=\"dateModified\" itemtype=\"https:\/\/schema.org\/dateModified\" >2024-08-12 08:29:08<\/span><span class='av-structured-data'  itemprop=\"mainEntityOfPage\" itemtype=\"https:\/\/schema.org\/mainEntityOfPage\" ><span itemprop='name'>PRIMA PROFESSIONE RELIGIOSA FAM: Kurram Srinadh, Divvela Chandu, Kolanti Karthik (Madurai, INDIA)<\/span><\/span><\/span><\/article><article class='slide-entry flex_column  post-entry post-entry-5594 slide-entry-overview slide-loop-32 slide-parity-even  av_one_third  real-thumbnail post-format-standard'  itemscope=\"itemscope\" itemtype=\"https:\/\/schema.org\/CreativeWork\" ><a href='http:\/\/www.amormisericordioso.org\/ita\/sulla-strada-della-misericordia-2024\/' data-rel='slide-1' class='slide-image' title='Sulla strada della Misericordia 2024'><img decoding=\"async\" width=\"300\" height=\"300\" src=\"http:\/\/www.amormisericordioso.org\/ita\/wp-content\/uploads\/2024\/07\/Dio-abita-in-noi-51-300x300.png\" class=\"wp-image-5595 avia-img-lazy-loading-not-5595 attachment-medium size-medium wp-post-image\" alt=\"\" srcset=\"http:\/\/www.amormisericordioso.org\/ita\/wp-content\/uploads\/2024\/07\/Dio-abita-in-noi-51-300x300.png 300w, http:\/\/www.amormisericordioso.org\/ita\/wp-content\/uploads\/2024\/07\/Dio-abita-in-noi-51-1030x1030.png 1030w, http:\/\/www.amormisericordioso.org\/ita\/wp-content\/uploads\/2024\/07\/Dio-abita-in-noi-51-80x80.png 80w, http:\/\/www.amormisericordioso.org\/ita\/wp-content\/uploads\/2024\/07\/Dio-abita-in-noi-51-768x768.png 768w, http:\/\/www.amormisericordioso.org\/ita\/wp-content\/uploads\/2024\/07\/Dio-abita-in-noi-51-36x36.png 36w, http:\/\/www.amormisericordioso.org\/ita\/wp-content\/uploads\/2024\/07\/Dio-abita-in-noi-51-180x180.png 180w, http:\/\/www.amormisericordioso.org\/ita\/wp-content\/uploads\/2024\/07\/Dio-abita-in-noi-51-705x705.png 705w, http:\/\/www.amormisericordioso.org\/ita\/wp-content\/uploads\/2024\/07\/Dio-abita-in-noi-51.png 1080w\" sizes=\"(max-width: 300px) 100vw, 300px\" \/><\/a><div class='slide-content'><header class=\"entry-content-header\"><h3 class='slide-entry-title entry-title '  itemprop=\"headline\" ><a href='http:\/\/www.amormisericordioso.org\/ita\/sulla-strada-della-misericordia-2024\/' title='Sulla strada della Misericordia 2024'>Sulla strada della Misericordia 2024<\/a><\/h3><span class=\"av-vertical-delimiter\"><\/span><\/header><div class='slide-meta'><time class='slide-meta-time updated'  itemprop=\"datePublished\" datetime=\"2024-07-31T11:48:31+02:00\" >31 Luglio 2024<\/time><\/div><div class='slide-entry-excerpt entry-content'  itemprop=\"text\" >\n\n<\/div><\/div><footer class=\"entry-footer\"><\/footer><span class='hidden'>\n\t\t\t\t<span class='av-structured-data'  itemprop=\"image\" itemscope=\"itemscope\" itemtype=\"https:\/\/schema.org\/ImageObject\" >\n\t\t\t\t\t\t<span itemprop='url'>http:\/\/www.amormisericordioso.org\/ita\/wp-content\/uploads\/2024\/07\/Dio-abita-in-noi-51.png<\/span>\n\t\t\t\t\t\t<span itemprop='height'>1080<\/span>\n\t\t\t\t\t\t<span itemprop='width'>1080<\/span>\n\t\t\t\t<\/span>\n\t\t\t\t<span class='av-structured-data'  itemprop=\"publisher\" itemtype=\"https:\/\/schema.org\/Organization\" itemscope=\"itemscope\" >\n\t\t\t\t\t\t<span itemprop='name'>Famiglia dell'Amore Misericordioso<\/span>\n\t\t\t\t\t\t<span itemprop='logo' itemscope itemtype='https:\/\/schema.org\/ImageObject'>\n\t\t\t\t\t\t\t<span itemprop='url'>http:\/\/www.amormisericordioso.org\/ita\/wp-content\/uploads\/2018\/02\/logo-fam-italiano.png<\/span>\n\t\t\t\t\t\t <\/span>\n\t\t\t\t<\/span><span class='av-structured-data'  itemprop=\"author\" itemscope=\"itemscope\" itemtype=\"https:\/\/schema.org\/Person\" ><span itemprop='name'>Famiglia dell'Amore Misericordioso<\/span><\/span><span class='av-structured-data'  itemprop=\"datePublished\" datetime=\"2022-01-05T05:26:27+01:00\" >2024-07-31 11:48:31<\/span><span class='av-structured-data'  itemprop=\"dateModified\" itemtype=\"https:\/\/schema.org\/dateModified\" >2024-07-31 11:48:33<\/span><span class='av-structured-data'  itemprop=\"mainEntityOfPage\" itemtype=\"https:\/\/schema.org\/mainEntityOfPage\" ><span itemprop='name'>Sulla strada della Misericordia 2024<\/span><\/span><\/span><\/article><article class='slide-entry flex_column  post-entry post-entry-5574 slide-entry-overview slide-loop-33 slide-parity-odd  av_one_third  real-thumbnail post-format-standard'  itemscope=\"itemscope\" itemtype=\"https:\/\/schema.org\/CreativeWork\" ><a href='http:\/\/www.amormisericordioso.org\/ita\/prima-professione-di-camille-margarette-cruz-magaz\/' data-rel='slide-1' class='slide-image' title='PRIMA PROFESSIONE di Camille Margarette Cruz Magaz'><img decoding=\"async\" width=\"300\" height=\"300\" src=\"http:\/\/www.amormisericordioso.org\/ita\/wp-content\/uploads\/2023\/11\/Immagini-in-Evidenza-SITO-AM-57-300x300.png\" class=\"wp-image-5217 avia-img-lazy-loading-not-5217 attachment-medium size-medium wp-post-image\" alt=\"\" srcset=\"http:\/\/www.amormisericordioso.org\/ita\/wp-content\/uploads\/2023\/11\/Immagini-in-Evidenza-SITO-AM-57-300x300.png 300w, http:\/\/www.amormisericordioso.org\/ita\/wp-content\/uploads\/2023\/11\/Immagini-in-Evidenza-SITO-AM-57-1030x1030.png 1030w, http:\/\/www.amormisericordioso.org\/ita\/wp-content\/uploads\/2023\/11\/Immagini-in-Evidenza-SITO-AM-57-80x80.png 80w, http:\/\/www.amormisericordioso.org\/ita\/wp-content\/uploads\/2023\/11\/Immagini-in-Evidenza-SITO-AM-57-768x768.png 768w, http:\/\/www.amormisericordioso.org\/ita\/wp-content\/uploads\/2023\/11\/Immagini-in-Evidenza-SITO-AM-57-36x36.png 36w, http:\/\/www.amormisericordioso.org\/ita\/wp-content\/uploads\/2023\/11\/Immagini-in-Evidenza-SITO-AM-57-180x180.png 180w, http:\/\/www.amormisericordioso.org\/ita\/wp-content\/uploads\/2023\/11\/Immagini-in-Evidenza-SITO-AM-57-705x705.png 705w, http:\/\/www.amormisericordioso.org\/ita\/wp-content\/uploads\/2023\/11\/Immagini-in-Evidenza-SITO-AM-57.png 1080w\" sizes=\"(max-width: 300px) 100vw, 300px\" \/><\/a><div class='slide-content'><header class=\"entry-content-header\"><h3 class='slide-entry-title entry-title '  itemprop=\"headline\" ><a href='http:\/\/www.amormisericordioso.org\/ita\/prima-professione-di-camille-margarette-cruz-magaz\/' title='PRIMA PROFESSIONE di Camille Margarette Cruz Magaz'>PRIMA PROFESSIONE di Camille Margarette Cruz Magaz<\/a><\/h3><span class=\"av-vertical-delimiter\"><\/span><\/header><div class='slide-meta'><time class='slide-meta-time updated'  itemprop=\"datePublished\" datetime=\"2024-07-05T12:53:30+02:00\" >5 Luglio 2024<\/time><\/div><div class='slide-entry-excerpt entry-content'  itemprop=\"text\" >\n\n\n\n\n\n<\/div><\/div><footer class=\"entry-footer\"><\/footer><span class='hidden'>\n\t\t\t\t<span class='av-structured-data'  itemprop=\"image\" itemscope=\"itemscope\" itemtype=\"https:\/\/schema.org\/ImageObject\" >\n\t\t\t\t\t\t<span itemprop='url'>http:\/\/www.amormisericordioso.org\/ita\/wp-content\/uploads\/2023\/11\/Immagini-in-Evidenza-SITO-AM-57.png<\/span>\n\t\t\t\t\t\t<span itemprop='height'>1080<\/span>\n\t\t\t\t\t\t<span itemprop='width'>1080<\/span>\n\t\t\t\t<\/span>\n\t\t\t\t<span class='av-structured-data'  itemprop=\"publisher\" itemtype=\"https:\/\/schema.org\/Organization\" itemscope=\"itemscope\" >\n\t\t\t\t\t\t<span itemprop='name'>Famiglia dell'Amore Misericordioso<\/span>\n\t\t\t\t\t\t<span itemprop='logo' itemscope itemtype='https:\/\/schema.org\/ImageObject'>\n\t\t\t\t\t\t\t<span itemprop='url'>http:\/\/www.amormisericordioso.org\/ita\/wp-content\/uploads\/2018\/02\/logo-fam-italiano.png<\/span>\n\t\t\t\t\t\t <\/span>\n\t\t\t\t<\/span><span class='av-structured-data'  itemprop=\"author\" itemscope=\"itemscope\" itemtype=\"https:\/\/schema.org\/Person\" ><span itemprop='name'>Famiglia dell'Amore Misericordioso<\/span><\/span><span class='av-structured-data'  itemprop=\"datePublished\" datetime=\"2022-01-05T05:26:27+01:00\" >2024-07-05 12:53:30<\/span><span class='av-structured-data'  itemprop=\"dateModified\" itemtype=\"https:\/\/schema.org\/dateModified\" >2024-07-05 12:53:39<\/span><span class='av-structured-data'  itemprop=\"mainEntityOfPage\" itemtype=\"https:\/\/schema.org\/mainEntityOfPage\" ><span itemprop='name'>PRIMA PROFESSIONE di Camille Margarette Cruz Magaz<\/span><\/span><\/span><\/article><\/div><div class='slide-entry-wrap'><article class='slide-entry flex_column  post-entry post-entry-5568 slide-entry-overview slide-loop-34 slide-parity-odd  av_one_third first real-thumbnail post-format-standard'  itemscope=\"itemscope\" itemtype=\"https:\/\/schema.org\/CreativeWork\" ><a href='http:\/\/www.amormisericordioso.org\/ita\/esercizi-spirituali-per-laici-al-santuario-dellamore-misericordioso\/' data-rel='slide-1' class='slide-image' title='Esercizi spirituali per LAICI al Santuario dell&#8217;Amore Misericordioso'><img decoding=\"async\" width=\"300\" height=\"185\" src=\"http:\/\/www.amormisericordioso.org\/ita\/wp-content\/uploads\/2024\/06\/Don-Francesco-Cristofaro-2-300x185.jpg\" class=\"wp-image-5570 avia-img-lazy-loading-not-5570 attachment-medium size-medium wp-post-image\" alt=\"\" srcset=\"http:\/\/www.amormisericordioso.org\/ita\/wp-content\/uploads\/2024\/06\/Don-Francesco-Cristofaro-2-300x185.jpg 300w, http:\/\/www.amormisericordioso.org\/ita\/wp-content\/uploads\/2024\/06\/Don-Francesco-Cristofaro-2-1030x635.jpg 1030w, http:\/\/www.amormisericordioso.org\/ita\/wp-content\/uploads\/2024\/06\/Don-Francesco-Cristofaro-2-768x473.jpg 768w, http:\/\/www.amormisericordioso.org\/ita\/wp-content\/uploads\/2024\/06\/Don-Francesco-Cristofaro-2-705x434.jpg 705w, http:\/\/www.amormisericordioso.org\/ita\/wp-content\/uploads\/2024\/06\/Don-Francesco-Cristofaro-2.jpg 1037w\" sizes=\"(max-width: 300px) 100vw, 300px\" \/><\/a><div class='slide-content'><header class=\"entry-content-header\"><h3 class='slide-entry-title entry-title '  itemprop=\"headline\" ><a href='http:\/\/www.amormisericordioso.org\/ita\/esercizi-spirituali-per-laici-al-santuario-dellamore-misericordioso\/' title='Esercizi spirituali per LAICI al Santuario dell&#8217;Amore Misericordioso'>Esercizi spirituali per LAICI al Santuario dell&#8217;Amore Misericordioso<\/a><\/h3><span class=\"av-vertical-delimiter\"><\/span><\/header><div class='slide-meta'><time class='slide-meta-time updated'  itemprop=\"datePublished\" datetime=\"2024-06-25T12:19:25+02:00\" >25 Giugno 2024<\/time><\/div><div class='slide-entry-excerpt entry-content'  itemprop=\"text\" >\n\n<\/div><\/div><footer class=\"entry-footer\"><\/footer><span class='hidden'>\n\t\t\t\t<span class='av-structured-data'  itemprop=\"image\" itemscope=\"itemscope\" itemtype=\"https:\/\/schema.org\/ImageObject\" >\n\t\t\t\t\t\t<span itemprop='url'>http:\/\/www.amormisericordioso.org\/ita\/wp-content\/uploads\/2024\/06\/Don-Francesco-Cristofaro-2.jpg<\/span>\n\t\t\t\t\t\t<span itemprop='height'>639<\/span>\n\t\t\t\t\t\t<span itemprop='width'>1037<\/span>\n\t\t\t\t<\/span>\n\t\t\t\t<span class='av-structured-data'  itemprop=\"publisher\" itemtype=\"https:\/\/schema.org\/Organization\" itemscope=\"itemscope\" >\n\t\t\t\t\t\t<span itemprop='name'>Famiglia dell'Amore Misericordioso<\/span>\n\t\t\t\t\t\t<span itemprop='logo' itemscope itemtype='https:\/\/schema.org\/ImageObject'>\n\t\t\t\t\t\t\t<span itemprop='url'>http:\/\/www.amormisericordioso.org\/ita\/wp-content\/uploads\/2018\/02\/logo-fam-italiano.png<\/span>\n\t\t\t\t\t\t <\/span>\n\t\t\t\t<\/span><span class='av-structured-data'  itemprop=\"author\" itemscope=\"itemscope\" itemtype=\"https:\/\/schema.org\/Person\" ><span itemprop='name'>Famiglia dell'Amore Misericordioso<\/span><\/span><span class='av-structured-data'  itemprop=\"datePublished\" datetime=\"2022-01-05T05:26:27+01:00\" >2024-06-25 12:19:25<\/span><span class='av-structured-data'  itemprop=\"dateModified\" itemtype=\"https:\/\/schema.org\/dateModified\" >2024-06-25 12:19:27<\/span><span class='av-structured-data'  itemprop=\"mainEntityOfPage\" itemtype=\"https:\/\/schema.org\/mainEntityOfPage\" ><span itemprop='name'>Esercizi spirituali per LAICI al Santuario dell&#8217;Amore Misericordioso<\/span><\/span><\/span><\/article><article class='slide-entry flex_column  post-entry post-entry-5458 slide-entry-overview slide-loop-35 slide-parity-even  av_one_third  real-thumbnail post-format-standard'  itemscope=\"itemscope\" itemtype=\"https:\/\/schema.org\/CreativeWork\" ><a href='http:\/\/www.amormisericordioso.org\/ita\/ordinazione-sacerdotale-fr-filippo-digregorio-fam\/' data-rel='slide-1' class='slide-image' title='ORDINAZIONE SACERDOTALE fr. Filippo Digregorio FAM'><img decoding=\"async\" width=\"300\" height=\"300\" src=\"http:\/\/www.amormisericordioso.org\/ita\/wp-content\/uploads\/2024\/05\/Immagini-in-Evidenza-SITO-AM-84-300x300.png\" class=\"wp-image-5460 avia-img-lazy-loading-not-5460 attachment-medium size-medium wp-post-image\" alt=\"\" srcset=\"http:\/\/www.amormisericordioso.org\/ita\/wp-content\/uploads\/2024\/05\/Immagini-in-Evidenza-SITO-AM-84-300x300.png 300w, http:\/\/www.amormisericordioso.org\/ita\/wp-content\/uploads\/2024\/05\/Immagini-in-Evidenza-SITO-AM-84-1030x1030.png 1030w, http:\/\/www.amormisericordioso.org\/ita\/wp-content\/uploads\/2024\/05\/Immagini-in-Evidenza-SITO-AM-84-80x80.png 80w, http:\/\/www.amormisericordioso.org\/ita\/wp-content\/uploads\/2024\/05\/Immagini-in-Evidenza-SITO-AM-84-768x768.png 768w, http:\/\/www.amormisericordioso.org\/ita\/wp-content\/uploads\/2024\/05\/Immagini-in-Evidenza-SITO-AM-84-36x36.png 36w, http:\/\/www.amormisericordioso.org\/ita\/wp-content\/uploads\/2024\/05\/Immagini-in-Evidenza-SITO-AM-84-180x180.png 180w, http:\/\/www.amormisericordioso.org\/ita\/wp-content\/uploads\/2024\/05\/Immagini-in-Evidenza-SITO-AM-84-705x705.png 705w, http:\/\/www.amormisericordioso.org\/ita\/wp-content\/uploads\/2024\/05\/Immagini-in-Evidenza-SITO-AM-84.png 1080w\" sizes=\"(max-width: 300px) 100vw, 300px\" \/><\/a><div class='slide-content'><header class=\"entry-content-header\"><h3 class='slide-entry-title entry-title '  itemprop=\"headline\" ><a href='http:\/\/www.amormisericordioso.org\/ita\/ordinazione-sacerdotale-fr-filippo-digregorio-fam\/' title='ORDINAZIONE SACERDOTALE fr. Filippo Digregorio FAM'>ORDINAZIONE SACERDOTALE fr. Filippo Digregorio FAM<\/a><\/h3><span class=\"av-vertical-delimiter\"><\/span><\/header><div class='slide-meta'><time class='slide-meta-time updated'  itemprop=\"datePublished\" datetime=\"2024-06-10T06:00:00+02:00\" >10 Giugno 2024<\/time><\/div><div class='slide-entry-excerpt entry-content'  itemprop=\"text\" >\n\n\n\n<\/div><\/div><footer class=\"entry-footer\"><\/footer><span class='hidden'>\n\t\t\t\t<span class='av-structured-data'  itemprop=\"image\" itemscope=\"itemscope\" itemtype=\"https:\/\/schema.org\/ImageObject\" >\n\t\t\t\t\t\t<span itemprop='url'>http:\/\/www.amormisericordioso.org\/ita\/wp-content\/uploads\/2024\/05\/Immagini-in-Evidenza-SITO-AM-84.png<\/span>\n\t\t\t\t\t\t<span itemprop='height'>1080<\/span>\n\t\t\t\t\t\t<span itemprop='width'>1080<\/span>\n\t\t\t\t<\/span>\n\t\t\t\t<span class='av-structured-data'  itemprop=\"publisher\" itemtype=\"https:\/\/schema.org\/Organization\" itemscope=\"itemscope\" >\n\t\t\t\t\t\t<span itemprop='name'>Famiglia dell'Amore Misericordioso<\/span>\n\t\t\t\t\t\t<span itemprop='logo' itemscope itemtype='https:\/\/schema.org\/ImageObject'>\n\t\t\t\t\t\t\t<span itemprop='url'>http:\/\/www.amormisericordioso.org\/ita\/wp-content\/uploads\/2018\/02\/logo-fam-italiano.png<\/span>\n\t\t\t\t\t\t <\/span>\n\t\t\t\t<\/span><span class='av-structured-data'  itemprop=\"author\" itemscope=\"itemscope\" itemtype=\"https:\/\/schema.org\/Person\" ><span itemprop='name'>Famiglia dell'Amore Misericordioso<\/span><\/span><span class='av-structured-data'  itemprop=\"datePublished\" datetime=\"2022-01-05T05:26:27+01:00\" >2024-06-10 06:00:00<\/span><span class='av-structured-data'  itemprop=\"dateModified\" itemtype=\"https:\/\/schema.org\/dateModified\" >2024-05-16 11:25:15<\/span><span class='av-structured-data'  itemprop=\"mainEntityOfPage\" itemtype=\"https:\/\/schema.org\/mainEntityOfPage\" ><span itemprop='name'>ORDINAZIONE SACERDOTALE fr. Filippo Digregorio FAM<\/span><\/span><\/span><\/article><article class='slide-entry flex_column  post-entry post-entry-5557 slide-entry-overview slide-loop-36 slide-parity-odd  av_one_third  real-thumbnail post-format-standard'  itemscope=\"itemscope\" itemtype=\"https:\/\/schema.org\/CreativeWork\" ><a href='http:\/\/www.amormisericordioso.org\/ita\/40-anniversario-del-centro-speranza-fratta-todina\/' data-rel='slide-1' class='slide-image' title='40\u00b0 Anniversario del CENTRO SPERANZA &#8211; Fratta Todina'><img decoding=\"async\" width=\"300\" height=\"300\" src=\"http:\/\/www.amormisericordioso.org\/ita\/wp-content\/uploads\/2024\/06\/Immagini-in-Evidenza-SITO-AM-90-300x300.png\" class=\"wp-image-5559 avia-img-lazy-loading-not-5559 attachment-medium size-medium wp-post-image\" alt=\"\" srcset=\"http:\/\/www.amormisericordioso.org\/ita\/wp-content\/uploads\/2024\/06\/Immagini-in-Evidenza-SITO-AM-90-300x300.png 300w, http:\/\/www.amormisericordioso.org\/ita\/wp-content\/uploads\/2024\/06\/Immagini-in-Evidenza-SITO-AM-90-1030x1030.png 1030w, http:\/\/www.amormisericordioso.org\/ita\/wp-content\/uploads\/2024\/06\/Immagini-in-Evidenza-SITO-AM-90-80x80.png 80w, http:\/\/www.amormisericordioso.org\/ita\/wp-content\/uploads\/2024\/06\/Immagini-in-Evidenza-SITO-AM-90-768x768.png 768w, http:\/\/www.amormisericordioso.org\/ita\/wp-content\/uploads\/2024\/06\/Immagini-in-Evidenza-SITO-AM-90-36x36.png 36w, http:\/\/www.amormisericordioso.org\/ita\/wp-content\/uploads\/2024\/06\/Immagini-in-Evidenza-SITO-AM-90-180x180.png 180w, http:\/\/www.amormisericordioso.org\/ita\/wp-content\/uploads\/2024\/06\/Immagini-in-Evidenza-SITO-AM-90-705x705.png 705w, http:\/\/www.amormisericordioso.org\/ita\/wp-content\/uploads\/2024\/06\/Immagini-in-Evidenza-SITO-AM-90.png 1080w\" sizes=\"(max-width: 300px) 100vw, 300px\" \/><\/a><div class='slide-content'><header class=\"entry-content-header\"><h3 class='slide-entry-title entry-title '  itemprop=\"headline\" ><a href='http:\/\/www.amormisericordioso.org\/ita\/40-anniversario-del-centro-speranza-fratta-todina\/' title='40\u00b0 Anniversario del CENTRO SPERANZA &#8211; Fratta Todina'>40\u00b0 Anniversario del CENTRO SPERANZA &#8211; Fratta Todina<\/a><\/h3><span class=\"av-vertical-delimiter\"><\/span><\/header><div class='slide-meta'><time class='slide-meta-time updated'  itemprop=\"datePublished\" datetime=\"2024-06-08T09:49:51+02:00\" >8 Giugno 2024<\/time><\/div><div class='slide-entry-excerpt entry-content'  itemprop=\"text\" >\n\n<\/div><\/div><footer class=\"entry-footer\"><\/footer><span class='hidden'>\n\t\t\t\t<span class='av-structured-data'  itemprop=\"image\" itemscope=\"itemscope\" itemtype=\"https:\/\/schema.org\/ImageObject\" >\n\t\t\t\t\t\t<span itemprop='url'>http:\/\/www.amormisericordioso.org\/ita\/wp-content\/uploads\/2024\/06\/Immagini-in-Evidenza-SITO-AM-90.png<\/span>\n\t\t\t\t\t\t<span itemprop='height'>1080<\/span>\n\t\t\t\t\t\t<span itemprop='width'>1080<\/span>\n\t\t\t\t<\/span>\n\t\t\t\t<span class='av-structured-data'  itemprop=\"publisher\" itemtype=\"https:\/\/schema.org\/Organization\" itemscope=\"itemscope\" >\n\t\t\t\t\t\t<span itemprop='name'>Famiglia dell'Amore Misericordioso<\/span>\n\t\t\t\t\t\t<span itemprop='logo' itemscope itemtype='https:\/\/schema.org\/ImageObject'>\n\t\t\t\t\t\t\t<span itemprop='url'>http:\/\/www.amormisericordioso.org\/ita\/wp-content\/uploads\/2018\/02\/logo-fam-italiano.png<\/span>\n\t\t\t\t\t\t <\/span>\n\t\t\t\t<\/span><span class='av-structured-data'  itemprop=\"author\" itemscope=\"itemscope\" itemtype=\"https:\/\/schema.org\/Person\" ><span itemprop='name'>Famiglia dell'Amore Misericordioso<\/span><\/span><span class='av-structured-data'  itemprop=\"datePublished\" datetime=\"2022-01-05T05:26:27+01:00\" >2024-06-08 09:49:51<\/span><span class='av-structured-data'  itemprop=\"dateModified\" itemtype=\"https:\/\/schema.org\/dateModified\" >2024-06-08 09:49:54<\/span><span class='av-structured-data'  itemprop=\"mainEntityOfPage\" itemtype=\"https:\/\/schema.org\/mainEntityOfPage\" ><span itemprop='name'>40\u00b0 Anniversario del CENTRO SPERANZA &#8211; Fratta Todina<\/span><\/span><\/span><\/article><\/div><div class='slide-entry-wrap'><article class='slide-entry flex_column  post-entry post-entry-5553 slide-entry-overview slide-loop-37 slide-parity-odd  av_one_third first real-thumbnail post-format-standard'  itemscope=\"itemscope\" itemtype=\"https:\/\/schema.org\/CreativeWork\" ><a href='http:\/\/www.amormisericordioso.org\/ita\/armonie-di-speranza-2a-stagione-2024\/' data-rel='slide-1' class='slide-image' title='ARMONIE DI SPERANZA &#8211; 2a stagione (2024)'><img decoding=\"async\" width=\"300\" height=\"300\" src=\"http:\/\/www.amormisericordioso.org\/ita\/wp-content\/uploads\/2024\/06\/Immagini-in-Evidenza-SITO-AM-89-300x300.png\" class=\"wp-image-5555 avia-img-lazy-loading-not-5555 attachment-medium size-medium wp-post-image\" alt=\"\" srcset=\"http:\/\/www.amormisericordioso.org\/ita\/wp-content\/uploads\/2024\/06\/Immagini-in-Evidenza-SITO-AM-89-300x300.png 300w, http:\/\/www.amormisericordioso.org\/ita\/wp-content\/uploads\/2024\/06\/Immagini-in-Evidenza-SITO-AM-89-1030x1030.png 1030w, http:\/\/www.amormisericordioso.org\/ita\/wp-content\/uploads\/2024\/06\/Immagini-in-Evidenza-SITO-AM-89-80x80.png 80w, http:\/\/www.amormisericordioso.org\/ita\/wp-content\/uploads\/2024\/06\/Immagini-in-Evidenza-SITO-AM-89-768x768.png 768w, http:\/\/www.amormisericordioso.org\/ita\/wp-content\/uploads\/2024\/06\/Immagini-in-Evidenza-SITO-AM-89-36x36.png 36w, http:\/\/www.amormisericordioso.org\/ita\/wp-content\/uploads\/2024\/06\/Immagini-in-Evidenza-SITO-AM-89-180x180.png 180w, http:\/\/www.amormisericordioso.org\/ita\/wp-content\/uploads\/2024\/06\/Immagini-in-Evidenza-SITO-AM-89-705x705.png 705w, http:\/\/www.amormisericordioso.org\/ita\/wp-content\/uploads\/2024\/06\/Immagini-in-Evidenza-SITO-AM-89.png 1080w\" sizes=\"(max-width: 300px) 100vw, 300px\" \/><\/a><div class='slide-content'><header class=\"entry-content-header\"><h3 class='slide-entry-title entry-title '  itemprop=\"headline\" ><a href='http:\/\/www.amormisericordioso.org\/ita\/armonie-di-speranza-2a-stagione-2024\/' title='ARMONIE DI SPERANZA &#8211; 2a stagione (2024)'>ARMONIE DI SPERANZA &#8211; 2a stagione (2024)<\/a><\/h3><span class=\"av-vertical-delimiter\"><\/span><\/header><div class='slide-meta'><time class='slide-meta-time updated'  itemprop=\"datePublished\" datetime=\"2024-06-08T09:36:06+02:00\" >8 Giugno 2024<\/time><\/div><div class='slide-entry-excerpt entry-content'  itemprop=\"text\" >\n\n\n\n<\/div><\/div><footer class=\"entry-footer\"><\/footer><span class='hidden'>\n\t\t\t\t<span class='av-structured-data'  itemprop=\"image\" itemscope=\"itemscope\" itemtype=\"https:\/\/schema.org\/ImageObject\" >\n\t\t\t\t\t\t<span itemprop='url'>http:\/\/www.amormisericordioso.org\/ita\/wp-content\/uploads\/2024\/06\/Immagini-in-Evidenza-SITO-AM-89.png<\/span>\n\t\t\t\t\t\t<span itemprop='height'>1080<\/span>\n\t\t\t\t\t\t<span itemprop='width'>1080<\/span>\n\t\t\t\t<\/span>\n\t\t\t\t<span class='av-structured-data'  itemprop=\"publisher\" itemtype=\"https:\/\/schema.org\/Organization\" itemscope=\"itemscope\" >\n\t\t\t\t\t\t<span itemprop='name'>Famiglia dell'Amore Misericordioso<\/span>\n\t\t\t\t\t\t<span itemprop='logo' itemscope itemtype='https:\/\/schema.org\/ImageObject'>\n\t\t\t\t\t\t\t<span itemprop='url'>http:\/\/www.amormisericordioso.org\/ita\/wp-content\/uploads\/2018\/02\/logo-fam-italiano.png<\/span>\n\t\t\t\t\t\t <\/span>\n\t\t\t\t<\/span><span class='av-structured-data'  itemprop=\"author\" itemscope=\"itemscope\" itemtype=\"https:\/\/schema.org\/Person\" ><span itemprop='name'>Famiglia dell'Amore Misericordioso<\/span><\/span><span class='av-structured-data'  itemprop=\"datePublished\" datetime=\"2022-01-05T05:26:27+01:00\" >2024-06-08 09:36:06<\/span><span class='av-structured-data'  itemprop=\"dateModified\" itemtype=\"https:\/\/schema.org\/dateModified\" >2024-06-08 09:36:08<\/span><span class='av-structured-data'  itemprop=\"mainEntityOfPage\" itemtype=\"https:\/\/schema.org\/mainEntityOfPage\" ><span itemprop='name'>ARMONIE DI SPERANZA &#8211; 2a stagione (2024)<\/span><\/span><\/span><\/article><article class='slide-entry flex_column  post-entry post-entry-5454 slide-entry-overview slide-loop-38 slide-parity-even  av_one_third  real-thumbnail post-format-standard'  itemscope=\"itemscope\" itemtype=\"https:\/\/schema.org\/CreativeWork\" ><a href='http:\/\/www.amormisericordioso.org\/ita\/31-maggio-2024-10-anniversario-dalla-beatificazione-di-madre-speranza\/' data-rel='slide-1' class='slide-image' title='31 MAGGIO 2024: 10\u00b0 anniversario dalla Beatificazione di Madre Speranza'><img decoding=\"async\" width=\"300\" height=\"300\" src=\"http:\/\/www.amormisericordioso.org\/ita\/wp-content\/uploads\/2024\/01\/Immagini-in-Evidenza-SITO-AM-69-300x300.png\" class=\"wp-image-5302 avia-img-lazy-loading-not-5302 attachment-medium size-medium wp-post-image\" alt=\"\" srcset=\"http:\/\/www.amormisericordioso.org\/ita\/wp-content\/uploads\/2024\/01\/Immagini-in-Evidenza-SITO-AM-69-300x300.png 300w, http:\/\/www.amormisericordioso.org\/ita\/wp-content\/uploads\/2024\/01\/Immagini-in-Evidenza-SITO-AM-69-1030x1030.png 1030w, http:\/\/www.amormisericordioso.org\/ita\/wp-content\/uploads\/2024\/01\/Immagini-in-Evidenza-SITO-AM-69-80x80.png 80w, http:\/\/www.amormisericordioso.org\/ita\/wp-content\/uploads\/2024\/01\/Immagini-in-Evidenza-SITO-AM-69-768x768.png 768w, http:\/\/www.amormisericordioso.org\/ita\/wp-content\/uploads\/2024\/01\/Immagini-in-Evidenza-SITO-AM-69-36x36.png 36w, http:\/\/www.amormisericordioso.org\/ita\/wp-content\/uploads\/2024\/01\/Immagini-in-Evidenza-SITO-AM-69-180x180.png 180w, http:\/\/www.amormisericordioso.org\/ita\/wp-content\/uploads\/2024\/01\/Immagini-in-Evidenza-SITO-AM-69-705x705.png 705w, http:\/\/www.amormisericordioso.org\/ita\/wp-content\/uploads\/2024\/01\/Immagini-in-Evidenza-SITO-AM-69.png 1080w\" sizes=\"(max-width: 300px) 100vw, 300px\" \/><\/a><div class='slide-content'><header class=\"entry-content-header\"><h3 class='slide-entry-title entry-title '  itemprop=\"headline\" ><a href='http:\/\/www.amormisericordioso.org\/ita\/31-maggio-2024-10-anniversario-dalla-beatificazione-di-madre-speranza\/' title='31 MAGGIO 2024: 10\u00b0 anniversario dalla Beatificazione di Madre Speranza'>31 MAGGIO 2024: 10\u00b0 anniversario dalla Beatificazione di Madre Speranza<\/a><\/h3><span class=\"av-vertical-delimiter\"><\/span><\/header><div class='slide-meta'><time class='slide-meta-time updated'  itemprop=\"datePublished\" datetime=\"2024-05-13T17:07:11+02:00\" >13 Maggio 2024<\/time><\/div><div class='slide-entry-excerpt entry-content'  itemprop=\"text\" >\n\n<\/div><\/div><footer class=\"entry-footer\"><\/footer><span class='hidden'>\n\t\t\t\t<span class='av-structured-data'  itemprop=\"image\" itemscope=\"itemscope\" itemtype=\"https:\/\/schema.org\/ImageObject\" >\n\t\t\t\t\t\t<span itemprop='url'>http:\/\/www.amormisericordioso.org\/ita\/wp-content\/uploads\/2024\/01\/Immagini-in-Evidenza-SITO-AM-69.png<\/span>\n\t\t\t\t\t\t<span itemprop='height'>1080<\/span>\n\t\t\t\t\t\t<span itemprop='width'>1080<\/span>\n\t\t\t\t<\/span>\n\t\t\t\t<span class='av-structured-data'  itemprop=\"publisher\" itemtype=\"https:\/\/schema.org\/Organization\" itemscope=\"itemscope\" >\n\t\t\t\t\t\t<span itemprop='name'>Famiglia dell'Amore Misericordioso<\/span>\n\t\t\t\t\t\t<span itemprop='logo' itemscope itemtype='https:\/\/schema.org\/ImageObject'>\n\t\t\t\t\t\t\t<span itemprop='url'>http:\/\/www.amormisericordioso.org\/ita\/wp-content\/uploads\/2018\/02\/logo-fam-italiano.png<\/span>\n\t\t\t\t\t\t <\/span>\n\t\t\t\t<\/span><span class='av-structured-data'  itemprop=\"author\" itemscope=\"itemscope\" itemtype=\"https:\/\/schema.org\/Person\" ><span itemprop='name'>Famiglia dell'Amore Misericordioso<\/span><\/span><span class='av-structured-data'  itemprop=\"datePublished\" datetime=\"2022-01-05T05:26:27+01:00\" >2024-05-13 17:07:11<\/span><span class='av-structured-data'  itemprop=\"dateModified\" itemtype=\"https:\/\/schema.org\/dateModified\" >2024-05-13 17:07:13<\/span><span class='av-structured-data'  itemprop=\"mainEntityOfPage\" itemtype=\"https:\/\/schema.org\/mainEntityOfPage\" ><span itemprop='name'>31 MAGGIO 2024: 10\u00b0 anniversario dalla Beatificazione di Madre Speranza<\/span><\/span><\/span><\/article><article class='slide-entry flex_column  post-entry post-entry-5390 slide-entry-overview slide-loop-39 slide-parity-odd  av_one_third  real-thumbnail post-format-standard'  itemscope=\"itemscope\" itemtype=\"https:\/\/schema.org\/CreativeWork\" ><a href='http:\/\/www.amormisericordioso.org\/ita\/esercizi-spirituali-2024-santuario-dellamore-misericordioso\/' data-rel='slide-1' class='slide-image' title='ESERCIZI SPIRITUALI 2024 Santuario dell&#8217;Amore Misericordioso'><img decoding=\"async\" width=\"300\" height=\"300\" src=\"http:\/\/www.amormisericordioso.org\/ita\/wp-content\/uploads\/2023\/04\/Immagini-in-Evidenza-SITO-AM-24-300x300.png\" class=\"wp-image-4890 avia-img-lazy-loading-not-4890 attachment-medium size-medium wp-post-image\" alt=\"\" srcset=\"http:\/\/www.amormisericordioso.org\/ita\/wp-content\/uploads\/2023\/04\/Immagini-in-Evidenza-SITO-AM-24-300x300.png 300w, http:\/\/www.amormisericordioso.org\/ita\/wp-content\/uploads\/2023\/04\/Immagini-in-Evidenza-SITO-AM-24-1030x1030.png 1030w, http:\/\/www.amormisericordioso.org\/ita\/wp-content\/uploads\/2023\/04\/Immagini-in-Evidenza-SITO-AM-24-80x80.png 80w, http:\/\/www.amormisericordioso.org\/ita\/wp-content\/uploads\/2023\/04\/Immagini-in-Evidenza-SITO-AM-24-768x768.png 768w, http:\/\/www.amormisericordioso.org\/ita\/wp-content\/uploads\/2023\/04\/Immagini-in-Evidenza-SITO-AM-24-36x36.png 36w, http:\/\/www.amormisericordioso.org\/ita\/wp-content\/uploads\/2023\/04\/Immagini-in-Evidenza-SITO-AM-24-180x180.png 180w, http:\/\/www.amormisericordioso.org\/ita\/wp-content\/uploads\/2023\/04\/Immagini-in-Evidenza-SITO-AM-24-705x705.png 705w, http:\/\/www.amormisericordioso.org\/ita\/wp-content\/uploads\/2023\/04\/Immagini-in-Evidenza-SITO-AM-24.png 1080w\" sizes=\"(max-width: 300px) 100vw, 300px\" \/><\/a><div class='slide-content'><header class=\"entry-content-header\"><h3 class='slide-entry-title entry-title '  itemprop=\"headline\" ><a href='http:\/\/www.amormisericordioso.org\/ita\/esercizi-spirituali-2024-santuario-dellamore-misericordioso\/' title='ESERCIZI SPIRITUALI 2024 Santuario dell&#8217;Amore Misericordioso'>ESERCIZI SPIRITUALI 2024 Santuario dell&#8217;Amore Misericordioso<\/a><\/h3><span class=\"av-vertical-delimiter\"><\/span><\/header><div class='slide-meta'><time class='slide-meta-time updated'  itemprop=\"datePublished\" datetime=\"2024-04-16T09:33:00+02:00\" >16 Aprile 2024<\/time><\/div><div class='slide-entry-excerpt entry-content'  itemprop=\"text\" >\n\n<\/div><\/div><footer class=\"entry-footer\"><\/footer><span class='hidden'>\n\t\t\t\t<span class='av-structured-data'  itemprop=\"image\" itemscope=\"itemscope\" itemtype=\"https:\/\/schema.org\/ImageObject\" >\n\t\t\t\t\t\t<span itemprop='url'>http:\/\/www.amormisericordioso.org\/ita\/wp-content\/uploads\/2023\/04\/Immagini-in-Evidenza-SITO-AM-24.png<\/span>\n\t\t\t\t\t\t<span itemprop='height'>1080<\/span>\n\t\t\t\t\t\t<span itemprop='width'>1080<\/span>\n\t\t\t\t<\/span>\n\t\t\t\t<span class='av-structured-data'  itemprop=\"publisher\" itemtype=\"https:\/\/schema.org\/Organization\" itemscope=\"itemscope\" >\n\t\t\t\t\t\t<span itemprop='name'>Famiglia dell'Amore Misericordioso<\/span>\n\t\t\t\t\t\t<span itemprop='logo' itemscope itemtype='https:\/\/schema.org\/ImageObject'>\n\t\t\t\t\t\t\t<span itemprop='url'>http:\/\/www.amormisericordioso.org\/ita\/wp-content\/uploads\/2018\/02\/logo-fam-italiano.png<\/span>\n\t\t\t\t\t\t <\/span>\n\t\t\t\t<\/span><span class='av-structured-data'  itemprop=\"author\" itemscope=\"itemscope\" itemtype=\"https:\/\/schema.org\/Person\" ><span itemprop='name'>Famiglia dell'Amore Misericordioso<\/span><\/span><span class='av-structured-data'  itemprop=\"datePublished\" datetime=\"2022-01-05T05:26:27+01:00\" >2024-04-16 09:33:00<\/span><span class='av-structured-data'  itemprop=\"dateModified\" itemtype=\"https:\/\/schema.org\/dateModified\" >2024-04-16 09:34:26<\/span><span class='av-structured-data'  itemprop=\"mainEntityOfPage\" itemtype=\"https:\/\/schema.org\/mainEntityOfPage\" ><span itemprop='name'>ESERCIZI SPIRITUALI 2024 Santuario dell&#8217;Amore Misericordioso<\/span><\/span><\/span><\/article><\/div><div class='slide-entry-wrap'><article class='slide-entry flex_column  post-entry post-entry-5372 slide-entry-overview slide-loop-40 slide-parity-odd  av_one_third first real-thumbnail post-format-standard'  itemscope=\"itemscope\" itemtype=\"https:\/\/schema.org\/CreativeWork\" ><a href='http:\/\/www.amormisericordioso.org\/ita\/10-12-maggio-2024-amati-per-amare\/' data-rel='slide-1' class='slide-image' title='10-12 maggio 2024 &#8211; AMATI PER AMARE'><img decoding=\"async\" width=\"300\" height=\"300\" src=\"http:\/\/www.amormisericordioso.org\/ita\/wp-content\/uploads\/2024\/03\/Dio-abita-in-noi-39-300x300.png\" class=\"wp-image-5373 avia-img-lazy-loading-not-5373 attachment-medium size-medium wp-post-image\" alt=\"\" srcset=\"http:\/\/www.amormisericordioso.org\/ita\/wp-content\/uploads\/2024\/03\/Dio-abita-in-noi-39-300x300.png 300w, http:\/\/www.amormisericordioso.org\/ita\/wp-content\/uploads\/2024\/03\/Dio-abita-in-noi-39-1030x1030.png 1030w, http:\/\/www.amormisericordioso.org\/ita\/wp-content\/uploads\/2024\/03\/Dio-abita-in-noi-39-80x80.png 80w, http:\/\/www.amormisericordioso.org\/ita\/wp-content\/uploads\/2024\/03\/Dio-abita-in-noi-39-768x768.png 768w, http:\/\/www.amormisericordioso.org\/ita\/wp-content\/uploads\/2024\/03\/Dio-abita-in-noi-39-36x36.png 36w, http:\/\/www.amormisericordioso.org\/ita\/wp-content\/uploads\/2024\/03\/Dio-abita-in-noi-39-180x180.png 180w, http:\/\/www.amormisericordioso.org\/ita\/wp-content\/uploads\/2024\/03\/Dio-abita-in-noi-39-705x705.png 705w, http:\/\/www.amormisericordioso.org\/ita\/wp-content\/uploads\/2024\/03\/Dio-abita-in-noi-39.png 1080w\" sizes=\"(max-width: 300px) 100vw, 300px\" \/><\/a><div class='slide-content'><header class=\"entry-content-header\"><h3 class='slide-entry-title entry-title '  itemprop=\"headline\" ><a href='http:\/\/www.amormisericordioso.org\/ita\/10-12-maggio-2024-amati-per-amare\/' title='10-12 maggio 2024 &#8211; AMATI PER AMARE'>10-12 maggio 2024 &#8211; AMATI PER AMARE<\/a><\/h3><span class=\"av-vertical-delimiter\"><\/span><\/header><div class='slide-meta'><time class='slide-meta-time updated'  itemprop=\"datePublished\" datetime=\"2024-03-21T11:02:24+01:00\" >21 Marzo 2024<\/time><\/div><div class='slide-entry-excerpt entry-content'  itemprop=\"text\" >\n\n<\/div><\/div><footer class=\"entry-footer\"><\/footer><span class='hidden'>\n\t\t\t\t<span class='av-structured-data'  itemprop=\"image\" itemscope=\"itemscope\" itemtype=\"https:\/\/schema.org\/ImageObject\" >\n\t\t\t\t\t\t<span itemprop='url'>http:\/\/www.amormisericordioso.org\/ita\/wp-content\/uploads\/2024\/03\/Dio-abita-in-noi-39.png<\/span>\n\t\t\t\t\t\t<span itemprop='height'>1080<\/span>\n\t\t\t\t\t\t<span itemprop='width'>1080<\/span>\n\t\t\t\t<\/span>\n\t\t\t\t<span class='av-structured-data'  itemprop=\"publisher\" itemtype=\"https:\/\/schema.org\/Organization\" itemscope=\"itemscope\" >\n\t\t\t\t\t\t<span itemprop='name'>Famiglia dell'Amore Misericordioso<\/span>\n\t\t\t\t\t\t<span itemprop='logo' itemscope itemtype='https:\/\/schema.org\/ImageObject'>\n\t\t\t\t\t\t\t<span itemprop='url'>http:\/\/www.amormisericordioso.org\/ita\/wp-content\/uploads\/2018\/02\/logo-fam-italiano.png<\/span>\n\t\t\t\t\t\t <\/span>\n\t\t\t\t<\/span><span class='av-structured-data'  itemprop=\"author\" itemscope=\"itemscope\" itemtype=\"https:\/\/schema.org\/Person\" ><span itemprop='name'>Famiglia dell'Amore Misericordioso<\/span><\/span><span class='av-structured-data'  itemprop=\"datePublished\" datetime=\"2022-01-05T05:26:27+01:00\" >2024-03-21 11:02:24<\/span><span class='av-structured-data'  itemprop=\"dateModified\" itemtype=\"https:\/\/schema.org\/dateModified\" >2024-03-21 11:02:26<\/span><span class='av-structured-data'  itemprop=\"mainEntityOfPage\" itemtype=\"https:\/\/schema.org\/mainEntityOfPage\" ><span itemprop='name'>10-12 maggio 2024 &#8211; AMATI PER AMARE<\/span><\/span><\/span><\/article><article class='slide-entry flex_column  post-entry post-entry-5349 slide-entry-overview slide-loop-41 slide-parity-even  av_one_third  real-thumbnail post-format-standard'  itemscope=\"itemscope\" itemtype=\"https:\/\/schema.org\/CreativeWork\" ><a href='http:\/\/www.amormisericordioso.org\/ita\/2-marzo-riapertura-delle-vasche-per-limmersione-collevalenza\/' data-rel='slide-1' class='slide-image' title='2 MARZO: riapertura delle vasche per l&#8217;immersione (Collevalenza)'><img decoding=\"async\" width=\"300\" height=\"300\" src=\"http:\/\/www.amormisericordioso.org\/ita\/wp-content\/uploads\/2024\/02\/Immagini-in-Evidenza-SITO-AM-75-300x300.png\" class=\"wp-image-5353 avia-img-lazy-loading-not-5353 attachment-medium size-medium wp-post-image\" alt=\"\" srcset=\"http:\/\/www.amormisericordioso.org\/ita\/wp-content\/uploads\/2024\/02\/Immagini-in-Evidenza-SITO-AM-75-300x300.png 300w, http:\/\/www.amormisericordioso.org\/ita\/wp-content\/uploads\/2024\/02\/Immagini-in-Evidenza-SITO-AM-75-1030x1030.png 1030w, http:\/\/www.amormisericordioso.org\/ita\/wp-content\/uploads\/2024\/02\/Immagini-in-Evidenza-SITO-AM-75-80x80.png 80w, http:\/\/www.amormisericordioso.org\/ita\/wp-content\/uploads\/2024\/02\/Immagini-in-Evidenza-SITO-AM-75-768x768.png 768w, http:\/\/www.amormisericordioso.org\/ita\/wp-content\/uploads\/2024\/02\/Immagini-in-Evidenza-SITO-AM-75-36x36.png 36w, http:\/\/www.amormisericordioso.org\/ita\/wp-content\/uploads\/2024\/02\/Immagini-in-Evidenza-SITO-AM-75-180x180.png 180w, http:\/\/www.amormisericordioso.org\/ita\/wp-content\/uploads\/2024\/02\/Immagini-in-Evidenza-SITO-AM-75-705x705.png 705w, http:\/\/www.amormisericordioso.org\/ita\/wp-content\/uploads\/2024\/02\/Immagini-in-Evidenza-SITO-AM-75.png 1080w\" sizes=\"(max-width: 300px) 100vw, 300px\" \/><\/a><div class='slide-content'><header class=\"entry-content-header\"><h3 class='slide-entry-title entry-title '  itemprop=\"headline\" ><a href='http:\/\/www.amormisericordioso.org\/ita\/2-marzo-riapertura-delle-vasche-per-limmersione-collevalenza\/' title='2 MARZO: riapertura delle vasche per l&#8217;immersione (Collevalenza)'>2 MARZO: riapertura delle vasche per l&#8217;immersione (Collevalenza)<\/a><\/h3><span class=\"av-vertical-delimiter\"><\/span><\/header><div class='slide-meta'><time class='slide-meta-time updated'  itemprop=\"datePublished\" datetime=\"2024-02-14T10:59:11+01:00\" >14 Febbraio 2024<\/time><\/div><div class='slide-entry-excerpt entry-content'  itemprop=\"text\" >\n\n<\/div><\/div><footer class=\"entry-footer\"><\/footer><span class='hidden'>\n\t\t\t\t<span class='av-structured-data'  itemprop=\"image\" itemscope=\"itemscope\" itemtype=\"https:\/\/schema.org\/ImageObject\" >\n\t\t\t\t\t\t<span itemprop='url'>http:\/\/www.amormisericordioso.org\/ita\/wp-content\/uploads\/2024\/02\/Immagini-in-Evidenza-SITO-AM-75.png<\/span>\n\t\t\t\t\t\t<span itemprop='height'>1080<\/span>\n\t\t\t\t\t\t<span itemprop='width'>1080<\/span>\n\t\t\t\t<\/span>\n\t\t\t\t<span class='av-structured-data'  itemprop=\"publisher\" itemtype=\"https:\/\/schema.org\/Organization\" itemscope=\"itemscope\" >\n\t\t\t\t\t\t<span itemprop='name'>Famiglia dell'Amore Misericordioso<\/span>\n\t\t\t\t\t\t<span itemprop='logo' itemscope itemtype='https:\/\/schema.org\/ImageObject'>\n\t\t\t\t\t\t\t<span itemprop='url'>http:\/\/www.amormisericordioso.org\/ita\/wp-content\/uploads\/2018\/02\/logo-fam-italiano.png<\/span>\n\t\t\t\t\t\t <\/span>\n\t\t\t\t<\/span><span class='av-structured-data'  itemprop=\"author\" itemscope=\"itemscope\" itemtype=\"https:\/\/schema.org\/Person\" ><span itemprop='name'>Famiglia dell'Amore Misericordioso<\/span><\/span><span class='av-structured-data'  itemprop=\"datePublished\" datetime=\"2022-01-05T05:26:27+01:00\" >2024-02-14 10:59:11<\/span><span class='av-structured-data'  itemprop=\"dateModified\" itemtype=\"https:\/\/schema.org\/dateModified\" >2024-02-14 11:02:23<\/span><span class='av-structured-data'  itemprop=\"mainEntityOfPage\" itemtype=\"https:\/\/schema.org\/mainEntityOfPage\" ><span itemprop='name'>2 MARZO: riapertura delle vasche per l&#8217;immersione (Collevalenza)<\/span><\/span><\/span><\/article><article class='slide-entry flex_column  post-entry post-entry-5299 slide-entry-overview slide-loop-42 slide-parity-odd  av_one_third  real-thumbnail post-format-standard'  itemscope=\"itemscope\" itemtype=\"https:\/\/schema.org\/CreativeWork\" ><a href='http:\/\/www.amormisericordioso.org\/ita\/festa-liturgica-della-beata-madre-speranza\/' data-rel='slide-1' class='slide-image' title='Festa liturgica della BEATA MADRE SPERANZA'><img decoding=\"async\" width=\"300\" height=\"300\" src=\"http:\/\/www.amormisericordioso.org\/ita\/wp-content\/uploads\/2024\/01\/Immagini-in-Evidenza-SITO-AM-69-300x300.png\" class=\"wp-image-5302 avia-img-lazy-loading-not-5302 attachment-medium size-medium wp-post-image\" alt=\"\" srcset=\"http:\/\/www.amormisericordioso.org\/ita\/wp-content\/uploads\/2024\/01\/Immagini-in-Evidenza-SITO-AM-69-300x300.png 300w, http:\/\/www.amormisericordioso.org\/ita\/wp-content\/uploads\/2024\/01\/Immagini-in-Evidenza-SITO-AM-69-1030x1030.png 1030w, http:\/\/www.amormisericordioso.org\/ita\/wp-content\/uploads\/2024\/01\/Immagini-in-Evidenza-SITO-AM-69-80x80.png 80w, http:\/\/www.amormisericordioso.org\/ita\/wp-content\/uploads\/2024\/01\/Immagini-in-Evidenza-SITO-AM-69-768x768.png 768w, http:\/\/www.amormisericordioso.org\/ita\/wp-content\/uploads\/2024\/01\/Immagini-in-Evidenza-SITO-AM-69-36x36.png 36w, http:\/\/www.amormisericordioso.org\/ita\/wp-content\/uploads\/2024\/01\/Immagini-in-Evidenza-SITO-AM-69-180x180.png 180w, http:\/\/www.amormisericordioso.org\/ita\/wp-content\/uploads\/2024\/01\/Immagini-in-Evidenza-SITO-AM-69-705x705.png 705w, http:\/\/www.amormisericordioso.org\/ita\/wp-content\/uploads\/2024\/01\/Immagini-in-Evidenza-SITO-AM-69.png 1080w\" sizes=\"(max-width: 300px) 100vw, 300px\" \/><\/a><div class='slide-content'><header class=\"entry-content-header\"><h3 class='slide-entry-title entry-title '  itemprop=\"headline\" ><a href='http:\/\/www.amormisericordioso.org\/ita\/festa-liturgica-della-beata-madre-speranza\/' title='Festa liturgica della BEATA MADRE SPERANZA'>Festa liturgica della BEATA MADRE SPERANZA<\/a><\/h3><span class=\"av-vertical-delimiter\"><\/span><\/header><div class='slide-meta'><time class='slide-meta-time updated'  itemprop=\"datePublished\" datetime=\"2024-01-16T22:01:50+01:00\" >16 Gennaio 2024<\/time><\/div><div class='slide-entry-excerpt entry-content'  itemprop=\"text\" >\n\n<\/div><\/div><footer class=\"entry-footer\"><\/footer><span class='hidden'>\n\t\t\t\t<span class='av-structured-data'  itemprop=\"image\" itemscope=\"itemscope\" itemtype=\"https:\/\/schema.org\/ImageObject\" >\n\t\t\t\t\t\t<span itemprop='url'>http:\/\/www.amormisericordioso.org\/ita\/wp-content\/uploads\/2024\/01\/Immagini-in-Evidenza-SITO-AM-69.png<\/span>\n\t\t\t\t\t\t<span itemprop='height'>1080<\/span>\n\t\t\t\t\t\t<span itemprop='width'>1080<\/span>\n\t\t\t\t<\/span>\n\t\t\t\t<span class='av-structured-data'  itemprop=\"publisher\" itemtype=\"https:\/\/schema.org\/Organization\" itemscope=\"itemscope\" >\n\t\t\t\t\t\t<span itemprop='name'>Famiglia dell'Amore Misericordioso<\/span>\n\t\t\t\t\t\t<span itemprop='logo' itemscope itemtype='https:\/\/schema.org\/ImageObject'>\n\t\t\t\t\t\t\t<span itemprop='url'>http:\/\/www.amormisericordioso.org\/ita\/wp-content\/uploads\/2018\/02\/logo-fam-italiano.png<\/span>\n\t\t\t\t\t\t <\/span>\n\t\t\t\t<\/span><span class='av-structured-data'  itemprop=\"author\" itemscope=\"itemscope\" itemtype=\"https:\/\/schema.org\/Person\" ><span itemprop='name'>Famiglia dell'Amore Misericordioso<\/span><\/span><span class='av-structured-data'  itemprop=\"datePublished\" datetime=\"2022-01-05T05:26:27+01:00\" >2024-01-16 22:01:50<\/span><span class='av-structured-data'  itemprop=\"dateModified\" itemtype=\"https:\/\/schema.org\/dateModified\" >2024-01-16 22:01:53<\/span><span class='av-structured-data'  itemprop=\"mainEntityOfPage\" itemtype=\"https:\/\/schema.org\/mainEntityOfPage\" ><span itemprop='name'>Festa liturgica della BEATA MADRE SPERANZA<\/span><\/span><\/span><\/article><\/div><div class='slide-entry-wrap'><article class='slide-entry flex_column  post-entry post-entry-5281 slide-entry-overview slide-loop-43 slide-parity-odd  av_one_third first real-thumbnail post-format-standard'  itemscope=\"itemscope\" itemtype=\"https:\/\/schema.org\/CreativeWork\" ><a href='http:\/\/www.amormisericordioso.org\/ita\/prima-professione-religiosa-don-david-girolami-e-don-massimo-bazzichetto\/' data-rel='slide-1' class='slide-image' title='PRIMA PROFESSIONE RELIGIOSA &#8211; don David Girolami e don Massimo Bazzichetto'><img decoding=\"async\" width=\"300\" height=\"300\" src=\"http:\/\/www.amormisericordioso.org\/ita\/wp-content\/uploads\/2024\/01\/Immagini-in-Evidenza-SITO-AM-67-300x300.png\" class=\"wp-image-5283 avia-img-lazy-loading-not-5283 attachment-medium size-medium wp-post-image\" alt=\"\" srcset=\"http:\/\/www.amormisericordioso.org\/ita\/wp-content\/uploads\/2024\/01\/Immagini-in-Evidenza-SITO-AM-67-300x300.png 300w, http:\/\/www.amormisericordioso.org\/ita\/wp-content\/uploads\/2024\/01\/Immagini-in-Evidenza-SITO-AM-67-1030x1030.png 1030w, http:\/\/www.amormisericordioso.org\/ita\/wp-content\/uploads\/2024\/01\/Immagini-in-Evidenza-SITO-AM-67-80x80.png 80w, http:\/\/www.amormisericordioso.org\/ita\/wp-content\/uploads\/2024\/01\/Immagini-in-Evidenza-SITO-AM-67-768x768.png 768w, http:\/\/www.amormisericordioso.org\/ita\/wp-content\/uploads\/2024\/01\/Immagini-in-Evidenza-SITO-AM-67-36x36.png 36w, http:\/\/www.amormisericordioso.org\/ita\/wp-content\/uploads\/2024\/01\/Immagini-in-Evidenza-SITO-AM-67-180x180.png 180w, http:\/\/www.amormisericordioso.org\/ita\/wp-content\/uploads\/2024\/01\/Immagini-in-Evidenza-SITO-AM-67-705x705.png 705w, http:\/\/www.amormisericordioso.org\/ita\/wp-content\/uploads\/2024\/01\/Immagini-in-Evidenza-SITO-AM-67.png 1080w\" sizes=\"(max-width: 300px) 100vw, 300px\" \/><\/a><div class='slide-content'><header class=\"entry-content-header\"><h3 class='slide-entry-title entry-title '  itemprop=\"headline\" ><a href='http:\/\/www.amormisericordioso.org\/ita\/prima-professione-religiosa-don-david-girolami-e-don-massimo-bazzichetto\/' title='PRIMA PROFESSIONE RELIGIOSA &#8211; don David Girolami e don Massimo Bazzichetto'>PRIMA PROFESSIONE RELIGIOSA &#8211; don David Girolami e don Massimo Bazzichetto<\/a><\/h3><span class=\"av-vertical-delimiter\"><\/span><\/header><div class='slide-meta'><time class='slide-meta-time updated'  itemprop=\"datePublished\" datetime=\"2024-01-10T10:45:20+01:00\" >10 Gennaio 2024<\/time><\/div><div class='slide-entry-excerpt entry-content'  itemprop=\"text\" >\n\n<\/div><\/div><footer class=\"entry-footer\"><\/footer><span class='hidden'>\n\t\t\t\t<span class='av-structured-data'  itemprop=\"image\" itemscope=\"itemscope\" itemtype=\"https:\/\/schema.org\/ImageObject\" >\n\t\t\t\t\t\t<span itemprop='url'>http:\/\/www.amormisericordioso.org\/ita\/wp-content\/uploads\/2024\/01\/Immagini-in-Evidenza-SITO-AM-67.png<\/span>\n\t\t\t\t\t\t<span itemprop='height'>1080<\/span>\n\t\t\t\t\t\t<span itemprop='width'>1080<\/span>\n\t\t\t\t<\/span>\n\t\t\t\t<span class='av-structured-data'  itemprop=\"publisher\" itemtype=\"https:\/\/schema.org\/Organization\" itemscope=\"itemscope\" >\n\t\t\t\t\t\t<span itemprop='name'>Famiglia dell'Amore Misericordioso<\/span>\n\t\t\t\t\t\t<span itemprop='logo' itemscope itemtype='https:\/\/schema.org\/ImageObject'>\n\t\t\t\t\t\t\t<span itemprop='url'>http:\/\/www.amormisericordioso.org\/ita\/wp-content\/uploads\/2018\/02\/logo-fam-italiano.png<\/span>\n\t\t\t\t\t\t <\/span>\n\t\t\t\t<\/span><span class='av-structured-data'  itemprop=\"author\" itemscope=\"itemscope\" itemtype=\"https:\/\/schema.org\/Person\" ><span itemprop='name'>Famiglia dell'Amore Misericordioso<\/span><\/span><span class='av-structured-data'  itemprop=\"datePublished\" datetime=\"2022-01-05T05:26:27+01:00\" >2024-01-10 10:45:20<\/span><span class='av-structured-data'  itemprop=\"dateModified\" itemtype=\"https:\/\/schema.org\/dateModified\" >2024-01-10 10:45:23<\/span><span class='av-structured-data'  itemprop=\"mainEntityOfPage\" itemtype=\"https:\/\/schema.org\/mainEntityOfPage\" ><span itemprop='name'>PRIMA PROFESSIONE RELIGIOSA &#8211; don David Girolami e don Massimo Bazzichetto<\/span><\/span><\/span><\/article><article class='slide-entry flex_column  post-entry post-entry-5270 slide-entry-overview slide-loop-44 slide-parity-even  av_one_third  real-thumbnail post-format-standard'  itemscope=\"itemscope\" itemtype=\"https:\/\/schema.org\/CreativeWork\" ><a href='http:\/\/www.amormisericordioso.org\/ita\/sui-passi-di-madre-speranza-2\/' data-rel='slide-1' class='slide-image' title='SUI PASSI DI MADRE SPERANZA'><img decoding=\"async\" width=\"300\" height=\"300\" src=\"http:\/\/www.amormisericordioso.org\/ita\/wp-content\/uploads\/2024\/01\/Dio-abita-in-noi-26-300x300.png\" class=\"wp-image-5271 avia-img-lazy-loading-not-5271 attachment-medium size-medium wp-post-image\" alt=\"\" srcset=\"http:\/\/www.amormisericordioso.org\/ita\/wp-content\/uploads\/2024\/01\/Dio-abita-in-noi-26-300x300.png 300w, http:\/\/www.amormisericordioso.org\/ita\/wp-content\/uploads\/2024\/01\/Dio-abita-in-noi-26-1030x1030.png 1030w, http:\/\/www.amormisericordioso.org\/ita\/wp-content\/uploads\/2024\/01\/Dio-abita-in-noi-26-80x80.png 80w, http:\/\/www.amormisericordioso.org\/ita\/wp-content\/uploads\/2024\/01\/Dio-abita-in-noi-26-768x768.png 768w, http:\/\/www.amormisericordioso.org\/ita\/wp-content\/uploads\/2024\/01\/Dio-abita-in-noi-26-36x36.png 36w, http:\/\/www.amormisericordioso.org\/ita\/wp-content\/uploads\/2024\/01\/Dio-abita-in-noi-26-180x180.png 180w, http:\/\/www.amormisericordioso.org\/ita\/wp-content\/uploads\/2024\/01\/Dio-abita-in-noi-26-705x705.png 705w, http:\/\/www.amormisericordioso.org\/ita\/wp-content\/uploads\/2024\/01\/Dio-abita-in-noi-26.png 1080w\" sizes=\"(max-width: 300px) 100vw, 300px\" \/><\/a><div class='slide-content'><header class=\"entry-content-header\"><h3 class='slide-entry-title entry-title '  itemprop=\"headline\" ><a href='http:\/\/www.amormisericordioso.org\/ita\/sui-passi-di-madre-speranza-2\/' title='SUI PASSI DI MADRE SPERANZA'>SUI PASSI DI MADRE SPERANZA<\/a><\/h3><span class=\"av-vertical-delimiter\"><\/span><\/header><div class='slide-meta'><time class='slide-meta-time updated'  itemprop=\"datePublished\" datetime=\"2024-01-05T12:10:36+01:00\" >5 Gennaio 2024<\/time><\/div><div class='slide-entry-excerpt entry-content'  itemprop=\"text\" >\n\n<\/div><\/div><footer class=\"entry-footer\"><\/footer><span class='hidden'>\n\t\t\t\t<span class='av-structured-data'  itemprop=\"image\" itemscope=\"itemscope\" itemtype=\"https:\/\/schema.org\/ImageObject\" >\n\t\t\t\t\t\t<span itemprop='url'>http:\/\/www.amormisericordioso.org\/ita\/wp-content\/uploads\/2024\/01\/Dio-abita-in-noi-26.png<\/span>\n\t\t\t\t\t\t<span itemprop='height'>1080<\/span>\n\t\t\t\t\t\t<span itemprop='width'>1080<\/span>\n\t\t\t\t<\/span>\n\t\t\t\t<span class='av-structured-data'  itemprop=\"publisher\" itemtype=\"https:\/\/schema.org\/Organization\" itemscope=\"itemscope\" >\n\t\t\t\t\t\t<span itemprop='name'>Famiglia dell'Amore Misericordioso<\/span>\n\t\t\t\t\t\t<span itemprop='logo' itemscope itemtype='https:\/\/schema.org\/ImageObject'>\n\t\t\t\t\t\t\t<span itemprop='url'>http:\/\/www.amormisericordioso.org\/ita\/wp-content\/uploads\/2018\/02\/logo-fam-italiano.png<\/span>\n\t\t\t\t\t\t <\/span>\n\t\t\t\t<\/span><span class='av-structured-data'  itemprop=\"author\" itemscope=\"itemscope\" itemtype=\"https:\/\/schema.org\/Person\" ><span itemprop='name'>Famiglia dell'Amore Misericordioso<\/span><\/span><span class='av-structured-data'  itemprop=\"datePublished\" datetime=\"2022-01-05T05:26:27+01:00\" >2024-01-05 12:10:36<\/span><span class='av-structured-data'  itemprop=\"dateModified\" itemtype=\"https:\/\/schema.org\/dateModified\" >2024-01-05 12:10:40<\/span><span class='av-structured-data'  itemprop=\"mainEntityOfPage\" itemtype=\"https:\/\/schema.org\/mainEntityOfPage\" ><span itemprop='name'>SUI PASSI DI MADRE SPERANZA<\/span><\/span><\/span><\/article><article class='slide-entry flex_column  post-entry post-entry-5244 slide-entry-overview slide-loop-45 slide-parity-odd  av_one_third  real-thumbnail post-format-standard'  itemscope=\"itemscope\" itemtype=\"https:\/\/schema.org\/CreativeWork\" ><a href='http:\/\/www.amormisericordioso.org\/ita\/concerto-di-natale-gloria-di-vivaldi\/' data-rel='slide-1' class='slide-image' title='CONCERTO DI NATALE &#8211; Gloria di Vivaldi'><img decoding=\"async\" width=\"212\" height=\"300\" src=\"http:\/\/www.amormisericordioso.org\/ita\/wp-content\/uploads\/2023\/12\/408115410_7175445749161172_96224459720412678_n-212x300.jpg\" class=\"wp-image-5245 avia-img-lazy-loading-not-5245 attachment-medium size-medium wp-post-image\" alt=\"\" srcset=\"http:\/\/www.amormisericordioso.org\/ita\/wp-content\/uploads\/2023\/12\/408115410_7175445749161172_96224459720412678_n-212x300.jpg 212w, http:\/\/www.amormisericordioso.org\/ita\/wp-content\/uploads\/2023\/12\/408115410_7175445749161172_96224459720412678_n-498x705.jpg 498w, http:\/\/www.amormisericordioso.org\/ita\/wp-content\/uploads\/2023\/12\/408115410_7175445749161172_96224459720412678_n.jpg 724w\" sizes=\"(max-width: 212px) 100vw, 212px\" \/><\/a><div class='slide-content'><header class=\"entry-content-header\"><h3 class='slide-entry-title entry-title '  itemprop=\"headline\" ><a href='http:\/\/www.amormisericordioso.org\/ita\/concerto-di-natale-gloria-di-vivaldi\/' title='CONCERTO DI NATALE &#8211; Gloria di Vivaldi'>CONCERTO DI NATALE &#8211; Gloria di Vivaldi<\/a><\/h3><span class=\"av-vertical-delimiter\"><\/span><\/header><div class='slide-meta'><time class='slide-meta-time updated'  itemprop=\"datePublished\" datetime=\"2023-12-05T08:26:26+01:00\" >5 Dicembre 2023<\/time><\/div><div class='slide-entry-excerpt entry-content'  itemprop=\"text\" >\n\n\n\n<\/div><\/div><footer class=\"entry-footer\"><\/footer><span class='hidden'>\n\t\t\t\t<span class='av-structured-data'  itemprop=\"image\" itemscope=\"itemscope\" itemtype=\"https:\/\/schema.org\/ImageObject\" >\n\t\t\t\t\t\t<span itemprop='url'>http:\/\/www.amormisericordioso.org\/ita\/wp-content\/uploads\/2023\/12\/408115410_7175445749161172_96224459720412678_n.jpg<\/span>\n\t\t\t\t\t\t<span itemprop='height'>1024<\/span>\n\t\t\t\t\t\t<span itemprop='width'>724<\/span>\n\t\t\t\t<\/span>\n\t\t\t\t<span class='av-structured-data'  itemprop=\"publisher\" itemtype=\"https:\/\/schema.org\/Organization\" itemscope=\"itemscope\" >\n\t\t\t\t\t\t<span itemprop='name'>Famiglia dell'Amore Misericordioso<\/span>\n\t\t\t\t\t\t<span itemprop='logo' itemscope itemtype='https:\/\/schema.org\/ImageObject'>\n\t\t\t\t\t\t\t<span itemprop='url'>http:\/\/www.amormisericordioso.org\/ita\/wp-content\/uploads\/2018\/02\/logo-fam-italiano.png<\/span>\n\t\t\t\t\t\t <\/span>\n\t\t\t\t<\/span><span class='av-structured-data'  itemprop=\"author\" itemscope=\"itemscope\" itemtype=\"https:\/\/schema.org\/Person\" ><span itemprop='name'>Famiglia dell'Amore Misericordioso<\/span><\/span><span class='av-structured-data'  itemprop=\"datePublished\" datetime=\"2022-01-05T05:26:27+01:00\" >2023-12-05 08:26:26<\/span><span class='av-structured-data'  itemprop=\"dateModified\" itemtype=\"https:\/\/schema.org\/dateModified\" >2023-12-05 08:26:28<\/span><span class='av-structured-data'  itemprop=\"mainEntityOfPage\" itemtype=\"https:\/\/schema.org\/mainEntityOfPage\" ><span itemprop='name'>CONCERTO DI NATALE &#8211; Gloria di Vivaldi<\/span><\/span><\/span><\/article><\/div><div class='slide-entry-wrap'><article class='slide-entry flex_column  post-entry post-entry-5215 slide-entry-overview slide-loop-46 slide-parity-odd  av_one_third first real-thumbnail post-format-standard'  itemscope=\"itemscope\" itemtype=\"https:\/\/schema.org\/CreativeWork\" ><a href='http:\/\/www.amormisericordioso.org\/ita\/esercizi-spirituali-2024-ancelle-dellamore-misericordioso\/' data-rel='slide-1' class='slide-image' title='ESERCIZI SPIRITUALI 2024 Ancelle dell\u2019Amore Misericordioso'><img decoding=\"async\" width=\"300\" height=\"300\" src=\"http:\/\/www.amormisericordioso.org\/ita\/wp-content\/uploads\/2023\/11\/Immagini-in-Evidenza-SITO-AM-57-300x300.png\" class=\"wp-image-5217 avia-img-lazy-loading-not-5217 attachment-medium size-medium wp-post-image\" alt=\"\" srcset=\"http:\/\/www.amormisericordioso.org\/ita\/wp-content\/uploads\/2023\/11\/Immagini-in-Evidenza-SITO-AM-57-300x300.png 300w, http:\/\/www.amormisericordioso.org\/ita\/wp-content\/uploads\/2023\/11\/Immagini-in-Evidenza-SITO-AM-57-1030x1030.png 1030w, http:\/\/www.amormisericordioso.org\/ita\/wp-content\/uploads\/2023\/11\/Immagini-in-Evidenza-SITO-AM-57-80x80.png 80w, http:\/\/www.amormisericordioso.org\/ita\/wp-content\/uploads\/2023\/11\/Immagini-in-Evidenza-SITO-AM-57-768x768.png 768w, http:\/\/www.amormisericordioso.org\/ita\/wp-content\/uploads\/2023\/11\/Immagini-in-Evidenza-SITO-AM-57-36x36.png 36w, http:\/\/www.amormisericordioso.org\/ita\/wp-content\/uploads\/2023\/11\/Immagini-in-Evidenza-SITO-AM-57-180x180.png 180w, http:\/\/www.amormisericordioso.org\/ita\/wp-content\/uploads\/2023\/11\/Immagini-in-Evidenza-SITO-AM-57-705x705.png 705w, http:\/\/www.amormisericordioso.org\/ita\/wp-content\/uploads\/2023\/11\/Immagini-in-Evidenza-SITO-AM-57.png 1080w\" sizes=\"(max-width: 300px) 100vw, 300px\" \/><\/a><div class='slide-content'><header class=\"entry-content-header\"><h3 class='slide-entry-title entry-title '  itemprop=\"headline\" ><a href='http:\/\/www.amormisericordioso.org\/ita\/esercizi-spirituali-2024-ancelle-dellamore-misericordioso\/' title='ESERCIZI SPIRITUALI 2024 Ancelle dell\u2019Amore Misericordioso'>ESERCIZI SPIRITUALI 2024 Ancelle dell\u2019Amore Misericordioso<\/a><\/h3><span class=\"av-vertical-delimiter\"><\/span><\/header><div class='slide-meta'><div class='slide-meta-comments'><a href='http:\/\/www.amormisericordioso.org\/ita\/esercizi-spirituali-2024-ancelle-dellamore-misericordioso\/#respond'>0 Commenti<\/a><\/div><div class='slide-meta-del'>\/<\/div><time class='slide-meta-time updated'  itemprop=\"datePublished\" datetime=\"2023-11-23T09:01:55+01:00\" >23 Novembre 2023<\/time><\/div><div class='slide-entry-excerpt entry-content'  itemprop=\"text\" >\n\n\n\n\n\n<\/div><\/div><footer class=\"entry-footer\"><\/footer><span class='hidden'>\n\t\t\t\t<span class='av-structured-data'  itemprop=\"image\" itemscope=\"itemscope\" itemtype=\"https:\/\/schema.org\/ImageObject\" >\n\t\t\t\t\t\t<span itemprop='url'>http:\/\/www.amormisericordioso.org\/ita\/wp-content\/uploads\/2023\/11\/Immagini-in-Evidenza-SITO-AM-57.png<\/span>\n\t\t\t\t\t\t<span itemprop='height'>1080<\/span>\n\t\t\t\t\t\t<span itemprop='width'>1080<\/span>\n\t\t\t\t<\/span>\n\t\t\t\t<span class='av-structured-data'  itemprop=\"publisher\" itemtype=\"https:\/\/schema.org\/Organization\" itemscope=\"itemscope\" >\n\t\t\t\t\t\t<span itemprop='name'>Famiglia dell'Amore Misericordioso<\/span>\n\t\t\t\t\t\t<span itemprop='logo' itemscope itemtype='https:\/\/schema.org\/ImageObject'>\n\t\t\t\t\t\t\t<span itemprop='url'>http:\/\/www.amormisericordioso.org\/ita\/wp-content\/uploads\/2018\/02\/logo-fam-italiano.png<\/span>\n\t\t\t\t\t\t <\/span>\n\t\t\t\t<\/span><span class='av-structured-data'  itemprop=\"author\" itemscope=\"itemscope\" itemtype=\"https:\/\/schema.org\/Person\" ><span itemprop='name'>Famiglia dell'Amore Misericordioso<\/span><\/span><span class='av-structured-data'  itemprop=\"datePublished\" datetime=\"2022-01-05T05:26:27+01:00\" >2023-11-23 09:01:55<\/span><span class='av-structured-data'  itemprop=\"dateModified\" itemtype=\"https:\/\/schema.org\/dateModified\" >2023-11-23 09:01:57<\/span><span class='av-structured-data'  itemprop=\"mainEntityOfPage\" itemtype=\"https:\/\/schema.org\/mainEntityOfPage\" ><span itemprop='name'>ESERCIZI SPIRITUALI 2024 Ancelle dell\u2019Amore Misericordioso<\/span><\/span><\/span><\/article><article class='slide-entry flex_column  post-entry post-entry-5223 slide-entry-overview slide-loop-47 slide-parity-even  av_one_third  real-thumbnail post-format-standard'  itemscope=\"itemscope\" itemtype=\"https:\/\/schema.org\/CreativeWork\" ><a href='http:\/\/www.amormisericordioso.org\/ita\/25-di-professione-religiosa-sr-ana-horvat-eam\/' data-rel='slide-1' class='slide-image' title='25\u00b0 di Professione Religiosa: SR. ANA HORVAT EAM'><img decoding=\"async\" width=\"300\" height=\"300\" src=\"http:\/\/www.amormisericordioso.org\/ita\/wp-content\/uploads\/2023\/11\/Immagini-in-Evidenza-SITO-AM-58-300x300.png\" class=\"wp-image-5225 avia-img-lazy-loading-not-5225 attachment-medium size-medium wp-post-image\" alt=\"\" srcset=\"http:\/\/www.amormisericordioso.org\/ita\/wp-content\/uploads\/2023\/11\/Immagini-in-Evidenza-SITO-AM-58-300x300.png 300w, http:\/\/www.amormisericordioso.org\/ita\/wp-content\/uploads\/2023\/11\/Immagini-in-Evidenza-SITO-AM-58-1030x1030.png 1030w, http:\/\/www.amormisericordioso.org\/ita\/wp-content\/uploads\/2023\/11\/Immagini-in-Evidenza-SITO-AM-58-80x80.png 80w, http:\/\/www.amormisericordioso.org\/ita\/wp-content\/uploads\/2023\/11\/Immagini-in-Evidenza-SITO-AM-58-768x768.png 768w, http:\/\/www.amormisericordioso.org\/ita\/wp-content\/uploads\/2023\/11\/Immagini-in-Evidenza-SITO-AM-58-36x36.png 36w, http:\/\/www.amormisericordioso.org\/ita\/wp-content\/uploads\/2023\/11\/Immagini-in-Evidenza-SITO-AM-58-180x180.png 180w, http:\/\/www.amormisericordioso.org\/ita\/wp-content\/uploads\/2023\/11\/Immagini-in-Evidenza-SITO-AM-58-705x705.png 705w, http:\/\/www.amormisericordioso.org\/ita\/wp-content\/uploads\/2023\/11\/Immagini-in-Evidenza-SITO-AM-58.png 1080w\" sizes=\"(max-width: 300px) 100vw, 300px\" \/><\/a><div class='slide-content'><header class=\"entry-content-header\"><h3 class='slide-entry-title entry-title '  itemprop=\"headline\" ><a href='http:\/\/www.amormisericordioso.org\/ita\/25-di-professione-religiosa-sr-ana-horvat-eam\/' title='25\u00b0 di Professione Religiosa: SR. ANA HORVAT EAM'>25\u00b0 di Professione Religiosa: SR. ANA HORVAT EAM<\/a><\/h3><span class=\"av-vertical-delimiter\"><\/span><\/header><div class='slide-meta'><time class='slide-meta-time updated'  itemprop=\"datePublished\" datetime=\"2023-11-22T09:17:13+01:00\" >22 Novembre 2023<\/time><\/div><div class='slide-entry-excerpt entry-content'  itemprop=\"text\" >\n\n<\/div><\/div><footer class=\"entry-footer\"><\/footer><span class='hidden'>\n\t\t\t\t<span class='av-structured-data'  itemprop=\"image\" itemscope=\"itemscope\" itemtype=\"https:\/\/schema.org\/ImageObject\" >\n\t\t\t\t\t\t<span itemprop='url'>http:\/\/www.amormisericordioso.org\/ita\/wp-content\/uploads\/2023\/11\/Immagini-in-Evidenza-SITO-AM-58.png<\/span>\n\t\t\t\t\t\t<span itemprop='height'>1080<\/span>\n\t\t\t\t\t\t<span itemprop='width'>1080<\/span>\n\t\t\t\t<\/span>\n\t\t\t\t<span class='av-structured-data'  itemprop=\"publisher\" itemtype=\"https:\/\/schema.org\/Organization\" itemscope=\"itemscope\" >\n\t\t\t\t\t\t<span itemprop='name'>Famiglia dell'Amore Misericordioso<\/span>\n\t\t\t\t\t\t<span itemprop='logo' itemscope itemtype='https:\/\/schema.org\/ImageObject'>\n\t\t\t\t\t\t\t<span itemprop='url'>http:\/\/www.amormisericordioso.org\/ita\/wp-content\/uploads\/2018\/02\/logo-fam-italiano.png<\/span>\n\t\t\t\t\t\t <\/span>\n\t\t\t\t<\/span><span class='av-structured-data'  itemprop=\"author\" itemscope=\"itemscope\" itemtype=\"https:\/\/schema.org\/Person\" ><span itemprop='name'>Famiglia dell'Amore Misericordioso<\/span><\/span><span class='av-structured-data'  itemprop=\"datePublished\" datetime=\"2022-01-05T05:26:27+01:00\" >2023-11-22 09:17:13<\/span><span class='av-structured-data'  itemprop=\"dateModified\" itemtype=\"https:\/\/schema.org\/dateModified\" >2023-11-23 09:20:54<\/span><span class='av-structured-data'  itemprop=\"mainEntityOfPage\" itemtype=\"https:\/\/schema.org\/mainEntityOfPage\" ><span itemprop='name'>25\u00b0 di Professione Religiosa: SR. ANA HORVAT EAM<\/span><\/span><\/span><\/article><article class='slide-entry flex_column  post-entry post-entry-5177 slide-entry-overview slide-loop-48 slide-parity-odd  av_one_third  real-thumbnail post-format-standard'  itemscope=\"itemscope\" itemtype=\"https:\/\/schema.org\/CreativeWork\" ><a href='http:\/\/www.amormisericordioso.org\/ita\/dirette-tv-dal-santuario-dellamore-misericordioso\/' data-rel='slide-1' class='slide-image' title='DIRETTE TV dal Santuario dell&#8217;Amore Misericordioso'><img decoding=\"async\" width=\"300\" height=\"300\" src=\"http:\/\/www.amormisericordioso.org\/ita\/wp-content\/uploads\/2023\/11\/Immagini-in-Evidenza-SITO-AM-54-300x300.png\" class=\"wp-image-5179 avia-img-lazy-loading-not-5179 attachment-medium size-medium wp-post-image\" alt=\"\" srcset=\"http:\/\/www.amormisericordioso.org\/ita\/wp-content\/uploads\/2023\/11\/Immagini-in-Evidenza-SITO-AM-54-300x300.png 300w, http:\/\/www.amormisericordioso.org\/ita\/wp-content\/uploads\/2023\/11\/Immagini-in-Evidenza-SITO-AM-54-1030x1030.png 1030w, http:\/\/www.amormisericordioso.org\/ita\/wp-content\/uploads\/2023\/11\/Immagini-in-Evidenza-SITO-AM-54-80x80.png 80w, http:\/\/www.amormisericordioso.org\/ita\/wp-content\/uploads\/2023\/11\/Immagini-in-Evidenza-SITO-AM-54-768x768.png 768w, http:\/\/www.amormisericordioso.org\/ita\/wp-content\/uploads\/2023\/11\/Immagini-in-Evidenza-SITO-AM-54-36x36.png 36w, http:\/\/www.amormisericordioso.org\/ita\/wp-content\/uploads\/2023\/11\/Immagini-in-Evidenza-SITO-AM-54-180x180.png 180w, http:\/\/www.amormisericordioso.org\/ita\/wp-content\/uploads\/2023\/11\/Immagini-in-Evidenza-SITO-AM-54-705x705.png 705w, http:\/\/www.amormisericordioso.org\/ita\/wp-content\/uploads\/2023\/11\/Immagini-in-Evidenza-SITO-AM-54.png 1080w\" sizes=\"(max-width: 300px) 100vw, 300px\" \/><\/a><div class='slide-content'><header class=\"entry-content-header\"><h3 class='slide-entry-title entry-title '  itemprop=\"headline\" ><a href='http:\/\/www.amormisericordioso.org\/ita\/dirette-tv-dal-santuario-dellamore-misericordioso\/' title='DIRETTE TV dal Santuario dell&#8217;Amore Misericordioso'>DIRETTE TV dal Santuario dell&#8217;Amore Misericordioso<\/a><\/h3><span class=\"av-vertical-delimiter\"><\/span><\/header><div class='slide-meta'><time class='slide-meta-time updated'  itemprop=\"datePublished\" datetime=\"2023-11-09T09:46:40+01:00\" >9 Novembre 2023<\/time><\/div><div class='slide-entry-excerpt entry-content'  itemprop=\"text\" >\n\n<\/div><\/div><footer class=\"entry-footer\"><\/footer><span class='hidden'>\n\t\t\t\t<span class='av-structured-data'  itemprop=\"image\" itemscope=\"itemscope\" itemtype=\"https:\/\/schema.org\/ImageObject\" >\n\t\t\t\t\t\t<span itemprop='url'>http:\/\/www.amormisericordioso.org\/ita\/wp-content\/uploads\/2023\/11\/Immagini-in-Evidenza-SITO-AM-54.png<\/span>\n\t\t\t\t\t\t<span itemprop='height'>1080<\/span>\n\t\t\t\t\t\t<span itemprop='width'>1080<\/span>\n\t\t\t\t<\/span>\n\t\t\t\t<span class='av-structured-data'  itemprop=\"publisher\" itemtype=\"https:\/\/schema.org\/Organization\" itemscope=\"itemscope\" >\n\t\t\t\t\t\t<span itemprop='name'>Famiglia dell'Amore Misericordioso<\/span>\n\t\t\t\t\t\t<span itemprop='logo' itemscope itemtype='https:\/\/schema.org\/ImageObject'>\n\t\t\t\t\t\t\t<span itemprop='url'>http:\/\/www.amormisericordioso.org\/ita\/wp-content\/uploads\/2018\/02\/logo-fam-italiano.png<\/span>\n\t\t\t\t\t\t <\/span>\n\t\t\t\t<\/span><span class='av-structured-data'  itemprop=\"author\" itemscope=\"itemscope\" itemtype=\"https:\/\/schema.org\/Person\" ><span itemprop='name'>Famiglia dell'Amore Misericordioso<\/span><\/span><span class='av-structured-data'  itemprop=\"datePublished\" datetime=\"2022-01-05T05:26:27+01:00\" >2023-11-09 09:46:40<\/span><span class='av-structured-data'  itemprop=\"dateModified\" itemtype=\"https:\/\/schema.org\/dateModified\" >2023-11-09 09:46:42<\/span><span class='av-structured-data'  itemprop=\"mainEntityOfPage\" itemtype=\"https:\/\/schema.org\/mainEntityOfPage\" ><span itemprop='name'>DIRETTE TV dal Santuario dell&#8217;Amore Misericordioso<\/span><\/span><\/span><\/article><\/div><div class='slide-entry-wrap'><article class='slide-entry flex_column  post-entry post-entry-5147 slide-entry-overview slide-loop-49 slide-parity-odd  av_one_third first real-thumbnail post-format-standard'  itemscope=\"itemscope\" itemtype=\"https:\/\/schema.org\/CreativeWork\" ><a href='http:\/\/www.amormisericordioso.org\/ita\/con-lo-sguardo-verso-lalto\/' data-rel='slide-1' class='slide-image' title='CON LO SGUARDO VERSO L&#8217;ALTO'><img decoding=\"async\" width=\"300\" height=\"300\" src=\"http:\/\/www.amormisericordioso.org\/ita\/wp-content\/uploads\/2023\/10\/Dio-abita-in-noi-14-300x300.png\" class=\"wp-image-5148 avia-img-lazy-loading-not-5148 attachment-medium size-medium wp-post-image\" alt=\"\" srcset=\"http:\/\/www.amormisericordioso.org\/ita\/wp-content\/uploads\/2023\/10\/Dio-abita-in-noi-14-300x300.png 300w, http:\/\/www.amormisericordioso.org\/ita\/wp-content\/uploads\/2023\/10\/Dio-abita-in-noi-14-1030x1030.png 1030w, http:\/\/www.amormisericordioso.org\/ita\/wp-content\/uploads\/2023\/10\/Dio-abita-in-noi-14-80x80.png 80w, http:\/\/www.amormisericordioso.org\/ita\/wp-content\/uploads\/2023\/10\/Dio-abita-in-noi-14-768x768.png 768w, http:\/\/www.amormisericordioso.org\/ita\/wp-content\/uploads\/2023\/10\/Dio-abita-in-noi-14-36x36.png 36w, http:\/\/www.amormisericordioso.org\/ita\/wp-content\/uploads\/2023\/10\/Dio-abita-in-noi-14-180x180.png 180w, http:\/\/www.amormisericordioso.org\/ita\/wp-content\/uploads\/2023\/10\/Dio-abita-in-noi-14-705x705.png 705w, http:\/\/www.amormisericordioso.org\/ita\/wp-content\/uploads\/2023\/10\/Dio-abita-in-noi-14.png 1080w\" sizes=\"(max-width: 300px) 100vw, 300px\" \/><\/a><div class='slide-content'><header class=\"entry-content-header\"><h3 class='slide-entry-title entry-title '  itemprop=\"headline\" ><a href='http:\/\/www.amormisericordioso.org\/ita\/con-lo-sguardo-verso-lalto\/' title='CON LO SGUARDO VERSO L&#8217;ALTO'>CON LO SGUARDO VERSO L&#8217;ALTO<\/a><\/h3><span class=\"av-vertical-delimiter\"><\/span><\/header><div class='slide-meta'><time class='slide-meta-time updated'  itemprop=\"datePublished\" datetime=\"2023-10-23T08:57:36+02:00\" >23 Ottobre 2023<\/time><\/div><div class='slide-entry-excerpt entry-content'  itemprop=\"text\" >\n\n<\/div><\/div><footer class=\"entry-footer\"><\/footer><span class='hidden'>\n\t\t\t\t<span class='av-structured-data'  itemprop=\"image\" itemscope=\"itemscope\" itemtype=\"https:\/\/schema.org\/ImageObject\" >\n\t\t\t\t\t\t<span itemprop='url'>http:\/\/www.amormisericordioso.org\/ita\/wp-content\/uploads\/2023\/10\/Dio-abita-in-noi-14.png<\/span>\n\t\t\t\t\t\t<span itemprop='height'>1080<\/span>\n\t\t\t\t\t\t<span itemprop='width'>1080<\/span>\n\t\t\t\t<\/span>\n\t\t\t\t<span class='av-structured-data'  itemprop=\"publisher\" itemtype=\"https:\/\/schema.org\/Organization\" itemscope=\"itemscope\" >\n\t\t\t\t\t\t<span itemprop='name'>Famiglia dell'Amore Misericordioso<\/span>\n\t\t\t\t\t\t<span itemprop='logo' itemscope itemtype='https:\/\/schema.org\/ImageObject'>\n\t\t\t\t\t\t\t<span itemprop='url'>http:\/\/www.amormisericordioso.org\/ita\/wp-content\/uploads\/2018\/02\/logo-fam-italiano.png<\/span>\n\t\t\t\t\t\t <\/span>\n\t\t\t\t<\/span><span class='av-structured-data'  itemprop=\"author\" itemscope=\"itemscope\" itemtype=\"https:\/\/schema.org\/Person\" ><span itemprop='name'>Famiglia dell'Amore Misericordioso<\/span><\/span><span class='av-structured-data'  itemprop=\"datePublished\" datetime=\"2022-01-05T05:26:27+01:00\" >2023-10-23 08:57:36<\/span><span class='av-structured-data'  itemprop=\"dateModified\" itemtype=\"https:\/\/schema.org\/dateModified\" >2023-10-23 08:57:38<\/span><span class='av-structured-data'  itemprop=\"mainEntityOfPage\" itemtype=\"https:\/\/schema.org\/mainEntityOfPage\" ><span itemprop='name'>CON LO SGUARDO VERSO L&#8217;ALTO<\/span><\/span><\/span><\/article><article class='slide-entry flex_column  post-entry post-entry-5133 slide-entry-overview slide-loop-50 slide-parity-even  av_one_third  real-thumbnail post-format-standard'  itemscope=\"itemscope\" itemtype=\"https:\/\/schema.org\/CreativeWork\" ><a href='http:\/\/www.amormisericordioso.org\/ita\/xxii-assemblea-sdfam-e-delegazione-fam-ditalia\/' data-rel='slide-1' class='slide-image' title='XXII ASSEMBLEA SDFAM e DELEGAZIONE FAM D&#8217;ITALIA'><img decoding=\"async\" width=\"300\" height=\"300\" src=\"http:\/\/www.amormisericordioso.org\/ita\/wp-content\/uploads\/2023\/10\/Immagini-in-Evidenza-SITO-AM-50-300x300.png\" class=\"wp-image-5135 avia-img-lazy-loading-not-5135 attachment-medium size-medium wp-post-image\" alt=\"\" srcset=\"http:\/\/www.amormisericordioso.org\/ita\/wp-content\/uploads\/2023\/10\/Immagini-in-Evidenza-SITO-AM-50-300x300.png 300w, http:\/\/www.amormisericordioso.org\/ita\/wp-content\/uploads\/2023\/10\/Immagini-in-Evidenza-SITO-AM-50-1030x1030.png 1030w, http:\/\/www.amormisericordioso.org\/ita\/wp-content\/uploads\/2023\/10\/Immagini-in-Evidenza-SITO-AM-50-80x80.png 80w, http:\/\/www.amormisericordioso.org\/ita\/wp-content\/uploads\/2023\/10\/Immagini-in-Evidenza-SITO-AM-50-768x768.png 768w, http:\/\/www.amormisericordioso.org\/ita\/wp-content\/uploads\/2023\/10\/Immagini-in-Evidenza-SITO-AM-50-36x36.png 36w, http:\/\/www.amormisericordioso.org\/ita\/wp-content\/uploads\/2023\/10\/Immagini-in-Evidenza-SITO-AM-50-180x180.png 180w, http:\/\/www.amormisericordioso.org\/ita\/wp-content\/uploads\/2023\/10\/Immagini-in-Evidenza-SITO-AM-50-705x705.png 705w, http:\/\/www.amormisericordioso.org\/ita\/wp-content\/uploads\/2023\/10\/Immagini-in-Evidenza-SITO-AM-50.png 1080w\" sizes=\"(max-width: 300px) 100vw, 300px\" \/><\/a><div class='slide-content'><header class=\"entry-content-header\"><h3 class='slide-entry-title entry-title '  itemprop=\"headline\" ><a href='http:\/\/www.amormisericordioso.org\/ita\/xxii-assemblea-sdfam-e-delegazione-fam-ditalia\/' title='XXII ASSEMBLEA SDFAM e DELEGAZIONE FAM D&#8217;ITALIA'>XXII ASSEMBLEA SDFAM e DELEGAZIONE FAM D&#8217;ITALIA<\/a><\/h3><span class=\"av-vertical-delimiter\"><\/span><\/header><div class='slide-meta'><time class='slide-meta-time updated'  itemprop=\"datePublished\" datetime=\"2023-10-10T11:44:19+02:00\" >10 Ottobre 2023<\/time><\/div><div class='slide-entry-excerpt entry-content'  itemprop=\"text\" >\n\n<\/div><\/div><footer class=\"entry-footer\"><\/footer><span class='hidden'>\n\t\t\t\t<span class='av-structured-data'  itemprop=\"image\" itemscope=\"itemscope\" itemtype=\"https:\/\/schema.org\/ImageObject\" >\n\t\t\t\t\t\t<span itemprop='url'>http:\/\/www.amormisericordioso.org\/ita\/wp-content\/uploads\/2023\/10\/Immagini-in-Evidenza-SITO-AM-50.png<\/span>\n\t\t\t\t\t\t<span itemprop='height'>1080<\/span>\n\t\t\t\t\t\t<span itemprop='width'>1080<\/span>\n\t\t\t\t<\/span>\n\t\t\t\t<span class='av-structured-data'  itemprop=\"publisher\" itemtype=\"https:\/\/schema.org\/Organization\" itemscope=\"itemscope\" >\n\t\t\t\t\t\t<span itemprop='name'>Famiglia dell'Amore Misericordioso<\/span>\n\t\t\t\t\t\t<span itemprop='logo' itemscope itemtype='https:\/\/schema.org\/ImageObject'>\n\t\t\t\t\t\t\t<span itemprop='url'>http:\/\/www.amormisericordioso.org\/ita\/wp-content\/uploads\/2018\/02\/logo-fam-italiano.png<\/span>\n\t\t\t\t\t\t <\/span>\n\t\t\t\t<\/span><span class='av-structured-data'  itemprop=\"author\" itemscope=\"itemscope\" itemtype=\"https:\/\/schema.org\/Person\" ><span itemprop='name'>Famiglia dell'Amore Misericordioso<\/span><\/span><span class='av-structured-data'  itemprop=\"datePublished\" datetime=\"2022-01-05T05:26:27+01:00\" >2023-10-10 11:44:19<\/span><span class='av-structured-data'  itemprop=\"dateModified\" itemtype=\"https:\/\/schema.org\/dateModified\" >2023-10-10 11:44:21<\/span><span class='av-structured-data'  itemprop=\"mainEntityOfPage\" itemtype=\"https:\/\/schema.org\/mainEntityOfPage\" ><span itemprop='name'>XXII ASSEMBLEA SDFAM e DELEGAZIONE FAM D&#8217;ITALIA<\/span><\/span><\/span><\/article><article class='slide-entry flex_column  post-entry post-entry-5105 slide-entry-overview slide-loop-51 slide-parity-odd  av_one_third  real-thumbnail post-format-standard'  itemscope=\"itemscope\" itemtype=\"https:\/\/schema.org\/CreativeWork\" ><a href='http:\/\/www.amormisericordioso.org\/ita\/festa-del-santuario-dellamore-misericordioso-2\/' data-rel='slide-1' class='slide-image' title='FESTA del SANTUARIO DELL&#8217;AMORE MISERICORDIOSO'><img decoding=\"async\" width=\"300\" height=\"300\" src=\"http:\/\/www.amormisericordioso.org\/ita\/wp-content\/uploads\/2023\/09\/Immagini-in-Evidenza-SITO-AM-47-300x300.png\" class=\"wp-image-5107 avia-img-lazy-loading-not-5107 attachment-medium size-medium wp-post-image\" alt=\"\" srcset=\"http:\/\/www.amormisericordioso.org\/ita\/wp-content\/uploads\/2023\/09\/Immagini-in-Evidenza-SITO-AM-47-300x300.png 300w, http:\/\/www.amormisericordioso.org\/ita\/wp-content\/uploads\/2023\/09\/Immagini-in-Evidenza-SITO-AM-47-1030x1030.png 1030w, http:\/\/www.amormisericordioso.org\/ita\/wp-content\/uploads\/2023\/09\/Immagini-in-Evidenza-SITO-AM-47-80x80.png 80w, http:\/\/www.amormisericordioso.org\/ita\/wp-content\/uploads\/2023\/09\/Immagini-in-Evidenza-SITO-AM-47-768x768.png 768w, http:\/\/www.amormisericordioso.org\/ita\/wp-content\/uploads\/2023\/09\/Immagini-in-Evidenza-SITO-AM-47-36x36.png 36w, http:\/\/www.amormisericordioso.org\/ita\/wp-content\/uploads\/2023\/09\/Immagini-in-Evidenza-SITO-AM-47-180x180.png 180w, http:\/\/www.amormisericordioso.org\/ita\/wp-content\/uploads\/2023\/09\/Immagini-in-Evidenza-SITO-AM-47-705x705.png 705w, http:\/\/www.amormisericordioso.org\/ita\/wp-content\/uploads\/2023\/09\/Immagini-in-Evidenza-SITO-AM-47.png 1080w\" sizes=\"(max-width: 300px) 100vw, 300px\" \/><\/a><div class='slide-content'><header class=\"entry-content-header\"><h3 class='slide-entry-title entry-title '  itemprop=\"headline\" ><a href='http:\/\/www.amormisericordioso.org\/ita\/festa-del-santuario-dellamore-misericordioso-2\/' title='FESTA del SANTUARIO DELL&#8217;AMORE MISERICORDIOSO'>FESTA del SANTUARIO DELL&#8217;AMORE MISERICORDIOSO<\/a><\/h3><span class=\"av-vertical-delimiter\"><\/span><\/header><div class='slide-meta'><time class='slide-meta-time updated'  itemprop=\"datePublished\" datetime=\"2023-09-08T12:10:16+02:00\" >8 Settembre 2023<\/time><\/div><div class='slide-entry-excerpt entry-content'  itemprop=\"text\" >\n\n<\/div><\/div><footer class=\"entry-footer\"><\/footer><span class='hidden'>\n\t\t\t\t<span class='av-structured-data'  itemprop=\"image\" itemscope=\"itemscope\" itemtype=\"https:\/\/schema.org\/ImageObject\" >\n\t\t\t\t\t\t<span itemprop='url'>http:\/\/www.amormisericordioso.org\/ita\/wp-content\/uploads\/2023\/09\/Immagini-in-Evidenza-SITO-AM-47.png<\/span>\n\t\t\t\t\t\t<span itemprop='height'>1080<\/span>\n\t\t\t\t\t\t<span itemprop='width'>1080<\/span>\n\t\t\t\t<\/span>\n\t\t\t\t<span class='av-structured-data'  itemprop=\"publisher\" itemtype=\"https:\/\/schema.org\/Organization\" itemscope=\"itemscope\" >\n\t\t\t\t\t\t<span itemprop='name'>Famiglia dell'Amore Misericordioso<\/span>\n\t\t\t\t\t\t<span itemprop='logo' itemscope itemtype='https:\/\/schema.org\/ImageObject'>\n\t\t\t\t\t\t\t<span itemprop='url'>http:\/\/www.amormisericordioso.org\/ita\/wp-content\/uploads\/2018\/02\/logo-fam-italiano.png<\/span>\n\t\t\t\t\t\t <\/span>\n\t\t\t\t<\/span><span class='av-structured-data'  itemprop=\"author\" itemscope=\"itemscope\" itemtype=\"https:\/\/schema.org\/Person\" ><span itemprop='name'>Famiglia dell'Amore Misericordioso<\/span><\/span><span class='av-structured-data'  itemprop=\"datePublished\" datetime=\"2022-01-05T05:26:27+01:00\" >2023-09-08 12:10:16<\/span><span class='av-structured-data'  itemprop=\"dateModified\" itemtype=\"https:\/\/schema.org\/dateModified\" >2023-09-08 12:10:18<\/span><span class='av-structured-data'  itemprop=\"mainEntityOfPage\" itemtype=\"https:\/\/schema.org\/mainEntityOfPage\" ><span itemprop='name'>FESTA del SANTUARIO DELL&#8217;AMORE MISERICORDIOSO<\/span><\/span><\/span><\/article><\/div><div class='slide-entry-wrap'><article class='slide-entry flex_column  post-entry post-entry-5101 slide-entry-overview slide-loop-52 slide-parity-odd  av_one_third first real-thumbnail post-format-standard'  itemscope=\"itemscope\" itemtype=\"https:\/\/schema.org\/CreativeWork\" ><a href='http:\/\/www.amormisericordioso.org\/ita\/convegno-nazionale-2023-dei-laici-dellamore-misericordioso\/' data-rel='slide-1' class='slide-image' title='Convegno Nazionale 2023 dei LAICI DELL&#8217;AMORE MISERICORDIOSO'><img decoding=\"async\" width=\"300\" height=\"300\" src=\"http:\/\/www.amormisericordioso.org\/ita\/wp-content\/uploads\/2023\/09\/Immagini-in-Evidenza-SITO-AM-46-300x300.png\" class=\"wp-image-5103 avia-img-lazy-loading-not-5103 attachment-medium size-medium wp-post-image\" alt=\"\" srcset=\"http:\/\/www.amormisericordioso.org\/ita\/wp-content\/uploads\/2023\/09\/Immagini-in-Evidenza-SITO-AM-46-300x300.png 300w, http:\/\/www.amormisericordioso.org\/ita\/wp-content\/uploads\/2023\/09\/Immagini-in-Evidenza-SITO-AM-46-1030x1030.png 1030w, http:\/\/www.amormisericordioso.org\/ita\/wp-content\/uploads\/2023\/09\/Immagini-in-Evidenza-SITO-AM-46-80x80.png 80w, http:\/\/www.amormisericordioso.org\/ita\/wp-content\/uploads\/2023\/09\/Immagini-in-Evidenza-SITO-AM-46-768x768.png 768w, http:\/\/www.amormisericordioso.org\/ita\/wp-content\/uploads\/2023\/09\/Immagini-in-Evidenza-SITO-AM-46-36x36.png 36w, http:\/\/www.amormisericordioso.org\/ita\/wp-content\/uploads\/2023\/09\/Immagini-in-Evidenza-SITO-AM-46-180x180.png 180w, http:\/\/www.amormisericordioso.org\/ita\/wp-content\/uploads\/2023\/09\/Immagini-in-Evidenza-SITO-AM-46-705x705.png 705w, http:\/\/www.amormisericordioso.org\/ita\/wp-content\/uploads\/2023\/09\/Immagini-in-Evidenza-SITO-AM-46.png 1080w\" sizes=\"(max-width: 300px) 100vw, 300px\" \/><\/a><div class='slide-content'><header class=\"entry-content-header\"><h3 class='slide-entry-title entry-title '  itemprop=\"headline\" ><a href='http:\/\/www.amormisericordioso.org\/ita\/convegno-nazionale-2023-dei-laici-dellamore-misericordioso\/' title='Convegno Nazionale 2023 dei LAICI DELL&#8217;AMORE MISERICORDIOSO'>Convegno Nazionale 2023 dei LAICI DELL&#8217;AMORE MISERICORDIOSO<\/a><\/h3><span class=\"av-vertical-delimiter\"><\/span><\/header><div class='slide-meta'><time class='slide-meta-time updated'  itemprop=\"datePublished\" datetime=\"2023-09-08T12:06:52+02:00\" >8 Settembre 2023<\/time><\/div><div class='slide-entry-excerpt entry-content'  itemprop=\"text\" >\n\n<\/div><\/div><footer class=\"entry-footer\"><\/footer><span class='hidden'>\n\t\t\t\t<span class='av-structured-data'  itemprop=\"image\" itemscope=\"itemscope\" itemtype=\"https:\/\/schema.org\/ImageObject\" >\n\t\t\t\t\t\t<span itemprop='url'>http:\/\/www.amormisericordioso.org\/ita\/wp-content\/uploads\/2023\/09\/Immagini-in-Evidenza-SITO-AM-46.png<\/span>\n\t\t\t\t\t\t<span itemprop='height'>1080<\/span>\n\t\t\t\t\t\t<span itemprop='width'>1080<\/span>\n\t\t\t\t<\/span>\n\t\t\t\t<span class='av-structured-data'  itemprop=\"publisher\" itemtype=\"https:\/\/schema.org\/Organization\" itemscope=\"itemscope\" >\n\t\t\t\t\t\t<span itemprop='name'>Famiglia dell'Amore Misericordioso<\/span>\n\t\t\t\t\t\t<span itemprop='logo' itemscope itemtype='https:\/\/schema.org\/ImageObject'>\n\t\t\t\t\t\t\t<span itemprop='url'>http:\/\/www.amormisericordioso.org\/ita\/wp-content\/uploads\/2018\/02\/logo-fam-italiano.png<\/span>\n\t\t\t\t\t\t <\/span>\n\t\t\t\t<\/span><span class='av-structured-data'  itemprop=\"author\" itemscope=\"itemscope\" itemtype=\"https:\/\/schema.org\/Person\" ><span itemprop='name'>Famiglia dell'Amore Misericordioso<\/span><\/span><span class='av-structured-data'  itemprop=\"datePublished\" datetime=\"2022-01-05T05:26:27+01:00\" >2023-09-08 12:06:52<\/span><span class='av-structured-data'  itemprop=\"dateModified\" itemtype=\"https:\/\/schema.org\/dateModified\" >2023-09-08 12:06:55<\/span><span class='av-structured-data'  itemprop=\"mainEntityOfPage\" itemtype=\"https:\/\/schema.org\/mainEntityOfPage\" ><span itemprop='name'>Convegno Nazionale 2023 dei LAICI DELL&#8217;AMORE MISERICORDIOSO<\/span><\/span><\/span><\/article><article class='slide-entry flex_column  post-entry post-entry-5096 slide-entry-overview slide-loop-53 slide-parity-even  av_one_third  real-thumbnail post-format-standard'  itemscope=\"itemscope\" itemtype=\"https:\/\/schema.org\/CreativeWork\" ><a href='http:\/\/www.amormisericordioso.org\/ita\/prima-professione-di-maria-de-fatima-portela-del-lima\/' data-rel='slide-1' class='slide-image' title='PRIMA PROFESSIONE di Maria de Fatima Portela del Lima'><img decoding=\"async\" width=\"300\" height=\"169\" src=\"http:\/\/www.amormisericordioso.org\/ita\/wp-content\/uploads\/2023\/08\/cd1124f7-e952-4cde-95a7-4339689980dc-300x169.jpg\" class=\"wp-image-5097 avia-img-lazy-loading-not-5097 attachment-medium size-medium wp-post-image\" alt=\"\" srcset=\"http:\/\/www.amormisericordioso.org\/ita\/wp-content\/uploads\/2023\/08\/cd1124f7-e952-4cde-95a7-4339689980dc-300x169.jpg 300w, http:\/\/www.amormisericordioso.org\/ita\/wp-content\/uploads\/2023\/08\/cd1124f7-e952-4cde-95a7-4339689980dc.jpg 640w\" sizes=\"(max-width: 300px) 100vw, 300px\" \/><\/a><div class='slide-content'><header class=\"entry-content-header\"><h3 class='slide-entry-title entry-title '  itemprop=\"headline\" ><a href='http:\/\/www.amormisericordioso.org\/ita\/prima-professione-di-maria-de-fatima-portela-del-lima\/' title='PRIMA PROFESSIONE di Maria de Fatima Portela del Lima'>PRIMA PROFESSIONE di Maria de Fatima Portela del Lima<\/a><\/h3><span class=\"av-vertical-delimiter\"><\/span><\/header><div class='slide-meta'><time class='slide-meta-time updated'  itemprop=\"datePublished\" datetime=\"2023-08-31T12:44:28+02:00\" >31 Agosto 2023<\/time><\/div><div class='slide-entry-excerpt entry-content'  itemprop=\"text\" >\n\n<\/div><\/div><footer class=\"entry-footer\"><\/footer><span class='hidden'>\n\t\t\t\t<span class='av-structured-data'  itemprop=\"image\" itemscope=\"itemscope\" itemtype=\"https:\/\/schema.org\/ImageObject\" >\n\t\t\t\t\t\t<span itemprop='url'>http:\/\/www.amormisericordioso.org\/ita\/wp-content\/uploads\/2023\/08\/cd1124f7-e952-4cde-95a7-4339689980dc.jpg<\/span>\n\t\t\t\t\t\t<span itemprop='height'>360<\/span>\n\t\t\t\t\t\t<span itemprop='width'>640<\/span>\n\t\t\t\t<\/span>\n\t\t\t\t<span class='av-structured-data'  itemprop=\"publisher\" itemtype=\"https:\/\/schema.org\/Organization\" itemscope=\"itemscope\" >\n\t\t\t\t\t\t<span itemprop='name'>Famiglia dell'Amore Misericordioso<\/span>\n\t\t\t\t\t\t<span itemprop='logo' itemscope itemtype='https:\/\/schema.org\/ImageObject'>\n\t\t\t\t\t\t\t<span itemprop='url'>http:\/\/www.amormisericordioso.org\/ita\/wp-content\/uploads\/2018\/02\/logo-fam-italiano.png<\/span>\n\t\t\t\t\t\t <\/span>\n\t\t\t\t<\/span><span class='av-structured-data'  itemprop=\"author\" itemscope=\"itemscope\" itemtype=\"https:\/\/schema.org\/Person\" ><span itemprop='name'>Famiglia dell'Amore Misericordioso<\/span><\/span><span class='av-structured-data'  itemprop=\"datePublished\" datetime=\"2022-01-05T05:26:27+01:00\" >2023-08-31 12:44:28<\/span><span class='av-structured-data'  itemprop=\"dateModified\" itemtype=\"https:\/\/schema.org\/dateModified\" >2023-08-31 12:44:30<\/span><span class='av-structured-data'  itemprop=\"mainEntityOfPage\" itemtype=\"https:\/\/schema.org\/mainEntityOfPage\" ><span itemprop='name'>PRIMA PROFESSIONE di Maria de Fatima Portela del Lima<\/span><\/span><\/span><\/article><article class='slide-entry flex_column  post-entry post-entry-5092 slide-entry-overview slide-loop-54 slide-parity-odd  av_one_third  real-thumbnail post-format-standard'  itemscope=\"itemscope\" itemtype=\"https:\/\/schema.org\/CreativeWork\" ><a href='http:\/\/www.amormisericordioso.org\/ita\/25-anniversario-di-professione-religiosa-sr-cecilia-radavoiu-eam\/' data-rel='slide-1' class='slide-image' title='25\u00b0 ANNIVERSARIO di professione religiosa &#8211; sr. Cecilia Radavoiu EAM'><img decoding=\"async\" width=\"300\" height=\"215\" src=\"http:\/\/www.amormisericordioso.org\/ita\/wp-content\/uploads\/2023\/08\/HHH_page-0001-300x215.jpg\" class=\"wp-image-5093 avia-img-lazy-loading-not-5093 attachment-medium size-medium wp-post-image\" alt=\"\" srcset=\"http:\/\/www.amormisericordioso.org\/ita\/wp-content\/uploads\/2023\/08\/HHH_page-0001-300x215.jpg 300w, http:\/\/www.amormisericordioso.org\/ita\/wp-content\/uploads\/2023\/08\/HHH_page-0001-1030x739.jpg 1030w, http:\/\/www.amormisericordioso.org\/ita\/wp-content\/uploads\/2023\/08\/HHH_page-0001-768x551.jpg 768w, http:\/\/www.amormisericordioso.org\/ita\/wp-content\/uploads\/2023\/08\/HHH_page-0001-260x185.jpg 260w, http:\/\/www.amormisericordioso.org\/ita\/wp-content\/uploads\/2023\/08\/HHH_page-0001-705x506.jpg 705w, http:\/\/www.amormisericordioso.org\/ita\/wp-content\/uploads\/2023\/08\/HHH_page-0001.jpg 1216w\" sizes=\"(max-width: 300px) 100vw, 300px\" \/><\/a><div class='slide-content'><header class=\"entry-content-header\"><h3 class='slide-entry-title entry-title '  itemprop=\"headline\" ><a href='http:\/\/www.amormisericordioso.org\/ita\/25-anniversario-di-professione-religiosa-sr-cecilia-radavoiu-eam\/' title='25\u00b0 ANNIVERSARIO di professione religiosa &#8211; sr. Cecilia Radavoiu EAM'>25\u00b0 ANNIVERSARIO di professione religiosa &#8211; sr. Cecilia Radavoiu EAM<\/a><\/h3><span class=\"av-vertical-delimiter\"><\/span><\/header><div class='slide-meta'><time class='slide-meta-time updated'  itemprop=\"datePublished\" datetime=\"2023-08-31T12:42:51+02:00\" >31 Agosto 2023<\/time><\/div><div class='slide-entry-excerpt entry-content'  itemprop=\"text\" >\n\n<\/div><\/div><footer class=\"entry-footer\"><\/footer><span class='hidden'>\n\t\t\t\t<span class='av-structured-data'  itemprop=\"image\" itemscope=\"itemscope\" itemtype=\"https:\/\/schema.org\/ImageObject\" >\n\t\t\t\t\t\t<span itemprop='url'>http:\/\/www.amormisericordioso.org\/ita\/wp-content\/uploads\/2023\/08\/HHH_page-0001.jpg<\/span>\n\t\t\t\t\t\t<span itemprop='height'>872<\/span>\n\t\t\t\t\t\t<span itemprop='width'>1216<\/span>\n\t\t\t\t<\/span>\n\t\t\t\t<span class='av-structured-data'  itemprop=\"publisher\" itemtype=\"https:\/\/schema.org\/Organization\" itemscope=\"itemscope\" >\n\t\t\t\t\t\t<span itemprop='name'>Famiglia dell'Amore Misericordioso<\/span>\n\t\t\t\t\t\t<span itemprop='logo' itemscope itemtype='https:\/\/schema.org\/ImageObject'>\n\t\t\t\t\t\t\t<span itemprop='url'>http:\/\/www.amormisericordioso.org\/ita\/wp-content\/uploads\/2018\/02\/logo-fam-italiano.png<\/span>\n\t\t\t\t\t\t <\/span>\n\t\t\t\t<\/span><span class='av-structured-data'  itemprop=\"author\" itemscope=\"itemscope\" itemtype=\"https:\/\/schema.org\/Person\" ><span itemprop='name'>Famiglia dell'Amore Misericordioso<\/span><\/span><span class='av-structured-data'  itemprop=\"datePublished\" datetime=\"2022-01-05T05:26:27+01:00\" >2023-08-31 12:42:51<\/span><span class='av-structured-data'  itemprop=\"dateModified\" itemtype=\"https:\/\/schema.org\/dateModified\" >2023-08-31 12:42:54<\/span><span class='av-structured-data'  itemprop=\"mainEntityOfPage\" itemtype=\"https:\/\/schema.org\/mainEntityOfPage\" ><span itemprop='name'>25\u00b0 ANNIVERSARIO di professione religiosa &#8211; sr. Cecilia Radavoiu EAM<\/span><\/span><\/span><\/article><\/div><div class='slide-entry-wrap'><article class='slide-entry flex_column  post-entry post-entry-5065 slide-entry-overview slide-loop-55 slide-parity-odd  av_one_third first real-thumbnail post-format-standard'  itemscope=\"itemscope\" itemtype=\"https:\/\/schema.org\/CreativeWork\" ><a href='http:\/\/www.amormisericordioso.org\/ita\/progetto-giovani-2023-2024\/' data-rel='slide-1' class='slide-image' title='PROGETTO GIOVANI anno 2023-2024'><img decoding=\"async\" width=\"300\" height=\"300\" src=\"http:\/\/www.amormisericordioso.org\/ita\/wp-content\/uploads\/2023\/08\/Immagini-in-Evidenza-SITO-AM-44-300x300.png\" class=\"wp-image-5066 avia-img-lazy-loading-not-5066 attachment-medium size-medium wp-post-image\" alt=\"\" srcset=\"http:\/\/www.amormisericordioso.org\/ita\/wp-content\/uploads\/2023\/08\/Immagini-in-Evidenza-SITO-AM-44-300x300.png 300w, http:\/\/www.amormisericordioso.org\/ita\/wp-content\/uploads\/2023\/08\/Immagini-in-Evidenza-SITO-AM-44-1030x1030.png 1030w, http:\/\/www.amormisericordioso.org\/ita\/wp-content\/uploads\/2023\/08\/Immagini-in-Evidenza-SITO-AM-44-80x80.png 80w, http:\/\/www.amormisericordioso.org\/ita\/wp-content\/uploads\/2023\/08\/Immagini-in-Evidenza-SITO-AM-44-768x768.png 768w, http:\/\/www.amormisericordioso.org\/ita\/wp-content\/uploads\/2023\/08\/Immagini-in-Evidenza-SITO-AM-44-36x36.png 36w, http:\/\/www.amormisericordioso.org\/ita\/wp-content\/uploads\/2023\/08\/Immagini-in-Evidenza-SITO-AM-44-180x180.png 180w, http:\/\/www.amormisericordioso.org\/ita\/wp-content\/uploads\/2023\/08\/Immagini-in-Evidenza-SITO-AM-44-705x705.png 705w, http:\/\/www.amormisericordioso.org\/ita\/wp-content\/uploads\/2023\/08\/Immagini-in-Evidenza-SITO-AM-44.png 1080w\" sizes=\"(max-width: 300px) 100vw, 300px\" \/><\/a><div class='slide-content'><header class=\"entry-content-header\"><h3 class='slide-entry-title entry-title '  itemprop=\"headline\" ><a href='http:\/\/www.amormisericordioso.org\/ita\/progetto-giovani-2023-2024\/' title='PROGETTO GIOVANI anno 2023-2024'>PROGETTO GIOVANI anno 2023-2024<\/a><\/h3><span class=\"av-vertical-delimiter\"><\/span><\/header><div class='slide-meta'><time class='slide-meta-time updated'  itemprop=\"datePublished\" datetime=\"2023-08-26T11:41:40+02:00\" >26 Agosto 2023<\/time><\/div><div class='slide-entry-excerpt entry-content'  itemprop=\"text\" >\n\n<\/div><\/div><footer class=\"entry-footer\"><\/footer><span class='hidden'>\n\t\t\t\t<span class='av-structured-data'  itemprop=\"image\" itemscope=\"itemscope\" itemtype=\"https:\/\/schema.org\/ImageObject\" >\n\t\t\t\t\t\t<span itemprop='url'>http:\/\/www.amormisericordioso.org\/ita\/wp-content\/uploads\/2023\/08\/Immagini-in-Evidenza-SITO-AM-44.png<\/span>\n\t\t\t\t\t\t<span itemprop='height'>1080<\/span>\n\t\t\t\t\t\t<span itemprop='width'>1080<\/span>\n\t\t\t\t<\/span>\n\t\t\t\t<span class='av-structured-data'  itemprop=\"publisher\" itemtype=\"https:\/\/schema.org\/Organization\" itemscope=\"itemscope\" >\n\t\t\t\t\t\t<span itemprop='name'>Famiglia dell'Amore Misericordioso<\/span>\n\t\t\t\t\t\t<span itemprop='logo' itemscope itemtype='https:\/\/schema.org\/ImageObject'>\n\t\t\t\t\t\t\t<span itemprop='url'>http:\/\/www.amormisericordioso.org\/ita\/wp-content\/uploads\/2018\/02\/logo-fam-italiano.png<\/span>\n\t\t\t\t\t\t <\/span>\n\t\t\t\t<\/span><span class='av-structured-data'  itemprop=\"author\" itemscope=\"itemscope\" itemtype=\"https:\/\/schema.org\/Person\" ><span itemprop='name'>Famiglia dell'Amore Misericordioso<\/span><\/span><span class='av-structured-data'  itemprop=\"datePublished\" datetime=\"2022-01-05T05:26:27+01:00\" >2023-08-26 11:41:40<\/span><span class='av-structured-data'  itemprop=\"dateModified\" itemtype=\"https:\/\/schema.org\/dateModified\" >2023-08-26 11:45:28<\/span><span class='av-structured-data'  itemprop=\"mainEntityOfPage\" itemtype=\"https:\/\/schema.org\/mainEntityOfPage\" ><span itemprop='name'>PROGETTO GIOVANI anno 2023-2024<\/span><\/span><\/span><\/article><article class='slide-entry flex_column  post-entry post-entry-5023 slide-entry-overview slide-loop-56 slide-parity-even  av_one_third  real-thumbnail post-format-standard'  itemscope=\"itemscope\" itemtype=\"https:\/\/schema.org\/CreativeWork\" ><a href='http:\/\/www.amormisericordioso.org\/ita\/prima-professione-religiosa-di-weslley-vinicios-rodrigues-melo-brasile\/' data-rel='slide-1' class='slide-image' title='PRIMA PROFESSIONE RELIGIOSA di Weslley Vinicios Rodrigues Melo (BRASILE)'><img decoding=\"async\" width=\"300\" height=\"300\" src=\"http:\/\/www.amormisericordioso.org\/ita\/wp-content\/uploads\/2023\/08\/Immagini-in-Evidenza-SITO-AM-40-300x300.png\" class=\"wp-image-5020 avia-img-lazy-loading-not-5020 attachment-medium size-medium wp-post-image\" alt=\"\" srcset=\"http:\/\/www.amormisericordioso.org\/ita\/wp-content\/uploads\/2023\/08\/Immagini-in-Evidenza-SITO-AM-40-300x300.png 300w, http:\/\/www.amormisericordioso.org\/ita\/wp-content\/uploads\/2023\/08\/Immagini-in-Evidenza-SITO-AM-40-1030x1030.png 1030w, http:\/\/www.amormisericordioso.org\/ita\/wp-content\/uploads\/2023\/08\/Immagini-in-Evidenza-SITO-AM-40-80x80.png 80w, http:\/\/www.amormisericordioso.org\/ita\/wp-content\/uploads\/2023\/08\/Immagini-in-Evidenza-SITO-AM-40-768x768.png 768w, http:\/\/www.amormisericordioso.org\/ita\/wp-content\/uploads\/2023\/08\/Immagini-in-Evidenza-SITO-AM-40-36x36.png 36w, http:\/\/www.amormisericordioso.org\/ita\/wp-content\/uploads\/2023\/08\/Immagini-in-Evidenza-SITO-AM-40-180x180.png 180w, http:\/\/www.amormisericordioso.org\/ita\/wp-content\/uploads\/2023\/08\/Immagini-in-Evidenza-SITO-AM-40-705x705.png 705w, http:\/\/www.amormisericordioso.org\/ita\/wp-content\/uploads\/2023\/08\/Immagini-in-Evidenza-SITO-AM-40.png 1080w\" sizes=\"(max-width: 300px) 100vw, 300px\" \/><\/a><div class='slide-content'><header class=\"entry-content-header\"><h3 class='slide-entry-title entry-title '  itemprop=\"headline\" ><a href='http:\/\/www.amormisericordioso.org\/ita\/prima-professione-religiosa-di-weslley-vinicios-rodrigues-melo-brasile\/' title='PRIMA PROFESSIONE RELIGIOSA di Weslley Vinicios Rodrigues Melo (BRASILE)'>PRIMA PROFESSIONE RELIGIOSA di Weslley Vinicios Rodrigues Melo (BRASILE)<\/a><\/h3><span class=\"av-vertical-delimiter\"><\/span><\/header><div class='slide-meta'><div class='slide-meta-comments'><a href='http:\/\/www.amormisericordioso.org\/ita\/prima-professione-religiosa-di-weslley-vinicios-rodrigues-melo-brasile\/#respond'>0 Commenti<\/a><\/div><div class='slide-meta-del'>\/<\/div><time class='slide-meta-time updated'  itemprop=\"datePublished\" datetime=\"2023-08-13T16:55:27+02:00\" >13 Agosto 2023<\/time><\/div><div class='slide-entry-excerpt entry-content'  itemprop=\"text\" >\n\n<\/div><\/div><footer class=\"entry-footer\"><\/footer><span class='hidden'>\n\t\t\t\t<span class='av-structured-data'  itemprop=\"image\" itemscope=\"itemscope\" itemtype=\"https:\/\/schema.org\/ImageObject\" >\n\t\t\t\t\t\t<span itemprop='url'>http:\/\/www.amormisericordioso.org\/ita\/wp-content\/uploads\/2023\/08\/Immagini-in-Evidenza-SITO-AM-40.png<\/span>\n\t\t\t\t\t\t<span itemprop='height'>1080<\/span>\n\t\t\t\t\t\t<span itemprop='width'>1080<\/span>\n\t\t\t\t<\/span>\n\t\t\t\t<span class='av-structured-data'  itemprop=\"publisher\" itemtype=\"https:\/\/schema.org\/Organization\" itemscope=\"itemscope\" >\n\t\t\t\t\t\t<span itemprop='name'>Famiglia dell'Amore Misericordioso<\/span>\n\t\t\t\t\t\t<span itemprop='logo' itemscope itemtype='https:\/\/schema.org\/ImageObject'>\n\t\t\t\t\t\t\t<span itemprop='url'>http:\/\/www.amormisericordioso.org\/ita\/wp-content\/uploads\/2018\/02\/logo-fam-italiano.png<\/span>\n\t\t\t\t\t\t <\/span>\n\t\t\t\t<\/span><span class='av-structured-data'  itemprop=\"author\" itemscope=\"itemscope\" itemtype=\"https:\/\/schema.org\/Person\" ><span itemprop='name'>Famiglia dell'Amore Misericordioso<\/span><\/span><span class='av-structured-data'  itemprop=\"datePublished\" datetime=\"2022-01-05T05:26:27+01:00\" >2023-08-13 16:55:27<\/span><span class='av-structured-data'  itemprop=\"dateModified\" itemtype=\"https:\/\/schema.org\/dateModified\" >2023-08-13 16:55:30<\/span><span class='av-structured-data'  itemprop=\"mainEntityOfPage\" itemtype=\"https:\/\/schema.org\/mainEntityOfPage\" ><span itemprop='name'>PRIMA PROFESSIONE RELIGIOSA di Weslley Vinicios Rodrigues Melo (BRASILE)<\/span><\/span><\/span><\/article><article class='slide-entry flex_column  post-entry post-entry-5017 slide-entry-overview slide-loop-57 slide-parity-odd  av_one_third  real-thumbnail post-format-standard'  itemscope=\"itemscope\" itemtype=\"https:\/\/schema.org\/CreativeWork\" ><a href='http:\/\/www.amormisericordioso.org\/ita\/passaggi-formativi-fam-nella-missione-in-india\/' data-rel='slide-1' class='slide-image' title='Passaggi formativi FAM nella MISSIONE IN INDIA'><img decoding=\"async\" width=\"300\" height=\"300\" src=\"http:\/\/www.amormisericordioso.org\/ita\/wp-content\/uploads\/2023\/08\/Immagini-in-Evidenza-SITO-AM-40-300x300.png\" class=\"wp-image-5020 avia-img-lazy-loading-not-5020 attachment-medium size-medium wp-post-image\" alt=\"\" srcset=\"http:\/\/www.amormisericordioso.org\/ita\/wp-content\/uploads\/2023\/08\/Immagini-in-Evidenza-SITO-AM-40-300x300.png 300w, http:\/\/www.amormisericordioso.org\/ita\/wp-content\/uploads\/2023\/08\/Immagini-in-Evidenza-SITO-AM-40-1030x1030.png 1030w, http:\/\/www.amormisericordioso.org\/ita\/wp-content\/uploads\/2023\/08\/Immagini-in-Evidenza-SITO-AM-40-80x80.png 80w, http:\/\/www.amormisericordioso.org\/ita\/wp-content\/uploads\/2023\/08\/Immagini-in-Evidenza-SITO-AM-40-768x768.png 768w, http:\/\/www.amormisericordioso.org\/ita\/wp-content\/uploads\/2023\/08\/Immagini-in-Evidenza-SITO-AM-40-36x36.png 36w, http:\/\/www.amormisericordioso.org\/ita\/wp-content\/uploads\/2023\/08\/Immagini-in-Evidenza-SITO-AM-40-180x180.png 180w, http:\/\/www.amormisericordioso.org\/ita\/wp-content\/uploads\/2023\/08\/Immagini-in-Evidenza-SITO-AM-40-705x705.png 705w, http:\/\/www.amormisericordioso.org\/ita\/wp-content\/uploads\/2023\/08\/Immagini-in-Evidenza-SITO-AM-40.png 1080w\" sizes=\"(max-width: 300px) 100vw, 300px\" \/><\/a><div class='slide-content'><header class=\"entry-content-header\"><h3 class='slide-entry-title entry-title '  itemprop=\"headline\" ><a href='http:\/\/www.amormisericordioso.org\/ita\/passaggi-formativi-fam-nella-missione-in-india\/' title='Passaggi formativi FAM nella MISSIONE IN INDIA'>Passaggi formativi FAM nella MISSIONE IN INDIA<\/a><\/h3><span class=\"av-vertical-delimiter\"><\/span><\/header><div class='slide-meta'><div class='slide-meta-comments'><a href='http:\/\/www.amormisericordioso.org\/ita\/passaggi-formativi-fam-nella-missione-in-india\/#respond'>0 Commenti<\/a><\/div><div class='slide-meta-del'>\/<\/div><time class='slide-meta-time updated'  itemprop=\"datePublished\" datetime=\"2023-08-13T16:54:22+02:00\" >13 Agosto 2023<\/time><\/div><div class='slide-entry-excerpt entry-content'  itemprop=\"text\" >\n\n<\/div><\/div><footer class=\"entry-footer\"><\/footer><span class='hidden'>\n\t\t\t\t<span class='av-structured-data'  itemprop=\"image\" itemscope=\"itemscope\" itemtype=\"https:\/\/schema.org\/ImageObject\" >\n\t\t\t\t\t\t<span itemprop='url'>http:\/\/www.amormisericordioso.org\/ita\/wp-content\/uploads\/2023\/08\/Immagini-in-Evidenza-SITO-AM-40.png<\/span>\n\t\t\t\t\t\t<span itemprop='height'>1080<\/span>\n\t\t\t\t\t\t<span itemprop='width'>1080<\/span>\n\t\t\t\t<\/span>\n\t\t\t\t<span class='av-structured-data'  itemprop=\"publisher\" itemtype=\"https:\/\/schema.org\/Organization\" itemscope=\"itemscope\" >\n\t\t\t\t\t\t<span itemprop='name'>Famiglia dell'Amore Misericordioso<\/span>\n\t\t\t\t\t\t<span itemprop='logo' itemscope itemtype='https:\/\/schema.org\/ImageObject'>\n\t\t\t\t\t\t\t<span itemprop='url'>http:\/\/www.amormisericordioso.org\/ita\/wp-content\/uploads\/2018\/02\/logo-fam-italiano.png<\/span>\n\t\t\t\t\t\t <\/span>\n\t\t\t\t<\/span><span class='av-structured-data'  itemprop=\"author\" itemscope=\"itemscope\" itemtype=\"https:\/\/schema.org\/Person\" ><span itemprop='name'>Famiglia dell'Amore Misericordioso<\/span><\/span><span class='av-structured-data'  itemprop=\"datePublished\" datetime=\"2022-01-05T05:26:27+01:00\" >2023-08-13 16:54:22<\/span><span class='av-structured-data'  itemprop=\"dateModified\" itemtype=\"https:\/\/schema.org\/dateModified\" >2023-08-13 16:54:25<\/span><span class='av-structured-data'  itemprop=\"mainEntityOfPage\" itemtype=\"https:\/\/schema.org\/mainEntityOfPage\" ><span itemprop='name'>Passaggi formativi FAM nella MISSIONE IN INDIA<\/span><\/span><\/span><\/article><\/div><div class='slide-entry-wrap'><article class='slide-entry flex_column  post-entry post-entry-4941 slide-entry-overview slide-loop-58 slide-parity-odd  av_one_third first real-thumbnail post-format-standard'  itemscope=\"itemscope\" itemtype=\"https:\/\/schema.org\/CreativeWork\" ><a href='http:\/\/www.amormisericordioso.org\/ita\/ordinazione-presbiterale-di-p-rosario-marino-fam\/' data-rel='slide-1' class='slide-image' title='ORDINAZIONE PRESBITERALE di p. Rosario Marino FAM'><img decoding=\"async\" width=\"300\" height=\"218\" src=\"http:\/\/www.amormisericordioso.org\/ita\/wp-content\/uploads\/2023\/05\/426f5a6123ab6cdb183006a066d4173c-300x218.jpg\" class=\"wp-image-4943 avia-img-lazy-loading-not-4943 attachment-medium size-medium wp-post-image\" alt=\"\" srcset=\"http:\/\/www.amormisericordioso.org\/ita\/wp-content\/uploads\/2023\/05\/426f5a6123ab6cdb183006a066d4173c-300x218.jpg 300w, http:\/\/www.amormisericordioso.org\/ita\/wp-content\/uploads\/2023\/05\/426f5a6123ab6cdb183006a066d4173c-1030x749.jpg 1030w, http:\/\/www.amormisericordioso.org\/ita\/wp-content\/uploads\/2023\/05\/426f5a6123ab6cdb183006a066d4173c-768x559.jpg 768w, http:\/\/www.amormisericordioso.org\/ita\/wp-content\/uploads\/2023\/05\/426f5a6123ab6cdb183006a066d4173c-705x513.jpg 705w, http:\/\/www.amormisericordioso.org\/ita\/wp-content\/uploads\/2023\/05\/426f5a6123ab6cdb183006a066d4173c.jpg 1280w\" sizes=\"(max-width: 300px) 100vw, 300px\" \/><\/a><div class='slide-content'><header class=\"entry-content-header\"><h3 class='slide-entry-title entry-title '  itemprop=\"headline\" ><a href='http:\/\/www.amormisericordioso.org\/ita\/ordinazione-presbiterale-di-p-rosario-marino-fam\/' title='ORDINAZIONE PRESBITERALE di p. Rosario Marino FAM'>ORDINAZIONE PRESBITERALE di p. Rosario Marino FAM<\/a><\/h3><span class=\"av-vertical-delimiter\"><\/span><\/header><div class='slide-meta'><div class='slide-meta-comments'><a href='http:\/\/www.amormisericordioso.org\/ita\/ordinazione-presbiterale-di-p-rosario-marino-fam\/#respond'>0 Commenti<\/a><\/div><div class='slide-meta-del'>\/<\/div><time class='slide-meta-time updated'  itemprop=\"datePublished\" datetime=\"2023-06-18T06:00:00+02:00\" >18 Giugno 2023<\/time><\/div><div class='slide-entry-excerpt entry-content'  itemprop=\"text\" >\n\n\n\n\n\n<\/div><\/div><footer class=\"entry-footer\"><\/footer><span class='hidden'>\n\t\t\t\t<span class='av-structured-data'  itemprop=\"image\" itemscope=\"itemscope\" itemtype=\"https:\/\/schema.org\/ImageObject\" >\n\t\t\t\t\t\t<span itemprop='url'>http:\/\/www.amormisericordioso.org\/ita\/wp-content\/uploads\/2023\/05\/426f5a6123ab6cdb183006a066d4173c.jpg<\/span>\n\t\t\t\t\t\t<span itemprop='height'>931<\/span>\n\t\t\t\t\t\t<span itemprop='width'>1280<\/span>\n\t\t\t\t<\/span>\n\t\t\t\t<span class='av-structured-data'  itemprop=\"publisher\" itemtype=\"https:\/\/schema.org\/Organization\" itemscope=\"itemscope\" >\n\t\t\t\t\t\t<span itemprop='name'>Famiglia dell'Amore Misericordioso<\/span>\n\t\t\t\t\t\t<span itemprop='logo' itemscope itemtype='https:\/\/schema.org\/ImageObject'>\n\t\t\t\t\t\t\t<span itemprop='url'>http:\/\/www.amormisericordioso.org\/ita\/wp-content\/uploads\/2018\/02\/logo-fam-italiano.png<\/span>\n\t\t\t\t\t\t <\/span>\n\t\t\t\t<\/span><span class='av-structured-data'  itemprop=\"author\" itemscope=\"itemscope\" itemtype=\"https:\/\/schema.org\/Person\" ><span itemprop='name'>Famiglia dell'Amore Misericordioso<\/span><\/span><span class='av-structured-data'  itemprop=\"datePublished\" datetime=\"2022-01-05T05:26:27+01:00\" >2023-06-18 06:00:00<\/span><span class='av-structured-data'  itemprop=\"dateModified\" itemtype=\"https:\/\/schema.org\/dateModified\" >2023-05-10 17:20:35<\/span><span class='av-structured-data'  itemprop=\"mainEntityOfPage\" itemtype=\"https:\/\/schema.org\/mainEntityOfPage\" ><span itemprop='name'>ORDINAZIONE PRESBITERALE di p. Rosario Marino FAM<\/span><\/span><\/span><\/article><article class='slide-entry flex_column  post-entry post-entry-4945 slide-entry-overview slide-loop-59 slide-parity-even  av_one_third  real-thumbnail post-format-standard'  itemscope=\"itemscope\" itemtype=\"https:\/\/schema.org\/CreativeWork\" ><a href='http:\/\/www.amormisericordioso.org\/ita\/ordinazione-diaconale-di-fr-filippo-digregorio-fam\/' data-rel='slide-1' class='slide-image' title='ORDINAZIONE DIACONALE di fr. Filippo Digregorio FAM'><img decoding=\"async\" width=\"300\" height=\"174\" src=\"http:\/\/www.amormisericordioso.org\/ita\/wp-content\/uploads\/2023\/05\/thumbnail_Gianluca_Benedetti_Roma_CITARE-30-300x174.jpg\" class=\"wp-image-4947 avia-img-lazy-loading-not-4947 attachment-medium size-medium wp-post-image\" alt=\"\" srcset=\"http:\/\/www.amormisericordioso.org\/ita\/wp-content\/uploads\/2023\/05\/thumbnail_Gianluca_Benedetti_Roma_CITARE-30-300x174.jpg 300w, http:\/\/www.amormisericordioso.org\/ita\/wp-content\/uploads\/2023\/05\/thumbnail_Gianluca_Benedetti_Roma_CITARE-30-1030x599.jpg 1030w, http:\/\/www.amormisericordioso.org\/ita\/wp-content\/uploads\/2023\/05\/thumbnail_Gianluca_Benedetti_Roma_CITARE-30-768x446.jpg 768w, http:\/\/www.amormisericordioso.org\/ita\/wp-content\/uploads\/2023\/05\/thumbnail_Gianluca_Benedetti_Roma_CITARE-30-705x410.jpg 705w, http:\/\/www.amormisericordioso.org\/ita\/wp-content\/uploads\/2023\/05\/thumbnail_Gianluca_Benedetti_Roma_CITARE-30.jpg 1280w\" sizes=\"(max-width: 300px) 100vw, 300px\" \/><\/a><div class='slide-content'><header class=\"entry-content-header\"><h3 class='slide-entry-title entry-title '  itemprop=\"headline\" ><a href='http:\/\/www.amormisericordioso.org\/ita\/ordinazione-diaconale-di-fr-filippo-digregorio-fam\/' title='ORDINAZIONE DIACONALE di fr. Filippo Digregorio FAM'>ORDINAZIONE DIACONALE di fr. Filippo Digregorio FAM<\/a><\/h3><span class=\"av-vertical-delimiter\"><\/span><\/header><div class='slide-meta'><div class='slide-meta-comments'><a href='http:\/\/www.amormisericordioso.org\/ita\/ordinazione-diaconale-di-fr-filippo-digregorio-fam\/#respond'>0 Commenti<\/a><\/div><div class='slide-meta-del'>\/<\/div><time class='slide-meta-time updated'  itemprop=\"datePublished\" datetime=\"2023-05-28T06:00:00+02:00\" >28 Maggio 2023<\/time><\/div><div class='slide-entry-excerpt entry-content'  itemprop=\"text\" >\n\n<\/div><\/div><footer class=\"entry-footer\"><\/footer><span class='hidden'>\n\t\t\t\t<span class='av-structured-data'  itemprop=\"image\" itemscope=\"itemscope\" itemtype=\"https:\/\/schema.org\/ImageObject\" >\n\t\t\t\t\t\t<span itemprop='url'>http:\/\/www.amormisericordioso.org\/ita\/wp-content\/uploads\/2023\/05\/thumbnail_Gianluca_Benedetti_Roma_CITARE-30.jpg<\/span>\n\t\t\t\t\t\t<span itemprop='height'>744<\/span>\n\t\t\t\t\t\t<span itemprop='width'>1280<\/span>\n\t\t\t\t<\/span>\n\t\t\t\t<span class='av-structured-data'  itemprop=\"publisher\" itemtype=\"https:\/\/schema.org\/Organization\" itemscope=\"itemscope\" >\n\t\t\t\t\t\t<span itemprop='name'>Famiglia dell'Amore Misericordioso<\/span>\n\t\t\t\t\t\t<span itemprop='logo' itemscope itemtype='https:\/\/schema.org\/ImageObject'>\n\t\t\t\t\t\t\t<span itemprop='url'>http:\/\/www.amormisericordioso.org\/ita\/wp-content\/uploads\/2018\/02\/logo-fam-italiano.png<\/span>\n\t\t\t\t\t\t <\/span>\n\t\t\t\t<\/span><span class='av-structured-data'  itemprop=\"author\" itemscope=\"itemscope\" itemtype=\"https:\/\/schema.org\/Person\" ><span itemprop='name'>Famiglia dell'Amore Misericordioso<\/span><\/span><span class='av-structured-data'  itemprop=\"datePublished\" datetime=\"2022-01-05T05:26:27+01:00\" >2023-05-28 06:00:00<\/span><span class='av-structured-data'  itemprop=\"dateModified\" itemtype=\"https:\/\/schema.org\/dateModified\" >2023-05-11 09:21:26<\/span><span class='av-structured-data'  itemprop=\"mainEntityOfPage\" itemtype=\"https:\/\/schema.org\/mainEntityOfPage\" ><span itemprop='name'>ORDINAZIONE DIACONALE di fr. Filippo Digregorio FAM<\/span><\/span><\/span><\/article><article class='slide-entry flex_column  post-entry post-entry-4926 slide-entry-overview slide-loop-60 slide-parity-odd  av_one_third  real-thumbnail post-format-standard'  itemscope=\"itemscope\" itemtype=\"https:\/\/schema.org\/CreativeWork\" ><a href='http:\/\/www.amormisericordioso.org\/ita\/prima-professione-religiosa-di-br-antonio-dayanap-dilidili-jr\/' data-rel='slide-1' class='slide-image' title='PRIMA PROFESSIONE RELIGIOSA di br. Antonio Dayanap DiliDili Jr.'><img decoding=\"async\" width=\"300\" height=\"300\" src=\"http:\/\/www.amormisericordioso.org\/ita\/wp-content\/uploads\/2023\/05\/Immagini-in-Evidenza-SITO-AM-29-300x300.png\" class=\"wp-image-4928 avia-img-lazy-loading-not-4928 attachment-medium size-medium wp-post-image\" alt=\"\" srcset=\"http:\/\/www.amormisericordioso.org\/ita\/wp-content\/uploads\/2023\/05\/Immagini-in-Evidenza-SITO-AM-29-300x300.png 300w, http:\/\/www.amormisericordioso.org\/ita\/wp-content\/uploads\/2023\/05\/Immagini-in-Evidenza-SITO-AM-29-1030x1030.png 1030w, http:\/\/www.amormisericordioso.org\/ita\/wp-content\/uploads\/2023\/05\/Immagini-in-Evidenza-SITO-AM-29-80x80.png 80w, http:\/\/www.amormisericordioso.org\/ita\/wp-content\/uploads\/2023\/05\/Immagini-in-Evidenza-SITO-AM-29-768x768.png 768w, http:\/\/www.amormisericordioso.org\/ita\/wp-content\/uploads\/2023\/05\/Immagini-in-Evidenza-SITO-AM-29-36x36.png 36w, http:\/\/www.amormisericordioso.org\/ita\/wp-content\/uploads\/2023\/05\/Immagini-in-Evidenza-SITO-AM-29-180x180.png 180w, http:\/\/www.amormisericordioso.org\/ita\/wp-content\/uploads\/2023\/05\/Immagini-in-Evidenza-SITO-AM-29-705x705.png 705w, http:\/\/www.amormisericordioso.org\/ita\/wp-content\/uploads\/2023\/05\/Immagini-in-Evidenza-SITO-AM-29.png 1080w\" sizes=\"(max-width: 300px) 100vw, 300px\" \/><\/a><div class='slide-content'><header class=\"entry-content-header\"><h3 class='slide-entry-title entry-title '  itemprop=\"headline\" ><a href='http:\/\/www.amormisericordioso.org\/ita\/prima-professione-religiosa-di-br-antonio-dayanap-dilidili-jr\/' title='PRIMA PROFESSIONE RELIGIOSA di br. Antonio Dayanap DiliDili Jr.'>PRIMA PROFESSIONE RELIGIOSA di br. Antonio Dayanap DiliDili Jr.<\/a><\/h3><span class=\"av-vertical-delimiter\"><\/span><\/header><div class='slide-meta'><div class='slide-meta-comments'><a href='http:\/\/www.amormisericordioso.org\/ita\/prima-professione-religiosa-di-br-antonio-dayanap-dilidili-jr\/#respond'>0 Commenti<\/a><\/div><div class='slide-meta-del'>\/<\/div><time class='slide-meta-time updated'  itemprop=\"datePublished\" datetime=\"2023-05-03T10:45:49+02:00\" >3 Maggio 2023<\/time><\/div><div class='slide-entry-excerpt entry-content'  itemprop=\"text\" >\n\n<\/div><\/div><footer class=\"entry-footer\"><\/footer><span class='hidden'>\n\t\t\t\t<span class='av-structured-data'  itemprop=\"image\" itemscope=\"itemscope\" itemtype=\"https:\/\/schema.org\/ImageObject\" >\n\t\t\t\t\t\t<span itemprop='url'>http:\/\/www.amormisericordioso.org\/ita\/wp-content\/uploads\/2023\/05\/Immagini-in-Evidenza-SITO-AM-29.png<\/span>\n\t\t\t\t\t\t<span itemprop='height'>1080<\/span>\n\t\t\t\t\t\t<span itemprop='width'>1080<\/span>\n\t\t\t\t<\/span>\n\t\t\t\t<span class='av-structured-data'  itemprop=\"publisher\" itemtype=\"https:\/\/schema.org\/Organization\" itemscope=\"itemscope\" >\n\t\t\t\t\t\t<span itemprop='name'>Famiglia dell'Amore Misericordioso<\/span>\n\t\t\t\t\t\t<span itemprop='logo' itemscope itemtype='https:\/\/schema.org\/ImageObject'>\n\t\t\t\t\t\t\t<span itemprop='url'>http:\/\/www.amormisericordioso.org\/ita\/wp-content\/uploads\/2018\/02\/logo-fam-italiano.png<\/span>\n\t\t\t\t\t\t <\/span>\n\t\t\t\t<\/span><span class='av-structured-data'  itemprop=\"author\" itemscope=\"itemscope\" itemtype=\"https:\/\/schema.org\/Person\" ><span itemprop='name'>Famiglia dell'Amore Misericordioso<\/span><\/span><span class='av-structured-data'  itemprop=\"datePublished\" datetime=\"2022-01-05T05:26:27+01:00\" >2023-05-03 10:45:49<\/span><span class='av-structured-data'  itemprop=\"dateModified\" itemtype=\"https:\/\/schema.org\/dateModified\" >2023-05-03 10:45:51<\/span><span class='av-structured-data'  itemprop=\"mainEntityOfPage\" itemtype=\"https:\/\/schema.org\/mainEntityOfPage\" ><span itemprop='name'>PRIMA PROFESSIONE RELIGIOSA di br. Antonio Dayanap DiliDili Jr.<\/span><\/span><\/span><\/article><\/div><div class='slide-entry-wrap'><article class='slide-entry flex_column  post-entry post-entry-4888 slide-entry-overview slide-loop-61 slide-parity-odd  av_one_third first real-thumbnail post-format-standard'  itemscope=\"itemscope\" itemtype=\"https:\/\/schema.org\/CreativeWork\" ><a href='http:\/\/www.amormisericordioso.org\/ita\/esercizi-spirituali-2023-santuario-dellamore-misericordioso\/' data-rel='slide-1' class='slide-image' title='ESERCIZI SPIRITUALI 2023 Santuario dell&#8217;Amore Misericordioso'><img decoding=\"async\" width=\"300\" height=\"300\" src=\"http:\/\/www.amormisericordioso.org\/ita\/wp-content\/uploads\/2023\/04\/Immagini-in-Evidenza-SITO-AM-24-300x300.png\" class=\"wp-image-4890 avia-img-lazy-loading-not-4890 attachment-medium size-medium wp-post-image\" alt=\"\" srcset=\"http:\/\/www.amormisericordioso.org\/ita\/wp-content\/uploads\/2023\/04\/Immagini-in-Evidenza-SITO-AM-24-300x300.png 300w, http:\/\/www.amormisericordioso.org\/ita\/wp-content\/uploads\/2023\/04\/Immagini-in-Evidenza-SITO-AM-24-1030x1030.png 1030w, http:\/\/www.amormisericordioso.org\/ita\/wp-content\/uploads\/2023\/04\/Immagini-in-Evidenza-SITO-AM-24-80x80.png 80w, http:\/\/www.amormisericordioso.org\/ita\/wp-content\/uploads\/2023\/04\/Immagini-in-Evidenza-SITO-AM-24-768x768.png 768w, http:\/\/www.amormisericordioso.org\/ita\/wp-content\/uploads\/2023\/04\/Immagini-in-Evidenza-SITO-AM-24-36x36.png 36w, http:\/\/www.amormisericordioso.org\/ita\/wp-content\/uploads\/2023\/04\/Immagini-in-Evidenza-SITO-AM-24-180x180.png 180w, http:\/\/www.amormisericordioso.org\/ita\/wp-content\/uploads\/2023\/04\/Immagini-in-Evidenza-SITO-AM-24-705x705.png 705w, http:\/\/www.amormisericordioso.org\/ita\/wp-content\/uploads\/2023\/04\/Immagini-in-Evidenza-SITO-AM-24.png 1080w\" sizes=\"(max-width: 300px) 100vw, 300px\" \/><\/a><div class='slide-content'><header class=\"entry-content-header\"><h3 class='slide-entry-title entry-title '  itemprop=\"headline\" ><a href='http:\/\/www.amormisericordioso.org\/ita\/esercizi-spirituali-2023-santuario-dellamore-misericordioso\/' title='ESERCIZI SPIRITUALI 2023 Santuario dell&#8217;Amore Misericordioso'>ESERCIZI SPIRITUALI 2023 Santuario dell&#8217;Amore Misericordioso<\/a><\/h3><span class=\"av-vertical-delimiter\"><\/span><\/header><div class='slide-meta'><div class='slide-meta-comments'><a href='http:\/\/www.amormisericordioso.org\/ita\/esercizi-spirituali-2023-santuario-dellamore-misericordioso\/#respond'>0 Commenti<\/a><\/div><div class='slide-meta-del'>\/<\/div><time class='slide-meta-time updated'  itemprop=\"datePublished\" datetime=\"2023-04-17T16:10:29+02:00\" >17 Aprile 2023<\/time><\/div><div class='slide-entry-excerpt entry-content'  itemprop=\"text\" >\n\n<\/div><\/div><footer class=\"entry-footer\"><\/footer><span class='hidden'>\n\t\t\t\t<span class='av-structured-data'  itemprop=\"image\" itemscope=\"itemscope\" itemtype=\"https:\/\/schema.org\/ImageObject\" >\n\t\t\t\t\t\t<span itemprop='url'>http:\/\/www.amormisericordioso.org\/ita\/wp-content\/uploads\/2023\/04\/Immagini-in-Evidenza-SITO-AM-24.png<\/span>\n\t\t\t\t\t\t<span itemprop='height'>1080<\/span>\n\t\t\t\t\t\t<span itemprop='width'>1080<\/span>\n\t\t\t\t<\/span>\n\t\t\t\t<span class='av-structured-data'  itemprop=\"publisher\" itemtype=\"https:\/\/schema.org\/Organization\" itemscope=\"itemscope\" >\n\t\t\t\t\t\t<span itemprop='name'>Famiglia dell'Amore Misericordioso<\/span>\n\t\t\t\t\t\t<span itemprop='logo' itemscope itemtype='https:\/\/schema.org\/ImageObject'>\n\t\t\t\t\t\t\t<span itemprop='url'>http:\/\/www.amormisericordioso.org\/ita\/wp-content\/uploads\/2018\/02\/logo-fam-italiano.png<\/span>\n\t\t\t\t\t\t <\/span>\n\t\t\t\t<\/span><span class='av-structured-data'  itemprop=\"author\" itemscope=\"itemscope\" itemtype=\"https:\/\/schema.org\/Person\" ><span itemprop='name'>Famiglia dell'Amore Misericordioso<\/span><\/span><span class='av-structured-data'  itemprop=\"datePublished\" datetime=\"2022-01-05T05:26:27+01:00\" >2023-04-17 16:10:29<\/span><span class='av-structured-data'  itemprop=\"dateModified\" itemtype=\"https:\/\/schema.org\/dateModified\" >2023-04-17 16:10:31<\/span><span class='av-structured-data'  itemprop=\"mainEntityOfPage\" itemtype=\"https:\/\/schema.org\/mainEntityOfPage\" ><span itemprop='name'>ESERCIZI SPIRITUALI 2023 Santuario dell&#8217;Amore Misericordioso<\/span><\/span><\/span><\/article><article class='slide-entry flex_column  post-entry post-entry-4884 slide-entry-overview slide-loop-62 slide-parity-even  av_one_third  real-thumbnail post-format-standard'  itemscope=\"itemscope\" itemtype=\"https:\/\/schema.org\/CreativeWork\" ><a href='http:\/\/www.amormisericordioso.org\/ita\/corso-giovani-over-18-amati-per-amare\/' data-rel='slide-1' class='slide-image' title='Corso giovani over 18 &#8211; AMATI PER AMARE'><img decoding=\"async\" width=\"300\" height=\"300\" src=\"http:\/\/www.amormisericordioso.org\/ita\/wp-content\/uploads\/2023\/04\/WhatsApp-Image-2023-03-27-at-21.31.20-300x300.jpeg\" class=\"wp-image-4885 avia-img-lazy-loading-not-4885 attachment-medium size-medium wp-post-image\" alt=\"\" srcset=\"http:\/\/www.amormisericordioso.org\/ita\/wp-content\/uploads\/2023\/04\/WhatsApp-Image-2023-03-27-at-21.31.20-300x300.jpeg 300w, http:\/\/www.amormisericordioso.org\/ita\/wp-content\/uploads\/2023\/04\/WhatsApp-Image-2023-03-27-at-21.31.20-1030x1030.jpeg 1030w, http:\/\/www.amormisericordioso.org\/ita\/wp-content\/uploads\/2023\/04\/WhatsApp-Image-2023-03-27-at-21.31.20-80x80.jpeg 80w, http:\/\/www.amormisericordioso.org\/ita\/wp-content\/uploads\/2023\/04\/WhatsApp-Image-2023-03-27-at-21.31.20-768x768.jpeg 768w, http:\/\/www.amormisericordioso.org\/ita\/wp-content\/uploads\/2023\/04\/WhatsApp-Image-2023-03-27-at-21.31.20-36x36.jpeg 36w, http:\/\/www.amormisericordioso.org\/ita\/wp-content\/uploads\/2023\/04\/WhatsApp-Image-2023-03-27-at-21.31.20-180x180.jpeg 180w, http:\/\/www.amormisericordioso.org\/ita\/wp-content\/uploads\/2023\/04\/WhatsApp-Image-2023-03-27-at-21.31.20-705x705.jpeg 705w, http:\/\/www.amormisericordioso.org\/ita\/wp-content\/uploads\/2023\/04\/WhatsApp-Image-2023-03-27-at-21.31.20.jpeg 1080w\" sizes=\"(max-width: 300px) 100vw, 300px\" \/><\/a><div class='slide-content'><header class=\"entry-content-header\"><h3 class='slide-entry-title entry-title '  itemprop=\"headline\" ><a href='http:\/\/www.amormisericordioso.org\/ita\/corso-giovani-over-18-amati-per-amare\/' title='Corso giovani over 18 &#8211; AMATI PER AMARE'>Corso giovani over 18 &#8211; AMATI PER AMARE<\/a><\/h3><span class=\"av-vertical-delimiter\"><\/span><\/header><div class='slide-meta'><div class='slide-meta-comments'><a href='http:\/\/www.amormisericordioso.org\/ita\/corso-giovani-over-18-amati-per-amare\/#respond'>0 Commenti<\/a><\/div><div class='slide-meta-del'>\/<\/div><time class='slide-meta-time updated'  itemprop=\"datePublished\" datetime=\"2023-04-09T10:01:56+02:00\" >9 Aprile 2023<\/time><\/div><div class='slide-entry-excerpt entry-content'  itemprop=\"text\" >\n\n<\/div><\/div><footer class=\"entry-footer\"><\/footer><span class='hidden'>\n\t\t\t\t<span class='av-structured-data'  itemprop=\"image\" itemscope=\"itemscope\" itemtype=\"https:\/\/schema.org\/ImageObject\" >\n\t\t\t\t\t\t<span itemprop='url'>http:\/\/www.amormisericordioso.org\/ita\/wp-content\/uploads\/2023\/04\/WhatsApp-Image-2023-03-27-at-21.31.20.jpeg<\/span>\n\t\t\t\t\t\t<span itemprop='height'>1080<\/span>\n\t\t\t\t\t\t<span itemprop='width'>1080<\/span>\n\t\t\t\t<\/span>\n\t\t\t\t<span class='av-structured-data'  itemprop=\"publisher\" itemtype=\"https:\/\/schema.org\/Organization\" itemscope=\"itemscope\" >\n\t\t\t\t\t\t<span itemprop='name'>Famiglia dell'Amore Misericordioso<\/span>\n\t\t\t\t\t\t<span itemprop='logo' itemscope itemtype='https:\/\/schema.org\/ImageObject'>\n\t\t\t\t\t\t\t<span itemprop='url'>http:\/\/www.amormisericordioso.org\/ita\/wp-content\/uploads\/2018\/02\/logo-fam-italiano.png<\/span>\n\t\t\t\t\t\t <\/span>\n\t\t\t\t<\/span><span class='av-structured-data'  itemprop=\"author\" itemscope=\"itemscope\" itemtype=\"https:\/\/schema.org\/Person\" ><span itemprop='name'>Famiglia dell'Amore Misericordioso<\/span><\/span><span class='av-structured-data'  itemprop=\"datePublished\" datetime=\"2022-01-05T05:26:27+01:00\" >2023-04-09 10:01:56<\/span><span class='av-structured-data'  itemprop=\"dateModified\" itemtype=\"https:\/\/schema.org\/dateModified\" >2023-04-09 10:01:58<\/span><span class='av-structured-data'  itemprop=\"mainEntityOfPage\" itemtype=\"https:\/\/schema.org\/mainEntityOfPage\" ><span itemprop='name'>Corso giovani over 18 &#8211; AMATI PER AMARE<\/span><\/span><\/span><\/article><article class='slide-entry flex_column  post-entry post-entry-4833 slide-entry-overview slide-loop-63 slide-parity-odd  av_one_third  real-thumbnail post-format-standard'  itemscope=\"itemscope\" itemtype=\"https:\/\/schema.org\/CreativeWork\" ><a href='http:\/\/www.amormisericordioso.org\/ita\/via-crucis-con-madre-speranza-per-i-sacerdoti\/' data-rel='slide-1' class='slide-image' title='VIA CRUCIS con Madre Speranza PER I SACERDOTI'><img decoding=\"async\" width=\"300\" height=\"200\" src=\"http:\/\/www.amormisericordioso.org\/ita\/wp-content\/uploads\/2023\/03\/29573191_10213822970741188_5009263614082137067_n-300x200.jpg\" class=\"wp-image-4835 avia-img-lazy-loading-not-4835 attachment-medium size-medium wp-post-image\" alt=\"\" srcset=\"http:\/\/www.amormisericordioso.org\/ita\/wp-content\/uploads\/2023\/03\/29573191_10213822970741188_5009263614082137067_n-300x200.jpg 300w, http:\/\/www.amormisericordioso.org\/ita\/wp-content\/uploads\/2023\/03\/29573191_10213822970741188_5009263614082137067_n-768x512.jpg 768w, http:\/\/www.amormisericordioso.org\/ita\/wp-content\/uploads\/2023\/03\/29573191_10213822970741188_5009263614082137067_n-705x470.jpg 705w, http:\/\/www.amormisericordioso.org\/ita\/wp-content\/uploads\/2023\/03\/29573191_10213822970741188_5009263614082137067_n.jpg 960w\" sizes=\"(max-width: 300px) 100vw, 300px\" \/><\/a><div class='slide-content'><header class=\"entry-content-header\"><h3 class='slide-entry-title entry-title '  itemprop=\"headline\" ><a href='http:\/\/www.amormisericordioso.org\/ita\/via-crucis-con-madre-speranza-per-i-sacerdoti\/' title='VIA CRUCIS con Madre Speranza PER I SACERDOTI'>VIA CRUCIS con Madre Speranza PER I SACERDOTI<\/a><\/h3><span class=\"av-vertical-delimiter\"><\/span><\/header><div class='slide-meta'><div class='slide-meta-comments'><a href='http:\/\/www.amormisericordioso.org\/ita\/via-crucis-con-madre-speranza-per-i-sacerdoti\/#respond'>0 Commenti<\/a><\/div><div class='slide-meta-del'>\/<\/div><time class='slide-meta-time updated'  itemprop=\"datePublished\" datetime=\"2023-03-08T12:08:48+01:00\" >8 Marzo 2023<\/time><\/div><div class='slide-entry-excerpt entry-content'  itemprop=\"text\" >\n\n\n\n\n\n<\/div><\/div><footer class=\"entry-footer\"><\/footer><span class='hidden'>\n\t\t\t\t<span class='av-structured-data'  itemprop=\"image\" itemscope=\"itemscope\" itemtype=\"https:\/\/schema.org\/ImageObject\" >\n\t\t\t\t\t\t<span itemprop='url'>http:\/\/www.amormisericordioso.org\/ita\/wp-content\/uploads\/2023\/03\/29573191_10213822970741188_5009263614082137067_n.jpg<\/span>\n\t\t\t\t\t\t<span itemprop='height'>640<\/span>\n\t\t\t\t\t\t<span itemprop='width'>960<\/span>\n\t\t\t\t<\/span>\n\t\t\t\t<span class='av-structured-data'  itemprop=\"publisher\" itemtype=\"https:\/\/schema.org\/Organization\" itemscope=\"itemscope\" >\n\t\t\t\t\t\t<span itemprop='name'>Famiglia dell'Amore Misericordioso<\/span>\n\t\t\t\t\t\t<span itemprop='logo' itemscope itemtype='https:\/\/schema.org\/ImageObject'>\n\t\t\t\t\t\t\t<span itemprop='url'>http:\/\/www.amormisericordioso.org\/ita\/wp-content\/uploads\/2018\/02\/logo-fam-italiano.png<\/span>\n\t\t\t\t\t\t <\/span>\n\t\t\t\t<\/span><span class='av-structured-data'  itemprop=\"author\" itemscope=\"itemscope\" itemtype=\"https:\/\/schema.org\/Person\" ><span itemprop='name'>Famiglia dell'Amore Misericordioso<\/span><\/span><span class='av-structured-data'  itemprop=\"datePublished\" datetime=\"2022-01-05T05:26:27+01:00\" >2023-03-08 12:08:48<\/span><span class='av-structured-data'  itemprop=\"dateModified\" itemtype=\"https:\/\/schema.org\/dateModified\" >2023-03-08 12:08:49<\/span><span class='av-structured-data'  itemprop=\"mainEntityOfPage\" itemtype=\"https:\/\/schema.org\/mainEntityOfPage\" ><span itemprop='name'>VIA CRUCIS con Madre Speranza PER I SACERDOTI<\/span><\/span><\/span><\/article><\/div><div class='slide-entry-wrap'><article class='slide-entry flex_column  post-entry post-entry-4813 slide-entry-overview slide-loop-64 slide-parity-odd  av_one_third first real-thumbnail post-format-standard'  itemscope=\"itemscope\" itemtype=\"https:\/\/schema.org\/CreativeWork\" ><a href='http:\/\/www.amormisericordioso.org\/ita\/ordinazione-episcopale-s-ecc-mons-salvatore-rumeo-sdfam\/' data-rel='slide-1' class='slide-image' title='ORDINAZIONE EPISCOPALE S. Ecc. Mons. Salvatore Rumeo (SDFAM)'><img decoding=\"async\" width=\"300\" height=\"300\" src=\"http:\/\/www.amormisericordioso.org\/ita\/wp-content\/uploads\/2023\/02\/Manifesto-Mons-Salvatore-Rumeo-scaled-Copia-300x300.jpg\" class=\"wp-image-4815 avia-img-lazy-loading-not-4815 attachment-medium size-medium wp-post-image\" alt=\"\" srcset=\"http:\/\/www.amormisericordioso.org\/ita\/wp-content\/uploads\/2023\/02\/Manifesto-Mons-Salvatore-Rumeo-scaled-Copia-300x300.jpg 300w, http:\/\/www.amormisericordioso.org\/ita\/wp-content\/uploads\/2023\/02\/Manifesto-Mons-Salvatore-Rumeo-scaled-Copia-1030x1030.jpg 1030w, http:\/\/www.amormisericordioso.org\/ita\/wp-content\/uploads\/2023\/02\/Manifesto-Mons-Salvatore-Rumeo-scaled-Copia-80x80.jpg 80w, http:\/\/www.amormisericordioso.org\/ita\/wp-content\/uploads\/2023\/02\/Manifesto-Mons-Salvatore-Rumeo-scaled-Copia-768x768.jpg 768w, http:\/\/www.amormisericordioso.org\/ita\/wp-content\/uploads\/2023\/02\/Manifesto-Mons-Salvatore-Rumeo-scaled-Copia-1536x1536.jpg 1536w, http:\/\/www.amormisericordioso.org\/ita\/wp-content\/uploads\/2023\/02\/Manifesto-Mons-Salvatore-Rumeo-scaled-Copia-36x36.jpg 36w, http:\/\/www.amormisericordioso.org\/ita\/wp-content\/uploads\/2023\/02\/Manifesto-Mons-Salvatore-Rumeo-scaled-Copia-180x180.jpg 180w, http:\/\/www.amormisericordioso.org\/ita\/wp-content\/uploads\/2023\/02\/Manifesto-Mons-Salvatore-Rumeo-scaled-Copia-1500x1500.jpg 1500w, http:\/\/www.amormisericordioso.org\/ita\/wp-content\/uploads\/2023\/02\/Manifesto-Mons-Salvatore-Rumeo-scaled-Copia-705x705.jpg 705w, http:\/\/www.amormisericordioso.org\/ita\/wp-content\/uploads\/2023\/02\/Manifesto-Mons-Salvatore-Rumeo-scaled-Copia.jpg 1830w\" sizes=\"(max-width: 300px) 100vw, 300px\" \/><\/a><div class='slide-content'><header class=\"entry-content-header\"><h3 class='slide-entry-title entry-title '  itemprop=\"headline\" ><a href='http:\/\/www.amormisericordioso.org\/ita\/ordinazione-episcopale-s-ecc-mons-salvatore-rumeo-sdfam\/' title='ORDINAZIONE EPISCOPALE S. Ecc. Mons. Salvatore Rumeo (SDFAM)'>ORDINAZIONE EPISCOPALE S. Ecc. Mons. Salvatore Rumeo (SDFAM)<\/a><\/h3><span class=\"av-vertical-delimiter\"><\/span><\/header><div class='slide-meta'><div class='slide-meta-comments'><a href='http:\/\/www.amormisericordioso.org\/ita\/ordinazione-episcopale-s-ecc-mons-salvatore-rumeo-sdfam\/#respond'>0 Commenti<\/a><\/div><div class='slide-meta-del'>\/<\/div><time class='slide-meta-time updated'  itemprop=\"datePublished\" datetime=\"2023-02-21T11:27:53+01:00\" >21 Febbraio 2023<\/time><\/div><div class='slide-entry-excerpt entry-content'  itemprop=\"text\" >\n\n\n\n\n\n<\/div><\/div><footer class=\"entry-footer\"><\/footer><span class='hidden'>\n\t\t\t\t<span class='av-structured-data'  itemprop=\"image\" itemscope=\"itemscope\" itemtype=\"https:\/\/schema.org\/ImageObject\" >\n\t\t\t\t\t\t<span itemprop='url'>http:\/\/www.amormisericordioso.org\/ita\/wp-content\/uploads\/2023\/02\/Manifesto-Mons-Salvatore-Rumeo-scaled-Copia.jpg<\/span>\n\t\t\t\t\t\t<span itemprop='height'>1830<\/span>\n\t\t\t\t\t\t<span itemprop='width'>1830<\/span>\n\t\t\t\t<\/span>\n\t\t\t\t<span class='av-structured-data'  itemprop=\"publisher\" itemtype=\"https:\/\/schema.org\/Organization\" itemscope=\"itemscope\" >\n\t\t\t\t\t\t<span itemprop='name'>Famiglia dell'Amore Misericordioso<\/span>\n\t\t\t\t\t\t<span itemprop='logo' itemscope itemtype='https:\/\/schema.org\/ImageObject'>\n\t\t\t\t\t\t\t<span itemprop='url'>http:\/\/www.amormisericordioso.org\/ita\/wp-content\/uploads\/2018\/02\/logo-fam-italiano.png<\/span>\n\t\t\t\t\t\t <\/span>\n\t\t\t\t<\/span><span class='av-structured-data'  itemprop=\"author\" itemscope=\"itemscope\" itemtype=\"https:\/\/schema.org\/Person\" ><span itemprop='name'>Famiglia dell'Amore Misericordioso<\/span><\/span><span class='av-structured-data'  itemprop=\"datePublished\" datetime=\"2022-01-05T05:26:27+01:00\" >2023-02-21 11:27:53<\/span><span class='av-structured-data'  itemprop=\"dateModified\" itemtype=\"https:\/\/schema.org\/dateModified\" >2023-02-21 11:27:55<\/span><span class='av-structured-data'  itemprop=\"mainEntityOfPage\" itemtype=\"https:\/\/schema.org\/mainEntityOfPage\" ><span itemprop='name'>ORDINAZIONE EPISCOPALE S. Ecc. Mons. Salvatore Rumeo (SDFAM)<\/span><\/span><\/span><\/article><article class='slide-entry flex_column  post-entry post-entry-4723 slide-entry-overview slide-loop-65 slide-parity-even  av_one_third  real-thumbnail post-format-standard'  itemscope=\"itemscope\" itemtype=\"https:\/\/schema.org\/CreativeWork\" ><a href='http:\/\/www.amormisericordioso.org\/ita\/festa-della-beata-madre-speranza-di-gesu\/' data-rel='slide-1' class='slide-image' title='FESTA della Beata Madre Speranza di Ges\u00f9'><img decoding=\"async\" width=\"300\" height=\"300\" src=\"http:\/\/www.amormisericordioso.org\/ita\/wp-content\/uploads\/2023\/01\/Immagini-in-Evidenza-SITO-AM-15-300x300.png\" class=\"wp-image-4725 avia-img-lazy-loading-not-4725 attachment-medium size-medium wp-post-image\" alt=\"\" srcset=\"http:\/\/www.amormisericordioso.org\/ita\/wp-content\/uploads\/2023\/01\/Immagini-in-Evidenza-SITO-AM-15-300x300.png 300w, http:\/\/www.amormisericordioso.org\/ita\/wp-content\/uploads\/2023\/01\/Immagini-in-Evidenza-SITO-AM-15-1030x1030.png 1030w, http:\/\/www.amormisericordioso.org\/ita\/wp-content\/uploads\/2023\/01\/Immagini-in-Evidenza-SITO-AM-15-80x80.png 80w, http:\/\/www.amormisericordioso.org\/ita\/wp-content\/uploads\/2023\/01\/Immagini-in-Evidenza-SITO-AM-15-768x768.png 768w, http:\/\/www.amormisericordioso.org\/ita\/wp-content\/uploads\/2023\/01\/Immagini-in-Evidenza-SITO-AM-15-36x36.png 36w, http:\/\/www.amormisericordioso.org\/ita\/wp-content\/uploads\/2023\/01\/Immagini-in-Evidenza-SITO-AM-15-180x180.png 180w, http:\/\/www.amormisericordioso.org\/ita\/wp-content\/uploads\/2023\/01\/Immagini-in-Evidenza-SITO-AM-15-705x705.png 705w, http:\/\/www.amormisericordioso.org\/ita\/wp-content\/uploads\/2023\/01\/Immagini-in-Evidenza-SITO-AM-15.png 1080w\" sizes=\"(max-width: 300px) 100vw, 300px\" \/><\/a><div class='slide-content'><header class=\"entry-content-header\"><h3 class='slide-entry-title entry-title '  itemprop=\"headline\" ><a href='http:\/\/www.amormisericordioso.org\/ita\/festa-della-beata-madre-speranza-di-gesu\/' title='FESTA della Beata Madre Speranza di Ges\u00f9'>FESTA della Beata Madre Speranza di Ges\u00f9<\/a><\/h3><span class=\"av-vertical-delimiter\"><\/span><\/header><div class='slide-meta'><div class='slide-meta-comments'><a href='http:\/\/www.amormisericordioso.org\/ita\/festa-della-beata-madre-speranza-di-gesu\/#respond'>0 Commenti<\/a><\/div><div class='slide-meta-del'>\/<\/div><time class='slide-meta-time updated'  itemprop=\"datePublished\" datetime=\"2023-01-13T10:27:34+01:00\" >13 Gennaio 2023<\/time><\/div><div class='slide-entry-excerpt entry-content'  itemprop=\"text\" >\n\n<\/div><\/div><footer class=\"entry-footer\"><\/footer><span class='hidden'>\n\t\t\t\t<span class='av-structured-data'  itemprop=\"image\" itemscope=\"itemscope\" itemtype=\"https:\/\/schema.org\/ImageObject\" >\n\t\t\t\t\t\t<span itemprop='url'>http:\/\/www.amormisericordioso.org\/ita\/wp-content\/uploads\/2023\/01\/Immagini-in-Evidenza-SITO-AM-15.png<\/span>\n\t\t\t\t\t\t<span itemprop='height'>1080<\/span>\n\t\t\t\t\t\t<span itemprop='width'>1080<\/span>\n\t\t\t\t<\/span>\n\t\t\t\t<span class='av-structured-data'  itemprop=\"publisher\" itemtype=\"https:\/\/schema.org\/Organization\" itemscope=\"itemscope\" >\n\t\t\t\t\t\t<span itemprop='name'>Famiglia dell'Amore Misericordioso<\/span>\n\t\t\t\t\t\t<span itemprop='logo' itemscope itemtype='https:\/\/schema.org\/ImageObject'>\n\t\t\t\t\t\t\t<span itemprop='url'>http:\/\/www.amormisericordioso.org\/ita\/wp-content\/uploads\/2018\/02\/logo-fam-italiano.png<\/span>\n\t\t\t\t\t\t <\/span>\n\t\t\t\t<\/span><span class='av-structured-data'  itemprop=\"author\" itemscope=\"itemscope\" itemtype=\"https:\/\/schema.org\/Person\" ><span itemprop='name'>Famiglia dell'Amore Misericordioso<\/span><\/span><span class='av-structured-data'  itemprop=\"datePublished\" datetime=\"2022-01-05T05:26:27+01:00\" >2023-01-13 10:27:34<\/span><span class='av-structured-data'  itemprop=\"dateModified\" itemtype=\"https:\/\/schema.org\/dateModified\" >2023-01-13 10:27:36<\/span><span class='av-structured-data'  itemprop=\"mainEntityOfPage\" itemtype=\"https:\/\/schema.org\/mainEntityOfPage\" ><span itemprop='name'>FESTA della Beata Madre Speranza di Ges\u00f9<\/span><\/span><\/span><\/article><article class='slide-entry flex_column  post-entry post-entry-4717 slide-entry-overview slide-loop-66 slide-parity-odd  av_one_third  real-thumbnail post-format-standard'  itemscope=\"itemscope\" itemtype=\"https:\/\/schema.org\/CreativeWork\" ><a href='http:\/\/www.amormisericordioso.org\/ita\/ordinazione-diaconale-di-fr-rosario-marino-fam\/' data-rel='slide-1' class='slide-image' title='ORDINAZIONE DIACONALE di fr. Rosario Marino FAM'><img decoding=\"async\" width=\"300\" height=\"300\" src=\"http:\/\/www.amormisericordioso.org\/ita\/wp-content\/uploads\/2023\/01\/Immagini-in-Evidenza-SITO-AM-14-300x300.png\" class=\"wp-image-4720 avia-img-lazy-loading-not-4720 attachment-medium size-medium wp-post-image\" alt=\"\" srcset=\"http:\/\/www.amormisericordioso.org\/ita\/wp-content\/uploads\/2023\/01\/Immagini-in-Evidenza-SITO-AM-14-300x300.png 300w, http:\/\/www.amormisericordioso.org\/ita\/wp-content\/uploads\/2023\/01\/Immagini-in-Evidenza-SITO-AM-14-1030x1030.png 1030w, http:\/\/www.amormisericordioso.org\/ita\/wp-content\/uploads\/2023\/01\/Immagini-in-Evidenza-SITO-AM-14-80x80.png 80w, http:\/\/www.amormisericordioso.org\/ita\/wp-content\/uploads\/2023\/01\/Immagini-in-Evidenza-SITO-AM-14-768x768.png 768w, http:\/\/www.amormisericordioso.org\/ita\/wp-content\/uploads\/2023\/01\/Immagini-in-Evidenza-SITO-AM-14-36x36.png 36w, http:\/\/www.amormisericordioso.org\/ita\/wp-content\/uploads\/2023\/01\/Immagini-in-Evidenza-SITO-AM-14-180x180.png 180w, http:\/\/www.amormisericordioso.org\/ita\/wp-content\/uploads\/2023\/01\/Immagini-in-Evidenza-SITO-AM-14-705x705.png 705w, http:\/\/www.amormisericordioso.org\/ita\/wp-content\/uploads\/2023\/01\/Immagini-in-Evidenza-SITO-AM-14.png 1080w\" sizes=\"(max-width: 300px) 100vw, 300px\" \/><\/a><div class='slide-content'><header class=\"entry-content-header\"><h3 class='slide-entry-title entry-title '  itemprop=\"headline\" ><a href='http:\/\/www.amormisericordioso.org\/ita\/ordinazione-diaconale-di-fr-rosario-marino-fam\/' title='ORDINAZIONE DIACONALE di fr. Rosario Marino FAM'>ORDINAZIONE DIACONALE di fr. Rosario Marino FAM<\/a><\/h3><span class=\"av-vertical-delimiter\"><\/span><\/header><div class='slide-meta'><div class='slide-meta-comments'><a href='http:\/\/www.amormisericordioso.org\/ita\/ordinazione-diaconale-di-fr-rosario-marino-fam\/#respond'>0 Commenti<\/a><\/div><div class='slide-meta-del'>\/<\/div><time class='slide-meta-time updated'  itemprop=\"datePublished\" datetime=\"2023-01-13T10:21:15+01:00\" >13 Gennaio 2023<\/time><\/div><div class='slide-entry-excerpt entry-content'  itemprop=\"text\" >\ni\n<\/div><\/div><footer class=\"entry-footer\"><\/footer><span class='hidden'>\n\t\t\t\t<span class='av-structured-data'  itemprop=\"image\" itemscope=\"itemscope\" itemtype=\"https:\/\/schema.org\/ImageObject\" >\n\t\t\t\t\t\t<span itemprop='url'>http:\/\/www.amormisericordioso.org\/ita\/wp-content\/uploads\/2023\/01\/Immagini-in-Evidenza-SITO-AM-14.png<\/span>\n\t\t\t\t\t\t<span itemprop='height'>1080<\/span>\n\t\t\t\t\t\t<span itemprop='width'>1080<\/span>\n\t\t\t\t<\/span>\n\t\t\t\t<span class='av-structured-data'  itemprop=\"publisher\" itemtype=\"https:\/\/schema.org\/Organization\" itemscope=\"itemscope\" >\n\t\t\t\t\t\t<span itemprop='name'>Famiglia dell'Amore Misericordioso<\/span>\n\t\t\t\t\t\t<span itemprop='logo' itemscope itemtype='https:\/\/schema.org\/ImageObject'>\n\t\t\t\t\t\t\t<span itemprop='url'>http:\/\/www.amormisericordioso.org\/ita\/wp-content\/uploads\/2018\/02\/logo-fam-italiano.png<\/span>\n\t\t\t\t\t\t <\/span>\n\t\t\t\t<\/span><span class='av-structured-data'  itemprop=\"author\" itemscope=\"itemscope\" itemtype=\"https:\/\/schema.org\/Person\" ><span itemprop='name'>Famiglia dell'Amore Misericordioso<\/span><\/span><span class='av-structured-data'  itemprop=\"datePublished\" datetime=\"2022-01-05T05:26:27+01:00\" >2023-01-13 10:21:15<\/span><span class='av-structured-data'  itemprop=\"dateModified\" itemtype=\"https:\/\/schema.org\/dateModified\" >2023-01-13 10:21:18<\/span><span class='av-structured-data'  itemprop=\"mainEntityOfPage\" itemtype=\"https:\/\/schema.org\/mainEntityOfPage\" ><span itemprop='name'>ORDINAZIONE DIACONALE di fr. Rosario Marino FAM<\/span><\/span><\/span><\/article><\/div><div class='slide-entry-wrap'><article class='slide-entry flex_column  post-entry post-entry-4664 slide-entry-overview slide-loop-67 slide-parity-odd  av_one_third first real-thumbnail post-format-standard'  itemscope=\"itemscope\" itemtype=\"https:\/\/schema.org\/CreativeWork\" ><a href='http:\/\/www.amormisericordioso.org\/ita\/trisagio-allamore-misericordioso-in-preparazione-al-santo-natale\/' data-rel='slide-1' class='slide-image' title='TRISAGIO ALL&#8217;AMORE MISERICORDIOSO in preparazione al Santo Natale'><img decoding=\"async\" width=\"204\" height=\"300\" src=\"http:\/\/www.amormisericordioso.org\/ita\/wp-content\/uploads\/2022\/12\/madre-con-bambinello.jpg\" class=\"wp-image-4666 avia-img-lazy-loading-not-4666 attachment-medium size-medium wp-post-image\" alt=\"\" \/><\/a><div class='slide-content'><header class=\"entry-content-header\"><h3 class='slide-entry-title entry-title '  itemprop=\"headline\" ><a href='http:\/\/www.amormisericordioso.org\/ita\/trisagio-allamore-misericordioso-in-preparazione-al-santo-natale\/' title='TRISAGIO ALL&#8217;AMORE MISERICORDIOSO in preparazione al Santo Natale'>TRISAGIO ALL&#8217;AMORE MISERICORDIOSO in preparazione al Santo Natale<\/a><\/h3><span class=\"av-vertical-delimiter\"><\/span><\/header><div class='slide-meta'><div class='slide-meta-comments'><a href='http:\/\/www.amormisericordioso.org\/ita\/trisagio-allamore-misericordioso-in-preparazione-al-santo-natale\/#respond'>0 Commenti<\/a><\/div><div class='slide-meta-del'>\/<\/div><time class='slide-meta-time updated'  itemprop=\"datePublished\" datetime=\"2022-12-16T08:00:00+01:00\" >16 Dicembre 2022<\/time><\/div><div class='slide-entry-excerpt entry-content'  itemprop=\"text\" >\nmore\n<\/div><\/div><footer class=\"entry-footer\"><\/footer><span class='hidden'>\n\t\t\t\t<span class='av-structured-data'  itemprop=\"image\" itemscope=\"itemscope\" itemtype=\"https:\/\/schema.org\/ImageObject\" >\n\t\t\t\t\t\t<span itemprop='url'>http:\/\/www.amormisericordioso.org\/ita\/wp-content\/uploads\/2022\/12\/madre-con-bambinello.jpg<\/span>\n\t\t\t\t\t\t<span itemprop='height'>300<\/span>\n\t\t\t\t\t\t<span itemprop='width'>204<\/span>\n\t\t\t\t<\/span>\n\t\t\t\t<span class='av-structured-data'  itemprop=\"publisher\" itemtype=\"https:\/\/schema.org\/Organization\" itemscope=\"itemscope\" >\n\t\t\t\t\t\t<span itemprop='name'>Famiglia dell'Amore Misericordioso<\/span>\n\t\t\t\t\t\t<span itemprop='logo' itemscope itemtype='https:\/\/schema.org\/ImageObject'>\n\t\t\t\t\t\t\t<span itemprop='url'>http:\/\/www.amormisericordioso.org\/ita\/wp-content\/uploads\/2018\/02\/logo-fam-italiano.png<\/span>\n\t\t\t\t\t\t <\/span>\n\t\t\t\t<\/span><span class='av-structured-data'  itemprop=\"author\" itemscope=\"itemscope\" itemtype=\"https:\/\/schema.org\/Person\" ><span itemprop='name'>Famiglia dell'Amore Misericordioso<\/span><\/span><span class='av-structured-data'  itemprop=\"datePublished\" datetime=\"2022-01-05T05:26:27+01:00\" >2022-12-16 08:00:00<\/span><span class='av-structured-data'  itemprop=\"dateModified\" itemtype=\"https:\/\/schema.org\/dateModified\" >2022-12-07 08:42:28<\/span><span class='av-structured-data'  itemprop=\"mainEntityOfPage\" itemtype=\"https:\/\/schema.org\/mainEntityOfPage\" ><span itemprop='name'>TRISAGIO ALL&#8217;AMORE MISERICORDIOSO in preparazione al Santo Natale<\/span><\/span><\/span><\/article><article class='slide-entry flex_column  post-entry post-entry-4627 slide-entry-overview slide-loop-68 slide-parity-even  av_one_third  real-thumbnail post-format-standard'  itemscope=\"itemscope\" itemtype=\"https:\/\/schema.org\/CreativeWork\" ><a href='http:\/\/www.amormisericordioso.org\/ita\/professione-perpetua-di-sr-joana-paula-cabral-eam\/' data-rel='slide-1' class='slide-image' title='PROFESSIONE PERPETUA di sr. Joana Paula Cabral EAM'><img decoding=\"async\" width=\"300\" height=\"300\" src=\"http:\/\/www.amormisericordioso.org\/ita\/wp-content\/uploads\/2022\/11\/OIP-300x300.jpg\" class=\"wp-image-4629 avia-img-lazy-loading-not-4629 attachment-medium size-medium wp-post-image\" alt=\"\" srcset=\"http:\/\/www.amormisericordioso.org\/ita\/wp-content\/uploads\/2022\/11\/OIP-300x300.jpg 300w, http:\/\/www.amormisericordioso.org\/ita\/wp-content\/uploads\/2022\/11\/OIP-80x80.jpg 80w, http:\/\/www.amormisericordioso.org\/ita\/wp-content\/uploads\/2022\/11\/OIP-36x36.jpg 36w, http:\/\/www.amormisericordioso.org\/ita\/wp-content\/uploads\/2022\/11\/OIP-180x180.jpg 180w, http:\/\/www.amormisericordioso.org\/ita\/wp-content\/uploads\/2022\/11\/OIP.jpg 474w\" sizes=\"(max-width: 300px) 100vw, 300px\" \/><\/a><div class='slide-content'><header class=\"entry-content-header\"><h3 class='slide-entry-title entry-title '  itemprop=\"headline\" ><a href='http:\/\/www.amormisericordioso.org\/ita\/professione-perpetua-di-sr-joana-paula-cabral-eam\/' title='PROFESSIONE PERPETUA di sr. Joana Paula Cabral EAM'>PROFESSIONE PERPETUA di sr. Joana Paula Cabral EAM<\/a><\/h3><span class=\"av-vertical-delimiter\"><\/span><\/header><div class='slide-meta'><div class='slide-meta-comments'><a href='http:\/\/www.amormisericordioso.org\/ita\/professione-perpetua-di-sr-joana-paula-cabral-eam\/#respond'>0 Commenti<\/a><\/div><div class='slide-meta-del'>\/<\/div><time class='slide-meta-time updated'  itemprop=\"datePublished\" datetime=\"2022-12-04T10:00:00+01:00\" >4 Dicembre 2022<\/time><\/div><div class='slide-entry-excerpt entry-content'  itemprop=\"text\" >\n\n<\/div><\/div><footer class=\"entry-footer\"><\/footer><span class='hidden'>\n\t\t\t\t<span class='av-structured-data'  itemprop=\"image\" itemscope=\"itemscope\" itemtype=\"https:\/\/schema.org\/ImageObject\" >\n\t\t\t\t\t\t<span itemprop='url'>http:\/\/www.amormisericordioso.org\/ita\/wp-content\/uploads\/2022\/11\/OIP.jpg<\/span>\n\t\t\t\t\t\t<span itemprop='height'>474<\/span>\n\t\t\t\t\t\t<span itemprop='width'>474<\/span>\n\t\t\t\t<\/span>\n\t\t\t\t<span class='av-structured-data'  itemprop=\"publisher\" itemtype=\"https:\/\/schema.org\/Organization\" itemscope=\"itemscope\" >\n\t\t\t\t\t\t<span itemprop='name'>Famiglia dell'Amore Misericordioso<\/span>\n\t\t\t\t\t\t<span itemprop='logo' itemscope itemtype='https:\/\/schema.org\/ImageObject'>\n\t\t\t\t\t\t\t<span itemprop='url'>http:\/\/www.amormisericordioso.org\/ita\/wp-content\/uploads\/2018\/02\/logo-fam-italiano.png<\/span>\n\t\t\t\t\t\t <\/span>\n\t\t\t\t<\/span><span class='av-structured-data'  itemprop=\"author\" itemscope=\"itemscope\" itemtype=\"https:\/\/schema.org\/Person\" ><span itemprop='name'>Famiglia dell'Amore Misericordioso<\/span><\/span><span class='av-structured-data'  itemprop=\"datePublished\" datetime=\"2022-01-05T05:26:27+01:00\" >2022-12-04 10:00:00<\/span><span class='av-structured-data'  itemprop=\"dateModified\" itemtype=\"https:\/\/schema.org\/dateModified\" >2022-11-17 10:46:36<\/span><span class='av-structured-data'  itemprop=\"mainEntityOfPage\" itemtype=\"https:\/\/schema.org\/mainEntityOfPage\" ><span itemprop='name'>PROFESSIONE PERPETUA di sr. Joana Paula Cabral EAM<\/span><\/span><\/span><\/article><article class='slide-entry flex_column  post-entry post-entry-4562 slide-entry-overview slide-loop-69 slide-parity-odd  av_one_third  real-thumbnail post-format-standard'  itemscope=\"itemscope\" itemtype=\"https:\/\/schema.org\/CreativeWork\" ><a href='http:\/\/www.amormisericordioso.org\/ita\/esercizi-spirituali-2023-ancelle-dellamore-misericordioso\/' data-rel='slide-1' class='slide-image' title='ESERCIZI SPIRITUALI 2023 Ancelle dell&#8217;Amore Misericordioso'><img decoding=\"async\" width=\"213\" height=\"300\" src=\"http:\/\/www.amormisericordioso.org\/ita\/wp-content\/uploads\/2022\/11\/R-2-213x300.jpg\" class=\"wp-image-4564 avia-img-lazy-loading-not-4564 attachment-medium size-medium wp-post-image\" alt=\"\" \/><\/a><div class='slide-content'><header class=\"entry-content-header\"><h3 class='slide-entry-title entry-title '  itemprop=\"headline\" ><a href='http:\/\/www.amormisericordioso.org\/ita\/esercizi-spirituali-2023-ancelle-dellamore-misericordioso\/' title='ESERCIZI SPIRITUALI 2023 Ancelle dell&#8217;Amore Misericordioso'>ESERCIZI SPIRITUALI 2023 Ancelle dell&#8217;Amore Misericordioso<\/a><\/h3><span class=\"av-vertical-delimiter\"><\/span><\/header><div class='slide-meta'><div class='slide-meta-comments'><a href='http:\/\/www.amormisericordioso.org\/ita\/esercizi-spirituali-2023-ancelle-dellamore-misericordioso\/#respond'>0 Commenti<\/a><\/div><div class='slide-meta-del'>\/<\/div><time class='slide-meta-time updated'  itemprop=\"datePublished\" datetime=\"2022-11-01T10:23:06+01:00\" >1 Novembre 2022<\/time><\/div><div class='slide-entry-excerpt entry-content'  itemprop=\"text\" >\n\n<\/div><\/div><footer class=\"entry-footer\"><\/footer><span class='hidden'>\n\t\t\t\t<span class='av-structured-data'  itemprop=\"image\" itemscope=\"itemscope\" itemtype=\"https:\/\/schema.org\/ImageObject\" >\n\t\t\t\t\t\t<span itemprop='url'>http:\/\/www.amormisericordioso.org\/ita\/wp-content\/uploads\/2022\/11\/R-2-e1667294562509.jpg<\/span>\n\t\t\t\t\t\t<span itemprop='height'>250<\/span>\n\t\t\t\t\t\t<span itemprop='width'>250<\/span>\n\t\t\t\t<\/span>\n\t\t\t\t<span class='av-structured-data'  itemprop=\"publisher\" itemtype=\"https:\/\/schema.org\/Organization\" itemscope=\"itemscope\" >\n\t\t\t\t\t\t<span itemprop='name'>Famiglia dell'Amore Misericordioso<\/span>\n\t\t\t\t\t\t<span itemprop='logo' itemscope itemtype='https:\/\/schema.org\/ImageObject'>\n\t\t\t\t\t\t\t<span itemprop='url'>http:\/\/www.amormisericordioso.org\/ita\/wp-content\/uploads\/2018\/02\/logo-fam-italiano.png<\/span>\n\t\t\t\t\t\t <\/span>\n\t\t\t\t<\/span><span class='av-structured-data'  itemprop=\"author\" itemscope=\"itemscope\" itemtype=\"https:\/\/schema.org\/Person\" ><span itemprop='name'>Famiglia dell'Amore Misericordioso<\/span><\/span><span class='av-structured-data'  itemprop=\"datePublished\" datetime=\"2022-01-05T05:26:27+01:00\" >2022-11-01 10:23:06<\/span><span class='av-structured-data'  itemprop=\"dateModified\" itemtype=\"https:\/\/schema.org\/dateModified\" >2022-11-17 10:42:53<\/span><span class='av-structured-data'  itemprop=\"mainEntityOfPage\" itemtype=\"https:\/\/schema.org\/mainEntityOfPage\" ><span itemprop='name'>ESERCIZI SPIRITUALI 2023 Ancelle dell&#8217;Amore Misericordioso<\/span><\/span><\/span><\/article><\/div><div class='slide-entry-wrap'><article class='slide-entry flex_column  post-entry post-entry-4541 slide-entry-overview slide-loop-70 slide-parity-odd  av_one_third first real-thumbnail post-format-standard'  itemscope=\"itemscope\" itemtype=\"https:\/\/schema.org\/CreativeWork\" ><a href='http:\/\/www.amormisericordioso.org\/ita\/progetto-giovani-anno-2022-2023\/' data-rel='slide-1' class='slide-image' title='PROGETTO GIOVANI anno 2022-2023'><img decoding=\"async\" width=\"300\" height=\"300\" src=\"http:\/\/www.amormisericordioso.org\/ita\/wp-content\/uploads\/2022\/10\/WhatsApp-Image-2022-10-14-at-10.21.24-300x300.jpeg\" class=\"wp-image-4542 avia-img-lazy-loading-not-4542 attachment-medium size-medium wp-post-image\" alt=\"\" srcset=\"http:\/\/www.amormisericordioso.org\/ita\/wp-content\/uploads\/2022\/10\/WhatsApp-Image-2022-10-14-at-10.21.24-300x300.jpeg 300w, http:\/\/www.amormisericordioso.org\/ita\/wp-content\/uploads\/2022\/10\/WhatsApp-Image-2022-10-14-at-10.21.24-1030x1030.jpeg 1030w, http:\/\/www.amormisericordioso.org\/ita\/wp-content\/uploads\/2022\/10\/WhatsApp-Image-2022-10-14-at-10.21.24-80x80.jpeg 80w, http:\/\/www.amormisericordioso.org\/ita\/wp-content\/uploads\/2022\/10\/WhatsApp-Image-2022-10-14-at-10.21.24-768x768.jpeg 768w, http:\/\/www.amormisericordioso.org\/ita\/wp-content\/uploads\/2022\/10\/WhatsApp-Image-2022-10-14-at-10.21.24-36x36.jpeg 36w, http:\/\/www.amormisericordioso.org\/ita\/wp-content\/uploads\/2022\/10\/WhatsApp-Image-2022-10-14-at-10.21.24-180x180.jpeg 180w, http:\/\/www.amormisericordioso.org\/ita\/wp-content\/uploads\/2022\/10\/WhatsApp-Image-2022-10-14-at-10.21.24-705x705.jpeg 705w, http:\/\/www.amormisericordioso.org\/ita\/wp-content\/uploads\/2022\/10\/WhatsApp-Image-2022-10-14-at-10.21.24.jpeg 1080w\" sizes=\"(max-width: 300px) 100vw, 300px\" \/><\/a><div class='slide-content'><header class=\"entry-content-header\"><h3 class='slide-entry-title entry-title '  itemprop=\"headline\" ><a href='http:\/\/www.amormisericordioso.org\/ita\/progetto-giovani-anno-2022-2023\/' title='PROGETTO GIOVANI anno 2022-2023'>PROGETTO GIOVANI anno 2022-2023<\/a><\/h3><span class=\"av-vertical-delimiter\"><\/span><\/header><div class='slide-meta'><div class='slide-meta-comments'><a href='http:\/\/www.amormisericordioso.org\/ita\/progetto-giovani-anno-2022-2023\/#respond'>0 Commenti<\/a><\/div><div class='slide-meta-del'>\/<\/div><time class='slide-meta-time updated'  itemprop=\"datePublished\" datetime=\"2022-10-16T09:44:46+02:00\" >16 Ottobre 2022<\/time><\/div><div class='slide-entry-excerpt entry-content'  itemprop=\"text\" >\n\n<\/div><\/div><footer class=\"entry-footer\"><\/footer><span class='hidden'>\n\t\t\t\t<span class='av-structured-data'  itemprop=\"image\" itemscope=\"itemscope\" itemtype=\"https:\/\/schema.org\/ImageObject\" >\n\t\t\t\t\t\t<span itemprop='url'>http:\/\/www.amormisericordioso.org\/ita\/wp-content\/uploads\/2022\/10\/WhatsApp-Image-2022-10-14-at-10.21.24.jpeg<\/span>\n\t\t\t\t\t\t<span itemprop='height'>1080<\/span>\n\t\t\t\t\t\t<span itemprop='width'>1080<\/span>\n\t\t\t\t<\/span>\n\t\t\t\t<span class='av-structured-data'  itemprop=\"publisher\" itemtype=\"https:\/\/schema.org\/Organization\" itemscope=\"itemscope\" >\n\t\t\t\t\t\t<span itemprop='name'>Famiglia dell'Amore Misericordioso<\/span>\n\t\t\t\t\t\t<span itemprop='logo' itemscope itemtype='https:\/\/schema.org\/ImageObject'>\n\t\t\t\t\t\t\t<span itemprop='url'>http:\/\/www.amormisericordioso.org\/ita\/wp-content\/uploads\/2018\/02\/logo-fam-italiano.png<\/span>\n\t\t\t\t\t\t <\/span>\n\t\t\t\t<\/span><span class='av-structured-data'  itemprop=\"author\" itemscope=\"itemscope\" itemtype=\"https:\/\/schema.org\/Person\" ><span itemprop='name'>Famiglia dell'Amore Misericordioso<\/span><\/span><span class='av-structured-data'  itemprop=\"datePublished\" datetime=\"2022-01-05T05:26:27+01:00\" >2022-10-16 09:44:46<\/span><span class='av-structured-data'  itemprop=\"dateModified\" itemtype=\"https:\/\/schema.org\/dateModified\" >2022-10-16 09:44:49<\/span><span class='av-structured-data'  itemprop=\"mainEntityOfPage\" itemtype=\"https:\/\/schema.org\/mainEntityOfPage\" ><span itemprop='name'>PROGETTO GIOVANI anno 2022-2023<\/span><\/span><\/span><\/article><article class='slide-entry flex_column  post-entry post-entry-4527 slide-entry-overview slide-loop-71 slide-parity-even  av_one_third  real-thumbnail post-format-standard'  itemscope=\"itemscope\" itemtype=\"https:\/\/schema.org\/CreativeWork\" ><a href='http:\/\/www.amormisericordioso.org\/ita\/xxi-assemblea-sdfam-e-delegazione-fam-ditalia\/' data-rel='slide-1' class='slide-image' title='XXI Assemblea SDFAM e Delegazione FAM d&#8217;Italia'><img decoding=\"async\" width=\"300\" height=\"225\" src=\"http:\/\/www.amormisericordioso.org\/ita\/wp-content\/uploads\/2022\/09\/4d0cc359-db06-4b0a-a694-6bcd7592173a-300x225.jpg\" class=\"wp-image-4490 avia-img-lazy-loading-not-4490 attachment-medium size-medium wp-post-image\" alt=\"\" srcset=\"http:\/\/www.amormisericordioso.org\/ita\/wp-content\/uploads\/2022\/09\/4d0cc359-db06-4b0a-a694-6bcd7592173a-300x225.jpg 300w, http:\/\/www.amormisericordioso.org\/ita\/wp-content\/uploads\/2022\/09\/4d0cc359-db06-4b0a-a694-6bcd7592173a-768x576.jpg 768w, http:\/\/www.amormisericordioso.org\/ita\/wp-content\/uploads\/2022\/09\/4d0cc359-db06-4b0a-a694-6bcd7592173a-705x529.jpg 705w, http:\/\/www.amormisericordioso.org\/ita\/wp-content\/uploads\/2022\/09\/4d0cc359-db06-4b0a-a694-6bcd7592173a.jpg 1024w\" sizes=\"(max-width: 300px) 100vw, 300px\" \/><\/a><div class='slide-content'><header class=\"entry-content-header\"><h3 class='slide-entry-title entry-title '  itemprop=\"headline\" ><a href='http:\/\/www.amormisericordioso.org\/ita\/xxi-assemblea-sdfam-e-delegazione-fam-ditalia\/' title='XXI Assemblea SDFAM e Delegazione FAM d&#8217;Italia'>XXI Assemblea SDFAM e Delegazione FAM d&#8217;Italia<\/a><\/h3><span class=\"av-vertical-delimiter\"><\/span><\/header><div class='slide-meta'><div class='slide-meta-comments'><a href='http:\/\/www.amormisericordioso.org\/ita\/xxi-assemblea-sdfam-e-delegazione-fam-ditalia\/#respond'>0 Commenti<\/a><\/div><div class='slide-meta-del'>\/<\/div><time class='slide-meta-time updated'  itemprop=\"datePublished\" datetime=\"2022-10-10T11:47:32+02:00\" >10 Ottobre 2022<\/time><\/div><div class='slide-entry-excerpt entry-content'  itemprop=\"text\" >\n\n\n\n\n\n<\/div><\/div><footer class=\"entry-footer\"><\/footer><span class='hidden'>\n\t\t\t\t<span class='av-structured-data'  itemprop=\"image\" itemscope=\"itemscope\" itemtype=\"https:\/\/schema.org\/ImageObject\" >\n\t\t\t\t\t\t<span itemprop='url'>http:\/\/www.amormisericordioso.org\/ita\/wp-content\/uploads\/2022\/09\/4d0cc359-db06-4b0a-a694-6bcd7592173a.jpg<\/span>\n\t\t\t\t\t\t<span itemprop='height'>768<\/span>\n\t\t\t\t\t\t<span itemprop='width'>1024<\/span>\n\t\t\t\t<\/span>\n\t\t\t\t<span class='av-structured-data'  itemprop=\"publisher\" itemtype=\"https:\/\/schema.org\/Organization\" itemscope=\"itemscope\" >\n\t\t\t\t\t\t<span itemprop='name'>Famiglia dell'Amore Misericordioso<\/span>\n\t\t\t\t\t\t<span itemprop='logo' itemscope itemtype='https:\/\/schema.org\/ImageObject'>\n\t\t\t\t\t\t\t<span itemprop='url'>http:\/\/www.amormisericordioso.org\/ita\/wp-content\/uploads\/2018\/02\/logo-fam-italiano.png<\/span>\n\t\t\t\t\t\t <\/span>\n\t\t\t\t<\/span><span class='av-structured-data'  itemprop=\"author\" itemscope=\"itemscope\" itemtype=\"https:\/\/schema.org\/Person\" ><span itemprop='name'>Famiglia dell'Amore Misericordioso<\/span><\/span><span class='av-structured-data'  itemprop=\"datePublished\" datetime=\"2022-01-05T05:26:27+01:00\" >2022-10-10 11:47:32<\/span><span class='av-structured-data'  itemprop=\"dateModified\" itemtype=\"https:\/\/schema.org\/dateModified\" >2022-10-10 11:49:05<\/span><span class='av-structured-data'  itemprop=\"mainEntityOfPage\" itemtype=\"https:\/\/schema.org\/mainEntityOfPage\" ><span itemprop='name'>XXI Assemblea SDFAM e Delegazione FAM d&#8217;Italia<\/span><\/span><\/span><\/article><article class='slide-entry flex_column  post-entry post-entry-4514 slide-entry-overview slide-loop-72 slide-parity-odd  av_one_third  real-thumbnail post-format-standard'  itemscope=\"itemscope\" itemtype=\"https:\/\/schema.org\/CreativeWork\" ><a href='http:\/\/www.amormisericordioso.org\/ita\/il-coraggio-di-essere-santi\/' data-rel='slide-1' class='slide-image' title='CONVEGNO NAZIONALE LAM: Il coraggio di essere santi oggi'><img decoding=\"async\" width=\"212\" height=\"300\" src=\"http:\/\/www.amormisericordioso.org\/ita\/wp-content\/uploads\/2022\/10\/Locandina-CONVEGNO-ALAM-28_30.10.2022-212x300.png\" class=\"wp-image-4515 avia-img-lazy-loading-not-4515 attachment-medium size-medium wp-post-image\" alt=\"\" srcset=\"http:\/\/www.amormisericordioso.org\/ita\/wp-content\/uploads\/2022\/10\/Locandina-CONVEGNO-ALAM-28_30.10.2022-212x300.png 212w, http:\/\/www.amormisericordioso.org\/ita\/wp-content\/uploads\/2022\/10\/Locandina-CONVEGNO-ALAM-28_30.10.2022-728x1030.png 728w, http:\/\/www.amormisericordioso.org\/ita\/wp-content\/uploads\/2022\/10\/Locandina-CONVEGNO-ALAM-28_30.10.2022-768x1086.png 768w, http:\/\/www.amormisericordioso.org\/ita\/wp-content\/uploads\/2022\/10\/Locandina-CONVEGNO-ALAM-28_30.10.2022-1086x1536.png 1086w, http:\/\/www.amormisericordioso.org\/ita\/wp-content\/uploads\/2022\/10\/Locandina-CONVEGNO-ALAM-28_30.10.2022-1061x1500.png 1061w, http:\/\/www.amormisericordioso.org\/ita\/wp-content\/uploads\/2022\/10\/Locandina-CONVEGNO-ALAM-28_30.10.2022-498x705.png 498w, http:\/\/www.amormisericordioso.org\/ita\/wp-content\/uploads\/2022\/10\/Locandina-CONVEGNO-ALAM-28_30.10.2022.png 1414w\" sizes=\"(max-width: 212px) 100vw, 212px\" \/><\/a><div class='slide-content'><header class=\"entry-content-header\"><h3 class='slide-entry-title entry-title '  itemprop=\"headline\" ><a href='http:\/\/www.amormisericordioso.org\/ita\/il-coraggio-di-essere-santi\/' title='CONVEGNO NAZIONALE LAM: Il coraggio di essere santi oggi'>CONVEGNO NAZIONALE LAM: Il coraggio di essere santi oggi<\/a><\/h3><span class=\"av-vertical-delimiter\"><\/span><\/header><div class='slide-meta'><div class='slide-meta-comments'><a href='http:\/\/www.amormisericordioso.org\/ita\/il-coraggio-di-essere-santi\/#respond'>0 Commenti<\/a><\/div><div class='slide-meta-del'>\/<\/div><time class='slide-meta-time updated'  itemprop=\"datePublished\" datetime=\"2022-10-06T09:27:10+02:00\" >6 Ottobre 2022<\/time><\/div><div class='slide-entry-excerpt entry-content'  itemprop=\"text\" >\n\n<\/div><\/div><footer class=\"entry-footer\"><\/footer><span class='hidden'>\n\t\t\t\t<span class='av-structured-data'  itemprop=\"image\" itemscope=\"itemscope\" itemtype=\"https:\/\/schema.org\/ImageObject\" >\n\t\t\t\t\t\t<span itemprop='url'>http:\/\/www.amormisericordioso.org\/ita\/wp-content\/uploads\/2022\/10\/Locandina-CONVEGNO-ALAM-28_30.10.2022.png<\/span>\n\t\t\t\t\t\t<span itemprop='height'>2000<\/span>\n\t\t\t\t\t\t<span itemprop='width'>1414<\/span>\n\t\t\t\t<\/span>\n\t\t\t\t<span class='av-structured-data'  itemprop=\"publisher\" itemtype=\"https:\/\/schema.org\/Organization\" itemscope=\"itemscope\" >\n\t\t\t\t\t\t<span itemprop='name'>Famiglia dell'Amore Misericordioso<\/span>\n\t\t\t\t\t\t<span itemprop='logo' itemscope itemtype='https:\/\/schema.org\/ImageObject'>\n\t\t\t\t\t\t\t<span itemprop='url'>http:\/\/www.amormisericordioso.org\/ita\/wp-content\/uploads\/2018\/02\/logo-fam-italiano.png<\/span>\n\t\t\t\t\t\t <\/span>\n\t\t\t\t<\/span><span class='av-structured-data'  itemprop=\"author\" itemscope=\"itemscope\" itemtype=\"https:\/\/schema.org\/Person\" ><span itemprop='name'>Famiglia dell'Amore Misericordioso<\/span><\/span><span class='av-structured-data'  itemprop=\"datePublished\" datetime=\"2022-01-05T05:26:27+01:00\" >2022-10-06 09:27:10<\/span><span class='av-structured-data'  itemprop=\"dateModified\" itemtype=\"https:\/\/schema.org\/dateModified\" >2022-10-06 09:54:46<\/span><span class='av-structured-data'  itemprop=\"mainEntityOfPage\" itemtype=\"https:\/\/schema.org\/mainEntityOfPage\" ><span itemprop='name'>CONVEGNO NAZIONALE LAM: Il coraggio di essere santi oggi<\/span><\/span><\/span><\/article><\/div><div class='slide-entry-wrap'><article class='slide-entry flex_column  post-entry post-entry-4418 slide-entry-overview slide-loop-73 slide-parity-odd  av_one_third first real-thumbnail post-format-standard'  itemscope=\"itemscope\" itemtype=\"https:\/\/schema.org\/CreativeWork\" ><a href='http:\/\/www.amormisericordioso.org\/ita\/ordinazione-sacerdotale-p-lenin-milton-castro-mendieta-fam\/' data-rel='slide-1' class='slide-image' title='ORDINAZIONE SACERDOTALE P. Lenin Milton Castro Mendieta FAM'><img decoding=\"async\" width=\"300\" height=\"300\" src=\"http:\/\/www.amormisericordioso.org\/ita\/wp-content\/uploads\/2022\/08\/Ordinazione-Sacerdotale-LENIN-Copia-300x300.jpg\" class=\"wp-image-4420 avia-img-lazy-loading-not-4420 attachment-medium size-medium wp-post-image\" alt=\"\" srcset=\"http:\/\/www.amormisericordioso.org\/ita\/wp-content\/uploads\/2022\/08\/Ordinazione-Sacerdotale-LENIN-Copia-300x300.jpg 300w, http:\/\/www.amormisericordioso.org\/ita\/wp-content\/uploads\/2022\/08\/Ordinazione-Sacerdotale-LENIN-Copia-80x80.jpg 80w, http:\/\/www.amormisericordioso.org\/ita\/wp-content\/uploads\/2022\/08\/Ordinazione-Sacerdotale-LENIN-Copia-768x768.jpg 768w, http:\/\/www.amormisericordioso.org\/ita\/wp-content\/uploads\/2022\/08\/Ordinazione-Sacerdotale-LENIN-Copia-36x36.jpg 36w, http:\/\/www.amormisericordioso.org\/ita\/wp-content\/uploads\/2022\/08\/Ordinazione-Sacerdotale-LENIN-Copia-180x180.jpg 180w, http:\/\/www.amormisericordioso.org\/ita\/wp-content\/uploads\/2022\/08\/Ordinazione-Sacerdotale-LENIN-Copia-705x705.jpg 705w, http:\/\/www.amormisericordioso.org\/ita\/wp-content\/uploads\/2022\/08\/Ordinazione-Sacerdotale-LENIN-Copia.jpg 897w\" sizes=\"(max-width: 300px) 100vw, 300px\" \/><\/a><div class='slide-content'><header class=\"entry-content-header\"><h3 class='slide-entry-title entry-title '  itemprop=\"headline\" ><a href='http:\/\/www.amormisericordioso.org\/ita\/ordinazione-sacerdotale-p-lenin-milton-castro-mendieta-fam\/' title='ORDINAZIONE SACERDOTALE P. Lenin Milton Castro Mendieta FAM'>ORDINAZIONE SACERDOTALE P. Lenin Milton Castro Mendieta FAM<\/a><\/h3><span class=\"av-vertical-delimiter\"><\/span><\/header><div class='slide-meta'><div class='slide-meta-comments'><a href='http:\/\/www.amormisericordioso.org\/ita\/ordinazione-sacerdotale-p-lenin-milton-castro-mendieta-fam\/#respond'>0 Commenti<\/a><\/div><div class='slide-meta-del'>\/<\/div><time class='slide-meta-time updated'  itemprop=\"datePublished\" datetime=\"2022-10-01T19:26:00+02:00\" >1 Ottobre 2022<\/time><\/div><div class='slide-entry-excerpt entry-content'  itemprop=\"text\" >\n\n<\/div><\/div><footer class=\"entry-footer\"><\/footer><span class='hidden'>\n\t\t\t\t<span class='av-structured-data'  itemprop=\"image\" itemscope=\"itemscope\" itemtype=\"https:\/\/schema.org\/ImageObject\" >\n\t\t\t\t\t\t<span itemprop='url'>http:\/\/www.amormisericordioso.org\/ita\/wp-content\/uploads\/2022\/08\/Ordinazione-Sacerdotale-LENIN-Copia.jpg<\/span>\n\t\t\t\t\t\t<span itemprop='height'>897<\/span>\n\t\t\t\t\t\t<span itemprop='width'>897<\/span>\n\t\t\t\t<\/span>\n\t\t\t\t<span class='av-structured-data'  itemprop=\"publisher\" itemtype=\"https:\/\/schema.org\/Organization\" itemscope=\"itemscope\" >\n\t\t\t\t\t\t<span itemprop='name'>Famiglia dell'Amore Misericordioso<\/span>\n\t\t\t\t\t\t<span itemprop='logo' itemscope itemtype='https:\/\/schema.org\/ImageObject'>\n\t\t\t\t\t\t\t<span itemprop='url'>http:\/\/www.amormisericordioso.org\/ita\/wp-content\/uploads\/2018\/02\/logo-fam-italiano.png<\/span>\n\t\t\t\t\t\t <\/span>\n\t\t\t\t<\/span><span class='av-structured-data'  itemprop=\"author\" itemscope=\"itemscope\" itemtype=\"https:\/\/schema.org\/Person\" ><span itemprop='name'>Famiglia dell'Amore Misericordioso<\/span><\/span><span class='av-structured-data'  itemprop=\"datePublished\" datetime=\"2022-01-05T05:26:27+01:00\" >2022-10-01 19:26:00<\/span><span class='av-structured-data'  itemprop=\"dateModified\" itemtype=\"https:\/\/schema.org\/dateModified\" >2022-08-02 19:29:13<\/span><span class='av-structured-data'  itemprop=\"mainEntityOfPage\" itemtype=\"https:\/\/schema.org\/mainEntityOfPage\" ><span itemprop='name'>ORDINAZIONE SACERDOTALE P. Lenin Milton Castro Mendieta FAM<\/span><\/span><\/span><\/article><article class='slide-entry flex_column  post-entry post-entry-4460 slide-entry-overview slide-loop-74 slide-parity-even  av_one_third  real-thumbnail post-format-standard'  itemscope=\"itemscope\" itemtype=\"https:\/\/schema.org\/CreativeWork\" ><a href='http:\/\/www.amormisericordioso.org\/ita\/festa-del-santuario-dellamore-misericordioso\/' data-rel='slide-1' class='slide-image' title='Festa del Santuario dell&#8217;Amore Misericordioso'><img decoding=\"async\" width=\"300\" height=\"300\" src=\"http:\/\/www.amormisericordioso.org\/ita\/wp-content\/uploads\/2022\/05\/XI-CAPITOLO-GENERALE-1-300x300.png\" class=\"wp-image-4361 avia-img-lazy-loading-not-4361 attachment-medium size-medium wp-post-image\" alt=\"\" srcset=\"http:\/\/www.amormisericordioso.org\/ita\/wp-content\/uploads\/2022\/05\/XI-CAPITOLO-GENERALE-1-300x300.png 300w, http:\/\/www.amormisericordioso.org\/ita\/wp-content\/uploads\/2022\/05\/XI-CAPITOLO-GENERALE-1-1030x1030.png 1030w, http:\/\/www.amormisericordioso.org\/ita\/wp-content\/uploads\/2022\/05\/XI-CAPITOLO-GENERALE-1-80x80.png 80w, http:\/\/www.amormisericordioso.org\/ita\/wp-content\/uploads\/2022\/05\/XI-CAPITOLO-GENERALE-1-768x768.png 768w, http:\/\/www.amormisericordioso.org\/ita\/wp-content\/uploads\/2022\/05\/XI-CAPITOLO-GENERALE-1-36x36.png 36w, http:\/\/www.amormisericordioso.org\/ita\/wp-content\/uploads\/2022\/05\/XI-CAPITOLO-GENERALE-1-180x180.png 180w, http:\/\/www.amormisericordioso.org\/ita\/wp-content\/uploads\/2022\/05\/XI-CAPITOLO-GENERALE-1-705x705.png 705w, http:\/\/www.amormisericordioso.org\/ita\/wp-content\/uploads\/2022\/05\/XI-CAPITOLO-GENERALE-1.png 1080w\" sizes=\"(max-width: 300px) 100vw, 300px\" \/><\/a><div class='slide-content'><header class=\"entry-content-header\"><h3 class='slide-entry-title entry-title '  itemprop=\"headline\" ><a href='http:\/\/www.amormisericordioso.org\/ita\/festa-del-santuario-dellamore-misericordioso\/' title='Festa del Santuario dell&#8217;Amore Misericordioso'>Festa del Santuario dell&#8217;Amore Misericordioso<\/a><\/h3><span class=\"av-vertical-delimiter\"><\/span><\/header><div class='slide-meta'><div class='slide-meta-comments'><a href='http:\/\/www.amormisericordioso.org\/ita\/festa-del-santuario-dellamore-misericordioso\/#respond'>0 Commenti<\/a><\/div><div class='slide-meta-del'>\/<\/div><time class='slide-meta-time updated'  itemprop=\"datePublished\" datetime=\"2022-09-09T16:25:12+02:00\" >9 Settembre 2022<\/time><\/div><div class='slide-entry-excerpt entry-content'  itemprop=\"text\" >\n\n<\/div><\/div><footer class=\"entry-footer\"><\/footer><span class='hidden'>\n\t\t\t\t<span class='av-structured-data'  itemprop=\"image\" itemscope=\"itemscope\" itemtype=\"https:\/\/schema.org\/ImageObject\" >\n\t\t\t\t\t\t<span itemprop='url'>http:\/\/www.amormisericordioso.org\/ita\/wp-content\/uploads\/2022\/05\/XI-CAPITOLO-GENERALE-1.png<\/span>\n\t\t\t\t\t\t<span itemprop='height'>1080<\/span>\n\t\t\t\t\t\t<span itemprop='width'>1080<\/span>\n\t\t\t\t<\/span>\n\t\t\t\t<span class='av-structured-data'  itemprop=\"publisher\" itemtype=\"https:\/\/schema.org\/Organization\" itemscope=\"itemscope\" >\n\t\t\t\t\t\t<span itemprop='name'>Famiglia dell'Amore Misericordioso<\/span>\n\t\t\t\t\t\t<span itemprop='logo' itemscope itemtype='https:\/\/schema.org\/ImageObject'>\n\t\t\t\t\t\t\t<span itemprop='url'>http:\/\/www.amormisericordioso.org\/ita\/wp-content\/uploads\/2018\/02\/logo-fam-italiano.png<\/span>\n\t\t\t\t\t\t <\/span>\n\t\t\t\t<\/span><span class='av-structured-data'  itemprop=\"author\" itemscope=\"itemscope\" itemtype=\"https:\/\/schema.org\/Person\" ><span itemprop='name'>Famiglia dell'Amore Misericordioso<\/span><\/span><span class='av-structured-data'  itemprop=\"datePublished\" datetime=\"2022-01-05T05:26:27+01:00\" >2022-09-09 16:25:12<\/span><span class='av-structured-data'  itemprop=\"dateModified\" itemtype=\"https:\/\/schema.org\/dateModified\" >2022-09-09 16:25:16<\/span><span class='av-structured-data'  itemprop=\"mainEntityOfPage\" itemtype=\"https:\/\/schema.org\/mainEntityOfPage\" ><span itemprop='name'>Festa del Santuario dell&#8217;Amore Misericordioso<\/span><\/span><\/span><\/article><article class='slide-entry flex_column  post-entry post-entry-4458 slide-entry-overview slide-loop-75 slide-parity-odd  av_one_third  real-thumbnail post-format-standard'  itemscope=\"itemscope\" itemtype=\"https:\/\/schema.org\/CreativeWork\" ><a href='http:\/\/www.amormisericordioso.org\/ita\/professione-perpetua-fr-filippo-digregorio-fam\/' data-rel='slide-1' class='slide-image' title='PROFESSIONE PERPETUA fr. Filippo Digregorio FAM'><img decoding=\"async\" width=\"300\" height=\"300\" src=\"http:\/\/www.amormisericordioso.org\/ita\/wp-content\/uploads\/2022\/08\/Copia-di-XI-CAPITOLO-GENERALE-1-300x300.png\" class=\"wp-image-4426 avia-img-lazy-loading-not-4426 attachment-medium size-medium wp-post-image\" alt=\"\" srcset=\"http:\/\/www.amormisericordioso.org\/ita\/wp-content\/uploads\/2022\/08\/Copia-di-XI-CAPITOLO-GENERALE-1-300x300.png 300w, http:\/\/www.amormisericordioso.org\/ita\/wp-content\/uploads\/2022\/08\/Copia-di-XI-CAPITOLO-GENERALE-1-1030x1030.png 1030w, http:\/\/www.amormisericordioso.org\/ita\/wp-content\/uploads\/2022\/08\/Copia-di-XI-CAPITOLO-GENERALE-1-80x80.png 80w, http:\/\/www.amormisericordioso.org\/ita\/wp-content\/uploads\/2022\/08\/Copia-di-XI-CAPITOLO-GENERALE-1-768x768.png 768w, http:\/\/www.amormisericordioso.org\/ita\/wp-content\/uploads\/2022\/08\/Copia-di-XI-CAPITOLO-GENERALE-1-36x36.png 36w, http:\/\/www.amormisericordioso.org\/ita\/wp-content\/uploads\/2022\/08\/Copia-di-XI-CAPITOLO-GENERALE-1-180x180.png 180w, http:\/\/www.amormisericordioso.org\/ita\/wp-content\/uploads\/2022\/08\/Copia-di-XI-CAPITOLO-GENERALE-1-705x705.png 705w, http:\/\/www.amormisericordioso.org\/ita\/wp-content\/uploads\/2022\/08\/Copia-di-XI-CAPITOLO-GENERALE-1.png 1080w\" sizes=\"(max-width: 300px) 100vw, 300px\" \/><\/a><div class='slide-content'><header class=\"entry-content-header\"><h3 class='slide-entry-title entry-title '  itemprop=\"headline\" ><a href='http:\/\/www.amormisericordioso.org\/ita\/professione-perpetua-fr-filippo-digregorio-fam\/' title='PROFESSIONE PERPETUA fr. Filippo Digregorio FAM'>PROFESSIONE PERPETUA fr. Filippo Digregorio FAM<\/a><\/h3><span class=\"av-vertical-delimiter\"><\/span><\/header><div class='slide-meta'><div class='slide-meta-comments'><a href='http:\/\/www.amormisericordioso.org\/ita\/professione-perpetua-fr-filippo-digregorio-fam\/#respond'>0 Commenti<\/a><\/div><div class='slide-meta-del'>\/<\/div><time class='slide-meta-time updated'  itemprop=\"datePublished\" datetime=\"2022-08-29T15:51:25+02:00\" >29 Agosto 2022<\/time><\/div><div class='slide-entry-excerpt entry-content'  itemprop=\"text\" >\n\n<\/div><\/div><footer class=\"entry-footer\"><\/footer><span class='hidden'>\n\t\t\t\t<span class='av-structured-data'  itemprop=\"image\" itemscope=\"itemscope\" itemtype=\"https:\/\/schema.org\/ImageObject\" >\n\t\t\t\t\t\t<span itemprop='url'>http:\/\/www.amormisericordioso.org\/ita\/wp-content\/uploads\/2022\/08\/Copia-di-XI-CAPITOLO-GENERALE-1.png<\/span>\n\t\t\t\t\t\t<span itemprop='height'>1080<\/span>\n\t\t\t\t\t\t<span itemprop='width'>1080<\/span>\n\t\t\t\t<\/span>\n\t\t\t\t<span class='av-structured-data'  itemprop=\"publisher\" itemtype=\"https:\/\/schema.org\/Organization\" itemscope=\"itemscope\" >\n\t\t\t\t\t\t<span itemprop='name'>Famiglia dell'Amore Misericordioso<\/span>\n\t\t\t\t\t\t<span itemprop='logo' itemscope itemtype='https:\/\/schema.org\/ImageObject'>\n\t\t\t\t\t\t\t<span itemprop='url'>http:\/\/www.amormisericordioso.org\/ita\/wp-content\/uploads\/2018\/02\/logo-fam-italiano.png<\/span>\n\t\t\t\t\t\t <\/span>\n\t\t\t\t<\/span><span class='av-structured-data'  itemprop=\"author\" itemscope=\"itemscope\" itemtype=\"https:\/\/schema.org\/Person\" ><span itemprop='name'>Famiglia dell'Amore Misericordioso<\/span><\/span><span class='av-structured-data'  itemprop=\"datePublished\" datetime=\"2022-01-05T05:26:27+01:00\" >2022-08-29 15:51:25<\/span><span class='av-structured-data'  itemprop=\"dateModified\" itemtype=\"https:\/\/schema.org\/dateModified\" >2022-08-29 15:51:26<\/span><span class='av-structured-data'  itemprop=\"mainEntityOfPage\" itemtype=\"https:\/\/schema.org\/mainEntityOfPage\" ><span itemprop='name'>PROFESSIONE PERPETUA fr. Filippo Digregorio FAM<\/span><\/span><\/span><\/article><\/div><div class='slide-entry-wrap'><article class='slide-entry flex_column  post-entry post-entry-4405 slide-entry-overview slide-loop-76 slide-parity-odd  av_one_third first real-thumbnail post-format-standard'  itemscope=\"itemscope\" itemtype=\"https:\/\/schema.org\/CreativeWork\" ><a href='http:\/\/www.amormisericordioso.org\/ita\/professione-perpetua-fr-rosario-marino-fam\/' data-rel='slide-1' class='slide-image' title='PROFESSIONE PERPETUA fr. Rosario Marino FAM'><img decoding=\"async\" width=\"189\" height=\"267\" src=\"http:\/\/www.amormisericordioso.org\/ita\/wp-content\/uploads\/2022\/07\/koder.jpg\" class=\"wp-image-4407 avia-img-lazy-loading-not-4407 attachment-medium size-medium wp-post-image\" alt=\"\" \/><\/a><div class='slide-content'><header class=\"entry-content-header\"><h3 class='slide-entry-title entry-title '  itemprop=\"headline\" ><a href='http:\/\/www.amormisericordioso.org\/ita\/professione-perpetua-fr-rosario-marino-fam\/' title='PROFESSIONE PERPETUA fr. Rosario Marino FAM'>PROFESSIONE PERPETUA fr. Rosario Marino FAM<\/a><\/h3><span class=\"av-vertical-delimiter\"><\/span><\/header><div class='slide-meta'><div class='slide-meta-comments'><a href='http:\/\/www.amormisericordioso.org\/ita\/professione-perpetua-fr-rosario-marino-fam\/#respond'>0 Commenti<\/a><\/div><div class='slide-meta-del'>\/<\/div><time class='slide-meta-time updated'  itemprop=\"datePublished\" datetime=\"2022-07-17T17:30:45+02:00\" >17 Luglio 2022<\/time><\/div><div class='slide-entry-excerpt entry-content'  itemprop=\"text\" >\n\n\n\n<\/div><\/div><footer class=\"entry-footer\"><\/footer><span class='hidden'>\n\t\t\t\t<span class='av-structured-data'  itemprop=\"image\" itemscope=\"itemscope\" itemtype=\"https:\/\/schema.org\/ImageObject\" >\n\t\t\t\t\t\t<span itemprop='url'>http:\/\/www.amormisericordioso.org\/ita\/wp-content\/uploads\/2022\/07\/koder.jpg<\/span>\n\t\t\t\t\t\t<span itemprop='height'>267<\/span>\n\t\t\t\t\t\t<span itemprop='width'>189<\/span>\n\t\t\t\t<\/span>\n\t\t\t\t<span class='av-structured-data'  itemprop=\"publisher\" itemtype=\"https:\/\/schema.org\/Organization\" itemscope=\"itemscope\" >\n\t\t\t\t\t\t<span itemprop='name'>Famiglia dell'Amore Misericordioso<\/span>\n\t\t\t\t\t\t<span itemprop='logo' itemscope itemtype='https:\/\/schema.org\/ImageObject'>\n\t\t\t\t\t\t\t<span itemprop='url'>http:\/\/www.amormisericordioso.org\/ita\/wp-content\/uploads\/2018\/02\/logo-fam-italiano.png<\/span>\n\t\t\t\t\t\t <\/span>\n\t\t\t\t<\/span><span class='av-structured-data'  itemprop=\"author\" itemscope=\"itemscope\" itemtype=\"https:\/\/schema.org\/Person\" ><span itemprop='name'>Famiglia dell'Amore Misericordioso<\/span><\/span><span class='av-structured-data'  itemprop=\"datePublished\" datetime=\"2022-01-05T05:26:27+01:00\" >2022-07-17 17:30:45<\/span><span class='av-structured-data'  itemprop=\"dateModified\" itemtype=\"https:\/\/schema.org\/dateModified\" >2022-07-17 17:30:47<\/span><span class='av-structured-data'  itemprop=\"mainEntityOfPage\" itemtype=\"https:\/\/schema.org\/mainEntityOfPage\" ><span itemprop='name'>PROFESSIONE PERPETUA fr. Rosario Marino FAM<\/span><\/span><\/span><\/article><article class='slide-entry flex_column  post-entry post-entry-4394 slide-entry-overview slide-loop-77 slide-parity-even  av_one_third  real-thumbnail post-format-standard'  itemscope=\"itemscope\" itemtype=\"https:\/\/schema.org\/CreativeWork\" ><a href='http:\/\/www.amormisericordioso.org\/ita\/corso-per-giovani-over-18-gesu-in-persona-camminava-con-loro-lc-2415\/' data-rel='slide-1' class='slide-image' title='CORSO PER GIOVANI OVER 18 (Ges\u00f9 in persona camminava con loro &#8211; Lc 24,15)'><img decoding=\"async\" width=\"292\" height=\"292\" src=\"http:\/\/www.amormisericordioso.org\/ita\/wp-content\/uploads\/2022\/06\/foto_page-0001.jpg\" class=\"wp-image-4395 avia-img-lazy-loading-not-4395 attachment-medium size-medium wp-post-image\" alt=\"\" srcset=\"http:\/\/www.amormisericordioso.org\/ita\/wp-content\/uploads\/2022\/06\/foto_page-0001.jpg 292w, http:\/\/www.amormisericordioso.org\/ita\/wp-content\/uploads\/2022\/06\/foto_page-0001-80x80.jpg 80w, http:\/\/www.amormisericordioso.org\/ita\/wp-content\/uploads\/2022\/06\/foto_page-0001-36x36.jpg 36w, http:\/\/www.amormisericordioso.org\/ita\/wp-content\/uploads\/2022\/06\/foto_page-0001-180x180.jpg 180w\" sizes=\"(max-width: 292px) 100vw, 292px\" \/><\/a><div class='slide-content'><header class=\"entry-content-header\"><h3 class='slide-entry-title entry-title '  itemprop=\"headline\" ><a href='http:\/\/www.amormisericordioso.org\/ita\/corso-per-giovani-over-18-gesu-in-persona-camminava-con-loro-lc-2415\/' title='CORSO PER GIOVANI OVER 18 (Ges\u00f9 in persona camminava con loro &#8211; Lc 24,15)'>CORSO PER GIOVANI OVER 18 (Ges\u00f9 in persona camminava con loro &#8211; Lc 24,15)<\/a><\/h3><span class=\"av-vertical-delimiter\"><\/span><\/header><div class='slide-meta'><div class='slide-meta-comments'><a href='http:\/\/www.amormisericordioso.org\/ita\/corso-per-giovani-over-18-gesu-in-persona-camminava-con-loro-lc-2415\/#respond'>0 Commenti<\/a><\/div><div class='slide-meta-del'>\/<\/div><time class='slide-meta-time updated'  itemprop=\"datePublished\" datetime=\"2022-06-22T12:02:57+02:00\" >22 Giugno 2022<\/time><\/div><div class='slide-entry-excerpt entry-content'  itemprop=\"text\" >\n\n<\/div><\/div><footer class=\"entry-footer\"><\/footer><span class='hidden'>\n\t\t\t\t<span class='av-structured-data'  itemprop=\"image\" itemscope=\"itemscope\" itemtype=\"https:\/\/schema.org\/ImageObject\" >\n\t\t\t\t\t\t<span itemprop='url'>http:\/\/www.amormisericordioso.org\/ita\/wp-content\/uploads\/2022\/06\/foto_page-0001.jpg<\/span>\n\t\t\t\t\t\t<span itemprop='height'>292<\/span>\n\t\t\t\t\t\t<span itemprop='width'>292<\/span>\n\t\t\t\t<\/span>\n\t\t\t\t<span class='av-structured-data'  itemprop=\"publisher\" itemtype=\"https:\/\/schema.org\/Organization\" itemscope=\"itemscope\" >\n\t\t\t\t\t\t<span itemprop='name'>Famiglia dell'Amore Misericordioso<\/span>\n\t\t\t\t\t\t<span itemprop='logo' itemscope itemtype='https:\/\/schema.org\/ImageObject'>\n\t\t\t\t\t\t\t<span itemprop='url'>http:\/\/www.amormisericordioso.org\/ita\/wp-content\/uploads\/2018\/02\/logo-fam-italiano.png<\/span>\n\t\t\t\t\t\t <\/span>\n\t\t\t\t<\/span><span class='av-structured-data'  itemprop=\"author\" itemscope=\"itemscope\" itemtype=\"https:\/\/schema.org\/Person\" ><span itemprop='name'>Famiglia dell'Amore Misericordioso<\/span><\/span><span class='av-structured-data'  itemprop=\"datePublished\" datetime=\"2022-01-05T05:26:27+01:00\" >2022-06-22 12:02:57<\/span><span class='av-structured-data'  itemprop=\"dateModified\" itemtype=\"https:\/\/schema.org\/dateModified\" >2022-06-22 12:02:58<\/span><span class='av-structured-data'  itemprop=\"mainEntityOfPage\" itemtype=\"https:\/\/schema.org\/mainEntityOfPage\" ><span itemprop='name'>CORSO PER GIOVANI OVER 18 (Ges\u00f9 in persona camminava con loro &#8211; Lc 24,15)<\/span><\/span><\/span><\/article><article class='slide-entry flex_column  post-entry post-entry-4363 slide-entry-overview slide-loop-78 slide-parity-odd  av_one_third  real-thumbnail post-format-standard'  itemscope=\"itemscope\" itemtype=\"https:\/\/schema.org\/CreativeWork\" ><a href='http:\/\/www.amormisericordioso.org\/ita\/esercizi-spirituali-al-santuario-dellamore-misericordioso\/' data-rel='slide-1' class='slide-image' title='ESERCIZI SPIRITUALI al Santuario dell&#8217;Amore Misericordioso'><img decoding=\"async\" width=\"300\" height=\"225\" src=\"http:\/\/www.amormisericordioso.org\/ita\/wp-content\/uploads\/2022\/06\/basilica-santuario-amore-misericordioso-cardinale-vescovi-e-sacerdoti-concelebranti-nella-cripta-della-tomba-della-beata-300x225.jpg\" class=\"wp-image-4371 avia-img-lazy-loading-not-4371 attachment-medium size-medium wp-post-image\" alt=\"\" srcset=\"http:\/\/www.amormisericordioso.org\/ita\/wp-content\/uploads\/2022\/06\/basilica-santuario-amore-misericordioso-cardinale-vescovi-e-sacerdoti-concelebranti-nella-cripta-della-tomba-della-beata-300x225.jpg 300w, http:\/\/www.amormisericordioso.org\/ita\/wp-content\/uploads\/2022\/06\/basilica-santuario-amore-misericordioso-cardinale-vescovi-e-sacerdoti-concelebranti-nella-cripta-della-tomba-della-beata-1030x773.jpg 1030w, http:\/\/www.amormisericordioso.org\/ita\/wp-content\/uploads\/2022\/06\/basilica-santuario-amore-misericordioso-cardinale-vescovi-e-sacerdoti-concelebranti-nella-cripta-della-tomba-della-beata-768x576.jpg 768w, http:\/\/www.amormisericordioso.org\/ita\/wp-content\/uploads\/2022\/06\/basilica-santuario-amore-misericordioso-cardinale-vescovi-e-sacerdoti-concelebranti-nella-cripta-della-tomba-della-beata-1536x1152.jpg 1536w, http:\/\/www.amormisericordioso.org\/ita\/wp-content\/uploads\/2022\/06\/basilica-santuario-amore-misericordioso-cardinale-vescovi-e-sacerdoti-concelebranti-nella-cripta-della-tomba-della-beata-1500x1125.jpg 1500w, http:\/\/www.amormisericordioso.org\/ita\/wp-content\/uploads\/2022\/06\/basilica-santuario-amore-misericordioso-cardinale-vescovi-e-sacerdoti-concelebranti-nella-cripta-della-tomba-della-beata-705x529.jpg 705w, http:\/\/www.amormisericordioso.org\/ita\/wp-content\/uploads\/2022\/06\/basilica-santuario-amore-misericordioso-cardinale-vescovi-e-sacerdoti-concelebranti-nella-cripta-della-tomba-della-beata.jpg 1600w\" sizes=\"(max-width: 300px) 100vw, 300px\" \/><\/a><div class='slide-content'><header class=\"entry-content-header\"><h3 class='slide-entry-title entry-title '  itemprop=\"headline\" ><a href='http:\/\/www.amormisericordioso.org\/ita\/esercizi-spirituali-al-santuario-dellamore-misericordioso\/' title='ESERCIZI SPIRITUALI al Santuario dell&#8217;Amore Misericordioso'>ESERCIZI SPIRITUALI al Santuario dell&#8217;Amore Misericordioso<\/a><\/h3><span class=\"av-vertical-delimiter\"><\/span><\/header><div class='slide-meta'><time class='slide-meta-time updated'  itemprop=\"datePublished\" datetime=\"2022-06-03T16:21:43+02:00\" >3 Giugno 2022<\/time><\/div><div class='slide-entry-excerpt entry-content'  itemprop=\"text\" >\n\n<\/div><\/div><footer class=\"entry-footer\"><\/footer><span class='hidden'>\n\t\t\t\t<span class='av-structured-data'  itemprop=\"image\" itemscope=\"itemscope\" itemtype=\"https:\/\/schema.org\/ImageObject\" >\n\t\t\t\t\t\t<span itemprop='url'>http:\/\/www.amormisericordioso.org\/ita\/wp-content\/uploads\/2022\/06\/basilica-santuario-amore-misericordioso-cardinale-vescovi-e-sacerdoti-concelebranti-nella-cripta-della-tomba-della-beata.jpg<\/span>\n\t\t\t\t\t\t<span itemprop='height'>1200<\/span>\n\t\t\t\t\t\t<span itemprop='width'>1600<\/span>\n\t\t\t\t<\/span>\n\t\t\t\t<span class='av-structured-data'  itemprop=\"publisher\" itemtype=\"https:\/\/schema.org\/Organization\" itemscope=\"itemscope\" >\n\t\t\t\t\t\t<span itemprop='name'>Famiglia dell'Amore Misericordioso<\/span>\n\t\t\t\t\t\t<span itemprop='logo' itemscope itemtype='https:\/\/schema.org\/ImageObject'>\n\t\t\t\t\t\t\t<span itemprop='url'>http:\/\/www.amormisericordioso.org\/ita\/wp-content\/uploads\/2018\/02\/logo-fam-italiano.png<\/span>\n\t\t\t\t\t\t <\/span>\n\t\t\t\t<\/span><span class='av-structured-data'  itemprop=\"author\" itemscope=\"itemscope\" itemtype=\"https:\/\/schema.org\/Person\" ><span itemprop='name'>Famiglia dell'Amore Misericordioso<\/span><\/span><span class='av-structured-data'  itemprop=\"datePublished\" datetime=\"2022-01-05T05:26:27+01:00\" >2022-06-03 16:21:43<\/span><span class='av-structured-data'  itemprop=\"dateModified\" itemtype=\"https:\/\/schema.org\/dateModified\" >2022-06-03 16:26:47<\/span><span class='av-structured-data'  itemprop=\"mainEntityOfPage\" itemtype=\"https:\/\/schema.org\/mainEntityOfPage\" ><span itemprop='name'>ESERCIZI SPIRITUALI al Santuario dell&#8217;Amore Misericordioso<\/span><\/span><\/span><\/article><\/div><div class='slide-entry-wrap'><article class='slide-entry flex_column  post-entry post-entry-4338 slide-entry-overview slide-loop-79 slide-parity-odd  av_one_third first real-thumbnail post-format-standard'  itemscope=\"itemscope\" itemtype=\"https:\/\/schema.org\/CreativeWork\" ><a href='http:\/\/www.amormisericordioso.org\/ita\/camminata-della-speranza\/' data-rel='slide-1' class='slide-image' title='CAMMINATA DELLA SPERANZA'><img decoding=\"async\" width=\"300\" height=\"300\" src=\"http:\/\/www.amormisericordioso.org\/ita\/wp-content\/uploads\/2022\/05\/Camminata-della-Speranza-300x300.jpg\" class=\"wp-image-4342 avia-img-lazy-loading-not-4342 attachment-medium size-medium wp-post-image\" alt=\"\" srcset=\"http:\/\/www.amormisericordioso.org\/ita\/wp-content\/uploads\/2022\/05\/Camminata-della-Speranza-300x300.jpg 300w, http:\/\/www.amormisericordioso.org\/ita\/wp-content\/uploads\/2022\/05\/Camminata-della-Speranza-1030x1030.jpg 1030w, http:\/\/www.amormisericordioso.org\/ita\/wp-content\/uploads\/2022\/05\/Camminata-della-Speranza-80x80.jpg 80w, http:\/\/www.amormisericordioso.org\/ita\/wp-content\/uploads\/2022\/05\/Camminata-della-Speranza-768x768.jpg 768w, http:\/\/www.amormisericordioso.org\/ita\/wp-content\/uploads\/2022\/05\/Camminata-della-Speranza-36x36.jpg 36w, http:\/\/www.amormisericordioso.org\/ita\/wp-content\/uploads\/2022\/05\/Camminata-della-Speranza-180x180.jpg 180w, http:\/\/www.amormisericordioso.org\/ita\/wp-content\/uploads\/2022\/05\/Camminata-della-Speranza-705x705.jpg 705w, http:\/\/www.amormisericordioso.org\/ita\/wp-content\/uploads\/2022\/05\/Camminata-della-Speranza.jpg 1240w\" sizes=\"(max-width: 300px) 100vw, 300px\" \/><\/a><div class='slide-content'><header class=\"entry-content-header\"><h3 class='slide-entry-title entry-title '  itemprop=\"headline\" ><a href='http:\/\/www.amormisericordioso.org\/ita\/camminata-della-speranza\/' title='CAMMINATA DELLA SPERANZA'>CAMMINATA DELLA SPERANZA<\/a><\/h3><span class=\"av-vertical-delimiter\"><\/span><\/header><div class='slide-meta'><div class='slide-meta-comments'><a href='http:\/\/www.amormisericordioso.org\/ita\/camminata-della-speranza\/#respond'>0 Commenti<\/a><\/div><div class='slide-meta-del'>\/<\/div><time class='slide-meta-time updated'  itemprop=\"datePublished\" datetime=\"2022-05-04T21:04:06+02:00\" >4 Maggio 2022<\/time><\/div><div class='slide-entry-excerpt entry-content'  itemprop=\"text\" >\n\n<\/div><\/div><footer class=\"entry-footer\"><\/footer><span class='hidden'>\n\t\t\t\t<span class='av-structured-data'  itemprop=\"image\" itemscope=\"itemscope\" itemtype=\"https:\/\/schema.org\/ImageObject\" >\n\t\t\t\t\t\t<span itemprop='url'>http:\/\/www.amormisericordioso.org\/ita\/wp-content\/uploads\/2022\/05\/Camminata-della-Speranza.jpg<\/span>\n\t\t\t\t\t\t<span itemprop='height'>1240<\/span>\n\t\t\t\t\t\t<span itemprop='width'>1240<\/span>\n\t\t\t\t<\/span>\n\t\t\t\t<span class='av-structured-data'  itemprop=\"publisher\" itemtype=\"https:\/\/schema.org\/Organization\" itemscope=\"itemscope\" >\n\t\t\t\t\t\t<span itemprop='name'>Famiglia dell'Amore Misericordioso<\/span>\n\t\t\t\t\t\t<span itemprop='logo' itemscope itemtype='https:\/\/schema.org\/ImageObject'>\n\t\t\t\t\t\t\t<span itemprop='url'>http:\/\/www.amormisericordioso.org\/ita\/wp-content\/uploads\/2018\/02\/logo-fam-italiano.png<\/span>\n\t\t\t\t\t\t <\/span>\n\t\t\t\t<\/span><span class='av-structured-data'  itemprop=\"author\" itemscope=\"itemscope\" itemtype=\"https:\/\/schema.org\/Person\" ><span itemprop='name'>Famiglia dell'Amore Misericordioso<\/span><\/span><span class='av-structured-data'  itemprop=\"datePublished\" datetime=\"2022-01-05T05:26:27+01:00\" >2022-05-04 21:04:06<\/span><span class='av-structured-data'  itemprop=\"dateModified\" itemtype=\"https:\/\/schema.org\/dateModified\" >2022-05-04 21:04:09<\/span><span class='av-structured-data'  itemprop=\"mainEntityOfPage\" itemtype=\"https:\/\/schema.org\/mainEntityOfPage\" ><span itemprop='name'>CAMMINATA DELLA SPERANZA<\/span><\/span><\/span><\/article><article class='slide-entry flex_column  post-entry post-entry-4320 slide-entry-overview slide-loop-80 slide-parity-even  av_one_third  real-thumbnail post-format-standard'  itemscope=\"itemscope\" itemtype=\"https:\/\/schema.org\/CreativeWork\" ><a href='http:\/\/www.amormisericordioso.org\/ita\/ordinazione-diaconale-fr-lenin-milton-castro-mendieta-fam\/' data-rel='slide-1' class='slide-image' title='Ordinazione diaconale fr. Lenin Milton Castro Mendieta FAM'><img decoding=\"async\" width=\"300\" height=\"300\" src=\"http:\/\/www.amormisericordioso.org\/ita\/wp-content\/uploads\/2022\/04\/Ordinazione-diaconale-300x300.jpg\" class=\"wp-image-4317 avia-img-lazy-loading-not-4317 attachment-medium size-medium wp-post-image\" alt=\"\" srcset=\"http:\/\/www.amormisericordioso.org\/ita\/wp-content\/uploads\/2022\/04\/Ordinazione-diaconale-300x300.jpg 300w, http:\/\/www.amormisericordioso.org\/ita\/wp-content\/uploads\/2022\/04\/Ordinazione-diaconale-1030x1030.jpg 1030w, http:\/\/www.amormisericordioso.org\/ita\/wp-content\/uploads\/2022\/04\/Ordinazione-diaconale-80x80.jpg 80w, http:\/\/www.amormisericordioso.org\/ita\/wp-content\/uploads\/2022\/04\/Ordinazione-diaconale-768x768.jpg 768w, http:\/\/www.amormisericordioso.org\/ita\/wp-content\/uploads\/2022\/04\/Ordinazione-diaconale-36x36.jpg 36w, http:\/\/www.amormisericordioso.org\/ita\/wp-content\/uploads\/2022\/04\/Ordinazione-diaconale-180x180.jpg 180w, http:\/\/www.amormisericordioso.org\/ita\/wp-content\/uploads\/2022\/04\/Ordinazione-diaconale-705x705.jpg 705w, http:\/\/www.amormisericordioso.org\/ita\/wp-content\/uploads\/2022\/04\/Ordinazione-diaconale.jpg 1240w\" sizes=\"(max-width: 300px) 100vw, 300px\" \/><\/a><div class='slide-content'><header class=\"entry-content-header\"><h3 class='slide-entry-title entry-title '  itemprop=\"headline\" ><a href='http:\/\/www.amormisericordioso.org\/ita\/ordinazione-diaconale-fr-lenin-milton-castro-mendieta-fam\/' title='Ordinazione diaconale fr. Lenin Milton Castro Mendieta FAM'>Ordinazione diaconale fr. Lenin Milton Castro Mendieta FAM<\/a><\/h3><span class=\"av-vertical-delimiter\"><\/span><\/header><div class='slide-meta'><time class='slide-meta-time updated'  itemprop=\"datePublished\" datetime=\"2022-04-25T08:00:00+02:00\" >25 Aprile 2022<\/time><\/div><div class='slide-entry-excerpt entry-content'  itemprop=\"text\" >\n\n<\/div><\/div><footer class=\"entry-footer\"><\/footer><span class='hidden'>\n\t\t\t\t<span class='av-structured-data'  itemprop=\"image\" itemscope=\"itemscope\" itemtype=\"https:\/\/schema.org\/ImageObject\" >\n\t\t\t\t\t\t<span itemprop='url'>http:\/\/www.amormisericordioso.org\/ita\/wp-content\/uploads\/2022\/04\/Ordinazione-diaconale.jpg<\/span>\n\t\t\t\t\t\t<span itemprop='height'>1240<\/span>\n\t\t\t\t\t\t<span itemprop='width'>1240<\/span>\n\t\t\t\t<\/span>\n\t\t\t\t<span class='av-structured-data'  itemprop=\"publisher\" itemtype=\"https:\/\/schema.org\/Organization\" itemscope=\"itemscope\" >\n\t\t\t\t\t\t<span itemprop='name'>Famiglia dell'Amore Misericordioso<\/span>\n\t\t\t\t\t\t<span itemprop='logo' itemscope itemtype='https:\/\/schema.org\/ImageObject'>\n\t\t\t\t\t\t\t<span itemprop='url'>http:\/\/www.amormisericordioso.org\/ita\/wp-content\/uploads\/2018\/02\/logo-fam-italiano.png<\/span>\n\t\t\t\t\t\t <\/span>\n\t\t\t\t<\/span><span class='av-structured-data'  itemprop=\"author\" itemscope=\"itemscope\" itemtype=\"https:\/\/schema.org\/Person\" ><span itemprop='name'>Famiglia dell'Amore Misericordioso<\/span><\/span><span class='av-structured-data'  itemprop=\"datePublished\" datetime=\"2022-01-05T05:26:27+01:00\" >2022-04-25 08:00:00<\/span><span class='av-structured-data'  itemprop=\"dateModified\" itemtype=\"https:\/\/schema.org\/dateModified\" >2022-04-12 11:27:15<\/span><span class='av-structured-data'  itemprop=\"mainEntityOfPage\" itemtype=\"https:\/\/schema.org\/mainEntityOfPage\" ><span itemprop='name'>Ordinazione diaconale fr. Lenin Milton Castro Mendieta FAM<\/span><\/span><\/span><\/article><article class='slide-entry flex_column  post-entry post-entry-4315 slide-entry-overview slide-loop-81 slide-parity-odd  av_one_third  real-thumbnail post-format-standard'  itemscope=\"itemscope\" itemtype=\"https:\/\/schema.org\/CreativeWork\" ><a href='http:\/\/www.amormisericordioso.org\/ita\/ordinazione-presbiterale-di-p-massimo-tofani-fam\/' data-rel='slide-1' class='slide-image' title='Ordinazione Presbiterale di P. Massimo Tofani FAM'><img decoding=\"async\" width=\"300\" height=\"300\" src=\"http:\/\/www.amormisericordioso.org\/ita\/wp-content\/uploads\/2022\/04\/Ordinazione-Presbiterale-300x300.jpg\" class=\"wp-image-4318 avia-img-lazy-loading-not-4318 attachment-medium size-medium wp-post-image\" alt=\"\" srcset=\"http:\/\/www.amormisericordioso.org\/ita\/wp-content\/uploads\/2022\/04\/Ordinazione-Presbiterale-300x300.jpg 300w, http:\/\/www.amormisericordioso.org\/ita\/wp-content\/uploads\/2022\/04\/Ordinazione-Presbiterale-1030x1030.jpg 1030w, http:\/\/www.amormisericordioso.org\/ita\/wp-content\/uploads\/2022\/04\/Ordinazione-Presbiterale-80x80.jpg 80w, http:\/\/www.amormisericordioso.org\/ita\/wp-content\/uploads\/2022\/04\/Ordinazione-Presbiterale-768x768.jpg 768w, http:\/\/www.amormisericordioso.org\/ita\/wp-content\/uploads\/2022\/04\/Ordinazione-Presbiterale-36x36.jpg 36w, http:\/\/www.amormisericordioso.org\/ita\/wp-content\/uploads\/2022\/04\/Ordinazione-Presbiterale-180x180.jpg 180w, http:\/\/www.amormisericordioso.org\/ita\/wp-content\/uploads\/2022\/04\/Ordinazione-Presbiterale-705x705.jpg 705w, http:\/\/www.amormisericordioso.org\/ita\/wp-content\/uploads\/2022\/04\/Ordinazione-Presbiterale.jpg 1240w\" sizes=\"(max-width: 300px) 100vw, 300px\" \/><\/a><div class='slide-content'><header class=\"entry-content-header\"><h3 class='slide-entry-title entry-title '  itemprop=\"headline\" ><a href='http:\/\/www.amormisericordioso.org\/ita\/ordinazione-presbiterale-di-p-massimo-tofani-fam\/' title='Ordinazione Presbiterale di P. Massimo Tofani FAM'>Ordinazione Presbiterale di P. Massimo Tofani FAM<\/a><\/h3><span class=\"av-vertical-delimiter\"><\/span><\/header><div class='slide-meta'><time class='slide-meta-time updated'  itemprop=\"datePublished\" datetime=\"2022-04-12T11:21:36+02:00\" >12 Aprile 2022<\/time><\/div><div class='slide-entry-excerpt entry-content'  itemprop=\"text\" >\n\n<\/div><\/div><footer class=\"entry-footer\"><\/footer><span class='hidden'>\n\t\t\t\t<span class='av-structured-data'  itemprop=\"image\" itemscope=\"itemscope\" itemtype=\"https:\/\/schema.org\/ImageObject\" >\n\t\t\t\t\t\t<span itemprop='url'>http:\/\/www.amormisericordioso.org\/ita\/wp-content\/uploads\/2022\/04\/Ordinazione-Presbiterale.jpg<\/span>\n\t\t\t\t\t\t<span itemprop='height'>1240<\/span>\n\t\t\t\t\t\t<span itemprop='width'>1240<\/span>\n\t\t\t\t<\/span>\n\t\t\t\t<span class='av-structured-data'  itemprop=\"publisher\" itemtype=\"https:\/\/schema.org\/Organization\" itemscope=\"itemscope\" >\n\t\t\t\t\t\t<span itemprop='name'>Famiglia dell'Amore Misericordioso<\/span>\n\t\t\t\t\t\t<span itemprop='logo' itemscope itemtype='https:\/\/schema.org\/ImageObject'>\n\t\t\t\t\t\t\t<span itemprop='url'>http:\/\/www.amormisericordioso.org\/ita\/wp-content\/uploads\/2018\/02\/logo-fam-italiano.png<\/span>\n\t\t\t\t\t\t <\/span>\n\t\t\t\t<\/span><span class='av-structured-data'  itemprop=\"author\" itemscope=\"itemscope\" itemtype=\"https:\/\/schema.org\/Person\" ><span itemprop='name'>Famiglia dell'Amore Misericordioso<\/span><\/span><span class='av-structured-data'  itemprop=\"datePublished\" datetime=\"2022-01-05T05:26:27+01:00\" >2022-04-12 11:21:36<\/span><span class='av-structured-data'  itemprop=\"dateModified\" itemtype=\"https:\/\/schema.org\/dateModified\" >2022-04-12 11:21:38<\/span><span class='av-structured-data'  itemprop=\"mainEntityOfPage\" itemtype=\"https:\/\/schema.org\/mainEntityOfPage\" ><span itemprop='name'>Ordinazione Presbiterale di P. Massimo Tofani FAM<\/span><\/span><\/span><\/article><\/div><div class='slide-entry-wrap'><article class='slide-entry flex_column  post-entry post-entry-4235 slide-entry-overview slide-loop-82 slide-parity-odd  av_one_third first real-thumbnail post-format-standard'  itemscope=\"itemscope\" itemtype=\"https:\/\/schema.org\/CreativeWork\" ><a href='http:\/\/www.amormisericordioso.org\/ita\/triduo-di-preghiera-per-la-pace-in-ucraina\/' data-rel='slide-1' class='slide-image' title='TRIDUO DI PREGHIERA per la pace in Ucraina'><img decoding=\"async\" width=\"300\" height=\"300\" src=\"http:\/\/www.amormisericordioso.org\/ita\/wp-content\/uploads\/2022\/02\/XI-CAPITOLO-GENERALE-300x300.png\" class=\"wp-image-4237 avia-img-lazy-loading-not-4237 attachment-medium size-medium wp-post-image\" alt=\"\" srcset=\"http:\/\/www.amormisericordioso.org\/ita\/wp-content\/uploads\/2022\/02\/XI-CAPITOLO-GENERALE-300x300.png 300w, http:\/\/www.amormisericordioso.org\/ita\/wp-content\/uploads\/2022\/02\/XI-CAPITOLO-GENERALE-1030x1030.png 1030w, http:\/\/www.amormisericordioso.org\/ita\/wp-content\/uploads\/2022\/02\/XI-CAPITOLO-GENERALE-80x80.png 80w, http:\/\/www.amormisericordioso.org\/ita\/wp-content\/uploads\/2022\/02\/XI-CAPITOLO-GENERALE-768x768.png 768w, http:\/\/www.amormisericordioso.org\/ita\/wp-content\/uploads\/2022\/02\/XI-CAPITOLO-GENERALE-36x36.png 36w, http:\/\/www.amormisericordioso.org\/ita\/wp-content\/uploads\/2022\/02\/XI-CAPITOLO-GENERALE-180x180.png 180w, http:\/\/www.amormisericordioso.org\/ita\/wp-content\/uploads\/2022\/02\/XI-CAPITOLO-GENERALE-705x705.png 705w, http:\/\/www.amormisericordioso.org\/ita\/wp-content\/uploads\/2022\/02\/XI-CAPITOLO-GENERALE.png 1080w\" sizes=\"(max-width: 300px) 100vw, 300px\" \/><\/a><div class='slide-content'><header class=\"entry-content-header\"><h3 class='slide-entry-title entry-title '  itemprop=\"headline\" ><a href='http:\/\/www.amormisericordioso.org\/ita\/triduo-di-preghiera-per-la-pace-in-ucraina\/' title='TRIDUO DI PREGHIERA per la pace in Ucraina'>TRIDUO DI PREGHIERA per la pace in Ucraina<\/a><\/h3><span class=\"av-vertical-delimiter\"><\/span><\/header><div class='slide-meta'><time class='slide-meta-time updated'  itemprop=\"datePublished\" datetime=\"2022-02-28T09:39:09+01:00\" >28 Febbraio 2022<\/time><\/div><div class='slide-entry-excerpt entry-content'  itemprop=\"text\" >\n\n<\/div><\/div><footer class=\"entry-footer\"><\/footer><span class='hidden'>\n\t\t\t\t<span class='av-structured-data'  itemprop=\"image\" itemscope=\"itemscope\" itemtype=\"https:\/\/schema.org\/ImageObject\" >\n\t\t\t\t\t\t<span itemprop='url'>http:\/\/www.amormisericordioso.org\/ita\/wp-content\/uploads\/2022\/02\/XI-CAPITOLO-GENERALE.png<\/span>\n\t\t\t\t\t\t<span itemprop='height'>1080<\/span>\n\t\t\t\t\t\t<span itemprop='width'>1080<\/span>\n\t\t\t\t<\/span>\n\t\t\t\t<span class='av-structured-data'  itemprop=\"publisher\" itemtype=\"https:\/\/schema.org\/Organization\" itemscope=\"itemscope\" >\n\t\t\t\t\t\t<span itemprop='name'>Famiglia dell'Amore Misericordioso<\/span>\n\t\t\t\t\t\t<span itemprop='logo' itemscope itemtype='https:\/\/schema.org\/ImageObject'>\n\t\t\t\t\t\t\t<span itemprop='url'>http:\/\/www.amormisericordioso.org\/ita\/wp-content\/uploads\/2018\/02\/logo-fam-italiano.png<\/span>\n\t\t\t\t\t\t <\/span>\n\t\t\t\t<\/span><span class='av-structured-data'  itemprop=\"author\" itemscope=\"itemscope\" itemtype=\"https:\/\/schema.org\/Person\" ><span itemprop='name'>Famiglia dell'Amore Misericordioso<\/span><\/span><span class='av-structured-data'  itemprop=\"datePublished\" datetime=\"2022-01-05T05:26:27+01:00\" >2022-02-28 09:39:09<\/span><span class='av-structured-data'  itemprop=\"dateModified\" itemtype=\"https:\/\/schema.org\/dateModified\" >2022-02-28 09:39:11<\/span><span class='av-structured-data'  itemprop=\"mainEntityOfPage\" itemtype=\"https:\/\/schema.org\/mainEntityOfPage\" ><span itemprop='name'>TRIDUO DI PREGHIERA per la pace in Ucraina<\/span><\/span><\/span><\/article><article class='slide-entry flex_column  post-entry post-entry-4119 slide-entry-overview slide-loop-83 slide-parity-even  av_one_third  real-thumbnail post-format-standard'  itemscope=\"itemscope\" itemtype=\"https:\/\/schema.org\/CreativeWork\" ><a href='http:\/\/www.amormisericordioso.org\/ita\/sui-passi-di-madre-speranza\/' data-rel='slide-1' class='slide-image' title='Sui passi di MADRE SPERANZA'><img decoding=\"async\" width=\"300\" height=\"300\" src=\"http:\/\/www.amormisericordioso.org\/ita\/wp-content\/uploads\/2022\/01\/Sui-passi-di-Madre-Speranza-300x300.jpg\" class=\"wp-image-4121 avia-img-lazy-loading-not-4121 attachment-medium size-medium wp-post-image\" alt=\"\" srcset=\"http:\/\/www.amormisericordioso.org\/ita\/wp-content\/uploads\/2022\/01\/Sui-passi-di-Madre-Speranza-300x300.jpg 300w, http:\/\/www.amormisericordioso.org\/ita\/wp-content\/uploads\/2022\/01\/Sui-passi-di-Madre-Speranza-1030x1030.jpg 1030w, http:\/\/www.amormisericordioso.org\/ita\/wp-content\/uploads\/2022\/01\/Sui-passi-di-Madre-Speranza-80x80.jpg 80w, http:\/\/www.amormisericordioso.org\/ita\/wp-content\/uploads\/2022\/01\/Sui-passi-di-Madre-Speranza-768x768.jpg 768w, http:\/\/www.amormisericordioso.org\/ita\/wp-content\/uploads\/2022\/01\/Sui-passi-di-Madre-Speranza-36x36.jpg 36w, http:\/\/www.amormisericordioso.org\/ita\/wp-content\/uploads\/2022\/01\/Sui-passi-di-Madre-Speranza-180x180.jpg 180w, http:\/\/www.amormisericordioso.org\/ita\/wp-content\/uploads\/2022\/01\/Sui-passi-di-Madre-Speranza-705x705.jpg 705w, http:\/\/www.amormisericordioso.org\/ita\/wp-content\/uploads\/2022\/01\/Sui-passi-di-Madre-Speranza.jpg 1240w\" sizes=\"(max-width: 300px) 100vw, 300px\" \/><\/a><div class='slide-content'><header class=\"entry-content-header\"><h3 class='slide-entry-title entry-title '  itemprop=\"headline\" ><a href='http:\/\/www.amormisericordioso.org\/ita\/sui-passi-di-madre-speranza\/' title='Sui passi di MADRE SPERANZA'>Sui passi di MADRE SPERANZA<\/a><\/h3><span class=\"av-vertical-delimiter\"><\/span><\/header><div class='slide-meta'><div class='slide-meta-comments'><a href='http:\/\/www.amormisericordioso.org\/ita\/sui-passi-di-madre-speranza\/#respond'>0 Commenti<\/a><\/div><div class='slide-meta-del'>\/<\/div><time class='slide-meta-time updated'  itemprop=\"datePublished\" datetime=\"2022-01-18T22:12:21+01:00\" >18 Gennaio 2022<\/time><\/div><div class='slide-entry-excerpt entry-content'  itemprop=\"text\" >\n\n<\/div><\/div><footer class=\"entry-footer\"><\/footer><span class='hidden'>\n\t\t\t\t<span class='av-structured-data'  itemprop=\"image\" itemscope=\"itemscope\" itemtype=\"https:\/\/schema.org\/ImageObject\" >\n\t\t\t\t\t\t<span itemprop='url'>http:\/\/www.amormisericordioso.org\/ita\/wp-content\/uploads\/2022\/01\/Sui-passi-di-Madre-Speranza.jpg<\/span>\n\t\t\t\t\t\t<span itemprop='height'>1240<\/span>\n\t\t\t\t\t\t<span itemprop='width'>1240<\/span>\n\t\t\t\t<\/span>\n\t\t\t\t<span class='av-structured-data'  itemprop=\"publisher\" itemtype=\"https:\/\/schema.org\/Organization\" itemscope=\"itemscope\" >\n\t\t\t\t\t\t<span itemprop='name'>Famiglia dell'Amore Misericordioso<\/span>\n\t\t\t\t\t\t<span itemprop='logo' itemscope itemtype='https:\/\/schema.org\/ImageObject'>\n\t\t\t\t\t\t\t<span itemprop='url'>http:\/\/www.amormisericordioso.org\/ita\/wp-content\/uploads\/2018\/02\/logo-fam-italiano.png<\/span>\n\t\t\t\t\t\t <\/span>\n\t\t\t\t<\/span><span class='av-structured-data'  itemprop=\"author\" itemscope=\"itemscope\" itemtype=\"https:\/\/schema.org\/Person\" ><span itemprop='name'>Famiglia dell'Amore Misericordioso<\/span><\/span><span class='av-structured-data'  itemprop=\"datePublished\" datetime=\"2022-01-05T05:26:27+01:00\" >2022-01-18 22:12:21<\/span><span class='av-structured-data'  itemprop=\"dateModified\" itemtype=\"https:\/\/schema.org\/dateModified\" >2022-01-18 22:12:23<\/span><span class='av-structured-data'  itemprop=\"mainEntityOfPage\" itemtype=\"https:\/\/schema.org\/mainEntityOfPage\" ><span itemprop='name'>Sui passi di MADRE SPERANZA<\/span><\/span><\/span><\/article><article class='slide-entry flex_column  post-entry post-entry-4086 slide-entry-overview slide-loop-84 slide-parity-odd  av_one_third  real-thumbnail post-format-standard'  itemscope=\"itemscope\" itemtype=\"https:\/\/schema.org\/CreativeWork\" ><a href='http:\/\/www.amormisericordioso.org\/ita\/festa-liturgica-beata-speranza-di-gesu\/' data-rel='slide-1' class='slide-image' title='Festa liturgica: BEATA SPERANZA DI GES\u00da'><img decoding=\"async\" width=\"300\" height=\"300\" src=\"http:\/\/www.amormisericordioso.org\/ita\/wp-content\/uploads\/2022\/01\/Festa-della-Beata-Speranza-di-Gesu-300x300.jpg\" class=\"wp-image-4088 avia-img-lazy-loading-not-4088 attachment-medium size-medium wp-post-image\" alt=\"\" srcset=\"http:\/\/www.amormisericordioso.org\/ita\/wp-content\/uploads\/2022\/01\/Festa-della-Beata-Speranza-di-Gesu-300x300.jpg 300w, http:\/\/www.amormisericordioso.org\/ita\/wp-content\/uploads\/2022\/01\/Festa-della-Beata-Speranza-di-Gesu-1030x1030.jpg 1030w, http:\/\/www.amormisericordioso.org\/ita\/wp-content\/uploads\/2022\/01\/Festa-della-Beata-Speranza-di-Gesu-80x80.jpg 80w, http:\/\/www.amormisericordioso.org\/ita\/wp-content\/uploads\/2022\/01\/Festa-della-Beata-Speranza-di-Gesu-768x768.jpg 768w, http:\/\/www.amormisericordioso.org\/ita\/wp-content\/uploads\/2022\/01\/Festa-della-Beata-Speranza-di-Gesu-36x36.jpg 36w, http:\/\/www.amormisericordioso.org\/ita\/wp-content\/uploads\/2022\/01\/Festa-della-Beata-Speranza-di-Gesu-180x180.jpg 180w, http:\/\/www.amormisericordioso.org\/ita\/wp-content\/uploads\/2022\/01\/Festa-della-Beata-Speranza-di-Gesu-705x705.jpg 705w, http:\/\/www.amormisericordioso.org\/ita\/wp-content\/uploads\/2022\/01\/Festa-della-Beata-Speranza-di-Gesu.jpg 1240w\" sizes=\"(max-width: 300px) 100vw, 300px\" \/><\/a><div class='slide-content'><header class=\"entry-content-header\"><h3 class='slide-entry-title entry-title '  itemprop=\"headline\" ><a href='http:\/\/www.amormisericordioso.org\/ita\/festa-liturgica-beata-speranza-di-gesu\/' title='Festa liturgica: BEATA SPERANZA DI GES\u00da'>Festa liturgica: BEATA SPERANZA DI GES\u00da<\/a><\/h3><span class=\"av-vertical-delimiter\"><\/span><\/header><div class='slide-meta'><div class='slide-meta-comments'><a href='http:\/\/www.amormisericordioso.org\/ita\/festa-liturgica-beata-speranza-di-gesu\/#respond'>0 Commenti<\/a><\/div><div class='slide-meta-del'>\/<\/div><time class='slide-meta-time updated'  itemprop=\"datePublished\" datetime=\"2022-01-13T22:33:55+01:00\" >13 Gennaio 2022<\/time><\/div><div class='slide-entry-excerpt entry-content'  itemprop=\"text\" >\n\n<\/div><\/div><footer class=\"entry-footer\"><\/footer><span class='hidden'>\n\t\t\t\t<span class='av-structured-data'  itemprop=\"image\" itemscope=\"itemscope\" itemtype=\"https:\/\/schema.org\/ImageObject\" >\n\t\t\t\t\t\t<span itemprop='url'>http:\/\/www.amormisericordioso.org\/ita\/wp-content\/uploads\/2022\/01\/Festa-della-Beata-Speranza-di-Gesu.jpg<\/span>\n\t\t\t\t\t\t<span itemprop='height'>1240<\/span>\n\t\t\t\t\t\t<span itemprop='width'>1240<\/span>\n\t\t\t\t<\/span>\n\t\t\t\t<span class='av-structured-data'  itemprop=\"publisher\" itemtype=\"https:\/\/schema.org\/Organization\" itemscope=\"itemscope\" >\n\t\t\t\t\t\t<span itemprop='name'>Famiglia dell'Amore Misericordioso<\/span>\n\t\t\t\t\t\t<span itemprop='logo' itemscope itemtype='https:\/\/schema.org\/ImageObject'>\n\t\t\t\t\t\t\t<span itemprop='url'>http:\/\/www.amormisericordioso.org\/ita\/wp-content\/uploads\/2018\/02\/logo-fam-italiano.png<\/span>\n\t\t\t\t\t\t <\/span>\n\t\t\t\t<\/span><span class='av-structured-data'  itemprop=\"author\" itemscope=\"itemscope\" itemtype=\"https:\/\/schema.org\/Person\" ><span itemprop='name'>Famiglia dell'Amore Misericordioso<\/span><\/span><span class='av-structured-data'  itemprop=\"datePublished\" datetime=\"2022-01-05T05:26:27+01:00\" >2022-01-13 22:33:55<\/span><span class='av-structured-data'  itemprop=\"dateModified\" itemtype=\"https:\/\/schema.org\/dateModified\" >2022-01-13 22:33:58<\/span><span class='av-structured-data'  itemprop=\"mainEntityOfPage\" itemtype=\"https:\/\/schema.org\/mainEntityOfPage\" ><span itemprop='name'>Festa liturgica: BEATA SPERANZA DI GES\u00da<\/span><\/span><\/span><\/article><\/div><div class='slide-entry-wrap'><article class='slide-entry flex_column  post-entry post-entry-3431 slide-entry-overview slide-loop-85 slide-parity-odd  av_one_third first real-thumbnail post-format-standard'  itemscope=\"itemscope\" itemtype=\"https:\/\/schema.org\/CreativeWork\" ><a href='http:\/\/www.amormisericordioso.org\/ita\/riapertura-del-presepe-poliscenico-a-collevalenza\/' data-rel='slide-1' class='slide-image' title='RIAPERTURA del presepe poliscenico a Collevalenza'><img decoding=\"async\" width=\"300\" height=\"300\" src=\"http:\/\/www.amormisericordioso.org\/ita\/wp-content\/uploads\/2021\/12\/Anteprima-ARTICOLI-300x300.jpg\" class=\"wp-image-3434 avia-img-lazy-loading-not-3434 attachment-medium size-medium wp-post-image\" alt=\"\" srcset=\"http:\/\/www.amormisericordioso.org\/ita\/wp-content\/uploads\/2021\/12\/Anteprima-ARTICOLI-300x300.jpg 300w, http:\/\/www.amormisericordioso.org\/ita\/wp-content\/uploads\/2021\/12\/Anteprima-ARTICOLI-1030x1030.jpg 1030w, http:\/\/www.amormisericordioso.org\/ita\/wp-content\/uploads\/2021\/12\/Anteprima-ARTICOLI-80x80.jpg 80w, http:\/\/www.amormisericordioso.org\/ita\/wp-content\/uploads\/2021\/12\/Anteprima-ARTICOLI-768x768.jpg 768w, http:\/\/www.amormisericordioso.org\/ita\/wp-content\/uploads\/2021\/12\/Anteprima-ARTICOLI-36x36.jpg 36w, http:\/\/www.amormisericordioso.org\/ita\/wp-content\/uploads\/2021\/12\/Anteprima-ARTICOLI-180x180.jpg 180w, http:\/\/www.amormisericordioso.org\/ita\/wp-content\/uploads\/2021\/12\/Anteprima-ARTICOLI-705x705.jpg 705w, http:\/\/www.amormisericordioso.org\/ita\/wp-content\/uploads\/2021\/12\/Anteprima-ARTICOLI.jpg 1240w\" sizes=\"(max-width: 300px) 100vw, 300px\" \/><\/a><div class='slide-content'><header class=\"entry-content-header\"><h3 class='slide-entry-title entry-title '  itemprop=\"headline\" ><a href='http:\/\/www.amormisericordioso.org\/ita\/riapertura-del-presepe-poliscenico-a-collevalenza\/' title='RIAPERTURA del presepe poliscenico a Collevalenza'>RIAPERTURA del presepe poliscenico a Collevalenza<\/a><\/h3><span class=\"av-vertical-delimiter\"><\/span><\/header><div class='slide-meta'><time class='slide-meta-time updated'  itemprop=\"datePublished\" datetime=\"2021-12-09T12:14:17+01:00\" >9 Dicembre 2021<\/time><\/div><div class='slide-entry-excerpt entry-content'  itemprop=\"text\" >\n\n<\/div><\/div><footer class=\"entry-footer\"><\/footer><span class='hidden'>\n\t\t\t\t<span class='av-structured-data'  itemprop=\"image\" itemscope=\"itemscope\" itemtype=\"https:\/\/schema.org\/ImageObject\" >\n\t\t\t\t\t\t<span itemprop='url'>http:\/\/www.amormisericordioso.org\/ita\/wp-content\/uploads\/2021\/12\/Anteprima-ARTICOLI.jpg<\/span>\n\t\t\t\t\t\t<span itemprop='height'>1240<\/span>\n\t\t\t\t\t\t<span itemprop='width'>1240<\/span>\n\t\t\t\t<\/span>\n\t\t\t\t<span class='av-structured-data'  itemprop=\"publisher\" itemtype=\"https:\/\/schema.org\/Organization\" itemscope=\"itemscope\" >\n\t\t\t\t\t\t<span itemprop='name'>Famiglia dell'Amore Misericordioso<\/span>\n\t\t\t\t\t\t<span itemprop='logo' itemscope itemtype='https:\/\/schema.org\/ImageObject'>\n\t\t\t\t\t\t\t<span itemprop='url'>http:\/\/www.amormisericordioso.org\/ita\/wp-content\/uploads\/2018\/02\/logo-fam-italiano.png<\/span>\n\t\t\t\t\t\t <\/span>\n\t\t\t\t<\/span><span class='av-structured-data'  itemprop=\"author\" itemscope=\"itemscope\" itemtype=\"https:\/\/schema.org\/Person\" ><span itemprop='name'>Famiglia dell'Amore Misericordioso<\/span><\/span><span class='av-structured-data'  itemprop=\"datePublished\" datetime=\"2022-01-05T05:26:27+01:00\" >2021-12-09 12:14:17<\/span><span class='av-structured-data'  itemprop=\"dateModified\" itemtype=\"https:\/\/schema.org\/dateModified\" >2022-01-04 09:31:15<\/span><span class='av-structured-data'  itemprop=\"mainEntityOfPage\" itemtype=\"https:\/\/schema.org\/mainEntityOfPage\" ><span itemprop='name'>RIAPERTURA del presepe poliscenico a Collevalenza<\/span><\/span><\/span><\/article><article class='slide-entry flex_column  post-entry post-entry-3090 slide-entry-overview slide-loop-86 slide-parity-even  av_one_third  real-thumbnail post-format-standard'  itemscope=\"itemscope\" itemtype=\"https:\/\/schema.org\/CreativeWork\" ><a href='http:\/\/www.amormisericordioso.org\/ita\/27-30-12-2021-il-natale-vissuto-da-san-giuseppe\/' data-rel='slide-1' class='slide-image' title='27-30\/12\/2021 &#8211; Il Natale vissuto da San Giuseppe'><img decoding=\"async\" width=\"300\" height=\"300\" src=\"http:\/\/www.amormisericordioso.org\/ita\/wp-content\/uploads\/2021\/11\/Il-Natale-vissuto-da-San-Giuseppe-corso-per-giovani-18-300x300.jpg\" class=\"wp-image-3092 avia-img-lazy-loading-not-3092 attachment-medium size-medium wp-post-image\" alt=\"\" srcset=\"http:\/\/www.amormisericordioso.org\/ita\/wp-content\/uploads\/2021\/11\/Il-Natale-vissuto-da-San-Giuseppe-corso-per-giovani-18-300x300.jpg 300w, http:\/\/www.amormisericordioso.org\/ita\/wp-content\/uploads\/2021\/11\/Il-Natale-vissuto-da-San-Giuseppe-corso-per-giovani-18-1030x1030.jpg 1030w, http:\/\/www.amormisericordioso.org\/ita\/wp-content\/uploads\/2021\/11\/Il-Natale-vissuto-da-San-Giuseppe-corso-per-giovani-18-80x80.jpg 80w, http:\/\/www.amormisericordioso.org\/ita\/wp-content\/uploads\/2021\/11\/Il-Natale-vissuto-da-San-Giuseppe-corso-per-giovani-18-768x768.jpg 768w, http:\/\/www.amormisericordioso.org\/ita\/wp-content\/uploads\/2021\/11\/Il-Natale-vissuto-da-San-Giuseppe-corso-per-giovani-18-36x36.jpg 36w, http:\/\/www.amormisericordioso.org\/ita\/wp-content\/uploads\/2021\/11\/Il-Natale-vissuto-da-San-Giuseppe-corso-per-giovani-18-180x180.jpg 180w, http:\/\/www.amormisericordioso.org\/ita\/wp-content\/uploads\/2021\/11\/Il-Natale-vissuto-da-San-Giuseppe-corso-per-giovani-18-705x705.jpg 705w, http:\/\/www.amormisericordioso.org\/ita\/wp-content\/uploads\/2021\/11\/Il-Natale-vissuto-da-San-Giuseppe-corso-per-giovani-18.jpg 1240w\" sizes=\"(max-width: 300px) 100vw, 300px\" \/><\/a><div class='slide-content'><header class=\"entry-content-header\"><h3 class='slide-entry-title entry-title '  itemprop=\"headline\" ><a href='http:\/\/www.amormisericordioso.org\/ita\/27-30-12-2021-il-natale-vissuto-da-san-giuseppe\/' title='27-30\/12\/2021 &#8211; Il Natale vissuto da San Giuseppe'>27-30\/12\/2021 &#8211; Il Natale vissuto da San Giuseppe<\/a><\/h3><span class=\"av-vertical-delimiter\"><\/span><\/header><div class='slide-meta'><div class='slide-meta-comments'><a href='http:\/\/www.amormisericordioso.org\/ita\/27-30-12-2021-il-natale-vissuto-da-san-giuseppe\/#respond'>0 Commenti<\/a><\/div><div class='slide-meta-del'>\/<\/div><time class='slide-meta-time updated'  itemprop=\"datePublished\" datetime=\"2021-11-11T05:33:24+01:00\" >11 Novembre 2021<\/time><\/div><div class='slide-entry-excerpt entry-content'  itemprop=\"text\" >\n\n<\/div><\/div><footer class=\"entry-footer\"><\/footer><span class='hidden'>\n\t\t\t\t<span class='av-structured-data'  itemprop=\"image\" itemscope=\"itemscope\" itemtype=\"https:\/\/schema.org\/ImageObject\" >\n\t\t\t\t\t\t<span itemprop='url'>http:\/\/www.amormisericordioso.org\/ita\/wp-content\/uploads\/2021\/11\/Il-Natale-vissuto-da-San-Giuseppe-corso-per-giovani-18.jpg<\/span>\n\t\t\t\t\t\t<span itemprop='height'>1240<\/span>\n\t\t\t\t\t\t<span itemprop='width'>1240<\/span>\n\t\t\t\t<\/span>\n\t\t\t\t<span class='av-structured-data'  itemprop=\"publisher\" itemtype=\"https:\/\/schema.org\/Organization\" itemscope=\"itemscope\" >\n\t\t\t\t\t\t<span itemprop='name'>Famiglia dell'Amore Misericordioso<\/span>\n\t\t\t\t\t\t<span itemprop='logo' itemscope itemtype='https:\/\/schema.org\/ImageObject'>\n\t\t\t\t\t\t\t<span itemprop='url'>http:\/\/www.amormisericordioso.org\/ita\/wp-content\/uploads\/2018\/02\/logo-fam-italiano.png<\/span>\n\t\t\t\t\t\t <\/span>\n\t\t\t\t<\/span><span class='av-structured-data'  itemprop=\"author\" itemscope=\"itemscope\" itemtype=\"https:\/\/schema.org\/Person\" ><span itemprop='name'>Famiglia dell'Amore Misericordioso<\/span><\/span><span class='av-structured-data'  itemprop=\"datePublished\" datetime=\"2022-01-05T05:26:27+01:00\" >2021-11-11 05:33:24<\/span><span class='av-structured-data'  itemprop=\"dateModified\" itemtype=\"https:\/\/schema.org\/dateModified\" >2022-01-04 09:32:36<\/span><span class='av-structured-data'  itemprop=\"mainEntityOfPage\" itemtype=\"https:\/\/schema.org\/mainEntityOfPage\" ><span itemprop='name'>27-30\/12\/2021 &#8211; Il Natale vissuto da San Giuseppe<\/span><\/span><\/span><\/article><article class='slide-entry flex_column  post-entry post-entry-3049 slide-entry-overview slide-loop-87 slide-parity-odd  post-entry-last  av_one_third  real-thumbnail post-format-standard'  itemscope=\"itemscope\" itemtype=\"https:\/\/schema.org\/CreativeWork\" ><a href='http:\/\/www.amormisericordioso.org\/ita\/san-giovanni-paolo-ii-testimone-della-misericordia\/' data-rel='slide-1' class='slide-image' title='22\/11\/2021 &#8211;  GIOVANNI PAOLO II: testimone della Misericordia'><img decoding=\"async\" width=\"300\" height=\"300\" src=\"http:\/\/www.amormisericordioso.org\/ita\/wp-content\/uploads\/2021\/11\/GIOVANNI-PAOLO-II-Testimone-della-misericordia-300x300.jpg\" class=\"wp-image-3061 avia-img-lazy-loading-not-3061 attachment-medium size-medium wp-post-image\" alt=\"\" srcset=\"http:\/\/www.amormisericordioso.org\/ita\/wp-content\/uploads\/2021\/11\/GIOVANNI-PAOLO-II-Testimone-della-misericordia-300x300.jpg 300w, http:\/\/www.amormisericordioso.org\/ita\/wp-content\/uploads\/2021\/11\/GIOVANNI-PAOLO-II-Testimone-della-misericordia-1030x1030.jpg 1030w, http:\/\/www.amormisericordioso.org\/ita\/wp-content\/uploads\/2021\/11\/GIOVANNI-PAOLO-II-Testimone-della-misericordia-80x80.jpg 80w, http:\/\/www.amormisericordioso.org\/ita\/wp-content\/uploads\/2021\/11\/GIOVANNI-PAOLO-II-Testimone-della-misericordia-768x768.jpg 768w, http:\/\/www.amormisericordioso.org\/ita\/wp-content\/uploads\/2021\/11\/GIOVANNI-PAOLO-II-Testimone-della-misericordia-36x36.jpg 36w, http:\/\/www.amormisericordioso.org\/ita\/wp-content\/uploads\/2021\/11\/GIOVANNI-PAOLO-II-Testimone-della-misericordia-180x180.jpg 180w, http:\/\/www.amormisericordioso.org\/ita\/wp-content\/uploads\/2021\/11\/GIOVANNI-PAOLO-II-Testimone-della-misericordia-705x705.jpg 705w, http:\/\/www.amormisericordioso.org\/ita\/wp-content\/uploads\/2021\/11\/GIOVANNI-PAOLO-II-Testimone-della-misericordia.jpg 1240w\" sizes=\"(max-width: 300px) 100vw, 300px\" \/><\/a><div class='slide-content'><header class=\"entry-content-header\"><h3 class='slide-entry-title entry-title '  itemprop=\"headline\" ><a href='http:\/\/www.amormisericordioso.org\/ita\/san-giovanni-paolo-ii-testimone-della-misericordia\/' title='22\/11\/2021 &#8211;  GIOVANNI PAOLO II: testimone della Misericordia'>22\/11\/2021 &#8211;  GIOVANNI PAOLO II: testimone della Misericordia<\/a><\/h3><span class=\"av-vertical-delimiter\"><\/span><\/header><div class='slide-meta'><div class='slide-meta-comments'><a href='http:\/\/www.amormisericordioso.org\/ita\/san-giovanni-paolo-ii-testimone-della-misericordia\/#respond'>0 Commenti<\/a><\/div><div class='slide-meta-del'>\/<\/div><time class='slide-meta-time updated'  itemprop=\"datePublished\" datetime=\"2021-11-05T15:52:01+01:00\" >5 Novembre 2021<\/time><\/div><div class='slide-entry-excerpt entry-content'  itemprop=\"text\" >\n\n<\/div><\/div><footer class=\"entry-footer\"><\/footer><span class='hidden'>\n\t\t\t\t<span class='av-structured-data'  itemprop=\"image\" itemscope=\"itemscope\" itemtype=\"https:\/\/schema.org\/ImageObject\" >\n\t\t\t\t\t\t<span itemprop='url'>http:\/\/www.amormisericordioso.org\/ita\/wp-content\/uploads\/2021\/11\/GIOVANNI-PAOLO-II-Testimone-della-misericordia.jpg<\/span>\n\t\t\t\t\t\t<span itemprop='height'>1240<\/span>\n\t\t\t\t\t\t<span itemprop='width'>1240<\/span>\n\t\t\t\t<\/span>\n\t\t\t\t<span class='av-structured-data'  itemprop=\"publisher\" itemtype=\"https:\/\/schema.org\/Organization\" itemscope=\"itemscope\" >\n\t\t\t\t\t\t<span itemprop='name'>Famiglia dell'Amore Misericordioso<\/span>\n\t\t\t\t\t\t<span itemprop='logo' itemscope itemtype='https:\/\/schema.org\/ImageObject'>\n\t\t\t\t\t\t\t<span itemprop='url'>http:\/\/www.amormisericordioso.org\/ita\/wp-content\/uploads\/2018\/02\/logo-fam-italiano.png<\/span>\n\t\t\t\t\t\t <\/span>\n\t\t\t\t<\/span><span class='av-structured-data'  itemprop=\"author\" itemscope=\"itemscope\" itemtype=\"https:\/\/schema.org\/Person\" ><span itemprop='name'>Famiglia dell'Amore Misericordioso<\/span><\/span><span class='av-structured-data'  itemprop=\"datePublished\" datetime=\"2022-01-05T05:26:27+01:00\" >2021-11-05 15:52:01<\/span><span class='av-structured-data'  itemprop=\"dateModified\" itemtype=\"https:\/\/schema.org\/dateModified\" >2022-01-05 05:29:13<\/span><span class='av-structured-data'  itemprop=\"mainEntityOfPage\" itemtype=\"https:\/\/schema.org\/mainEntityOfPage\" ><span itemprop='name'>22\/11\/2021 &#8211;  GIOVANNI PAOLO II: testimone della Misericordia<\/span><\/span><\/span><\/article><\/div><\/div><\/div><\/div>\n","protected":false},"excerpt":{"rendered":"","protected":false},"author":4,"featured_media":0,"parent":0,"menu_order":0,"comment_status":"closed","ping_status":"closed","template":"","meta":{"_exactmetrics_skip_tracking":false,"_exactmetrics_sitenote_active":false,"_exactmetrics_sitenote_note":"","_exactmetrics_sitenote_category":0,"footnotes":""},"class_list":["post-3736","page","type-page","status-publish","hentry"],"jetpack_sharing_enabled":true,"_links":{"self":[{"href":"http:\/\/www.amormisericordioso.org\/ita\/wp-json\/wp\/v2\/pages\/3736","targetHints":{"allow":["GET"]}}],"collection":[{"href":"http:\/\/www.amormisericordioso.org\/ita\/wp-json\/wp\/v2\/pages"}],"about":[{"href":"http:\/\/www.amormisericordioso.org\/ita\/wp-json\/wp\/v2\/types\/page"}],"author":[{"embeddable":true,"href":"http:\/\/www.amormisericordioso.org\/ita\/wp-json\/wp\/v2\/users\/4"}],"replies":[{"embeddable":true,"href":"http:\/\/www.amormisericordioso.org\/ita\/wp-json\/wp\/v2\/comments?post=3736"}],"version-history":[{"count":4,"href":"http:\/\/www.amormisericordioso.org\/ita\/wp-json\/wp\/v2\/pages\/3736\/revisions"}],"predecessor-version":[{"id":3740,"href":"http:\/\/www.amormisericordioso.org\/ita\/wp-json\/wp\/v2\/pages\/3736\/revisions\/3740"}],"wp:attachment":[{"href":"http:\/\/www.amormisericordioso.org\/ita\/wp-json\/wp\/v2\/media?parent=3736"}],"curies":[{"name":"wp","href":"https:\/\/api.w.org\/{rel}","templated":true}]}}