{"id":3732,"date":"2022-01-05T05:11:44","date_gmt":"2022-01-05T11:11:44","guid":{"rendered":"http:\/\/www.amormisericordioso.org\/ita\/?page_id=3732"},"modified":"2022-01-05T05:16:43","modified_gmt":"2022-01-05T11:16:43","slug":"tutte-le-notizie","status":"publish","type":"page","link":"http:\/\/www.amormisericordioso.org\/ita\/tutte-le-notizie\/","title":{"rendered":"Tutte le notizie"},"content":{"rendered":"<div class=\"flex_column av_three_fourth  flex_column_div av-zero-column-padding first  avia-builder-el-0  avia-builder-el-no-sibling  \" style='border-radius:0px; '><div   data-autoplay=''  data-interval='5'  data-animation='fade'  data-show_slide_delay='90'  class='avia-content-slider avia-content-grid-active avia-content-slider1 avia-content-slider-odd  avia-builder-el-1  avia-builder-el-no-sibling  '  itemscope=\"itemscope\" itemtype=\"https:\/\/schema.org\/Blog\" ><div class='avia-content-slider-inner'><div class='slide-entry-wrap'><article class='slide-entry flex_column  post-entry post-entry-6317 slide-entry-overview slide-loop-1 slide-parity-odd  av_one_third first real-thumbnail post-format-standard'  itemscope=\"itemscope\" itemtype=\"https:\/\/schema.org\/CreativeWork\" ><a href='http:\/\/www.amormisericordioso.org\/ita\/lassociazione-lam-celebra-i-suoi-30-anni-di-cammino\/' data-rel='slide-1' class='slide-image' title='L&#8217;Associazione LAM celebra i suoi 30 ANNI DI CAMMINO'><img decoding=\"async\" width=\"495\" height=\"400\" src=\"http:\/\/www.amormisericordioso.org\/ita\/wp-content\/uploads\/2026\/04\/Immagini-in-Evidenza-SITO-AM-2026-04-14T102707.974-495x400.png\" class=\"wp-image-6321 avia-img-lazy-loading-not-6321 attachment-portfolio size-portfolio wp-post-image\" alt=\"\" srcset=\"http:\/\/www.amormisericordioso.org\/ita\/wp-content\/uploads\/2026\/04\/Immagini-in-Evidenza-SITO-AM-2026-04-14T102707.974-495x400.png 495w, http:\/\/www.amormisericordioso.org\/ita\/wp-content\/uploads\/2026\/04\/Immagini-in-Evidenza-SITO-AM-2026-04-14T102707.974-845x684.png 845w\" sizes=\"(max-width: 495px) 100vw, 495px\" \/><\/a><div class='slide-content'><header class=\"entry-content-header\"><h3 class='slide-entry-title entry-title '  itemprop=\"headline\" ><a href='http:\/\/www.amormisericordioso.org\/ita\/lassociazione-lam-celebra-i-suoi-30-anni-di-cammino\/' title='L&#8217;Associazione LAM celebra i suoi 30 ANNI DI CAMMINO'>L&#8217;Associazione LAM celebra i suoi 30 ANNI DI CAMMINO<\/a><\/h3><span class=\"av-vertical-delimiter\"><\/span><\/header><div class='slide-meta'><time class='slide-meta-time updated'  itemprop=\"datePublished\" datetime=\"2026-04-14T10:28:54+02:00\" >14 Aprile 2026<\/time><\/div><div class='slide-entry-excerpt entry-content'  itemprop=\"text\" >\n\n\n\n\nC\u2019\u00e8 un tempo che scorre e un tempo che rimane. E quando\u2026<\/div><\/div><footer class=\"entry-footer\"><\/footer><span class='hidden'>\n\t\t\t\t<span class='av-structured-data'  itemprop=\"image\" itemscope=\"itemscope\" itemtype=\"https:\/\/schema.org\/ImageObject\" >\n\t\t\t\t\t\t<span itemprop='url'>http:\/\/www.amormisericordioso.org\/ita\/wp-content\/uploads\/2026\/04\/Immagini-in-Evidenza-SITO-AM-2026-04-14T102707.974.png<\/span>\n\t\t\t\t\t\t<span itemprop='height'>1080<\/span>\n\t\t\t\t\t\t<span itemprop='width'>1080<\/span>\n\t\t\t\t<\/span>\n\t\t\t\t<span class='av-structured-data'  itemprop=\"publisher\" itemtype=\"https:\/\/schema.org\/Organization\" itemscope=\"itemscope\" >\n\t\t\t\t\t\t<span itemprop='name'>Famiglia dell'Amore Misericordioso<\/span>\n\t\t\t\t\t\t<span itemprop='logo' itemscope itemtype='https:\/\/schema.org\/ImageObject'>\n\t\t\t\t\t\t\t<span itemprop='url'>http:\/\/www.amormisericordioso.org\/ita\/wp-content\/uploads\/2018\/02\/logo-fam-italiano.png<\/span>\n\t\t\t\t\t\t <\/span>\n\t\t\t\t<\/span><span class='av-structured-data'  itemprop=\"author\" itemscope=\"itemscope\" itemtype=\"https:\/\/schema.org\/Person\" ><span itemprop='name'>Famiglia dell'Amore Misericordioso<\/span><\/span><span class='av-structured-data'  itemprop=\"datePublished\" datetime=\"2022-01-05T05:11:44+01:00\" >2026-04-14 10:28:54<\/span><span class='av-structured-data'  itemprop=\"dateModified\" itemtype=\"https:\/\/schema.org\/dateModified\" >2026-04-14 10:28:56<\/span><span class='av-structured-data'  itemprop=\"mainEntityOfPage\" itemtype=\"https:\/\/schema.org\/mainEntityOfPage\" ><span itemprop='name'>L&#8217;Associazione LAM celebra i suoi 30 ANNI DI CAMMINO<\/span><\/span><\/span><\/article><article class='slide-entry flex_column  post-entry post-entry-6308 slide-entry-overview slide-loop-2 slide-parity-even  av_one_third  real-thumbnail post-format-standard'  itemscope=\"itemscope\" itemtype=\"https:\/\/schema.org\/CreativeWork\" ><a href='http:\/\/www.amormisericordioso.org\/ita\/convegno-nazionale-per-confessori\/' data-rel='slide-1' class='slide-image' title='Convegno nazionale per confessori'><img decoding=\"async\" width=\"495\" height=\"400\" src=\"http:\/\/www.amormisericordioso.org\/ita\/wp-content\/uploads\/2026\/04\/san_giuseppe-43-1-495x400.png\" class=\"wp-image-6314 avia-img-lazy-loading-not-6314 attachment-portfolio size-portfolio wp-post-image\" alt=\"\" srcset=\"http:\/\/www.amormisericordioso.org\/ita\/wp-content\/uploads\/2026\/04\/san_giuseppe-43-1-495x400.png 495w, http:\/\/www.amormisericordioso.org\/ita\/wp-content\/uploads\/2026\/04\/san_giuseppe-43-1-845x684.png 845w\" sizes=\"(max-width: 495px) 100vw, 495px\" \/><\/a><div class='slide-content'><header class=\"entry-content-header\"><h3 class='slide-entry-title entry-title '  itemprop=\"headline\" ><a href='http:\/\/www.amormisericordioso.org\/ita\/convegno-nazionale-per-confessori\/' title='Convegno nazionale per confessori'>Convegno nazionale per confessori<\/a><\/h3><span class=\"av-vertical-delimiter\"><\/span><\/header><div class='slide-meta'><time class='slide-meta-time updated'  itemprop=\"datePublished\" datetime=\"2026-04-13T10:27:04+02:00\" >13 Aprile 2026<\/time><\/div><div class='slide-entry-excerpt entry-content'  itemprop=\"text\" >\n\n\n\n\nNel cuore dell\u2019esperienza ecclesiale, il sacramento della\u2026<\/div><\/div><footer class=\"entry-footer\"><\/footer><span class='hidden'>\n\t\t\t\t<span class='av-structured-data'  itemprop=\"image\" itemscope=\"itemscope\" itemtype=\"https:\/\/schema.org\/ImageObject\" >\n\t\t\t\t\t\t<span itemprop='url'>http:\/\/www.amormisericordioso.org\/ita\/wp-content\/uploads\/2026\/04\/san_giuseppe-43-1-scaled.png<\/span>\n\t\t\t\t\t\t<span itemprop='height'>2560<\/span>\n\t\t\t\t\t\t<span itemprop='width'>2560<\/span>\n\t\t\t\t<\/span>\n\t\t\t\t<span class='av-structured-data'  itemprop=\"publisher\" itemtype=\"https:\/\/schema.org\/Organization\" itemscope=\"itemscope\" >\n\t\t\t\t\t\t<span itemprop='name'>Famiglia dell'Amore Misericordioso<\/span>\n\t\t\t\t\t\t<span itemprop='logo' itemscope itemtype='https:\/\/schema.org\/ImageObject'>\n\t\t\t\t\t\t\t<span itemprop='url'>http:\/\/www.amormisericordioso.org\/ita\/wp-content\/uploads\/2018\/02\/logo-fam-italiano.png<\/span>\n\t\t\t\t\t\t <\/span>\n\t\t\t\t<\/span><span class='av-structured-data'  itemprop=\"author\" itemscope=\"itemscope\" itemtype=\"https:\/\/schema.org\/Person\" ><span itemprop='name'>Famiglia dell'Amore Misericordioso<\/span><\/span><span class='av-structured-data'  itemprop=\"datePublished\" datetime=\"2022-01-05T05:11:44+01:00\" >2026-04-13 10:27:04<\/span><span class='av-structured-data'  itemprop=\"dateModified\" itemtype=\"https:\/\/schema.org\/dateModified\" >2026-04-13 10:30:39<\/span><span class='av-structured-data'  itemprop=\"mainEntityOfPage\" itemtype=\"https:\/\/schema.org\/mainEntityOfPage\" ><span itemprop='name'>Convegno nazionale per confessori<\/span><\/span><\/span><\/article><article class='slide-entry flex_column  post-entry post-entry-6285 slide-entry-overview slide-loop-3 slide-parity-odd  av_one_third  real-thumbnail post-format-standard'  itemscope=\"itemscope\" itemtype=\"https:\/\/schema.org\/CreativeWork\" ><a href='http:\/\/www.amormisericordioso.org\/ita\/sui-passi-di-madre-speranza-2026-edition\/' data-rel='slide-1' class='slide-image' title='Sui passi di Madre Speranza &#8211; 2026 edition'><img decoding=\"async\" width=\"495\" height=\"400\" src=\"http:\/\/www.amormisericordioso.org\/ita\/wp-content\/uploads\/2026\/02\/Immagini-in-Evidenza-SITO-AM-2026-02-11T112702.172-495x400.png\" class=\"wp-image-6288 avia-img-lazy-loading-not-6288 attachment-portfolio size-portfolio wp-post-image\" alt=\"\" srcset=\"http:\/\/www.amormisericordioso.org\/ita\/wp-content\/uploads\/2026\/02\/Immagini-in-Evidenza-SITO-AM-2026-02-11T112702.172-495x400.png 495w, http:\/\/www.amormisericordioso.org\/ita\/wp-content\/uploads\/2026\/02\/Immagini-in-Evidenza-SITO-AM-2026-02-11T112702.172-845x684.png 845w\" sizes=\"(max-width: 495px) 100vw, 495px\" \/><\/a><div class='slide-content'><header class=\"entry-content-header\"><h3 class='slide-entry-title entry-title '  itemprop=\"headline\" ><a href='http:\/\/www.amormisericordioso.org\/ita\/sui-passi-di-madre-speranza-2026-edition\/' title='Sui passi di Madre Speranza &#8211; 2026 edition'>Sui passi di Madre Speranza &#8211; 2026 edition<\/a><\/h3><span class=\"av-vertical-delimiter\"><\/span><\/header><div class='slide-meta'><time class='slide-meta-time updated'  itemprop=\"datePublished\" datetime=\"2026-02-11T11:41:43+01:00\" >11 Febbraio 2026<\/time><\/div><div class='slide-entry-excerpt entry-content'  itemprop=\"text\" >\n\n\n\n\nCi sono luoghi che non si visitano soltanto: si attraversano\u2026<\/div><\/div><footer class=\"entry-footer\"><\/footer><span class='hidden'>\n\t\t\t\t<span class='av-structured-data'  itemprop=\"image\" itemscope=\"itemscope\" itemtype=\"https:\/\/schema.org\/ImageObject\" >\n\t\t\t\t\t\t<span itemprop='url'>http:\/\/www.amormisericordioso.org\/ita\/wp-content\/uploads\/2026\/02\/Immagini-in-Evidenza-SITO-AM-2026-02-11T112702.172.png<\/span>\n\t\t\t\t\t\t<span itemprop='height'>1080<\/span>\n\t\t\t\t\t\t<span itemprop='width'>1080<\/span>\n\t\t\t\t<\/span>\n\t\t\t\t<span class='av-structured-data'  itemprop=\"publisher\" itemtype=\"https:\/\/schema.org\/Organization\" itemscope=\"itemscope\" >\n\t\t\t\t\t\t<span itemprop='name'>Famiglia dell'Amore Misericordioso<\/span>\n\t\t\t\t\t\t<span itemprop='logo' itemscope itemtype='https:\/\/schema.org\/ImageObject'>\n\t\t\t\t\t\t\t<span itemprop='url'>http:\/\/www.amormisericordioso.org\/ita\/wp-content\/uploads\/2018\/02\/logo-fam-italiano.png<\/span>\n\t\t\t\t\t\t <\/span>\n\t\t\t\t<\/span><span class='av-structured-data'  itemprop=\"author\" itemscope=\"itemscope\" itemtype=\"https:\/\/schema.org\/Person\" ><span itemprop='name'>Famiglia dell'Amore Misericordioso<\/span><\/span><span class='av-structured-data'  itemprop=\"datePublished\" datetime=\"2022-01-05T05:11:44+01:00\" >2026-02-11 11:41:43<\/span><span class='av-structured-data'  itemprop=\"dateModified\" itemtype=\"https:\/\/schema.org\/dateModified\" >2026-02-11 11:41:46<\/span><span class='av-structured-data'  itemprop=\"mainEntityOfPage\" itemtype=\"https:\/\/schema.org\/mainEntityOfPage\" ><span itemprop='name'>Sui passi di Madre Speranza &#8211; 2026 edition<\/span><\/span><\/span><\/article><\/div><div class='slide-entry-wrap'><article class='slide-entry flex_column  post-entry post-entry-6276 slide-entry-overview slide-loop-4 slide-parity-odd  av_one_third first real-thumbnail post-format-standard'  itemscope=\"itemscope\" itemtype=\"https:\/\/schema.org\/CreativeWork\" ><a href='http:\/\/www.amormisericordioso.org\/ita\/prima-professione-religiosa-di-sr-caterina-la-spisa\/' data-rel='slide-1' class='slide-image' title='Prima professione religiosa di SR. CATERINA La Spisa'><img decoding=\"async\" width=\"495\" height=\"400\" src=\"http:\/\/www.amormisericordioso.org\/ita\/wp-content\/uploads\/2026\/02\/Immagini-in-Evidenza-SITO-AM-2026-02-09T111304.009-495x400.png\" class=\"wp-image-6278 avia-img-lazy-loading-not-6278 attachment-portfolio size-portfolio wp-post-image\" alt=\"\" srcset=\"http:\/\/www.amormisericordioso.org\/ita\/wp-content\/uploads\/2026\/02\/Immagini-in-Evidenza-SITO-AM-2026-02-09T111304.009-495x400.png 495w, http:\/\/www.amormisericordioso.org\/ita\/wp-content\/uploads\/2026\/02\/Immagini-in-Evidenza-SITO-AM-2026-02-09T111304.009-845x684.png 845w\" sizes=\"(max-width: 495px) 100vw, 495px\" \/><\/a><div class='slide-content'><header class=\"entry-content-header\"><h3 class='slide-entry-title entry-title '  itemprop=\"headline\" ><a href='http:\/\/www.amormisericordioso.org\/ita\/prima-professione-religiosa-di-sr-caterina-la-spisa\/' title='Prima professione religiosa di SR. CATERINA La Spisa'>Prima professione religiosa di SR. CATERINA La Spisa<\/a><\/h3><span class=\"av-vertical-delimiter\"><\/span><\/header><div class='slide-meta'><time class='slide-meta-time updated'  itemprop=\"datePublished\" datetime=\"2026-02-09T19:26:39+01:00\" >9 Febbraio 2026<\/time><\/div><div class='slide-entry-excerpt entry-content'  itemprop=\"text\" >\n\n\n\n\nCi sono giorni in cui il Vangelo sembra uscire dalle pagine\u2026<\/div><\/div><footer class=\"entry-footer\"><\/footer><span class='hidden'>\n\t\t\t\t<span class='av-structured-data'  itemprop=\"image\" itemscope=\"itemscope\" itemtype=\"https:\/\/schema.org\/ImageObject\" >\n\t\t\t\t\t\t<span itemprop='url'>http:\/\/www.amormisericordioso.org\/ita\/wp-content\/uploads\/2026\/02\/Immagini-in-Evidenza-SITO-AM-2026-02-09T111304.009.png<\/span>\n\t\t\t\t\t\t<span itemprop='height'>1080<\/span>\n\t\t\t\t\t\t<span itemprop='width'>1080<\/span>\n\t\t\t\t<\/span>\n\t\t\t\t<span class='av-structured-data'  itemprop=\"publisher\" itemtype=\"https:\/\/schema.org\/Organization\" itemscope=\"itemscope\" >\n\t\t\t\t\t\t<span itemprop='name'>Famiglia dell'Amore Misericordioso<\/span>\n\t\t\t\t\t\t<span itemprop='logo' itemscope itemtype='https:\/\/schema.org\/ImageObject'>\n\t\t\t\t\t\t\t<span itemprop='url'>http:\/\/www.amormisericordioso.org\/ita\/wp-content\/uploads\/2018\/02\/logo-fam-italiano.png<\/span>\n\t\t\t\t\t\t <\/span>\n\t\t\t\t<\/span><span class='av-structured-data'  itemprop=\"author\" itemscope=\"itemscope\" itemtype=\"https:\/\/schema.org\/Person\" ><span itemprop='name'>Famiglia dell'Amore Misericordioso<\/span><\/span><span class='av-structured-data'  itemprop=\"datePublished\" datetime=\"2022-01-05T05:11:44+01:00\" >2026-02-09 19:26:39<\/span><span class='av-structured-data'  itemprop=\"dateModified\" itemtype=\"https:\/\/schema.org\/dateModified\" >2026-02-09 19:26:41<\/span><span class='av-structured-data'  itemprop=\"mainEntityOfPage\" itemtype=\"https:\/\/schema.org\/mainEntityOfPage\" ><span itemprop='name'>Prima professione religiosa di SR. CATERINA La Spisa<\/span><\/span><\/span><\/article><article class='slide-entry flex_column  post-entry post-entry-6264 slide-entry-overview slide-loop-5 slide-parity-even  av_one_third  real-thumbnail post-format-standard'  itemscope=\"itemscope\" itemtype=\"https:\/\/schema.org\/CreativeWork\" ><a href='http:\/\/www.amormisericordioso.org\/ita\/ostra-accoglie-il-primo-gruppo-lam-nella-diocesi-di-senigallia\/' data-rel='slide-1' class='slide-image' title='Ostra accoglie il primo gruppo LAM nella Diocesi di Senigallia'><img decoding=\"async\" width=\"495\" height=\"400\" src=\"http:\/\/www.amormisericordioso.org\/ita\/wp-content\/uploads\/2026\/02\/Immagini-in-Evidenza-SITO-AM-2026-02-03T092223.540-495x400.png\" class=\"wp-image-6268 avia-img-lazy-loading-not-6268 attachment-portfolio size-portfolio wp-post-image\" alt=\"\" srcset=\"http:\/\/www.amormisericordioso.org\/ita\/wp-content\/uploads\/2026\/02\/Immagini-in-Evidenza-SITO-AM-2026-02-03T092223.540-495x400.png 495w, http:\/\/www.amormisericordioso.org\/ita\/wp-content\/uploads\/2026\/02\/Immagini-in-Evidenza-SITO-AM-2026-02-03T092223.540-845x684.png 845w\" sizes=\"(max-width: 495px) 100vw, 495px\" \/><\/a><div class='slide-content'><header class=\"entry-content-header\"><h3 class='slide-entry-title entry-title '  itemprop=\"headline\" ><a href='http:\/\/www.amormisericordioso.org\/ita\/ostra-accoglie-il-primo-gruppo-lam-nella-diocesi-di-senigallia\/' title='Ostra accoglie il primo gruppo LAM nella Diocesi di Senigallia'>Ostra accoglie il primo gruppo LAM nella Diocesi di Senigallia<\/a><\/h3><span class=\"av-vertical-delimiter\"><\/span><\/header><div class='slide-meta'><time class='slide-meta-time updated'  itemprop=\"datePublished\" datetime=\"2026-02-02T10:00:00+01:00\" >2 Febbraio 2026<\/time><\/div><div class='slide-entry-excerpt entry-content'  itemprop=\"text\" >\n\n\n\n\nOstra (AN), 2 Febbraio\n\n\n\nDomenica 1\u00b0 febbraio, il Santuario\u2026<\/div><\/div><footer class=\"entry-footer\"><\/footer><span class='hidden'>\n\t\t\t\t<span class='av-structured-data'  itemprop=\"image\" itemscope=\"itemscope\" itemtype=\"https:\/\/schema.org\/ImageObject\" >\n\t\t\t\t\t\t<span itemprop='url'>http:\/\/www.amormisericordioso.org\/ita\/wp-content\/uploads\/2026\/02\/Immagini-in-Evidenza-SITO-AM-2026-02-03T092223.540.png<\/span>\n\t\t\t\t\t\t<span itemprop='height'>1080<\/span>\n\t\t\t\t\t\t<span itemprop='width'>1080<\/span>\n\t\t\t\t<\/span>\n\t\t\t\t<span class='av-structured-data'  itemprop=\"publisher\" itemtype=\"https:\/\/schema.org\/Organization\" itemscope=\"itemscope\" >\n\t\t\t\t\t\t<span itemprop='name'>Famiglia dell'Amore Misericordioso<\/span>\n\t\t\t\t\t\t<span itemprop='logo' itemscope itemtype='https:\/\/schema.org\/ImageObject'>\n\t\t\t\t\t\t\t<span itemprop='url'>http:\/\/www.amormisericordioso.org\/ita\/wp-content\/uploads\/2018\/02\/logo-fam-italiano.png<\/span>\n\t\t\t\t\t\t <\/span>\n\t\t\t\t<\/span><span class='av-structured-data'  itemprop=\"author\" itemscope=\"itemscope\" itemtype=\"https:\/\/schema.org\/Person\" ><span itemprop='name'>Famiglia dell'Amore Misericordioso<\/span><\/span><span class='av-structured-data'  itemprop=\"datePublished\" datetime=\"2022-01-05T05:11:44+01:00\" >2026-02-02 10:00:00<\/span><span class='av-structured-data'  itemprop=\"dateModified\" itemtype=\"https:\/\/schema.org\/dateModified\" >2026-02-03 09:26:58<\/span><span class='av-structured-data'  itemprop=\"mainEntityOfPage\" itemtype=\"https:\/\/schema.org\/mainEntityOfPage\" ><span itemprop='name'>Ostra accoglie il primo gruppo LAM nella Diocesi di Senigallia<\/span><\/span><\/span><\/article><article class='slide-entry flex_column  post-entry post-entry-6247 slide-entry-overview slide-loop-6 slide-parity-odd  av_one_third  real-thumbnail post-format-standard'  itemscope=\"itemscope\" itemtype=\"https:\/\/schema.org\/CreativeWork\" ><a href='http:\/\/www.amormisericordioso.org\/ita\/seguimi-mt-99-una-chiamata-che-trasforma\/' data-rel='slide-1' class='slide-image' title='&#8220;Seguimi&#8221; (Mt 9,9): una chiamata che trasforma'><img decoding=\"async\" width=\"495\" height=\"400\" src=\"http:\/\/www.amormisericordioso.org\/ita\/wp-content\/uploads\/2025\/12\/Immagini-in-Evidenza-SITO-AM-2025-12-31T115648.927-495x400.png\" class=\"wp-image-6251 avia-img-lazy-loading-not-6251 attachment-portfolio size-portfolio wp-post-image\" alt=\"\" srcset=\"http:\/\/www.amormisericordioso.org\/ita\/wp-content\/uploads\/2025\/12\/Immagini-in-Evidenza-SITO-AM-2025-12-31T115648.927-495x400.png 495w, http:\/\/www.amormisericordioso.org\/ita\/wp-content\/uploads\/2025\/12\/Immagini-in-Evidenza-SITO-AM-2025-12-31T115648.927-845x684.png 845w\" sizes=\"(max-width: 495px) 100vw, 495px\" \/><\/a><div class='slide-content'><header class=\"entry-content-header\"><h3 class='slide-entry-title entry-title '  itemprop=\"headline\" ><a href='http:\/\/www.amormisericordioso.org\/ita\/seguimi-mt-99-una-chiamata-che-trasforma\/' title='&#8220;Seguimi&#8221; (Mt 9,9): una chiamata che trasforma'>&#8220;Seguimi&#8221; (Mt 9,9): una chiamata che trasforma<\/a><\/h3><span class=\"av-vertical-delimiter\"><\/span><\/header><div class='slide-meta'><time class='slide-meta-time updated'  itemprop=\"datePublished\" datetime=\"2025-12-31T11:58:00+01:00\" >31 Dicembre 2025<\/time><\/div><div class='slide-entry-excerpt entry-content'  itemprop=\"text\" >\n\n\n\n\n\n\nCelebrata l\u2019Ordinazione Diaconale di P. Alexandru Cristinel\u2026<\/div><\/div><footer class=\"entry-footer\"><\/footer><span class='hidden'>\n\t\t\t\t<span class='av-structured-data'  itemprop=\"image\" itemscope=\"itemscope\" itemtype=\"https:\/\/schema.org\/ImageObject\" >\n\t\t\t\t\t\t<span itemprop='url'>http:\/\/www.amormisericordioso.org\/ita\/wp-content\/uploads\/2025\/12\/Immagini-in-Evidenza-SITO-AM-2025-12-31T115648.927.png<\/span>\n\t\t\t\t\t\t<span itemprop='height'>1080<\/span>\n\t\t\t\t\t\t<span itemprop='width'>1080<\/span>\n\t\t\t\t<\/span>\n\t\t\t\t<span class='av-structured-data'  itemprop=\"publisher\" itemtype=\"https:\/\/schema.org\/Organization\" itemscope=\"itemscope\" >\n\t\t\t\t\t\t<span itemprop='name'>Famiglia dell'Amore Misericordioso<\/span>\n\t\t\t\t\t\t<span itemprop='logo' itemscope itemtype='https:\/\/schema.org\/ImageObject'>\n\t\t\t\t\t\t\t<span itemprop='url'>http:\/\/www.amormisericordioso.org\/ita\/wp-content\/uploads\/2018\/02\/logo-fam-italiano.png<\/span>\n\t\t\t\t\t\t <\/span>\n\t\t\t\t<\/span><span class='av-structured-data'  itemprop=\"author\" itemscope=\"itemscope\" itemtype=\"https:\/\/schema.org\/Person\" ><span itemprop='name'>Famiglia dell'Amore Misericordioso<\/span><\/span><span class='av-structured-data'  itemprop=\"datePublished\" datetime=\"2022-01-05T05:11:44+01:00\" >2025-12-31 11:58:00<\/span><span class='av-structured-data'  itemprop=\"dateModified\" itemtype=\"https:\/\/schema.org\/dateModified\" >2025-12-31 11:58:02<\/span><span class='av-structured-data'  itemprop=\"mainEntityOfPage\" itemtype=\"https:\/\/schema.org\/mainEntityOfPage\" ><span itemprop='name'>&#8220;Seguimi&#8221; (Mt 9,9): una chiamata che trasforma<\/span><\/span><\/span><\/article><\/div><div class='slide-entry-wrap'><article class='slide-entry flex_column  post-entry post-entry-6242 slide-entry-overview slide-loop-7 slide-parity-odd  av_one_third first real-thumbnail post-format-standard'  itemscope=\"itemscope\" itemtype=\"https:\/\/schema.org\/CreativeWork\" ><a href='http:\/\/www.amormisericordioso.org\/ita\/maria-pilar-de-arratia-e-madre-speranza-di-gesu-sulle-orme-dellamore-misericordioso\/' data-rel='slide-1' class='slide-image' title='MARIA PILAR DE ARRATIA e Madre Speranza di Ges\u00f9, sulle orme dell&#8217;Amore Misericordioso'><img decoding=\"async\" width=\"495\" height=\"400\" src=\"http:\/\/www.amormisericordioso.org\/ita\/wp-content\/uploads\/2025\/12\/Immagini-in-Evidenza-SITO-AM-2025-12-15T171241.256-495x400.png\" class=\"wp-image-6244 avia-img-lazy-loading-not-6244 attachment-portfolio size-portfolio wp-post-image\" alt=\"\" srcset=\"http:\/\/www.amormisericordioso.org\/ita\/wp-content\/uploads\/2025\/12\/Immagini-in-Evidenza-SITO-AM-2025-12-15T171241.256-495x400.png 495w, http:\/\/www.amormisericordioso.org\/ita\/wp-content\/uploads\/2025\/12\/Immagini-in-Evidenza-SITO-AM-2025-12-15T171241.256-845x684.png 845w\" sizes=\"(max-width: 495px) 100vw, 495px\" \/><\/a><div class='slide-content'><header class=\"entry-content-header\"><h3 class='slide-entry-title entry-title '  itemprop=\"headline\" ><a href='http:\/\/www.amormisericordioso.org\/ita\/maria-pilar-de-arratia-e-madre-speranza-di-gesu-sulle-orme-dellamore-misericordioso\/' title='MARIA PILAR DE ARRATIA e Madre Speranza di Ges\u00f9, sulle orme dell&#8217;Amore Misericordioso'>MARIA PILAR DE ARRATIA e Madre Speranza di Ges\u00f9, sulle orme dell&#8217;Amore Misericordioso<\/a><\/h3><span class=\"av-vertical-delimiter\"><\/span><\/header><div class='slide-meta'><time class='slide-meta-time updated'  itemprop=\"datePublished\" datetime=\"2025-12-15T17:14:16+01:00\" >15 Dicembre 2025<\/time><\/div><div class='slide-entry-excerpt entry-content'  itemprop=\"text\" >\nIl libro\u00a0Maria Pilar de Arratia e Madre Speranza di Ges\u00f9:\u2026<\/div><\/div><footer class=\"entry-footer\"><\/footer><span class='hidden'>\n\t\t\t\t<span class='av-structured-data'  itemprop=\"image\" itemscope=\"itemscope\" itemtype=\"https:\/\/schema.org\/ImageObject\" >\n\t\t\t\t\t\t<span itemprop='url'>http:\/\/www.amormisericordioso.org\/ita\/wp-content\/uploads\/2025\/12\/Immagini-in-Evidenza-SITO-AM-2025-12-15T171241.256.png<\/span>\n\t\t\t\t\t\t<span itemprop='height'>1080<\/span>\n\t\t\t\t\t\t<span itemprop='width'>1080<\/span>\n\t\t\t\t<\/span>\n\t\t\t\t<span class='av-structured-data'  itemprop=\"publisher\" itemtype=\"https:\/\/schema.org\/Organization\" itemscope=\"itemscope\" >\n\t\t\t\t\t\t<span itemprop='name'>Famiglia dell'Amore Misericordioso<\/span>\n\t\t\t\t\t\t<span itemprop='logo' itemscope itemtype='https:\/\/schema.org\/ImageObject'>\n\t\t\t\t\t\t\t<span itemprop='url'>http:\/\/www.amormisericordioso.org\/ita\/wp-content\/uploads\/2018\/02\/logo-fam-italiano.png<\/span>\n\t\t\t\t\t\t <\/span>\n\t\t\t\t<\/span><span class='av-structured-data'  itemprop=\"author\" itemscope=\"itemscope\" itemtype=\"https:\/\/schema.org\/Person\" ><span itemprop='name'>Famiglia dell'Amore Misericordioso<\/span><\/span><span class='av-structured-data'  itemprop=\"datePublished\" datetime=\"2022-01-05T05:11:44+01:00\" >2025-12-15 17:14:16<\/span><span class='av-structured-data'  itemprop=\"dateModified\" itemtype=\"https:\/\/schema.org\/dateModified\" >2025-12-15 17:21:11<\/span><span class='av-structured-data'  itemprop=\"mainEntityOfPage\" itemtype=\"https:\/\/schema.org\/mainEntityOfPage\" ><span itemprop='name'>MARIA PILAR DE ARRATIA e Madre Speranza di Ges\u00f9, sulle orme dell&#8217;Amore Misericordioso<\/span><\/span><\/span><\/article><article class='slide-entry flex_column  post-entry post-entry-6237 slide-entry-overview slide-loop-8 slide-parity-even  av_one_third  real-thumbnail post-format-standard'  itemscope=\"itemscope\" itemtype=\"https:\/\/schema.org\/CreativeWork\" ><a href='http:\/\/www.amormisericordioso.org\/ita\/con-lo-sguardo-verso-lalto-2025\/' data-rel='slide-1' class='slide-image' title='Con lo sguardo verso l&#8217;alto 2025'><img decoding=\"async\" width=\"495\" height=\"400\" src=\"http:\/\/www.amormisericordioso.org\/ita\/wp-content\/uploads\/2025\/12\/Immagini-in-Evidenza-SITO-AM-2025-12-15T121448.431-495x400.png\" class=\"wp-image-6240 avia-img-lazy-loading-not-6240 attachment-portfolio size-portfolio wp-post-image\" alt=\"\" srcset=\"http:\/\/www.amormisericordioso.org\/ita\/wp-content\/uploads\/2025\/12\/Immagini-in-Evidenza-SITO-AM-2025-12-15T121448.431-495x400.png 495w, http:\/\/www.amormisericordioso.org\/ita\/wp-content\/uploads\/2025\/12\/Immagini-in-Evidenza-SITO-AM-2025-12-15T121448.431-845x684.png 845w\" sizes=\"(max-width: 495px) 100vw, 495px\" \/><\/a><div class='slide-content'><header class=\"entry-content-header\"><h3 class='slide-entry-title entry-title '  itemprop=\"headline\" ><a href='http:\/\/www.amormisericordioso.org\/ita\/con-lo-sguardo-verso-lalto-2025\/' title='Con lo sguardo verso l&#8217;alto 2025'>Con lo sguardo verso l&#8217;alto 2025<\/a><\/h3><span class=\"av-vertical-delimiter\"><\/span><\/header><div class='slide-meta'><time class='slide-meta-time updated'  itemprop=\"datePublished\" datetime=\"2025-12-01T12:17:24+01:00\" >1 Dicembre 2025<\/time><\/div><div class='slide-entry-excerpt entry-content'  itemprop=\"text\" >\n\n\n\n\n\u201cCon lo sguardo verso l\u2019alto\u201d non \u00e8 stata solo un\u2019esperienza\u2026<\/div><\/div><footer class=\"entry-footer\"><\/footer><span class='hidden'>\n\t\t\t\t<span class='av-structured-data'  itemprop=\"image\" itemscope=\"itemscope\" itemtype=\"https:\/\/schema.org\/ImageObject\" >\n\t\t\t\t\t\t<span itemprop='url'>http:\/\/www.amormisericordioso.org\/ita\/wp-content\/uploads\/2025\/12\/Immagini-in-Evidenza-SITO-AM-2025-12-15T121448.431.png<\/span>\n\t\t\t\t\t\t<span itemprop='height'>1080<\/span>\n\t\t\t\t\t\t<span itemprop='width'>1080<\/span>\n\t\t\t\t<\/span>\n\t\t\t\t<span class='av-structured-data'  itemprop=\"publisher\" itemtype=\"https:\/\/schema.org\/Organization\" itemscope=\"itemscope\" >\n\t\t\t\t\t\t<span itemprop='name'>Famiglia dell'Amore Misericordioso<\/span>\n\t\t\t\t\t\t<span itemprop='logo' itemscope itemtype='https:\/\/schema.org\/ImageObject'>\n\t\t\t\t\t\t\t<span itemprop='url'>http:\/\/www.amormisericordioso.org\/ita\/wp-content\/uploads\/2018\/02\/logo-fam-italiano.png<\/span>\n\t\t\t\t\t\t <\/span>\n\t\t\t\t<\/span><span class='av-structured-data'  itemprop=\"author\" itemscope=\"itemscope\" itemtype=\"https:\/\/schema.org\/Person\" ><span itemprop='name'>Famiglia dell'Amore Misericordioso<\/span><\/span><span class='av-structured-data'  itemprop=\"datePublished\" datetime=\"2022-01-05T05:11:44+01:00\" >2025-12-01 12:17:24<\/span><span class='av-structured-data'  itemprop=\"dateModified\" itemtype=\"https:\/\/schema.org\/dateModified\" >2025-12-15 12:27:08<\/span><span class='av-structured-data'  itemprop=\"mainEntityOfPage\" itemtype=\"https:\/\/schema.org\/mainEntityOfPage\" ><span itemprop='name'>Con lo sguardo verso l&#8217;alto 2025<\/span><\/span><\/span><\/article><article class='slide-entry flex_column  post-entry post-entry-6226 slide-entry-overview slide-loop-9 slide-parity-odd  av_one_third  real-thumbnail post-format-standard'  itemscope=\"itemscope\" itemtype=\"https:\/\/schema.org\/CreativeWork\" ><a href='http:\/\/www.amormisericordioso.org\/ita\/il-convegno-dei-laici-dellamore-misericordioso\/' data-rel='slide-1' class='slide-image' title='Il convegno dei Laici dell&#8217;Amore Misericordioso'><img decoding=\"async\" width=\"495\" height=\"400\" src=\"http:\/\/www.amormisericordioso.org\/ita\/wp-content\/uploads\/2025\/10\/Immagini-in-Evidenza-SITO-AM-2025-10-28T115107.589-495x400.png\" class=\"wp-image-6229 avia-img-lazy-loading-not-6229 attachment-portfolio size-portfolio wp-post-image\" alt=\"\" srcset=\"http:\/\/www.amormisericordioso.org\/ita\/wp-content\/uploads\/2025\/10\/Immagini-in-Evidenza-SITO-AM-2025-10-28T115107.589-495x400.png 495w, http:\/\/www.amormisericordioso.org\/ita\/wp-content\/uploads\/2025\/10\/Immagini-in-Evidenza-SITO-AM-2025-10-28T115107.589-845x684.png 845w\" sizes=\"(max-width: 495px) 100vw, 495px\" \/><\/a><div class='slide-content'><header class=\"entry-content-header\"><h3 class='slide-entry-title entry-title '  itemprop=\"headline\" ><a href='http:\/\/www.amormisericordioso.org\/ita\/il-convegno-dei-laici-dellamore-misericordioso\/' title='Il convegno dei Laici dell&#8217;Amore Misericordioso'>Il convegno dei Laici dell&#8217;Amore Misericordioso<\/a><\/h3><span class=\"av-vertical-delimiter\"><\/span><\/header><div class='slide-meta'><time class='slide-meta-time updated'  itemprop=\"datePublished\" datetime=\"2025-10-28T11:58:11+01:00\" >28 Ottobre 2025<\/time><\/div><div class='slide-entry-excerpt entry-content'  itemprop=\"text\" >\nIl prestigioso riconoscimento \u201cVoci di Speranza 2025\u201d assegnato\u2026<\/div><\/div><footer class=\"entry-footer\"><\/footer><span class='hidden'>\n\t\t\t\t<span class='av-structured-data'  itemprop=\"image\" itemscope=\"itemscope\" itemtype=\"https:\/\/schema.org\/ImageObject\" >\n\t\t\t\t\t\t<span itemprop='url'>http:\/\/www.amormisericordioso.org\/ita\/wp-content\/uploads\/2025\/10\/Immagini-in-Evidenza-SITO-AM-2025-10-28T115107.589.png<\/span>\n\t\t\t\t\t\t<span itemprop='height'>1080<\/span>\n\t\t\t\t\t\t<span itemprop='width'>1080<\/span>\n\t\t\t\t<\/span>\n\t\t\t\t<span class='av-structured-data'  itemprop=\"publisher\" itemtype=\"https:\/\/schema.org\/Organization\" itemscope=\"itemscope\" >\n\t\t\t\t\t\t<span itemprop='name'>Famiglia dell'Amore Misericordioso<\/span>\n\t\t\t\t\t\t<span itemprop='logo' itemscope itemtype='https:\/\/schema.org\/ImageObject'>\n\t\t\t\t\t\t\t<span itemprop='url'>http:\/\/www.amormisericordioso.org\/ita\/wp-content\/uploads\/2018\/02\/logo-fam-italiano.png<\/span>\n\t\t\t\t\t\t <\/span>\n\t\t\t\t<\/span><span class='av-structured-data'  itemprop=\"author\" itemscope=\"itemscope\" itemtype=\"https:\/\/schema.org\/Person\" ><span itemprop='name'>Famiglia dell'Amore Misericordioso<\/span><\/span><span class='av-structured-data'  itemprop=\"datePublished\" datetime=\"2022-01-05T05:11:44+01:00\" >2025-10-28 11:58:11<\/span><span class='av-structured-data'  itemprop=\"dateModified\" itemtype=\"https:\/\/schema.org\/dateModified\" >2025-10-29 09:29:42<\/span><span class='av-structured-data'  itemprop=\"mainEntityOfPage\" itemtype=\"https:\/\/schema.org\/mainEntityOfPage\" ><span itemprop='name'>Il convegno dei Laici dell&#8217;Amore Misericordioso<\/span><\/span><\/span><\/article><\/div><div class='slide-entry-wrap'><article class='slide-entry flex_column  post-entry post-entry-6207 slide-entry-overview slide-loop-10 slide-parity-odd  av_one_third first real-thumbnail post-format-standard'  itemscope=\"itemscope\" itemtype=\"https:\/\/schema.org\/CreativeWork\" ><a href='http:\/\/www.amormisericordioso.org\/ita\/eccomi-signore-la-prima-professione-religiosa-di-fr-paolo-cedro\/' data-rel='slide-1' class='slide-image' title='&#8220;Eccomi, Signore&#8221;. La PRIMA PROFESSIONE RELIGIOSA di fr. Paolo Cedro'><img decoding=\"async\" width=\"495\" height=\"400\" src=\"http:\/\/www.amormisericordioso.org\/ita\/wp-content\/uploads\/2025\/10\/Immagini-in-Evidenza-SITO-AM-2025-10-16T100058.586-495x400.png\" class=\"wp-image-6215 avia-img-lazy-loading-not-6215 attachment-portfolio size-portfolio wp-post-image\" alt=\"\" srcset=\"http:\/\/www.amormisericordioso.org\/ita\/wp-content\/uploads\/2025\/10\/Immagini-in-Evidenza-SITO-AM-2025-10-16T100058.586-495x400.png 495w, http:\/\/www.amormisericordioso.org\/ita\/wp-content\/uploads\/2025\/10\/Immagini-in-Evidenza-SITO-AM-2025-10-16T100058.586-845x684.png 845w\" sizes=\"(max-width: 495px) 100vw, 495px\" \/><\/a><div class='slide-content'><header class=\"entry-content-header\"><h3 class='slide-entry-title entry-title '  itemprop=\"headline\" ><a href='http:\/\/www.amormisericordioso.org\/ita\/eccomi-signore-la-prima-professione-religiosa-di-fr-paolo-cedro\/' title='&#8220;Eccomi, Signore&#8221;. La PRIMA PROFESSIONE RELIGIOSA di fr. Paolo Cedro'>&#8220;Eccomi, Signore&#8221;. La PRIMA PROFESSIONE RELIGIOSA di fr. Paolo Cedro<\/a><\/h3><span class=\"av-vertical-delimiter\"><\/span><\/header><div class='slide-meta'><time class='slide-meta-time updated'  itemprop=\"datePublished\" datetime=\"2025-10-16T10:03:05+02:00\" >16 Ottobre 2025<\/time><\/div><div class='slide-entry-excerpt entry-content'  itemprop=\"text\" >\n\n\n\n\nNella memoria liturgica di Santa Teresa d\u2019Avila, la Famiglia\u2026<\/div><\/div><footer class=\"entry-footer\"><\/footer><span class='hidden'>\n\t\t\t\t<span class='av-structured-data'  itemprop=\"image\" itemscope=\"itemscope\" itemtype=\"https:\/\/schema.org\/ImageObject\" >\n\t\t\t\t\t\t<span itemprop='url'>http:\/\/www.amormisericordioso.org\/ita\/wp-content\/uploads\/2025\/10\/Immagini-in-Evidenza-SITO-AM-2025-10-16T100058.586.png<\/span>\n\t\t\t\t\t\t<span itemprop='height'>1080<\/span>\n\t\t\t\t\t\t<span itemprop='width'>1080<\/span>\n\t\t\t\t<\/span>\n\t\t\t\t<span class='av-structured-data'  itemprop=\"publisher\" itemtype=\"https:\/\/schema.org\/Organization\" itemscope=\"itemscope\" >\n\t\t\t\t\t\t<span itemprop='name'>Famiglia dell'Amore Misericordioso<\/span>\n\t\t\t\t\t\t<span itemprop='logo' itemscope itemtype='https:\/\/schema.org\/ImageObject'>\n\t\t\t\t\t\t\t<span itemprop='url'>http:\/\/www.amormisericordioso.org\/ita\/wp-content\/uploads\/2018\/02\/logo-fam-italiano.png<\/span>\n\t\t\t\t\t\t <\/span>\n\t\t\t\t<\/span><span class='av-structured-data'  itemprop=\"author\" itemscope=\"itemscope\" itemtype=\"https:\/\/schema.org\/Person\" ><span itemprop='name'>Famiglia dell'Amore Misericordioso<\/span><\/span><span class='av-structured-data'  itemprop=\"datePublished\" datetime=\"2022-01-05T05:11:44+01:00\" >2025-10-16 10:03:05<\/span><span class='av-structured-data'  itemprop=\"dateModified\" itemtype=\"https:\/\/schema.org\/dateModified\" >2025-10-16 10:03:08<\/span><span class='av-structured-data'  itemprop=\"mainEntityOfPage\" itemtype=\"https:\/\/schema.org\/mainEntityOfPage\" ><span itemprop='name'>&#8220;Eccomi, Signore&#8221;. La PRIMA PROFESSIONE RELIGIOSA di fr. Paolo Cedro<\/span><\/span><\/span><\/article><article class='slide-entry flex_column  post-entry post-entry-6189 slide-entry-overview slide-loop-11 slide-parity-even  av_one_third  real-thumbnail post-format-standard'  itemscope=\"itemscope\" itemtype=\"https:\/\/schema.org\/CreativeWork\" ><a href='http:\/\/www.amormisericordioso.org\/ita\/tre-storie-ununica-chiamata-25-anni-di-fedelta-e-di-servizio\/' data-rel='slide-1' class='slide-image' title='Tre storie, un\u2019unica chiamata: 25 anni di fedelt\u00e0 e di servizio'><img decoding=\"async\" width=\"495\" height=\"400\" src=\"http:\/\/www.amormisericordioso.org\/ita\/wp-content\/uploads\/2025\/10\/Immagini-in-Evidenza-SITO-AM-2025-10-06T165745.295-495x400.png\" class=\"wp-image-6195 avia-img-lazy-loading-not-6195 attachment-portfolio size-portfolio wp-post-image\" alt=\"\" srcset=\"http:\/\/www.amormisericordioso.org\/ita\/wp-content\/uploads\/2025\/10\/Immagini-in-Evidenza-SITO-AM-2025-10-06T165745.295-495x400.png 495w, http:\/\/www.amormisericordioso.org\/ita\/wp-content\/uploads\/2025\/10\/Immagini-in-Evidenza-SITO-AM-2025-10-06T165745.295-845x684.png 845w\" sizes=\"(max-width: 495px) 100vw, 495px\" \/><\/a><div class='slide-content'><header class=\"entry-content-header\"><h3 class='slide-entry-title entry-title '  itemprop=\"headline\" ><a href='http:\/\/www.amormisericordioso.org\/ita\/tre-storie-ununica-chiamata-25-anni-di-fedelta-e-di-servizio\/' title='Tre storie, un\u2019unica chiamata: 25 anni di fedelt\u00e0 e di servizio'>Tre storie, un\u2019unica chiamata: 25 anni di fedelt\u00e0 e di servizio<\/a><\/h3><span class=\"av-vertical-delimiter\"><\/span><\/header><div class='slide-meta'><time class='slide-meta-time updated'  itemprop=\"datePublished\" datetime=\"2025-10-06T17:02:26+02:00\" >6 Ottobre 2025<\/time><\/div><div class='slide-entry-excerpt entry-content'  itemprop=\"text\" >\n\n\n\n\nDomenica 5 ottobre la comunit\u00e0 delle Ancelle dell'Amore\u2026<\/div><\/div><footer class=\"entry-footer\"><\/footer><span class='hidden'>\n\t\t\t\t<span class='av-structured-data'  itemprop=\"image\" itemscope=\"itemscope\" itemtype=\"https:\/\/schema.org\/ImageObject\" >\n\t\t\t\t\t\t<span itemprop='url'>http:\/\/www.amormisericordioso.org\/ita\/wp-content\/uploads\/2025\/10\/Immagini-in-Evidenza-SITO-AM-2025-10-06T165745.295.png<\/span>\n\t\t\t\t\t\t<span itemprop='height'>1080<\/span>\n\t\t\t\t\t\t<span itemprop='width'>1080<\/span>\n\t\t\t\t<\/span>\n\t\t\t\t<span class='av-structured-data'  itemprop=\"publisher\" itemtype=\"https:\/\/schema.org\/Organization\" itemscope=\"itemscope\" >\n\t\t\t\t\t\t<span itemprop='name'>Famiglia dell'Amore Misericordioso<\/span>\n\t\t\t\t\t\t<span itemprop='logo' itemscope itemtype='https:\/\/schema.org\/ImageObject'>\n\t\t\t\t\t\t\t<span itemprop='url'>http:\/\/www.amormisericordioso.org\/ita\/wp-content\/uploads\/2018\/02\/logo-fam-italiano.png<\/span>\n\t\t\t\t\t\t <\/span>\n\t\t\t\t<\/span><span class='av-structured-data'  itemprop=\"author\" itemscope=\"itemscope\" itemtype=\"https:\/\/schema.org\/Person\" ><span itemprop='name'>Famiglia dell'Amore Misericordioso<\/span><\/span><span class='av-structured-data'  itemprop=\"datePublished\" datetime=\"2022-01-05T05:11:44+01:00\" >2025-10-06 17:02:26<\/span><span class='av-structured-data'  itemprop=\"dateModified\" itemtype=\"https:\/\/schema.org\/dateModified\" >2025-10-06 17:02:28<\/span><span class='av-structured-data'  itemprop=\"mainEntityOfPage\" itemtype=\"https:\/\/schema.org\/mainEntityOfPage\" ><span itemprop='name'>Tre storie, un\u2019unica chiamata: 25 anni di fedelt\u00e0 e di servizio<\/span><\/span><\/span><\/article><article class='slide-entry flex_column  post-entry post-entry-6170 slide-entry-overview slide-loop-12 slide-parity-odd  av_one_third  real-thumbnail post-format-standard'  itemscope=\"itemscope\" itemtype=\"https:\/\/schema.org\/CreativeWork\" ><a href='http:\/\/www.amormisericordioso.org\/ita\/professioni-perpetue-fam\/' data-rel='slide-1' class='slide-image' title='Professioni perpetue FAM'><img decoding=\"async\" width=\"495\" height=\"400\" src=\"http:\/\/www.amormisericordioso.org\/ita\/wp-content\/uploads\/2025\/10\/Immagini-in-Evidenza-SITO-AM-2025-10-02T191309.232-495x400.png\" class=\"wp-image-6181 avia-img-lazy-loading-not-6181 attachment-portfolio size-portfolio wp-post-image\" alt=\"\" srcset=\"http:\/\/www.amormisericordioso.org\/ita\/wp-content\/uploads\/2025\/10\/Immagini-in-Evidenza-SITO-AM-2025-10-02T191309.232-495x400.png 495w, http:\/\/www.amormisericordioso.org\/ita\/wp-content\/uploads\/2025\/10\/Immagini-in-Evidenza-SITO-AM-2025-10-02T191309.232-845x684.png 845w\" sizes=\"(max-width: 495px) 100vw, 495px\" \/><\/a><div class='slide-content'><header class=\"entry-content-header\"><h3 class='slide-entry-title entry-title '  itemprop=\"headline\" ><a href='http:\/\/www.amormisericordioso.org\/ita\/professioni-perpetue-fam\/' title='Professioni perpetue FAM'>Professioni perpetue FAM<\/a><\/h3><span class=\"av-vertical-delimiter\"><\/span><\/header><div class='slide-meta'><time class='slide-meta-time updated'  itemprop=\"datePublished\" datetime=\"2025-10-02T19:16:07+02:00\" >2 Ottobre 2025<\/time><\/div><div class='slide-entry-excerpt entry-content'  itemprop=\"text\" >\n\n\n\n\nSabato 27 settembre la nostra famiglia religiosa ha vissuto\u2026<\/div><\/div><footer class=\"entry-footer\"><\/footer><span class='hidden'>\n\t\t\t\t<span class='av-structured-data'  itemprop=\"image\" itemscope=\"itemscope\" itemtype=\"https:\/\/schema.org\/ImageObject\" >\n\t\t\t\t\t\t<span itemprop='url'>http:\/\/www.amormisericordioso.org\/ita\/wp-content\/uploads\/2025\/10\/Immagini-in-Evidenza-SITO-AM-2025-10-02T191309.232.png<\/span>\n\t\t\t\t\t\t<span itemprop='height'>1080<\/span>\n\t\t\t\t\t\t<span itemprop='width'>1080<\/span>\n\t\t\t\t<\/span>\n\t\t\t\t<span class='av-structured-data'  itemprop=\"publisher\" itemtype=\"https:\/\/schema.org\/Organization\" itemscope=\"itemscope\" >\n\t\t\t\t\t\t<span itemprop='name'>Famiglia dell'Amore Misericordioso<\/span>\n\t\t\t\t\t\t<span itemprop='logo' itemscope itemtype='https:\/\/schema.org\/ImageObject'>\n\t\t\t\t\t\t\t<span itemprop='url'>http:\/\/www.amormisericordioso.org\/ita\/wp-content\/uploads\/2018\/02\/logo-fam-italiano.png<\/span>\n\t\t\t\t\t\t <\/span>\n\t\t\t\t<\/span><span class='av-structured-data'  itemprop=\"author\" itemscope=\"itemscope\" itemtype=\"https:\/\/schema.org\/Person\" ><span itemprop='name'>Famiglia dell'Amore Misericordioso<\/span><\/span><span class='av-structured-data'  itemprop=\"datePublished\" datetime=\"2022-01-05T05:11:44+01:00\" >2025-10-02 19:16:07<\/span><span class='av-structured-data'  itemprop=\"dateModified\" itemtype=\"https:\/\/schema.org\/dateModified\" >2025-10-05 17:29:14<\/span><span class='av-structured-data'  itemprop=\"mainEntityOfPage\" itemtype=\"https:\/\/schema.org\/mainEntityOfPage\" ><span itemprop='name'>Professioni perpetue FAM<\/span><\/span><\/span><\/article><\/div><div class='slide-entry-wrap'><article class='slide-entry flex_column  post-entry post-entry-6162 slide-entry-overview slide-loop-13 slide-parity-odd  av_one_third first real-thumbnail post-format-standard'  itemscope=\"itemscope\" itemtype=\"https:\/\/schema.org\/CreativeWork\" ><a href='http:\/\/www.amormisericordioso.org\/ita\/collevalenza-celebra-la-festa-del-santuario-dellamore-misericordioso\/' data-rel='slide-1' class='slide-image' title='Collevalenza celebra la FESTA del Santuario dell&#8217;Amore Misericordioso'><img decoding=\"async\" width=\"495\" height=\"400\" src=\"http:\/\/www.amormisericordioso.org\/ita\/wp-content\/uploads\/2025\/09\/Immagini-in-Evidenza-SITO-AM-2025-09-26T171032.240-495x400.png\" class=\"wp-image-6166 avia-img-lazy-loading-not-6166 attachment-portfolio size-portfolio wp-post-image\" alt=\"\" srcset=\"http:\/\/www.amormisericordioso.org\/ita\/wp-content\/uploads\/2025\/09\/Immagini-in-Evidenza-SITO-AM-2025-09-26T171032.240-495x400.png 495w, http:\/\/www.amormisericordioso.org\/ita\/wp-content\/uploads\/2025\/09\/Immagini-in-Evidenza-SITO-AM-2025-09-26T171032.240-845x684.png 845w\" sizes=\"(max-width: 495px) 100vw, 495px\" \/><\/a><div class='slide-content'><header class=\"entry-content-header\"><h3 class='slide-entry-title entry-title '  itemprop=\"headline\" ><a href='http:\/\/www.amormisericordioso.org\/ita\/collevalenza-celebra-la-festa-del-santuario-dellamore-misericordioso\/' title='Collevalenza celebra la FESTA del Santuario dell&#8217;Amore Misericordioso'>Collevalenza celebra la FESTA del Santuario dell&#8217;Amore Misericordioso<\/a><\/h3><span class=\"av-vertical-delimiter\"><\/span><\/header><div class='slide-meta'><time class='slide-meta-time updated'  itemprop=\"datePublished\" datetime=\"2025-09-26T17:13:03+02:00\" >26 Settembre 2025<\/time><\/div><div class='slide-entry-excerpt entry-content'  itemprop=\"text\" >\n\n\n\n\nIl Santuario dell\u2019Amore Misericordioso di Collevalenza\u2026<\/div><\/div><footer class=\"entry-footer\"><\/footer><span class='hidden'>\n\t\t\t\t<span class='av-structured-data'  itemprop=\"image\" itemscope=\"itemscope\" itemtype=\"https:\/\/schema.org\/ImageObject\" >\n\t\t\t\t\t\t<span itemprop='url'>http:\/\/www.amormisericordioso.org\/ita\/wp-content\/uploads\/2025\/09\/Immagini-in-Evidenza-SITO-AM-2025-09-26T171032.240.png<\/span>\n\t\t\t\t\t\t<span itemprop='height'>1080<\/span>\n\t\t\t\t\t\t<span itemprop='width'>1080<\/span>\n\t\t\t\t<\/span>\n\t\t\t\t<span class='av-structured-data'  itemprop=\"publisher\" itemtype=\"https:\/\/schema.org\/Organization\" itemscope=\"itemscope\" >\n\t\t\t\t\t\t<span itemprop='name'>Famiglia dell'Amore Misericordioso<\/span>\n\t\t\t\t\t\t<span itemprop='logo' itemscope itemtype='https:\/\/schema.org\/ImageObject'>\n\t\t\t\t\t\t\t<span itemprop='url'>http:\/\/www.amormisericordioso.org\/ita\/wp-content\/uploads\/2018\/02\/logo-fam-italiano.png<\/span>\n\t\t\t\t\t\t <\/span>\n\t\t\t\t<\/span><span class='av-structured-data'  itemprop=\"author\" itemscope=\"itemscope\" itemtype=\"https:\/\/schema.org\/Person\" ><span itemprop='name'>Famiglia dell'Amore Misericordioso<\/span><\/span><span class='av-structured-data'  itemprop=\"datePublished\" datetime=\"2022-01-05T05:11:44+01:00\" >2025-09-26 17:13:03<\/span><span class='av-structured-data'  itemprop=\"dateModified\" itemtype=\"https:\/\/schema.org\/dateModified\" >2025-09-26 17:22:32<\/span><span class='av-structured-data'  itemprop=\"mainEntityOfPage\" itemtype=\"https:\/\/schema.org\/mainEntityOfPage\" ><span itemprop='name'>Collevalenza celebra la FESTA del Santuario dell&#8217;Amore Misericordioso<\/span><\/span><\/span><\/article><article class='slide-entry flex_column  post-entry post-entry-6148 slide-entry-overview slide-loop-14 slide-parity-even  av_one_third  real-thumbnail post-format-standard'  itemscope=\"itemscope\" itemtype=\"https:\/\/schema.org\/CreativeWork\" ><a href='http:\/\/www.amormisericordioso.org\/ita\/zaino-in-spalla-il-viaggio-dei-giovani-dallabbraccio-del-padre-alla-porta-santa\/' data-rel='slide-1' class='slide-image' title='Zaino in spalla: il viaggio dei giovani dall&#8217;abbraccio del Padre alla Porta Santa'><img decoding=\"async\" width=\"495\" height=\"400\" src=\"http:\/\/www.amormisericordioso.org\/ita\/wp-content\/uploads\/2025\/09\/Immagini-in-Evidenza-SITO-AM-2025-09-18T100507.878-495x400.png\" class=\"wp-image-6157 avia-img-lazy-loading-not-6157 attachment-portfolio size-portfolio wp-post-image\" alt=\"\" srcset=\"http:\/\/www.amormisericordioso.org\/ita\/wp-content\/uploads\/2025\/09\/Immagini-in-Evidenza-SITO-AM-2025-09-18T100507.878-495x400.png 495w, http:\/\/www.amormisericordioso.org\/ita\/wp-content\/uploads\/2025\/09\/Immagini-in-Evidenza-SITO-AM-2025-09-18T100507.878-845x684.png 845w\" sizes=\"(max-width: 495px) 100vw, 495px\" \/><\/a><div class='slide-content'><header class=\"entry-content-header\"><h3 class='slide-entry-title entry-title '  itemprop=\"headline\" ><a href='http:\/\/www.amormisericordioso.org\/ita\/zaino-in-spalla-il-viaggio-dei-giovani-dallabbraccio-del-padre-alla-porta-santa\/' title='Zaino in spalla: il viaggio dei giovani dall&#8217;abbraccio del Padre alla Porta Santa'>Zaino in spalla: il viaggio dei giovani dall&#8217;abbraccio del Padre alla Porta Santa<\/a><\/h3><span class=\"av-vertical-delimiter\"><\/span><\/header><div class='slide-meta'><time class='slide-meta-time updated'  itemprop=\"datePublished\" datetime=\"2025-09-18T10:11:11+02:00\" >18 Settembre 2025<\/time><\/div><div class='slide-entry-excerpt entry-content'  itemprop=\"text\" >\n\n\n\n\nOrmai la campanella della prima ora di lezione \u00e8 suonata.\u2026<\/div><\/div><footer class=\"entry-footer\"><\/footer><span class='hidden'>\n\t\t\t\t<span class='av-structured-data'  itemprop=\"image\" itemscope=\"itemscope\" itemtype=\"https:\/\/schema.org\/ImageObject\" >\n\t\t\t\t\t\t<span itemprop='url'>http:\/\/www.amormisericordioso.org\/ita\/wp-content\/uploads\/2025\/09\/Immagini-in-Evidenza-SITO-AM-2025-09-18T100507.878.png<\/span>\n\t\t\t\t\t\t<span itemprop='height'>1080<\/span>\n\t\t\t\t\t\t<span itemprop='width'>1080<\/span>\n\t\t\t\t<\/span>\n\t\t\t\t<span class='av-structured-data'  itemprop=\"publisher\" itemtype=\"https:\/\/schema.org\/Organization\" itemscope=\"itemscope\" >\n\t\t\t\t\t\t<span itemprop='name'>Famiglia dell'Amore Misericordioso<\/span>\n\t\t\t\t\t\t<span itemprop='logo' itemscope itemtype='https:\/\/schema.org\/ImageObject'>\n\t\t\t\t\t\t\t<span itemprop='url'>http:\/\/www.amormisericordioso.org\/ita\/wp-content\/uploads\/2018\/02\/logo-fam-italiano.png<\/span>\n\t\t\t\t\t\t <\/span>\n\t\t\t\t<\/span><span class='av-structured-data'  itemprop=\"author\" itemscope=\"itemscope\" itemtype=\"https:\/\/schema.org\/Person\" ><span itemprop='name'>Famiglia dell'Amore Misericordioso<\/span><\/span><span class='av-structured-data'  itemprop=\"datePublished\" datetime=\"2022-01-05T05:11:44+01:00\" >2025-09-18 10:11:11<\/span><span class='av-structured-data'  itemprop=\"dateModified\" itemtype=\"https:\/\/schema.org\/dateModified\" >2025-09-18 10:18:29<\/span><span class='av-structured-data'  itemprop=\"mainEntityOfPage\" itemtype=\"https:\/\/schema.org\/mainEntityOfPage\" ><span itemprop='name'>Zaino in spalla: il viaggio dei giovani dall&#8217;abbraccio del Padre alla Porta Santa<\/span><\/span><\/span><\/article><article class='slide-entry flex_column  post-entry post-entry-6139 slide-entry-overview slide-loop-15 slide-parity-odd  av_one_third  real-thumbnail post-format-standard'  itemscope=\"itemscope\" itemtype=\"https:\/\/schema.org\/CreativeWork\" ><a href='http:\/\/www.amormisericordioso.org\/ita\/25-anni-di-presenza-missionaria-india-e-messico-nel-cuore-della-famiglia-dellamore-misericordioso\/' data-rel='slide-1' class='slide-image' title='25 anni di presenza missionaria: INDIA e MESSICO nel cuore della Famiglia dell&#8217;Amore Misericordioso'><img decoding=\"async\" width=\"495\" height=\"400\" src=\"http:\/\/www.amormisericordioso.org\/ita\/wp-content\/uploads\/2025\/09\/Immagini-in-Evidenza-SITO-AM-2025-09-01T121313.318-495x400.png\" class=\"wp-image-6141 avia-img-lazy-loading-not-6141 attachment-portfolio size-portfolio wp-post-image\" alt=\"\" srcset=\"http:\/\/www.amormisericordioso.org\/ita\/wp-content\/uploads\/2025\/09\/Immagini-in-Evidenza-SITO-AM-2025-09-01T121313.318-495x400.png 495w, http:\/\/www.amormisericordioso.org\/ita\/wp-content\/uploads\/2025\/09\/Immagini-in-Evidenza-SITO-AM-2025-09-01T121313.318-845x684.png 845w\" sizes=\"(max-width: 495px) 100vw, 495px\" \/><\/a><div class='slide-content'><header class=\"entry-content-header\"><h3 class='slide-entry-title entry-title '  itemprop=\"headline\" ><a href='http:\/\/www.amormisericordioso.org\/ita\/25-anni-di-presenza-missionaria-india-e-messico-nel-cuore-della-famiglia-dellamore-misericordioso\/' title='25 anni di presenza missionaria: INDIA e MESSICO nel cuore della Famiglia dell&#8217;Amore Misericordioso'>25 anni di presenza missionaria: INDIA e MESSICO nel cuore della Famiglia dell&#8217;Amore Misericordioso<\/a><\/h3><span class=\"av-vertical-delimiter\"><\/span><\/header><div class='slide-meta'><time class='slide-meta-time updated'  itemprop=\"datePublished\" datetime=\"2025-09-01T12:15:35+02:00\" >1 Settembre 2025<\/time><\/div><div class='slide-entry-excerpt entry-content'  itemprop=\"text\" >\n\n\n\n\nQuest'anno la nostra Congregazione dei Figli dell'Amore\u2026<\/div><\/div><footer class=\"entry-footer\"><\/footer><span class='hidden'>\n\t\t\t\t<span class='av-structured-data'  itemprop=\"image\" itemscope=\"itemscope\" itemtype=\"https:\/\/schema.org\/ImageObject\" >\n\t\t\t\t\t\t<span itemprop='url'>http:\/\/www.amormisericordioso.org\/ita\/wp-content\/uploads\/2025\/09\/Immagini-in-Evidenza-SITO-AM-2025-09-01T121313.318.png<\/span>\n\t\t\t\t\t\t<span itemprop='height'>1080<\/span>\n\t\t\t\t\t\t<span itemprop='width'>1080<\/span>\n\t\t\t\t<\/span>\n\t\t\t\t<span class='av-structured-data'  itemprop=\"publisher\" itemtype=\"https:\/\/schema.org\/Organization\" itemscope=\"itemscope\" >\n\t\t\t\t\t\t<span itemprop='name'>Famiglia dell'Amore Misericordioso<\/span>\n\t\t\t\t\t\t<span itemprop='logo' itemscope itemtype='https:\/\/schema.org\/ImageObject'>\n\t\t\t\t\t\t\t<span itemprop='url'>http:\/\/www.amormisericordioso.org\/ita\/wp-content\/uploads\/2018\/02\/logo-fam-italiano.png<\/span>\n\t\t\t\t\t\t <\/span>\n\t\t\t\t<\/span><span class='av-structured-data'  itemprop=\"author\" itemscope=\"itemscope\" itemtype=\"https:\/\/schema.org\/Person\" ><span itemprop='name'>Famiglia dell'Amore Misericordioso<\/span><\/span><span class='av-structured-data'  itemprop=\"datePublished\" datetime=\"2022-01-05T05:11:44+01:00\" >2025-09-01 12:15:35<\/span><span class='av-structured-data'  itemprop=\"dateModified\" itemtype=\"https:\/\/schema.org\/dateModified\" >2025-09-01 12:15:37<\/span><span class='av-structured-data'  itemprop=\"mainEntityOfPage\" itemtype=\"https:\/\/schema.org\/mainEntityOfPage\" ><span itemprop='name'>25 anni di presenza missionaria: INDIA e MESSICO nel cuore della Famiglia dell&#8217;Amore Misericordioso<\/span><\/span><\/span><\/article><\/div><div class='slide-entry-wrap'><article class='slide-entry flex_column  post-entry post-entry-6122 slide-entry-overview slide-loop-16 slide-parity-odd  av_one_third first real-thumbnail post-format-standard'  itemscope=\"itemscope\" itemtype=\"https:\/\/schema.org\/CreativeWork\" ><a href='http:\/\/www.amormisericordioso.org\/ita\/don-ernesto-ricci-il-sacerdote-che-non-smise-mai-di-amare-i-giovani\/' data-rel='slide-1' class='slide-image' title='DON ERNESTO RICCI: il sacerdote che non smise mai di amare i giovani'><img decoding=\"async\" width=\"495\" height=\"400\" src=\"http:\/\/www.amormisericordioso.org\/ita\/wp-content\/uploads\/2025\/08\/Immagini-in-Evidenza-SITO-AM-2025-08-13T124458.007-495x400.png\" class=\"wp-image-6127 avia-img-lazy-loading-not-6127 attachment-portfolio size-portfolio wp-post-image\" alt=\"\" srcset=\"http:\/\/www.amormisericordioso.org\/ita\/wp-content\/uploads\/2025\/08\/Immagini-in-Evidenza-SITO-AM-2025-08-13T124458.007-495x400.png 495w, http:\/\/www.amormisericordioso.org\/ita\/wp-content\/uploads\/2025\/08\/Immagini-in-Evidenza-SITO-AM-2025-08-13T124458.007-845x684.png 845w\" sizes=\"(max-width: 495px) 100vw, 495px\" \/><\/a><div class='slide-content'><header class=\"entry-content-header\"><h3 class='slide-entry-title entry-title '  itemprop=\"headline\" ><a href='http:\/\/www.amormisericordioso.org\/ita\/don-ernesto-ricci-il-sacerdote-che-non-smise-mai-di-amare-i-giovani\/' title='DON ERNESTO RICCI: il sacerdote che non smise mai di amare i giovani'>DON ERNESTO RICCI: il sacerdote che non smise mai di amare i giovani<\/a><\/h3><span class=\"av-vertical-delimiter\"><\/span><\/header><div class='slide-meta'><time class='slide-meta-time updated'  itemprop=\"datePublished\" datetime=\"2025-08-13T12:46:42+02:00\" >13 Agosto 2025<\/time><\/div><div class='slide-entry-excerpt entry-content'  itemprop=\"text\" >\n\n\n\n\nIl 5 agosto 2025 \u00e8 ricorso il 75\u00b0 anniversario della nascita\u2026<\/div><\/div><footer class=\"entry-footer\"><\/footer><span class='hidden'>\n\t\t\t\t<span class='av-structured-data'  itemprop=\"image\" itemscope=\"itemscope\" itemtype=\"https:\/\/schema.org\/ImageObject\" >\n\t\t\t\t\t\t<span itemprop='url'>http:\/\/www.amormisericordioso.org\/ita\/wp-content\/uploads\/2025\/08\/Immagini-in-Evidenza-SITO-AM-2025-08-13T124458.007.png<\/span>\n\t\t\t\t\t\t<span itemprop='height'>1080<\/span>\n\t\t\t\t\t\t<span itemprop='width'>1080<\/span>\n\t\t\t\t<\/span>\n\t\t\t\t<span class='av-structured-data'  itemprop=\"publisher\" itemtype=\"https:\/\/schema.org\/Organization\" itemscope=\"itemscope\" >\n\t\t\t\t\t\t<span itemprop='name'>Famiglia dell'Amore Misericordioso<\/span>\n\t\t\t\t\t\t<span itemprop='logo' itemscope itemtype='https:\/\/schema.org\/ImageObject'>\n\t\t\t\t\t\t\t<span itemprop='url'>http:\/\/www.amormisericordioso.org\/ita\/wp-content\/uploads\/2018\/02\/logo-fam-italiano.png<\/span>\n\t\t\t\t\t\t <\/span>\n\t\t\t\t<\/span><span class='av-structured-data'  itemprop=\"author\" itemscope=\"itemscope\" itemtype=\"https:\/\/schema.org\/Person\" ><span itemprop='name'>Famiglia dell'Amore Misericordioso<\/span><\/span><span class='av-structured-data'  itemprop=\"datePublished\" datetime=\"2022-01-05T05:11:44+01:00\" >2025-08-13 12:46:42<\/span><span class='av-structured-data'  itemprop=\"dateModified\" itemtype=\"https:\/\/schema.org\/dateModified\" >2025-08-13 12:46:43<\/span><span class='av-structured-data'  itemprop=\"mainEntityOfPage\" itemtype=\"https:\/\/schema.org\/mainEntityOfPage\" ><span itemprop='name'>DON ERNESTO RICCI: il sacerdote che non smise mai di amare i giovani<\/span><\/span><\/span><\/article><article class='slide-entry flex_column  post-entry post-entry-6114 slide-entry-overview slide-loop-17 slide-parity-even  av_one_third  real-thumbnail post-format-standard'  itemscope=\"itemscope\" itemtype=\"https:\/\/schema.org\/CreativeWork\" ><a href='http:\/\/www.amormisericordioso.org\/ita\/insieme-per-servire\/' data-rel='slide-1' class='slide-image' title='INSIEME per SERVIRE'><img decoding=\"async\" width=\"495\" height=\"400\" src=\"http:\/\/www.amormisericordioso.org\/ita\/wp-content\/uploads\/2025\/08\/Immagini-in-Evidenza-SITO-AM-2025-08-13T113555.927-495x400.png\" class=\"wp-image-6119 avia-img-lazy-loading-not-6119 attachment-portfolio size-portfolio wp-post-image\" alt=\"\" srcset=\"http:\/\/www.amormisericordioso.org\/ita\/wp-content\/uploads\/2025\/08\/Immagini-in-Evidenza-SITO-AM-2025-08-13T113555.927-495x400.png 495w, http:\/\/www.amormisericordioso.org\/ita\/wp-content\/uploads\/2025\/08\/Immagini-in-Evidenza-SITO-AM-2025-08-13T113555.927-845x684.png 845w\" sizes=\"(max-width: 495px) 100vw, 495px\" \/><\/a><div class='slide-content'><header class=\"entry-content-header\"><h3 class='slide-entry-title entry-title '  itemprop=\"headline\" ><a href='http:\/\/www.amormisericordioso.org\/ita\/insieme-per-servire\/' title='INSIEME per SERVIRE'>INSIEME per SERVIRE<\/a><\/h3><span class=\"av-vertical-delimiter\"><\/span><\/header><div class='slide-meta'><time class='slide-meta-time updated'  itemprop=\"datePublished\" datetime=\"2025-08-13T11:37:46+02:00\" >13 Agosto 2025<\/time><\/div><div class='slide-entry-excerpt entry-content'  itemprop=\"text\" >\n\n\n\n\nDal 28 luglio al 1 agosto, Collevalenza \u00e8 diventata una\u2026<\/div><\/div><footer class=\"entry-footer\"><\/footer><span class='hidden'>\n\t\t\t\t<span class='av-structured-data'  itemprop=\"image\" itemscope=\"itemscope\" itemtype=\"https:\/\/schema.org\/ImageObject\" >\n\t\t\t\t\t\t<span itemprop='url'>http:\/\/www.amormisericordioso.org\/ita\/wp-content\/uploads\/2025\/08\/Immagini-in-Evidenza-SITO-AM-2025-08-13T113555.927.png<\/span>\n\t\t\t\t\t\t<span itemprop='height'>1080<\/span>\n\t\t\t\t\t\t<span itemprop='width'>1080<\/span>\n\t\t\t\t<\/span>\n\t\t\t\t<span class='av-structured-data'  itemprop=\"publisher\" itemtype=\"https:\/\/schema.org\/Organization\" itemscope=\"itemscope\" >\n\t\t\t\t\t\t<span itemprop='name'>Famiglia dell'Amore Misericordioso<\/span>\n\t\t\t\t\t\t<span itemprop='logo' itemscope itemtype='https:\/\/schema.org\/ImageObject'>\n\t\t\t\t\t\t\t<span itemprop='url'>http:\/\/www.amormisericordioso.org\/ita\/wp-content\/uploads\/2018\/02\/logo-fam-italiano.png<\/span>\n\t\t\t\t\t\t <\/span>\n\t\t\t\t<\/span><span class='av-structured-data'  itemprop=\"author\" itemscope=\"itemscope\" itemtype=\"https:\/\/schema.org\/Person\" ><span itemprop='name'>Famiglia dell'Amore Misericordioso<\/span><\/span><span class='av-structured-data'  itemprop=\"datePublished\" datetime=\"2022-01-05T05:11:44+01:00\" >2025-08-13 11:37:46<\/span><span class='av-structured-data'  itemprop=\"dateModified\" itemtype=\"https:\/\/schema.org\/dateModified\" >2025-08-13 11:37:48<\/span><span class='av-structured-data'  itemprop=\"mainEntityOfPage\" itemtype=\"https:\/\/schema.org\/mainEntityOfPage\" ><span itemprop='name'>INSIEME per SERVIRE<\/span><\/span><\/span><\/article><article class='slide-entry flex_column  post-entry post-entry-6105 slide-entry-overview slide-loop-18 slide-parity-odd  av_one_third  real-thumbnail post-format-standard'  itemscope=\"itemscope\" itemtype=\"https:\/\/schema.org\/CreativeWork\" ><a href='http:\/\/www.amormisericordioso.org\/ita\/ordinazione-sacerdotale-di-p-deepak-mon-willington-fam\/' data-rel='slide-1' class='slide-image' title='ORDINAZIONE SACERDOTALE di p. Deepak Mon Willington FAM'><img decoding=\"async\" width=\"495\" height=\"400\" src=\"http:\/\/www.amormisericordioso.org\/ita\/wp-content\/uploads\/2025\/08\/Immagini-in-Evidenza-SITO-AM-2025-08-11T121628.573-495x400.png\" class=\"wp-image-6112 avia-img-lazy-loading-not-6112 attachment-portfolio size-portfolio wp-post-image\" alt=\"\" srcset=\"http:\/\/www.amormisericordioso.org\/ita\/wp-content\/uploads\/2025\/08\/Immagini-in-Evidenza-SITO-AM-2025-08-11T121628.573-495x400.png 495w, http:\/\/www.amormisericordioso.org\/ita\/wp-content\/uploads\/2025\/08\/Immagini-in-Evidenza-SITO-AM-2025-08-11T121628.573-845x684.png 845w\" sizes=\"(max-width: 495px) 100vw, 495px\" \/><\/a><div class='slide-content'><header class=\"entry-content-header\"><h3 class='slide-entry-title entry-title '  itemprop=\"headline\" ><a href='http:\/\/www.amormisericordioso.org\/ita\/ordinazione-sacerdotale-di-p-deepak-mon-willington-fam\/' title='ORDINAZIONE SACERDOTALE di p. Deepak Mon Willington FAM'>ORDINAZIONE SACERDOTALE di p. Deepak Mon Willington FAM<\/a><\/h3><span class=\"av-vertical-delimiter\"><\/span><\/header><div class='slide-meta'><time class='slide-meta-time updated'  itemprop=\"datePublished\" datetime=\"2025-08-11T12:18:57+02:00\" >11 Agosto 2025<\/time><\/div><div class='slide-entry-excerpt entry-content'  itemprop=\"text\" >\n\n\n\n\n\u201cVi ho scelti perch\u00e9 andiate e portiate frutto\u201d Gv\u2026<\/div><\/div><footer class=\"entry-footer\"><\/footer><span class='hidden'>\n\t\t\t\t<span class='av-structured-data'  itemprop=\"image\" itemscope=\"itemscope\" itemtype=\"https:\/\/schema.org\/ImageObject\" >\n\t\t\t\t\t\t<span itemprop='url'>http:\/\/www.amormisericordioso.org\/ita\/wp-content\/uploads\/2025\/08\/Immagini-in-Evidenza-SITO-AM-2025-08-11T121628.573.png<\/span>\n\t\t\t\t\t\t<span itemprop='height'>1080<\/span>\n\t\t\t\t\t\t<span itemprop='width'>1080<\/span>\n\t\t\t\t<\/span>\n\t\t\t\t<span class='av-structured-data'  itemprop=\"publisher\" itemtype=\"https:\/\/schema.org\/Organization\" itemscope=\"itemscope\" >\n\t\t\t\t\t\t<span itemprop='name'>Famiglia dell'Amore Misericordioso<\/span>\n\t\t\t\t\t\t<span itemprop='logo' itemscope itemtype='https:\/\/schema.org\/ImageObject'>\n\t\t\t\t\t\t\t<span itemprop='url'>http:\/\/www.amormisericordioso.org\/ita\/wp-content\/uploads\/2018\/02\/logo-fam-italiano.png<\/span>\n\t\t\t\t\t\t <\/span>\n\t\t\t\t<\/span><span class='av-structured-data'  itemprop=\"author\" itemscope=\"itemscope\" itemtype=\"https:\/\/schema.org\/Person\" ><span itemprop='name'>Famiglia dell'Amore Misericordioso<\/span><\/span><span class='av-structured-data'  itemprop=\"datePublished\" datetime=\"2022-01-05T05:11:44+01:00\" >2025-08-11 12:18:57<\/span><span class='av-structured-data'  itemprop=\"dateModified\" itemtype=\"https:\/\/schema.org\/dateModified\" >2025-08-11 12:18:59<\/span><span class='av-structured-data'  itemprop=\"mainEntityOfPage\" itemtype=\"https:\/\/schema.org\/mainEntityOfPage\" ><span itemprop='name'>ORDINAZIONE SACERDOTALE di p. Deepak Mon Willington FAM<\/span><\/span><\/span><\/article><\/div><div class='slide-entry-wrap'><article class='slide-entry flex_column  post-entry post-entry-6095 slide-entry-overview slide-loop-19 slide-parity-odd  av_one_third first real-thumbnail post-format-standard'  itemscope=\"itemscope\" itemtype=\"https:\/\/schema.org\/CreativeWork\" ><a href='http:\/\/www.amormisericordioso.org\/ita\/professione-religiosa-perpetua-di-fr-anto-jenith-fam\/' data-rel='slide-1' class='slide-image' title='PROFESSIONE RELIGIOSA PERPETUA di fr. Anto Jenith FAM'><img decoding=\"async\" width=\"495\" height=\"400\" src=\"http:\/\/www.amormisericordioso.org\/ita\/wp-content\/uploads\/2025\/08\/Immagini-in-Evidenza-SITO-AM-2025-08-11T120007.281-495x400.png\" class=\"wp-image-6101 avia-img-lazy-loading-not-6101 attachment-portfolio size-portfolio wp-post-image\" alt=\"\" srcset=\"http:\/\/www.amormisericordioso.org\/ita\/wp-content\/uploads\/2025\/08\/Immagini-in-Evidenza-SITO-AM-2025-08-11T120007.281-495x400.png 495w, http:\/\/www.amormisericordioso.org\/ita\/wp-content\/uploads\/2025\/08\/Immagini-in-Evidenza-SITO-AM-2025-08-11T120007.281-845x684.png 845w\" sizes=\"(max-width: 495px) 100vw, 495px\" \/><\/a><div class='slide-content'><header class=\"entry-content-header\"><h3 class='slide-entry-title entry-title '  itemprop=\"headline\" ><a href='http:\/\/www.amormisericordioso.org\/ita\/professione-religiosa-perpetua-di-fr-anto-jenith-fam\/' title='PROFESSIONE RELIGIOSA PERPETUA di fr. Anto Jenith FAM'>PROFESSIONE RELIGIOSA PERPETUA di fr. Anto Jenith FAM<\/a><\/h3><span class=\"av-vertical-delimiter\"><\/span><\/header><div class='slide-meta'><time class='slide-meta-time updated'  itemprop=\"datePublished\" datetime=\"2025-08-11T11:59:17+02:00\" >11 Agosto 2025<\/time><\/div><div class='slide-entry-excerpt entry-content'  itemprop=\"text\" >\n\n\n\n\nIl 6 agosto 2025, festa della Trasfigurazione del Signore,\u2026<\/div><\/div><footer class=\"entry-footer\"><\/footer><span class='hidden'>\n\t\t\t\t<span class='av-structured-data'  itemprop=\"image\" itemscope=\"itemscope\" itemtype=\"https:\/\/schema.org\/ImageObject\" >\n\t\t\t\t\t\t<span itemprop='url'>http:\/\/www.amormisericordioso.org\/ita\/wp-content\/uploads\/2025\/08\/Immagini-in-Evidenza-SITO-AM-2025-08-11T120007.281.png<\/span>\n\t\t\t\t\t\t<span itemprop='height'>1080<\/span>\n\t\t\t\t\t\t<span itemprop='width'>1080<\/span>\n\t\t\t\t<\/span>\n\t\t\t\t<span class='av-structured-data'  itemprop=\"publisher\" itemtype=\"https:\/\/schema.org\/Organization\" itemscope=\"itemscope\" >\n\t\t\t\t\t\t<span itemprop='name'>Famiglia dell'Amore Misericordioso<\/span>\n\t\t\t\t\t\t<span itemprop='logo' itemscope itemtype='https:\/\/schema.org\/ImageObject'>\n\t\t\t\t\t\t\t<span itemprop='url'>http:\/\/www.amormisericordioso.org\/ita\/wp-content\/uploads\/2018\/02\/logo-fam-italiano.png<\/span>\n\t\t\t\t\t\t <\/span>\n\t\t\t\t<\/span><span class='av-structured-data'  itemprop=\"author\" itemscope=\"itemscope\" itemtype=\"https:\/\/schema.org\/Person\" ><span itemprop='name'>Famiglia dell'Amore Misericordioso<\/span><\/span><span class='av-structured-data'  itemprop=\"datePublished\" datetime=\"2022-01-05T05:11:44+01:00\" >2025-08-11 11:59:17<\/span><span class='av-structured-data'  itemprop=\"dateModified\" itemtype=\"https:\/\/schema.org\/dateModified\" >2025-08-11 12:02:09<\/span><span class='av-structured-data'  itemprop=\"mainEntityOfPage\" itemtype=\"https:\/\/schema.org\/mainEntityOfPage\" ><span itemprop='name'>PROFESSIONE RELIGIOSA PERPETUA di fr. Anto Jenith FAM<\/span><\/span><\/span><\/article><article class='slide-entry flex_column  post-entry post-entry-6084 slide-entry-overview slide-loop-20 slide-parity-even  av_one_third  real-thumbnail post-format-standard'  itemscope=\"itemscope\" itemtype=\"https:\/\/schema.org\/CreativeWork\" ><a href='http:\/\/www.amormisericordioso.org\/ita\/ordinazione-sacerdotale-di-p-michael-viyagappan-fam\/' data-rel='slide-1' class='slide-image' title='ORDINAZIONE SACERDOTALE di p. Michael Viyagappan FAM'><img decoding=\"async\" width=\"495\" height=\"400\" src=\"http:\/\/www.amormisericordioso.org\/ita\/wp-content\/uploads\/2025\/08\/Immagini-in-Evidenza-SITO-AM-2025-08-11T113303.527-495x400.png\" class=\"wp-image-6092 avia-img-lazy-loading-not-6092 attachment-portfolio size-portfolio wp-post-image\" alt=\"\" srcset=\"http:\/\/www.amormisericordioso.org\/ita\/wp-content\/uploads\/2025\/08\/Immagini-in-Evidenza-SITO-AM-2025-08-11T113303.527-495x400.png 495w, http:\/\/www.amormisericordioso.org\/ita\/wp-content\/uploads\/2025\/08\/Immagini-in-Evidenza-SITO-AM-2025-08-11T113303.527-845x684.png 845w\" sizes=\"(max-width: 495px) 100vw, 495px\" \/><\/a><div class='slide-content'><header class=\"entry-content-header\"><h3 class='slide-entry-title entry-title '  itemprop=\"headline\" ><a href='http:\/\/www.amormisericordioso.org\/ita\/ordinazione-sacerdotale-di-p-michael-viyagappan-fam\/' title='ORDINAZIONE SACERDOTALE di p. Michael Viyagappan FAM'>ORDINAZIONE SACERDOTALE di p. Michael Viyagappan FAM<\/a><\/h3><span class=\"av-vertical-delimiter\"><\/span><\/header><div class='slide-meta'><time class='slide-meta-time updated'  itemprop=\"datePublished\" datetime=\"2025-08-11T11:34:58+02:00\" >11 Agosto 2025<\/time><\/div><div class='slide-entry-excerpt entry-content'  itemprop=\"text\" >\n\n\n\n\nLa chiesa di Nostra Signora di Lourdes a Elandaikulam, vestita\u2026<\/div><\/div><footer class=\"entry-footer\"><\/footer><span class='hidden'>\n\t\t\t\t<span class='av-structured-data'  itemprop=\"image\" itemscope=\"itemscope\" itemtype=\"https:\/\/schema.org\/ImageObject\" >\n\t\t\t\t\t\t<span itemprop='url'>http:\/\/www.amormisericordioso.org\/ita\/wp-content\/uploads\/2025\/08\/Immagini-in-Evidenza-SITO-AM-2025-08-11T113303.527.png<\/span>\n\t\t\t\t\t\t<span itemprop='height'>1080<\/span>\n\t\t\t\t\t\t<span itemprop='width'>1080<\/span>\n\t\t\t\t<\/span>\n\t\t\t\t<span class='av-structured-data'  itemprop=\"publisher\" itemtype=\"https:\/\/schema.org\/Organization\" itemscope=\"itemscope\" >\n\t\t\t\t\t\t<span itemprop='name'>Famiglia dell'Amore Misericordioso<\/span>\n\t\t\t\t\t\t<span itemprop='logo' itemscope itemtype='https:\/\/schema.org\/ImageObject'>\n\t\t\t\t\t\t\t<span itemprop='url'>http:\/\/www.amormisericordioso.org\/ita\/wp-content\/uploads\/2018\/02\/logo-fam-italiano.png<\/span>\n\t\t\t\t\t\t <\/span>\n\t\t\t\t<\/span><span class='av-structured-data'  itemprop=\"author\" itemscope=\"itemscope\" itemtype=\"https:\/\/schema.org\/Person\" ><span itemprop='name'>Famiglia dell'Amore Misericordioso<\/span><\/span><span class='av-structured-data'  itemprop=\"datePublished\" datetime=\"2022-01-05T05:11:44+01:00\" >2025-08-11 11:34:58<\/span><span class='av-structured-data'  itemprop=\"dateModified\" itemtype=\"https:\/\/schema.org\/dateModified\" >2025-08-11 11:35:00<\/span><span class='av-structured-data'  itemprop=\"mainEntityOfPage\" itemtype=\"https:\/\/schema.org\/mainEntityOfPage\" ><span itemprop='name'>ORDINAZIONE SACERDOTALE di p. Michael Viyagappan FAM<\/span><\/span><\/span><\/article><article class='slide-entry flex_column  post-entry post-entry-6072 slide-entry-overview slide-loop-21 slide-parity-odd  av_one_third  real-thumbnail post-format-standard'  itemscope=\"itemscope\" itemtype=\"https:\/\/schema.org\/CreativeWork\" ><a href='http:\/\/www.amormisericordioso.org\/ita\/collevalenza-accoglie-i-giovani-pellegrini-di-speranza-una-tappa-di-misericordia-e-di-grazia\/' data-rel='slide-1' class='slide-image' title='Collevalenza accoglie i giovani &#8220;PELLEGRINI DI SPERANZA&#8221;: una tappa di misericordia e di grazia'><img decoding=\"async\" width=\"495\" height=\"400\" src=\"http:\/\/www.amormisericordioso.org\/ita\/wp-content\/uploads\/2025\/07\/Immagini-in-Evidenza-SITO-AM-2025-07-31T095342.981-495x400.png\" class=\"wp-image-6081 avia-img-lazy-loading-not-6081 attachment-portfolio size-portfolio wp-post-image\" alt=\"\" srcset=\"http:\/\/www.amormisericordioso.org\/ita\/wp-content\/uploads\/2025\/07\/Immagini-in-Evidenza-SITO-AM-2025-07-31T095342.981-495x400.png 495w, http:\/\/www.amormisericordioso.org\/ita\/wp-content\/uploads\/2025\/07\/Immagini-in-Evidenza-SITO-AM-2025-07-31T095342.981-845x684.png 845w\" sizes=\"(max-width: 495px) 100vw, 495px\" \/><\/a><div class='slide-content'><header class=\"entry-content-header\"><h3 class='slide-entry-title entry-title '  itemprop=\"headline\" ><a href='http:\/\/www.amormisericordioso.org\/ita\/collevalenza-accoglie-i-giovani-pellegrini-di-speranza-una-tappa-di-misericordia-e-di-grazia\/' title='Collevalenza accoglie i giovani &#8220;PELLEGRINI DI SPERANZA&#8221;: una tappa di misericordia e di grazia'>Collevalenza accoglie i giovani &#8220;PELLEGRINI DI SPERANZA&#8221;: una tappa di misericordia e di grazia<\/a><\/h3><span class=\"av-vertical-delimiter\"><\/span><\/header><div class='slide-meta'><time class='slide-meta-time updated'  itemprop=\"datePublished\" datetime=\"2025-07-31T09:42:00+02:00\" >31 Luglio 2025<\/time><\/div><div class='slide-entry-excerpt entry-content'  itemprop=\"text\" >\n\n\n\n\nLuned\u00ec 29 luglio, il Santuario dell\u2019Amore Misericordioso\u2026<\/div><\/div><footer class=\"entry-footer\"><\/footer><span class='hidden'>\n\t\t\t\t<span class='av-structured-data'  itemprop=\"image\" itemscope=\"itemscope\" itemtype=\"https:\/\/schema.org\/ImageObject\" >\n\t\t\t\t\t\t<span itemprop='url'>http:\/\/www.amormisericordioso.org\/ita\/wp-content\/uploads\/2025\/07\/Immagini-in-Evidenza-SITO-AM-2025-07-31T095342.981.png<\/span>\n\t\t\t\t\t\t<span itemprop='height'>1080<\/span>\n\t\t\t\t\t\t<span itemprop='width'>1080<\/span>\n\t\t\t\t<\/span>\n\t\t\t\t<span class='av-structured-data'  itemprop=\"publisher\" itemtype=\"https:\/\/schema.org\/Organization\" itemscope=\"itemscope\" >\n\t\t\t\t\t\t<span itemprop='name'>Famiglia dell'Amore Misericordioso<\/span>\n\t\t\t\t\t\t<span itemprop='logo' itemscope itemtype='https:\/\/schema.org\/ImageObject'>\n\t\t\t\t\t\t\t<span itemprop='url'>http:\/\/www.amormisericordioso.org\/ita\/wp-content\/uploads\/2018\/02\/logo-fam-italiano.png<\/span>\n\t\t\t\t\t\t <\/span>\n\t\t\t\t<\/span><span class='av-structured-data'  itemprop=\"author\" itemscope=\"itemscope\" itemtype=\"https:\/\/schema.org\/Person\" ><span itemprop='name'>Famiglia dell'Amore Misericordioso<\/span><\/span><span class='av-structured-data'  itemprop=\"datePublished\" datetime=\"2022-01-05T05:11:44+01:00\" >2025-07-31 09:42:00<\/span><span class='av-structured-data'  itemprop=\"dateModified\" itemtype=\"https:\/\/schema.org\/dateModified\" >2025-07-31 09:56:27<\/span><span class='av-structured-data'  itemprop=\"mainEntityOfPage\" itemtype=\"https:\/\/schema.org\/mainEntityOfPage\" ><span itemprop='name'>Collevalenza accoglie i giovani &#8220;PELLEGRINI DI SPERANZA&#8221;: una tappa di misericordia e di grazia<\/span><\/span><\/span><\/article><\/div><div class='slide-entry-wrap'><article class='slide-entry flex_column  post-entry post-entry-6052 slide-entry-overview slide-loop-22 slide-parity-odd  av_one_third first real-thumbnail post-format-standard'  itemscope=\"itemscope\" itemtype=\"https:\/\/schema.org\/CreativeWork\" ><a href='http:\/\/www.amormisericordioso.org\/ita\/sr-shoshamma-25-anniversario-di-professione-religiosa\/' data-rel='slide-1' class='slide-image' title='Sr. Shoshamma: 25\u00b0 ANNIVERSARIO DI PROFESSIONE RELIGIOSA'><img decoding=\"async\" width=\"495\" height=\"400\" src=\"http:\/\/www.amormisericordioso.org\/ita\/wp-content\/uploads\/2025\/07\/Immagini-in-Evidenza-SITO-AM-2025-07-23T120922.308-495x400.png\" class=\"wp-image-6056 avia-img-lazy-loading-not-6056 attachment-portfolio size-portfolio wp-post-image\" alt=\"\" srcset=\"http:\/\/www.amormisericordioso.org\/ita\/wp-content\/uploads\/2025\/07\/Immagini-in-Evidenza-SITO-AM-2025-07-23T120922.308-495x400.png 495w, http:\/\/www.amormisericordioso.org\/ita\/wp-content\/uploads\/2025\/07\/Immagini-in-Evidenza-SITO-AM-2025-07-23T120922.308-845x684.png 845w\" sizes=\"(max-width: 495px) 100vw, 495px\" \/><\/a><div class='slide-content'><header class=\"entry-content-header\"><h3 class='slide-entry-title entry-title '  itemprop=\"headline\" ><a href='http:\/\/www.amormisericordioso.org\/ita\/sr-shoshamma-25-anniversario-di-professione-religiosa\/' title='Sr. Shoshamma: 25\u00b0 ANNIVERSARIO DI PROFESSIONE RELIGIOSA'>Sr. Shoshamma: 25\u00b0 ANNIVERSARIO DI PROFESSIONE RELIGIOSA<\/a><\/h3><span class=\"av-vertical-delimiter\"><\/span><\/header><div class='slide-meta'><time class='slide-meta-time updated'  itemprop=\"datePublished\" datetime=\"2025-07-23T12:10:57+02:00\" >23 Luglio 2025<\/time><\/div><div class='slide-entry-excerpt entry-content'  itemprop=\"text\" >\n\n\n\n\n25 anni di fedelt\u00e0 e dono: Sr. Shoshamma celebra il suo\u2026<\/div><\/div><footer class=\"entry-footer\"><\/footer><span class='hidden'>\n\t\t\t\t<span class='av-structured-data'  itemprop=\"image\" itemscope=\"itemscope\" itemtype=\"https:\/\/schema.org\/ImageObject\" >\n\t\t\t\t\t\t<span itemprop='url'>http:\/\/www.amormisericordioso.org\/ita\/wp-content\/uploads\/2025\/07\/Immagini-in-Evidenza-SITO-AM-2025-07-23T120922.308.png<\/span>\n\t\t\t\t\t\t<span itemprop='height'>1080<\/span>\n\t\t\t\t\t\t<span itemprop='width'>1080<\/span>\n\t\t\t\t<\/span>\n\t\t\t\t<span class='av-structured-data'  itemprop=\"publisher\" itemtype=\"https:\/\/schema.org\/Organization\" itemscope=\"itemscope\" >\n\t\t\t\t\t\t<span itemprop='name'>Famiglia dell'Amore Misericordioso<\/span>\n\t\t\t\t\t\t<span itemprop='logo' itemscope itemtype='https:\/\/schema.org\/ImageObject'>\n\t\t\t\t\t\t\t<span itemprop='url'>http:\/\/www.amormisericordioso.org\/ita\/wp-content\/uploads\/2018\/02\/logo-fam-italiano.png<\/span>\n\t\t\t\t\t\t <\/span>\n\t\t\t\t<\/span><span class='av-structured-data'  itemprop=\"author\" itemscope=\"itemscope\" itemtype=\"https:\/\/schema.org\/Person\" ><span itemprop='name'>Famiglia dell'Amore Misericordioso<\/span><\/span><span class='av-structured-data'  itemprop=\"datePublished\" datetime=\"2022-01-05T05:11:44+01:00\" >2025-07-23 12:10:57<\/span><span class='av-structured-data'  itemprop=\"dateModified\" itemtype=\"https:\/\/schema.org\/dateModified\" >2025-07-23 12:17:32<\/span><span class='av-structured-data'  itemprop=\"mainEntityOfPage\" itemtype=\"https:\/\/schema.org\/mainEntityOfPage\" ><span itemprop='name'>Sr. Shoshamma: 25\u00b0 ANNIVERSARIO DI PROFESSIONE RELIGIOSA<\/span><\/span><\/span><\/article><article class='slide-entry flex_column  post-entry post-entry-6006 slide-entry-overview slide-loop-23 slide-parity-even  av_one_third  real-thumbnail post-format-standard'  itemscope=\"itemscope\" itemtype=\"https:\/\/schema.org\/CreativeWork\" ><a href='http:\/\/www.amormisericordioso.org\/ita\/6006-2\/' data-rel='slide-1' class='slide-image' title='GIUBILEO della Famiglia dell&#8217;Amore Misericordioso (11-17 luglio 2025)'><img decoding=\"async\" width=\"495\" height=\"400\" src=\"http:\/\/www.amormisericordioso.org\/ita\/wp-content\/uploads\/2025\/07\/Immagini-in-Evidenza-SITO-AM-2025-07-19T224136.333-495x400.png\" class=\"wp-image-6047 avia-img-lazy-loading-not-6047 attachment-portfolio size-portfolio wp-post-image\" alt=\"\" srcset=\"http:\/\/www.amormisericordioso.org\/ita\/wp-content\/uploads\/2025\/07\/Immagini-in-Evidenza-SITO-AM-2025-07-19T224136.333-495x400.png 495w, http:\/\/www.amormisericordioso.org\/ita\/wp-content\/uploads\/2025\/07\/Immagini-in-Evidenza-SITO-AM-2025-07-19T224136.333-845x684.png 845w\" sizes=\"(max-width: 495px) 100vw, 495px\" \/><\/a><div class='slide-content'><header class=\"entry-content-header\"><h3 class='slide-entry-title entry-title '  itemprop=\"headline\" ><a href='http:\/\/www.amormisericordioso.org\/ita\/6006-2\/' title='GIUBILEO della Famiglia dell&#8217;Amore Misericordioso (11-17 luglio 2025)'>GIUBILEO della Famiglia dell&#8217;Amore Misericordioso (11-17 luglio 2025)<\/a><\/h3><span class=\"av-vertical-delimiter\"><\/span><\/header><div class='slide-meta'><time class='slide-meta-time updated'  itemprop=\"datePublished\" datetime=\"2025-07-19T22:46:50+02:00\" >19 Luglio 2025<\/time><\/div><div class='slide-entry-excerpt entry-content'  itemprop=\"text\" >\n\n\n\n\nDal 11 al 17 luglio 2025 si \u00e8 svolto il Giubileo della\u2026<\/div><\/div><footer class=\"entry-footer\"><\/footer><span class='hidden'>\n\t\t\t\t<span class='av-structured-data'  itemprop=\"image\" itemscope=\"itemscope\" itemtype=\"https:\/\/schema.org\/ImageObject\" >\n\t\t\t\t\t\t<span itemprop='url'>http:\/\/www.amormisericordioso.org\/ita\/wp-content\/uploads\/2025\/07\/Immagini-in-Evidenza-SITO-AM-2025-07-19T224136.333.png<\/span>\n\t\t\t\t\t\t<span itemprop='height'>1080<\/span>\n\t\t\t\t\t\t<span itemprop='width'>1080<\/span>\n\t\t\t\t<\/span>\n\t\t\t\t<span class='av-structured-data'  itemprop=\"publisher\" itemtype=\"https:\/\/schema.org\/Organization\" itemscope=\"itemscope\" >\n\t\t\t\t\t\t<span itemprop='name'>Famiglia dell'Amore Misericordioso<\/span>\n\t\t\t\t\t\t<span itemprop='logo' itemscope itemtype='https:\/\/schema.org\/ImageObject'>\n\t\t\t\t\t\t\t<span itemprop='url'>http:\/\/www.amormisericordioso.org\/ita\/wp-content\/uploads\/2018\/02\/logo-fam-italiano.png<\/span>\n\t\t\t\t\t\t <\/span>\n\t\t\t\t<\/span><span class='av-structured-data'  itemprop=\"author\" itemscope=\"itemscope\" itemtype=\"https:\/\/schema.org\/Person\" ><span itemprop='name'>Famiglia dell'Amore Misericordioso<\/span><\/span><span class='av-structured-data'  itemprop=\"datePublished\" datetime=\"2022-01-05T05:11:44+01:00\" >2025-07-19 22:46:50<\/span><span class='av-structured-data'  itemprop=\"dateModified\" itemtype=\"https:\/\/schema.org\/dateModified\" >2025-07-19 22:47:45<\/span><span class='av-structured-data'  itemprop=\"mainEntityOfPage\" itemtype=\"https:\/\/schema.org\/mainEntityOfPage\" ><span itemprop='name'>GIUBILEO della Famiglia dell&#8217;Amore Misericordioso (11-17 luglio 2025)<\/span><\/span><\/span><\/article><article class='slide-entry flex_column  post-entry post-entry-5994 slide-entry-overview slide-loop-24 slide-parity-odd  av_one_third  real-thumbnail post-format-standard'  itemscope=\"itemscope\" itemtype=\"https:\/\/schema.org\/CreativeWork\" ><a href='http:\/\/www.amormisericordioso.org\/ita\/nel-cuore-di-cristo-per-amore-del-mondo\/' data-rel='slide-1' class='slide-image' title='NEL CUORE DI CRISTO per amore del mondo'><img decoding=\"async\" width=\"495\" height=\"400\" src=\"http:\/\/www.amormisericordioso.org\/ita\/wp-content\/uploads\/2025\/07\/Immagini-in-Evidenza-SITO-AM-2025-07-01T122836.050-495x400.png\" class=\"wp-image-6001 avia-img-lazy-loading-not-6001 attachment-portfolio size-portfolio wp-post-image\" alt=\"\" srcset=\"http:\/\/www.amormisericordioso.org\/ita\/wp-content\/uploads\/2025\/07\/Immagini-in-Evidenza-SITO-AM-2025-07-01T122836.050-495x400.png 495w, http:\/\/www.amormisericordioso.org\/ita\/wp-content\/uploads\/2025\/07\/Immagini-in-Evidenza-SITO-AM-2025-07-01T122836.050-845x684.png 845w\" sizes=\"(max-width: 495px) 100vw, 495px\" \/><\/a><div class='slide-content'><header class=\"entry-content-header\"><h3 class='slide-entry-title entry-title '  itemprop=\"headline\" ><a href='http:\/\/www.amormisericordioso.org\/ita\/nel-cuore-di-cristo-per-amore-del-mondo\/' title='NEL CUORE DI CRISTO per amore del mondo'>NEL CUORE DI CRISTO per amore del mondo<\/a><\/h3><span class=\"av-vertical-delimiter\"><\/span><\/header><div class='slide-meta'><time class='slide-meta-time updated'  itemprop=\"datePublished\" datetime=\"2025-07-01T12:39:20+02:00\" >1 Luglio 2025<\/time><\/div><div class='slide-entry-excerpt entry-content'  itemprop=\"text\" >\nIl 27 giugno, nella solennit\u00e0 del Sacro Cuore di Ges\u00f9, si\u2026<\/div><\/div><footer class=\"entry-footer\"><\/footer><span class='hidden'>\n\t\t\t\t<span class='av-structured-data'  itemprop=\"image\" itemscope=\"itemscope\" itemtype=\"https:\/\/schema.org\/ImageObject\" >\n\t\t\t\t\t\t<span itemprop='url'>http:\/\/www.amormisericordioso.org\/ita\/wp-content\/uploads\/2025\/07\/Immagini-in-Evidenza-SITO-AM-2025-07-01T122836.050.png<\/span>\n\t\t\t\t\t\t<span itemprop='height'>1080<\/span>\n\t\t\t\t\t\t<span itemprop='width'>1080<\/span>\n\t\t\t\t<\/span>\n\t\t\t\t<span class='av-structured-data'  itemprop=\"publisher\" itemtype=\"https:\/\/schema.org\/Organization\" itemscope=\"itemscope\" >\n\t\t\t\t\t\t<span itemprop='name'>Famiglia dell'Amore Misericordioso<\/span>\n\t\t\t\t\t\t<span itemprop='logo' itemscope itemtype='https:\/\/schema.org\/ImageObject'>\n\t\t\t\t\t\t\t<span itemprop='url'>http:\/\/www.amormisericordioso.org\/ita\/wp-content\/uploads\/2018\/02\/logo-fam-italiano.png<\/span>\n\t\t\t\t\t\t <\/span>\n\t\t\t\t<\/span><span class='av-structured-data'  itemprop=\"author\" itemscope=\"itemscope\" itemtype=\"https:\/\/schema.org\/Person\" ><span itemprop='name'>Famiglia dell'Amore Misericordioso<\/span><\/span><span class='av-structured-data'  itemprop=\"datePublished\" datetime=\"2022-01-05T05:11:44+01:00\" >2025-07-01 12:39:20<\/span><span class='av-structured-data'  itemprop=\"dateModified\" itemtype=\"https:\/\/schema.org\/dateModified\" >2025-07-01 12:39:22<\/span><span class='av-structured-data'  itemprop=\"mainEntityOfPage\" itemtype=\"https:\/\/schema.org\/mainEntityOfPage\" ><span itemprop='name'>NEL CUORE DI CRISTO per amore del mondo<\/span><\/span><\/span><\/article><\/div><div class='slide-entry-wrap'><article class='slide-entry flex_column  post-entry post-entry-5978 slide-entry-overview slide-loop-25 slide-parity-odd  av_one_third first real-thumbnail post-format-standard'  itemscope=\"itemscope\" itemtype=\"https:\/\/schema.org\/CreativeWork\" ><a href='http:\/\/www.amormisericordioso.org\/ita\/11-anniversario-della-beatificazione-di-madre-speranza-2014-31-maggio-2025\/' data-rel='slide-1' class='slide-image' title='11\u00b0 Anniversario della Beatificazione di Madre Speranza (2014 &#8211; 31 maggio &#8211; 2025)'><img decoding=\"async\" width=\"495\" height=\"400\" src=\"http:\/\/www.amormisericordioso.org\/ita\/wp-content\/uploads\/2025\/05\/Immagini-in-Evidenza-SITO-AM-2025-05-31T180625.190-495x400.png\" class=\"wp-image-5979 avia-img-lazy-loading-not-5979 attachment-portfolio size-portfolio wp-post-image\" alt=\"\" srcset=\"http:\/\/www.amormisericordioso.org\/ita\/wp-content\/uploads\/2025\/05\/Immagini-in-Evidenza-SITO-AM-2025-05-31T180625.190-495x400.png 495w, http:\/\/www.amormisericordioso.org\/ita\/wp-content\/uploads\/2025\/05\/Immagini-in-Evidenza-SITO-AM-2025-05-31T180625.190-845x684.png 845w\" sizes=\"(max-width: 495px) 100vw, 495px\" \/><\/a><div class='slide-content'><header class=\"entry-content-header\"><h3 class='slide-entry-title entry-title '  itemprop=\"headline\" ><a href='http:\/\/www.amormisericordioso.org\/ita\/11-anniversario-della-beatificazione-di-madre-speranza-2014-31-maggio-2025\/' title='11\u00b0 Anniversario della Beatificazione di Madre Speranza (2014 &#8211; 31 maggio &#8211; 2025)'>11\u00b0 Anniversario della Beatificazione di Madre Speranza (2014 &#8211; 31 maggio &#8211; 2025)<\/a><\/h3><span class=\"av-vertical-delimiter\"><\/span><\/header><div class='slide-meta'><time class='slide-meta-time updated'  itemprop=\"datePublished\" datetime=\"2025-05-31T18:07:57+02:00\" >31 Maggio 2025<\/time><\/div><div class='slide-entry-excerpt entry-content'  itemprop=\"text\" >\n\u201cUn cuore tutto di Dio, aperto a tutti\u201d\n\n\n\nOggi, 31 maggio\u2026<\/div><\/div><footer class=\"entry-footer\"><\/footer><span class='hidden'>\n\t\t\t\t<span class='av-structured-data'  itemprop=\"image\" itemscope=\"itemscope\" itemtype=\"https:\/\/schema.org\/ImageObject\" >\n\t\t\t\t\t\t<span itemprop='url'>http:\/\/www.amormisericordioso.org\/ita\/wp-content\/uploads\/2025\/05\/Immagini-in-Evidenza-SITO-AM-2025-05-31T180625.190.png<\/span>\n\t\t\t\t\t\t<span itemprop='height'>1080<\/span>\n\t\t\t\t\t\t<span itemprop='width'>1080<\/span>\n\t\t\t\t<\/span>\n\t\t\t\t<span class='av-structured-data'  itemprop=\"publisher\" itemtype=\"https:\/\/schema.org\/Organization\" itemscope=\"itemscope\" >\n\t\t\t\t\t\t<span itemprop='name'>Famiglia dell'Amore Misericordioso<\/span>\n\t\t\t\t\t\t<span itemprop='logo' itemscope itemtype='https:\/\/schema.org\/ImageObject'>\n\t\t\t\t\t\t\t<span itemprop='url'>http:\/\/www.amormisericordioso.org\/ita\/wp-content\/uploads\/2018\/02\/logo-fam-italiano.png<\/span>\n\t\t\t\t\t\t <\/span>\n\t\t\t\t<\/span><span class='av-structured-data'  itemprop=\"author\" itemscope=\"itemscope\" itemtype=\"https:\/\/schema.org\/Person\" ><span itemprop='name'>Famiglia dell'Amore Misericordioso<\/span><\/span><span class='av-structured-data'  itemprop=\"datePublished\" datetime=\"2022-01-05T05:11:44+01:00\" >2025-05-31 18:07:57<\/span><span class='av-structured-data'  itemprop=\"dateModified\" itemtype=\"https:\/\/schema.org\/dateModified\" >2025-05-31 18:08:17<\/span><span class='av-structured-data'  itemprop=\"mainEntityOfPage\" itemtype=\"https:\/\/schema.org\/mainEntityOfPage\" ><span itemprop='name'>11\u00b0 Anniversario della Beatificazione di Madre Speranza (2014 &#8211; 31 maggio &#8211; 2025)<\/span><\/span><\/span><\/article><article class='slide-entry flex_column  post-entry post-entry-5960 slide-entry-overview slide-loop-26 slide-parity-even  av_one_third  real-thumbnail post-format-standard'  itemscope=\"itemscope\" itemtype=\"https:\/\/schema.org\/CreativeWork\" ><a href='http:\/\/www.amormisericordioso.org\/ita\/4-segni-di-speranza-comunita-eam-e-fam-di-fermo\/' data-rel='slide-1' class='slide-image' title='4. SEGNI DI SPERANZA: comunit\u00e0 EAM e FAM di Fermo'><img decoding=\"async\" width=\"495\" height=\"400\" src=\"http:\/\/www.amormisericordioso.org\/ita\/wp-content\/uploads\/2025\/02\/Immagini-in-Evidenza-SITO-AM-2025-02-14T121513.429-495x400.png\" class=\"wp-image-5928 avia-img-lazy-loading-not-5928 attachment-portfolio size-portfolio wp-post-image\" alt=\"\" srcset=\"http:\/\/www.amormisericordioso.org\/ita\/wp-content\/uploads\/2025\/02\/Immagini-in-Evidenza-SITO-AM-2025-02-14T121513.429-495x400.png 495w, http:\/\/www.amormisericordioso.org\/ita\/wp-content\/uploads\/2025\/02\/Immagini-in-Evidenza-SITO-AM-2025-02-14T121513.429-845x684.png 845w\" sizes=\"(max-width: 495px) 100vw, 495px\" \/><\/a><div class='slide-content'><header class=\"entry-content-header\"><h3 class='slide-entry-title entry-title '  itemprop=\"headline\" ><a href='http:\/\/www.amormisericordioso.org\/ita\/4-segni-di-speranza-comunita-eam-e-fam-di-fermo\/' title='4. SEGNI DI SPERANZA: comunit\u00e0 EAM e FAM di Fermo'>4. SEGNI DI SPERANZA: comunit\u00e0 EAM e FAM di Fermo<\/a><\/h3><span class=\"av-vertical-delimiter\"><\/span><\/header><div class='slide-meta'><time class='slide-meta-time updated'  itemprop=\"datePublished\" datetime=\"2025-04-28T11:16:40+02:00\" >28 Aprile 2025<\/time><\/div><div class='slide-entry-excerpt entry-content'  itemprop=\"text\" >\nSEGNI DI SPERANZA NELLA FAMIGLIA DELL\u2019AMORE MISERICORDIOSO\n\n\n\nFERMO:\u2026<\/div><\/div><footer class=\"entry-footer\"><\/footer><span class='hidden'>\n\t\t\t\t<span class='av-structured-data'  itemprop=\"image\" itemscope=\"itemscope\" itemtype=\"https:\/\/schema.org\/ImageObject\" >\n\t\t\t\t\t\t<span itemprop='url'>http:\/\/www.amormisericordioso.org\/ita\/wp-content\/uploads\/2025\/02\/Immagini-in-Evidenza-SITO-AM-2025-02-14T121513.429.png<\/span>\n\t\t\t\t\t\t<span itemprop='height'>1080<\/span>\n\t\t\t\t\t\t<span itemprop='width'>1080<\/span>\n\t\t\t\t<\/span>\n\t\t\t\t<span class='av-structured-data'  itemprop=\"publisher\" itemtype=\"https:\/\/schema.org\/Organization\" itemscope=\"itemscope\" >\n\t\t\t\t\t\t<span itemprop='name'>Famiglia dell'Amore Misericordioso<\/span>\n\t\t\t\t\t\t<span itemprop='logo' itemscope itemtype='https:\/\/schema.org\/ImageObject'>\n\t\t\t\t\t\t\t<span itemprop='url'>http:\/\/www.amormisericordioso.org\/ita\/wp-content\/uploads\/2018\/02\/logo-fam-italiano.png<\/span>\n\t\t\t\t\t\t <\/span>\n\t\t\t\t<\/span><span class='av-structured-data'  itemprop=\"author\" itemscope=\"itemscope\" itemtype=\"https:\/\/schema.org\/Person\" ><span itemprop='name'>Famiglia dell'Amore Misericordioso<\/span><\/span><span class='av-structured-data'  itemprop=\"datePublished\" datetime=\"2022-01-05T05:11:44+01:00\" >2025-04-28 11:16:40<\/span><span class='av-structured-data'  itemprop=\"dateModified\" itemtype=\"https:\/\/schema.org\/dateModified\" >2025-04-28 11:17:17<\/span><span class='av-structured-data'  itemprop=\"mainEntityOfPage\" itemtype=\"https:\/\/schema.org\/mainEntityOfPage\" ><span itemprop='name'>4. SEGNI DI SPERANZA: comunit\u00e0 EAM e FAM di Fermo<\/span><\/span><\/span><\/article><article class='slide-entry flex_column  post-entry post-entry-5949 slide-entry-overview slide-loop-27 slide-parity-odd  av_one_third  real-thumbnail post-format-standard'  itemscope=\"itemscope\" itemtype=\"https:\/\/schema.org\/CreativeWork\" ><a href='http:\/\/www.amormisericordioso.org\/ita\/3-segni-di-speranza-comunita-eam-di-barticesti-romania\/' data-rel='slide-1' class='slide-image' title='3. SEGNI DI SPERANZA: comunit\u00e0 EAM di Bartice\u0219ti (Romania)'><img decoding=\"async\" width=\"495\" height=\"400\" src=\"http:\/\/www.amormisericordioso.org\/ita\/wp-content\/uploads\/2025\/02\/Immagini-in-Evidenza-SITO-AM-2025-02-14T121513.429-495x400.png\" class=\"wp-image-5928 avia-img-lazy-loading-not-5928 attachment-portfolio size-portfolio wp-post-image\" alt=\"\" srcset=\"http:\/\/www.amormisericordioso.org\/ita\/wp-content\/uploads\/2025\/02\/Immagini-in-Evidenza-SITO-AM-2025-02-14T121513.429-495x400.png 495w, http:\/\/www.amormisericordioso.org\/ita\/wp-content\/uploads\/2025\/02\/Immagini-in-Evidenza-SITO-AM-2025-02-14T121513.429-845x684.png 845w\" sizes=\"(max-width: 495px) 100vw, 495px\" \/><\/a><div class='slide-content'><header class=\"entry-content-header\"><h3 class='slide-entry-title entry-title '  itemprop=\"headline\" ><a href='http:\/\/www.amormisericordioso.org\/ita\/3-segni-di-speranza-comunita-eam-di-barticesti-romania\/' title='3. SEGNI DI SPERANZA: comunit\u00e0 EAM di Bartice\u0219ti (Romania)'>3. SEGNI DI SPERANZA: comunit\u00e0 EAM di Bartice\u0219ti (Romania)<\/a><\/h3><span class=\"av-vertical-delimiter\"><\/span><\/header><div class='slide-meta'><time class='slide-meta-time updated'  itemprop=\"datePublished\" datetime=\"2025-03-18T11:58:45+01:00\" >18 Marzo 2025<\/time><\/div><div class='slide-entry-excerpt entry-content'  itemprop=\"text\" >\n\"Tutto per amore\"\n\n\n\n\n\n\n\nLa vocazione religiosa ci fa vivere\u2026<\/div><\/div><footer class=\"entry-footer\"><\/footer><span class='hidden'>\n\t\t\t\t<span class='av-structured-data'  itemprop=\"image\" itemscope=\"itemscope\" itemtype=\"https:\/\/schema.org\/ImageObject\" >\n\t\t\t\t\t\t<span itemprop='url'>http:\/\/www.amormisericordioso.org\/ita\/wp-content\/uploads\/2025\/02\/Immagini-in-Evidenza-SITO-AM-2025-02-14T121513.429.png<\/span>\n\t\t\t\t\t\t<span itemprop='height'>1080<\/span>\n\t\t\t\t\t\t<span itemprop='width'>1080<\/span>\n\t\t\t\t<\/span>\n\t\t\t\t<span class='av-structured-data'  itemprop=\"publisher\" itemtype=\"https:\/\/schema.org\/Organization\" itemscope=\"itemscope\" >\n\t\t\t\t\t\t<span itemprop='name'>Famiglia dell'Amore Misericordioso<\/span>\n\t\t\t\t\t\t<span itemprop='logo' itemscope itemtype='https:\/\/schema.org\/ImageObject'>\n\t\t\t\t\t\t\t<span itemprop='url'>http:\/\/www.amormisericordioso.org\/ita\/wp-content\/uploads\/2018\/02\/logo-fam-italiano.png<\/span>\n\t\t\t\t\t\t <\/span>\n\t\t\t\t<\/span><span class='av-structured-data'  itemprop=\"author\" itemscope=\"itemscope\" itemtype=\"https:\/\/schema.org\/Person\" ><span itemprop='name'>Famiglia dell'Amore Misericordioso<\/span><\/span><span class='av-structured-data'  itemprop=\"datePublished\" datetime=\"2022-01-05T05:11:44+01:00\" >2025-03-18 11:58:45<\/span><span class='av-structured-data'  itemprop=\"dateModified\" itemtype=\"https:\/\/schema.org\/dateModified\" >2025-03-18 11:58:47<\/span><span class='av-structured-data'  itemprop=\"mainEntityOfPage\" itemtype=\"https:\/\/schema.org\/mainEntityOfPage\" ><span itemprop='name'>3. SEGNI DI SPERANZA: comunit\u00e0 EAM di Bartice\u0219ti (Romania)<\/span><\/span><\/span><\/article><\/div><div class='slide-entry-wrap'><article class='slide-entry flex_column  post-entry post-entry-5933 slide-entry-overview slide-loop-28 slide-parity-odd  av_one_third first real-thumbnail post-format-standard'  itemscope=\"itemscope\" itemtype=\"https:\/\/schema.org\/CreativeWork\" ><a href='http:\/\/www.amormisericordioso.org\/ita\/2-segni-di-speranza-comunita-fam-di-targu-neamt-romania\/' data-rel='slide-1' class='slide-image' title='2. SEGNI DI SPERANZA: comunit\u00e0 FAM di T\u00e2rgu Neam\u021b (Romania)'><img decoding=\"async\" width=\"495\" height=\"400\" src=\"http:\/\/www.amormisericordioso.org\/ita\/wp-content\/uploads\/2025\/02\/Immagini-in-Evidenza-SITO-AM-2025-02-14T121513.429-495x400.png\" class=\"wp-image-5928 avia-img-lazy-loading-not-5928 attachment-portfolio size-portfolio wp-post-image\" alt=\"\" srcset=\"http:\/\/www.amormisericordioso.org\/ita\/wp-content\/uploads\/2025\/02\/Immagini-in-Evidenza-SITO-AM-2025-02-14T121513.429-495x400.png 495w, http:\/\/www.amormisericordioso.org\/ita\/wp-content\/uploads\/2025\/02\/Immagini-in-Evidenza-SITO-AM-2025-02-14T121513.429-845x684.png 845w\" sizes=\"(max-width: 495px) 100vw, 495px\" \/><\/a><div class='slide-content'><header class=\"entry-content-header\"><h3 class='slide-entry-title entry-title '  itemprop=\"headline\" ><a href='http:\/\/www.amormisericordioso.org\/ita\/2-segni-di-speranza-comunita-fam-di-targu-neamt-romania\/' title='2. SEGNI DI SPERANZA: comunit\u00e0 FAM di T\u00e2rgu Neam\u021b (Romania)'>2. SEGNI DI SPERANZA: comunit\u00e0 FAM di T\u00e2rgu Neam\u021b (Romania)<\/a><\/h3><span class=\"av-vertical-delimiter\"><\/span><\/header><div class='slide-meta'><time class='slide-meta-time updated'  itemprop=\"datePublished\" datetime=\"2025-03-18T11:34:32+01:00\" >18 Marzo 2025<\/time><\/div><div class='slide-entry-excerpt entry-content'  itemprop=\"text\" >\nI Figli dell\u2019Amore Misericordioso sono arrivati in Romania\u2026<\/div><\/div><footer class=\"entry-footer\"><\/footer><span class='hidden'>\n\t\t\t\t<span class='av-structured-data'  itemprop=\"image\" itemscope=\"itemscope\" itemtype=\"https:\/\/schema.org\/ImageObject\" >\n\t\t\t\t\t\t<span itemprop='url'>http:\/\/www.amormisericordioso.org\/ita\/wp-content\/uploads\/2025\/02\/Immagini-in-Evidenza-SITO-AM-2025-02-14T121513.429.png<\/span>\n\t\t\t\t\t\t<span itemprop='height'>1080<\/span>\n\t\t\t\t\t\t<span itemprop='width'>1080<\/span>\n\t\t\t\t<\/span>\n\t\t\t\t<span class='av-structured-data'  itemprop=\"publisher\" itemtype=\"https:\/\/schema.org\/Organization\" itemscope=\"itemscope\" >\n\t\t\t\t\t\t<span itemprop='name'>Famiglia dell'Amore Misericordioso<\/span>\n\t\t\t\t\t\t<span itemprop='logo' itemscope itemtype='https:\/\/schema.org\/ImageObject'>\n\t\t\t\t\t\t\t<span itemprop='url'>http:\/\/www.amormisericordioso.org\/ita\/wp-content\/uploads\/2018\/02\/logo-fam-italiano.png<\/span>\n\t\t\t\t\t\t <\/span>\n\t\t\t\t<\/span><span class='av-structured-data'  itemprop=\"author\" itemscope=\"itemscope\" itemtype=\"https:\/\/schema.org\/Person\" ><span itemprop='name'>Famiglia dell'Amore Misericordioso<\/span><\/span><span class='av-structured-data'  itemprop=\"datePublished\" datetime=\"2022-01-05T05:11:44+01:00\" >2025-03-18 11:34:32<\/span><span class='av-structured-data'  itemprop=\"dateModified\" itemtype=\"https:\/\/schema.org\/dateModified\" >2025-03-18 11:34:34<\/span><span class='av-structured-data'  itemprop=\"mainEntityOfPage\" itemtype=\"https:\/\/schema.org\/mainEntityOfPage\" ><span itemprop='name'>2. SEGNI DI SPERANZA: comunit\u00e0 FAM di T\u00e2rgu Neam\u021b (Romania)<\/span><\/span><\/span><\/article><article class='slide-entry flex_column  post-entry post-entry-5922 slide-entry-overview slide-loop-29 slide-parity-even  av_one_third  real-thumbnail post-format-standard'  itemscope=\"itemscope\" itemtype=\"https:\/\/schema.org\/CreativeWork\" ><a href='http:\/\/www.amormisericordioso.org\/ita\/1-segni-di-speranza-comunita-eam-di-fratta-todina\/' data-rel='slide-1' class='slide-image' title='1. SEGNI DI SPERANZA: comunit\u00e0 EAM di Fratta Todina'><img decoding=\"async\" width=\"495\" height=\"400\" src=\"http:\/\/www.amormisericordioso.org\/ita\/wp-content\/uploads\/2025\/02\/Immagini-in-Evidenza-SITO-AM-2025-02-14T121513.429-495x400.png\" class=\"wp-image-5928 avia-img-lazy-loading-not-5928 attachment-portfolio size-portfolio wp-post-image\" alt=\"\" srcset=\"http:\/\/www.amormisericordioso.org\/ita\/wp-content\/uploads\/2025\/02\/Immagini-in-Evidenza-SITO-AM-2025-02-14T121513.429-495x400.png 495w, http:\/\/www.amormisericordioso.org\/ita\/wp-content\/uploads\/2025\/02\/Immagini-in-Evidenza-SITO-AM-2025-02-14T121513.429-845x684.png 845w\" sizes=\"(max-width: 495px) 100vw, 495px\" \/><\/a><div class='slide-content'><header class=\"entry-content-header\"><h3 class='slide-entry-title entry-title '  itemprop=\"headline\" ><a href='http:\/\/www.amormisericordioso.org\/ita\/1-segni-di-speranza-comunita-eam-di-fratta-todina\/' title='1. SEGNI DI SPERANZA: comunit\u00e0 EAM di Fratta Todina'>1. SEGNI DI SPERANZA: comunit\u00e0 EAM di Fratta Todina<\/a><\/h3><span class=\"av-vertical-delimiter\"><\/span><\/header><div class='slide-meta'><time class='slide-meta-time updated'  itemprop=\"datePublished\" datetime=\"2025-02-14T12:25:48+01:00\" >14 Febbraio 2025<\/time><\/div><div class='slide-entry-excerpt entry-content'  itemprop=\"text\" >\n\n\n\n\nTODO POR AMOR: abbracciare i fratelli con passione e misericordia\n\n\n\nOgni\u2026<\/div><\/div><footer class=\"entry-footer\"><\/footer><span class='hidden'>\n\t\t\t\t<span class='av-structured-data'  itemprop=\"image\" itemscope=\"itemscope\" itemtype=\"https:\/\/schema.org\/ImageObject\" >\n\t\t\t\t\t\t<span itemprop='url'>http:\/\/www.amormisericordioso.org\/ita\/wp-content\/uploads\/2025\/02\/Immagini-in-Evidenza-SITO-AM-2025-02-14T121513.429.png<\/span>\n\t\t\t\t\t\t<span itemprop='height'>1080<\/span>\n\t\t\t\t\t\t<span itemprop='width'>1080<\/span>\n\t\t\t\t<\/span>\n\t\t\t\t<span class='av-structured-data'  itemprop=\"publisher\" itemtype=\"https:\/\/schema.org\/Organization\" itemscope=\"itemscope\" >\n\t\t\t\t\t\t<span itemprop='name'>Famiglia dell'Amore Misericordioso<\/span>\n\t\t\t\t\t\t<span itemprop='logo' itemscope itemtype='https:\/\/schema.org\/ImageObject'>\n\t\t\t\t\t\t\t<span itemprop='url'>http:\/\/www.amormisericordioso.org\/ita\/wp-content\/uploads\/2018\/02\/logo-fam-italiano.png<\/span>\n\t\t\t\t\t\t <\/span>\n\t\t\t\t<\/span><span class='av-structured-data'  itemprop=\"author\" itemscope=\"itemscope\" itemtype=\"https:\/\/schema.org\/Person\" ><span itemprop='name'>Famiglia dell'Amore Misericordioso<\/span><\/span><span class='av-structured-data'  itemprop=\"datePublished\" datetime=\"2022-01-05T05:11:44+01:00\" >2025-02-14 12:25:48<\/span><span class='av-structured-data'  itemprop=\"dateModified\" itemtype=\"https:\/\/schema.org\/dateModified\" >2025-02-14 12:26:47<\/span><span class='av-structured-data'  itemprop=\"mainEntityOfPage\" itemtype=\"https:\/\/schema.org\/mainEntityOfPage\" ><span itemprop='name'>1. SEGNI DI SPERANZA: comunit\u00e0 EAM di Fratta Todina<\/span><\/span><\/span><\/article><article class='slide-entry flex_column  post-entry post-entry-5887 slide-entry-overview slide-loop-30 slide-parity-odd  av_one_third  real-thumbnail post-format-standard'  itemscope=\"itemscope\" itemtype=\"https:\/\/schema.org\/CreativeWork\" ><a href='http:\/\/www.amormisericordioso.org\/ita\/apertura-del-giubileo-della-speranza-al-santuario-dellamore-misericordioso\/' data-rel='slide-1' class='slide-image' title='APERTURA DEL GIUBILEO DELLA SPERANZA al Santuario dell&#8217;Amore Misericordioso'><img decoding=\"async\" width=\"495\" height=\"400\" src=\"http:\/\/www.amormisericordioso.org\/ita\/wp-content\/uploads\/2025\/01\/Copia-di-Copia-di-Santuario-dellAmore-Misericordioso-di-Collevalenza-PG--495x400.jpg\" class=\"wp-image-5888 avia-img-lazy-loading-not-5888 attachment-portfolio size-portfolio wp-post-image\" alt=\"\" srcset=\"http:\/\/www.amormisericordioso.org\/ita\/wp-content\/uploads\/2025\/01\/Copia-di-Copia-di-Santuario-dellAmore-Misericordioso-di-Collevalenza-PG--495x400.jpg 495w, http:\/\/www.amormisericordioso.org\/ita\/wp-content\/uploads\/2025\/01\/Copia-di-Copia-di-Santuario-dellAmore-Misericordioso-di-Collevalenza-PG--845x684.jpg 845w\" sizes=\"(max-width: 495px) 100vw, 495px\" \/><\/a><div class='slide-content'><header class=\"entry-content-header\"><h3 class='slide-entry-title entry-title '  itemprop=\"headline\" ><a href='http:\/\/www.amormisericordioso.org\/ita\/apertura-del-giubileo-della-speranza-al-santuario-dellamore-misericordioso\/' title='APERTURA DEL GIUBILEO DELLA SPERANZA al Santuario dell&#8217;Amore Misericordioso'>APERTURA DEL GIUBILEO DELLA SPERANZA al Santuario dell&#8217;Amore Misericordioso<\/a><\/h3><span class=\"av-vertical-delimiter\"><\/span><\/header><div class='slide-meta'><time class='slide-meta-time updated'  itemprop=\"datePublished\" datetime=\"2025-01-03T12:31:33+01:00\" >3 Gennaio 2025<\/time><\/div><div class='slide-entry-excerpt entry-content'  itemprop=\"text\" >\nQuella di quest'anno \u00e8 stata certamente una vigilia di Natale\u2026<\/div><\/div><footer class=\"entry-footer\"><\/footer><span class='hidden'>\n\t\t\t\t<span class='av-structured-data'  itemprop=\"image\" itemscope=\"itemscope\" itemtype=\"https:\/\/schema.org\/ImageObject\" >\n\t\t\t\t\t\t<span itemprop='url'>http:\/\/www.amormisericordioso.org\/ita\/wp-content\/uploads\/2025\/01\/Copia-di-Copia-di-Santuario-dellAmore-Misericordioso-di-Collevalenza-PG-.jpg<\/span>\n\t\t\t\t\t\t<span itemprop='height'>1080<\/span>\n\t\t\t\t\t\t<span itemprop='width'>1080<\/span>\n\t\t\t\t<\/span>\n\t\t\t\t<span class='av-structured-data'  itemprop=\"publisher\" itemtype=\"https:\/\/schema.org\/Organization\" itemscope=\"itemscope\" >\n\t\t\t\t\t\t<span itemprop='name'>Famiglia dell'Amore Misericordioso<\/span>\n\t\t\t\t\t\t<span itemprop='logo' itemscope itemtype='https:\/\/schema.org\/ImageObject'>\n\t\t\t\t\t\t\t<span itemprop='url'>http:\/\/www.amormisericordioso.org\/ita\/wp-content\/uploads\/2018\/02\/logo-fam-italiano.png<\/span>\n\t\t\t\t\t\t <\/span>\n\t\t\t\t<\/span><span class='av-structured-data'  itemprop=\"author\" itemscope=\"itemscope\" itemtype=\"https:\/\/schema.org\/Person\" ><span itemprop='name'>Famiglia dell'Amore Misericordioso<\/span><\/span><span class='av-structured-data'  itemprop=\"datePublished\" datetime=\"2022-01-05T05:11:44+01:00\" >2025-01-03 12:31:33<\/span><span class='av-structured-data'  itemprop=\"dateModified\" itemtype=\"https:\/\/schema.org\/dateModified\" >2025-01-03 12:31:35<\/span><span class='av-structured-data'  itemprop=\"mainEntityOfPage\" itemtype=\"https:\/\/schema.org\/mainEntityOfPage\" ><span itemprop='name'>APERTURA DEL GIUBILEO DELLA SPERANZA al Santuario dell&#8217;Amore Misericordioso<\/span><\/span><\/span><\/article><\/div><div class='slide-entry-wrap'><article class='slide-entry flex_column  post-entry post-entry-5794 slide-entry-overview slide-loop-31 slide-parity-odd  av_one_third first real-thumbnail post-format-standard'  itemscope=\"itemscope\" itemtype=\"https:\/\/schema.org\/CreativeWork\" ><a href='http:\/\/www.amormisericordioso.org\/ita\/ordinazione-diaconale-padre-deepak-mon-willington-fam\/' data-rel='slide-1' class='slide-image' title='ORDINAZIONE DIACONALE Padre Deepak Mon Willington, FAM'><img decoding=\"async\" width=\"495\" height=\"400\" src=\"http:\/\/www.amormisericordioso.org\/ita\/wp-content\/uploads\/2024\/12\/Immagini-in-Evidenza-SITO-AM-2024-12-09T115417.459-495x400.png\" class=\"wp-image-5855 avia-img-lazy-loading-not-5855 attachment-portfolio size-portfolio wp-post-image\" alt=\"\" srcset=\"http:\/\/www.amormisericordioso.org\/ita\/wp-content\/uploads\/2024\/12\/Immagini-in-Evidenza-SITO-AM-2024-12-09T115417.459-495x400.png 495w, http:\/\/www.amormisericordioso.org\/ita\/wp-content\/uploads\/2024\/12\/Immagini-in-Evidenza-SITO-AM-2024-12-09T115417.459-845x684.png 845w\" sizes=\"(max-width: 495px) 100vw, 495px\" \/><\/a><div class='slide-content'><header class=\"entry-content-header\"><h3 class='slide-entry-title entry-title '  itemprop=\"headline\" ><a href='http:\/\/www.amormisericordioso.org\/ita\/ordinazione-diaconale-padre-deepak-mon-willington-fam\/' title='ORDINAZIONE DIACONALE Padre Deepak Mon Willington, FAM'>ORDINAZIONE DIACONALE Padre Deepak Mon Willington, FAM<\/a><\/h3><span class=\"av-vertical-delimiter\"><\/span><\/header><div class='slide-meta'><time class='slide-meta-time updated'  itemprop=\"datePublished\" datetime=\"2024-12-09T12:21:58+01:00\" >9 Dicembre 2024<\/time><\/div><div class='slide-entry-excerpt entry-content'  itemprop=\"text\" >\nSabato 7 dicembre 2024, alle ore 17:30 presso la Cripta del\u2026<\/div><\/div><footer class=\"entry-footer\"><\/footer><span class='hidden'>\n\t\t\t\t<span class='av-structured-data'  itemprop=\"image\" itemscope=\"itemscope\" itemtype=\"https:\/\/schema.org\/ImageObject\" >\n\t\t\t\t\t\t<span itemprop='url'>http:\/\/www.amormisericordioso.org\/ita\/wp-content\/uploads\/2024\/12\/Immagini-in-Evidenza-SITO-AM-2024-12-09T115417.459.png<\/span>\n\t\t\t\t\t\t<span itemprop='height'>1080<\/span>\n\t\t\t\t\t\t<span itemprop='width'>1080<\/span>\n\t\t\t\t<\/span>\n\t\t\t\t<span class='av-structured-data'  itemprop=\"publisher\" itemtype=\"https:\/\/schema.org\/Organization\" itemscope=\"itemscope\" >\n\t\t\t\t\t\t<span itemprop='name'>Famiglia dell'Amore Misericordioso<\/span>\n\t\t\t\t\t\t<span itemprop='logo' itemscope itemtype='https:\/\/schema.org\/ImageObject'>\n\t\t\t\t\t\t\t<span itemprop='url'>http:\/\/www.amormisericordioso.org\/ita\/wp-content\/uploads\/2018\/02\/logo-fam-italiano.png<\/span>\n\t\t\t\t\t\t <\/span>\n\t\t\t\t<\/span><span class='av-structured-data'  itemprop=\"author\" itemscope=\"itemscope\" itemtype=\"https:\/\/schema.org\/Person\" ><span itemprop='name'>Famiglia dell'Amore Misericordioso<\/span><\/span><span class='av-structured-data'  itemprop=\"datePublished\" datetime=\"2022-01-05T05:11:44+01:00\" >2024-12-09 12:21:58<\/span><span class='av-structured-data'  itemprop=\"dateModified\" itemtype=\"https:\/\/schema.org\/dateModified\" >2024-12-09 12:26:09<\/span><span class='av-structured-data'  itemprop=\"mainEntityOfPage\" itemtype=\"https:\/\/schema.org\/mainEntityOfPage\" ><span itemprop='name'>ORDINAZIONE DIACONALE Padre Deepak Mon Willington, FAM<\/span><\/span><\/span><\/article><article class='slide-entry flex_column  post-entry post-entry-5776 slide-entry-overview slide-loop-32 slide-parity-even  av_one_third  real-thumbnail post-format-standard'  itemscope=\"itemscope\" itemtype=\"https:\/\/schema.org\/CreativeWork\" ><a href='http:\/\/www.amormisericordioso.org\/ita\/ordinazione-diaconale-p-michael-viyagappan-fam\/' data-rel='slide-1' class='slide-image' title='ORDINAZIONE DIACONALE p. Michael Viyagappan, FAM'><img decoding=\"async\" width=\"495\" height=\"400\" src=\"http:\/\/www.amormisericordioso.org\/ita\/wp-content\/uploads\/2024\/11\/Immagini-in-Evidenza-SITO-AM-2024-11-25T110541.773-495x400.png\" class=\"wp-image-5784 avia-img-lazy-loading-not-5784 attachment-portfolio size-portfolio wp-post-image\" alt=\"\" srcset=\"http:\/\/www.amormisericordioso.org\/ita\/wp-content\/uploads\/2024\/11\/Immagini-in-Evidenza-SITO-AM-2024-11-25T110541.773-495x400.png 495w, http:\/\/www.amormisericordioso.org\/ita\/wp-content\/uploads\/2024\/11\/Immagini-in-Evidenza-SITO-AM-2024-11-25T110541.773-845x684.png 845w\" sizes=\"(max-width: 495px) 100vw, 495px\" \/><\/a><div class='slide-content'><header class=\"entry-content-header\"><h3 class='slide-entry-title entry-title '  itemprop=\"headline\" ><a href='http:\/\/www.amormisericordioso.org\/ita\/ordinazione-diaconale-p-michael-viyagappan-fam\/' title='ORDINAZIONE DIACONALE p. Michael Viyagappan, FAM'>ORDINAZIONE DIACONALE p. Michael Viyagappan, FAM<\/a><\/h3><span class=\"av-vertical-delimiter\"><\/span><\/header><div class='slide-meta'><div class='slide-meta-comments'><a href='http:\/\/www.amormisericordioso.org\/ita\/ordinazione-diaconale-p-michael-viyagappan-fam\/#respond'>0 Commenti<\/a><\/div><div class='slide-meta-del'>\/<\/div><time class='slide-meta-time updated'  itemprop=\"datePublished\" datetime=\"2024-11-25T11:08:37+01:00\" >25 Novembre 2024<\/time><\/div><div class='slide-entry-excerpt entry-content'  itemprop=\"text\" >\n\n\n\n\n\n<\/div><\/div><footer class=\"entry-footer\"><\/footer><span class='hidden'>\n\t\t\t\t<span class='av-structured-data'  itemprop=\"image\" itemscope=\"itemscope\" itemtype=\"https:\/\/schema.org\/ImageObject\" >\n\t\t\t\t\t\t<span itemprop='url'>http:\/\/www.amormisericordioso.org\/ita\/wp-content\/uploads\/2024\/11\/Immagini-in-Evidenza-SITO-AM-2024-11-25T110541.773.png<\/span>\n\t\t\t\t\t\t<span itemprop='height'>1080<\/span>\n\t\t\t\t\t\t<span itemprop='width'>1080<\/span>\n\t\t\t\t<\/span>\n\t\t\t\t<span class='av-structured-data'  itemprop=\"publisher\" itemtype=\"https:\/\/schema.org\/Organization\" itemscope=\"itemscope\" >\n\t\t\t\t\t\t<span itemprop='name'>Famiglia dell'Amore Misericordioso<\/span>\n\t\t\t\t\t\t<span itemprop='logo' itemscope itemtype='https:\/\/schema.org\/ImageObject'>\n\t\t\t\t\t\t\t<span itemprop='url'>http:\/\/www.amormisericordioso.org\/ita\/wp-content\/uploads\/2018\/02\/logo-fam-italiano.png<\/span>\n\t\t\t\t\t\t <\/span>\n\t\t\t\t<\/span><span class='av-structured-data'  itemprop=\"author\" itemscope=\"itemscope\" itemtype=\"https:\/\/schema.org\/Person\" ><span itemprop='name'>Famiglia dell'Amore Misericordioso<\/span><\/span><span class='av-structured-data'  itemprop=\"datePublished\" datetime=\"2022-01-05T05:11:44+01:00\" >2024-11-25 11:08:37<\/span><span class='av-structured-data'  itemprop=\"dateModified\" itemtype=\"https:\/\/schema.org\/dateModified\" >2024-11-25 11:10:24<\/span><span class='av-structured-data'  itemprop=\"mainEntityOfPage\" itemtype=\"https:\/\/schema.org\/mainEntityOfPage\" ><span itemprop='name'>ORDINAZIONE DIACONALE p. Michael Viyagappan, FAM<\/span><\/span><\/span><\/article><article class='slide-entry flex_column  post-entry post-entry-5759 slide-entry-overview slide-loop-33 slide-parity-odd  av_one_third  real-thumbnail post-format-standard'  itemscope=\"itemscope\" itemtype=\"https:\/\/schema.org\/CreativeWork\" ><a href='http:\/\/www.amormisericordioso.org\/ita\/unesperienza-di-comunione-e-rinnovamento-per-gli-sdfam\/' data-rel='slide-1' class='slide-image' title='Un&#8217;esperienza di COMUNIONE e RINNOVAMENTO per gli SDFAM'><img decoding=\"async\" width=\"495\" height=\"400\" src=\"http:\/\/www.amormisericordioso.org\/ita\/wp-content\/uploads\/2024\/11\/Immagini-in-Evidenza-SITO-AM-2024-11-20T090902.390-495x400.png\" class=\"wp-image-5765 avia-img-lazy-loading-not-5765 attachment-portfolio size-portfolio wp-post-image\" alt=\"\" srcset=\"http:\/\/www.amormisericordioso.org\/ita\/wp-content\/uploads\/2024\/11\/Immagini-in-Evidenza-SITO-AM-2024-11-20T090902.390-495x400.png 495w, http:\/\/www.amormisericordioso.org\/ita\/wp-content\/uploads\/2024\/11\/Immagini-in-Evidenza-SITO-AM-2024-11-20T090902.390-845x684.png 845w\" sizes=\"(max-width: 495px) 100vw, 495px\" \/><\/a><div class='slide-content'><header class=\"entry-content-header\"><h3 class='slide-entry-title entry-title '  itemprop=\"headline\" ><a href='http:\/\/www.amormisericordioso.org\/ita\/unesperienza-di-comunione-e-rinnovamento-per-gli-sdfam\/' title='Un&#8217;esperienza di COMUNIONE e RINNOVAMENTO per gli SDFAM'>Un&#8217;esperienza di COMUNIONE e RINNOVAMENTO per gli SDFAM<\/a><\/h3><span class=\"av-vertical-delimiter\"><\/span><\/header><div class='slide-meta'><div class='slide-meta-comments'><a href='http:\/\/www.amormisericordioso.org\/ita\/unesperienza-di-comunione-e-rinnovamento-per-gli-sdfam\/#respond'>0 Commenti<\/a><\/div><div class='slide-meta-del'>\/<\/div><time class='slide-meta-time updated'  itemprop=\"datePublished\" datetime=\"2024-11-20T09:15:17+01:00\" >20 Novembre 2024<\/time><\/div><div class='slide-entry-excerpt entry-content'  itemprop=\"text\" >\n\n\n\n\n\n<\/div><\/div><footer class=\"entry-footer\"><\/footer><span class='hidden'>\n\t\t\t\t<span class='av-structured-data'  itemprop=\"image\" itemscope=\"itemscope\" itemtype=\"https:\/\/schema.org\/ImageObject\" >\n\t\t\t\t\t\t<span itemprop='url'>http:\/\/www.amormisericordioso.org\/ita\/wp-content\/uploads\/2024\/11\/Immagini-in-Evidenza-SITO-AM-2024-11-20T090902.390.png<\/span>\n\t\t\t\t\t\t<span itemprop='height'>1080<\/span>\n\t\t\t\t\t\t<span itemprop='width'>1080<\/span>\n\t\t\t\t<\/span>\n\t\t\t\t<span class='av-structured-data'  itemprop=\"publisher\" itemtype=\"https:\/\/schema.org\/Organization\" itemscope=\"itemscope\" >\n\t\t\t\t\t\t<span itemprop='name'>Famiglia dell'Amore Misericordioso<\/span>\n\t\t\t\t\t\t<span itemprop='logo' itemscope itemtype='https:\/\/schema.org\/ImageObject'>\n\t\t\t\t\t\t\t<span itemprop='url'>http:\/\/www.amormisericordioso.org\/ita\/wp-content\/uploads\/2018\/02\/logo-fam-italiano.png<\/span>\n\t\t\t\t\t\t <\/span>\n\t\t\t\t<\/span><span class='av-structured-data'  itemprop=\"author\" itemscope=\"itemscope\" itemtype=\"https:\/\/schema.org\/Person\" ><span itemprop='name'>Famiglia dell'Amore Misericordioso<\/span><\/span><span class='av-structured-data'  itemprop=\"datePublished\" datetime=\"2022-01-05T05:11:44+01:00\" >2024-11-20 09:15:17<\/span><span class='av-structured-data'  itemprop=\"dateModified\" itemtype=\"https:\/\/schema.org\/dateModified\" >2024-11-20 09:15:19<\/span><span class='av-structured-data'  itemprop=\"mainEntityOfPage\" itemtype=\"https:\/\/schema.org\/mainEntityOfPage\" ><span itemprop='name'>Un&#8217;esperienza di COMUNIONE e RINNOVAMENTO per gli SDFAM<\/span><\/span><\/span><\/article><\/div><div class='slide-entry-wrap'><article class='slide-entry flex_column  post-entry post-entry-5751 slide-entry-overview slide-loop-34 slide-parity-odd  av_one_third first real-thumbnail post-format-standard'  itemscope=\"itemscope\" itemtype=\"https:\/\/schema.org\/CreativeWork\" ><a href='http:\/\/www.amormisericordioso.org\/ita\/rivista-lamore-misericordioso-ottobre-2024\/' data-rel='slide-1' class='slide-image' title='Rivista L&#8217;AMORE MISERICORDIOSO &#8211; Ottobre 2024'><img decoding=\"async\" width=\"495\" height=\"400\" src=\"http:\/\/www.amormisericordioso.org\/ita\/wp-content\/uploads\/2024\/11\/Immagini-in-Evidenza-SITO-AM-2024-11-20T084938.229-495x400.png\" class=\"wp-image-5754 avia-img-lazy-loading-not-5754 attachment-portfolio size-portfolio wp-post-image\" alt=\"\" srcset=\"http:\/\/www.amormisericordioso.org\/ita\/wp-content\/uploads\/2024\/11\/Immagini-in-Evidenza-SITO-AM-2024-11-20T084938.229-495x400.png 495w, http:\/\/www.amormisericordioso.org\/ita\/wp-content\/uploads\/2024\/11\/Immagini-in-Evidenza-SITO-AM-2024-11-20T084938.229-845x684.png 845w\" sizes=\"(max-width: 495px) 100vw, 495px\" \/><\/a><div class='slide-content'><header class=\"entry-content-header\"><h3 class='slide-entry-title entry-title '  itemprop=\"headline\" ><a href='http:\/\/www.amormisericordioso.org\/ita\/rivista-lamore-misericordioso-ottobre-2024\/' title='Rivista L&#8217;AMORE MISERICORDIOSO &#8211; Ottobre 2024'>Rivista L&#8217;AMORE MISERICORDIOSO &#8211; Ottobre 2024<\/a><\/h3><span class=\"av-vertical-delimiter\"><\/span><\/header><div class='slide-meta'><div class='slide-meta-comments'><a href='http:\/\/www.amormisericordioso.org\/ita\/rivista-lamore-misericordioso-ottobre-2024\/#respond'>0 Commenti<\/a><\/div><div class='slide-meta-del'>\/<\/div><time class='slide-meta-time updated'  itemprop=\"datePublished\" datetime=\"2024-11-20T08:52:12+01:00\" >20 Novembre 2024<\/time><\/div><div class='slide-entry-excerpt entry-content'  itemprop=\"text\" >\n\n\n\n\n\n<\/div><\/div><footer class=\"entry-footer\"><\/footer><span class='hidden'>\n\t\t\t\t<span class='av-structured-data'  itemprop=\"image\" itemscope=\"itemscope\" itemtype=\"https:\/\/schema.org\/ImageObject\" >\n\t\t\t\t\t\t<span itemprop='url'>http:\/\/www.amormisericordioso.org\/ita\/wp-content\/uploads\/2024\/11\/Immagini-in-Evidenza-SITO-AM-2024-11-20T084938.229.png<\/span>\n\t\t\t\t\t\t<span itemprop='height'>1080<\/span>\n\t\t\t\t\t\t<span itemprop='width'>1080<\/span>\n\t\t\t\t<\/span>\n\t\t\t\t<span class='av-structured-data'  itemprop=\"publisher\" itemtype=\"https:\/\/schema.org\/Organization\" itemscope=\"itemscope\" >\n\t\t\t\t\t\t<span itemprop='name'>Famiglia dell'Amore Misericordioso<\/span>\n\t\t\t\t\t\t<span itemprop='logo' itemscope itemtype='https:\/\/schema.org\/ImageObject'>\n\t\t\t\t\t\t\t<span itemprop='url'>http:\/\/www.amormisericordioso.org\/ita\/wp-content\/uploads\/2018\/02\/logo-fam-italiano.png<\/span>\n\t\t\t\t\t\t <\/span>\n\t\t\t\t<\/span><span class='av-structured-data'  itemprop=\"author\" itemscope=\"itemscope\" itemtype=\"https:\/\/schema.org\/Person\" ><span itemprop='name'>Famiglia dell'Amore Misericordioso<\/span><\/span><span class='av-structured-data'  itemprop=\"datePublished\" datetime=\"2022-01-05T05:11:44+01:00\" >2024-11-20 08:52:12<\/span><span class='av-structured-data'  itemprop=\"dateModified\" itemtype=\"https:\/\/schema.org\/dateModified\" >2024-11-20 08:53:47<\/span><span class='av-structured-data'  itemprop=\"mainEntityOfPage\" itemtype=\"https:\/\/schema.org\/mainEntityOfPage\" ><span itemprop='name'>Rivista L&#8217;AMORE MISERICORDIOSO &#8211; Ottobre 2024<\/span><\/span><\/span><\/article><article class='slide-entry flex_column  post-entry post-entry-5743 slide-entry-overview slide-loop-35 slide-parity-even  av_one_third  real-thumbnail post-format-standard'  itemscope=\"itemscope\" itemtype=\"https:\/\/schema.org\/CreativeWork\" ><a href='http:\/\/www.amormisericordioso.org\/ita\/ix-capitolo-delegazione-madre-speranza-e-case-di-missione-3\/' data-rel='slide-1' class='slide-image' title='IX CAPITOLO Delegazione &#8220;Madre Speranza&#8221; e Case di missione &#8211; 3'><img decoding=\"async\" width=\"495\" height=\"400\" src=\"http:\/\/www.amormisericordioso.org\/ita\/wp-content\/uploads\/2024\/10\/Immagini-in-Evidenza-SITO-AM-2024-10-30T084824.678-1-495x400.png\" class=\"wp-image-5732 avia-img-lazy-loading-not-5732 attachment-portfolio size-portfolio wp-post-image\" alt=\"\" srcset=\"http:\/\/www.amormisericordioso.org\/ita\/wp-content\/uploads\/2024\/10\/Immagini-in-Evidenza-SITO-AM-2024-10-30T084824.678-1-495x400.png 495w, http:\/\/www.amormisericordioso.org\/ita\/wp-content\/uploads\/2024\/10\/Immagini-in-Evidenza-SITO-AM-2024-10-30T084824.678-1-845x684.png 845w\" sizes=\"(max-width: 495px) 100vw, 495px\" \/><\/a><div class='slide-content'><header class=\"entry-content-header\"><h3 class='slide-entry-title entry-title '  itemprop=\"headline\" ><a href='http:\/\/www.amormisericordioso.org\/ita\/ix-capitolo-delegazione-madre-speranza-e-case-di-missione-3\/' title='IX CAPITOLO Delegazione &#8220;Madre Speranza&#8221; e Case di missione &#8211; 3'>IX CAPITOLO Delegazione &#8220;Madre Speranza&#8221; e Case di missione &#8211; 3<\/a><\/h3><span class=\"av-vertical-delimiter\"><\/span><\/header><div class='slide-meta'><div class='slide-meta-comments'><a href='http:\/\/www.amormisericordioso.org\/ita\/ix-capitolo-delegazione-madre-speranza-e-case-di-missione-3\/#respond'>0 Commenti<\/a><\/div><div class='slide-meta-del'>\/<\/div><time class='slide-meta-time updated'  itemprop=\"datePublished\" datetime=\"2024-11-03T21:39:21+01:00\" >3 Novembre 2024<\/time><\/div><div class='slide-entry-excerpt entry-content'  itemprop=\"text\" >\n\n\n\n\n\n<\/div><\/div><footer class=\"entry-footer\"><\/footer><span class='hidden'>\n\t\t\t\t<span class='av-structured-data'  itemprop=\"image\" itemscope=\"itemscope\" itemtype=\"https:\/\/schema.org\/ImageObject\" >\n\t\t\t\t\t\t<span itemprop='url'>http:\/\/www.amormisericordioso.org\/ita\/wp-content\/uploads\/2024\/10\/Immagini-in-Evidenza-SITO-AM-2024-10-30T084824.678-1.png<\/span>\n\t\t\t\t\t\t<span itemprop='height'>1080<\/span>\n\t\t\t\t\t\t<span itemprop='width'>1080<\/span>\n\t\t\t\t<\/span>\n\t\t\t\t<span class='av-structured-data'  itemprop=\"publisher\" itemtype=\"https:\/\/schema.org\/Organization\" itemscope=\"itemscope\" >\n\t\t\t\t\t\t<span itemprop='name'>Famiglia dell'Amore Misericordioso<\/span>\n\t\t\t\t\t\t<span itemprop='logo' itemscope itemtype='https:\/\/schema.org\/ImageObject'>\n\t\t\t\t\t\t\t<span itemprop='url'>http:\/\/www.amormisericordioso.org\/ita\/wp-content\/uploads\/2018\/02\/logo-fam-italiano.png<\/span>\n\t\t\t\t\t\t <\/span>\n\t\t\t\t<\/span><span class='av-structured-data'  itemprop=\"author\" itemscope=\"itemscope\" itemtype=\"https:\/\/schema.org\/Person\" ><span itemprop='name'>Famiglia dell'Amore Misericordioso<\/span><\/span><span class='av-structured-data'  itemprop=\"datePublished\" datetime=\"2022-01-05T05:11:44+01:00\" >2024-11-03 21:39:21<\/span><span class='av-structured-data'  itemprop=\"dateModified\" itemtype=\"https:\/\/schema.org\/dateModified\" >2024-11-03 21:39:22<\/span><span class='av-structured-data'  itemprop=\"mainEntityOfPage\" itemtype=\"https:\/\/schema.org\/mainEntityOfPage\" ><span itemprop='name'>IX CAPITOLO Delegazione &#8220;Madre Speranza&#8221; e Case di missione &#8211; 3<\/span><\/span><\/span><\/article><article class='slide-entry flex_column  post-entry post-entry-5735 slide-entry-overview slide-loop-36 slide-parity-odd  av_one_third  real-thumbnail post-format-standard'  itemscope=\"itemscope\" itemtype=\"https:\/\/schema.org\/CreativeWork\" ><a href='http:\/\/www.amormisericordioso.org\/ita\/ix-capitolo-delegazione-madre-speranza-e-case-di-missione-2\/' data-rel='slide-1' class='slide-image' title='IX CAPITOLO Delegazione &#8220;Madre Speranza&#8221; e Case di missione &#8211; 2'><img decoding=\"async\" width=\"495\" height=\"400\" src=\"http:\/\/www.amormisericordioso.org\/ita\/wp-content\/uploads\/2024\/10\/Immagini-in-Evidenza-SITO-AM-2024-10-30T084824.678-1-495x400.png\" class=\"wp-image-5732 avia-img-lazy-loading-not-5732 attachment-portfolio size-portfolio wp-post-image\" alt=\"\" srcset=\"http:\/\/www.amormisericordioso.org\/ita\/wp-content\/uploads\/2024\/10\/Immagini-in-Evidenza-SITO-AM-2024-10-30T084824.678-1-495x400.png 495w, http:\/\/www.amormisericordioso.org\/ita\/wp-content\/uploads\/2024\/10\/Immagini-in-Evidenza-SITO-AM-2024-10-30T084824.678-1-845x684.png 845w\" sizes=\"(max-width: 495px) 100vw, 495px\" \/><\/a><div class='slide-content'><header class=\"entry-content-header\"><h3 class='slide-entry-title entry-title '  itemprop=\"headline\" ><a href='http:\/\/www.amormisericordioso.org\/ita\/ix-capitolo-delegazione-madre-speranza-e-case-di-missione-2\/' title='IX CAPITOLO Delegazione &#8220;Madre Speranza&#8221; e Case di missione &#8211; 2'>IX CAPITOLO Delegazione &#8220;Madre Speranza&#8221; e Case di missione &#8211; 2<\/a><\/h3><span class=\"av-vertical-delimiter\"><\/span><\/header><div class='slide-meta'><div class='slide-meta-comments'><a href='http:\/\/www.amormisericordioso.org\/ita\/ix-capitolo-delegazione-madre-speranza-e-case-di-missione-2\/#respond'>0 Commenti<\/a><\/div><div class='slide-meta-del'>\/<\/div><time class='slide-meta-time updated'  itemprop=\"datePublished\" datetime=\"2024-11-02T11:19:38+01:00\" >2 Novembre 2024<\/time><\/div><div class='slide-entry-excerpt entry-content'  itemprop=\"text\" >\n\n\n\n\n\n<\/div><\/div><footer class=\"entry-footer\"><\/footer><span class='hidden'>\n\t\t\t\t<span class='av-structured-data'  itemprop=\"image\" itemscope=\"itemscope\" itemtype=\"https:\/\/schema.org\/ImageObject\" >\n\t\t\t\t\t\t<span itemprop='url'>http:\/\/www.amormisericordioso.org\/ita\/wp-content\/uploads\/2024\/10\/Immagini-in-Evidenza-SITO-AM-2024-10-30T084824.678-1.png<\/span>\n\t\t\t\t\t\t<span itemprop='height'>1080<\/span>\n\t\t\t\t\t\t<span itemprop='width'>1080<\/span>\n\t\t\t\t<\/span>\n\t\t\t\t<span class='av-structured-data'  itemprop=\"publisher\" itemtype=\"https:\/\/schema.org\/Organization\" itemscope=\"itemscope\" >\n\t\t\t\t\t\t<span itemprop='name'>Famiglia dell'Amore Misericordioso<\/span>\n\t\t\t\t\t\t<span itemprop='logo' itemscope itemtype='https:\/\/schema.org\/ImageObject'>\n\t\t\t\t\t\t\t<span itemprop='url'>http:\/\/www.amormisericordioso.org\/ita\/wp-content\/uploads\/2018\/02\/logo-fam-italiano.png<\/span>\n\t\t\t\t\t\t <\/span>\n\t\t\t\t<\/span><span class='av-structured-data'  itemprop=\"author\" itemscope=\"itemscope\" itemtype=\"https:\/\/schema.org\/Person\" ><span itemprop='name'>Famiglia dell'Amore Misericordioso<\/span><\/span><span class='av-structured-data'  itemprop=\"datePublished\" datetime=\"2022-01-05T05:11:44+01:00\" >2024-11-02 11:19:38<\/span><span class='av-structured-data'  itemprop=\"dateModified\" itemtype=\"https:\/\/schema.org\/dateModified\" >2024-11-02 11:19:41<\/span><span class='av-structured-data'  itemprop=\"mainEntityOfPage\" itemtype=\"https:\/\/schema.org\/mainEntityOfPage\" ><span itemprop='name'>IX CAPITOLO Delegazione &#8220;Madre Speranza&#8221; e Case di missione &#8211; 2<\/span><\/span><\/span><\/article><\/div><div class='slide-entry-wrap'><article class='slide-entry flex_column  post-entry post-entry-5726 slide-entry-overview slide-loop-37 slide-parity-odd  av_one_third first real-thumbnail post-format-standard'  itemscope=\"itemscope\" itemtype=\"https:\/\/schema.org\/CreativeWork\" ><a href='http:\/\/www.amormisericordioso.org\/ita\/ix-capitolo-delegazione-madre-speranza-e-case-di-missione-1\/' data-rel='slide-1' class='slide-image' title='IX CAPITOLO Delegazione &#8220;Madre Speranza&#8221; e Case di missione &#8211; 1'><img decoding=\"async\" width=\"495\" height=\"400\" src=\"http:\/\/www.amormisericordioso.org\/ita\/wp-content\/uploads\/2024\/10\/Immagini-in-Evidenza-SITO-AM-2024-10-30T084824.678-1-495x400.png\" class=\"wp-image-5732 avia-img-lazy-loading-not-5732 attachment-portfolio size-portfolio wp-post-image\" alt=\"\" srcset=\"http:\/\/www.amormisericordioso.org\/ita\/wp-content\/uploads\/2024\/10\/Immagini-in-Evidenza-SITO-AM-2024-10-30T084824.678-1-495x400.png 495w, http:\/\/www.amormisericordioso.org\/ita\/wp-content\/uploads\/2024\/10\/Immagini-in-Evidenza-SITO-AM-2024-10-30T084824.678-1-845x684.png 845w\" sizes=\"(max-width: 495px) 100vw, 495px\" \/><\/a><div class='slide-content'><header class=\"entry-content-header\"><h3 class='slide-entry-title entry-title '  itemprop=\"headline\" ><a href='http:\/\/www.amormisericordioso.org\/ita\/ix-capitolo-delegazione-madre-speranza-e-case-di-missione-1\/' title='IX CAPITOLO Delegazione &#8220;Madre Speranza&#8221; e Case di missione &#8211; 1'>IX CAPITOLO Delegazione &#8220;Madre Speranza&#8221; e Case di missione &#8211; 1<\/a><\/h3><span class=\"av-vertical-delimiter\"><\/span><\/header><div class='slide-meta'><div class='slide-meta-comments'><a href='http:\/\/www.amormisericordioso.org\/ita\/ix-capitolo-delegazione-madre-speranza-e-case-di-missione-1\/#respond'>0 Commenti<\/a><\/div><div class='slide-meta-del'>\/<\/div><time class='slide-meta-time updated'  itemprop=\"datePublished\" datetime=\"2024-10-30T08:56:58+01:00\" >30 Ottobre 2024<\/time><\/div><div class='slide-entry-excerpt entry-content'  itemprop=\"text\" >\n\n\n\n\n\n<\/div><\/div><footer class=\"entry-footer\"><\/footer><span class='hidden'>\n\t\t\t\t<span class='av-structured-data'  itemprop=\"image\" itemscope=\"itemscope\" itemtype=\"https:\/\/schema.org\/ImageObject\" >\n\t\t\t\t\t\t<span itemprop='url'>http:\/\/www.amormisericordioso.org\/ita\/wp-content\/uploads\/2024\/10\/Immagini-in-Evidenza-SITO-AM-2024-10-30T084824.678-1.png<\/span>\n\t\t\t\t\t\t<span itemprop='height'>1080<\/span>\n\t\t\t\t\t\t<span itemprop='width'>1080<\/span>\n\t\t\t\t<\/span>\n\t\t\t\t<span class='av-structured-data'  itemprop=\"publisher\" itemtype=\"https:\/\/schema.org\/Organization\" itemscope=\"itemscope\" >\n\t\t\t\t\t\t<span itemprop='name'>Famiglia dell'Amore Misericordioso<\/span>\n\t\t\t\t\t\t<span itemprop='logo' itemscope itemtype='https:\/\/schema.org\/ImageObject'>\n\t\t\t\t\t\t\t<span itemprop='url'>http:\/\/www.amormisericordioso.org\/ita\/wp-content\/uploads\/2018\/02\/logo-fam-italiano.png<\/span>\n\t\t\t\t\t\t <\/span>\n\t\t\t\t<\/span><span class='av-structured-data'  itemprop=\"author\" itemscope=\"itemscope\" itemtype=\"https:\/\/schema.org\/Person\" ><span itemprop='name'>Famiglia dell'Amore Misericordioso<\/span><\/span><span class='av-structured-data'  itemprop=\"datePublished\" datetime=\"2022-01-05T05:11:44+01:00\" >2024-10-30 08:56:58<\/span><span class='av-structured-data'  itemprop=\"dateModified\" itemtype=\"https:\/\/schema.org\/dateModified\" >2024-10-30 08:57:00<\/span><span class='av-structured-data'  itemprop=\"mainEntityOfPage\" itemtype=\"https:\/\/schema.org\/mainEntityOfPage\" ><span itemprop='name'>IX CAPITOLO Delegazione &#8220;Madre Speranza&#8221; e Case di missione &#8211; 1<\/span><\/span><\/span><\/article><article class='slide-entry flex_column  post-entry post-entry-5716 slide-entry-overview slide-loop-38 slide-parity-even  av_one_third  real-thumbnail post-format-standard'  itemscope=\"itemscope\" itemtype=\"https:\/\/schema.org\/CreativeWork\" ><a href='http:\/\/www.amormisericordioso.org\/ita\/nuova-equipe-di-coordinamento-per-litalia-dei-lam\/' data-rel='slide-1' class='slide-image' title='Nuova equipe di coordinamento per l&#8217;Italia dei LAM'><img decoding=\"async\" width=\"495\" height=\"400\" src=\"http:\/\/www.amormisericordioso.org\/ita\/wp-content\/uploads\/2024\/10\/Immagini-in-Evidenza-SITO-AM-2024-10-28T095849.661-495x400.png\" class=\"wp-image-5722 avia-img-lazy-loading-not-5722 attachment-portfolio size-portfolio wp-post-image\" alt=\"\" srcset=\"http:\/\/www.amormisericordioso.org\/ita\/wp-content\/uploads\/2024\/10\/Immagini-in-Evidenza-SITO-AM-2024-10-28T095849.661-495x400.png 495w, http:\/\/www.amormisericordioso.org\/ita\/wp-content\/uploads\/2024\/10\/Immagini-in-Evidenza-SITO-AM-2024-10-28T095849.661-845x684.png 845w\" sizes=\"(max-width: 495px) 100vw, 495px\" \/><\/a><div class='slide-content'><header class=\"entry-content-header\"><h3 class='slide-entry-title entry-title '  itemprop=\"headline\" ><a href='http:\/\/www.amormisericordioso.org\/ita\/nuova-equipe-di-coordinamento-per-litalia-dei-lam\/' title='Nuova equipe di coordinamento per l&#8217;Italia dei LAM'>Nuova equipe di coordinamento per l&#8217;Italia dei LAM<\/a><\/h3><span class=\"av-vertical-delimiter\"><\/span><\/header><div class='slide-meta'><div class='slide-meta-comments'><a href='http:\/\/www.amormisericordioso.org\/ita\/nuova-equipe-di-coordinamento-per-litalia-dei-lam\/#respond'>0 Commenti<\/a><\/div><div class='slide-meta-del'>\/<\/div><time class='slide-meta-time updated'  itemprop=\"datePublished\" datetime=\"2024-10-28T10:03:01+01:00\" >28 Ottobre 2024<\/time><\/div><div class='slide-entry-excerpt entry-content'  itemprop=\"text\" >\n\n\n\n\n\n<\/div><\/div><footer class=\"entry-footer\"><\/footer><span class='hidden'>\n\t\t\t\t<span class='av-structured-data'  itemprop=\"image\" itemscope=\"itemscope\" itemtype=\"https:\/\/schema.org\/ImageObject\" >\n\t\t\t\t\t\t<span itemprop='url'>http:\/\/www.amormisericordioso.org\/ita\/wp-content\/uploads\/2024\/10\/Immagini-in-Evidenza-SITO-AM-2024-10-28T095849.661.png<\/span>\n\t\t\t\t\t\t<span itemprop='height'>1080<\/span>\n\t\t\t\t\t\t<span itemprop='width'>1080<\/span>\n\t\t\t\t<\/span>\n\t\t\t\t<span class='av-structured-data'  itemprop=\"publisher\" itemtype=\"https:\/\/schema.org\/Organization\" itemscope=\"itemscope\" >\n\t\t\t\t\t\t<span itemprop='name'>Famiglia dell'Amore Misericordioso<\/span>\n\t\t\t\t\t\t<span itemprop='logo' itemscope itemtype='https:\/\/schema.org\/ImageObject'>\n\t\t\t\t\t\t\t<span itemprop='url'>http:\/\/www.amormisericordioso.org\/ita\/wp-content\/uploads\/2018\/02\/logo-fam-italiano.png<\/span>\n\t\t\t\t\t\t <\/span>\n\t\t\t\t<\/span><span class='av-structured-data'  itemprop=\"author\" itemscope=\"itemscope\" itemtype=\"https:\/\/schema.org\/Person\" ><span itemprop='name'>Famiglia dell'Amore Misericordioso<\/span><\/span><span class='av-structured-data'  itemprop=\"datePublished\" datetime=\"2022-01-05T05:11:44+01:00\" >2024-10-28 10:03:01<\/span><span class='av-structured-data'  itemprop=\"dateModified\" itemtype=\"https:\/\/schema.org\/dateModified\" >2024-10-28 10:05:36<\/span><span class='av-structured-data'  itemprop=\"mainEntityOfPage\" itemtype=\"https:\/\/schema.org\/mainEntityOfPage\" ><span itemprop='name'>Nuova equipe di coordinamento per l&#8217;Italia dei LAM<\/span><\/span><\/span><\/article><article class='slide-entry flex_column  post-entry post-entry-5706 slide-entry-overview slide-loop-39 slide-parity-odd  av_one_third  real-thumbnail post-format-standard'  itemscope=\"itemscope\" itemtype=\"https:\/\/schema.org\/CreativeWork\" ><a href='http:\/\/www.amormisericordioso.org\/ita\/rivista-lamore-misericordioso-settembre-2024\/' data-rel='slide-1' class='slide-image' title='Rivista L&#8217;AMORE MISERICORDIOSO &#8211; Settembre 2024'><img decoding=\"async\" width=\"495\" height=\"400\" src=\"http:\/\/www.amormisericordioso.org\/ita\/wp-content\/uploads\/2024\/10\/Immagini-in-Evidenza-SITO-AM-2024-10-14T112623.941-495x400.png\" class=\"wp-image-5708 avia-img-lazy-loading-not-5708 attachment-portfolio size-portfolio wp-post-image\" alt=\"\" srcset=\"http:\/\/www.amormisericordioso.org\/ita\/wp-content\/uploads\/2024\/10\/Immagini-in-Evidenza-SITO-AM-2024-10-14T112623.941-495x400.png 495w, http:\/\/www.amormisericordioso.org\/ita\/wp-content\/uploads\/2024\/10\/Immagini-in-Evidenza-SITO-AM-2024-10-14T112623.941-845x684.png 845w\" sizes=\"(max-width: 495px) 100vw, 495px\" \/><\/a><div class='slide-content'><header class=\"entry-content-header\"><h3 class='slide-entry-title entry-title '  itemprop=\"headline\" ><a href='http:\/\/www.amormisericordioso.org\/ita\/rivista-lamore-misericordioso-settembre-2024\/' title='Rivista L&#8217;AMORE MISERICORDIOSO &#8211; Settembre 2024'>Rivista L&#8217;AMORE MISERICORDIOSO &#8211; Settembre 2024<\/a><\/h3><span class=\"av-vertical-delimiter\"><\/span><\/header><div class='slide-meta'><div class='slide-meta-comments'><a href='http:\/\/www.amormisericordioso.org\/ita\/rivista-lamore-misericordioso-settembre-2024\/#respond'>0 Commenti<\/a><\/div><div class='slide-meta-del'>\/<\/div><time class='slide-meta-time updated'  itemprop=\"datePublished\" datetime=\"2024-10-14T11:29:46+02:00\" >14 Ottobre 2024<\/time><\/div><div class='slide-entry-excerpt entry-content'  itemprop=\"text\" >\n\n\n\n\n\n<\/div><\/div><footer class=\"entry-footer\"><\/footer><span class='hidden'>\n\t\t\t\t<span class='av-structured-data'  itemprop=\"image\" itemscope=\"itemscope\" itemtype=\"https:\/\/schema.org\/ImageObject\" >\n\t\t\t\t\t\t<span itemprop='url'>http:\/\/www.amormisericordioso.org\/ita\/wp-content\/uploads\/2024\/10\/Immagini-in-Evidenza-SITO-AM-2024-10-14T112623.941.png<\/span>\n\t\t\t\t\t\t<span itemprop='height'>1080<\/span>\n\t\t\t\t\t\t<span itemprop='width'>1080<\/span>\n\t\t\t\t<\/span>\n\t\t\t\t<span class='av-structured-data'  itemprop=\"publisher\" itemtype=\"https:\/\/schema.org\/Organization\" itemscope=\"itemscope\" >\n\t\t\t\t\t\t<span itemprop='name'>Famiglia dell'Amore Misericordioso<\/span>\n\t\t\t\t\t\t<span itemprop='logo' itemscope itemtype='https:\/\/schema.org\/ImageObject'>\n\t\t\t\t\t\t\t<span itemprop='url'>http:\/\/www.amormisericordioso.org\/ita\/wp-content\/uploads\/2018\/02\/logo-fam-italiano.png<\/span>\n\t\t\t\t\t\t <\/span>\n\t\t\t\t<\/span><span class='av-structured-data'  itemprop=\"author\" itemscope=\"itemscope\" itemtype=\"https:\/\/schema.org\/Person\" ><span itemprop='name'>Famiglia dell'Amore Misericordioso<\/span><\/span><span class='av-structured-data'  itemprop=\"datePublished\" datetime=\"2022-01-05T05:11:44+01:00\" >2024-10-14 11:29:46<\/span><span class='av-structured-data'  itemprop=\"dateModified\" itemtype=\"https:\/\/schema.org\/dateModified\" >2024-10-14 11:30:11<\/span><span class='av-structured-data'  itemprop=\"mainEntityOfPage\" itemtype=\"https:\/\/schema.org\/mainEntityOfPage\" ><span itemprop='name'>Rivista L&#8217;AMORE MISERICORDIOSO &#8211; Settembre 2024<\/span><\/span><\/span><\/article><\/div><div class='slide-entry-wrap'><article class='slide-entry flex_column  post-entry post-entry-5693 slide-entry-overview slide-loop-40 slide-parity-odd  av_one_third first real-thumbnail post-format-standard'  itemscope=\"itemscope\" itemtype=\"https:\/\/schema.org\/CreativeWork\" ><a href='http:\/\/www.amormisericordioso.org\/ita\/piccoli-strumenti-dellamore-misericordioso-nel-mondo\/' data-rel='slide-1' class='slide-image' title='PICCOLI STRUMENTI dell&#8217;amore misericordioso NEL MONDO'><img decoding=\"async\" width=\"495\" height=\"400\" src=\"http:\/\/www.amormisericordioso.org\/ita\/wp-content\/uploads\/2024\/10\/Immagini-in-Evidenza-SITO-AM-2024-10-07T092003.503-495x400.png\" class=\"wp-image-5703 avia-img-lazy-loading-not-5703 attachment-portfolio size-portfolio wp-post-image\" alt=\"\" srcset=\"http:\/\/www.amormisericordioso.org\/ita\/wp-content\/uploads\/2024\/10\/Immagini-in-Evidenza-SITO-AM-2024-10-07T092003.503-495x400.png 495w, http:\/\/www.amormisericordioso.org\/ita\/wp-content\/uploads\/2024\/10\/Immagini-in-Evidenza-SITO-AM-2024-10-07T092003.503-845x684.png 845w\" sizes=\"(max-width: 495px) 100vw, 495px\" \/><\/a><div class='slide-content'><header class=\"entry-content-header\"><h3 class='slide-entry-title entry-title '  itemprop=\"headline\" ><a href='http:\/\/www.amormisericordioso.org\/ita\/piccoli-strumenti-dellamore-misericordioso-nel-mondo\/' title='PICCOLI STRUMENTI dell&#8217;amore misericordioso NEL MONDO'>PICCOLI STRUMENTI dell&#8217;amore misericordioso NEL MONDO<\/a><\/h3><span class=\"av-vertical-delimiter\"><\/span><\/header><div class='slide-meta'><div class='slide-meta-comments'><a href='http:\/\/www.amormisericordioso.org\/ita\/piccoli-strumenti-dellamore-misericordioso-nel-mondo\/#respond'>0 Commenti<\/a><\/div><div class='slide-meta-del'>\/<\/div><time class='slide-meta-time updated'  itemprop=\"datePublished\" datetime=\"2024-10-07T09:24:19+02:00\" >7 Ottobre 2024<\/time><\/div><div class='slide-entry-excerpt entry-content'  itemprop=\"text\" >\n\n\n\n\n\n<\/div><\/div><footer class=\"entry-footer\"><\/footer><span class='hidden'>\n\t\t\t\t<span class='av-structured-data'  itemprop=\"image\" itemscope=\"itemscope\" itemtype=\"https:\/\/schema.org\/ImageObject\" >\n\t\t\t\t\t\t<span itemprop='url'>http:\/\/www.amormisericordioso.org\/ita\/wp-content\/uploads\/2024\/10\/Immagini-in-Evidenza-SITO-AM-2024-10-07T092003.503.png<\/span>\n\t\t\t\t\t\t<span itemprop='height'>1080<\/span>\n\t\t\t\t\t\t<span itemprop='width'>1080<\/span>\n\t\t\t\t<\/span>\n\t\t\t\t<span class='av-structured-data'  itemprop=\"publisher\" itemtype=\"https:\/\/schema.org\/Organization\" itemscope=\"itemscope\" >\n\t\t\t\t\t\t<span itemprop='name'>Famiglia dell'Amore Misericordioso<\/span>\n\t\t\t\t\t\t<span itemprop='logo' itemscope itemtype='https:\/\/schema.org\/ImageObject'>\n\t\t\t\t\t\t\t<span itemprop='url'>http:\/\/www.amormisericordioso.org\/ita\/wp-content\/uploads\/2018\/02\/logo-fam-italiano.png<\/span>\n\t\t\t\t\t\t <\/span>\n\t\t\t\t<\/span><span class='av-structured-data'  itemprop=\"author\" itemscope=\"itemscope\" itemtype=\"https:\/\/schema.org\/Person\" ><span itemprop='name'>Famiglia dell'Amore Misericordioso<\/span><\/span><span class='av-structured-data'  itemprop=\"datePublished\" datetime=\"2022-01-05T05:11:44+01:00\" >2024-10-07 09:24:19<\/span><span class='av-structured-data'  itemprop=\"dateModified\" itemtype=\"https:\/\/schema.org\/dateModified\" >2024-10-07 09:24:21<\/span><span class='av-structured-data'  itemprop=\"mainEntityOfPage\" itemtype=\"https:\/\/schema.org\/mainEntityOfPage\" ><span itemprop='name'>PICCOLI STRUMENTI dell&#8217;amore misericordioso NEL MONDO<\/span><\/span><\/span><\/article><article class='slide-entry flex_column  post-entry post-entry-5669 slide-entry-overview slide-loop-41 slide-parity-even  av_one_third  real-thumbnail post-format-standard'  itemscope=\"itemscope\" itemtype=\"https:\/\/schema.org\/CreativeWork\" ><a href='http:\/\/www.amormisericordioso.org\/ita\/professioni-perpetue-di-4-figli-dellamore-misericordioso\/' data-rel='slide-1' class='slide-image' title='PROFESSIONI PERPETUE di 4 Figli dell&#8217;Amore Misericordioso'><img decoding=\"async\" width=\"495\" height=\"400\" src=\"http:\/\/www.amormisericordioso.org\/ita\/wp-content\/uploads\/2024\/10\/Immagini-in-Evidenza-SITO-AM-100-495x400.png\" class=\"wp-image-5675 avia-img-lazy-loading-not-5675 attachment-portfolio size-portfolio wp-post-image\" alt=\"\" srcset=\"http:\/\/www.amormisericordioso.org\/ita\/wp-content\/uploads\/2024\/10\/Immagini-in-Evidenza-SITO-AM-100-495x400.png 495w, http:\/\/www.amormisericordioso.org\/ita\/wp-content\/uploads\/2024\/10\/Immagini-in-Evidenza-SITO-AM-100-845x684.png 845w\" sizes=\"(max-width: 495px) 100vw, 495px\" \/><\/a><div class='slide-content'><header class=\"entry-content-header\"><h3 class='slide-entry-title entry-title '  itemprop=\"headline\" ><a href='http:\/\/www.amormisericordioso.org\/ita\/professioni-perpetue-di-4-figli-dellamore-misericordioso\/' title='PROFESSIONI PERPETUE di 4 Figli dell&#8217;Amore Misericordioso'>PROFESSIONI PERPETUE di 4 Figli dell&#8217;Amore Misericordioso<\/a><\/h3><span class=\"av-vertical-delimiter\"><\/span><\/header><div class='slide-meta'><div class='slide-meta-comments'><a href='http:\/\/www.amormisericordioso.org\/ita\/professioni-perpetue-di-4-figli-dellamore-misericordioso\/#respond'>0 Commenti<\/a><\/div><div class='slide-meta-del'>\/<\/div><time class='slide-meta-time updated'  itemprop=\"datePublished\" datetime=\"2024-10-02T17:12:21+02:00\" >2 Ottobre 2024<\/time><\/div><div class='slide-entry-excerpt entry-content'  itemprop=\"text\" >\n\n\n\n\n\n<\/div><\/div><footer class=\"entry-footer\"><\/footer><span class='hidden'>\n\t\t\t\t<span class='av-structured-data'  itemprop=\"image\" itemscope=\"itemscope\" itemtype=\"https:\/\/schema.org\/ImageObject\" >\n\t\t\t\t\t\t<span itemprop='url'>http:\/\/www.amormisericordioso.org\/ita\/wp-content\/uploads\/2024\/10\/Immagini-in-Evidenza-SITO-AM-100.png<\/span>\n\t\t\t\t\t\t<span itemprop='height'>1080<\/span>\n\t\t\t\t\t\t<span itemprop='width'>1080<\/span>\n\t\t\t\t<\/span>\n\t\t\t\t<span class='av-structured-data'  itemprop=\"publisher\" itemtype=\"https:\/\/schema.org\/Organization\" itemscope=\"itemscope\" >\n\t\t\t\t\t\t<span itemprop='name'>Famiglia dell'Amore Misericordioso<\/span>\n\t\t\t\t\t\t<span itemprop='logo' itemscope itemtype='https:\/\/schema.org\/ImageObject'>\n\t\t\t\t\t\t\t<span itemprop='url'>http:\/\/www.amormisericordioso.org\/ita\/wp-content\/uploads\/2018\/02\/logo-fam-italiano.png<\/span>\n\t\t\t\t\t\t <\/span>\n\t\t\t\t<\/span><span class='av-structured-data'  itemprop=\"author\" itemscope=\"itemscope\" itemtype=\"https:\/\/schema.org\/Person\" ><span itemprop='name'>Famiglia dell'Amore Misericordioso<\/span><\/span><span class='av-structured-data'  itemprop=\"datePublished\" datetime=\"2022-01-05T05:11:44+01:00\" >2024-10-02 17:12:21<\/span><span class='av-structured-data'  itemprop=\"dateModified\" itemtype=\"https:\/\/schema.org\/dateModified\" >2024-10-02 17:12:23<\/span><span class='av-structured-data'  itemprop=\"mainEntityOfPage\" itemtype=\"https:\/\/schema.org\/mainEntityOfPage\" ><span itemprop='name'>PROFESSIONI PERPETUE di 4 Figli dell&#8217;Amore Misericordioso<\/span><\/span><\/span><\/article><article class='slide-entry flex_column  post-entry post-entry-5653 slide-entry-overview slide-loop-42 slide-parity-odd  av_one_third  real-thumbnail post-format-standard'  itemscope=\"itemscope\" itemtype=\"https:\/\/schema.org\/CreativeWork\" ><a href='http:\/\/www.amormisericordioso.org\/ita\/rivista-lamore-misericordioso-agosto-2024\/' data-rel='slide-1' class='slide-image' title='Rivista L\u2019AMORE MISERICORDIOSO &#8211; Agosto 2024'><img decoding=\"async\" width=\"495\" height=\"400\" src=\"http:\/\/www.amormisericordioso.org\/ita\/wp-content\/uploads\/2024\/09\/Immagini-in-Evidenza-SITO-AM-99-495x400.png\" class=\"wp-image-5657 avia-img-lazy-loading-not-5657 attachment-portfolio size-portfolio wp-post-image\" alt=\"\" srcset=\"http:\/\/www.amormisericordioso.org\/ita\/wp-content\/uploads\/2024\/09\/Immagini-in-Evidenza-SITO-AM-99-495x400.png 495w, http:\/\/www.amormisericordioso.org\/ita\/wp-content\/uploads\/2024\/09\/Immagini-in-Evidenza-SITO-AM-99-845x684.png 845w\" sizes=\"(max-width: 495px) 100vw, 495px\" \/><\/a><div class='slide-content'><header class=\"entry-content-header\"><h3 class='slide-entry-title entry-title '  itemprop=\"headline\" ><a href='http:\/\/www.amormisericordioso.org\/ita\/rivista-lamore-misericordioso-agosto-2024\/' title='Rivista L\u2019AMORE MISERICORDIOSO &#8211; Agosto 2024'>Rivista L\u2019AMORE MISERICORDIOSO &#8211; Agosto 2024<\/a><\/h3><span class=\"av-vertical-delimiter\"><\/span><\/header><div class='slide-meta'><div class='slide-meta-comments'><a href='http:\/\/www.amormisericordioso.org\/ita\/rivista-lamore-misericordioso-agosto-2024\/#respond'>0 Commenti<\/a><\/div><div class='slide-meta-del'>\/<\/div><time class='slide-meta-time updated'  itemprop=\"datePublished\" datetime=\"2024-09-13T11:36:24+02:00\" >13 Settembre 2024<\/time><\/div><div class='slide-entry-excerpt entry-content'  itemprop=\"text\" >\n\n\n\n\n\n<\/div><\/div><footer class=\"entry-footer\"><\/footer><span class='hidden'>\n\t\t\t\t<span class='av-structured-data'  itemprop=\"image\" itemscope=\"itemscope\" itemtype=\"https:\/\/schema.org\/ImageObject\" >\n\t\t\t\t\t\t<span itemprop='url'>http:\/\/www.amormisericordioso.org\/ita\/wp-content\/uploads\/2024\/09\/Immagini-in-Evidenza-SITO-AM-99.png<\/span>\n\t\t\t\t\t\t<span itemprop='height'>1080<\/span>\n\t\t\t\t\t\t<span itemprop='width'>1080<\/span>\n\t\t\t\t<\/span>\n\t\t\t\t<span class='av-structured-data'  itemprop=\"publisher\" itemtype=\"https:\/\/schema.org\/Organization\" itemscope=\"itemscope\" >\n\t\t\t\t\t\t<span itemprop='name'>Famiglia dell'Amore Misericordioso<\/span>\n\t\t\t\t\t\t<span itemprop='logo' itemscope itemtype='https:\/\/schema.org\/ImageObject'>\n\t\t\t\t\t\t\t<span itemprop='url'>http:\/\/www.amormisericordioso.org\/ita\/wp-content\/uploads\/2018\/02\/logo-fam-italiano.png<\/span>\n\t\t\t\t\t\t <\/span>\n\t\t\t\t<\/span><span class='av-structured-data'  itemprop=\"author\" itemscope=\"itemscope\" itemtype=\"https:\/\/schema.org\/Person\" ><span itemprop='name'>Famiglia dell'Amore Misericordioso<\/span><\/span><span class='av-structured-data'  itemprop=\"datePublished\" datetime=\"2022-01-05T05:11:44+01:00\" >2024-09-13 11:36:24<\/span><span class='av-structured-data'  itemprop=\"dateModified\" itemtype=\"https:\/\/schema.org\/dateModified\" >2024-09-13 11:38:34<\/span><span class='av-structured-data'  itemprop=\"mainEntityOfPage\" itemtype=\"https:\/\/schema.org\/mainEntityOfPage\" ><span itemprop='name'>Rivista L\u2019AMORE MISERICORDIOSO &#8211; Agosto 2024<\/span><\/span><\/span><\/article><\/div><div class='slide-entry-wrap'><article class='slide-entry flex_column  post-entry post-entry-5641 slide-entry-overview slide-loop-43 slide-parity-odd  av_one_third first real-thumbnail post-format-standard'  itemscope=\"itemscope\" itemtype=\"https:\/\/schema.org\/CreativeWork\" ><a href='http:\/\/www.amormisericordioso.org\/ita\/padre-armando-martin-gutierrez-fam-50-anni-di-vita-consacrata\/' data-rel='slide-1' class='slide-image' title='Padre Armando\u00a0Mart\u00edn Guti\u00e9rrez fam: 50 ANNI DI VITA CONSACRATA'><img decoding=\"async\" width=\"495\" height=\"400\" src=\"http:\/\/www.amormisericordioso.org\/ita\/wp-content\/uploads\/2024\/09\/Immagini-in-Evidenza-SITO-AM-97-495x400.png\" class=\"wp-image-5642 avia-img-lazy-loading-not-5642 attachment-portfolio size-portfolio wp-post-image\" alt=\"\" srcset=\"http:\/\/www.amormisericordioso.org\/ita\/wp-content\/uploads\/2024\/09\/Immagini-in-Evidenza-SITO-AM-97-495x400.png 495w, http:\/\/www.amormisericordioso.org\/ita\/wp-content\/uploads\/2024\/09\/Immagini-in-Evidenza-SITO-AM-97-845x684.png 845w\" sizes=\"(max-width: 495px) 100vw, 495px\" \/><\/a><div class='slide-content'><header class=\"entry-content-header\"><h3 class='slide-entry-title entry-title '  itemprop=\"headline\" ><a href='http:\/\/www.amormisericordioso.org\/ita\/padre-armando-martin-gutierrez-fam-50-anni-di-vita-consacrata\/' title='Padre Armando\u00a0Mart\u00edn Guti\u00e9rrez fam: 50 ANNI DI VITA CONSACRATA'>Padre Armando\u00a0Mart\u00edn Guti\u00e9rrez fam: 50 ANNI DI VITA CONSACRATA<\/a><\/h3><span class=\"av-vertical-delimiter\"><\/span><\/header><div class='slide-meta'><div class='slide-meta-comments'><a href='http:\/\/www.amormisericordioso.org\/ita\/padre-armando-martin-gutierrez-fam-50-anni-di-vita-consacrata\/#respond'>0 Commenti<\/a><\/div><div class='slide-meta-del'>\/<\/div><time class='slide-meta-time updated'  itemprop=\"datePublished\" datetime=\"2024-09-08T19:41:51+02:00\" >8 Settembre 2024<\/time><\/div><div class='slide-entry-excerpt entry-content'  itemprop=\"text\" >\n\n\n\n\n\n<\/div><\/div><footer class=\"entry-footer\"><\/footer><span class='hidden'>\n\t\t\t\t<span class='av-structured-data'  itemprop=\"image\" itemscope=\"itemscope\" itemtype=\"https:\/\/schema.org\/ImageObject\" >\n\t\t\t\t\t\t<span itemprop='url'>http:\/\/www.amormisericordioso.org\/ita\/wp-content\/uploads\/2024\/09\/Immagini-in-Evidenza-SITO-AM-97.png<\/span>\n\t\t\t\t\t\t<span itemprop='height'>1080<\/span>\n\t\t\t\t\t\t<span itemprop='width'>1080<\/span>\n\t\t\t\t<\/span>\n\t\t\t\t<span class='av-structured-data'  itemprop=\"publisher\" itemtype=\"https:\/\/schema.org\/Organization\" itemscope=\"itemscope\" >\n\t\t\t\t\t\t<span itemprop='name'>Famiglia dell'Amore Misericordioso<\/span>\n\t\t\t\t\t\t<span itemprop='logo' itemscope itemtype='https:\/\/schema.org\/ImageObject'>\n\t\t\t\t\t\t\t<span itemprop='url'>http:\/\/www.amormisericordioso.org\/ita\/wp-content\/uploads\/2018\/02\/logo-fam-italiano.png<\/span>\n\t\t\t\t\t\t <\/span>\n\t\t\t\t<\/span><span class='av-structured-data'  itemprop=\"author\" itemscope=\"itemscope\" itemtype=\"https:\/\/schema.org\/Person\" ><span itemprop='name'>Famiglia dell'Amore Misericordioso<\/span><\/span><span class='av-structured-data'  itemprop=\"datePublished\" datetime=\"2022-01-05T05:11:44+01:00\" >2024-09-08 19:41:51<\/span><span class='av-structured-data'  itemprop=\"dateModified\" itemtype=\"https:\/\/schema.org\/dateModified\" >2024-09-08 19:42:40<\/span><span class='av-structured-data'  itemprop=\"mainEntityOfPage\" itemtype=\"https:\/\/schema.org\/mainEntityOfPage\" ><span itemprop='name'>Padre Armando\u00a0Mart\u00edn Guti\u00e9rrez fam: 50 ANNI DI VITA CONSACRATA<\/span><\/span><\/span><\/article><article class='slide-entry flex_column  post-entry post-entry-5608 slide-entry-overview slide-loop-44 slide-parity-even  av_one_third  real-thumbnail post-format-standard'  itemscope=\"itemscope\" itemtype=\"https:\/\/schema.org\/CreativeWork\" ><a href='http:\/\/www.amormisericordioso.org\/ita\/sulla-strada-della-misericordia\/' data-rel='slide-1' class='slide-image' title='SULLA STRADA DELLA MISERICORDIA'><img decoding=\"async\" width=\"495\" height=\"400\" src=\"http:\/\/www.amormisericordioso.org\/ita\/wp-content\/uploads\/2024\/08\/Immagini-in-Evidenza-SITO-AM-96-495x400.png\" class=\"wp-image-5633 avia-img-lazy-loading-not-5633 attachment-portfolio size-portfolio wp-post-image\" alt=\"\" srcset=\"http:\/\/www.amormisericordioso.org\/ita\/wp-content\/uploads\/2024\/08\/Immagini-in-Evidenza-SITO-AM-96-495x400.png 495w, http:\/\/www.amormisericordioso.org\/ita\/wp-content\/uploads\/2024\/08\/Immagini-in-Evidenza-SITO-AM-96-845x684.png 845w\" sizes=\"(max-width: 495px) 100vw, 495px\" \/><\/a><div class='slide-content'><header class=\"entry-content-header\"><h3 class='slide-entry-title entry-title '  itemprop=\"headline\" ><a href='http:\/\/www.amormisericordioso.org\/ita\/sulla-strada-della-misericordia\/' title='SULLA STRADA DELLA MISERICORDIA'>SULLA STRADA DELLA MISERICORDIA<\/a><\/h3><span class=\"av-vertical-delimiter\"><\/span><\/header><div class='slide-meta'><div class='slide-meta-comments'><a href='http:\/\/www.amormisericordioso.org\/ita\/sulla-strada-della-misericordia\/#respond'>0 Commenti<\/a><\/div><div class='slide-meta-del'>\/<\/div><time class='slide-meta-time updated'  itemprop=\"datePublished\" datetime=\"2024-08-27T11:34:50+02:00\" >27 Agosto 2024<\/time><\/div><div class='slide-entry-excerpt entry-content'  itemprop=\"text\" >\n\n\n\n\n\n<\/div><\/div><footer class=\"entry-footer\"><\/footer><span class='hidden'>\n\t\t\t\t<span class='av-structured-data'  itemprop=\"image\" itemscope=\"itemscope\" itemtype=\"https:\/\/schema.org\/ImageObject\" >\n\t\t\t\t\t\t<span itemprop='url'>http:\/\/www.amormisericordioso.org\/ita\/wp-content\/uploads\/2024\/08\/Immagini-in-Evidenza-SITO-AM-96.png<\/span>\n\t\t\t\t\t\t<span itemprop='height'>1080<\/span>\n\t\t\t\t\t\t<span itemprop='width'>1080<\/span>\n\t\t\t\t<\/span>\n\t\t\t\t<span class='av-structured-data'  itemprop=\"publisher\" itemtype=\"https:\/\/schema.org\/Organization\" itemscope=\"itemscope\" >\n\t\t\t\t\t\t<span itemprop='name'>Famiglia dell'Amore Misericordioso<\/span>\n\t\t\t\t\t\t<span itemprop='logo' itemscope itemtype='https:\/\/schema.org\/ImageObject'>\n\t\t\t\t\t\t\t<span itemprop='url'>http:\/\/www.amormisericordioso.org\/ita\/wp-content\/uploads\/2018\/02\/logo-fam-italiano.png<\/span>\n\t\t\t\t\t\t <\/span>\n\t\t\t\t<\/span><span class='av-structured-data'  itemprop=\"author\" itemscope=\"itemscope\" itemtype=\"https:\/\/schema.org\/Person\" ><span itemprop='name'>Famiglia dell'Amore Misericordioso<\/span><\/span><span class='av-structured-data'  itemprop=\"datePublished\" datetime=\"2022-01-05T05:11:44+01:00\" >2024-08-27 11:34:50<\/span><span class='av-structured-data'  itemprop=\"dateModified\" itemtype=\"https:\/\/schema.org\/dateModified\" >2024-08-27 11:34:53<\/span><span class='av-structured-data'  itemprop=\"mainEntityOfPage\" itemtype=\"https:\/\/schema.org\/mainEntityOfPage\" ><span itemprop='name'>SULLA STRADA DELLA MISERICORDIA<\/span><\/span><\/span><\/article><article class='slide-entry flex_column  post-entry post-entry-5597 slide-entry-overview slide-loop-45 slide-parity-odd  av_one_third  real-thumbnail post-format-standard'  itemscope=\"itemscope\" itemtype=\"https:\/\/schema.org\/CreativeWork\" ><a href='http:\/\/www.amormisericordioso.org\/ita\/rivista-lamore-misericordioso-luglio-2024\/' data-rel='slide-1' class='slide-image' title='Rivista L\u2019AMORE MISERICORDIOSO &#8211; Luglio 2024'><img decoding=\"async\" width=\"495\" height=\"400\" src=\"http:\/\/www.amormisericordioso.org\/ita\/wp-content\/uploads\/2024\/08\/Immagini-in-Evidenza-SITO-AM-95-495x400.png\" class=\"wp-image-5600 avia-img-lazy-loading-not-5600 attachment-portfolio size-portfolio wp-post-image\" alt=\"\" srcset=\"http:\/\/www.amormisericordioso.org\/ita\/wp-content\/uploads\/2024\/08\/Immagini-in-Evidenza-SITO-AM-95-495x400.png 495w, http:\/\/www.amormisericordioso.org\/ita\/wp-content\/uploads\/2024\/08\/Immagini-in-Evidenza-SITO-AM-95-845x684.png 845w\" sizes=\"(max-width: 495px) 100vw, 495px\" \/><\/a><div class='slide-content'><header class=\"entry-content-header\"><h3 class='slide-entry-title entry-title '  itemprop=\"headline\" ><a href='http:\/\/www.amormisericordioso.org\/ita\/rivista-lamore-misericordioso-luglio-2024\/' title='Rivista L\u2019AMORE MISERICORDIOSO &#8211; Luglio 2024'>Rivista L\u2019AMORE MISERICORDIOSO &#8211; Luglio 2024<\/a><\/h3><span class=\"av-vertical-delimiter\"><\/span><\/header><div class='slide-meta'><div class='slide-meta-comments'><a href='http:\/\/www.amormisericordioso.org\/ita\/rivista-lamore-misericordioso-luglio-2024\/#respond'>0 Commenti<\/a><\/div><div class='slide-meta-del'>\/<\/div><time class='slide-meta-time updated'  itemprop=\"datePublished\" datetime=\"2024-08-07T10:10:25+02:00\" >7 Agosto 2024<\/time><\/div><div class='slide-entry-excerpt entry-content'  itemprop=\"text\" >\n\n\n\n\n\n<\/div><\/div><footer class=\"entry-footer\"><\/footer><span class='hidden'>\n\t\t\t\t<span class='av-structured-data'  itemprop=\"image\" itemscope=\"itemscope\" itemtype=\"https:\/\/schema.org\/ImageObject\" >\n\t\t\t\t\t\t<span itemprop='url'>http:\/\/www.amormisericordioso.org\/ita\/wp-content\/uploads\/2024\/08\/Immagini-in-Evidenza-SITO-AM-95.png<\/span>\n\t\t\t\t\t\t<span itemprop='height'>1080<\/span>\n\t\t\t\t\t\t<span itemprop='width'>1080<\/span>\n\t\t\t\t<\/span>\n\t\t\t\t<span class='av-structured-data'  itemprop=\"publisher\" itemtype=\"https:\/\/schema.org\/Organization\" itemscope=\"itemscope\" >\n\t\t\t\t\t\t<span itemprop='name'>Famiglia dell'Amore Misericordioso<\/span>\n\t\t\t\t\t\t<span itemprop='logo' itemscope itemtype='https:\/\/schema.org\/ImageObject'>\n\t\t\t\t\t\t\t<span itemprop='url'>http:\/\/www.amormisericordioso.org\/ita\/wp-content\/uploads\/2018\/02\/logo-fam-italiano.png<\/span>\n\t\t\t\t\t\t <\/span>\n\t\t\t\t<\/span><span class='av-structured-data'  itemprop=\"author\" itemscope=\"itemscope\" itemtype=\"https:\/\/schema.org\/Person\" ><span itemprop='name'>Famiglia dell'Amore Misericordioso<\/span><\/span><span class='av-structured-data'  itemprop=\"datePublished\" datetime=\"2022-01-05T05:11:44+01:00\" >2024-08-07 10:10:25<\/span><span class='av-structured-data'  itemprop=\"dateModified\" itemtype=\"https:\/\/schema.org\/dateModified\" >2024-08-07 10:10:45<\/span><span class='av-structured-data'  itemprop=\"mainEntityOfPage\" itemtype=\"https:\/\/schema.org\/mainEntityOfPage\" ><span itemprop='name'>Rivista L\u2019AMORE MISERICORDIOSO &#8211; Luglio 2024<\/span><\/span><\/span><\/article><\/div><div class='slide-entry-wrap'><article class='slide-entry flex_column  post-entry post-entry-5591 slide-entry-overview slide-loop-46 slide-parity-odd  av_one_third first real-thumbnail post-format-standard'  itemscope=\"itemscope\" itemtype=\"https:\/\/schema.org\/CreativeWork\" ><a href='http:\/\/www.amormisericordioso.org\/ita\/signore-insegnaci-a-pregare-lc-111\/' data-rel='slide-1' class='slide-image' title='&#8220;Signore, insegnaci a pregare&#8221; (Lc 11,1)'><img decoding=\"async\" width=\"495\" height=\"400\" src=\"http:\/\/www.amormisericordioso.org\/ita\/wp-content\/uploads\/2024\/07\/Immagini-in-Evidenza-SITO-AM-94-495x400.png\" class=\"wp-image-5592 avia-img-lazy-loading-not-5592 attachment-portfolio size-portfolio wp-post-image\" alt=\"\" srcset=\"http:\/\/www.amormisericordioso.org\/ita\/wp-content\/uploads\/2024\/07\/Immagini-in-Evidenza-SITO-AM-94-495x400.png 495w, http:\/\/www.amormisericordioso.org\/ita\/wp-content\/uploads\/2024\/07\/Immagini-in-Evidenza-SITO-AM-94-845x684.png 845w\" sizes=\"(max-width: 495px) 100vw, 495px\" \/><\/a><div class='slide-content'><header class=\"entry-content-header\"><h3 class='slide-entry-title entry-title '  itemprop=\"headline\" ><a href='http:\/\/www.amormisericordioso.org\/ita\/signore-insegnaci-a-pregare-lc-111\/' title='&#8220;Signore, insegnaci a pregare&#8221; (Lc 11,1)'>&#8220;Signore, insegnaci a pregare&#8221; (Lc 11,1)<\/a><\/h3><span class=\"av-vertical-delimiter\"><\/span><\/header><div class='slide-meta'><div class='slide-meta-comments'><a href='http:\/\/www.amormisericordioso.org\/ita\/signore-insegnaci-a-pregare-lc-111\/#respond'>0 Commenti<\/a><\/div><div class='slide-meta-del'>\/<\/div><time class='slide-meta-time updated'  itemprop=\"datePublished\" datetime=\"2024-07-31T11:03:34+02:00\" >31 Luglio 2024<\/time><\/div><div class='slide-entry-excerpt entry-content'  itemprop=\"text\" >\n\n\n\n<\/div><\/div><footer class=\"entry-footer\"><\/footer><span class='hidden'>\n\t\t\t\t<span class='av-structured-data'  itemprop=\"image\" itemscope=\"itemscope\" itemtype=\"https:\/\/schema.org\/ImageObject\" >\n\t\t\t\t\t\t<span itemprop='url'>http:\/\/www.amormisericordioso.org\/ita\/wp-content\/uploads\/2024\/07\/Immagini-in-Evidenza-SITO-AM-94.png<\/span>\n\t\t\t\t\t\t<span itemprop='height'>1080<\/span>\n\t\t\t\t\t\t<span itemprop='width'>1080<\/span>\n\t\t\t\t<\/span>\n\t\t\t\t<span class='av-structured-data'  itemprop=\"publisher\" itemtype=\"https:\/\/schema.org\/Organization\" itemscope=\"itemscope\" >\n\t\t\t\t\t\t<span itemprop='name'>Famiglia dell'Amore Misericordioso<\/span>\n\t\t\t\t\t\t<span itemprop='logo' itemscope itemtype='https:\/\/schema.org\/ImageObject'>\n\t\t\t\t\t\t\t<span itemprop='url'>http:\/\/www.amormisericordioso.org\/ita\/wp-content\/uploads\/2018\/02\/logo-fam-italiano.png<\/span>\n\t\t\t\t\t\t <\/span>\n\t\t\t\t<\/span><span class='av-structured-data'  itemprop=\"author\" itemscope=\"itemscope\" itemtype=\"https:\/\/schema.org\/Person\" ><span itemprop='name'>Famiglia dell'Amore Misericordioso<\/span><\/span><span class='av-structured-data'  itemprop=\"datePublished\" datetime=\"2022-01-05T05:11:44+01:00\" >2024-07-31 11:03:34<\/span><span class='av-structured-data'  itemprop=\"dateModified\" itemtype=\"https:\/\/schema.org\/dateModified\" >2024-07-31 11:03:36<\/span><span class='av-structured-data'  itemprop=\"mainEntityOfPage\" itemtype=\"https:\/\/schema.org\/mainEntityOfPage\" ><span itemprop='name'>&#8220;Signore, insegnaci a pregare&#8221; (Lc 11,1)<\/span><\/span><\/span><\/article><article class='slide-entry flex_column  post-entry post-entry-5583 slide-entry-overview slide-loop-47 slide-parity-even  av_one_third  real-thumbnail post-format-standard'  itemscope=\"itemscope\" itemtype=\"https:\/\/schema.org\/CreativeWork\" ><a href='http:\/\/www.amormisericordioso.org\/ita\/professione-religiosa-di-sr-camille-tanta-gioia-al-santuario-dellamore-misericordioso\/' data-rel='slide-1' class='slide-image' title='PROFESSIONE RELIGIOSA di sr. Camille: tanta gioia al Santuario dell&#8217;Amore Misericordioso'><img decoding=\"async\" width=\"495\" height=\"400\" src=\"http:\/\/www.amormisericordioso.org\/ita\/wp-content\/uploads\/2024\/07\/Immagini-in-Evidenza-SITO-AM-93-495x400.png\" class=\"wp-image-5589 avia-img-lazy-loading-not-5589 attachment-portfolio size-portfolio wp-post-image\" alt=\"\" srcset=\"http:\/\/www.amormisericordioso.org\/ita\/wp-content\/uploads\/2024\/07\/Immagini-in-Evidenza-SITO-AM-93-495x400.png 495w, http:\/\/www.amormisericordioso.org\/ita\/wp-content\/uploads\/2024\/07\/Immagini-in-Evidenza-SITO-AM-93-845x684.png 845w\" sizes=\"(max-width: 495px) 100vw, 495px\" \/><\/a><div class='slide-content'><header class=\"entry-content-header\"><h3 class='slide-entry-title entry-title '  itemprop=\"headline\" ><a href='http:\/\/www.amormisericordioso.org\/ita\/professione-religiosa-di-sr-camille-tanta-gioia-al-santuario-dellamore-misericordioso\/' title='PROFESSIONE RELIGIOSA di sr. Camille: tanta gioia al Santuario dell&#8217;Amore Misericordioso'>PROFESSIONE RELIGIOSA di sr. Camille: tanta gioia al Santuario dell&#8217;Amore Misericordioso<\/a><\/h3><span class=\"av-vertical-delimiter\"><\/span><\/header><div class='slide-meta'><div class='slide-meta-comments'><a href='http:\/\/www.amormisericordioso.org\/ita\/professione-religiosa-di-sr-camille-tanta-gioia-al-santuario-dellamore-misericordioso\/#respond'>0 Commenti<\/a><\/div><div class='slide-meta-del'>\/<\/div><time class='slide-meta-time updated'  itemprop=\"datePublished\" datetime=\"2024-07-31T10:28:10+02:00\" >31 Luglio 2024<\/time><\/div><div class='slide-entry-excerpt entry-content'  itemprop=\"text\" >\n\n\n\n<\/div><\/div><footer class=\"entry-footer\"><\/footer><span class='hidden'>\n\t\t\t\t<span class='av-structured-data'  itemprop=\"image\" itemscope=\"itemscope\" itemtype=\"https:\/\/schema.org\/ImageObject\" >\n\t\t\t\t\t\t<span itemprop='url'>http:\/\/www.amormisericordioso.org\/ita\/wp-content\/uploads\/2024\/07\/Immagini-in-Evidenza-SITO-AM-93.png<\/span>\n\t\t\t\t\t\t<span itemprop='height'>1080<\/span>\n\t\t\t\t\t\t<span itemprop='width'>1080<\/span>\n\t\t\t\t<\/span>\n\t\t\t\t<span class='av-structured-data'  itemprop=\"publisher\" itemtype=\"https:\/\/schema.org\/Organization\" itemscope=\"itemscope\" >\n\t\t\t\t\t\t<span itemprop='name'>Famiglia dell'Amore Misericordioso<\/span>\n\t\t\t\t\t\t<span itemprop='logo' itemscope itemtype='https:\/\/schema.org\/ImageObject'>\n\t\t\t\t\t\t\t<span itemprop='url'>http:\/\/www.amormisericordioso.org\/ita\/wp-content\/uploads\/2018\/02\/logo-fam-italiano.png<\/span>\n\t\t\t\t\t\t <\/span>\n\t\t\t\t<\/span><span class='av-structured-data'  itemprop=\"author\" itemscope=\"itemscope\" itemtype=\"https:\/\/schema.org\/Person\" ><span itemprop='name'>Famiglia dell'Amore Misericordioso<\/span><\/span><span class='av-structured-data'  itemprop=\"datePublished\" datetime=\"2022-01-05T05:11:44+01:00\" >2024-07-31 10:28:10<\/span><span class='av-structured-data'  itemprop=\"dateModified\" itemtype=\"https:\/\/schema.org\/dateModified\" >2024-07-31 10:28:12<\/span><span class='av-structured-data'  itemprop=\"mainEntityOfPage\" itemtype=\"https:\/\/schema.org\/mainEntityOfPage\" ><span itemprop='name'>PROFESSIONE RELIGIOSA di sr. Camille: tanta gioia al Santuario dell&#8217;Amore Misericordioso<\/span><\/span><\/span><\/article><article class='slide-entry flex_column  post-entry post-entry-5578 slide-entry-overview slide-loop-48 slide-parity-odd  av_one_third  real-thumbnail post-format-standard'  itemscope=\"itemscope\" itemtype=\"https:\/\/schema.org\/CreativeWork\" ><a href='http:\/\/www.amormisericordioso.org\/ita\/ordinazione-sacerdotale-di-p-filippo-digregorio-fam\/' data-rel='slide-1' class='slide-image' title='ORDINAZIONE SACERDOTALE di P. Filippo Digregorio FAM'><img decoding=\"async\" width=\"495\" height=\"400\" src=\"http:\/\/www.amormisericordioso.org\/ita\/wp-content\/uploads\/2024\/07\/Immagini-in-Evidenza-SITO-AM-92-495x400.png\" class=\"wp-image-5581 avia-img-lazy-loading-not-5581 attachment-portfolio size-portfolio wp-post-image\" alt=\"\" srcset=\"http:\/\/www.amormisericordioso.org\/ita\/wp-content\/uploads\/2024\/07\/Immagini-in-Evidenza-SITO-AM-92-495x400.png 495w, http:\/\/www.amormisericordioso.org\/ita\/wp-content\/uploads\/2024\/07\/Immagini-in-Evidenza-SITO-AM-92-845x684.png 845w\" sizes=\"(max-width: 495px) 100vw, 495px\" \/><\/a><div class='slide-content'><header class=\"entry-content-header\"><h3 class='slide-entry-title entry-title '  itemprop=\"headline\" ><a href='http:\/\/www.amormisericordioso.org\/ita\/ordinazione-sacerdotale-di-p-filippo-digregorio-fam\/' title='ORDINAZIONE SACERDOTALE di P. Filippo Digregorio FAM'>ORDINAZIONE SACERDOTALE di P. Filippo Digregorio FAM<\/a><\/h3><span class=\"av-vertical-delimiter\"><\/span><\/header><div class='slide-meta'><div class='slide-meta-comments'><a href='http:\/\/www.amormisericordioso.org\/ita\/ordinazione-sacerdotale-di-p-filippo-digregorio-fam\/#respond'>0 Commenti<\/a><\/div><div class='slide-meta-del'>\/<\/div><time class='slide-meta-time updated'  itemprop=\"datePublished\" datetime=\"2024-07-31T09:57:36+02:00\" >31 Luglio 2024<\/time><\/div><div class='slide-entry-excerpt entry-content'  itemprop=\"text\" >\n\n\n\n<\/div><\/div><footer class=\"entry-footer\"><\/footer><span class='hidden'>\n\t\t\t\t<span class='av-structured-data'  itemprop=\"image\" itemscope=\"itemscope\" itemtype=\"https:\/\/schema.org\/ImageObject\" >\n\t\t\t\t\t\t<span itemprop='url'>http:\/\/www.amormisericordioso.org\/ita\/wp-content\/uploads\/2024\/07\/Immagini-in-Evidenza-SITO-AM-92.png<\/span>\n\t\t\t\t\t\t<span itemprop='height'>1080<\/span>\n\t\t\t\t\t\t<span itemprop='width'>1080<\/span>\n\t\t\t\t<\/span>\n\t\t\t\t<span class='av-structured-data'  itemprop=\"publisher\" itemtype=\"https:\/\/schema.org\/Organization\" itemscope=\"itemscope\" >\n\t\t\t\t\t\t<span itemprop='name'>Famiglia dell'Amore Misericordioso<\/span>\n\t\t\t\t\t\t<span itemprop='logo' itemscope itemtype='https:\/\/schema.org\/ImageObject'>\n\t\t\t\t\t\t\t<span itemprop='url'>http:\/\/www.amormisericordioso.org\/ita\/wp-content\/uploads\/2018\/02\/logo-fam-italiano.png<\/span>\n\t\t\t\t\t\t <\/span>\n\t\t\t\t<\/span><span class='av-structured-data'  itemprop=\"author\" itemscope=\"itemscope\" itemtype=\"https:\/\/schema.org\/Person\" ><span itemprop='name'>Famiglia dell'Amore Misericordioso<\/span><\/span><span class='av-structured-data'  itemprop=\"datePublished\" datetime=\"2022-01-05T05:11:44+01:00\" >2024-07-31 09:57:36<\/span><span class='av-structured-data'  itemprop=\"dateModified\" itemtype=\"https:\/\/schema.org\/dateModified\" >2024-07-31 09:57:38<\/span><span class='av-structured-data'  itemprop=\"mainEntityOfPage\" itemtype=\"https:\/\/schema.org\/mainEntityOfPage\" ><span itemprop='name'>ORDINAZIONE SACERDOTALE di P. Filippo Digregorio FAM<\/span><\/span><\/span><\/article><\/div><div class='slide-entry-wrap'><article class='slide-entry flex_column  post-entry post-entry-5562 slide-entry-overview slide-loop-49 slide-parity-odd  av_one_third first real-thumbnail post-format-standard'  itemscope=\"itemscope\" itemtype=\"https:\/\/schema.org\/CreativeWork\" ><a href='http:\/\/www.amormisericordioso.org\/ita\/rivista-lamore-misericordioso-maggio-2024\/' data-rel='slide-1' class='slide-image' title='Rivista L\u2019AMORE MISERICORDIOSO &#8211; Maggio 2024'><img decoding=\"async\" width=\"495\" height=\"400\" src=\"http:\/\/www.amormisericordioso.org\/ita\/wp-content\/uploads\/2024\/06\/Immagini-in-Evidenza-SITO-AM-91-495x400.png\" class=\"wp-image-5564 avia-img-lazy-loading-not-5564 attachment-portfolio size-portfolio wp-post-image\" alt=\"\" srcset=\"http:\/\/www.amormisericordioso.org\/ita\/wp-content\/uploads\/2024\/06\/Immagini-in-Evidenza-SITO-AM-91-495x400.png 495w, http:\/\/www.amormisericordioso.org\/ita\/wp-content\/uploads\/2024\/06\/Immagini-in-Evidenza-SITO-AM-91-845x684.png 845w\" sizes=\"(max-width: 495px) 100vw, 495px\" \/><\/a><div class='slide-content'><header class=\"entry-content-header\"><h3 class='slide-entry-title entry-title '  itemprop=\"headline\" ><a href='http:\/\/www.amormisericordioso.org\/ita\/rivista-lamore-misericordioso-maggio-2024\/' title='Rivista L\u2019AMORE MISERICORDIOSO &#8211; Maggio 2024'>Rivista L\u2019AMORE MISERICORDIOSO &#8211; Maggio 2024<\/a><\/h3><span class=\"av-vertical-delimiter\"><\/span><\/header><div class='slide-meta'><div class='slide-meta-comments'><a href='http:\/\/www.amormisericordioso.org\/ita\/rivista-lamore-misericordioso-maggio-2024\/#respond'>0 Commenti<\/a><\/div><div class='slide-meta-del'>\/<\/div><time class='slide-meta-time updated'  itemprop=\"datePublished\" datetime=\"2024-06-20T12:14:13+02:00\" >20 Giugno 2024<\/time><\/div><div class='slide-entry-excerpt entry-content'  itemprop=\"text\" >\n\n\n\n<\/div><\/div><footer class=\"entry-footer\"><\/footer><span class='hidden'>\n\t\t\t\t<span class='av-structured-data'  itemprop=\"image\" itemscope=\"itemscope\" itemtype=\"https:\/\/schema.org\/ImageObject\" >\n\t\t\t\t\t\t<span itemprop='url'>http:\/\/www.amormisericordioso.org\/ita\/wp-content\/uploads\/2024\/06\/Immagini-in-Evidenza-SITO-AM-91.png<\/span>\n\t\t\t\t\t\t<span itemprop='height'>1080<\/span>\n\t\t\t\t\t\t<span itemprop='width'>1080<\/span>\n\t\t\t\t<\/span>\n\t\t\t\t<span class='av-structured-data'  itemprop=\"publisher\" itemtype=\"https:\/\/schema.org\/Organization\" itemscope=\"itemscope\" >\n\t\t\t\t\t\t<span itemprop='name'>Famiglia dell'Amore Misericordioso<\/span>\n\t\t\t\t\t\t<span itemprop='logo' itemscope itemtype='https:\/\/schema.org\/ImageObject'>\n\t\t\t\t\t\t\t<span itemprop='url'>http:\/\/www.amormisericordioso.org\/ita\/wp-content\/uploads\/2018\/02\/logo-fam-italiano.png<\/span>\n\t\t\t\t\t\t <\/span>\n\t\t\t\t<\/span><span class='av-structured-data'  itemprop=\"author\" itemscope=\"itemscope\" itemtype=\"https:\/\/schema.org\/Person\" ><span itemprop='name'>Famiglia dell'Amore Misericordioso<\/span><\/span><span class='av-structured-data'  itemprop=\"datePublished\" datetime=\"2022-01-05T05:11:44+01:00\" >2024-06-20 12:14:13<\/span><span class='av-structured-data'  itemprop=\"dateModified\" itemtype=\"https:\/\/schema.org\/dateModified\" >2024-06-20 12:19:00<\/span><span class='av-structured-data'  itemprop=\"mainEntityOfPage\" itemtype=\"https:\/\/schema.org\/mainEntityOfPage\" ><span itemprop='name'>Rivista L\u2019AMORE MISERICORDIOSO &#8211; Maggio 2024<\/span><\/span><\/span><\/article><article class='slide-entry flex_column  post-entry post-entry-5517 slide-entry-overview slide-loop-50 slide-parity-even  av_one_third  real-thumbnail post-format-standard'  itemscope=\"itemscope\" itemtype=\"https:\/\/schema.org\/CreativeWork\" ><a href='http:\/\/www.amormisericordioso.org\/ita\/festa-in-tutto-il-mondo-per-la-beata-madre-speranza\/' data-rel='slide-1' class='slide-image' title='FESTA IN TUTTO IL MONDO per la Beata Madre Speranza'><img decoding=\"async\" width=\"495\" height=\"400\" src=\"http:\/\/www.amormisericordioso.org\/ita\/wp-content\/uploads\/2024\/06\/Immagini-in-Evidenza-SITO-AM-87-495x400.png\" class=\"wp-image-5541 avia-img-lazy-loading-not-5541 attachment-portfolio size-portfolio wp-post-image\" alt=\"\" srcset=\"http:\/\/www.amormisericordioso.org\/ita\/wp-content\/uploads\/2024\/06\/Immagini-in-Evidenza-SITO-AM-87-495x400.png 495w, http:\/\/www.amormisericordioso.org\/ita\/wp-content\/uploads\/2024\/06\/Immagini-in-Evidenza-SITO-AM-87-845x684.png 845w\" sizes=\"(max-width: 495px) 100vw, 495px\" \/><\/a><div class='slide-content'><header class=\"entry-content-header\"><h3 class='slide-entry-title entry-title '  itemprop=\"headline\" ><a href='http:\/\/www.amormisericordioso.org\/ita\/festa-in-tutto-il-mondo-per-la-beata-madre-speranza\/' title='FESTA IN TUTTO IL MONDO per la Beata Madre Speranza'>FESTA IN TUTTO IL MONDO per la Beata Madre Speranza<\/a><\/h3><span class=\"av-vertical-delimiter\"><\/span><\/header><div class='slide-meta'><div class='slide-meta-comments'><a href='http:\/\/www.amormisericordioso.org\/ita\/festa-in-tutto-il-mondo-per-la-beata-madre-speranza\/#respond'>0 Commenti<\/a><\/div><div class='slide-meta-del'>\/<\/div><time class='slide-meta-time updated'  itemprop=\"datePublished\" datetime=\"2024-06-04T16:51:28+02:00\" >4 Giugno 2024<\/time><\/div><div class='slide-entry-excerpt entry-content'  itemprop=\"text\" >\n\n\n\n<\/div><\/div><footer class=\"entry-footer\"><\/footer><span class='hidden'>\n\t\t\t\t<span class='av-structured-data'  itemprop=\"image\" itemscope=\"itemscope\" itemtype=\"https:\/\/schema.org\/ImageObject\" >\n\t\t\t\t\t\t<span itemprop='url'>http:\/\/www.amormisericordioso.org\/ita\/wp-content\/uploads\/2024\/06\/Immagini-in-Evidenza-SITO-AM-87.png<\/span>\n\t\t\t\t\t\t<span itemprop='height'>1080<\/span>\n\t\t\t\t\t\t<span itemprop='width'>1080<\/span>\n\t\t\t\t<\/span>\n\t\t\t\t<span class='av-structured-data'  itemprop=\"publisher\" itemtype=\"https:\/\/schema.org\/Organization\" itemscope=\"itemscope\" >\n\t\t\t\t\t\t<span itemprop='name'>Famiglia dell'Amore Misericordioso<\/span>\n\t\t\t\t\t\t<span itemprop='logo' itemscope itemtype='https:\/\/schema.org\/ImageObject'>\n\t\t\t\t\t\t\t<span itemprop='url'>http:\/\/www.amormisericordioso.org\/ita\/wp-content\/uploads\/2018\/02\/logo-fam-italiano.png<\/span>\n\t\t\t\t\t\t <\/span>\n\t\t\t\t<\/span><span class='av-structured-data'  itemprop=\"author\" itemscope=\"itemscope\" itemtype=\"https:\/\/schema.org\/Person\" ><span itemprop='name'>Famiglia dell'Amore Misericordioso<\/span><\/span><span class='av-structured-data'  itemprop=\"datePublished\" datetime=\"2022-01-05T05:11:44+01:00\" >2024-06-04 16:51:28<\/span><span class='av-structured-data'  itemprop=\"dateModified\" itemtype=\"https:\/\/schema.org\/dateModified\" >2024-06-04 16:56:04<\/span><span class='av-structured-data'  itemprop=\"mainEntityOfPage\" itemtype=\"https:\/\/schema.org\/mainEntityOfPage\" ><span itemprop='name'>FESTA IN TUTTO IL MONDO per la Beata Madre Speranza<\/span><\/span><\/span><\/article><article class='slide-entry flex_column  post-entry post-entry-5512 slide-entry-overview slide-loop-51 slide-parity-odd  av_one_third  real-thumbnail post-format-standard'  itemscope=\"itemscope\" itemtype=\"https:\/\/schema.org\/CreativeWork\" ><a href='http:\/\/www.amormisericordioso.org\/ita\/mons-fabio-fabene-il-sacrificio-dellaltare-ci-rivela-lamore-misericordioso\/' data-rel='slide-1' class='slide-image' title='Mons. Fabio Fabene: &#8220;IL SACRIFICIO DELL&#8217;ALTARE CI RIVELA L&#8217;AMORE MISERICORDIOSO&#8221;'><img decoding=\"async\" width=\"495\" height=\"400\" src=\"http:\/\/www.amormisericordioso.org\/ita\/wp-content\/uploads\/2024\/06\/Immagini-in-Evidenza-SITO-AM-86-495x400.png\" class=\"wp-image-5515 avia-img-lazy-loading-not-5515 attachment-portfolio size-portfolio wp-post-image\" alt=\"\" srcset=\"http:\/\/www.amormisericordioso.org\/ita\/wp-content\/uploads\/2024\/06\/Immagini-in-Evidenza-SITO-AM-86-495x400.png 495w, http:\/\/www.amormisericordioso.org\/ita\/wp-content\/uploads\/2024\/06\/Immagini-in-Evidenza-SITO-AM-86-845x684.png 845w\" sizes=\"(max-width: 495px) 100vw, 495px\" \/><\/a><div class='slide-content'><header class=\"entry-content-header\"><h3 class='slide-entry-title entry-title '  itemprop=\"headline\" ><a href='http:\/\/www.amormisericordioso.org\/ita\/mons-fabio-fabene-il-sacrificio-dellaltare-ci-rivela-lamore-misericordioso\/' title='Mons. Fabio Fabene: &#8220;IL SACRIFICIO DELL&#8217;ALTARE CI RIVELA L&#8217;AMORE MISERICORDIOSO&#8221;'>Mons. Fabio Fabene: &#8220;IL SACRIFICIO DELL&#8217;ALTARE CI RIVELA L&#8217;AMORE MISERICORDIOSO&#8221;<\/a><\/h3><span class=\"av-vertical-delimiter\"><\/span><\/header><div class='slide-meta'><div class='slide-meta-comments'><a href='http:\/\/www.amormisericordioso.org\/ita\/mons-fabio-fabene-il-sacrificio-dellaltare-ci-rivela-lamore-misericordioso\/#respond'>0 Commenti<\/a><\/div><div class='slide-meta-del'>\/<\/div><time class='slide-meta-time updated'  itemprop=\"datePublished\" datetime=\"2024-06-03T11:32:40+02:00\" >3 Giugno 2024<\/time><\/div><div class='slide-entry-excerpt entry-content'  itemprop=\"text\" >\n\n\n\n<\/div><\/div><footer class=\"entry-footer\"><\/footer><span class='hidden'>\n\t\t\t\t<span class='av-structured-data'  itemprop=\"image\" itemscope=\"itemscope\" itemtype=\"https:\/\/schema.org\/ImageObject\" >\n\t\t\t\t\t\t<span itemprop='url'>http:\/\/www.amormisericordioso.org\/ita\/wp-content\/uploads\/2024\/06\/Immagini-in-Evidenza-SITO-AM-86.png<\/span>\n\t\t\t\t\t\t<span itemprop='height'>1080<\/span>\n\t\t\t\t\t\t<span itemprop='width'>1080<\/span>\n\t\t\t\t<\/span>\n\t\t\t\t<span class='av-structured-data'  itemprop=\"publisher\" itemtype=\"https:\/\/schema.org\/Organization\" itemscope=\"itemscope\" >\n\t\t\t\t\t\t<span itemprop='name'>Famiglia dell'Amore Misericordioso<\/span>\n\t\t\t\t\t\t<span itemprop='logo' itemscope itemtype='https:\/\/schema.org\/ImageObject'>\n\t\t\t\t\t\t\t<span itemprop='url'>http:\/\/www.amormisericordioso.org\/ita\/wp-content\/uploads\/2018\/02\/logo-fam-italiano.png<\/span>\n\t\t\t\t\t\t <\/span>\n\t\t\t\t<\/span><span class='av-structured-data'  itemprop=\"author\" itemscope=\"itemscope\" itemtype=\"https:\/\/schema.org\/Person\" ><span itemprop='name'>Famiglia dell'Amore Misericordioso<\/span><\/span><span class='av-structured-data'  itemprop=\"datePublished\" datetime=\"2022-01-05T05:11:44+01:00\" >2024-06-03 11:32:40<\/span><span class='av-structured-data'  itemprop=\"dateModified\" itemtype=\"https:\/\/schema.org\/dateModified\" >2024-06-03 11:32:43<\/span><span class='av-structured-data'  itemprop=\"mainEntityOfPage\" itemtype=\"https:\/\/schema.org\/mainEntityOfPage\" ><span itemprop='name'>Mons. Fabio Fabene: &#8220;IL SACRIFICIO DELL&#8217;ALTARE CI RIVELA L&#8217;AMORE MISERICORDIOSO&#8221;<\/span><\/span><\/span><\/article><\/div><div class='slide-entry-wrap'><article class='slide-entry flex_column  post-entry post-entry-5508 slide-entry-overview slide-loop-52 slide-parity-odd  av_one_third first real-thumbnail post-format-standard'  itemscope=\"itemscope\" itemtype=\"https:\/\/schema.org\/CreativeWork\" ><a href='http:\/\/www.amormisericordioso.org\/ita\/tv-2000-torna-al-santuario-dellamore-misericordioso-2\/' data-rel='slide-1' class='slide-image' title='TV 2000 TORNA AL SANTUARIO DELL&#8217;AMORE MISERICORDIOSO'><img decoding=\"async\" width=\"495\" height=\"400\" src=\"http:\/\/www.amormisericordioso.org\/ita\/wp-content\/uploads\/2023\/11\/Immagini-in-Evidenza-SITO-AM-54-495x400.png\" class=\"wp-image-5179 avia-img-lazy-loading-not-5179 attachment-portfolio size-portfolio wp-post-image\" alt=\"\" srcset=\"http:\/\/www.amormisericordioso.org\/ita\/wp-content\/uploads\/2023\/11\/Immagini-in-Evidenza-SITO-AM-54-495x400.png 495w, http:\/\/www.amormisericordioso.org\/ita\/wp-content\/uploads\/2023\/11\/Immagini-in-Evidenza-SITO-AM-54-845x684.png 845w\" sizes=\"(max-width: 495px) 100vw, 495px\" \/><\/a><div class='slide-content'><header class=\"entry-content-header\"><h3 class='slide-entry-title entry-title '  itemprop=\"headline\" ><a href='http:\/\/www.amormisericordioso.org\/ita\/tv-2000-torna-al-santuario-dellamore-misericordioso-2\/' title='TV 2000 TORNA AL SANTUARIO DELL&#8217;AMORE MISERICORDIOSO'>TV 2000 TORNA AL SANTUARIO DELL&#8217;AMORE MISERICORDIOSO<\/a><\/h3><span class=\"av-vertical-delimiter\"><\/span><\/header><div class='slide-meta'><div class='slide-meta-comments'><a href='http:\/\/www.amormisericordioso.org\/ita\/tv-2000-torna-al-santuario-dellamore-misericordioso-2\/#respond'>0 Commenti<\/a><\/div><div class='slide-meta-del'>\/<\/div><time class='slide-meta-time updated'  itemprop=\"datePublished\" datetime=\"2024-05-30T12:22:58+02:00\" >30 Maggio 2024<\/time><\/div><div class='slide-entry-excerpt entry-content'  itemprop=\"text\" >\n\n\n\n<\/div><\/div><footer class=\"entry-footer\"><\/footer><span class='hidden'>\n\t\t\t\t<span class='av-structured-data'  itemprop=\"image\" itemscope=\"itemscope\" itemtype=\"https:\/\/schema.org\/ImageObject\" >\n\t\t\t\t\t\t<span itemprop='url'>http:\/\/www.amormisericordioso.org\/ita\/wp-content\/uploads\/2023\/11\/Immagini-in-Evidenza-SITO-AM-54.png<\/span>\n\t\t\t\t\t\t<span itemprop='height'>1080<\/span>\n\t\t\t\t\t\t<span itemprop='width'>1080<\/span>\n\t\t\t\t<\/span>\n\t\t\t\t<span class='av-structured-data'  itemprop=\"publisher\" itemtype=\"https:\/\/schema.org\/Organization\" itemscope=\"itemscope\" >\n\t\t\t\t\t\t<span itemprop='name'>Famiglia dell'Amore Misericordioso<\/span>\n\t\t\t\t\t\t<span itemprop='logo' itemscope itemtype='https:\/\/schema.org\/ImageObject'>\n\t\t\t\t\t\t\t<span itemprop='url'>http:\/\/www.amormisericordioso.org\/ita\/wp-content\/uploads\/2018\/02\/logo-fam-italiano.png<\/span>\n\t\t\t\t\t\t <\/span>\n\t\t\t\t<\/span><span class='av-structured-data'  itemprop=\"author\" itemscope=\"itemscope\" itemtype=\"https:\/\/schema.org\/Person\" ><span itemprop='name'>Famiglia dell'Amore Misericordioso<\/span><\/span><span class='av-structured-data'  itemprop=\"datePublished\" datetime=\"2022-01-05T05:11:44+01:00\" >2024-05-30 12:22:58<\/span><span class='av-structured-data'  itemprop=\"dateModified\" itemtype=\"https:\/\/schema.org\/dateModified\" >2024-05-30 12:24:35<\/span><span class='av-structured-data'  itemprop=\"mainEntityOfPage\" itemtype=\"https:\/\/schema.org\/mainEntityOfPage\" ><span itemprop='name'>TV 2000 TORNA AL SANTUARIO DELL&#8217;AMORE MISERICORDIOSO<\/span><\/span><\/span><\/article><article class='slide-entry flex_column  post-entry post-entry-5498 slide-entry-overview slide-loop-53 slide-parity-even  av_one_third  real-thumbnail post-format-standard'  itemscope=\"itemscope\" itemtype=\"https:\/\/schema.org\/CreativeWork\" ><a href='http:\/\/www.amormisericordioso.org\/ita\/dalla-beatificazione-di-madre-speranza-un-decennio-di-gioia-e-di-speranza\/' data-rel='slide-1' class='slide-image' title='Dalla beatificazione di Madre Speranza: UN DECENNIO DI GIOIA E DI SPERANZA'><img decoding=\"async\" width=\"495\" height=\"400\" src=\"http:\/\/www.amormisericordioso.org\/ita\/wp-content\/uploads\/2024\/05\/Immagini-in-Evidenza-SITO-AM-32-495x400.png\" class=\"wp-image-5502 avia-img-lazy-loading-not-5502 attachment-portfolio size-portfolio wp-post-image\" alt=\"\" srcset=\"http:\/\/www.amormisericordioso.org\/ita\/wp-content\/uploads\/2024\/05\/Immagini-in-Evidenza-SITO-AM-32-495x400.png 495w, http:\/\/www.amormisericordioso.org\/ita\/wp-content\/uploads\/2024\/05\/Immagini-in-Evidenza-SITO-AM-32-845x684.png 845w\" sizes=\"(max-width: 495px) 100vw, 495px\" \/><\/a><div class='slide-content'><header class=\"entry-content-header\"><h3 class='slide-entry-title entry-title '  itemprop=\"headline\" ><a href='http:\/\/www.amormisericordioso.org\/ita\/dalla-beatificazione-di-madre-speranza-un-decennio-di-gioia-e-di-speranza\/' title='Dalla beatificazione di Madre Speranza: UN DECENNIO DI GIOIA E DI SPERANZA'>Dalla beatificazione di Madre Speranza: UN DECENNIO DI GIOIA E DI SPERANZA<\/a><\/h3><span class=\"av-vertical-delimiter\"><\/span><\/header><div class='slide-meta'><div class='slide-meta-comments'><a href='http:\/\/www.amormisericordioso.org\/ita\/dalla-beatificazione-di-madre-speranza-un-decennio-di-gioia-e-di-speranza\/#respond'>0 Commenti<\/a><\/div><div class='slide-meta-del'>\/<\/div><time class='slide-meta-time updated'  itemprop=\"datePublished\" datetime=\"2024-05-27T12:47:45+02:00\" >27 Maggio 2024<\/time><\/div><div class='slide-entry-excerpt entry-content'  itemprop=\"text\" >\n\n\n\n<\/div><\/div><footer class=\"entry-footer\"><\/footer><span class='hidden'>\n\t\t\t\t<span class='av-structured-data'  itemprop=\"image\" itemscope=\"itemscope\" itemtype=\"https:\/\/schema.org\/ImageObject\" >\n\t\t\t\t\t\t<span itemprop='url'>http:\/\/www.amormisericordioso.org\/ita\/wp-content\/uploads\/2024\/05\/Immagini-in-Evidenza-SITO-AM-32.png<\/span>\n\t\t\t\t\t\t<span itemprop='height'>1080<\/span>\n\t\t\t\t\t\t<span itemprop='width'>1080<\/span>\n\t\t\t\t<\/span>\n\t\t\t\t<span class='av-structured-data'  itemprop=\"publisher\" itemtype=\"https:\/\/schema.org\/Organization\" itemscope=\"itemscope\" >\n\t\t\t\t\t\t<span itemprop='name'>Famiglia dell'Amore Misericordioso<\/span>\n\t\t\t\t\t\t<span itemprop='logo' itemscope itemtype='https:\/\/schema.org\/ImageObject'>\n\t\t\t\t\t\t\t<span itemprop='url'>http:\/\/www.amormisericordioso.org\/ita\/wp-content\/uploads\/2018\/02\/logo-fam-italiano.png<\/span>\n\t\t\t\t\t\t <\/span>\n\t\t\t\t<\/span><span class='av-structured-data'  itemprop=\"author\" itemscope=\"itemscope\" itemtype=\"https:\/\/schema.org\/Person\" ><span itemprop='name'>Famiglia dell'Amore Misericordioso<\/span><\/span><span class='av-structured-data'  itemprop=\"datePublished\" datetime=\"2022-01-05T05:11:44+01:00\" >2024-05-27 12:47:45<\/span><span class='av-structured-data'  itemprop=\"dateModified\" itemtype=\"https:\/\/schema.org\/dateModified\" >2024-05-27 12:47:47<\/span><span class='av-structured-data'  itemprop=\"mainEntityOfPage\" itemtype=\"https:\/\/schema.org\/mainEntityOfPage\" ><span itemprop='name'>Dalla beatificazione di Madre Speranza: UN DECENNIO DI GIOIA E DI SPERANZA<\/span><\/span><\/span><\/article><article class='slide-entry flex_column  post-entry post-entry-5465 slide-entry-overview slide-loop-54 slide-parity-odd  av_one_third  real-thumbnail post-format-standard'  itemscope=\"itemscope\" itemtype=\"https:\/\/schema.org\/CreativeWork\" ><a href='http:\/\/www.amormisericordioso.org\/ita\/giovani-dellamore-misericordioso-tra-le-case-di-maria\/' data-rel='slide-1' class='slide-image' title='Giovani dell&#8217;Amore Misericordioso TRA LE CASE DI MARIA'><img decoding=\"async\" width=\"495\" height=\"400\" src=\"http:\/\/www.amormisericordioso.org\/ita\/wp-content\/uploads\/2024\/05\/Immagini-in-Evidenza-SITO-AM-85-495x400.png\" class=\"wp-image-5496 avia-img-lazy-loading-not-5496 attachment-portfolio size-portfolio wp-post-image\" alt=\"\" srcset=\"http:\/\/www.amormisericordioso.org\/ita\/wp-content\/uploads\/2024\/05\/Immagini-in-Evidenza-SITO-AM-85-495x400.png 495w, http:\/\/www.amormisericordioso.org\/ita\/wp-content\/uploads\/2024\/05\/Immagini-in-Evidenza-SITO-AM-85-845x684.png 845w\" sizes=\"(max-width: 495px) 100vw, 495px\" \/><\/a><div class='slide-content'><header class=\"entry-content-header\"><h3 class='slide-entry-title entry-title '  itemprop=\"headline\" ><a href='http:\/\/www.amormisericordioso.org\/ita\/giovani-dellamore-misericordioso-tra-le-case-di-maria\/' title='Giovani dell&#8217;Amore Misericordioso TRA LE CASE DI MARIA'>Giovani dell&#8217;Amore Misericordioso TRA LE CASE DI MARIA<\/a><\/h3><span class=\"av-vertical-delimiter\"><\/span><\/header><div class='slide-meta'><time class='slide-meta-time updated'  itemprop=\"datePublished\" datetime=\"2024-05-26T10:34:33+02:00\" >26 Maggio 2024<\/time><\/div><div class='slide-entry-excerpt entry-content'  itemprop=\"text\" >\n\n\n\n\n\n<\/div><\/div><footer class=\"entry-footer\"><\/footer><span class='hidden'>\n\t\t\t\t<span class='av-structured-data'  itemprop=\"image\" itemscope=\"itemscope\" itemtype=\"https:\/\/schema.org\/ImageObject\" >\n\t\t\t\t\t\t<span itemprop='url'>http:\/\/www.amormisericordioso.org\/ita\/wp-content\/uploads\/2024\/05\/Immagini-in-Evidenza-SITO-AM-85.png<\/span>\n\t\t\t\t\t\t<span itemprop='height'>1080<\/span>\n\t\t\t\t\t\t<span itemprop='width'>1080<\/span>\n\t\t\t\t<\/span>\n\t\t\t\t<span class='av-structured-data'  itemprop=\"publisher\" itemtype=\"https:\/\/schema.org\/Organization\" itemscope=\"itemscope\" >\n\t\t\t\t\t\t<span itemprop='name'>Famiglia dell'Amore Misericordioso<\/span>\n\t\t\t\t\t\t<span itemprop='logo' itemscope itemtype='https:\/\/schema.org\/ImageObject'>\n\t\t\t\t\t\t\t<span itemprop='url'>http:\/\/www.amormisericordioso.org\/ita\/wp-content\/uploads\/2018\/02\/logo-fam-italiano.png<\/span>\n\t\t\t\t\t\t <\/span>\n\t\t\t\t<\/span><span class='av-structured-data'  itemprop=\"author\" itemscope=\"itemscope\" itemtype=\"https:\/\/schema.org\/Person\" ><span itemprop='name'>Famiglia dell'Amore Misericordioso<\/span><\/span><span class='av-structured-data'  itemprop=\"datePublished\" datetime=\"2022-01-05T05:11:44+01:00\" >2024-05-26 10:34:33<\/span><span class='av-structured-data'  itemprop=\"dateModified\" itemtype=\"https:\/\/schema.org\/dateModified\" >2024-05-26 10:34:35<\/span><span class='av-structured-data'  itemprop=\"mainEntityOfPage\" itemtype=\"https:\/\/schema.org\/mainEntityOfPage\" ><span itemprop='name'>Giovani dell&#8217;Amore Misericordioso TRA LE CASE DI MARIA<\/span><\/span><\/span><\/article><\/div><div class='slide-entry-wrap'><article class='slide-entry flex_column  post-entry post-entry-5446 slide-entry-overview slide-loop-55 slide-parity-odd  av_one_third first real-thumbnail post-format-standard'  itemscope=\"itemscope\" itemtype=\"https:\/\/schema.org\/CreativeWork\" ><a href='http:\/\/www.amormisericordioso.org\/ita\/rivista-lamore-misericordioso-aprile-2024\/' data-rel='slide-1' class='slide-image' title='Rivista L\u2019AMORE MISERICORDIOSO &#8211; Aprile 2024'><img decoding=\"async\" width=\"495\" height=\"400\" src=\"http:\/\/www.amormisericordioso.org\/ita\/wp-content\/uploads\/2024\/05\/Immagini-in-Evidenza-SITO-AM-83-495x400.png\" class=\"wp-image-5448 avia-img-lazy-loading-not-5448 attachment-portfolio size-portfolio wp-post-image\" alt=\"\" srcset=\"http:\/\/www.amormisericordioso.org\/ita\/wp-content\/uploads\/2024\/05\/Immagini-in-Evidenza-SITO-AM-83-495x400.png 495w, http:\/\/www.amormisericordioso.org\/ita\/wp-content\/uploads\/2024\/05\/Immagini-in-Evidenza-SITO-AM-83-845x684.png 845w\" sizes=\"(max-width: 495px) 100vw, 495px\" \/><\/a><div class='slide-content'><header class=\"entry-content-header\"><h3 class='slide-entry-title entry-title '  itemprop=\"headline\" ><a href='http:\/\/www.amormisericordioso.org\/ita\/rivista-lamore-misericordioso-aprile-2024\/' title='Rivista L\u2019AMORE MISERICORDIOSO &#8211; Aprile 2024'>Rivista L\u2019AMORE MISERICORDIOSO &#8211; Aprile 2024<\/a><\/h3><span class=\"av-vertical-delimiter\"><\/span><\/header><div class='slide-meta'><div class='slide-meta-comments'><a href='http:\/\/www.amormisericordioso.org\/ita\/rivista-lamore-misericordioso-aprile-2024\/#respond'>0 Commenti<\/a><\/div><div class='slide-meta-del'>\/<\/div><time class='slide-meta-time updated'  itemprop=\"datePublished\" datetime=\"2024-05-09T17:39:09+02:00\" >9 Maggio 2024<\/time><\/div><div class='slide-entry-excerpt entry-content'  itemprop=\"text\" >\n\n\n\n<\/div><\/div><footer class=\"entry-footer\"><\/footer><span class='hidden'>\n\t\t\t\t<span class='av-structured-data'  itemprop=\"image\" itemscope=\"itemscope\" itemtype=\"https:\/\/schema.org\/ImageObject\" >\n\t\t\t\t\t\t<span itemprop='url'>http:\/\/www.amormisericordioso.org\/ita\/wp-content\/uploads\/2024\/05\/Immagini-in-Evidenza-SITO-AM-83.png<\/span>\n\t\t\t\t\t\t<span itemprop='height'>1080<\/span>\n\t\t\t\t\t\t<span itemprop='width'>1080<\/span>\n\t\t\t\t<\/span>\n\t\t\t\t<span class='av-structured-data'  itemprop=\"publisher\" itemtype=\"https:\/\/schema.org\/Organization\" itemscope=\"itemscope\" >\n\t\t\t\t\t\t<span itemprop='name'>Famiglia dell'Amore Misericordioso<\/span>\n\t\t\t\t\t\t<span itemprop='logo' itemscope itemtype='https:\/\/schema.org\/ImageObject'>\n\t\t\t\t\t\t\t<span itemprop='url'>http:\/\/www.amormisericordioso.org\/ita\/wp-content\/uploads\/2018\/02\/logo-fam-italiano.png<\/span>\n\t\t\t\t\t\t <\/span>\n\t\t\t\t<\/span><span class='av-structured-data'  itemprop=\"author\" itemscope=\"itemscope\" itemtype=\"https:\/\/schema.org\/Person\" ><span itemprop='name'>Famiglia dell'Amore Misericordioso<\/span><\/span><span class='av-structured-data'  itemprop=\"datePublished\" datetime=\"2022-01-05T05:11:44+01:00\" >2024-05-09 17:39:09<\/span><span class='av-structured-data'  itemprop=\"dateModified\" itemtype=\"https:\/\/schema.org\/dateModified\" >2024-05-09 17:41:54<\/span><span class='av-structured-data'  itemprop=\"mainEntityOfPage\" itemtype=\"https:\/\/schema.org\/mainEntityOfPage\" ><span itemprop='name'>Rivista L\u2019AMORE MISERICORDIOSO &#8211; Aprile 2024<\/span><\/span><\/span><\/article><article class='slide-entry flex_column  post-entry post-entry-5415 slide-entry-overview slide-loop-56 slide-parity-even  av_one_third  real-thumbnail post-format-standard'  itemscope=\"itemscope\" itemtype=\"https:\/\/schema.org\/CreativeWork\" ><a href='http:\/\/www.amormisericordioso.org\/ita\/il-centro-speranza-di-fratta-todina-si-appresta-a-compiere-40-anni\/' data-rel='slide-1' class='slide-image' title='Il\u00a0CENTRO SPERANZA di Fratta Todina\u00a0si appresta a compiere 40 ANNI'><img decoding=\"async\" width=\"495\" height=\"400\" src=\"http:\/\/www.amormisericordioso.org\/ita\/wp-content\/uploads\/2024\/04\/Immagini-in-Evidenza-SITO-AM-82-495x400.png\" class=\"wp-image-5419 avia-img-lazy-loading-not-5419 attachment-portfolio size-portfolio wp-post-image\" alt=\"\" srcset=\"http:\/\/www.amormisericordioso.org\/ita\/wp-content\/uploads\/2024\/04\/Immagini-in-Evidenza-SITO-AM-82-495x400.png 495w, http:\/\/www.amormisericordioso.org\/ita\/wp-content\/uploads\/2024\/04\/Immagini-in-Evidenza-SITO-AM-82-845x684.png 845w\" sizes=\"(max-width: 495px) 100vw, 495px\" \/><\/a><div class='slide-content'><header class=\"entry-content-header\"><h3 class='slide-entry-title entry-title '  itemprop=\"headline\" ><a href='http:\/\/www.amormisericordioso.org\/ita\/il-centro-speranza-di-fratta-todina-si-appresta-a-compiere-40-anni\/' title='Il\u00a0CENTRO SPERANZA di Fratta Todina\u00a0si appresta a compiere 40 ANNI'>Il\u00a0CENTRO SPERANZA di Fratta Todina\u00a0si appresta a compiere 40 ANNI<\/a><\/h3><span class=\"av-vertical-delimiter\"><\/span><\/header><div class='slide-meta'><div class='slide-meta-comments'><a href='http:\/\/www.amormisericordioso.org\/ita\/il-centro-speranza-di-fratta-todina-si-appresta-a-compiere-40-anni\/#respond'>0 Commenti<\/a><\/div><div class='slide-meta-del'>\/<\/div><time class='slide-meta-time updated'  itemprop=\"datePublished\" datetime=\"2024-04-24T15:53:25+02:00\" >24 Aprile 2024<\/time><\/div><div class='slide-entry-excerpt entry-content'  itemprop=\"text\" >\n\n\n\n\n\n<\/div><\/div><footer class=\"entry-footer\"><\/footer><span class='hidden'>\n\t\t\t\t<span class='av-structured-data'  itemprop=\"image\" itemscope=\"itemscope\" itemtype=\"https:\/\/schema.org\/ImageObject\" >\n\t\t\t\t\t\t<span itemprop='url'>http:\/\/www.amormisericordioso.org\/ita\/wp-content\/uploads\/2024\/04\/Immagini-in-Evidenza-SITO-AM-82.png<\/span>\n\t\t\t\t\t\t<span itemprop='height'>1080<\/span>\n\t\t\t\t\t\t<span itemprop='width'>1080<\/span>\n\t\t\t\t<\/span>\n\t\t\t\t<span class='av-structured-data'  itemprop=\"publisher\" itemtype=\"https:\/\/schema.org\/Organization\" itemscope=\"itemscope\" >\n\t\t\t\t\t\t<span itemprop='name'>Famiglia dell'Amore Misericordioso<\/span>\n\t\t\t\t\t\t<span itemprop='logo' itemscope itemtype='https:\/\/schema.org\/ImageObject'>\n\t\t\t\t\t\t\t<span itemprop='url'>http:\/\/www.amormisericordioso.org\/ita\/wp-content\/uploads\/2018\/02\/logo-fam-italiano.png<\/span>\n\t\t\t\t\t\t <\/span>\n\t\t\t\t<\/span><span class='av-structured-data'  itemprop=\"author\" itemscope=\"itemscope\" itemtype=\"https:\/\/schema.org\/Person\" ><span itemprop='name'>Famiglia dell'Amore Misericordioso<\/span><\/span><span class='av-structured-data'  itemprop=\"datePublished\" datetime=\"2022-01-05T05:11:44+01:00\" >2024-04-24 15:53:25<\/span><span class='av-structured-data'  itemprop=\"dateModified\" itemtype=\"https:\/\/schema.org\/dateModified\" >2024-04-24 15:58:47<\/span><span class='av-structured-data'  itemprop=\"mainEntityOfPage\" itemtype=\"https:\/\/schema.org\/mainEntityOfPage\" ><span itemprop='name'>Il\u00a0CENTRO SPERANZA di Fratta Todina\u00a0si appresta a compiere 40 ANNI<\/span><\/span><\/span><\/article><article class='slide-entry flex_column  post-entry post-entry-5398 slide-entry-overview slide-loop-57 slide-parity-odd  av_one_third  real-thumbnail post-format-standard'  itemscope=\"itemscope\" itemtype=\"https:\/\/schema.org\/CreativeWork\" ><a href='http:\/\/www.amormisericordioso.org\/ita\/5398-2\/' data-rel='slide-1' class='slide-image' title='Professione perpetua di SR. AMALIA YGNACIO SEHUENCA EAM'><img decoding=\"async\" width=\"495\" height=\"400\" src=\"http:\/\/www.amormisericordioso.org\/ita\/wp-content\/uploads\/2024\/04\/Immagini-in-Evidenza-SITO-AM-81-495x400.png\" class=\"wp-image-5399 avia-img-lazy-loading-not-5399 attachment-portfolio size-portfolio wp-post-image\" alt=\"\" srcset=\"http:\/\/www.amormisericordioso.org\/ita\/wp-content\/uploads\/2024\/04\/Immagini-in-Evidenza-SITO-AM-81-495x400.png 495w, http:\/\/www.amormisericordioso.org\/ita\/wp-content\/uploads\/2024\/04\/Immagini-in-Evidenza-SITO-AM-81-845x684.png 845w\" sizes=\"(max-width: 495px) 100vw, 495px\" \/><\/a><div class='slide-content'><header class=\"entry-content-header\"><h3 class='slide-entry-title entry-title '  itemprop=\"headline\" ><a href='http:\/\/www.amormisericordioso.org\/ita\/5398-2\/' title='Professione perpetua di SR. AMALIA YGNACIO SEHUENCA EAM'>Professione perpetua di SR. AMALIA YGNACIO SEHUENCA EAM<\/a><\/h3><span class=\"av-vertical-delimiter\"><\/span><\/header><div class='slide-meta'><div class='slide-meta-comments'><a href='http:\/\/www.amormisericordioso.org\/ita\/5398-2\/#respond'>0 Commenti<\/a><\/div><div class='slide-meta-del'>\/<\/div><time class='slide-meta-time updated'  itemprop=\"datePublished\" datetime=\"2024-04-18T16:21:13+02:00\" >18 Aprile 2024<\/time><\/div><div class='slide-entry-excerpt entry-content'  itemprop=\"text\" >\n\n\n\n\n\n<\/div><\/div><footer class=\"entry-footer\"><\/footer><span class='hidden'>\n\t\t\t\t<span class='av-structured-data'  itemprop=\"image\" itemscope=\"itemscope\" itemtype=\"https:\/\/schema.org\/ImageObject\" >\n\t\t\t\t\t\t<span itemprop='url'>http:\/\/www.amormisericordioso.org\/ita\/wp-content\/uploads\/2024\/04\/Immagini-in-Evidenza-SITO-AM-81.png<\/span>\n\t\t\t\t\t\t<span itemprop='height'>1080<\/span>\n\t\t\t\t\t\t<span itemprop='width'>1080<\/span>\n\t\t\t\t<\/span>\n\t\t\t\t<span class='av-structured-data'  itemprop=\"publisher\" itemtype=\"https:\/\/schema.org\/Organization\" itemscope=\"itemscope\" >\n\t\t\t\t\t\t<span itemprop='name'>Famiglia dell'Amore Misericordioso<\/span>\n\t\t\t\t\t\t<span itemprop='logo' itemscope itemtype='https:\/\/schema.org\/ImageObject'>\n\t\t\t\t\t\t\t<span itemprop='url'>http:\/\/www.amormisericordioso.org\/ita\/wp-content\/uploads\/2018\/02\/logo-fam-italiano.png<\/span>\n\t\t\t\t\t\t <\/span>\n\t\t\t\t<\/span><span class='av-structured-data'  itemprop=\"author\" itemscope=\"itemscope\" itemtype=\"https:\/\/schema.org\/Person\" ><span itemprop='name'>Famiglia dell'Amore Misericordioso<\/span><\/span><span class='av-structured-data'  itemprop=\"datePublished\" datetime=\"2022-01-05T05:11:44+01:00\" >2024-04-18 16:21:13<\/span><span class='av-structured-data'  itemprop=\"dateModified\" itemtype=\"https:\/\/schema.org\/dateModified\" >2024-04-18 16:24:50<\/span><span class='av-structured-data'  itemprop=\"mainEntityOfPage\" itemtype=\"https:\/\/schema.org\/mainEntityOfPage\" ><span itemprop='name'>Professione perpetua di SR. AMALIA YGNACIO SEHUENCA EAM<\/span><\/span><\/span><\/article><\/div><div class='slide-entry-wrap'><article class='slide-entry flex_column  post-entry post-entry-5384 slide-entry-overview slide-loop-58 slide-parity-odd  av_one_third first real-thumbnail post-format-standard'  itemscope=\"itemscope\" itemtype=\"https:\/\/schema.org\/CreativeWork\" ><a href='http:\/\/www.amormisericordioso.org\/ita\/rivista-lamore-misericordioso-marzo-2024\/' data-rel='slide-1' class='slide-image' title='Rivista L\u2019AMORE MISERICORDIOSO &#8211; Marzo 2024'><img decoding=\"async\" width=\"495\" height=\"400\" src=\"http:\/\/www.amormisericordioso.org\/ita\/wp-content\/uploads\/2024\/04\/Immagini-in-Evidenza-SITO-AM-80-495x400.png\" class=\"wp-image-5387 avia-img-lazy-loading-not-5387 attachment-portfolio size-portfolio wp-post-image\" alt=\"\" srcset=\"http:\/\/www.amormisericordioso.org\/ita\/wp-content\/uploads\/2024\/04\/Immagini-in-Evidenza-SITO-AM-80-495x400.png 495w, http:\/\/www.amormisericordioso.org\/ita\/wp-content\/uploads\/2024\/04\/Immagini-in-Evidenza-SITO-AM-80-845x684.png 845w\" sizes=\"(max-width: 495px) 100vw, 495px\" \/><\/a><div class='slide-content'><header class=\"entry-content-header\"><h3 class='slide-entry-title entry-title '  itemprop=\"headline\" ><a href='http:\/\/www.amormisericordioso.org\/ita\/rivista-lamore-misericordioso-marzo-2024\/' title='Rivista L\u2019AMORE MISERICORDIOSO &#8211; Marzo 2024'>Rivista L\u2019AMORE MISERICORDIOSO &#8211; Marzo 2024<\/a><\/h3><span class=\"av-vertical-delimiter\"><\/span><\/header><div class='slide-meta'><div class='slide-meta-comments'><a href='http:\/\/www.amormisericordioso.org\/ita\/rivista-lamore-misericordioso-marzo-2024\/#respond'>0 Commenti<\/a><\/div><div class='slide-meta-del'>\/<\/div><time class='slide-meta-time updated'  itemprop=\"datePublished\" datetime=\"2024-04-10T09:53:42+02:00\" >10 Aprile 2024<\/time><\/div><div class='slide-entry-excerpt entry-content'  itemprop=\"text\" >\n\n\n\n\n\n<\/div><\/div><footer class=\"entry-footer\"><\/footer><span class='hidden'>\n\t\t\t\t<span class='av-structured-data'  itemprop=\"image\" itemscope=\"itemscope\" itemtype=\"https:\/\/schema.org\/ImageObject\" >\n\t\t\t\t\t\t<span itemprop='url'>http:\/\/www.amormisericordioso.org\/ita\/wp-content\/uploads\/2024\/04\/Immagini-in-Evidenza-SITO-AM-80.png<\/span>\n\t\t\t\t\t\t<span itemprop='height'>1080<\/span>\n\t\t\t\t\t\t<span itemprop='width'>1080<\/span>\n\t\t\t\t<\/span>\n\t\t\t\t<span class='av-structured-data'  itemprop=\"publisher\" itemtype=\"https:\/\/schema.org\/Organization\" itemscope=\"itemscope\" >\n\t\t\t\t\t\t<span itemprop='name'>Famiglia dell'Amore Misericordioso<\/span>\n\t\t\t\t\t\t<span itemprop='logo' itemscope itemtype='https:\/\/schema.org\/ImageObject'>\n\t\t\t\t\t\t\t<span itemprop='url'>http:\/\/www.amormisericordioso.org\/ita\/wp-content\/uploads\/2018\/02\/logo-fam-italiano.png<\/span>\n\t\t\t\t\t\t <\/span>\n\t\t\t\t<\/span><span class='av-structured-data'  itemprop=\"author\" itemscope=\"itemscope\" itemtype=\"https:\/\/schema.org\/Person\" ><span itemprop='name'>Famiglia dell'Amore Misericordioso<\/span><\/span><span class='av-structured-data'  itemprop=\"datePublished\" datetime=\"2022-01-05T05:11:44+01:00\" >2024-04-10 09:53:42<\/span><span class='av-structured-data'  itemprop=\"dateModified\" itemtype=\"https:\/\/schema.org\/dateModified\" >2024-04-10 09:54:04<\/span><span class='av-structured-data'  itemprop=\"mainEntityOfPage\" itemtype=\"https:\/\/schema.org\/mainEntityOfPage\" ><span itemprop='name'>Rivista L\u2019AMORE MISERICORDIOSO &#8211; Marzo 2024<\/span><\/span><\/span><\/article><article class='slide-entry flex_column  post-entry post-entry-5376 slide-entry-overview slide-loop-59 slide-parity-even  av_one_third  real-thumbnail post-format-standard'  itemscope=\"itemscope\" itemtype=\"https:\/\/schema.org\/CreativeWork\" ><a href='http:\/\/www.amormisericordioso.org\/ita\/un-dio-che-riconcilia-e-dimentica\/' data-rel='slide-1' class='slide-image' title='Un Dio che RICONCILIA e DIMENTICA'><img decoding=\"async\" width=\"495\" height=\"400\" src=\"http:\/\/www.amormisericordioso.org\/ita\/wp-content\/uploads\/2024\/04\/Immagini-in-Evidenza-SITO-AM-79-495x400.png\" class=\"wp-image-5381 avia-img-lazy-loading-not-5381 attachment-portfolio size-portfolio wp-post-image\" alt=\"\" srcset=\"http:\/\/www.amormisericordioso.org\/ita\/wp-content\/uploads\/2024\/04\/Immagini-in-Evidenza-SITO-AM-79-495x400.png 495w, http:\/\/www.amormisericordioso.org\/ita\/wp-content\/uploads\/2024\/04\/Immagini-in-Evidenza-SITO-AM-79-845x684.png 845w\" sizes=\"(max-width: 495px) 100vw, 495px\" \/><\/a><div class='slide-content'><header class=\"entry-content-header\"><h3 class='slide-entry-title entry-title '  itemprop=\"headline\" ><a href='http:\/\/www.amormisericordioso.org\/ita\/un-dio-che-riconcilia-e-dimentica\/' title='Un Dio che RICONCILIA e DIMENTICA'>Un Dio che RICONCILIA e DIMENTICA<\/a><\/h3><span class=\"av-vertical-delimiter\"><\/span><\/header><div class='slide-meta'><div class='slide-meta-comments'><a href='http:\/\/www.amormisericordioso.org\/ita\/un-dio-che-riconcilia-e-dimentica\/#respond'>0 Commenti<\/a><\/div><div class='slide-meta-del'>\/<\/div><time class='slide-meta-time updated'  itemprop=\"datePublished\" datetime=\"2024-04-06T12:09:40+02:00\" >6 Aprile 2024<\/time><\/div><div class='slide-entry-excerpt entry-content'  itemprop=\"text\" >\n\n\n\n<\/div><\/div><footer class=\"entry-footer\"><\/footer><span class='hidden'>\n\t\t\t\t<span class='av-structured-data'  itemprop=\"image\" itemscope=\"itemscope\" itemtype=\"https:\/\/schema.org\/ImageObject\" >\n\t\t\t\t\t\t<span itemprop='url'>http:\/\/www.amormisericordioso.org\/ita\/wp-content\/uploads\/2024\/04\/Immagini-in-Evidenza-SITO-AM-79.png<\/span>\n\t\t\t\t\t\t<span itemprop='height'>1080<\/span>\n\t\t\t\t\t\t<span itemprop='width'>1080<\/span>\n\t\t\t\t<\/span>\n\t\t\t\t<span class='av-structured-data'  itemprop=\"publisher\" itemtype=\"https:\/\/schema.org\/Organization\" itemscope=\"itemscope\" >\n\t\t\t\t\t\t<span itemprop='name'>Famiglia dell'Amore Misericordioso<\/span>\n\t\t\t\t\t\t<span itemprop='logo' itemscope itemtype='https:\/\/schema.org\/ImageObject'>\n\t\t\t\t\t\t\t<span itemprop='url'>http:\/\/www.amormisericordioso.org\/ita\/wp-content\/uploads\/2018\/02\/logo-fam-italiano.png<\/span>\n\t\t\t\t\t\t <\/span>\n\t\t\t\t<\/span><span class='av-structured-data'  itemprop=\"author\" itemscope=\"itemscope\" itemtype=\"https:\/\/schema.org\/Person\" ><span itemprop='name'>Famiglia dell'Amore Misericordioso<\/span><\/span><span class='av-structured-data'  itemprop=\"datePublished\" datetime=\"2022-01-05T05:11:44+01:00\" >2024-04-06 12:09:40<\/span><span class='av-structured-data'  itemprop=\"dateModified\" itemtype=\"https:\/\/schema.org\/dateModified\" >2024-04-06 12:09:42<\/span><span class='av-structured-data'  itemprop=\"mainEntityOfPage\" itemtype=\"https:\/\/schema.org\/mainEntityOfPage\" ><span itemprop='name'>Un Dio che RICONCILIA e DIMENTICA<\/span><\/span><\/span><\/article><article class='slide-entry flex_column  post-entry post-entry-5366 slide-entry-overview slide-loop-60 slide-parity-odd  av_one_third  real-thumbnail post-format-standard'  itemscope=\"itemscope\" itemtype=\"https:\/\/schema.org\/CreativeWork\" ><a href='http:\/\/www.amormisericordioso.org\/ita\/fonte-dellamore-misericordioso-lesperienza-di-immergersi-in-dio\/' data-rel='slide-1' class='slide-image' title='Fonte dell&#8217;amore misericordioso, l&#8217;esperienza di immergersi in Dio'><img decoding=\"async\" width=\"495\" height=\"400\" src=\"http:\/\/www.amormisericordioso.org\/ita\/wp-content\/uploads\/2024\/03\/Immagini-in-Evidenza-SITO-AM-77-495x400.png\" class=\"wp-image-5368 avia-img-lazy-loading-not-5368 attachment-portfolio size-portfolio wp-post-image\" alt=\"\" srcset=\"http:\/\/www.amormisericordioso.org\/ita\/wp-content\/uploads\/2024\/03\/Immagini-in-Evidenza-SITO-AM-77-495x400.png 495w, http:\/\/www.amormisericordioso.org\/ita\/wp-content\/uploads\/2024\/03\/Immagini-in-Evidenza-SITO-AM-77-845x684.png 845w\" sizes=\"(max-width: 495px) 100vw, 495px\" \/><\/a><div class='slide-content'><header class=\"entry-content-header\"><h3 class='slide-entry-title entry-title '  itemprop=\"headline\" ><a href='http:\/\/www.amormisericordioso.org\/ita\/fonte-dellamore-misericordioso-lesperienza-di-immergersi-in-dio\/' title='Fonte dell&#8217;amore misericordioso, l&#8217;esperienza di immergersi in Dio'>Fonte dell&#8217;amore misericordioso, l&#8217;esperienza di immergersi in Dio<\/a><\/h3><span class=\"av-vertical-delimiter\"><\/span><\/header><div class='slide-meta'><div class='slide-meta-comments'><a href='http:\/\/www.amormisericordioso.org\/ita\/fonte-dellamore-misericordioso-lesperienza-di-immergersi-in-dio\/#respond'>0 Commenti<\/a><\/div><div class='slide-meta-del'>\/<\/div><time class='slide-meta-time updated'  itemprop=\"datePublished\" datetime=\"2024-03-14T15:26:19+01:00\" >14 Marzo 2024<\/time><\/div><div class='slide-entry-excerpt entry-content'  itemprop=\"text\" >\n\n\n\n<\/div><\/div><footer class=\"entry-footer\"><\/footer><span class='hidden'>\n\t\t\t\t<span class='av-structured-data'  itemprop=\"image\" itemscope=\"itemscope\" itemtype=\"https:\/\/schema.org\/ImageObject\" >\n\t\t\t\t\t\t<span itemprop='url'>http:\/\/www.amormisericordioso.org\/ita\/wp-content\/uploads\/2024\/03\/Immagini-in-Evidenza-SITO-AM-77.png<\/span>\n\t\t\t\t\t\t<span itemprop='height'>1080<\/span>\n\t\t\t\t\t\t<span itemprop='width'>1080<\/span>\n\t\t\t\t<\/span>\n\t\t\t\t<span class='av-structured-data'  itemprop=\"publisher\" itemtype=\"https:\/\/schema.org\/Organization\" itemscope=\"itemscope\" >\n\t\t\t\t\t\t<span itemprop='name'>Famiglia dell'Amore Misericordioso<\/span>\n\t\t\t\t\t\t<span itemprop='logo' itemscope itemtype='https:\/\/schema.org\/ImageObject'>\n\t\t\t\t\t\t\t<span itemprop='url'>http:\/\/www.amormisericordioso.org\/ita\/wp-content\/uploads\/2018\/02\/logo-fam-italiano.png<\/span>\n\t\t\t\t\t\t <\/span>\n\t\t\t\t<\/span><span class='av-structured-data'  itemprop=\"author\" itemscope=\"itemscope\" itemtype=\"https:\/\/schema.org\/Person\" ><span itemprop='name'>Famiglia dell'Amore Misericordioso<\/span><\/span><span class='av-structured-data'  itemprop=\"datePublished\" datetime=\"2022-01-05T05:11:44+01:00\" >2024-03-14 15:26:19<\/span><span class='av-structured-data'  itemprop=\"dateModified\" itemtype=\"https:\/\/schema.org\/dateModified\" >2024-03-14 15:27:15<\/span><span class='av-structured-data'  itemprop=\"mainEntityOfPage\" itemtype=\"https:\/\/schema.org\/mainEntityOfPage\" ><span itemprop='name'>Fonte dell&#8217;amore misericordioso, l&#8217;esperienza di immergersi in Dio<\/span><\/span><\/span><\/article><\/div><div class='slide-entry-wrap'><article class='slide-entry flex_column  post-entry post-entry-5360 slide-entry-overview slide-loop-61 slide-parity-odd  av_one_third first real-thumbnail post-format-standard'  itemscope=\"itemscope\" itemtype=\"https:\/\/schema.org\/CreativeWork\" ><a href='http:\/\/www.amormisericordioso.org\/ita\/rivista-lamore-misericordioso-febbraio-2024\/' data-rel='slide-1' class='slide-image' title='Rivista L\u2019AMORE MISERICORDIOSO &#8211; Febbraio 2024'><img decoding=\"async\" width=\"495\" height=\"400\" src=\"http:\/\/www.amormisericordioso.org\/ita\/wp-content\/uploads\/2024\/03\/Immagini-in-Evidenza-SITO-AM-76-495x400.png\" class=\"wp-image-5362 avia-img-lazy-loading-not-5362 attachment-portfolio size-portfolio wp-post-image\" alt=\"\" srcset=\"http:\/\/www.amormisericordioso.org\/ita\/wp-content\/uploads\/2024\/03\/Immagini-in-Evidenza-SITO-AM-76-495x400.png 495w, http:\/\/www.amormisericordioso.org\/ita\/wp-content\/uploads\/2024\/03\/Immagini-in-Evidenza-SITO-AM-76-845x684.png 845w\" sizes=\"(max-width: 495px) 100vw, 495px\" \/><\/a><div class='slide-content'><header class=\"entry-content-header\"><h3 class='slide-entry-title entry-title '  itemprop=\"headline\" ><a href='http:\/\/www.amormisericordioso.org\/ita\/rivista-lamore-misericordioso-febbraio-2024\/' title='Rivista L\u2019AMORE MISERICORDIOSO &#8211; Febbraio 2024'>Rivista L\u2019AMORE MISERICORDIOSO &#8211; Febbraio 2024<\/a><\/h3><span class=\"av-vertical-delimiter\"><\/span><\/header><div class='slide-meta'><div class='slide-meta-comments'><a href='http:\/\/www.amormisericordioso.org\/ita\/rivista-lamore-misericordioso-febbraio-2024\/#respond'>0 Commenti<\/a><\/div><div class='slide-meta-del'>\/<\/div><time class='slide-meta-time updated'  itemprop=\"datePublished\" datetime=\"2024-03-07T08:49:59+01:00\" >7 Marzo 2024<\/time><\/div><div class='slide-entry-excerpt entry-content'  itemprop=\"text\" >\n\n\n\n\n\n<\/div><\/div><footer class=\"entry-footer\"><\/footer><span class='hidden'>\n\t\t\t\t<span class='av-structured-data'  itemprop=\"image\" itemscope=\"itemscope\" itemtype=\"https:\/\/schema.org\/ImageObject\" >\n\t\t\t\t\t\t<span itemprop='url'>http:\/\/www.amormisericordioso.org\/ita\/wp-content\/uploads\/2024\/03\/Immagini-in-Evidenza-SITO-AM-76.png<\/span>\n\t\t\t\t\t\t<span itemprop='height'>1080<\/span>\n\t\t\t\t\t\t<span itemprop='width'>1080<\/span>\n\t\t\t\t<\/span>\n\t\t\t\t<span class='av-structured-data'  itemprop=\"publisher\" itemtype=\"https:\/\/schema.org\/Organization\" itemscope=\"itemscope\" >\n\t\t\t\t\t\t<span itemprop='name'>Famiglia dell'Amore Misericordioso<\/span>\n\t\t\t\t\t\t<span itemprop='logo' itemscope itemtype='https:\/\/schema.org\/ImageObject'>\n\t\t\t\t\t\t\t<span itemprop='url'>http:\/\/www.amormisericordioso.org\/ita\/wp-content\/uploads\/2018\/02\/logo-fam-italiano.png<\/span>\n\t\t\t\t\t\t <\/span>\n\t\t\t\t<\/span><span class='av-structured-data'  itemprop=\"author\" itemscope=\"itemscope\" itemtype=\"https:\/\/schema.org\/Person\" ><span itemprop='name'>Famiglia dell'Amore Misericordioso<\/span><\/span><span class='av-structured-data'  itemprop=\"datePublished\" datetime=\"2022-01-05T05:11:44+01:00\" >2024-03-07 08:49:59<\/span><span class='av-structured-data'  itemprop=\"dateModified\" itemtype=\"https:\/\/schema.org\/dateModified\" >2024-03-07 08:55:12<\/span><span class='av-structured-data'  itemprop=\"mainEntityOfPage\" itemtype=\"https:\/\/schema.org\/mainEntityOfPage\" ><span itemprop='name'>Rivista L\u2019AMORE MISERICORDIOSO &#8211; Febbraio 2024<\/span><\/span><\/span><\/article><article class='slide-entry flex_column  post-entry post-entry-5339 slide-entry-overview slide-loop-62 slide-parity-even  av_one_third  real-thumbnail post-format-standard'  itemscope=\"itemscope\" itemtype=\"https:\/\/schema.org\/CreativeWork\" ><a href='http:\/\/www.amormisericordioso.org\/ita\/don-massimo-bazzichetto-e-don-david-girolami-sacerdoti-diocesani-figli-dellamore-misericordioso\/' data-rel='slide-1' class='slide-image' title='Don Massimo Bazzichetto e Don David Girolami: SACERDOTI DIOCESANI FIGLI DELL&#8217;AMORE MISERICORDIOSO'><img decoding=\"async\" width=\"495\" height=\"400\" src=\"http:\/\/www.amormisericordioso.org\/ita\/wp-content\/uploads\/2024\/02\/Immagini-in-Evidenza-SITO-AM-74-495x400.png\" class=\"wp-image-5345 avia-img-lazy-loading-not-5345 attachment-portfolio size-portfolio wp-post-image\" alt=\"\" srcset=\"http:\/\/www.amormisericordioso.org\/ita\/wp-content\/uploads\/2024\/02\/Immagini-in-Evidenza-SITO-AM-74-495x400.png 495w, http:\/\/www.amormisericordioso.org\/ita\/wp-content\/uploads\/2024\/02\/Immagini-in-Evidenza-SITO-AM-74-845x684.png 845w\" sizes=\"(max-width: 495px) 100vw, 495px\" \/><\/a><div class='slide-content'><header class=\"entry-content-header\"><h3 class='slide-entry-title entry-title '  itemprop=\"headline\" ><a href='http:\/\/www.amormisericordioso.org\/ita\/don-massimo-bazzichetto-e-don-david-girolami-sacerdoti-diocesani-figli-dellamore-misericordioso\/' title='Don Massimo Bazzichetto e Don David Girolami: SACERDOTI DIOCESANI FIGLI DELL&#8217;AMORE MISERICORDIOSO'>Don Massimo Bazzichetto e Don David Girolami: SACERDOTI DIOCESANI FIGLI DELL&#8217;AMORE MISERICORDIOSO<\/a><\/h3><span class=\"av-vertical-delimiter\"><\/span><\/header><div class='slide-meta'><div class='slide-meta-comments'><a href='http:\/\/www.amormisericordioso.org\/ita\/don-massimo-bazzichetto-e-don-david-girolami-sacerdoti-diocesani-figli-dellamore-misericordioso\/#respond'>0 Commenti<\/a><\/div><div class='slide-meta-del'>\/<\/div><time class='slide-meta-time updated'  itemprop=\"datePublished\" datetime=\"2024-02-14T10:32:57+01:00\" >14 Febbraio 2024<\/time><\/div><div class='slide-entry-excerpt entry-content'  itemprop=\"text\" >\n\n\n\n\n\n<\/div><\/div><footer class=\"entry-footer\"><\/footer><span class='hidden'>\n\t\t\t\t<span class='av-structured-data'  itemprop=\"image\" itemscope=\"itemscope\" itemtype=\"https:\/\/schema.org\/ImageObject\" >\n\t\t\t\t\t\t<span itemprop='url'>http:\/\/www.amormisericordioso.org\/ita\/wp-content\/uploads\/2024\/02\/Immagini-in-Evidenza-SITO-AM-74.png<\/span>\n\t\t\t\t\t\t<span itemprop='height'>1080<\/span>\n\t\t\t\t\t\t<span itemprop='width'>1080<\/span>\n\t\t\t\t<\/span>\n\t\t\t\t<span class='av-structured-data'  itemprop=\"publisher\" itemtype=\"https:\/\/schema.org\/Organization\" itemscope=\"itemscope\" >\n\t\t\t\t\t\t<span itemprop='name'>Famiglia dell'Amore Misericordioso<\/span>\n\t\t\t\t\t\t<span itemprop='logo' itemscope itemtype='https:\/\/schema.org\/ImageObject'>\n\t\t\t\t\t\t\t<span itemprop='url'>http:\/\/www.amormisericordioso.org\/ita\/wp-content\/uploads\/2018\/02\/logo-fam-italiano.png<\/span>\n\t\t\t\t\t\t <\/span>\n\t\t\t\t<\/span><span class='av-structured-data'  itemprop=\"author\" itemscope=\"itemscope\" itemtype=\"https:\/\/schema.org\/Person\" ><span itemprop='name'>Famiglia dell'Amore Misericordioso<\/span><\/span><span class='av-structured-data'  itemprop=\"datePublished\" datetime=\"2022-01-05T05:11:44+01:00\" >2024-02-14 10:32:57<\/span><span class='av-structured-data'  itemprop=\"dateModified\" itemtype=\"https:\/\/schema.org\/dateModified\" >2024-02-14 10:36:57<\/span><span class='av-structured-data'  itemprop=\"mainEntityOfPage\" itemtype=\"https:\/\/schema.org\/mainEntityOfPage\" ><span itemprop='name'>Don Massimo Bazzichetto e Don David Girolami: SACERDOTI DIOCESANI FIGLI DELL&#8217;AMORE MISERICORDIOSO<\/span><\/span><\/span><\/article><article class='slide-entry flex_column  post-entry post-entry-5332 slide-entry-overview slide-loop-63 slide-parity-odd  av_one_third  real-thumbnail post-format-standard'  itemscope=\"itemscope\" itemtype=\"https:\/\/schema.org\/CreativeWork\" ><a href='http:\/\/www.amormisericordioso.org\/ita\/sui-passi-di-madre-speranza-2k24\/' data-rel='slide-1' class='slide-image' title='SUI PASSI di Madre Speranza\u00a02k24'><img decoding=\"async\" width=\"495\" height=\"400\" src=\"http:\/\/www.amormisericordioso.org\/ita\/wp-content\/uploads\/2024\/02\/Immagini-in-Evidenza-SITO-AM-73-495x400.png\" class=\"wp-image-5336 avia-img-lazy-loading-not-5336 attachment-portfolio size-portfolio wp-post-image\" alt=\"\" srcset=\"http:\/\/www.amormisericordioso.org\/ita\/wp-content\/uploads\/2024\/02\/Immagini-in-Evidenza-SITO-AM-73-495x400.png 495w, http:\/\/www.amormisericordioso.org\/ita\/wp-content\/uploads\/2024\/02\/Immagini-in-Evidenza-SITO-AM-73-845x684.png 845w\" sizes=\"(max-width: 495px) 100vw, 495px\" \/><\/a><div class='slide-content'><header class=\"entry-content-header\"><h3 class='slide-entry-title entry-title '  itemprop=\"headline\" ><a href='http:\/\/www.amormisericordioso.org\/ita\/sui-passi-di-madre-speranza-2k24\/' title='SUI PASSI di Madre Speranza\u00a02k24'>SUI PASSI di Madre Speranza\u00a02k24<\/a><\/h3><span class=\"av-vertical-delimiter\"><\/span><\/header><div class='slide-meta'><div class='slide-meta-comments'><a href='http:\/\/www.amormisericordioso.org\/ita\/sui-passi-di-madre-speranza-2k24\/#respond'>0 Commenti<\/a><\/div><div class='slide-meta-del'>\/<\/div><time class='slide-meta-time updated'  itemprop=\"datePublished\" datetime=\"2024-02-14T09:55:17+01:00\" >14 Febbraio 2024<\/time><\/div><div class='slide-entry-excerpt entry-content'  itemprop=\"text\" >\n\n\n\n<\/div><\/div><footer class=\"entry-footer\"><\/footer><span class='hidden'>\n\t\t\t\t<span class='av-structured-data'  itemprop=\"image\" itemscope=\"itemscope\" itemtype=\"https:\/\/schema.org\/ImageObject\" >\n\t\t\t\t\t\t<span itemprop='url'>http:\/\/www.amormisericordioso.org\/ita\/wp-content\/uploads\/2024\/02\/Immagini-in-Evidenza-SITO-AM-73.png<\/span>\n\t\t\t\t\t\t<span itemprop='height'>1080<\/span>\n\t\t\t\t\t\t<span itemprop='width'>1080<\/span>\n\t\t\t\t<\/span>\n\t\t\t\t<span class='av-structured-data'  itemprop=\"publisher\" itemtype=\"https:\/\/schema.org\/Organization\" itemscope=\"itemscope\" >\n\t\t\t\t\t\t<span itemprop='name'>Famiglia dell'Amore Misericordioso<\/span>\n\t\t\t\t\t\t<span itemprop='logo' itemscope itemtype='https:\/\/schema.org\/ImageObject'>\n\t\t\t\t\t\t\t<span itemprop='url'>http:\/\/www.amormisericordioso.org\/ita\/wp-content\/uploads\/2018\/02\/logo-fam-italiano.png<\/span>\n\t\t\t\t\t\t <\/span>\n\t\t\t\t<\/span><span class='av-structured-data'  itemprop=\"author\" itemscope=\"itemscope\" itemtype=\"https:\/\/schema.org\/Person\" ><span itemprop='name'>Famiglia dell'Amore Misericordioso<\/span><\/span><span class='av-structured-data'  itemprop=\"datePublished\" datetime=\"2022-01-05T05:11:44+01:00\" >2024-02-14 09:55:17<\/span><span class='av-structured-data'  itemprop=\"dateModified\" itemtype=\"https:\/\/schema.org\/dateModified\" >2024-02-14 09:55:19<\/span><span class='av-structured-data'  itemprop=\"mainEntityOfPage\" itemtype=\"https:\/\/schema.org\/mainEntityOfPage\" ><span itemprop='name'>SUI PASSI di Madre Speranza\u00a02k24<\/span><\/span><\/span><\/article><\/div><div class='slide-entry-wrap'><article class='slide-entry flex_column  post-entry post-entry-5325 slide-entry-overview slide-loop-64 slide-parity-odd  av_one_third first real-thumbnail post-format-standard'  itemscope=\"itemscope\" itemtype=\"https:\/\/schema.org\/CreativeWork\" ><a href='http:\/\/www.amormisericordioso.org\/ita\/5325-2\/' data-rel='slide-1' class='slide-image' title='8 febbraio &#8211; FESTA DI MADRE SPERANZA'><img decoding=\"async\" width=\"495\" height=\"400\" src=\"http:\/\/www.amormisericordioso.org\/ita\/wp-content\/uploads\/2024\/01\/Immagini-in-Evidenza-SITO-AM-69-495x400.png\" class=\"wp-image-5302 avia-img-lazy-loading-not-5302 attachment-portfolio size-portfolio wp-post-image\" alt=\"\" srcset=\"http:\/\/www.amormisericordioso.org\/ita\/wp-content\/uploads\/2024\/01\/Immagini-in-Evidenza-SITO-AM-69-495x400.png 495w, http:\/\/www.amormisericordioso.org\/ita\/wp-content\/uploads\/2024\/01\/Immagini-in-Evidenza-SITO-AM-69-845x684.png 845w\" sizes=\"(max-width: 495px) 100vw, 495px\" \/><\/a><div class='slide-content'><header class=\"entry-content-header\"><h3 class='slide-entry-title entry-title '  itemprop=\"headline\" ><a href='http:\/\/www.amormisericordioso.org\/ita\/5325-2\/' title='8 febbraio &#8211; FESTA DI MADRE SPERANZA'>8 febbraio &#8211; FESTA DI MADRE SPERANZA<\/a><\/h3><span class=\"av-vertical-delimiter\"><\/span><\/header><div class='slide-meta'><div class='slide-meta-comments'><a href='http:\/\/www.amormisericordioso.org\/ita\/5325-2\/#respond'>0 Commenti<\/a><\/div><div class='slide-meta-del'>\/<\/div><time class='slide-meta-time updated'  itemprop=\"datePublished\" datetime=\"2024-02-08T09:45:40+01:00\" >8 Febbraio 2024<\/time><\/div><div class='slide-entry-excerpt entry-content'  itemprop=\"text\" >\n\n\n\n<\/div><\/div><footer class=\"entry-footer\"><\/footer><span class='hidden'>\n\t\t\t\t<span class='av-structured-data'  itemprop=\"image\" itemscope=\"itemscope\" itemtype=\"https:\/\/schema.org\/ImageObject\" >\n\t\t\t\t\t\t<span itemprop='url'>http:\/\/www.amormisericordioso.org\/ita\/wp-content\/uploads\/2024\/01\/Immagini-in-Evidenza-SITO-AM-69.png<\/span>\n\t\t\t\t\t\t<span itemprop='height'>1080<\/span>\n\t\t\t\t\t\t<span itemprop='width'>1080<\/span>\n\t\t\t\t<\/span>\n\t\t\t\t<span class='av-structured-data'  itemprop=\"publisher\" itemtype=\"https:\/\/schema.org\/Organization\" itemscope=\"itemscope\" >\n\t\t\t\t\t\t<span itemprop='name'>Famiglia dell'Amore Misericordioso<\/span>\n\t\t\t\t\t\t<span itemprop='logo' itemscope itemtype='https:\/\/schema.org\/ImageObject'>\n\t\t\t\t\t\t\t<span itemprop='url'>http:\/\/www.amormisericordioso.org\/ita\/wp-content\/uploads\/2018\/02\/logo-fam-italiano.png<\/span>\n\t\t\t\t\t\t <\/span>\n\t\t\t\t<\/span><span class='av-structured-data'  itemprop=\"author\" itemscope=\"itemscope\" itemtype=\"https:\/\/schema.org\/Person\" ><span itemprop='name'>Famiglia dell'Amore Misericordioso<\/span><\/span><span class='av-structured-data'  itemprop=\"datePublished\" datetime=\"2022-01-05T05:11:44+01:00\" >2024-02-08 09:45:40<\/span><span class='av-structured-data'  itemprop=\"dateModified\" itemtype=\"https:\/\/schema.org\/dateModified\" >2024-02-08 09:47:02<\/span><span class='av-structured-data'  itemprop=\"mainEntityOfPage\" itemtype=\"https:\/\/schema.org\/mainEntityOfPage\" ><span itemprop='name'>8 febbraio &#8211; FESTA DI MADRE SPERANZA<\/span><\/span><\/span><\/article><article class='slide-entry flex_column  post-entry post-entry-5320 slide-entry-overview slide-loop-65 slide-parity-even  av_one_third  real-thumbnail post-format-standard'  itemscope=\"itemscope\" itemtype=\"https:\/\/schema.org\/CreativeWork\" ><a href='http:\/\/www.amormisericordioso.org\/ita\/rivista-lamore-misericordioso-gennaio-2024\/' data-rel='slide-1' class='slide-image' title='Rivista L\u2019AMORE MISERICORDIOSO &#8211; Gennaio 2024'><img decoding=\"async\" width=\"495\" height=\"400\" src=\"http:\/\/www.amormisericordioso.org\/ita\/wp-content\/uploads\/2024\/02\/Immagini-in-Evidenza-SITO-AM-71-495x400.png\" class=\"wp-image-5322 avia-img-lazy-loading-not-5322 attachment-portfolio size-portfolio wp-post-image\" alt=\"\" srcset=\"http:\/\/www.amormisericordioso.org\/ita\/wp-content\/uploads\/2024\/02\/Immagini-in-Evidenza-SITO-AM-71-495x400.png 495w, http:\/\/www.amormisericordioso.org\/ita\/wp-content\/uploads\/2024\/02\/Immagini-in-Evidenza-SITO-AM-71-845x684.png 845w\" sizes=\"(max-width: 495px) 100vw, 495px\" \/><\/a><div class='slide-content'><header class=\"entry-content-header\"><h3 class='slide-entry-title entry-title '  itemprop=\"headline\" ><a href='http:\/\/www.amormisericordioso.org\/ita\/rivista-lamore-misericordioso-gennaio-2024\/' title='Rivista L\u2019AMORE MISERICORDIOSO &#8211; Gennaio 2024'>Rivista L\u2019AMORE MISERICORDIOSO &#8211; Gennaio 2024<\/a><\/h3><span class=\"av-vertical-delimiter\"><\/span><\/header><div class='slide-meta'><div class='slide-meta-comments'><a href='http:\/\/www.amormisericordioso.org\/ita\/rivista-lamore-misericordioso-gennaio-2024\/#respond'>0 Commenti<\/a><\/div><div class='slide-meta-del'>\/<\/div><time class='slide-meta-time updated'  itemprop=\"datePublished\" datetime=\"2024-02-07T10:03:45+01:00\" >7 Febbraio 2024<\/time><\/div><div class='slide-entry-excerpt entry-content'  itemprop=\"text\" >\n\n\n\n<\/div><\/div><footer class=\"entry-footer\"><\/footer><span class='hidden'>\n\t\t\t\t<span class='av-structured-data'  itemprop=\"image\" itemscope=\"itemscope\" itemtype=\"https:\/\/schema.org\/ImageObject\" >\n\t\t\t\t\t\t<span itemprop='url'>http:\/\/www.amormisericordioso.org\/ita\/wp-content\/uploads\/2024\/02\/Immagini-in-Evidenza-SITO-AM-71.png<\/span>\n\t\t\t\t\t\t<span itemprop='height'>1080<\/span>\n\t\t\t\t\t\t<span itemprop='width'>1080<\/span>\n\t\t\t\t<\/span>\n\t\t\t\t<span class='av-structured-data'  itemprop=\"publisher\" itemtype=\"https:\/\/schema.org\/Organization\" itemscope=\"itemscope\" >\n\t\t\t\t\t\t<span itemprop='name'>Famiglia dell'Amore Misericordioso<\/span>\n\t\t\t\t\t\t<span itemprop='logo' itemscope itemtype='https:\/\/schema.org\/ImageObject'>\n\t\t\t\t\t\t\t<span itemprop='url'>http:\/\/www.amormisericordioso.org\/ita\/wp-content\/uploads\/2018\/02\/logo-fam-italiano.png<\/span>\n\t\t\t\t\t\t <\/span>\n\t\t\t\t<\/span><span class='av-structured-data'  itemprop=\"author\" itemscope=\"itemscope\" itemtype=\"https:\/\/schema.org\/Person\" ><span itemprop='name'>Famiglia dell'Amore Misericordioso<\/span><\/span><span class='av-structured-data'  itemprop=\"datePublished\" datetime=\"2022-01-05T05:11:44+01:00\" >2024-02-07 10:03:45<\/span><span class='av-structured-data'  itemprop=\"dateModified\" itemtype=\"https:\/\/schema.org\/dateModified\" >2024-02-07 10:03:47<\/span><span class='av-structured-data'  itemprop=\"mainEntityOfPage\" itemtype=\"https:\/\/schema.org\/mainEntityOfPage\" ><span itemprop='name'>Rivista L\u2019AMORE MISERICORDIOSO &#8211; Gennaio 2024<\/span><\/span><\/span><\/article><article class='slide-entry flex_column  post-entry post-entry-5306 slide-entry-overview slide-loop-66 slide-parity-odd  av_one_third  real-thumbnail post-format-standard'  itemscope=\"itemscope\" itemtype=\"https:\/\/schema.org\/CreativeWork\" ><a href='http:\/\/www.amormisericordioso.org\/ita\/prima-professione-religiosa-di-fr-michel-ho-sang-e-fr-joseph-nguyen-van-tuan-vietnam\/' data-rel='slide-1' class='slide-image' title='PRIMA PROFESSIONE RELIGIOSA di fr. Michel Ho Sang e fr. Joseph Nguyen Van Tuan &#8211; VIETNAM'><img decoding=\"async\" width=\"495\" height=\"400\" src=\"http:\/\/www.amormisericordioso.org\/ita\/wp-content\/uploads\/2024\/02\/Immagini-in-Evidenza-SITO-AM-70-495x400.png\" class=\"wp-image-5317 avia-img-lazy-loading-not-5317 attachment-portfolio size-portfolio wp-post-image\" alt=\"\" srcset=\"http:\/\/www.amormisericordioso.org\/ita\/wp-content\/uploads\/2024\/02\/Immagini-in-Evidenza-SITO-AM-70-495x400.png 495w, http:\/\/www.amormisericordioso.org\/ita\/wp-content\/uploads\/2024\/02\/Immagini-in-Evidenza-SITO-AM-70-845x684.png 845w\" sizes=\"(max-width: 495px) 100vw, 495px\" \/><\/a><div class='slide-content'><header class=\"entry-content-header\"><h3 class='slide-entry-title entry-title '  itemprop=\"headline\" ><a href='http:\/\/www.amormisericordioso.org\/ita\/prima-professione-religiosa-di-fr-michel-ho-sang-e-fr-joseph-nguyen-van-tuan-vietnam\/' title='PRIMA PROFESSIONE RELIGIOSA di fr. Michel Ho Sang e fr. Joseph Nguyen Van Tuan &#8211; VIETNAM'>PRIMA PROFESSIONE RELIGIOSA di fr. Michel Ho Sang e fr. Joseph Nguyen Van Tuan &#8211; VIETNAM<\/a><\/h3><span class=\"av-vertical-delimiter\"><\/span><\/header><div class='slide-meta'><div class='slide-meta-comments'><a href='http:\/\/www.amormisericordioso.org\/ita\/prima-professione-religiosa-di-fr-michel-ho-sang-e-fr-joseph-nguyen-van-tuan-vietnam\/#respond'>0 Commenti<\/a><\/div><div class='slide-meta-del'>\/<\/div><time class='slide-meta-time updated'  itemprop=\"datePublished\" datetime=\"2024-02-05T15:11:48+01:00\" >5 Febbraio 2024<\/time><\/div><div class='slide-entry-excerpt entry-content'  itemprop=\"text\" >\n\n\n\n\n\n<\/div><\/div><footer class=\"entry-footer\"><\/footer><span class='hidden'>\n\t\t\t\t<span class='av-structured-data'  itemprop=\"image\" itemscope=\"itemscope\" itemtype=\"https:\/\/schema.org\/ImageObject\" >\n\t\t\t\t\t\t<span itemprop='url'>http:\/\/www.amormisericordioso.org\/ita\/wp-content\/uploads\/2024\/02\/Immagini-in-Evidenza-SITO-AM-70.png<\/span>\n\t\t\t\t\t\t<span itemprop='height'>1080<\/span>\n\t\t\t\t\t\t<span itemprop='width'>1080<\/span>\n\t\t\t\t<\/span>\n\t\t\t\t<span class='av-structured-data'  itemprop=\"publisher\" itemtype=\"https:\/\/schema.org\/Organization\" itemscope=\"itemscope\" >\n\t\t\t\t\t\t<span itemprop='name'>Famiglia dell'Amore Misericordioso<\/span>\n\t\t\t\t\t\t<span itemprop='logo' itemscope itemtype='https:\/\/schema.org\/ImageObject'>\n\t\t\t\t\t\t\t<span itemprop='url'>http:\/\/www.amormisericordioso.org\/ita\/wp-content\/uploads\/2018\/02\/logo-fam-italiano.png<\/span>\n\t\t\t\t\t\t <\/span>\n\t\t\t\t<\/span><span class='av-structured-data'  itemprop=\"author\" itemscope=\"itemscope\" itemtype=\"https:\/\/schema.org\/Person\" ><span itemprop='name'>Famiglia dell'Amore Misericordioso<\/span><\/span><span class='av-structured-data'  itemprop=\"datePublished\" datetime=\"2022-01-05T05:11:44+01:00\" >2024-02-05 15:11:48<\/span><span class='av-structured-data'  itemprop=\"dateModified\" itemtype=\"https:\/\/schema.org\/dateModified\" >2024-02-05 15:11:51<\/span><span class='av-structured-data'  itemprop=\"mainEntityOfPage\" itemtype=\"https:\/\/schema.org\/mainEntityOfPage\" ><span itemprop='name'>PRIMA PROFESSIONE RELIGIOSA di fr. Michel Ho Sang e fr. Joseph Nguyen Van Tuan &#8211; VIETNAM<\/span><\/span><\/span><\/article><\/div><div class='slide-entry-wrap'><article class='slide-entry flex_column  post-entry post-entry-5286 slide-entry-overview slide-loop-67 slide-parity-odd  av_one_third first real-thumbnail post-format-standard'  itemscope=\"itemscope\" itemtype=\"https:\/\/schema.org\/CreativeWork\" ><a href='http:\/\/www.amormisericordioso.org\/ita\/il-coro-madre-speranza-al-parlamento-europeo\/' data-rel='slide-1' class='slide-image' title='Il CORO &#8220;MADRE SPERANZA&#8221; al PARLAMENTO EUROPEO'><img decoding=\"async\" width=\"495\" height=\"400\" src=\"http:\/\/www.amormisericordioso.org\/ita\/wp-content\/uploads\/2024\/01\/Immagini-in-Evidenza-SITO-AM-68-495x400.png\" class=\"wp-image-5294 avia-img-lazy-loading-not-5294 attachment-portfolio size-portfolio wp-post-image\" alt=\"\" srcset=\"http:\/\/www.amormisericordioso.org\/ita\/wp-content\/uploads\/2024\/01\/Immagini-in-Evidenza-SITO-AM-68-495x400.png 495w, http:\/\/www.amormisericordioso.org\/ita\/wp-content\/uploads\/2024\/01\/Immagini-in-Evidenza-SITO-AM-68-845x684.png 845w\" sizes=\"(max-width: 495px) 100vw, 495px\" \/><\/a><div class='slide-content'><header class=\"entry-content-header\"><h3 class='slide-entry-title entry-title '  itemprop=\"headline\" ><a href='http:\/\/www.amormisericordioso.org\/ita\/il-coro-madre-speranza-al-parlamento-europeo\/' title='Il CORO &#8220;MADRE SPERANZA&#8221; al PARLAMENTO EUROPEO'>Il CORO &#8220;MADRE SPERANZA&#8221; al PARLAMENTO EUROPEO<\/a><\/h3><span class=\"av-vertical-delimiter\"><\/span><\/header><div class='slide-meta'><div class='slide-meta-comments'><a href='http:\/\/www.amormisericordioso.org\/ita\/il-coro-madre-speranza-al-parlamento-europeo\/#respond'>0 Commenti<\/a><\/div><div class='slide-meta-del'>\/<\/div><time class='slide-meta-time updated'  itemprop=\"datePublished\" datetime=\"2024-01-10T11:42:24+01:00\" >10 Gennaio 2024<\/time><\/div><div class='slide-entry-excerpt entry-content'  itemprop=\"text\" >\n\n\n\n\n\n<\/div><\/div><footer class=\"entry-footer\"><\/footer><span class='hidden'>\n\t\t\t\t<span class='av-structured-data'  itemprop=\"image\" itemscope=\"itemscope\" itemtype=\"https:\/\/schema.org\/ImageObject\" >\n\t\t\t\t\t\t<span itemprop='url'>http:\/\/www.amormisericordioso.org\/ita\/wp-content\/uploads\/2024\/01\/Immagini-in-Evidenza-SITO-AM-68.png<\/span>\n\t\t\t\t\t\t<span itemprop='height'>1080<\/span>\n\t\t\t\t\t\t<span itemprop='width'>1080<\/span>\n\t\t\t\t<\/span>\n\t\t\t\t<span class='av-structured-data'  itemprop=\"publisher\" itemtype=\"https:\/\/schema.org\/Organization\" itemscope=\"itemscope\" >\n\t\t\t\t\t\t<span itemprop='name'>Famiglia dell'Amore Misericordioso<\/span>\n\t\t\t\t\t\t<span itemprop='logo' itemscope itemtype='https:\/\/schema.org\/ImageObject'>\n\t\t\t\t\t\t\t<span itemprop='url'>http:\/\/www.amormisericordioso.org\/ita\/wp-content\/uploads\/2018\/02\/logo-fam-italiano.png<\/span>\n\t\t\t\t\t\t <\/span>\n\t\t\t\t<\/span><span class='av-structured-data'  itemprop=\"author\" itemscope=\"itemscope\" itemtype=\"https:\/\/schema.org\/Person\" ><span itemprop='name'>Famiglia dell'Amore Misericordioso<\/span><\/span><span class='av-structured-data'  itemprop=\"datePublished\" datetime=\"2022-01-05T05:11:44+01:00\" >2024-01-10 11:42:24<\/span><span class='av-structured-data'  itemprop=\"dateModified\" itemtype=\"https:\/\/schema.org\/dateModified\" >2024-01-10 11:43:09<\/span><span class='av-structured-data'  itemprop=\"mainEntityOfPage\" itemtype=\"https:\/\/schema.org\/mainEntityOfPage\" ><span itemprop='name'>Il CORO &#8220;MADRE SPERANZA&#8221; al PARLAMENTO EUROPEO<\/span><\/span><\/span><\/article><article class='slide-entry flex_column  post-entry post-entry-5274 slide-entry-overview slide-loop-68 slide-parity-even  av_one_third  real-thumbnail post-format-standard'  itemscope=\"itemscope\" itemtype=\"https:\/\/schema.org\/CreativeWork\" ><a href='http:\/\/www.amormisericordioso.org\/ita\/rivista-lamore-misericordioso-dicembre-2023\/' data-rel='slide-1' class='slide-image' title='Rivista L\u2019AMORE MISERICORDIOSO &#8211; Dicembre 2023'><img decoding=\"async\" width=\"495\" height=\"400\" src=\"http:\/\/www.amormisericordioso.org\/ita\/wp-content\/uploads\/2024\/01\/Immagini-in-Evidenza-SITO-AM-66-495x400.png\" class=\"wp-image-5278 avia-img-lazy-loading-not-5278 attachment-portfolio size-portfolio wp-post-image\" alt=\"\" srcset=\"http:\/\/www.amormisericordioso.org\/ita\/wp-content\/uploads\/2024\/01\/Immagini-in-Evidenza-SITO-AM-66-495x400.png 495w, http:\/\/www.amormisericordioso.org\/ita\/wp-content\/uploads\/2024\/01\/Immagini-in-Evidenza-SITO-AM-66-845x684.png 845w\" sizes=\"(max-width: 495px) 100vw, 495px\" \/><\/a><div class='slide-content'><header class=\"entry-content-header\"><h3 class='slide-entry-title entry-title '  itemprop=\"headline\" ><a href='http:\/\/www.amormisericordioso.org\/ita\/rivista-lamore-misericordioso-dicembre-2023\/' title='Rivista L\u2019AMORE MISERICORDIOSO &#8211; Dicembre 2023'>Rivista L\u2019AMORE MISERICORDIOSO &#8211; Dicembre 2023<\/a><\/h3><span class=\"av-vertical-delimiter\"><\/span><\/header><div class='slide-meta'><div class='slide-meta-comments'><a href='http:\/\/www.amormisericordioso.org\/ita\/rivista-lamore-misericordioso-dicembre-2023\/#respond'>0 Commenti<\/a><\/div><div class='slide-meta-del'>\/<\/div><time class='slide-meta-time updated'  itemprop=\"datePublished\" datetime=\"2024-01-06T19:21:32+01:00\" >6 Gennaio 2024<\/time><\/div><div class='slide-entry-excerpt entry-content'  itemprop=\"text\" >\n\n\n\n\n\n<\/div><\/div><footer class=\"entry-footer\"><\/footer><span class='hidden'>\n\t\t\t\t<span class='av-structured-data'  itemprop=\"image\" itemscope=\"itemscope\" itemtype=\"https:\/\/schema.org\/ImageObject\" >\n\t\t\t\t\t\t<span itemprop='url'>http:\/\/www.amormisericordioso.org\/ita\/wp-content\/uploads\/2024\/01\/Immagini-in-Evidenza-SITO-AM-66.png<\/span>\n\t\t\t\t\t\t<span itemprop='height'>1080<\/span>\n\t\t\t\t\t\t<span itemprop='width'>1080<\/span>\n\t\t\t\t<\/span>\n\t\t\t\t<span class='av-structured-data'  itemprop=\"publisher\" itemtype=\"https:\/\/schema.org\/Organization\" itemscope=\"itemscope\" >\n\t\t\t\t\t\t<span itemprop='name'>Famiglia dell'Amore Misericordioso<\/span>\n\t\t\t\t\t\t<span itemprop='logo' itemscope itemtype='https:\/\/schema.org\/ImageObject'>\n\t\t\t\t\t\t\t<span itemprop='url'>http:\/\/www.amormisericordioso.org\/ita\/wp-content\/uploads\/2018\/02\/logo-fam-italiano.png<\/span>\n\t\t\t\t\t\t <\/span>\n\t\t\t\t<\/span><span class='av-structured-data'  itemprop=\"author\" itemscope=\"itemscope\" itemtype=\"https:\/\/schema.org\/Person\" ><span itemprop='name'>Famiglia dell'Amore Misericordioso<\/span><\/span><span class='av-structured-data'  itemprop=\"datePublished\" datetime=\"2022-01-05T05:11:44+01:00\" >2024-01-06 19:21:32<\/span><span class='av-structured-data'  itemprop=\"dateModified\" itemtype=\"https:\/\/schema.org\/dateModified\" >2024-01-06 19:22:33<\/span><span class='av-structured-data'  itemprop=\"mainEntityOfPage\" itemtype=\"https:\/\/schema.org\/mainEntityOfPage\" ><span itemprop='name'>Rivista L\u2019AMORE MISERICORDIOSO &#8211; Dicembre 2023<\/span><\/span><\/span><\/article><article class='slide-entry flex_column  post-entry post-entry-5261 slide-entry-overview slide-loop-69 slide-parity-odd  av_one_third  real-thumbnail post-format-standard'  itemscope=\"itemscope\" itemtype=\"https:\/\/schema.org\/CreativeWork\" ><a href='http:\/\/www.amormisericordioso.org\/ita\/5261-2\/' data-rel='slide-1' class='slide-image' title='ONLINE IL SITO WEB della Casa Sacerdotale FAM &#8220;Villa Sacro Cuore&#8221;'><img decoding=\"async\" width=\"495\" height=\"400\" src=\"http:\/\/www.amormisericordioso.org\/ita\/wp-content\/uploads\/2023\/12\/Immagini-in-Evidenza-SITO-AM-63-495x400.png\" class=\"wp-image-5263 avia-img-lazy-loading-not-5263 attachment-portfolio size-portfolio wp-post-image\" alt=\"\" srcset=\"http:\/\/www.amormisericordioso.org\/ita\/wp-content\/uploads\/2023\/12\/Immagini-in-Evidenza-SITO-AM-63-495x400.png 495w, http:\/\/www.amormisericordioso.org\/ita\/wp-content\/uploads\/2023\/12\/Immagini-in-Evidenza-SITO-AM-63-845x684.png 845w\" sizes=\"(max-width: 495px) 100vw, 495px\" \/><\/a><div class='slide-content'><header class=\"entry-content-header\"><h3 class='slide-entry-title entry-title '  itemprop=\"headline\" ><a href='http:\/\/www.amormisericordioso.org\/ita\/5261-2\/' title='ONLINE IL SITO WEB della Casa Sacerdotale FAM &#8220;Villa Sacro Cuore&#8221;'>ONLINE IL SITO WEB della Casa Sacerdotale FAM &#8220;Villa Sacro Cuore&#8221;<\/a><\/h3><span class=\"av-vertical-delimiter\"><\/span><\/header><div class='slide-meta'><div class='slide-meta-comments'><a href='http:\/\/www.amormisericordioso.org\/ita\/5261-2\/#respond'>0 Commenti<\/a><\/div><div class='slide-meta-del'>\/<\/div><time class='slide-meta-time updated'  itemprop=\"datePublished\" datetime=\"2023-12-13T08:57:32+01:00\" >13 Dicembre 2023<\/time><\/div><div class='slide-entry-excerpt entry-content'  itemprop=\"text\" >\n\n\n\n<\/div><\/div><footer class=\"entry-footer\"><\/footer><span class='hidden'>\n\t\t\t\t<span class='av-structured-data'  itemprop=\"image\" itemscope=\"itemscope\" itemtype=\"https:\/\/schema.org\/ImageObject\" >\n\t\t\t\t\t\t<span itemprop='url'>http:\/\/www.amormisericordioso.org\/ita\/wp-content\/uploads\/2023\/12\/Immagini-in-Evidenza-SITO-AM-63.png<\/span>\n\t\t\t\t\t\t<span itemprop='height'>1080<\/span>\n\t\t\t\t\t\t<span itemprop='width'>1080<\/span>\n\t\t\t\t<\/span>\n\t\t\t\t<span class='av-structured-data'  itemprop=\"publisher\" itemtype=\"https:\/\/schema.org\/Organization\" itemscope=\"itemscope\" >\n\t\t\t\t\t\t<span itemprop='name'>Famiglia dell'Amore Misericordioso<\/span>\n\t\t\t\t\t\t<span itemprop='logo' itemscope itemtype='https:\/\/schema.org\/ImageObject'>\n\t\t\t\t\t\t\t<span itemprop='url'>http:\/\/www.amormisericordioso.org\/ita\/wp-content\/uploads\/2018\/02\/logo-fam-italiano.png<\/span>\n\t\t\t\t\t\t <\/span>\n\t\t\t\t<\/span><span class='av-structured-data'  itemprop=\"author\" itemscope=\"itemscope\" itemtype=\"https:\/\/schema.org\/Person\" ><span itemprop='name'>Famiglia dell'Amore Misericordioso<\/span><\/span><span class='av-structured-data'  itemprop=\"datePublished\" datetime=\"2022-01-05T05:11:44+01:00\" >2023-12-13 08:57:32<\/span><span class='av-structured-data'  itemprop=\"dateModified\" itemtype=\"https:\/\/schema.org\/dateModified\" >2023-12-13 09:00:50<\/span><span class='av-structured-data'  itemprop=\"mainEntityOfPage\" itemtype=\"https:\/\/schema.org\/mainEntityOfPage\" ><span itemprop='name'>ONLINE IL SITO WEB della Casa Sacerdotale FAM &#8220;Villa Sacro Cuore&#8221;<\/span><\/span><\/span><\/article><\/div><div class='slide-entry-wrap'><article class='slide-entry flex_column  post-entry post-entry-5254 slide-entry-overview slide-loop-70 slide-parity-odd  av_one_third first real-thumbnail post-format-standard'  itemscope=\"itemscope\" itemtype=\"https:\/\/schema.org\/CreativeWork\" ><a href='http:\/\/www.amormisericordioso.org\/ita\/benedetto-il-signore-il-suo-amore-per-me-ha-fatto-meraviglie-di-grazia-sal-3122\/' data-rel='slide-1' class='slide-image' title='BENEDETTO IL SIGNORE: il Suo amore per me ha fatto meraviglie di grazia (Sal 31,22)'><img decoding=\"async\" width=\"495\" height=\"400\" src=\"http:\/\/www.amormisericordioso.org\/ita\/wp-content\/uploads\/2023\/12\/Immagini-in-Evidenza-SITO-AM-62-495x400.png\" class=\"wp-image-5257 avia-img-lazy-loading-not-5257 attachment-portfolio size-portfolio wp-post-image\" alt=\"\" srcset=\"http:\/\/www.amormisericordioso.org\/ita\/wp-content\/uploads\/2023\/12\/Immagini-in-Evidenza-SITO-AM-62-495x400.png 495w, http:\/\/www.amormisericordioso.org\/ita\/wp-content\/uploads\/2023\/12\/Immagini-in-Evidenza-SITO-AM-62-845x684.png 845w\" sizes=\"(max-width: 495px) 100vw, 495px\" \/><\/a><div class='slide-content'><header class=\"entry-content-header\"><h3 class='slide-entry-title entry-title '  itemprop=\"headline\" ><a href='http:\/\/www.amormisericordioso.org\/ita\/benedetto-il-signore-il-suo-amore-per-me-ha-fatto-meraviglie-di-grazia-sal-3122\/' title='BENEDETTO IL SIGNORE: il Suo amore per me ha fatto meraviglie di grazia (Sal 31,22)'>BENEDETTO IL SIGNORE: il Suo amore per me ha fatto meraviglie di grazia (Sal 31,22)<\/a><\/h3><span class=\"av-vertical-delimiter\"><\/span><\/header><div class='slide-meta'><div class='slide-meta-comments'><a href='http:\/\/www.amormisericordioso.org\/ita\/benedetto-il-signore-il-suo-amore-per-me-ha-fatto-meraviglie-di-grazia-sal-3122\/#respond'>0 Commenti<\/a><\/div><div class='slide-meta-del'>\/<\/div><time class='slide-meta-time updated'  itemprop=\"datePublished\" datetime=\"2023-12-13T08:31:36+01:00\" >13 Dicembre 2023<\/time><\/div><div class='slide-entry-excerpt entry-content'  itemprop=\"text\" >\n\n\n\n<\/div><\/div><footer class=\"entry-footer\"><\/footer><span class='hidden'>\n\t\t\t\t<span class='av-structured-data'  itemprop=\"image\" itemscope=\"itemscope\" itemtype=\"https:\/\/schema.org\/ImageObject\" >\n\t\t\t\t\t\t<span itemprop='url'>http:\/\/www.amormisericordioso.org\/ita\/wp-content\/uploads\/2023\/12\/Immagini-in-Evidenza-SITO-AM-62.png<\/span>\n\t\t\t\t\t\t<span itemprop='height'>1080<\/span>\n\t\t\t\t\t\t<span itemprop='width'>1080<\/span>\n\t\t\t\t<\/span>\n\t\t\t\t<span class='av-structured-data'  itemprop=\"publisher\" itemtype=\"https:\/\/schema.org\/Organization\" itemscope=\"itemscope\" >\n\t\t\t\t\t\t<span itemprop='name'>Famiglia dell'Amore Misericordioso<\/span>\n\t\t\t\t\t\t<span itemprop='logo' itemscope itemtype='https:\/\/schema.org\/ImageObject'>\n\t\t\t\t\t\t\t<span itemprop='url'>http:\/\/www.amormisericordioso.org\/ita\/wp-content\/uploads\/2018\/02\/logo-fam-italiano.png<\/span>\n\t\t\t\t\t\t <\/span>\n\t\t\t\t<\/span><span class='av-structured-data'  itemprop=\"author\" itemscope=\"itemscope\" itemtype=\"https:\/\/schema.org\/Person\" ><span itemprop='name'>Famiglia dell'Amore Misericordioso<\/span><\/span><span class='av-structured-data'  itemprop=\"datePublished\" datetime=\"2022-01-05T05:11:44+01:00\" >2023-12-13 08:31:36<\/span><span class='av-structured-data'  itemprop=\"dateModified\" itemtype=\"https:\/\/schema.org\/dateModified\" >2023-12-13 08:31:36<\/span><span class='av-structured-data'  itemprop=\"mainEntityOfPage\" itemtype=\"https:\/\/schema.org\/mainEntityOfPage\" ><span itemprop='name'>BENEDETTO IL SIGNORE: il Suo amore per me ha fatto meraviglie di grazia (Sal 31,22)<\/span><\/span><\/span><\/article><article class='slide-entry flex_column  post-entry post-entry-5249 slide-entry-overview slide-loop-71 slide-parity-even  av_one_third  real-thumbnail post-format-standard'  itemscope=\"itemscope\" itemtype=\"https:\/\/schema.org\/CreativeWork\" ><a href='http:\/\/www.amormisericordioso.org\/ita\/rivista-lamore-misericordioso-novembre-2023\/' data-rel='slide-1' class='slide-image' title='Rivista L\u2019AMORE MISERICORDIOSO &#8211; Novembre 2023'><img decoding=\"async\" width=\"495\" height=\"400\" src=\"http:\/\/www.amormisericordioso.org\/ita\/wp-content\/uploads\/2023\/12\/Immagini-in-Evidenza-SITO-AM-61-495x400.png\" class=\"wp-image-5251 avia-img-lazy-loading-not-5251 attachment-portfolio size-portfolio wp-post-image\" alt=\"\" srcset=\"http:\/\/www.amormisericordioso.org\/ita\/wp-content\/uploads\/2023\/12\/Immagini-in-Evidenza-SITO-AM-61-495x400.png 495w, http:\/\/www.amormisericordioso.org\/ita\/wp-content\/uploads\/2023\/12\/Immagini-in-Evidenza-SITO-AM-61-845x684.png 845w\" sizes=\"(max-width: 495px) 100vw, 495px\" \/><\/a><div class='slide-content'><header class=\"entry-content-header\"><h3 class='slide-entry-title entry-title '  itemprop=\"headline\" ><a href='http:\/\/www.amormisericordioso.org\/ita\/rivista-lamore-misericordioso-novembre-2023\/' title='Rivista L\u2019AMORE MISERICORDIOSO &#8211; Novembre 2023'>Rivista L\u2019AMORE MISERICORDIOSO &#8211; Novembre 2023<\/a><\/h3><span class=\"av-vertical-delimiter\"><\/span><\/header><div class='slide-meta'><div class='slide-meta-comments'><a href='http:\/\/www.amormisericordioso.org\/ita\/rivista-lamore-misericordioso-novembre-2023\/#respond'>0 Commenti<\/a><\/div><div class='slide-meta-del'>\/<\/div><time class='slide-meta-time updated'  itemprop=\"datePublished\" datetime=\"2023-12-10T10:02:28+01:00\" >10 Dicembre 2023<\/time><\/div><div class='slide-entry-excerpt entry-content'  itemprop=\"text\" >\n\n\n\n\n\n<\/div><\/div><footer class=\"entry-footer\"><\/footer><span class='hidden'>\n\t\t\t\t<span class='av-structured-data'  itemprop=\"image\" itemscope=\"itemscope\" itemtype=\"https:\/\/schema.org\/ImageObject\" >\n\t\t\t\t\t\t<span itemprop='url'>http:\/\/www.amormisericordioso.org\/ita\/wp-content\/uploads\/2023\/12\/Immagini-in-Evidenza-SITO-AM-61.png<\/span>\n\t\t\t\t\t\t<span itemprop='height'>1080<\/span>\n\t\t\t\t\t\t<span itemprop='width'>1080<\/span>\n\t\t\t\t<\/span>\n\t\t\t\t<span class='av-structured-data'  itemprop=\"publisher\" itemtype=\"https:\/\/schema.org\/Organization\" itemscope=\"itemscope\" >\n\t\t\t\t\t\t<span itemprop='name'>Famiglia dell'Amore Misericordioso<\/span>\n\t\t\t\t\t\t<span itemprop='logo' itemscope itemtype='https:\/\/schema.org\/ImageObject'>\n\t\t\t\t\t\t\t<span itemprop='url'>http:\/\/www.amormisericordioso.org\/ita\/wp-content\/uploads\/2018\/02\/logo-fam-italiano.png<\/span>\n\t\t\t\t\t\t <\/span>\n\t\t\t\t<\/span><span class='av-structured-data'  itemprop=\"author\" itemscope=\"itemscope\" itemtype=\"https:\/\/schema.org\/Person\" ><span itemprop='name'>Famiglia dell'Amore Misericordioso<\/span><\/span><span class='av-structured-data'  itemprop=\"datePublished\" datetime=\"2022-01-05T05:11:44+01:00\" >2023-12-10 10:02:28<\/span><span class='av-structured-data'  itemprop=\"dateModified\" itemtype=\"https:\/\/schema.org\/dateModified\" >2023-12-10 10:03:04<\/span><span class='av-structured-data'  itemprop=\"mainEntityOfPage\" itemtype=\"https:\/\/schema.org\/mainEntityOfPage\" ><span itemprop='name'>Rivista L\u2019AMORE MISERICORDIOSO &#8211; Novembre 2023<\/span><\/span><\/span><\/article><article class='slide-entry flex_column  post-entry post-entry-5237 slide-entry-overview slide-loop-72 slide-parity-odd  av_one_third  real-thumbnail post-format-standard'  itemscope=\"itemscope\" itemtype=\"https:\/\/schema.org\/CreativeWork\" ><a href='http:\/\/www.amormisericordioso.org\/ita\/ancora-insieme-xxii-assemblea-fam-sdfam-collevalenza-13-17-novembre-2023\/' data-rel='slide-1' class='slide-image' title='ANCORA INSIEME XXII &#8211; Assemblea FAM-SDFAM (Collevalenza 13-17 novembre 2023)'><img decoding=\"async\" width=\"495\" height=\"400\" src=\"http:\/\/www.amormisericordioso.org\/ita\/wp-content\/uploads\/2023\/12\/Immagini-in-Evidenza-SITO-AM-60-495x400.png\" class=\"wp-image-5242 avia-img-lazy-loading-not-5242 attachment-portfolio size-portfolio wp-post-image\" alt=\"\" srcset=\"http:\/\/www.amormisericordioso.org\/ita\/wp-content\/uploads\/2023\/12\/Immagini-in-Evidenza-SITO-AM-60-495x400.png 495w, http:\/\/www.amormisericordioso.org\/ita\/wp-content\/uploads\/2023\/12\/Immagini-in-Evidenza-SITO-AM-60-845x684.png 845w\" sizes=\"(max-width: 495px) 100vw, 495px\" \/><\/a><div class='slide-content'><header class=\"entry-content-header\"><h3 class='slide-entry-title entry-title '  itemprop=\"headline\" ><a href='http:\/\/www.amormisericordioso.org\/ita\/ancora-insieme-xxii-assemblea-fam-sdfam-collevalenza-13-17-novembre-2023\/' title='ANCORA INSIEME XXII &#8211; Assemblea FAM-SDFAM (Collevalenza 13-17 novembre 2023)'>ANCORA INSIEME XXII &#8211; Assemblea FAM-SDFAM (Collevalenza 13-17 novembre 2023)<\/a><\/h3><span class=\"av-vertical-delimiter\"><\/span><\/header><div class='slide-meta'><div class='slide-meta-comments'><a href='http:\/\/www.amormisericordioso.org\/ita\/ancora-insieme-xxii-assemblea-fam-sdfam-collevalenza-13-17-novembre-2023\/#respond'>0 Commenti<\/a><\/div><div class='slide-meta-del'>\/<\/div><time class='slide-meta-time updated'  itemprop=\"datePublished\" datetime=\"2023-12-02T12:49:48+01:00\" >2 Dicembre 2023<\/time><\/div><div class='slide-entry-excerpt entry-content'  itemprop=\"text\" >\n\n\n\n<\/div><\/div><footer class=\"entry-footer\"><\/footer><span class='hidden'>\n\t\t\t\t<span class='av-structured-data'  itemprop=\"image\" itemscope=\"itemscope\" itemtype=\"https:\/\/schema.org\/ImageObject\" >\n\t\t\t\t\t\t<span itemprop='url'>http:\/\/www.amormisericordioso.org\/ita\/wp-content\/uploads\/2023\/12\/Immagini-in-Evidenza-SITO-AM-60.png<\/span>\n\t\t\t\t\t\t<span itemprop='height'>1080<\/span>\n\t\t\t\t\t\t<span itemprop='width'>1080<\/span>\n\t\t\t\t<\/span>\n\t\t\t\t<span class='av-structured-data'  itemprop=\"publisher\" itemtype=\"https:\/\/schema.org\/Organization\" itemscope=\"itemscope\" >\n\t\t\t\t\t\t<span itemprop='name'>Famiglia dell'Amore Misericordioso<\/span>\n\t\t\t\t\t\t<span itemprop='logo' itemscope itemtype='https:\/\/schema.org\/ImageObject'>\n\t\t\t\t\t\t\t<span itemprop='url'>http:\/\/www.amormisericordioso.org\/ita\/wp-content\/uploads\/2018\/02\/logo-fam-italiano.png<\/span>\n\t\t\t\t\t\t <\/span>\n\t\t\t\t<\/span><span class='av-structured-data'  itemprop=\"author\" itemscope=\"itemscope\" itemtype=\"https:\/\/schema.org\/Person\" ><span itemprop='name'>Famiglia dell'Amore Misericordioso<\/span><\/span><span class='av-structured-data'  itemprop=\"datePublished\" datetime=\"2022-01-05T05:11:44+01:00\" >2023-12-02 12:49:48<\/span><span class='av-structured-data'  itemprop=\"dateModified\" itemtype=\"https:\/\/schema.org\/dateModified\" >2023-12-02 12:49:50<\/span><span class='av-structured-data'  itemprop=\"mainEntityOfPage\" itemtype=\"https:\/\/schema.org\/mainEntityOfPage\" ><span itemprop='name'>ANCORA INSIEME XXII &#8211; Assemblea FAM-SDFAM (Collevalenza 13-17 novembre 2023)<\/span><\/span><\/span><\/article><\/div><div class='slide-entry-wrap'><article class='slide-entry flex_column  post-entry post-entry-5228 slide-entry-overview slide-loop-73 slide-parity-odd  av_one_third first real-thumbnail post-format-standard'  itemscope=\"itemscope\" itemtype=\"https:\/\/schema.org\/CreativeWork\" ><a href='http:\/\/www.amormisericordioso.org\/ita\/con-lo-sguardo-verso-lalto-dinanzi-al-crocifisso-dellamore-misericordioso\/' data-rel='slide-1' class='slide-image' title='Con lo sguardo verso l&#8217;alto: DINANZI AL CROCIFISSO DELL&#8217;AMORE MISERICORDIOSO'><img decoding=\"async\" width=\"495\" height=\"400\" src=\"http:\/\/www.amormisericordioso.org\/ita\/wp-content\/uploads\/2023\/11\/Immagini-in-Evidenza-SITO-AM-59-495x400.png\" class=\"wp-image-5234 avia-img-lazy-loading-not-5234 attachment-portfolio size-portfolio wp-post-image\" alt=\"\" srcset=\"http:\/\/www.amormisericordioso.org\/ita\/wp-content\/uploads\/2023\/11\/Immagini-in-Evidenza-SITO-AM-59-495x400.png 495w, http:\/\/www.amormisericordioso.org\/ita\/wp-content\/uploads\/2023\/11\/Immagini-in-Evidenza-SITO-AM-59-845x684.png 845w\" sizes=\"(max-width: 495px) 100vw, 495px\" \/><\/a><div class='slide-content'><header class=\"entry-content-header\"><h3 class='slide-entry-title entry-title '  itemprop=\"headline\" ><a href='http:\/\/www.amormisericordioso.org\/ita\/con-lo-sguardo-verso-lalto-dinanzi-al-crocifisso-dellamore-misericordioso\/' title='Con lo sguardo verso l&#8217;alto: DINANZI AL CROCIFISSO DELL&#8217;AMORE MISERICORDIOSO'>Con lo sguardo verso l&#8217;alto: DINANZI AL CROCIFISSO DELL&#8217;AMORE MISERICORDIOSO<\/a><\/h3><span class=\"av-vertical-delimiter\"><\/span><\/header><div class='slide-meta'><div class='slide-meta-comments'><a href='http:\/\/www.amormisericordioso.org\/ita\/con-lo-sguardo-verso-lalto-dinanzi-al-crocifisso-dellamore-misericordioso\/#respond'>0 Commenti<\/a><\/div><div class='slide-meta-del'>\/<\/div><time class='slide-meta-time updated'  itemprop=\"datePublished\" datetime=\"2023-11-29T15:23:53+01:00\" >29 Novembre 2023<\/time><\/div><div class='slide-entry-excerpt entry-content'  itemprop=\"text\" >\n\n\n\n\n\n<\/div><\/div><footer class=\"entry-footer\"><\/footer><span class='hidden'>\n\t\t\t\t<span class='av-structured-data'  itemprop=\"image\" itemscope=\"itemscope\" itemtype=\"https:\/\/schema.org\/ImageObject\" >\n\t\t\t\t\t\t<span itemprop='url'>http:\/\/www.amormisericordioso.org\/ita\/wp-content\/uploads\/2023\/11\/Immagini-in-Evidenza-SITO-AM-59.png<\/span>\n\t\t\t\t\t\t<span itemprop='height'>1080<\/span>\n\t\t\t\t\t\t<span itemprop='width'>1080<\/span>\n\t\t\t\t<\/span>\n\t\t\t\t<span class='av-structured-data'  itemprop=\"publisher\" itemtype=\"https:\/\/schema.org\/Organization\" itemscope=\"itemscope\" >\n\t\t\t\t\t\t<span itemprop='name'>Famiglia dell'Amore Misericordioso<\/span>\n\t\t\t\t\t\t<span itemprop='logo' itemscope itemtype='https:\/\/schema.org\/ImageObject'>\n\t\t\t\t\t\t\t<span itemprop='url'>http:\/\/www.amormisericordioso.org\/ita\/wp-content\/uploads\/2018\/02\/logo-fam-italiano.png<\/span>\n\t\t\t\t\t\t <\/span>\n\t\t\t\t<\/span><span class='av-structured-data'  itemprop=\"author\" itemscope=\"itemscope\" itemtype=\"https:\/\/schema.org\/Person\" ><span itemprop='name'>Famiglia dell'Amore Misericordioso<\/span><\/span><span class='av-structured-data'  itemprop=\"datePublished\" datetime=\"2022-01-05T05:11:44+01:00\" >2023-11-29 15:23:53<\/span><span class='av-structured-data'  itemprop=\"dateModified\" itemtype=\"https:\/\/schema.org\/dateModified\" >2023-11-29 15:35:06<\/span><span class='av-structured-data'  itemprop=\"mainEntityOfPage\" itemtype=\"https:\/\/schema.org\/mainEntityOfPage\" ><span itemprop='name'>Con lo sguardo verso l&#8217;alto: DINANZI AL CROCIFISSO DELL&#8217;AMORE MISERICORDIOSO<\/span><\/span><\/span><\/article><article class='slide-entry flex_column  post-entry post-entry-5211 slide-entry-overview slide-loop-74 slide-parity-even  av_one_third  real-thumbnail post-format-standard'  itemscope=\"itemscope\" itemtype=\"https:\/\/schema.org\/CreativeWork\" ><a href='http:\/\/www.amormisericordioso.org\/ita\/solennita-di-cristo-re-2\/' data-rel='slide-1' class='slide-image' title='SOLENNIT\u00c0 DI CRISTO RE'><img decoding=\"async\" width=\"495\" height=\"400\" src=\"http:\/\/www.amormisericordioso.org\/ita\/wp-content\/uploads\/2023\/11\/Immagini-in-Evidenza-SITO-AM-56-495x400.png\" class=\"wp-image-5213 avia-img-lazy-loading-not-5213 attachment-portfolio size-portfolio wp-post-image\" alt=\"\" srcset=\"http:\/\/www.amormisericordioso.org\/ita\/wp-content\/uploads\/2023\/11\/Immagini-in-Evidenza-SITO-AM-56-495x400.png 495w, http:\/\/www.amormisericordioso.org\/ita\/wp-content\/uploads\/2023\/11\/Immagini-in-Evidenza-SITO-AM-56-845x684.png 845w\" sizes=\"(max-width: 495px) 100vw, 495px\" \/><\/a><div class='slide-content'><header class=\"entry-content-header\"><h3 class='slide-entry-title entry-title '  itemprop=\"headline\" ><a href='http:\/\/www.amormisericordioso.org\/ita\/solennita-di-cristo-re-2\/' title='SOLENNIT\u00c0 DI CRISTO RE'>SOLENNIT\u00c0 DI CRISTO RE<\/a><\/h3><span class=\"av-vertical-delimiter\"><\/span><\/header><div class='slide-meta'><div class='slide-meta-comments'><a href='http:\/\/www.amormisericordioso.org\/ita\/solennita-di-cristo-re-2\/#respond'>0 Commenti<\/a><\/div><div class='slide-meta-del'>\/<\/div><time class='slide-meta-time updated'  itemprop=\"datePublished\" datetime=\"2023-11-26T06:00:00+01:00\" >26 Novembre 2023<\/time><\/div><div class='slide-entry-excerpt entry-content'  itemprop=\"text\" >\n\n\n\n<\/div><\/div><footer class=\"entry-footer\"><\/footer><span class='hidden'>\n\t\t\t\t<span class='av-structured-data'  itemprop=\"image\" itemscope=\"itemscope\" itemtype=\"https:\/\/schema.org\/ImageObject\" >\n\t\t\t\t\t\t<span itemprop='url'>http:\/\/www.amormisericordioso.org\/ita\/wp-content\/uploads\/2023\/11\/Immagini-in-Evidenza-SITO-AM-56.png<\/span>\n\t\t\t\t\t\t<span itemprop='height'>1080<\/span>\n\t\t\t\t\t\t<span itemprop='width'>1080<\/span>\n\t\t\t\t<\/span>\n\t\t\t\t<span class='av-structured-data'  itemprop=\"publisher\" itemtype=\"https:\/\/schema.org\/Organization\" itemscope=\"itemscope\" >\n\t\t\t\t\t\t<span itemprop='name'>Famiglia dell'Amore Misericordioso<\/span>\n\t\t\t\t\t\t<span itemprop='logo' itemscope itemtype='https:\/\/schema.org\/ImageObject'>\n\t\t\t\t\t\t\t<span itemprop='url'>http:\/\/www.amormisericordioso.org\/ita\/wp-content\/uploads\/2018\/02\/logo-fam-italiano.png<\/span>\n\t\t\t\t\t\t <\/span>\n\t\t\t\t<\/span><span class='av-structured-data'  itemprop=\"author\" itemscope=\"itemscope\" itemtype=\"https:\/\/schema.org\/Person\" ><span itemprop='name'>Famiglia dell'Amore Misericordioso<\/span><\/span><span class='av-structured-data'  itemprop=\"datePublished\" datetime=\"2022-01-05T05:11:44+01:00\" >2023-11-26 06:00:00<\/span><span class='av-structured-data'  itemprop=\"dateModified\" itemtype=\"https:\/\/schema.org\/dateModified\" >2023-11-21 10:20:05<\/span><span class='av-structured-data'  itemprop=\"mainEntityOfPage\" itemtype=\"https:\/\/schema.org\/mainEntityOfPage\" ><span itemprop='name'>SOLENNIT\u00c0 DI CRISTO RE<\/span><\/span><\/span><\/article><article class='slide-entry flex_column  post-entry post-entry-5208 slide-entry-overview slide-loop-75 slide-parity-odd  av_one_third  real-thumbnail post-format-standard'  itemscope=\"itemscope\" itemtype=\"https:\/\/schema.org\/CreativeWork\" ><a href='http:\/\/www.amormisericordioso.org\/ita\/tv-2000-torna-al-santuario-dellamore-misericordioso\/' data-rel='slide-1' class='slide-image' title='TV 2000 torna al Santuario dell&#8217;Amore Misericordioso'><img decoding=\"async\" width=\"495\" height=\"400\" src=\"http:\/\/www.amormisericordioso.org\/ita\/wp-content\/uploads\/2023\/11\/Immagini-in-Evidenza-SITO-AM-54-495x400.png\" class=\"wp-image-5179 avia-img-lazy-loading-not-5179 attachment-portfolio size-portfolio wp-post-image\" alt=\"\" srcset=\"http:\/\/www.amormisericordioso.org\/ita\/wp-content\/uploads\/2023\/11\/Immagini-in-Evidenza-SITO-AM-54-495x400.png 495w, http:\/\/www.amormisericordioso.org\/ita\/wp-content\/uploads\/2023\/11\/Immagini-in-Evidenza-SITO-AM-54-845x684.png 845w\" sizes=\"(max-width: 495px) 100vw, 495px\" \/><\/a><div class='slide-content'><header class=\"entry-content-header\"><h3 class='slide-entry-title entry-title '  itemprop=\"headline\" ><a href='http:\/\/www.amormisericordioso.org\/ita\/tv-2000-torna-al-santuario-dellamore-misericordioso\/' title='TV 2000 torna al Santuario dell&#8217;Amore Misericordioso'>TV 2000 torna al Santuario dell&#8217;Amore Misericordioso<\/a><\/h3><span class=\"av-vertical-delimiter\"><\/span><\/header><div class='slide-meta'><div class='slide-meta-comments'><a href='http:\/\/www.amormisericordioso.org\/ita\/tv-2000-torna-al-santuario-dellamore-misericordioso\/#respond'>0 Commenti<\/a><\/div><div class='slide-meta-del'>\/<\/div><time class='slide-meta-time updated'  itemprop=\"datePublished\" datetime=\"2023-11-21T09:26:51+01:00\" >21 Novembre 2023<\/time><\/div><div class='slide-entry-excerpt entry-content'  itemprop=\"text\" >\n\n\n\n<\/div><\/div><footer class=\"entry-footer\"><\/footer><span class='hidden'>\n\t\t\t\t<span class='av-structured-data'  itemprop=\"image\" itemscope=\"itemscope\" itemtype=\"https:\/\/schema.org\/ImageObject\" >\n\t\t\t\t\t\t<span itemprop='url'>http:\/\/www.amormisericordioso.org\/ita\/wp-content\/uploads\/2023\/11\/Immagini-in-Evidenza-SITO-AM-54.png<\/span>\n\t\t\t\t\t\t<span itemprop='height'>1080<\/span>\n\t\t\t\t\t\t<span itemprop='width'>1080<\/span>\n\t\t\t\t<\/span>\n\t\t\t\t<span class='av-structured-data'  itemprop=\"publisher\" itemtype=\"https:\/\/schema.org\/Organization\" itemscope=\"itemscope\" >\n\t\t\t\t\t\t<span itemprop='name'>Famiglia dell'Amore Misericordioso<\/span>\n\t\t\t\t\t\t<span itemprop='logo' itemscope itemtype='https:\/\/schema.org\/ImageObject'>\n\t\t\t\t\t\t\t<span itemprop='url'>http:\/\/www.amormisericordioso.org\/ita\/wp-content\/uploads\/2018\/02\/logo-fam-italiano.png<\/span>\n\t\t\t\t\t\t <\/span>\n\t\t\t\t<\/span><span class='av-structured-data'  itemprop=\"author\" itemscope=\"itemscope\" itemtype=\"https:\/\/schema.org\/Person\" ><span itemprop='name'>Famiglia dell'Amore Misericordioso<\/span><\/span><span class='av-structured-data'  itemprop=\"datePublished\" datetime=\"2022-01-05T05:11:44+01:00\" >2023-11-21 09:26:51<\/span><span class='av-structured-data'  itemprop=\"dateModified\" itemtype=\"https:\/\/schema.org\/dateModified\" >2023-11-21 09:26:56<\/span><span class='av-structured-data'  itemprop=\"mainEntityOfPage\" itemtype=\"https:\/\/schema.org\/mainEntityOfPage\" ><span itemprop='name'>TV 2000 torna al Santuario dell&#8217;Amore Misericordioso<\/span><\/span><\/span><\/article><\/div><div class='slide-entry-wrap'><article class='slide-entry flex_column  post-entry post-entry-5197 slide-entry-overview slide-loop-76 slide-parity-odd  av_one_third first real-thumbnail post-format-standard'  itemscope=\"itemscope\" itemtype=\"https:\/\/schema.org\/CreativeWork\" ><a href='http:\/\/www.amormisericordioso.org\/ita\/professione-perpetua-di-don-marko-cosentino-sdfam\/' data-rel='slide-1' class='slide-image' title='PROFESSIONE PERPETUA di Don Marko Cosentino SDFAM'><img decoding=\"async\" width=\"495\" height=\"400\" src=\"http:\/\/www.amormisericordioso.org\/ita\/wp-content\/uploads\/2023\/11\/Immagini-in-Evidenza-SITO-AM-55-495x400.png\" class=\"wp-image-5205 avia-img-lazy-loading-not-5205 attachment-portfolio size-portfolio wp-post-image\" alt=\"\" srcset=\"http:\/\/www.amormisericordioso.org\/ita\/wp-content\/uploads\/2023\/11\/Immagini-in-Evidenza-SITO-AM-55-495x400.png 495w, http:\/\/www.amormisericordioso.org\/ita\/wp-content\/uploads\/2023\/11\/Immagini-in-Evidenza-SITO-AM-55-845x684.png 845w\" sizes=\"(max-width: 495px) 100vw, 495px\" \/><\/a><div class='slide-content'><header class=\"entry-content-header\"><h3 class='slide-entry-title entry-title '  itemprop=\"headline\" ><a href='http:\/\/www.amormisericordioso.org\/ita\/professione-perpetua-di-don-marko-cosentino-sdfam\/' title='PROFESSIONE PERPETUA di Don Marko Cosentino SDFAM'>PROFESSIONE PERPETUA di Don Marko Cosentino SDFAM<\/a><\/h3><span class=\"av-vertical-delimiter\"><\/span><\/header><div class='slide-meta'><div class='slide-meta-comments'><a href='http:\/\/www.amormisericordioso.org\/ita\/professione-perpetua-di-don-marko-cosentino-sdfam\/#respond'>0 Commenti<\/a><\/div><div class='slide-meta-del'>\/<\/div><time class='slide-meta-time updated'  itemprop=\"datePublished\" datetime=\"2023-11-18T11:27:47+01:00\" >18 Novembre 2023<\/time><\/div><div class='slide-entry-excerpt entry-content'  itemprop=\"text\" >\n\n\n\n\n\n<\/div><\/div><footer class=\"entry-footer\"><\/footer><span class='hidden'>\n\t\t\t\t<span class='av-structured-data'  itemprop=\"image\" itemscope=\"itemscope\" itemtype=\"https:\/\/schema.org\/ImageObject\" >\n\t\t\t\t\t\t<span itemprop='url'>http:\/\/www.amormisericordioso.org\/ita\/wp-content\/uploads\/2023\/11\/Immagini-in-Evidenza-SITO-AM-55.png<\/span>\n\t\t\t\t\t\t<span itemprop='height'>1080<\/span>\n\t\t\t\t\t\t<span itemprop='width'>1080<\/span>\n\t\t\t\t<\/span>\n\t\t\t\t<span class='av-structured-data'  itemprop=\"publisher\" itemtype=\"https:\/\/schema.org\/Organization\" itemscope=\"itemscope\" >\n\t\t\t\t\t\t<span itemprop='name'>Famiglia dell'Amore Misericordioso<\/span>\n\t\t\t\t\t\t<span itemprop='logo' itemscope itemtype='https:\/\/schema.org\/ImageObject'>\n\t\t\t\t\t\t\t<span itemprop='url'>http:\/\/www.amormisericordioso.org\/ita\/wp-content\/uploads\/2018\/02\/logo-fam-italiano.png<\/span>\n\t\t\t\t\t\t <\/span>\n\t\t\t\t<\/span><span class='av-structured-data'  itemprop=\"author\" itemscope=\"itemscope\" itemtype=\"https:\/\/schema.org\/Person\" ><span itemprop='name'>Famiglia dell'Amore Misericordioso<\/span><\/span><span class='av-structured-data'  itemprop=\"datePublished\" datetime=\"2022-01-05T05:11:44+01:00\" >2023-11-18 11:27:47<\/span><span class='av-structured-data'  itemprop=\"dateModified\" itemtype=\"https:\/\/schema.org\/dateModified\" >2023-11-18 21:46:55<\/span><span class='av-structured-data'  itemprop=\"mainEntityOfPage\" itemtype=\"https:\/\/schema.org\/mainEntityOfPage\" ><span itemprop='name'>PROFESSIONE PERPETUA di Don Marko Cosentino SDFAM<\/span><\/span><\/span><\/article><article class='slide-entry flex_column  post-entry post-entry-5172 slide-entry-overview slide-loop-77 slide-parity-even  av_one_third  real-thumbnail post-format-standard'  itemscope=\"itemscope\" itemtype=\"https:\/\/schema.org\/CreativeWork\" ><a href='http:\/\/www.amormisericordioso.org\/ita\/pago-io-per-loro\/' data-rel='slide-1' class='slide-image' title='\u201cPAGO IO PER LORO\u201d'><img decoding=\"async\" width=\"495\" height=\"400\" src=\"http:\/\/www.amormisericordioso.org\/ita\/wp-content\/uploads\/2023\/11\/Immagini-in-Evidenza-SITO-AM-53-495x400.png\" class=\"wp-image-5175 avia-img-lazy-loading-not-5175 attachment-portfolio size-portfolio wp-post-image\" alt=\"\" srcset=\"http:\/\/www.amormisericordioso.org\/ita\/wp-content\/uploads\/2023\/11\/Immagini-in-Evidenza-SITO-AM-53-495x400.png 495w, http:\/\/www.amormisericordioso.org\/ita\/wp-content\/uploads\/2023\/11\/Immagini-in-Evidenza-SITO-AM-53-845x684.png 845w\" sizes=\"(max-width: 495px) 100vw, 495px\" \/><\/a><div class='slide-content'><header class=\"entry-content-header\"><h3 class='slide-entry-title entry-title '  itemprop=\"headline\" ><a href='http:\/\/www.amormisericordioso.org\/ita\/pago-io-per-loro\/' title='\u201cPAGO IO PER LORO\u201d'>\u201cPAGO IO PER LORO\u201d<\/a><\/h3><span class=\"av-vertical-delimiter\"><\/span><\/header><div class='slide-meta'><div class='slide-meta-comments'><a href='http:\/\/www.amormisericordioso.org\/ita\/pago-io-per-loro\/#respond'>0 Commenti<\/a><\/div><div class='slide-meta-del'>\/<\/div><time class='slide-meta-time updated'  itemprop=\"datePublished\" datetime=\"2023-11-09T09:10:42+01:00\" >9 Novembre 2023<\/time><\/div><div class='slide-entry-excerpt entry-content'  itemprop=\"text\" >\n\n\n\n<\/div><\/div><footer class=\"entry-footer\"><\/footer><span class='hidden'>\n\t\t\t\t<span class='av-structured-data'  itemprop=\"image\" itemscope=\"itemscope\" itemtype=\"https:\/\/schema.org\/ImageObject\" >\n\t\t\t\t\t\t<span itemprop='url'>http:\/\/www.amormisericordioso.org\/ita\/wp-content\/uploads\/2023\/11\/Immagini-in-Evidenza-SITO-AM-53.png<\/span>\n\t\t\t\t\t\t<span itemprop='height'>1080<\/span>\n\t\t\t\t\t\t<span itemprop='width'>1080<\/span>\n\t\t\t\t<\/span>\n\t\t\t\t<span class='av-structured-data'  itemprop=\"publisher\" itemtype=\"https:\/\/schema.org\/Organization\" itemscope=\"itemscope\" >\n\t\t\t\t\t\t<span itemprop='name'>Famiglia dell'Amore Misericordioso<\/span>\n\t\t\t\t\t\t<span itemprop='logo' itemscope itemtype='https:\/\/schema.org\/ImageObject'>\n\t\t\t\t\t\t\t<span itemprop='url'>http:\/\/www.amormisericordioso.org\/ita\/wp-content\/uploads\/2018\/02\/logo-fam-italiano.png<\/span>\n\t\t\t\t\t\t <\/span>\n\t\t\t\t<\/span><span class='av-structured-data'  itemprop=\"author\" itemscope=\"itemscope\" itemtype=\"https:\/\/schema.org\/Person\" ><span itemprop='name'>Famiglia dell'Amore Misericordioso<\/span><\/span><span class='av-structured-data'  itemprop=\"datePublished\" datetime=\"2022-01-05T05:11:44+01:00\" >2023-11-09 09:10:42<\/span><span class='av-structured-data'  itemprop=\"dateModified\" itemtype=\"https:\/\/schema.org\/dateModified\" >2023-11-09 09:10:45<\/span><span class='av-structured-data'  itemprop=\"mainEntityOfPage\" itemtype=\"https:\/\/schema.org\/mainEntityOfPage\" ><span itemprop='name'>\u201cPAGO IO PER LORO\u201d<\/span><\/span><\/span><\/article><article class='slide-entry flex_column  post-entry post-entry-5164 slide-entry-overview slide-loop-78 slide-parity-odd  av_one_third  real-thumbnail post-format-standard'  itemscope=\"itemscope\" itemtype=\"https:\/\/schema.org\/CreativeWork\" ><a href='http:\/\/www.amormisericordioso.org\/ita\/rivista-lamore-misericordioso-ottobre-2023\/' data-rel='slide-1' class='slide-image' title='Rivista L\u2019AMORE MISERICORDIOSO Ottobre 2023'><img decoding=\"async\" width=\"495\" height=\"400\" src=\"http:\/\/www.amormisericordioso.org\/ita\/wp-content\/uploads\/2023\/11\/Immagini-in-Evidenza-SITO-AM-52-495x400.png\" class=\"wp-image-5169 avia-img-lazy-loading-not-5169 attachment-portfolio size-portfolio wp-post-image\" alt=\"\" srcset=\"http:\/\/www.amormisericordioso.org\/ita\/wp-content\/uploads\/2023\/11\/Immagini-in-Evidenza-SITO-AM-52-495x400.png 495w, http:\/\/www.amormisericordioso.org\/ita\/wp-content\/uploads\/2023\/11\/Immagini-in-Evidenza-SITO-AM-52-845x684.png 845w\" sizes=\"(max-width: 495px) 100vw, 495px\" \/><\/a><div class='slide-content'><header class=\"entry-content-header\"><h3 class='slide-entry-title entry-title '  itemprop=\"headline\" ><a href='http:\/\/www.amormisericordioso.org\/ita\/rivista-lamore-misericordioso-ottobre-2023\/' title='Rivista L\u2019AMORE MISERICORDIOSO Ottobre 2023'>Rivista L\u2019AMORE MISERICORDIOSO Ottobre 2023<\/a><\/h3><span class=\"av-vertical-delimiter\"><\/span><\/header><div class='slide-meta'><div class='slide-meta-comments'><a href='http:\/\/www.amormisericordioso.org\/ita\/rivista-lamore-misericordioso-ottobre-2023\/#respond'>0 Commenti<\/a><\/div><div class='slide-meta-del'>\/<\/div><time class='slide-meta-time updated'  itemprop=\"datePublished\" datetime=\"2023-11-07T19:49:06+01:00\" >7 Novembre 2023<\/time><\/div><div class='slide-entry-excerpt entry-content'  itemprop=\"text\" >\n\n\n\n\n\n<\/div><\/div><footer class=\"entry-footer\"><\/footer><span class='hidden'>\n\t\t\t\t<span class='av-structured-data'  itemprop=\"image\" itemscope=\"itemscope\" itemtype=\"https:\/\/schema.org\/ImageObject\" >\n\t\t\t\t\t\t<span itemprop='url'>http:\/\/www.amormisericordioso.org\/ita\/wp-content\/uploads\/2023\/11\/Immagini-in-Evidenza-SITO-AM-52.png<\/span>\n\t\t\t\t\t\t<span itemprop='height'>1080<\/span>\n\t\t\t\t\t\t<span itemprop='width'>1080<\/span>\n\t\t\t\t<\/span>\n\t\t\t\t<span class='av-structured-data'  itemprop=\"publisher\" itemtype=\"https:\/\/schema.org\/Organization\" itemscope=\"itemscope\" >\n\t\t\t\t\t\t<span itemprop='name'>Famiglia dell'Amore Misericordioso<\/span>\n\t\t\t\t\t\t<span itemprop='logo' itemscope itemtype='https:\/\/schema.org\/ImageObject'>\n\t\t\t\t\t\t\t<span itemprop='url'>http:\/\/www.amormisericordioso.org\/ita\/wp-content\/uploads\/2018\/02\/logo-fam-italiano.png<\/span>\n\t\t\t\t\t\t <\/span>\n\t\t\t\t<\/span><span class='av-structured-data'  itemprop=\"author\" itemscope=\"itemscope\" itemtype=\"https:\/\/schema.org\/Person\" ><span itemprop='name'>Famiglia dell'Amore Misericordioso<\/span><\/span><span class='av-structured-data'  itemprop=\"datePublished\" datetime=\"2022-01-05T05:11:44+01:00\" >2023-11-07 19:49:06<\/span><span class='av-structured-data'  itemprop=\"dateModified\" itemtype=\"https:\/\/schema.org\/dateModified\" >2023-11-07 19:50:33<\/span><span class='av-structured-data'  itemprop=\"mainEntityOfPage\" itemtype=\"https:\/\/schema.org\/mainEntityOfPage\" ><span itemprop='name'>Rivista L\u2019AMORE MISERICORDIOSO Ottobre 2023<\/span><\/span><\/span><\/article><\/div><div class='slide-entry-wrap'><article class='slide-entry flex_column  post-entry post-entry-5160 slide-entry-overview slide-loop-79 slide-parity-odd  av_one_third first real-thumbnail post-format-standard'  itemscope=\"itemscope\" itemtype=\"https:\/\/schema.org\/CreativeWork\" ><a href='http:\/\/www.amormisericordioso.org\/ita\/mi-e-stata-usata-misericordia-1tm-113-3-3\/' data-rel='slide-1' class='slide-image' title='\u00abMI \u00c8 STATA USATA MISERICORDIA\u00bb (1Tm 1,13) &#8211; 3\/3'><img decoding=\"async\" width=\"495\" height=\"400\" src=\"http:\/\/www.amormisericordioso.org\/ita\/wp-content\/uploads\/2023\/10\/arcabas_il-figlio-prodigo-1-1-495x400.jpg\" class=\"wp-image-5158 avia-img-lazy-loading-not-5158 attachment-portfolio size-portfolio wp-post-image\" alt=\"\" srcset=\"http:\/\/www.amormisericordioso.org\/ita\/wp-content\/uploads\/2023\/10\/arcabas_il-figlio-prodigo-1-1-495x400.jpg 495w, http:\/\/www.amormisericordioso.org\/ita\/wp-content\/uploads\/2023\/10\/arcabas_il-figlio-prodigo-1-1-845x684.jpg 845w\" sizes=\"(max-width: 495px) 100vw, 495px\" \/><\/a><div class='slide-content'><header class=\"entry-content-header\"><h3 class='slide-entry-title entry-title '  itemprop=\"headline\" ><a href='http:\/\/www.amormisericordioso.org\/ita\/mi-e-stata-usata-misericordia-1tm-113-3-3\/' title='\u00abMI \u00c8 STATA USATA MISERICORDIA\u00bb (1Tm 1,13) &#8211; 3\/3'>\u00abMI \u00c8 STATA USATA MISERICORDIA\u00bb (1Tm 1,13) &#8211; 3\/3<\/a><\/h3><span class=\"av-vertical-delimiter\"><\/span><\/header><div class='slide-meta'><div class='slide-meta-comments'><a href='http:\/\/www.amormisericordioso.org\/ita\/mi-e-stata-usata-misericordia-1tm-113-3-3\/#respond'>0 Commenti<\/a><\/div><div class='slide-meta-del'>\/<\/div><time class='slide-meta-time updated'  itemprop=\"datePublished\" datetime=\"2023-11-06T09:00:00+01:00\" >6 Novembre 2023<\/time><\/div><div class='slide-entry-excerpt entry-content'  itemprop=\"text\" >\n\n\n\n<\/div><\/div><footer class=\"entry-footer\"><\/footer><span class='hidden'>\n\t\t\t\t<span class='av-structured-data'  itemprop=\"image\" itemscope=\"itemscope\" itemtype=\"https:\/\/schema.org\/ImageObject\" >\n\t\t\t\t\t\t<span itemprop='url'>http:\/\/www.amormisericordioso.org\/ita\/wp-content\/uploads\/2023\/10\/arcabas_il-figlio-prodigo-1-1.jpg<\/span>\n\t\t\t\t\t\t<span itemprop='height'>1857<\/span>\n\t\t\t\t\t\t<span itemprop='width'>1731<\/span>\n\t\t\t\t<\/span>\n\t\t\t\t<span class='av-structured-data'  itemprop=\"publisher\" itemtype=\"https:\/\/schema.org\/Organization\" itemscope=\"itemscope\" >\n\t\t\t\t\t\t<span itemprop='name'>Famiglia dell'Amore Misericordioso<\/span>\n\t\t\t\t\t\t<span itemprop='logo' itemscope itemtype='https:\/\/schema.org\/ImageObject'>\n\t\t\t\t\t\t\t<span itemprop='url'>http:\/\/www.amormisericordioso.org\/ita\/wp-content\/uploads\/2018\/02\/logo-fam-italiano.png<\/span>\n\t\t\t\t\t\t <\/span>\n\t\t\t\t<\/span><span class='av-structured-data'  itemprop=\"author\" itemscope=\"itemscope\" itemtype=\"https:\/\/schema.org\/Person\" ><span itemprop='name'>Famiglia dell'Amore Misericordioso<\/span><\/span><span class='av-structured-data'  itemprop=\"datePublished\" datetime=\"2022-01-05T05:11:44+01:00\" >2023-11-06 09:00:00<\/span><span class='av-structured-data'  itemprop=\"dateModified\" itemtype=\"https:\/\/schema.org\/dateModified\" >2023-10-23 09:51:47<\/span><span class='av-structured-data'  itemprop=\"mainEntityOfPage\" itemtype=\"https:\/\/schema.org\/mainEntityOfPage\" ><span itemprop='name'>\u00abMI \u00c8 STATA USATA MISERICORDIA\u00bb (1Tm 1,13) &#8211; 3\/3<\/span><\/span><\/span><\/article><article class='slide-entry flex_column  post-entry post-entry-5156 slide-entry-overview slide-loop-80 slide-parity-even  av_one_third  real-thumbnail post-format-standard'  itemscope=\"itemscope\" itemtype=\"https:\/\/schema.org\/CreativeWork\" ><a href='http:\/\/www.amormisericordioso.org\/ita\/mi-e-stata-usata-misericordia-1tm-113-2-3\/' data-rel='slide-1' class='slide-image' title='\u00abMI \u00c8 STATA USATA MISERICORDIA\u00bb (1Tm 1,13) &#8211; 2\/3'><img decoding=\"async\" width=\"495\" height=\"400\" src=\"http:\/\/www.amormisericordioso.org\/ita\/wp-content\/uploads\/2023\/10\/arcabas_il-figlio-prodigo-1-1-495x400.jpg\" class=\"wp-image-5158 avia-img-lazy-loading-not-5158 attachment-portfolio size-portfolio wp-post-image\" alt=\"\" srcset=\"http:\/\/www.amormisericordioso.org\/ita\/wp-content\/uploads\/2023\/10\/arcabas_il-figlio-prodigo-1-1-495x400.jpg 495w, http:\/\/www.amormisericordioso.org\/ita\/wp-content\/uploads\/2023\/10\/arcabas_il-figlio-prodigo-1-1-845x684.jpg 845w\" sizes=\"(max-width: 495px) 100vw, 495px\" \/><\/a><div class='slide-content'><header class=\"entry-content-header\"><h3 class='slide-entry-title entry-title '  itemprop=\"headline\" ><a href='http:\/\/www.amormisericordioso.org\/ita\/mi-e-stata-usata-misericordia-1tm-113-2-3\/' title='\u00abMI \u00c8 STATA USATA MISERICORDIA\u00bb (1Tm 1,13) &#8211; 2\/3'>\u00abMI \u00c8 STATA USATA MISERICORDIA\u00bb (1Tm 1,13) &#8211; 2\/3<\/a><\/h3><span class=\"av-vertical-delimiter\"><\/span><\/header><div class='slide-meta'><div class='slide-meta-comments'><a href='http:\/\/www.amormisericordioso.org\/ita\/mi-e-stata-usata-misericordia-1tm-113-2-3\/#respond'>0 Commenti<\/a><\/div><div class='slide-meta-del'>\/<\/div><time class='slide-meta-time updated'  itemprop=\"datePublished\" datetime=\"2023-10-30T09:00:00+01:00\" >30 Ottobre 2023<\/time><\/div><div class='slide-entry-excerpt entry-content'  itemprop=\"text\" >\n\n\n\n<\/div><\/div><footer class=\"entry-footer\"><\/footer><span class='hidden'>\n\t\t\t\t<span class='av-structured-data'  itemprop=\"image\" itemscope=\"itemscope\" itemtype=\"https:\/\/schema.org\/ImageObject\" >\n\t\t\t\t\t\t<span itemprop='url'>http:\/\/www.amormisericordioso.org\/ita\/wp-content\/uploads\/2023\/10\/arcabas_il-figlio-prodigo-1-1.jpg<\/span>\n\t\t\t\t\t\t<span itemprop='height'>1857<\/span>\n\t\t\t\t\t\t<span itemprop='width'>1731<\/span>\n\t\t\t\t<\/span>\n\t\t\t\t<span class='av-structured-data'  itemprop=\"publisher\" itemtype=\"https:\/\/schema.org\/Organization\" itemscope=\"itemscope\" >\n\t\t\t\t\t\t<span itemprop='name'>Famiglia dell'Amore Misericordioso<\/span>\n\t\t\t\t\t\t<span itemprop='logo' itemscope itemtype='https:\/\/schema.org\/ImageObject'>\n\t\t\t\t\t\t\t<span itemprop='url'>http:\/\/www.amormisericordioso.org\/ita\/wp-content\/uploads\/2018\/02\/logo-fam-italiano.png<\/span>\n\t\t\t\t\t\t <\/span>\n\t\t\t\t<\/span><span class='av-structured-data'  itemprop=\"author\" itemscope=\"itemscope\" itemtype=\"https:\/\/schema.org\/Person\" ><span itemprop='name'>Famiglia dell'Amore Misericordioso<\/span><\/span><span class='av-structured-data'  itemprop=\"datePublished\" datetime=\"2022-01-05T05:11:44+01:00\" >2023-10-30 09:00:00<\/span><span class='av-structured-data'  itemprop=\"dateModified\" itemtype=\"https:\/\/schema.org\/dateModified\" >2023-10-23 09:47:05<\/span><span class='av-structured-data'  itemprop=\"mainEntityOfPage\" itemtype=\"https:\/\/schema.org\/mainEntityOfPage\" ><span itemprop='name'>\u00abMI \u00c8 STATA USATA MISERICORDIA\u00bb (1Tm 1,13) &#8211; 2\/3<\/span><\/span><\/span><\/article><article class='slide-entry flex_column  post-entry post-entry-5151 slide-entry-overview slide-loop-81 slide-parity-odd  av_one_third  real-thumbnail post-format-standard'  itemscope=\"itemscope\" itemtype=\"https:\/\/schema.org\/CreativeWork\" ><a href='http:\/\/www.amormisericordioso.org\/ita\/mi-e-stata-usata-misericordia-1tm-113-1-3\/' data-rel='slide-1' class='slide-image' title='\u00abMI \u00c8 STATA USATA MISERICORDIA\u00bb (1Tm 1,13) &#8211; 1\/3'><img decoding=\"async\" width=\"495\" height=\"400\" src=\"http:\/\/www.amormisericordioso.org\/ita\/wp-content\/uploads\/2023\/10\/arcabas_il-figlio-prodigo-1-495x400.jpg\" class=\"wp-image-5152 avia-img-lazy-loading-not-5152 attachment-portfolio size-portfolio wp-post-image\" alt=\"\" srcset=\"http:\/\/www.amormisericordioso.org\/ita\/wp-content\/uploads\/2023\/10\/arcabas_il-figlio-prodigo-1-495x400.jpg 495w, http:\/\/www.amormisericordioso.org\/ita\/wp-content\/uploads\/2023\/10\/arcabas_il-figlio-prodigo-1-845x684.jpg 845w\" sizes=\"(max-width: 495px) 100vw, 495px\" \/><\/a><div class='slide-content'><header class=\"entry-content-header\"><h3 class='slide-entry-title entry-title '  itemprop=\"headline\" ><a href='http:\/\/www.amormisericordioso.org\/ita\/mi-e-stata-usata-misericordia-1tm-113-1-3\/' title='\u00abMI \u00c8 STATA USATA MISERICORDIA\u00bb (1Tm 1,13) &#8211; 1\/3'>\u00abMI \u00c8 STATA USATA MISERICORDIA\u00bb (1Tm 1,13) &#8211; 1\/3<\/a><\/h3><span class=\"av-vertical-delimiter\"><\/span><\/header><div class='slide-meta'><div class='slide-meta-comments'><a href='http:\/\/www.amormisericordioso.org\/ita\/mi-e-stata-usata-misericordia-1tm-113-1-3\/#respond'>0 Commenti<\/a><\/div><div class='slide-meta-del'>\/<\/div><time class='slide-meta-time updated'  itemprop=\"datePublished\" datetime=\"2023-10-23T09:32:43+02:00\" >23 Ottobre 2023<\/time><\/div><div class='slide-entry-excerpt entry-content'  itemprop=\"text\" >\n\n\n\n<\/div><\/div><footer class=\"entry-footer\"><\/footer><span class='hidden'>\n\t\t\t\t<span class='av-structured-data'  itemprop=\"image\" itemscope=\"itemscope\" itemtype=\"https:\/\/schema.org\/ImageObject\" >\n\t\t\t\t\t\t<span itemprop='url'>http:\/\/www.amormisericordioso.org\/ita\/wp-content\/uploads\/2023\/10\/arcabas_il-figlio-prodigo-1.jpg<\/span>\n\t\t\t\t\t\t<span itemprop='height'>1857<\/span>\n\t\t\t\t\t\t<span itemprop='width'>1731<\/span>\n\t\t\t\t<\/span>\n\t\t\t\t<span class='av-structured-data'  itemprop=\"publisher\" itemtype=\"https:\/\/schema.org\/Organization\" itemscope=\"itemscope\" >\n\t\t\t\t\t\t<span itemprop='name'>Famiglia dell'Amore Misericordioso<\/span>\n\t\t\t\t\t\t<span itemprop='logo' itemscope itemtype='https:\/\/schema.org\/ImageObject'>\n\t\t\t\t\t\t\t<span itemprop='url'>http:\/\/www.amormisericordioso.org\/ita\/wp-content\/uploads\/2018\/02\/logo-fam-italiano.png<\/span>\n\t\t\t\t\t\t <\/span>\n\t\t\t\t<\/span><span class='av-structured-data'  itemprop=\"author\" itemscope=\"itemscope\" itemtype=\"https:\/\/schema.org\/Person\" ><span itemprop='name'>Famiglia dell'Amore Misericordioso<\/span><\/span><span class='av-structured-data'  itemprop=\"datePublished\" datetime=\"2022-01-05T05:11:44+01:00\" >2023-10-23 09:32:43<\/span><span class='av-structured-data'  itemprop=\"dateModified\" itemtype=\"https:\/\/schema.org\/dateModified\" >2023-10-23 09:32:58<\/span><span class='av-structured-data'  itemprop=\"mainEntityOfPage\" itemtype=\"https:\/\/schema.org\/mainEntityOfPage\" ><span itemprop='name'>\u00abMI \u00c8 STATA USATA MISERICORDIA\u00bb (1Tm 1,13) &#8211; 1\/3<\/span><\/span><\/span><\/article><\/div><div class='slide-entry-wrap'><article class='slide-entry flex_column  post-entry post-entry-5138 slide-entry-overview slide-loop-82 slide-parity-odd  av_one_third first real-thumbnail post-format-standard'  itemscope=\"itemscope\" itemtype=\"https:\/\/schema.org\/CreativeWork\" ><a href='http:\/\/www.amormisericordioso.org\/ita\/rivista-lamore-misericordioso-settembre-2023\/' data-rel='slide-1' class='slide-image' title='Rivista L\u2019AMORE MISERICORDIOSO Settembre 2023'><img decoding=\"async\" width=\"495\" height=\"400\" src=\"http:\/\/www.amormisericordioso.org\/ita\/wp-content\/uploads\/2023\/10\/Immagini-in-Evidenza-SITO-AM-51-495x400.png\" class=\"wp-image-5142 avia-img-lazy-loading-not-5142 attachment-portfolio size-portfolio wp-post-image\" alt=\"\" srcset=\"http:\/\/www.amormisericordioso.org\/ita\/wp-content\/uploads\/2023\/10\/Immagini-in-Evidenza-SITO-AM-51-495x400.png 495w, http:\/\/www.amormisericordioso.org\/ita\/wp-content\/uploads\/2023\/10\/Immagini-in-Evidenza-SITO-AM-51-845x684.png 845w\" sizes=\"(max-width: 495px) 100vw, 495px\" \/><\/a><div class='slide-content'><header class=\"entry-content-header\"><h3 class='slide-entry-title entry-title '  itemprop=\"headline\" ><a href='http:\/\/www.amormisericordioso.org\/ita\/rivista-lamore-misericordioso-settembre-2023\/' title='Rivista L\u2019AMORE MISERICORDIOSO Settembre 2023'>Rivista L\u2019AMORE MISERICORDIOSO Settembre 2023<\/a><\/h3><span class=\"av-vertical-delimiter\"><\/span><\/header><div class='slide-meta'><div class='slide-meta-comments'><a href='http:\/\/www.amormisericordioso.org\/ita\/rivista-lamore-misericordioso-settembre-2023\/#respond'>0 Commenti<\/a><\/div><div class='slide-meta-del'>\/<\/div><time class='slide-meta-time updated'  itemprop=\"datePublished\" datetime=\"2023-10-10T22:29:01+02:00\" >10 Ottobre 2023<\/time><\/div><div class='slide-entry-excerpt entry-content'  itemprop=\"text\" >\n\n\n\n\n\n<\/div><\/div><footer class=\"entry-footer\"><\/footer><span class='hidden'>\n\t\t\t\t<span class='av-structured-data'  itemprop=\"image\" itemscope=\"itemscope\" itemtype=\"https:\/\/schema.org\/ImageObject\" >\n\t\t\t\t\t\t<span itemprop='url'>http:\/\/www.amormisericordioso.org\/ita\/wp-content\/uploads\/2023\/10\/Immagini-in-Evidenza-SITO-AM-51.png<\/span>\n\t\t\t\t\t\t<span itemprop='height'>1080<\/span>\n\t\t\t\t\t\t<span itemprop='width'>1080<\/span>\n\t\t\t\t<\/span>\n\t\t\t\t<span class='av-structured-data'  itemprop=\"publisher\" itemtype=\"https:\/\/schema.org\/Organization\" itemscope=\"itemscope\" >\n\t\t\t\t\t\t<span itemprop='name'>Famiglia dell'Amore Misericordioso<\/span>\n\t\t\t\t\t\t<span itemprop='logo' itemscope itemtype='https:\/\/schema.org\/ImageObject'>\n\t\t\t\t\t\t\t<span itemprop='url'>http:\/\/www.amormisericordioso.org\/ita\/wp-content\/uploads\/2018\/02\/logo-fam-italiano.png<\/span>\n\t\t\t\t\t\t <\/span>\n\t\t\t\t<\/span><span class='av-structured-data'  itemprop=\"author\" itemscope=\"itemscope\" itemtype=\"https:\/\/schema.org\/Person\" ><span itemprop='name'>Famiglia dell'Amore Misericordioso<\/span><\/span><span class='av-structured-data'  itemprop=\"datePublished\" datetime=\"2022-01-05T05:11:44+01:00\" >2023-10-10 22:29:01<\/span><span class='av-structured-data'  itemprop=\"dateModified\" itemtype=\"https:\/\/schema.org\/dateModified\" >2023-10-10 22:30:54<\/span><span class='av-structured-data'  itemprop=\"mainEntityOfPage\" itemtype=\"https:\/\/schema.org\/mainEntityOfPage\" ><span itemprop='name'>Rivista L\u2019AMORE MISERICORDIOSO Settembre 2023<\/span><\/span><\/span><\/article><article class='slide-entry flex_column  post-entry post-entry-5109 slide-entry-overview slide-loop-83 slide-parity-even  av_one_third  real-thumbnail post-format-standard'  itemscope=\"itemscope\" itemtype=\"https:\/\/schema.org\/CreativeWork\" ><a href='http:\/\/www.amormisericordioso.org\/ita\/due-desideri-una-ununica-storia-damore-madre-speranza-a-130-dalla-sua-nascita\/' data-rel='slide-1' class='slide-image' title='DUE DESIDERI, UN&#8217;UNICA STORIA D&#8217;AMORE: Madre Speranza a 130 dalla sua nascita'><img decoding=\"async\" width=\"495\" height=\"400\" src=\"http:\/\/www.amormisericordioso.org\/ita\/wp-content\/uploads\/2023\/09\/Immagini-in-Evidenza-SITO-AM-48-495x400.png\" class=\"wp-image-5112 avia-img-lazy-loading-not-5112 attachment-portfolio size-portfolio wp-post-image\" alt=\"\" srcset=\"http:\/\/www.amormisericordioso.org\/ita\/wp-content\/uploads\/2023\/09\/Immagini-in-Evidenza-SITO-AM-48-495x400.png 495w, http:\/\/www.amormisericordioso.org\/ita\/wp-content\/uploads\/2023\/09\/Immagini-in-Evidenza-SITO-AM-48-845x684.png 845w\" sizes=\"(max-width: 495px) 100vw, 495px\" \/><\/a><div class='slide-content'><header class=\"entry-content-header\"><h3 class='slide-entry-title entry-title '  itemprop=\"headline\" ><a href='http:\/\/www.amormisericordioso.org\/ita\/due-desideri-una-ununica-storia-damore-madre-speranza-a-130-dalla-sua-nascita\/' title='DUE DESIDERI, UN&#8217;UNICA STORIA D&#8217;AMORE: Madre Speranza a 130 dalla sua nascita'>DUE DESIDERI, UN&#8217;UNICA STORIA D&#8217;AMORE: Madre Speranza a 130 dalla sua nascita<\/a><\/h3><span class=\"av-vertical-delimiter\"><\/span><\/header><div class='slide-meta'><div class='slide-meta-comments'><a href='http:\/\/www.amormisericordioso.org\/ita\/due-desideri-una-ununica-storia-damore-madre-speranza-a-130-dalla-sua-nascita\/#respond'>0 Commenti<\/a><\/div><div class='slide-meta-del'>\/<\/div><time class='slide-meta-time updated'  itemprop=\"datePublished\" datetime=\"2023-09-30T01:00:00+02:00\" >30 Settembre 2023<\/time><\/div><div class='slide-entry-excerpt entry-content'  itemprop=\"text\" >\n\n\n\n<\/div><\/div><footer class=\"entry-footer\"><\/footer><span class='hidden'>\n\t\t\t\t<span class='av-structured-data'  itemprop=\"image\" itemscope=\"itemscope\" itemtype=\"https:\/\/schema.org\/ImageObject\" >\n\t\t\t\t\t\t<span itemprop='url'>http:\/\/www.amormisericordioso.org\/ita\/wp-content\/uploads\/2023\/09\/Immagini-in-Evidenza-SITO-AM-48.png<\/span>\n\t\t\t\t\t\t<span itemprop='height'>1080<\/span>\n\t\t\t\t\t\t<span itemprop='width'>1080<\/span>\n\t\t\t\t<\/span>\n\t\t\t\t<span class='av-structured-data'  itemprop=\"publisher\" itemtype=\"https:\/\/schema.org\/Organization\" itemscope=\"itemscope\" >\n\t\t\t\t\t\t<span itemprop='name'>Famiglia dell'Amore Misericordioso<\/span>\n\t\t\t\t\t\t<span itemprop='logo' itemscope itemtype='https:\/\/schema.org\/ImageObject'>\n\t\t\t\t\t\t\t<span itemprop='url'>http:\/\/www.amormisericordioso.org\/ita\/wp-content\/uploads\/2018\/02\/logo-fam-italiano.png<\/span>\n\t\t\t\t\t\t <\/span>\n\t\t\t\t<\/span><span class='av-structured-data'  itemprop=\"author\" itemscope=\"itemscope\" itemtype=\"https:\/\/schema.org\/Person\" ><span itemprop='name'>Famiglia dell'Amore Misericordioso<\/span><\/span><span class='av-structured-data'  itemprop=\"datePublished\" datetime=\"2022-01-05T05:11:44+01:00\" >2023-09-30 01:00:00<\/span><span class='av-structured-data'  itemprop=\"dateModified\" itemtype=\"https:\/\/schema.org\/dateModified\" >2023-09-30 07:36:36<\/span><span class='av-structured-data'  itemprop=\"mainEntityOfPage\" itemtype=\"https:\/\/schema.org\/mainEntityOfPage\" ><span itemprop='name'>DUE DESIDERI, UN&#8217;UNICA STORIA D&#8217;AMORE: Madre Speranza a 130 dalla sua nascita<\/span><\/span><\/span><\/article><article class='slide-entry flex_column  post-entry post-entry-5117 slide-entry-overview slide-loop-84 slide-parity-odd  av_one_third  real-thumbnail post-format-standard'  itemscope=\"itemscope\" itemtype=\"https:\/\/schema.org\/CreativeWork\" ><a href='http:\/\/www.amormisericordioso.org\/ita\/24-settembre-2023-festa-del-santuario-dellamore-misericordioso\/' data-rel='slide-1' class='slide-image' title='24 settembre 2023: FESTA DEL SANTUARIO DELL&#8217;AMORE MISERICORDIOSO'><img decoding=\"async\" width=\"495\" height=\"400\" src=\"http:\/\/www.amormisericordioso.org\/ita\/wp-content\/uploads\/2023\/09\/Immagini-in-Evidenza-SITO-AM-49-495x400.png\" class=\"wp-image-5129 avia-img-lazy-loading-not-5129 attachment-portfolio size-portfolio wp-post-image\" alt=\"\" srcset=\"http:\/\/www.amormisericordioso.org\/ita\/wp-content\/uploads\/2023\/09\/Immagini-in-Evidenza-SITO-AM-49-495x400.png 495w, http:\/\/www.amormisericordioso.org\/ita\/wp-content\/uploads\/2023\/09\/Immagini-in-Evidenza-SITO-AM-49-845x684.png 845w\" sizes=\"(max-width: 495px) 100vw, 495px\" \/><\/a><div class='slide-content'><header class=\"entry-content-header\"><h3 class='slide-entry-title entry-title '  itemprop=\"headline\" ><a href='http:\/\/www.amormisericordioso.org\/ita\/24-settembre-2023-festa-del-santuario-dellamore-misericordioso\/' title='24 settembre 2023: FESTA DEL SANTUARIO DELL&#8217;AMORE MISERICORDIOSO'>24 settembre 2023: FESTA DEL SANTUARIO DELL&#8217;AMORE MISERICORDIOSO<\/a><\/h3><span class=\"av-vertical-delimiter\"><\/span><\/header><div class='slide-meta'><div class='slide-meta-comments'><a href='http:\/\/www.amormisericordioso.org\/ita\/24-settembre-2023-festa-del-santuario-dellamore-misericordioso\/#respond'>0 Commenti<\/a><\/div><div class='slide-meta-del'>\/<\/div><time class='slide-meta-time updated'  itemprop=\"datePublished\" datetime=\"2023-09-26T12:38:29+02:00\" >26 Settembre 2023<\/time><\/div><div class='slide-entry-excerpt entry-content'  itemprop=\"text\" >\n\n\n\n\n\n<\/div><\/div><footer class=\"entry-footer\"><\/footer><span class='hidden'>\n\t\t\t\t<span class='av-structured-data'  itemprop=\"image\" itemscope=\"itemscope\" itemtype=\"https:\/\/schema.org\/ImageObject\" >\n\t\t\t\t\t\t<span itemprop='url'>http:\/\/www.amormisericordioso.org\/ita\/wp-content\/uploads\/2023\/09\/Immagini-in-Evidenza-SITO-AM-49.png<\/span>\n\t\t\t\t\t\t<span itemprop='height'>1080<\/span>\n\t\t\t\t\t\t<span itemprop='width'>1080<\/span>\n\t\t\t\t<\/span>\n\t\t\t\t<span class='av-structured-data'  itemprop=\"publisher\" itemtype=\"https:\/\/schema.org\/Organization\" itemscope=\"itemscope\" >\n\t\t\t\t\t\t<span itemprop='name'>Famiglia dell'Amore Misericordioso<\/span>\n\t\t\t\t\t\t<span itemprop='logo' itemscope itemtype='https:\/\/schema.org\/ImageObject'>\n\t\t\t\t\t\t\t<span itemprop='url'>http:\/\/www.amormisericordioso.org\/ita\/wp-content\/uploads\/2018\/02\/logo-fam-italiano.png<\/span>\n\t\t\t\t\t\t <\/span>\n\t\t\t\t<\/span><span class='av-structured-data'  itemprop=\"author\" itemscope=\"itemscope\" itemtype=\"https:\/\/schema.org\/Person\" ><span itemprop='name'>Famiglia dell'Amore Misericordioso<\/span><\/span><span class='av-structured-data'  itemprop=\"datePublished\" datetime=\"2022-01-05T05:11:44+01:00\" >2023-09-26 12:38:29<\/span><span class='av-structured-data'  itemprop=\"dateModified\" itemtype=\"https:\/\/schema.org\/dateModified\" >2023-09-26 12:38:32<\/span><span class='av-structured-data'  itemprop=\"mainEntityOfPage\" itemtype=\"https:\/\/schema.org\/mainEntityOfPage\" ><span itemprop='name'>24 settembre 2023: FESTA DEL SANTUARIO DELL&#8217;AMORE MISERICORDIOSO<\/span><\/span><\/span><\/article><\/div><div class='slide-entry-wrap'><article class='slide-entry flex_column  post-entry post-entry-5086 slide-entry-overview slide-loop-85 slide-parity-odd  av_one_third first real-thumbnail post-format-standard'  itemscope=\"itemscope\" itemtype=\"https:\/\/schema.org\/CreativeWork\" ><a href='http:\/\/www.amormisericordioso.org\/ita\/rivista-lamore-misericordioso-agosto-2023\/' data-rel='slide-1' class='slide-image' title='Rivista L\u2019AMORE MISERICORDIOSO Agosto 2023'><img decoding=\"async\" width=\"495\" height=\"400\" src=\"http:\/\/www.amormisericordioso.org\/ita\/wp-content\/uploads\/2023\/08\/Immagini-in-Evidenza-SITO-AM-45-495x400.png\" class=\"wp-image-5088 avia-img-lazy-loading-not-5088 attachment-portfolio size-portfolio wp-post-image\" alt=\"\" srcset=\"http:\/\/www.amormisericordioso.org\/ita\/wp-content\/uploads\/2023\/08\/Immagini-in-Evidenza-SITO-AM-45-495x400.png 495w, http:\/\/www.amormisericordioso.org\/ita\/wp-content\/uploads\/2023\/08\/Immagini-in-Evidenza-SITO-AM-45-845x684.png 845w\" sizes=\"(max-width: 495px) 100vw, 495px\" \/><\/a><div class='slide-content'><header class=\"entry-content-header\"><h3 class='slide-entry-title entry-title '  itemprop=\"headline\" ><a href='http:\/\/www.amormisericordioso.org\/ita\/rivista-lamore-misericordioso-agosto-2023\/' title='Rivista L\u2019AMORE MISERICORDIOSO Agosto 2023'>Rivista L\u2019AMORE MISERICORDIOSO Agosto 2023<\/a><\/h3><span class=\"av-vertical-delimiter\"><\/span><\/header><div class='slide-meta'><div class='slide-meta-comments'><a href='http:\/\/www.amormisericordioso.org\/ita\/rivista-lamore-misericordioso-agosto-2023\/#respond'>0 Commenti<\/a><\/div><div class='slide-meta-del'>\/<\/div><time class='slide-meta-time updated'  itemprop=\"datePublished\" datetime=\"2023-08-31T12:31:01+02:00\" >31 Agosto 2023<\/time><\/div><div class='slide-entry-excerpt entry-content'  itemprop=\"text\" >\n\n\n\n<\/div><\/div><footer class=\"entry-footer\"><\/footer><span class='hidden'>\n\t\t\t\t<span class='av-structured-data'  itemprop=\"image\" itemscope=\"itemscope\" itemtype=\"https:\/\/schema.org\/ImageObject\" >\n\t\t\t\t\t\t<span itemprop='url'>http:\/\/www.amormisericordioso.org\/ita\/wp-content\/uploads\/2023\/08\/Immagini-in-Evidenza-SITO-AM-45.png<\/span>\n\t\t\t\t\t\t<span itemprop='height'>1080<\/span>\n\t\t\t\t\t\t<span itemprop='width'>1080<\/span>\n\t\t\t\t<\/span>\n\t\t\t\t<span class='av-structured-data'  itemprop=\"publisher\" itemtype=\"https:\/\/schema.org\/Organization\" itemscope=\"itemscope\" >\n\t\t\t\t\t\t<span itemprop='name'>Famiglia dell'Amore Misericordioso<\/span>\n\t\t\t\t\t\t<span itemprop='logo' itemscope itemtype='https:\/\/schema.org\/ImageObject'>\n\t\t\t\t\t\t\t<span itemprop='url'>http:\/\/www.amormisericordioso.org\/ita\/wp-content\/uploads\/2018\/02\/logo-fam-italiano.png<\/span>\n\t\t\t\t\t\t <\/span>\n\t\t\t\t<\/span><span class='av-structured-data'  itemprop=\"author\" itemscope=\"itemscope\" itemtype=\"https:\/\/schema.org\/Person\" ><span itemprop='name'>Famiglia dell'Amore Misericordioso<\/span><\/span><span class='av-structured-data'  itemprop=\"datePublished\" datetime=\"2022-01-05T05:11:44+01:00\" >2023-08-31 12:31:01<\/span><span class='av-structured-data'  itemprop=\"dateModified\" itemtype=\"https:\/\/schema.org\/dateModified\" >2023-10-10 22:25:57<\/span><span class='av-structured-data'  itemprop=\"mainEntityOfPage\" itemtype=\"https:\/\/schema.org\/mainEntityOfPage\" ><span itemprop='name'>Rivista L\u2019AMORE MISERICORDIOSO Agosto 2023<\/span><\/span><\/span><\/article><article class='slide-entry flex_column  post-entry post-entry-5074 slide-entry-overview slide-loop-86 slide-parity-even  av_one_third  real-thumbnail post-format-standard'  itemscope=\"itemscope\" itemtype=\"https:\/\/schema.org\/CreativeWork\" ><a href='http:\/\/www.amormisericordioso.org\/ita\/sulla-strada-della-misericordia-giovani-desiderosi-come-zaccheo-di-incontrare-lo-sguardo-di-gesu\/' data-rel='slide-1' class='slide-image' title='SULLA STRADA DELLA MISERICORDIA: giovani desiderosi, come Zaccheo, di incontrare lo sguardo di Ges\u00f9'><img decoding=\"async\" width=\"495\" height=\"400\" src=\"http:\/\/www.amormisericordioso.org\/ita\/wp-content\/uploads\/2023\/08\/Immagini-in-Evidenza-SITO-AM-44-1-495x400.png\" class=\"wp-image-5081 avia-img-lazy-loading-not-5081 attachment-portfolio size-portfolio wp-post-image\" alt=\"\" srcset=\"http:\/\/www.amormisericordioso.org\/ita\/wp-content\/uploads\/2023\/08\/Immagini-in-Evidenza-SITO-AM-44-1-495x400.png 495w, http:\/\/www.amormisericordioso.org\/ita\/wp-content\/uploads\/2023\/08\/Immagini-in-Evidenza-SITO-AM-44-1-845x684.png 845w\" sizes=\"(max-width: 495px) 100vw, 495px\" \/><\/a><div class='slide-content'><header class=\"entry-content-header\"><h3 class='slide-entry-title entry-title '  itemprop=\"headline\" ><a href='http:\/\/www.amormisericordioso.org\/ita\/sulla-strada-della-misericordia-giovani-desiderosi-come-zaccheo-di-incontrare-lo-sguardo-di-gesu\/' title='SULLA STRADA DELLA MISERICORDIA: giovani desiderosi, come Zaccheo, di incontrare lo sguardo di Ges\u00f9'>SULLA STRADA DELLA MISERICORDIA: giovani desiderosi, come Zaccheo, di incontrare lo sguardo di Ges\u00f9<\/a><\/h3><span class=\"av-vertical-delimiter\"><\/span><\/header><div class='slide-meta'><div class='slide-meta-comments'><a href='http:\/\/www.amormisericordioso.org\/ita\/sulla-strada-della-misericordia-giovani-desiderosi-come-zaccheo-di-incontrare-lo-sguardo-di-gesu\/#respond'>0 Commenti<\/a><\/div><div class='slide-meta-del'>\/<\/div><time class='slide-meta-time updated'  itemprop=\"datePublished\" datetime=\"2023-08-27T12:38:11+02:00\" >27 Agosto 2023<\/time><\/div><div class='slide-entry-excerpt entry-content'  itemprop=\"text\" >\n\n\n\n<\/div><\/div><footer class=\"entry-footer\"><\/footer><span class='hidden'>\n\t\t\t\t<span class='av-structured-data'  itemprop=\"image\" itemscope=\"itemscope\" itemtype=\"https:\/\/schema.org\/ImageObject\" >\n\t\t\t\t\t\t<span itemprop='url'>http:\/\/www.amormisericordioso.org\/ita\/wp-content\/uploads\/2023\/08\/Immagini-in-Evidenza-SITO-AM-44-1.png<\/span>\n\t\t\t\t\t\t<span itemprop='height'>1080<\/span>\n\t\t\t\t\t\t<span itemprop='width'>1080<\/span>\n\t\t\t\t<\/span>\n\t\t\t\t<span class='av-structured-data'  itemprop=\"publisher\" itemtype=\"https:\/\/schema.org\/Organization\" itemscope=\"itemscope\" >\n\t\t\t\t\t\t<span itemprop='name'>Famiglia dell'Amore Misericordioso<\/span>\n\t\t\t\t\t\t<span itemprop='logo' itemscope itemtype='https:\/\/schema.org\/ImageObject'>\n\t\t\t\t\t\t\t<span itemprop='url'>http:\/\/www.amormisericordioso.org\/ita\/wp-content\/uploads\/2018\/02\/logo-fam-italiano.png<\/span>\n\t\t\t\t\t\t <\/span>\n\t\t\t\t<\/span><span class='av-structured-data'  itemprop=\"author\" itemscope=\"itemscope\" itemtype=\"https:\/\/schema.org\/Person\" ><span itemprop='name'>Famiglia dell'Amore Misericordioso<\/span><\/span><span class='av-structured-data'  itemprop=\"datePublished\" datetime=\"2022-01-05T05:11:44+01:00\" >2023-08-27 12:38:11<\/span><span class='av-structured-data'  itemprop=\"dateModified\" itemtype=\"https:\/\/schema.org\/dateModified\" >2023-08-27 16:52:35<\/span><span class='av-structured-data'  itemprop=\"mainEntityOfPage\" itemtype=\"https:\/\/schema.org\/mainEntityOfPage\" ><span itemprop='name'>SULLA STRADA DELLA MISERICORDIA: giovani desiderosi, come Zaccheo, di incontrare lo sguardo di Ges\u00f9<\/span><\/span><\/span><\/article><article class='slide-entry flex_column  post-entry post-entry-5042 slide-entry-overview slide-loop-87 slide-parity-odd  av_one_third  real-thumbnail post-format-standard'  itemscope=\"itemscope\" itemtype=\"https:\/\/schema.org\/CreativeWork\" ><a href='http:\/\/www.amormisericordioso.org\/ita\/gmg-evento-di-grazia-che-aiuta-a-sognare-a-guardare-oltre-la-testimonianza-di-alcuni-giovani-dellamore-misericordioso\/' data-rel='slide-1' class='slide-image' title='GMG = evento di grazia che aiuta a sognare, a guardare oltre. LA TESTIMONIANZA DI ALCUNI GIOVANI DELL&#8217;AMORE MISERICORDIOSO'><img decoding=\"async\" width=\"495\" height=\"400\" src=\"http:\/\/www.amormisericordioso.org\/ita\/wp-content\/uploads\/2023\/08\/Immagini-in-Evidenza-SITO-AM-43-495x400.png\" class=\"wp-image-5059 avia-img-lazy-loading-not-5059 attachment-portfolio size-portfolio wp-post-image\" alt=\"\" srcset=\"http:\/\/www.amormisericordioso.org\/ita\/wp-content\/uploads\/2023\/08\/Immagini-in-Evidenza-SITO-AM-43-495x400.png 495w, http:\/\/www.amormisericordioso.org\/ita\/wp-content\/uploads\/2023\/08\/Immagini-in-Evidenza-SITO-AM-43-845x684.png 845w\" sizes=\"(max-width: 495px) 100vw, 495px\" \/><\/a><div class='slide-content'><header class=\"entry-content-header\"><h3 class='slide-entry-title entry-title '  itemprop=\"headline\" ><a href='http:\/\/www.amormisericordioso.org\/ita\/gmg-evento-di-grazia-che-aiuta-a-sognare-a-guardare-oltre-la-testimonianza-di-alcuni-giovani-dellamore-misericordioso\/' title='GMG = evento di grazia che aiuta a sognare, a guardare oltre. LA TESTIMONIANZA DI ALCUNI GIOVANI DELL&#8217;AMORE MISERICORDIOSO'>GMG = evento di grazia che aiuta a sognare, a guardare oltre. LA TESTIMONIANZA DI ALCUNI GIOVANI DELL&#8217;AMORE MISERICORDIOSO<\/a><\/h3><span class=\"av-vertical-delimiter\"><\/span><\/header><div class='slide-meta'><div class='slide-meta-comments'><a href='http:\/\/www.amormisericordioso.org\/ita\/gmg-evento-di-grazia-che-aiuta-a-sognare-a-guardare-oltre-la-testimonianza-di-alcuni-giovani-dellamore-misericordioso\/#respond'>0 Commenti<\/a><\/div><div class='slide-meta-del'>\/<\/div><time class='slide-meta-time updated'  itemprop=\"datePublished\" datetime=\"2023-08-15T16:33:39+02:00\" >15 Agosto 2023<\/time><\/div><div class='slide-entry-excerpt entry-content'  itemprop=\"text\" >\n\n\n\n\n\n<\/div><\/div><footer class=\"entry-footer\"><\/footer><span class='hidden'>\n\t\t\t\t<span class='av-structured-data'  itemprop=\"image\" itemscope=\"itemscope\" itemtype=\"https:\/\/schema.org\/ImageObject\" >\n\t\t\t\t\t\t<span itemprop='url'>http:\/\/www.amormisericordioso.org\/ita\/wp-content\/uploads\/2023\/08\/Immagini-in-Evidenza-SITO-AM-43.png<\/span>\n\t\t\t\t\t\t<span itemprop='height'>1080<\/span>\n\t\t\t\t\t\t<span itemprop='width'>1080<\/span>\n\t\t\t\t<\/span>\n\t\t\t\t<span class='av-structured-data'  itemprop=\"publisher\" itemtype=\"https:\/\/schema.org\/Organization\" itemscope=\"itemscope\" >\n\t\t\t\t\t\t<span itemprop='name'>Famiglia dell'Amore Misericordioso<\/span>\n\t\t\t\t\t\t<span itemprop='logo' itemscope itemtype='https:\/\/schema.org\/ImageObject'>\n\t\t\t\t\t\t\t<span itemprop='url'>http:\/\/www.amormisericordioso.org\/ita\/wp-content\/uploads\/2018\/02\/logo-fam-italiano.png<\/span>\n\t\t\t\t\t\t <\/span>\n\t\t\t\t<\/span><span class='av-structured-data'  itemprop=\"author\" itemscope=\"itemscope\" itemtype=\"https:\/\/schema.org\/Person\" ><span itemprop='name'>Famiglia dell'Amore Misericordioso<\/span><\/span><span class='av-structured-data'  itemprop=\"datePublished\" datetime=\"2022-01-05T05:11:44+01:00\" >2023-08-15 16:33:39<\/span><span class='av-structured-data'  itemprop=\"dateModified\" itemtype=\"https:\/\/schema.org\/dateModified\" >2023-08-15 16:37:49<\/span><span class='av-structured-data'  itemprop=\"mainEntityOfPage\" itemtype=\"https:\/\/schema.org\/mainEntityOfPage\" ><span itemprop='name'>GMG = evento di grazia che aiuta a sognare, a guardare oltre. LA TESTIMONIANZA DI ALCUNI GIOVANI DELL&#8217;AMORE MISERICORDIOSO<\/span><\/span><\/span><\/article><\/div><div class='slide-entry-wrap'><article class='slide-entry flex_column  post-entry post-entry-5034 slide-entry-overview slide-loop-88 slide-parity-odd  av_one_third first real-thumbnail post-format-standard'  itemscope=\"itemscope\" itemtype=\"https:\/\/schema.org\/CreativeWork\" ><a href='http:\/\/www.amormisericordioso.org\/ita\/1951-15-agosto-2023-anniversario-fondazione-fam\/' data-rel='slide-1' class='slide-image' title='1951 &#8211; 15 agosto &#8211; 2023: ANNIVERSARIO FONDAZIONE FAM'><img decoding=\"async\" width=\"495\" height=\"400\" src=\"http:\/\/www.amormisericordioso.org\/ita\/wp-content\/uploads\/2023\/08\/Immagini-in-Evidenza-SITO-AM-42-495x400.png\" class=\"wp-image-5038 avia-img-lazy-loading-not-5038 attachment-portfolio size-portfolio wp-post-image\" alt=\"\" srcset=\"http:\/\/www.amormisericordioso.org\/ita\/wp-content\/uploads\/2023\/08\/Immagini-in-Evidenza-SITO-AM-42-495x400.png 495w, http:\/\/www.amormisericordioso.org\/ita\/wp-content\/uploads\/2023\/08\/Immagini-in-Evidenza-SITO-AM-42-845x684.png 845w\" sizes=\"(max-width: 495px) 100vw, 495px\" \/><\/a><div class='slide-content'><header class=\"entry-content-header\"><h3 class='slide-entry-title entry-title '  itemprop=\"headline\" ><a href='http:\/\/www.amormisericordioso.org\/ita\/1951-15-agosto-2023-anniversario-fondazione-fam\/' title='1951 &#8211; 15 agosto &#8211; 2023: ANNIVERSARIO FONDAZIONE FAM'>1951 &#8211; 15 agosto &#8211; 2023: ANNIVERSARIO FONDAZIONE FAM<\/a><\/h3><span class=\"av-vertical-delimiter\"><\/span><\/header><div class='slide-meta'><div class='slide-meta-comments'><a href='http:\/\/www.amormisericordioso.org\/ita\/1951-15-agosto-2023-anniversario-fondazione-fam\/#respond'>0 Commenti<\/a><\/div><div class='slide-meta-del'>\/<\/div><time class='slide-meta-time updated'  itemprop=\"datePublished\" datetime=\"2023-08-15T12:29:10+02:00\" >15 Agosto 2023<\/time><\/div><div class='slide-entry-excerpt entry-content'  itemprop=\"text\" >\n\n\n\n<\/div><\/div><footer class=\"entry-footer\"><\/footer><span class='hidden'>\n\t\t\t\t<span class='av-structured-data'  itemprop=\"image\" itemscope=\"itemscope\" itemtype=\"https:\/\/schema.org\/ImageObject\" >\n\t\t\t\t\t\t<span itemprop='url'>http:\/\/www.amormisericordioso.org\/ita\/wp-content\/uploads\/2023\/08\/Immagini-in-Evidenza-SITO-AM-42.png<\/span>\n\t\t\t\t\t\t<span itemprop='height'>1080<\/span>\n\t\t\t\t\t\t<span itemprop='width'>1080<\/span>\n\t\t\t\t<\/span>\n\t\t\t\t<span class='av-structured-data'  itemprop=\"publisher\" itemtype=\"https:\/\/schema.org\/Organization\" itemscope=\"itemscope\" >\n\t\t\t\t\t\t<span itemprop='name'>Famiglia dell'Amore Misericordioso<\/span>\n\t\t\t\t\t\t<span itemprop='logo' itemscope itemtype='https:\/\/schema.org\/ImageObject'>\n\t\t\t\t\t\t\t<span itemprop='url'>http:\/\/www.amormisericordioso.org\/ita\/wp-content\/uploads\/2018\/02\/logo-fam-italiano.png<\/span>\n\t\t\t\t\t\t <\/span>\n\t\t\t\t<\/span><span class='av-structured-data'  itemprop=\"author\" itemscope=\"itemscope\" itemtype=\"https:\/\/schema.org\/Person\" ><span itemprop='name'>Famiglia dell'Amore Misericordioso<\/span><\/span><span class='av-structured-data'  itemprop=\"datePublished\" datetime=\"2022-01-05T05:11:44+01:00\" >2023-08-15 12:29:10<\/span><span class='av-structured-data'  itemprop=\"dateModified\" itemtype=\"https:\/\/schema.org\/dateModified\" >2023-08-15 12:29:28<\/span><span class='av-structured-data'  itemprop=\"mainEntityOfPage\" itemtype=\"https:\/\/schema.org\/mainEntityOfPage\" ><span itemprop='name'>1951 &#8211; 15 agosto &#8211; 2023: ANNIVERSARIO FONDAZIONE FAM<\/span><\/span><\/span><\/article><article class='slide-entry flex_column  post-entry post-entry-5027 slide-entry-overview slide-loop-89 slide-parity-even  av_one_third  real-thumbnail post-format-standard'  itemscope=\"itemscope\" itemtype=\"https:\/\/schema.org\/CreativeWork\" ><a href='http:\/\/www.amormisericordioso.org\/ita\/rivista-lamore-misericordioso-luglio-2023\/' data-rel='slide-1' class='slide-image' title='Rivista L\u2019AMORE MISERICORDIOSO Luglio 2023'><img decoding=\"async\" width=\"495\" height=\"400\" src=\"http:\/\/www.amormisericordioso.org\/ita\/wp-content\/uploads\/2023\/08\/Immagini-in-Evidenza-SITO-AM-41-495x400.png\" class=\"wp-image-5030 avia-img-lazy-loading-not-5030 attachment-portfolio size-portfolio wp-post-image\" alt=\"\" srcset=\"http:\/\/www.amormisericordioso.org\/ita\/wp-content\/uploads\/2023\/08\/Immagini-in-Evidenza-SITO-AM-41-495x400.png 495w, http:\/\/www.amormisericordioso.org\/ita\/wp-content\/uploads\/2023\/08\/Immagini-in-Evidenza-SITO-AM-41-845x684.png 845w\" sizes=\"(max-width: 495px) 100vw, 495px\" \/><\/a><div class='slide-content'><header class=\"entry-content-header\"><h3 class='slide-entry-title entry-title '  itemprop=\"headline\" ><a href='http:\/\/www.amormisericordioso.org\/ita\/rivista-lamore-misericordioso-luglio-2023\/' title='Rivista L\u2019AMORE MISERICORDIOSO Luglio 2023'>Rivista L\u2019AMORE MISERICORDIOSO Luglio 2023<\/a><\/h3><span class=\"av-vertical-delimiter\"><\/span><\/header><div class='slide-meta'><div class='slide-meta-comments'><a href='http:\/\/www.amormisericordioso.org\/ita\/rivista-lamore-misericordioso-luglio-2023\/#respond'>0 Commenti<\/a><\/div><div class='slide-meta-del'>\/<\/div><time class='slide-meta-time updated'  itemprop=\"datePublished\" datetime=\"2023-08-13T17:03:15+02:00\" >13 Agosto 2023<\/time><\/div><div class='slide-entry-excerpt entry-content'  itemprop=\"text\" >\n\n\n\n\n\n<\/div><\/div><footer class=\"entry-footer\"><\/footer><span class='hidden'>\n\t\t\t\t<span class='av-structured-data'  itemprop=\"image\" itemscope=\"itemscope\" itemtype=\"https:\/\/schema.org\/ImageObject\" >\n\t\t\t\t\t\t<span itemprop='url'>http:\/\/www.amormisericordioso.org\/ita\/wp-content\/uploads\/2023\/08\/Immagini-in-Evidenza-SITO-AM-41.png<\/span>\n\t\t\t\t\t\t<span itemprop='height'>1080<\/span>\n\t\t\t\t\t\t<span itemprop='width'>1080<\/span>\n\t\t\t\t<\/span>\n\t\t\t\t<span class='av-structured-data'  itemprop=\"publisher\" itemtype=\"https:\/\/schema.org\/Organization\" itemscope=\"itemscope\" >\n\t\t\t\t\t\t<span itemprop='name'>Famiglia dell'Amore Misericordioso<\/span>\n\t\t\t\t\t\t<span itemprop='logo' itemscope itemtype='https:\/\/schema.org\/ImageObject'>\n\t\t\t\t\t\t\t<span itemprop='url'>http:\/\/www.amormisericordioso.org\/ita\/wp-content\/uploads\/2018\/02\/logo-fam-italiano.png<\/span>\n\t\t\t\t\t\t <\/span>\n\t\t\t\t<\/span><span class='av-structured-data'  itemprop=\"author\" itemscope=\"itemscope\" itemtype=\"https:\/\/schema.org\/Person\" ><span itemprop='name'>Famiglia dell'Amore Misericordioso<\/span><\/span><span class='av-structured-data'  itemprop=\"datePublished\" datetime=\"2022-01-05T05:11:44+01:00\" >2023-08-13 17:03:15<\/span><span class='av-structured-data'  itemprop=\"dateModified\" itemtype=\"https:\/\/schema.org\/dateModified\" >2023-08-13 17:04:35<\/span><span class='av-structured-data'  itemprop=\"mainEntityOfPage\" itemtype=\"https:\/\/schema.org\/mainEntityOfPage\" ><span itemprop='name'>Rivista L\u2019AMORE MISERICORDIOSO Luglio 2023<\/span><\/span><\/span><\/article><article class='slide-entry flex_column  post-entry post-entry-5000 slide-entry-overview slide-loop-90 slide-parity-odd  av_one_third  real-thumbnail post-format-standard'  itemscope=\"itemscope\" itemtype=\"https:\/\/schema.org\/CreativeWork\" ><a href='http:\/\/www.amormisericordioso.org\/ita\/sr-madel-di-gesu-del-mundo-novella-ancella-dellamore-misericordioso\/' data-rel='slide-1' class='slide-image' title='Sr. Madel di Ges\u00f9 del Mundo: novella Ancella dell&#8217;Amore Misericordioso'><img decoding=\"async\" width=\"495\" height=\"400\" src=\"http:\/\/www.amormisericordioso.org\/ita\/wp-content\/uploads\/2023\/08\/Immagini-in-Evidenza-SITO-AM-38-495x400.png\" class=\"wp-image-5008 avia-img-lazy-loading-not-5008 attachment-portfolio size-portfolio wp-post-image\" alt=\"\" srcset=\"http:\/\/www.amormisericordioso.org\/ita\/wp-content\/uploads\/2023\/08\/Immagini-in-Evidenza-SITO-AM-38-495x400.png 495w, http:\/\/www.amormisericordioso.org\/ita\/wp-content\/uploads\/2023\/08\/Immagini-in-Evidenza-SITO-AM-38-845x684.png 845w\" sizes=\"(max-width: 495px) 100vw, 495px\" \/><\/a><div class='slide-content'><header class=\"entry-content-header\"><h3 class='slide-entry-title entry-title '  itemprop=\"headline\" ><a href='http:\/\/www.amormisericordioso.org\/ita\/sr-madel-di-gesu-del-mundo-novella-ancella-dellamore-misericordioso\/' title='Sr. Madel di Ges\u00f9 del Mundo: novella Ancella dell&#8217;Amore Misericordioso'>Sr. Madel di Ges\u00f9 del Mundo: novella Ancella dell&#8217;Amore Misericordioso<\/a><\/h3><span class=\"av-vertical-delimiter\"><\/span><\/header><div class='slide-meta'><div class='slide-meta-comments'><a href='http:\/\/www.amormisericordioso.org\/ita\/sr-madel-di-gesu-del-mundo-novella-ancella-dellamore-misericordioso\/#respond'>0 Commenti<\/a><\/div><div class='slide-meta-del'>\/<\/div><time class='slide-meta-time updated'  itemprop=\"datePublished\" datetime=\"2023-08-01T11:47:31+02:00\" >1 Agosto 2023<\/time><\/div><div class='slide-entry-excerpt entry-content'  itemprop=\"text\" >\n\n\n\n<\/div><\/div><footer class=\"entry-footer\"><\/footer><span class='hidden'>\n\t\t\t\t<span class='av-structured-data'  itemprop=\"image\" itemscope=\"itemscope\" itemtype=\"https:\/\/schema.org\/ImageObject\" >\n\t\t\t\t\t\t<span itemprop='url'>http:\/\/www.amormisericordioso.org\/ita\/wp-content\/uploads\/2023\/08\/Immagini-in-Evidenza-SITO-AM-38.png<\/span>\n\t\t\t\t\t\t<span itemprop='height'>1080<\/span>\n\t\t\t\t\t\t<span itemprop='width'>1080<\/span>\n\t\t\t\t<\/span>\n\t\t\t\t<span class='av-structured-data'  itemprop=\"publisher\" itemtype=\"https:\/\/schema.org\/Organization\" itemscope=\"itemscope\" >\n\t\t\t\t\t\t<span itemprop='name'>Famiglia dell'Amore Misericordioso<\/span>\n\t\t\t\t\t\t<span itemprop='logo' itemscope itemtype='https:\/\/schema.org\/ImageObject'>\n\t\t\t\t\t\t\t<span itemprop='url'>http:\/\/www.amormisericordioso.org\/ita\/wp-content\/uploads\/2018\/02\/logo-fam-italiano.png<\/span>\n\t\t\t\t\t\t <\/span>\n\t\t\t\t<\/span><span class='av-structured-data'  itemprop=\"author\" itemscope=\"itemscope\" itemtype=\"https:\/\/schema.org\/Person\" ><span itemprop='name'>Famiglia dell'Amore Misericordioso<\/span><\/span><span class='av-structured-data'  itemprop=\"datePublished\" datetime=\"2022-01-05T05:11:44+01:00\" >2023-08-01 11:47:31<\/span><span class='av-structured-data'  itemprop=\"dateModified\" itemtype=\"https:\/\/schema.org\/dateModified\" >2023-08-01 11:47:33<\/span><span class='av-structured-data'  itemprop=\"mainEntityOfPage\" itemtype=\"https:\/\/schema.org\/mainEntityOfPage\" ><span itemprop='name'>Sr. Madel di Ges\u00f9 del Mundo: novella Ancella dell&#8217;Amore Misericordioso<\/span><\/span><\/span><\/article><\/div><div class='slide-entry-wrap'><article class='slide-entry flex_column  post-entry post-entry-5010 slide-entry-overview slide-loop-91 slide-parity-odd  av_one_third first real-thumbnail post-format-standard'  itemscope=\"itemscope\" itemtype=\"https:\/\/schema.org\/CreativeWork\" ><a href='http:\/\/www.amormisericordioso.org\/ita\/rivista-lamore-misericordioso-giugno-2023\/' data-rel='slide-1' class='slide-image' title='Rivista L&#8217;AMORE MISERICORDIOSO &#8211; GIUGNO 2023'><img decoding=\"async\" width=\"495\" height=\"400\" src=\"http:\/\/www.amormisericordioso.org\/ita\/wp-content\/uploads\/2023\/08\/Immagini-in-Evidenza-SITO-AM-39-495x400.png\" class=\"wp-image-5013 avia-img-lazy-loading-not-5013 attachment-portfolio size-portfolio wp-post-image\" alt=\"\" srcset=\"http:\/\/www.amormisericordioso.org\/ita\/wp-content\/uploads\/2023\/08\/Immagini-in-Evidenza-SITO-AM-39-495x400.png 495w, http:\/\/www.amormisericordioso.org\/ita\/wp-content\/uploads\/2023\/08\/Immagini-in-Evidenza-SITO-AM-39-845x684.png 845w\" sizes=\"(max-width: 495px) 100vw, 495px\" \/><\/a><div class='slide-content'><header class=\"entry-content-header\"><h3 class='slide-entry-title entry-title '  itemprop=\"headline\" ><a href='http:\/\/www.amormisericordioso.org\/ita\/rivista-lamore-misericordioso-giugno-2023\/' title='Rivista L&#8217;AMORE MISERICORDIOSO &#8211; GIUGNO 2023'>Rivista L&#8217;AMORE MISERICORDIOSO &#8211; GIUGNO 2023<\/a><\/h3><span class=\"av-vertical-delimiter\"><\/span><\/header><div class='slide-meta'><div class='slide-meta-comments'><a href='http:\/\/www.amormisericordioso.org\/ita\/rivista-lamore-misericordioso-giugno-2023\/#respond'>0 Commenti<\/a><\/div><div class='slide-meta-del'>\/<\/div><time class='slide-meta-time updated'  itemprop=\"datePublished\" datetime=\"2023-07-16T12:04:21+02:00\" >16 Luglio 2023<\/time><\/div><div class='slide-entry-excerpt entry-content'  itemprop=\"text\" >\n\n\n\n\n\n<\/div><\/div><footer class=\"entry-footer\"><\/footer><span class='hidden'>\n\t\t\t\t<span class='av-structured-data'  itemprop=\"image\" itemscope=\"itemscope\" itemtype=\"https:\/\/schema.org\/ImageObject\" >\n\t\t\t\t\t\t<span itemprop='url'>http:\/\/www.amormisericordioso.org\/ita\/wp-content\/uploads\/2023\/08\/Immagini-in-Evidenza-SITO-AM-39.png<\/span>\n\t\t\t\t\t\t<span itemprop='height'>1080<\/span>\n\t\t\t\t\t\t<span itemprop='width'>1080<\/span>\n\t\t\t\t<\/span>\n\t\t\t\t<span class='av-structured-data'  itemprop=\"publisher\" itemtype=\"https:\/\/schema.org\/Organization\" itemscope=\"itemscope\" >\n\t\t\t\t\t\t<span itemprop='name'>Famiglia dell'Amore Misericordioso<\/span>\n\t\t\t\t\t\t<span itemprop='logo' itemscope itemtype='https:\/\/schema.org\/ImageObject'>\n\t\t\t\t\t\t\t<span itemprop='url'>http:\/\/www.amormisericordioso.org\/ita\/wp-content\/uploads\/2018\/02\/logo-fam-italiano.png<\/span>\n\t\t\t\t\t\t <\/span>\n\t\t\t\t<\/span><span class='av-structured-data'  itemprop=\"author\" itemscope=\"itemscope\" itemtype=\"https:\/\/schema.org\/Person\" ><span itemprop='name'>Famiglia dell'Amore Misericordioso<\/span><\/span><span class='av-structured-data'  itemprop=\"datePublished\" datetime=\"2022-01-05T05:11:44+01:00\" >2023-07-16 12:04:21<\/span><span class='av-structured-data'  itemprop=\"dateModified\" itemtype=\"https:\/\/schema.org\/dateModified\" >2023-08-01 12:06:50<\/span><span class='av-structured-data'  itemprop=\"mainEntityOfPage\" itemtype=\"https:\/\/schema.org\/mainEntityOfPage\" ><span itemprop='name'>Rivista L&#8217;AMORE MISERICORDIOSO &#8211; GIUGNO 2023<\/span><\/span><\/span><\/article><article class='slide-entry flex_column  post-entry post-entry-4988 slide-entry-overview slide-loop-92 slide-parity-even  av_one_third  real-thumbnail post-format-standard'  itemscope=\"itemscope\" itemtype=\"https:\/\/schema.org\/CreativeWork\" ><a href='http:\/\/www.amormisericordioso.org\/ita\/premio-umbriaroma-a-madre-speranza-alla-memoria\/' data-rel='slide-1' class='slide-image' title='PREMIO UMBRIAROMA a Madre Speranza (alla memoria)'><img decoding=\"async\" width=\"495\" height=\"400\" src=\"http:\/\/www.amormisericordioso.org\/ita\/wp-content\/uploads\/2023\/06\/Immagini-in-Evidenza-SITO-AM-37-495x400.png\" class=\"wp-image-4992 avia-img-lazy-loading-not-4992 attachment-portfolio size-portfolio wp-post-image\" alt=\"\" srcset=\"http:\/\/www.amormisericordioso.org\/ita\/wp-content\/uploads\/2023\/06\/Immagini-in-Evidenza-SITO-AM-37-495x400.png 495w, http:\/\/www.amormisericordioso.org\/ita\/wp-content\/uploads\/2023\/06\/Immagini-in-Evidenza-SITO-AM-37-845x684.png 845w\" sizes=\"(max-width: 495px) 100vw, 495px\" \/><\/a><div class='slide-content'><header class=\"entry-content-header\"><h3 class='slide-entry-title entry-title '  itemprop=\"headline\" ><a href='http:\/\/www.amormisericordioso.org\/ita\/premio-umbriaroma-a-madre-speranza-alla-memoria\/' title='PREMIO UMBRIAROMA a Madre Speranza (alla memoria)'>PREMIO UMBRIAROMA a Madre Speranza (alla memoria)<\/a><\/h3><span class=\"av-vertical-delimiter\"><\/span><\/header><div class='slide-meta'><div class='slide-meta-comments'><a href='http:\/\/www.amormisericordioso.org\/ita\/premio-umbriaroma-a-madre-speranza-alla-memoria\/#respond'>0 Commenti<\/a><\/div><div class='slide-meta-del'>\/<\/div><time class='slide-meta-time updated'  itemprop=\"datePublished\" datetime=\"2023-06-20T08:50:20+02:00\" >20 Giugno 2023<\/time><\/div><div class='slide-entry-excerpt entry-content'  itemprop=\"text\" >\n\n\n\n<\/div><\/div><footer class=\"entry-footer\"><\/footer><span class='hidden'>\n\t\t\t\t<span class='av-structured-data'  itemprop=\"image\" itemscope=\"itemscope\" itemtype=\"https:\/\/schema.org\/ImageObject\" >\n\t\t\t\t\t\t<span itemprop='url'>http:\/\/www.amormisericordioso.org\/ita\/wp-content\/uploads\/2023\/06\/Immagini-in-Evidenza-SITO-AM-37.png<\/span>\n\t\t\t\t\t\t<span itemprop='height'>1080<\/span>\n\t\t\t\t\t\t<span itemprop='width'>1080<\/span>\n\t\t\t\t<\/span>\n\t\t\t\t<span class='av-structured-data'  itemprop=\"publisher\" itemtype=\"https:\/\/schema.org\/Organization\" itemscope=\"itemscope\" >\n\t\t\t\t\t\t<span itemprop='name'>Famiglia dell'Amore Misericordioso<\/span>\n\t\t\t\t\t\t<span itemprop='logo' itemscope itemtype='https:\/\/schema.org\/ImageObject'>\n\t\t\t\t\t\t\t<span itemprop='url'>http:\/\/www.amormisericordioso.org\/ita\/wp-content\/uploads\/2018\/02\/logo-fam-italiano.png<\/span>\n\t\t\t\t\t\t <\/span>\n\t\t\t\t<\/span><span class='av-structured-data'  itemprop=\"author\" itemscope=\"itemscope\" itemtype=\"https:\/\/schema.org\/Person\" ><span itemprop='name'>Famiglia dell'Amore Misericordioso<\/span><\/span><span class='av-structured-data'  itemprop=\"datePublished\" datetime=\"2022-01-05T05:11:44+01:00\" >2023-06-20 08:50:20<\/span><span class='av-structured-data'  itemprop=\"dateModified\" itemtype=\"https:\/\/schema.org\/dateModified\" >2023-06-20 08:50:23<\/span><span class='av-structured-data'  itemprop=\"mainEntityOfPage\" itemtype=\"https:\/\/schema.org\/mainEntityOfPage\" ><span itemprop='name'>PREMIO UMBRIAROMA a Madre Speranza (alla memoria)<\/span><\/span><\/span><\/article><article class='slide-entry flex_column  post-entry post-entry-4980 slide-entry-overview slide-loop-93 slide-parity-odd  av_one_third  real-thumbnail post-format-standard'  itemscope=\"itemscope\" itemtype=\"https:\/\/schema.org\/CreativeWork\" ><a href='http:\/\/www.amormisericordioso.org\/ita\/rivista-lamore-misericordioso-maggio-2023\/' data-rel='slide-1' class='slide-image' title='Rivista L&#8217;AMORE MISERICORDIOSO &#8211; MAGGIO 2023'><img decoding=\"async\" width=\"495\" height=\"400\" src=\"http:\/\/www.amormisericordioso.org\/ita\/wp-content\/uploads\/2023\/06\/Immagini-in-Evidenza-SITO-AM-35-495x400.png\" class=\"wp-image-4983 avia-img-lazy-loading-not-4983 attachment-portfolio size-portfolio wp-post-image\" alt=\"\" srcset=\"http:\/\/www.amormisericordioso.org\/ita\/wp-content\/uploads\/2023\/06\/Immagini-in-Evidenza-SITO-AM-35-495x400.png 495w, http:\/\/www.amormisericordioso.org\/ita\/wp-content\/uploads\/2023\/06\/Immagini-in-Evidenza-SITO-AM-35-845x684.png 845w\" sizes=\"(max-width: 495px) 100vw, 495px\" \/><\/a><div class='slide-content'><header class=\"entry-content-header\"><h3 class='slide-entry-title entry-title '  itemprop=\"headline\" ><a href='http:\/\/www.amormisericordioso.org\/ita\/rivista-lamore-misericordioso-maggio-2023\/' title='Rivista L&#8217;AMORE MISERICORDIOSO &#8211; MAGGIO 2023'>Rivista L&#8217;AMORE MISERICORDIOSO &#8211; MAGGIO 2023<\/a><\/h3><span class=\"av-vertical-delimiter\"><\/span><\/header><div class='slide-meta'><div class='slide-meta-comments'><a href='http:\/\/www.amormisericordioso.org\/ita\/rivista-lamore-misericordioso-maggio-2023\/#respond'>0 Commenti<\/a><\/div><div class='slide-meta-del'>\/<\/div><time class='slide-meta-time updated'  itemprop=\"datePublished\" datetime=\"2023-06-13T12:04:05+02:00\" >13 Giugno 2023<\/time><\/div><div class='slide-entry-excerpt entry-content'  itemprop=\"text\" >\n\n\n\n\n\n<\/div><\/div><footer class=\"entry-footer\"><\/footer><span class='hidden'>\n\t\t\t\t<span class='av-structured-data'  itemprop=\"image\" itemscope=\"itemscope\" itemtype=\"https:\/\/schema.org\/ImageObject\" >\n\t\t\t\t\t\t<span itemprop='url'>http:\/\/www.amormisericordioso.org\/ita\/wp-content\/uploads\/2023\/06\/Immagini-in-Evidenza-SITO-AM-35.png<\/span>\n\t\t\t\t\t\t<span itemprop='height'>1080<\/span>\n\t\t\t\t\t\t<span itemprop='width'>1080<\/span>\n\t\t\t\t<\/span>\n\t\t\t\t<span class='av-structured-data'  itemprop=\"publisher\" itemtype=\"https:\/\/schema.org\/Organization\" itemscope=\"itemscope\" >\n\t\t\t\t\t\t<span itemprop='name'>Famiglia dell'Amore Misericordioso<\/span>\n\t\t\t\t\t\t<span itemprop='logo' itemscope itemtype='https:\/\/schema.org\/ImageObject'>\n\t\t\t\t\t\t\t<span itemprop='url'>http:\/\/www.amormisericordioso.org\/ita\/wp-content\/uploads\/2018\/02\/logo-fam-italiano.png<\/span>\n\t\t\t\t\t\t <\/span>\n\t\t\t\t<\/span><span class='av-structured-data'  itemprop=\"author\" itemscope=\"itemscope\" itemtype=\"https:\/\/schema.org\/Person\" ><span itemprop='name'>Famiglia dell'Amore Misericordioso<\/span><\/span><span class='av-structured-data'  itemprop=\"datePublished\" datetime=\"2022-01-05T05:11:44+01:00\" >2023-06-13 12:04:05<\/span><span class='av-structured-data'  itemprop=\"dateModified\" itemtype=\"https:\/\/schema.org\/dateModified\" >2023-06-13 12:12:27<\/span><span class='av-structured-data'  itemprop=\"mainEntityOfPage\" itemtype=\"https:\/\/schema.org\/mainEntityOfPage\" ><span itemprop='name'>Rivista L&#8217;AMORE MISERICORDIOSO &#8211; MAGGIO 2023<\/span><\/span><\/span><\/article><\/div><div class='slide-entry-wrap'><article class='slide-entry flex_column  post-entry post-entry-4971 slide-entry-overview slide-loop-94 slide-parity-odd  av_one_third first real-thumbnail post-format-standard'  itemscope=\"itemscope\" itemtype=\"https:\/\/schema.org\/CreativeWork\" ><a href='http:\/\/www.amormisericordioso.org\/ita\/fr-filippo-digregorio-novello-diacono-figlio-dellamore-misericordioso\/' data-rel='slide-1' class='slide-image' title='Fr. FILIPPO DIGREGORIO: novello diacono Figlio dell\u2019Amore Misericordioso'><img decoding=\"async\" width=\"495\" height=\"400\" src=\"http:\/\/www.amormisericordioso.org\/ita\/wp-content\/uploads\/2023\/06\/Immagini-in-Evidenza-SITO-AM-34-495x400.png\" class=\"wp-image-4977 avia-img-lazy-loading-not-4977 attachment-portfolio size-portfolio wp-post-image\" alt=\"\" srcset=\"http:\/\/www.amormisericordioso.org\/ita\/wp-content\/uploads\/2023\/06\/Immagini-in-Evidenza-SITO-AM-34-495x400.png 495w, http:\/\/www.amormisericordioso.org\/ita\/wp-content\/uploads\/2023\/06\/Immagini-in-Evidenza-SITO-AM-34-845x684.png 845w\" sizes=\"(max-width: 495px) 100vw, 495px\" \/><\/a><div class='slide-content'><header class=\"entry-content-header\"><h3 class='slide-entry-title entry-title '  itemprop=\"headline\" ><a href='http:\/\/www.amormisericordioso.org\/ita\/fr-filippo-digregorio-novello-diacono-figlio-dellamore-misericordioso\/' title='Fr. FILIPPO DIGREGORIO: novello diacono Figlio dell\u2019Amore Misericordioso'>Fr. FILIPPO DIGREGORIO: novello diacono Figlio dell\u2019Amore Misericordioso<\/a><\/h3><span class=\"av-vertical-delimiter\"><\/span><\/header><div class='slide-meta'><div class='slide-meta-comments'><a href='http:\/\/www.amormisericordioso.org\/ita\/fr-filippo-digregorio-novello-diacono-figlio-dellamore-misericordioso\/#respond'>0 Commenti<\/a><\/div><div class='slide-meta-del'>\/<\/div><time class='slide-meta-time updated'  itemprop=\"datePublished\" datetime=\"2023-06-12T19:46:21+02:00\" >12 Giugno 2023<\/time><\/div><div class='slide-entry-excerpt entry-content'  itemprop=\"text\" >\n\n\n\n<\/div><\/div><footer class=\"entry-footer\"><\/footer><span class='hidden'>\n\t\t\t\t<span class='av-structured-data'  itemprop=\"image\" itemscope=\"itemscope\" itemtype=\"https:\/\/schema.org\/ImageObject\" >\n\t\t\t\t\t\t<span itemprop='url'>http:\/\/www.amormisericordioso.org\/ita\/wp-content\/uploads\/2023\/06\/Immagini-in-Evidenza-SITO-AM-34.png<\/span>\n\t\t\t\t\t\t<span itemprop='height'>1080<\/span>\n\t\t\t\t\t\t<span itemprop='width'>1080<\/span>\n\t\t\t\t<\/span>\n\t\t\t\t<span class='av-structured-data'  itemprop=\"publisher\" itemtype=\"https:\/\/schema.org\/Organization\" itemscope=\"itemscope\" >\n\t\t\t\t\t\t<span itemprop='name'>Famiglia dell'Amore Misericordioso<\/span>\n\t\t\t\t\t\t<span itemprop='logo' itemscope itemtype='https:\/\/schema.org\/ImageObject'>\n\t\t\t\t\t\t\t<span itemprop='url'>http:\/\/www.amormisericordioso.org\/ita\/wp-content\/uploads\/2018\/02\/logo-fam-italiano.png<\/span>\n\t\t\t\t\t\t <\/span>\n\t\t\t\t<\/span><span class='av-structured-data'  itemprop=\"author\" itemscope=\"itemscope\" itemtype=\"https:\/\/schema.org\/Person\" ><span itemprop='name'>Famiglia dell'Amore Misericordioso<\/span><\/span><span class='av-structured-data'  itemprop=\"datePublished\" datetime=\"2022-01-05T05:11:44+01:00\" >2023-06-12 19:46:21<\/span><span class='av-structured-data'  itemprop=\"dateModified\" itemtype=\"https:\/\/schema.org\/dateModified\" >2023-06-12 19:49:27<\/span><span class='av-structured-data'  itemprop=\"mainEntityOfPage\" itemtype=\"https:\/\/schema.org\/mainEntityOfPage\" ><span itemprop='name'>Fr. FILIPPO DIGREGORIO: novello diacono Figlio dell\u2019Amore Misericordioso<\/span><\/span><\/span><\/article><article class='slide-entry flex_column  post-entry post-entry-4959 slide-entry-overview slide-loop-95 slide-parity-even  av_one_third  real-thumbnail post-format-standard'  itemscope=\"itemscope\" itemtype=\"https:\/\/schema.org\/CreativeWork\" ><a href='http:\/\/www.amormisericordioso.org\/ita\/lanima-nostra-magnifica-il-signore-ix-anniversario-della-beatificazione-di-madre-speranza\/' data-rel='slide-1' class='slide-image' title='L&#8217;anima nostra magnifica il Signore: IX ANNIVERSARIO della Beatificazione di Madre Speranza'><img decoding=\"async\" width=\"495\" height=\"400\" src=\"http:\/\/www.amormisericordioso.org\/ita\/wp-content\/uploads\/2023\/05\/Immagini-in-Evidenza-SITO-AM-32-495x400.png\" class=\"wp-image-4962 avia-img-lazy-loading-not-4962 attachment-portfolio size-portfolio wp-post-image\" alt=\"\" srcset=\"http:\/\/www.amormisericordioso.org\/ita\/wp-content\/uploads\/2023\/05\/Immagini-in-Evidenza-SITO-AM-32-495x400.png 495w, http:\/\/www.amormisericordioso.org\/ita\/wp-content\/uploads\/2023\/05\/Immagini-in-Evidenza-SITO-AM-32-845x684.png 845w\" sizes=\"(max-width: 495px) 100vw, 495px\" \/><\/a><div class='slide-content'><header class=\"entry-content-header\"><h3 class='slide-entry-title entry-title '  itemprop=\"headline\" ><a href='http:\/\/www.amormisericordioso.org\/ita\/lanima-nostra-magnifica-il-signore-ix-anniversario-della-beatificazione-di-madre-speranza\/' title='L&#8217;anima nostra magnifica il Signore: IX ANNIVERSARIO della Beatificazione di Madre Speranza'>L&#8217;anima nostra magnifica il Signore: IX ANNIVERSARIO della Beatificazione di Madre Speranza<\/a><\/h3><span class=\"av-vertical-delimiter\"><\/span><\/header><div class='slide-meta'><div class='slide-meta-comments'><a href='http:\/\/www.amormisericordioso.org\/ita\/lanima-nostra-magnifica-il-signore-ix-anniversario-della-beatificazione-di-madre-speranza\/#respond'>0 Commenti<\/a><\/div><div class='slide-meta-del'>\/<\/div><time class='slide-meta-time updated'  itemprop=\"datePublished\" datetime=\"2023-05-31T06:00:00+02:00\" >31 Maggio 2023<\/time><\/div><div class='slide-entry-excerpt entry-content'  itemprop=\"text\" >\n\n<\/div><\/div><footer class=\"entry-footer\"><\/footer><span class='hidden'>\n\t\t\t\t<span class='av-structured-data'  itemprop=\"image\" itemscope=\"itemscope\" itemtype=\"https:\/\/schema.org\/ImageObject\" >\n\t\t\t\t\t\t<span itemprop='url'>http:\/\/www.amormisericordioso.org\/ita\/wp-content\/uploads\/2023\/05\/Immagini-in-Evidenza-SITO-AM-32.png<\/span>\n\t\t\t\t\t\t<span itemprop='height'>1080<\/span>\n\t\t\t\t\t\t<span itemprop='width'>1080<\/span>\n\t\t\t\t<\/span>\n\t\t\t\t<span class='av-structured-data'  itemprop=\"publisher\" itemtype=\"https:\/\/schema.org\/Organization\" itemscope=\"itemscope\" >\n\t\t\t\t\t\t<span itemprop='name'>Famiglia dell'Amore Misericordioso<\/span>\n\t\t\t\t\t\t<span itemprop='logo' itemscope itemtype='https:\/\/schema.org\/ImageObject'>\n\t\t\t\t\t\t\t<span itemprop='url'>http:\/\/www.amormisericordioso.org\/ita\/wp-content\/uploads\/2018\/02\/logo-fam-italiano.png<\/span>\n\t\t\t\t\t\t <\/span>\n\t\t\t\t<\/span><span class='av-structured-data'  itemprop=\"author\" itemscope=\"itemscope\" itemtype=\"https:\/\/schema.org\/Person\" ><span itemprop='name'>Famiglia dell'Amore Misericordioso<\/span><\/span><span class='av-structured-data'  itemprop=\"datePublished\" datetime=\"2022-01-05T05:11:44+01:00\" >2023-05-31 06:00:00<\/span><span class='av-structured-data'  itemprop=\"dateModified\" itemtype=\"https:\/\/schema.org\/dateModified\" >2023-05-22 09:21:08<\/span><span class='av-structured-data'  itemprop=\"mainEntityOfPage\" itemtype=\"https:\/\/schema.org\/mainEntityOfPage\" ><span itemprop='name'>L&#8217;anima nostra magnifica il Signore: IX ANNIVERSARIO della Beatificazione di Madre Speranza<\/span><\/span><\/span><\/article><article class='slide-entry flex_column  post-entry post-entry-4964 slide-entry-overview slide-loop-96 slide-parity-odd  av_one_third  real-thumbnail post-format-standard'  itemscope=\"itemscope\" itemtype=\"https:\/\/schema.org\/CreativeWork\" ><a href='http:\/\/www.amormisericordioso.org\/ita\/rivista-lamore-misericordioso-aprile-2023\/' data-rel='slide-1' class='slide-image' title='Rivista L&#8217;AMORE MISERICORDIOSO &#8211; APRILE 2023'><img decoding=\"async\" width=\"495\" height=\"400\" src=\"http:\/\/www.amormisericordioso.org\/ita\/wp-content\/uploads\/2023\/05\/Immagini-in-Evidenza-SITO-AM-36-495x400.png\" class=\"wp-image-4986 avia-img-lazy-loading-not-4986 attachment-portfolio size-portfolio wp-post-image\" alt=\"\" srcset=\"http:\/\/www.amormisericordioso.org\/ita\/wp-content\/uploads\/2023\/05\/Immagini-in-Evidenza-SITO-AM-36-495x400.png 495w, http:\/\/www.amormisericordioso.org\/ita\/wp-content\/uploads\/2023\/05\/Immagini-in-Evidenza-SITO-AM-36-845x684.png 845w\" sizes=\"(max-width: 495px) 100vw, 495px\" \/><\/a><div class='slide-content'><header class=\"entry-content-header\"><h3 class='slide-entry-title entry-title '  itemprop=\"headline\" ><a href='http:\/\/www.amormisericordioso.org\/ita\/rivista-lamore-misericordioso-aprile-2023\/' title='Rivista L&#8217;AMORE MISERICORDIOSO &#8211; APRILE 2023'>Rivista L&#8217;AMORE MISERICORDIOSO &#8211; APRILE 2023<\/a><\/h3><span class=\"av-vertical-delimiter\"><\/span><\/header><div class='slide-meta'><div class='slide-meta-comments'><a href='http:\/\/www.amormisericordioso.org\/ita\/rivista-lamore-misericordioso-aprile-2023\/#respond'>0 Commenti<\/a><\/div><div class='slide-meta-del'>\/<\/div><time class='slide-meta-time updated'  itemprop=\"datePublished\" datetime=\"2023-05-27T10:22:41+02:00\" >27 Maggio 2023<\/time><\/div><div class='slide-entry-excerpt entry-content'  itemprop=\"text\" >\n\n\n\n\n\n<\/div><\/div><footer class=\"entry-footer\"><\/footer><span class='hidden'>\n\t\t\t\t<span class='av-structured-data'  itemprop=\"image\" itemscope=\"itemscope\" itemtype=\"https:\/\/schema.org\/ImageObject\" >\n\t\t\t\t\t\t<span itemprop='url'>http:\/\/www.amormisericordioso.org\/ita\/wp-content\/uploads\/2023\/05\/Immagini-in-Evidenza-SITO-AM-36.png<\/span>\n\t\t\t\t\t\t<span itemprop='height'>1080<\/span>\n\t\t\t\t\t\t<span itemprop='width'>1080<\/span>\n\t\t\t\t<\/span>\n\t\t\t\t<span class='av-structured-data'  itemprop=\"publisher\" itemtype=\"https:\/\/schema.org\/Organization\" itemscope=\"itemscope\" >\n\t\t\t\t\t\t<span itemprop='name'>Famiglia dell'Amore Misericordioso<\/span>\n\t\t\t\t\t\t<span itemprop='logo' itemscope itemtype='https:\/\/schema.org\/ImageObject'>\n\t\t\t\t\t\t\t<span itemprop='url'>http:\/\/www.amormisericordioso.org\/ita\/wp-content\/uploads\/2018\/02\/logo-fam-italiano.png<\/span>\n\t\t\t\t\t\t <\/span>\n\t\t\t\t<\/span><span class='av-structured-data'  itemprop=\"author\" itemscope=\"itemscope\" itemtype=\"https:\/\/schema.org\/Person\" ><span itemprop='name'>Famiglia dell'Amore Misericordioso<\/span><\/span><span class='av-structured-data'  itemprop=\"datePublished\" datetime=\"2022-01-05T05:11:44+01:00\" >2023-05-27 10:22:41<\/span><span class='av-structured-data'  itemprop=\"dateModified\" itemtype=\"https:\/\/schema.org\/dateModified\" >2023-06-13 12:14:26<\/span><span class='av-structured-data'  itemprop=\"mainEntityOfPage\" itemtype=\"https:\/\/schema.org\/mainEntityOfPage\" ><span itemprop='name'>Rivista L&#8217;AMORE MISERICORDIOSO &#8211; APRILE 2023<\/span><\/span><\/span><\/article><\/div><div class='slide-entry-wrap'><article class='slide-entry flex_column  post-entry post-entry-4950 slide-entry-overview slide-loop-97 slide-parity-odd  av_one_third first real-thumbnail post-format-standard'  itemscope=\"itemscope\" itemtype=\"https:\/\/schema.org\/CreativeWork\" ><a href='http:\/\/www.amormisericordioso.org\/ita\/amati-per-amare-sulle-soglie-delle-case-di-maria\/' data-rel='slide-1' class='slide-image' title='AMATI PER AMARE: sulle soglie delle case di Maria'><img decoding=\"async\" width=\"495\" height=\"400\" src=\"http:\/\/www.amormisericordioso.org\/ita\/wp-content\/uploads\/2023\/05\/Immagini-in-Evidenza-SITO-AM-31-495x400.png\" class=\"wp-image-4952 avia-img-lazy-loading-not-4952 attachment-portfolio size-portfolio wp-post-image\" alt=\"\" srcset=\"http:\/\/www.amormisericordioso.org\/ita\/wp-content\/uploads\/2023\/05\/Immagini-in-Evidenza-SITO-AM-31-495x400.png 495w, http:\/\/www.amormisericordioso.org\/ita\/wp-content\/uploads\/2023\/05\/Immagini-in-Evidenza-SITO-AM-31-845x684.png 845w\" sizes=\"(max-width: 495px) 100vw, 495px\" \/><\/a><div class='slide-content'><header class=\"entry-content-header\"><h3 class='slide-entry-title entry-title '  itemprop=\"headline\" ><a href='http:\/\/www.amormisericordioso.org\/ita\/amati-per-amare-sulle-soglie-delle-case-di-maria\/' title='AMATI PER AMARE: sulle soglie delle case di Maria'>AMATI PER AMARE: sulle soglie delle case di Maria<\/a><\/h3><span class=\"av-vertical-delimiter\"><\/span><\/header><div class='slide-meta'><time class='slide-meta-time updated'  itemprop=\"datePublished\" datetime=\"2023-05-15T12:29:58+02:00\" >15 Maggio 2023<\/time><\/div><div class='slide-entry-excerpt entry-content'  itemprop=\"text\" >\n\n\n\n<\/div><\/div><footer class=\"entry-footer\"><\/footer><span class='hidden'>\n\t\t\t\t<span class='av-structured-data'  itemprop=\"image\" itemscope=\"itemscope\" itemtype=\"https:\/\/schema.org\/ImageObject\" >\n\t\t\t\t\t\t<span itemprop='url'>http:\/\/www.amormisericordioso.org\/ita\/wp-content\/uploads\/2023\/05\/Immagini-in-Evidenza-SITO-AM-31.png<\/span>\n\t\t\t\t\t\t<span itemprop='height'>1080<\/span>\n\t\t\t\t\t\t<span itemprop='width'>1080<\/span>\n\t\t\t\t<\/span>\n\t\t\t\t<span class='av-structured-data'  itemprop=\"publisher\" itemtype=\"https:\/\/schema.org\/Organization\" itemscope=\"itemscope\" >\n\t\t\t\t\t\t<span itemprop='name'>Famiglia dell'Amore Misericordioso<\/span>\n\t\t\t\t\t\t<span itemprop='logo' itemscope itemtype='https:\/\/schema.org\/ImageObject'>\n\t\t\t\t\t\t\t<span itemprop='url'>http:\/\/www.amormisericordioso.org\/ita\/wp-content\/uploads\/2018\/02\/logo-fam-italiano.png<\/span>\n\t\t\t\t\t\t <\/span>\n\t\t\t\t<\/span><span class='av-structured-data'  itemprop=\"author\" itemscope=\"itemscope\" itemtype=\"https:\/\/schema.org\/Person\" ><span itemprop='name'>Famiglia dell'Amore Misericordioso<\/span><\/span><span class='av-structured-data'  itemprop=\"datePublished\" datetime=\"2022-01-05T05:11:44+01:00\" >2023-05-15 12:29:58<\/span><span class='av-structured-data'  itemprop=\"dateModified\" itemtype=\"https:\/\/schema.org\/dateModified\" >2023-05-15 16:40:47<\/span><span class='av-structured-data'  itemprop=\"mainEntityOfPage\" itemtype=\"https:\/\/schema.org\/mainEntityOfPage\" ><span itemprop='name'>AMATI PER AMARE: sulle soglie delle case di Maria<\/span><\/span><\/span><\/article><article class='slide-entry flex_column  post-entry post-entry-4931 slide-entry-overview slide-loop-98 slide-parity-even  av_one_third  real-thumbnail post-format-standard'  itemscope=\"itemscope\" itemtype=\"https:\/\/schema.org\/CreativeWork\" ><a href='http:\/\/www.amormisericordioso.org\/ita\/8-maggio-festa-di-maria-mediatrice\/' data-rel='slide-1' class='slide-image' title='8 maggio: FESTA DI MARIA MEDIATRICE'><img decoding=\"async\" width=\"495\" height=\"400\" src=\"http:\/\/www.amormisericordioso.org\/ita\/wp-content\/uploads\/2023\/05\/Immagini-in-Evidenza-SITO-AM-30-495x400.png\" class=\"wp-image-4932 avia-img-lazy-loading-not-4932 attachment-portfolio size-portfolio wp-post-image\" alt=\"\" srcset=\"http:\/\/www.amormisericordioso.org\/ita\/wp-content\/uploads\/2023\/05\/Immagini-in-Evidenza-SITO-AM-30-495x400.png 495w, http:\/\/www.amormisericordioso.org\/ita\/wp-content\/uploads\/2023\/05\/Immagini-in-Evidenza-SITO-AM-30-845x684.png 845w\" sizes=\"(max-width: 495px) 100vw, 495px\" \/><\/a><div class='slide-content'><header class=\"entry-content-header\"><h3 class='slide-entry-title entry-title '  itemprop=\"headline\" ><a href='http:\/\/www.amormisericordioso.org\/ita\/8-maggio-festa-di-maria-mediatrice\/' title='8 maggio: FESTA DI MARIA MEDIATRICE'>8 maggio: FESTA DI MARIA MEDIATRICE<\/a><\/h3><span class=\"av-vertical-delimiter\"><\/span><\/header><div class='slide-meta'><div class='slide-meta-comments'><a href='http:\/\/www.amormisericordioso.org\/ita\/8-maggio-festa-di-maria-mediatrice\/#respond'>0 Commenti<\/a><\/div><div class='slide-meta-del'>\/<\/div><time class='slide-meta-time updated'  itemprop=\"datePublished\" datetime=\"2023-05-09T08:18:23+02:00\" >9 Maggio 2023<\/time><\/div><div class='slide-entry-excerpt entry-content'  itemprop=\"text\" >\n\n\n\n\n\n<\/div><\/div><footer class=\"entry-footer\"><\/footer><span class='hidden'>\n\t\t\t\t<span class='av-structured-data'  itemprop=\"image\" itemscope=\"itemscope\" itemtype=\"https:\/\/schema.org\/ImageObject\" >\n\t\t\t\t\t\t<span itemprop='url'>http:\/\/www.amormisericordioso.org\/ita\/wp-content\/uploads\/2023\/05\/Immagini-in-Evidenza-SITO-AM-30.png<\/span>\n\t\t\t\t\t\t<span itemprop='height'>1080<\/span>\n\t\t\t\t\t\t<span itemprop='width'>1080<\/span>\n\t\t\t\t<\/span>\n\t\t\t\t<span class='av-structured-data'  itemprop=\"publisher\" itemtype=\"https:\/\/schema.org\/Organization\" itemscope=\"itemscope\" >\n\t\t\t\t\t\t<span itemprop='name'>Famiglia dell'Amore Misericordioso<\/span>\n\t\t\t\t\t\t<span itemprop='logo' itemscope itemtype='https:\/\/schema.org\/ImageObject'>\n\t\t\t\t\t\t\t<span itemprop='url'>http:\/\/www.amormisericordioso.org\/ita\/wp-content\/uploads\/2018\/02\/logo-fam-italiano.png<\/span>\n\t\t\t\t\t\t <\/span>\n\t\t\t\t<\/span><span class='av-structured-data'  itemprop=\"author\" itemscope=\"itemscope\" itemtype=\"https:\/\/schema.org\/Person\" ><span itemprop='name'>Famiglia dell'Amore Misericordioso<\/span><\/span><span class='av-structured-data'  itemprop=\"datePublished\" datetime=\"2022-01-05T05:11:44+01:00\" >2023-05-09 08:18:23<\/span><span class='av-structured-data'  itemprop=\"dateModified\" itemtype=\"https:\/\/schema.org\/dateModified\" >2023-05-09 08:18:26<\/span><span class='av-structured-data'  itemprop=\"mainEntityOfPage\" itemtype=\"https:\/\/schema.org\/mainEntityOfPage\" ><span itemprop='name'>8 maggio: FESTA DI MARIA MEDIATRICE<\/span><\/span><\/span><\/article><article class='slide-entry flex_column  post-entry post-entry-4920 slide-entry-overview slide-loop-99 slide-parity-odd  av_one_third  real-thumbnail post-format-standard'  itemscope=\"itemscope\" itemtype=\"https:\/\/schema.org\/CreativeWork\" ><a href='http:\/\/www.amormisericordioso.org\/ita\/la-devozione-a-maria-mediatrice\/' data-rel='slide-1' class='slide-image' title='La devozione a MARIA MEDIATRICE'><img decoding=\"async\" width=\"495\" height=\"400\" src=\"http:\/\/www.amormisericordioso.org\/ita\/wp-content\/uploads\/2023\/05\/Immagini-in-Evidenza-SITO-AM-28-495x400.png\" class=\"wp-image-4923 avia-img-lazy-loading-not-4923 attachment-portfolio size-portfolio wp-post-image\" alt=\"\" srcset=\"http:\/\/www.amormisericordioso.org\/ita\/wp-content\/uploads\/2023\/05\/Immagini-in-Evidenza-SITO-AM-28-495x400.png 495w, http:\/\/www.amormisericordioso.org\/ita\/wp-content\/uploads\/2023\/05\/Immagini-in-Evidenza-SITO-AM-28-845x684.png 845w\" sizes=\"(max-width: 495px) 100vw, 495px\" \/><\/a><div class='slide-content'><header class=\"entry-content-header\"><h3 class='slide-entry-title entry-title '  itemprop=\"headline\" ><a href='http:\/\/www.amormisericordioso.org\/ita\/la-devozione-a-maria-mediatrice\/' title='La devozione a MARIA MEDIATRICE'>La devozione a MARIA MEDIATRICE<\/a><\/h3><span class=\"av-vertical-delimiter\"><\/span><\/header><div class='slide-meta'><div class='slide-meta-comments'><a href='http:\/\/www.amormisericordioso.org\/ita\/la-devozione-a-maria-mediatrice\/#respond'>0 Commenti<\/a><\/div><div class='slide-meta-del'>\/<\/div><time class='slide-meta-time updated'  itemprop=\"datePublished\" datetime=\"2023-05-02T08:25:50+02:00\" >2 Maggio 2023<\/time><\/div><div class='slide-entry-excerpt entry-content'  itemprop=\"text\" >\n\n\n\n<\/div><\/div><footer class=\"entry-footer\"><\/footer><span class='hidden'>\n\t\t\t\t<span class='av-structured-data'  itemprop=\"image\" itemscope=\"itemscope\" itemtype=\"https:\/\/schema.org\/ImageObject\" >\n\t\t\t\t\t\t<span itemprop='url'>http:\/\/www.amormisericordioso.org\/ita\/wp-content\/uploads\/2023\/05\/Immagini-in-Evidenza-SITO-AM-28.png<\/span>\n\t\t\t\t\t\t<span itemprop='height'>1080<\/span>\n\t\t\t\t\t\t<span itemprop='width'>1080<\/span>\n\t\t\t\t<\/span>\n\t\t\t\t<span class='av-structured-data'  itemprop=\"publisher\" itemtype=\"https:\/\/schema.org\/Organization\" itemscope=\"itemscope\" >\n\t\t\t\t\t\t<span itemprop='name'>Famiglia dell'Amore Misericordioso<\/span>\n\t\t\t\t\t\t<span itemprop='logo' itemscope itemtype='https:\/\/schema.org\/ImageObject'>\n\t\t\t\t\t\t\t<span itemprop='url'>http:\/\/www.amormisericordioso.org\/ita\/wp-content\/uploads\/2018\/02\/logo-fam-italiano.png<\/span>\n\t\t\t\t\t\t <\/span>\n\t\t\t\t<\/span><span class='av-structured-data'  itemprop=\"author\" itemscope=\"itemscope\" itemtype=\"https:\/\/schema.org\/Person\" ><span itemprop='name'>Famiglia dell'Amore Misericordioso<\/span><\/span><span class='av-structured-data'  itemprop=\"datePublished\" datetime=\"2022-01-05T05:11:44+01:00\" >2023-05-02 08:25:50<\/span><span class='av-structured-data'  itemprop=\"dateModified\" itemtype=\"https:\/\/schema.org\/dateModified\" >2023-05-02 08:27:39<\/span><span class='av-structured-data'  itemprop=\"mainEntityOfPage\" itemtype=\"https:\/\/schema.org\/mainEntityOfPage\" ><span itemprop='name'>La devozione a MARIA MEDIATRICE<\/span><\/span><\/span><\/article><\/div><div class='slide-entry-wrap'><article class='slide-entry flex_column  post-entry post-entry-4912 slide-entry-overview slide-loop-100 slide-parity-odd  av_one_third first real-thumbnail post-format-standard'  itemscope=\"itemscope\" itemtype=\"https:\/\/schema.org\/CreativeWork\" ><a href='http:\/\/www.amormisericordioso.org\/ita\/nuova-equipe-di-coordinamento-internazionale-dei-laici-dellamore-misericordioso\/' data-rel='slide-1' class='slide-image' title='NUOVA EQUIPE DI COORDINAMENTO INTERNAZIONALE dei Laici dell&#8217;Amore Misericordioso'><img decoding=\"async\" width=\"495\" height=\"400\" src=\"http:\/\/www.amormisericordioso.org\/ita\/wp-content\/uploads\/2023\/04\/Immagini-in-Evidenza-SITO-AM-27-495x400.png\" class=\"wp-image-4918 avia-img-lazy-loading-not-4918 attachment-portfolio size-portfolio wp-post-image\" alt=\"\" srcset=\"http:\/\/www.amormisericordioso.org\/ita\/wp-content\/uploads\/2023\/04\/Immagini-in-Evidenza-SITO-AM-27-495x400.png 495w, http:\/\/www.amormisericordioso.org\/ita\/wp-content\/uploads\/2023\/04\/Immagini-in-Evidenza-SITO-AM-27-845x684.png 845w\" sizes=\"(max-width: 495px) 100vw, 495px\" \/><\/a><div class='slide-content'><header class=\"entry-content-header\"><h3 class='slide-entry-title entry-title '  itemprop=\"headline\" ><a href='http:\/\/www.amormisericordioso.org\/ita\/nuova-equipe-di-coordinamento-internazionale-dei-laici-dellamore-misericordioso\/' title='NUOVA EQUIPE DI COORDINAMENTO INTERNAZIONALE dei Laici dell&#8217;Amore Misericordioso'>NUOVA EQUIPE DI COORDINAMENTO INTERNAZIONALE dei Laici dell&#8217;Amore Misericordioso<\/a><\/h3><span class=\"av-vertical-delimiter\"><\/span><\/header><div class='slide-meta'><div class='slide-meta-comments'><a href='http:\/\/www.amormisericordioso.org\/ita\/nuova-equipe-di-coordinamento-internazionale-dei-laici-dellamore-misericordioso\/#respond'>0 Commenti<\/a><\/div><div class='slide-meta-del'>\/<\/div><time class='slide-meta-time updated'  itemprop=\"datePublished\" datetime=\"2023-04-25T19:32:38+02:00\" >25 Aprile 2023<\/time><\/div><div class='slide-entry-excerpt entry-content'  itemprop=\"text\" >\n\n\n\n\n\n<\/div><\/div><footer class=\"entry-footer\"><\/footer><span class='hidden'>\n\t\t\t\t<span class='av-structured-data'  itemprop=\"image\" itemscope=\"itemscope\" itemtype=\"https:\/\/schema.org\/ImageObject\" >\n\t\t\t\t\t\t<span itemprop='url'>http:\/\/www.amormisericordioso.org\/ita\/wp-content\/uploads\/2023\/04\/Immagini-in-Evidenza-SITO-AM-27.png<\/span>\n\t\t\t\t\t\t<span itemprop='height'>1080<\/span>\n\t\t\t\t\t\t<span itemprop='width'>1080<\/span>\n\t\t\t\t<\/span>\n\t\t\t\t<span class='av-structured-data'  itemprop=\"publisher\" itemtype=\"https:\/\/schema.org\/Organization\" itemscope=\"itemscope\" >\n\t\t\t\t\t\t<span itemprop='name'>Famiglia dell'Amore Misericordioso<\/span>\n\t\t\t\t\t\t<span itemprop='logo' itemscope itemtype='https:\/\/schema.org\/ImageObject'>\n\t\t\t\t\t\t\t<span itemprop='url'>http:\/\/www.amormisericordioso.org\/ita\/wp-content\/uploads\/2018\/02\/logo-fam-italiano.png<\/span>\n\t\t\t\t\t\t <\/span>\n\t\t\t\t<\/span><span class='av-structured-data'  itemprop=\"author\" itemscope=\"itemscope\" itemtype=\"https:\/\/schema.org\/Person\" ><span itemprop='name'>Famiglia dell'Amore Misericordioso<\/span><\/span><span class='av-structured-data'  itemprop=\"datePublished\" datetime=\"2022-01-05T05:11:44+01:00\" >2023-04-25 19:32:38<\/span><span class='av-structured-data'  itemprop=\"dateModified\" itemtype=\"https:\/\/schema.org\/dateModified\" >2023-04-25 19:32:40<\/span><span class='av-structured-data'  itemprop=\"mainEntityOfPage\" itemtype=\"https:\/\/schema.org\/mainEntityOfPage\" ><span itemprop='name'>NUOVA EQUIPE DI COORDINAMENTO INTERNAZIONALE dei Laici dell&#8217;Amore Misericordioso<\/span><\/span><\/span><\/article><article class='slide-entry flex_column  post-entry post-entry-4901 slide-entry-overview slide-loop-101 slide-parity-even  av_one_third  real-thumbnail post-format-standard'  itemscope=\"itemscope\" itemtype=\"https:\/\/schema.org\/CreativeWork\" ><a href='http:\/\/www.amormisericordioso.org\/ita\/assemblea-generale-dei-laici-dellamore-misericordioso-21-25-aprile-2023\/' data-rel='slide-1' class='slide-image' title='ASSEMBLEA GENERALE dei Laici dell&#8217;Amore Misericordioso (21-25 aprile 2023)'><img decoding=\"async\" width=\"495\" height=\"400\" src=\"http:\/\/www.amormisericordioso.org\/ita\/wp-content\/uploads\/2023\/04\/Immagini-in-Evidenza-SITO-AM-26-495x400.png\" class=\"wp-image-4907 avia-img-lazy-loading-not-4907 attachment-portfolio size-portfolio wp-post-image\" alt=\"\" srcset=\"http:\/\/www.amormisericordioso.org\/ita\/wp-content\/uploads\/2023\/04\/Immagini-in-Evidenza-SITO-AM-26-495x400.png 495w, http:\/\/www.amormisericordioso.org\/ita\/wp-content\/uploads\/2023\/04\/Immagini-in-Evidenza-SITO-AM-26-845x684.png 845w\" sizes=\"(max-width: 495px) 100vw, 495px\" \/><\/a><div class='slide-content'><header class=\"entry-content-header\"><h3 class='slide-entry-title entry-title '  itemprop=\"headline\" ><a href='http:\/\/www.amormisericordioso.org\/ita\/assemblea-generale-dei-laici-dellamore-misericordioso-21-25-aprile-2023\/' title='ASSEMBLEA GENERALE dei Laici dell&#8217;Amore Misericordioso (21-25 aprile 2023)'>ASSEMBLEA GENERALE dei Laici dell&#8217;Amore Misericordioso (21-25 aprile 2023)<\/a><\/h3><span class=\"av-vertical-delimiter\"><\/span><\/header><div class='slide-meta'><div class='slide-meta-comments'><a href='http:\/\/www.amormisericordioso.org\/ita\/assemblea-generale-dei-laici-dellamore-misericordioso-21-25-aprile-2023\/#respond'>0 Commenti<\/a><\/div><div class='slide-meta-del'>\/<\/div><time class='slide-meta-time updated'  itemprop=\"datePublished\" datetime=\"2023-04-23T22:24:50+02:00\" >23 Aprile 2023<\/time><\/div><div class='slide-entry-excerpt entry-content'  itemprop=\"text\" >\n\n\n\n\n\n<\/div><\/div><footer class=\"entry-footer\"><\/footer><span class='hidden'>\n\t\t\t\t<span class='av-structured-data'  itemprop=\"image\" itemscope=\"itemscope\" itemtype=\"https:\/\/schema.org\/ImageObject\" >\n\t\t\t\t\t\t<span itemprop='url'>http:\/\/www.amormisericordioso.org\/ita\/wp-content\/uploads\/2023\/04\/Immagini-in-Evidenza-SITO-AM-26.png<\/span>\n\t\t\t\t\t\t<span itemprop='height'>1080<\/span>\n\t\t\t\t\t\t<span itemprop='width'>1080<\/span>\n\t\t\t\t<\/span>\n\t\t\t\t<span class='av-structured-data'  itemprop=\"publisher\" itemtype=\"https:\/\/schema.org\/Organization\" itemscope=\"itemscope\" >\n\t\t\t\t\t\t<span itemprop='name'>Famiglia dell'Amore Misericordioso<\/span>\n\t\t\t\t\t\t<span itemprop='logo' itemscope itemtype='https:\/\/schema.org\/ImageObject'>\n\t\t\t\t\t\t\t<span itemprop='url'>http:\/\/www.amormisericordioso.org\/ita\/wp-content\/uploads\/2018\/02\/logo-fam-italiano.png<\/span>\n\t\t\t\t\t\t <\/span>\n\t\t\t\t<\/span><span class='av-structured-data'  itemprop=\"author\" itemscope=\"itemscope\" itemtype=\"https:\/\/schema.org\/Person\" ><span itemprop='name'>Famiglia dell'Amore Misericordioso<\/span><\/span><span class='av-structured-data'  itemprop=\"datePublished\" datetime=\"2022-01-05T05:11:44+01:00\" >2023-04-23 22:24:50<\/span><span class='av-structured-data'  itemprop=\"dateModified\" itemtype=\"https:\/\/schema.org\/dateModified\" >2023-04-23 22:30:39<\/span><span class='av-structured-data'  itemprop=\"mainEntityOfPage\" itemtype=\"https:\/\/schema.org\/mainEntityOfPage\" ><span itemprop='name'>ASSEMBLEA GENERALE dei Laici dell&#8217;Amore Misericordioso (21-25 aprile 2023)<\/span><\/span><\/span><\/article><article class='slide-entry flex_column  post-entry post-entry-4894 slide-entry-overview slide-loop-102 slide-parity-odd  av_one_third  real-thumbnail post-format-standard'  itemscope=\"itemscope\" itemtype=\"https:\/\/schema.org\/CreativeWork\" ><a href='http:\/\/www.amormisericordioso.org\/ita\/rivista-lamore-misericordioso-marzo-2023\/' data-rel='slide-1' class='slide-image' title='Rivista L&#8217;AMORE MISERICORDIOSO &#8211; Marzo 2023'><img decoding=\"async\" width=\"495\" height=\"400\" src=\"http:\/\/www.amormisericordioso.org\/ita\/wp-content\/uploads\/2023\/04\/Immagini-in-Evidenza-SITO-AM-25-495x400.png\" class=\"wp-image-4896 avia-img-lazy-loading-not-4896 attachment-portfolio size-portfolio wp-post-image\" alt=\"\" srcset=\"http:\/\/www.amormisericordioso.org\/ita\/wp-content\/uploads\/2023\/04\/Immagini-in-Evidenza-SITO-AM-25-495x400.png 495w, http:\/\/www.amormisericordioso.org\/ita\/wp-content\/uploads\/2023\/04\/Immagini-in-Evidenza-SITO-AM-25-845x684.png 845w\" sizes=\"(max-width: 495px) 100vw, 495px\" \/><\/a><div class='slide-content'><header class=\"entry-content-header\"><h3 class='slide-entry-title entry-title '  itemprop=\"headline\" ><a href='http:\/\/www.amormisericordioso.org\/ita\/rivista-lamore-misericordioso-marzo-2023\/' title='Rivista L&#8217;AMORE MISERICORDIOSO &#8211; Marzo 2023'>Rivista L&#8217;AMORE MISERICORDIOSO &#8211; Marzo 2023<\/a><\/h3><span class=\"av-vertical-delimiter\"><\/span><\/header><div class='slide-meta'><div class='slide-meta-comments'><a href='http:\/\/www.amormisericordioso.org\/ita\/rivista-lamore-misericordioso-marzo-2023\/#respond'>0 Commenti<\/a><\/div><div class='slide-meta-del'>\/<\/div><time class='slide-meta-time updated'  itemprop=\"datePublished\" datetime=\"2023-04-18T09:17:12+02:00\" >18 Aprile 2023<\/time><\/div><div class='slide-entry-excerpt entry-content'  itemprop=\"text\" >\n\n\n\n<\/div><\/div><footer class=\"entry-footer\"><\/footer><span class='hidden'>\n\t\t\t\t<span class='av-structured-data'  itemprop=\"image\" itemscope=\"itemscope\" itemtype=\"https:\/\/schema.org\/ImageObject\" >\n\t\t\t\t\t\t<span itemprop='url'>http:\/\/www.amormisericordioso.org\/ita\/wp-content\/uploads\/2023\/04\/Immagini-in-Evidenza-SITO-AM-25.png<\/span>\n\t\t\t\t\t\t<span itemprop='height'>1080<\/span>\n\t\t\t\t\t\t<span itemprop='width'>1080<\/span>\n\t\t\t\t<\/span>\n\t\t\t\t<span class='av-structured-data'  itemprop=\"publisher\" itemtype=\"https:\/\/schema.org\/Organization\" itemscope=\"itemscope\" >\n\t\t\t\t\t\t<span itemprop='name'>Famiglia dell'Amore Misericordioso<\/span>\n\t\t\t\t\t\t<span itemprop='logo' itemscope itemtype='https:\/\/schema.org\/ImageObject'>\n\t\t\t\t\t\t\t<span itemprop='url'>http:\/\/www.amormisericordioso.org\/ita\/wp-content\/uploads\/2018\/02\/logo-fam-italiano.png<\/span>\n\t\t\t\t\t\t <\/span>\n\t\t\t\t<\/span><span class='av-structured-data'  itemprop=\"author\" itemscope=\"itemscope\" itemtype=\"https:\/\/schema.org\/Person\" ><span itemprop='name'>Famiglia dell'Amore Misericordioso<\/span><\/span><span class='av-structured-data'  itemprop=\"datePublished\" datetime=\"2022-01-05T05:11:44+01:00\" >2023-04-18 09:17:12<\/span><span class='av-structured-data'  itemprop=\"dateModified\" itemtype=\"https:\/\/schema.org\/dateModified\" >2023-04-18 09:21:00<\/span><span class='av-structured-data'  itemprop=\"mainEntityOfPage\" itemtype=\"https:\/\/schema.org\/mainEntityOfPage\" ><span itemprop='name'>Rivista L&#8217;AMORE MISERICORDIOSO &#8211; Marzo 2023<\/span><\/span><\/span><\/article><\/div><div class='slide-entry-wrap'><article class='slide-entry flex_column  post-entry post-entry-4878 slide-entry-overview slide-loop-103 slide-parity-odd  av_one_third first real-thumbnail post-format-standard'  itemscope=\"itemscope\" itemtype=\"https:\/\/schema.org\/CreativeWork\" ><a href='http:\/\/www.amormisericordioso.org\/ita\/non-e-qui-e-risorto-mt-286\/' data-rel='slide-1' class='slide-image' title='&#8220;Non \u00e8 qui. \u00c8 RISORTO!&#8221; (Mt 28,6)'><img decoding=\"async\" width=\"495\" height=\"400\" src=\"http:\/\/www.amormisericordioso.org\/ita\/wp-content\/uploads\/2023\/04\/Immagini-in-Evidenza-SITO-AM-23-495x400.png\" class=\"wp-image-4881 avia-img-lazy-loading-not-4881 attachment-portfolio size-portfolio wp-post-image\" alt=\"\" srcset=\"http:\/\/www.amormisericordioso.org\/ita\/wp-content\/uploads\/2023\/04\/Immagini-in-Evidenza-SITO-AM-23-495x400.png 495w, http:\/\/www.amormisericordioso.org\/ita\/wp-content\/uploads\/2023\/04\/Immagini-in-Evidenza-SITO-AM-23-845x684.png 845w\" sizes=\"(max-width: 495px) 100vw, 495px\" \/><\/a><div class='slide-content'><header class=\"entry-content-header\"><h3 class='slide-entry-title entry-title '  itemprop=\"headline\" ><a href='http:\/\/www.amormisericordioso.org\/ita\/non-e-qui-e-risorto-mt-286\/' title='&#8220;Non \u00e8 qui. \u00c8 RISORTO!&#8221; (Mt 28,6)'>&#8220;Non \u00e8 qui. \u00c8 RISORTO!&#8221; (Mt 28,6)<\/a><\/h3><span class=\"av-vertical-delimiter\"><\/span><\/header><div class='slide-meta'><div class='slide-meta-comments'><a href='http:\/\/www.amormisericordioso.org\/ita\/non-e-qui-e-risorto-mt-286\/#respond'>0 Commenti<\/a><\/div><div class='slide-meta-del'>\/<\/div><time class='slide-meta-time updated'  itemprop=\"datePublished\" datetime=\"2023-04-09T09:47:14+02:00\" >9 Aprile 2023<\/time><\/div><div class='slide-entry-excerpt entry-content'  itemprop=\"text\" >\n\n\n\n<\/div><\/div><footer class=\"entry-footer\"><\/footer><span class='hidden'>\n\t\t\t\t<span class='av-structured-data'  itemprop=\"image\" itemscope=\"itemscope\" itemtype=\"https:\/\/schema.org\/ImageObject\" >\n\t\t\t\t\t\t<span itemprop='url'>http:\/\/www.amormisericordioso.org\/ita\/wp-content\/uploads\/2023\/04\/Immagini-in-Evidenza-SITO-AM-23.png<\/span>\n\t\t\t\t\t\t<span itemprop='height'>1080<\/span>\n\t\t\t\t\t\t<span itemprop='width'>1080<\/span>\n\t\t\t\t<\/span>\n\t\t\t\t<span class='av-structured-data'  itemprop=\"publisher\" itemtype=\"https:\/\/schema.org\/Organization\" itemscope=\"itemscope\" >\n\t\t\t\t\t\t<span itemprop='name'>Famiglia dell'Amore Misericordioso<\/span>\n\t\t\t\t\t\t<span itemprop='logo' itemscope itemtype='https:\/\/schema.org\/ImageObject'>\n\t\t\t\t\t\t\t<span itemprop='url'>http:\/\/www.amormisericordioso.org\/ita\/wp-content\/uploads\/2018\/02\/logo-fam-italiano.png<\/span>\n\t\t\t\t\t\t <\/span>\n\t\t\t\t<\/span><span class='av-structured-data'  itemprop=\"author\" itemscope=\"itemscope\" itemtype=\"https:\/\/schema.org\/Person\" ><span itemprop='name'>Famiglia dell'Amore Misericordioso<\/span><\/span><span class='av-structured-data'  itemprop=\"datePublished\" datetime=\"2022-01-05T05:11:44+01:00\" >2023-04-09 09:47:14<\/span><span class='av-structured-data'  itemprop=\"dateModified\" itemtype=\"https:\/\/schema.org\/dateModified\" >2023-04-09 09:47:16<\/span><span class='av-structured-data'  itemprop=\"mainEntityOfPage\" itemtype=\"https:\/\/schema.org\/mainEntityOfPage\" ><span itemprop='name'>&#8220;Non \u00e8 qui. \u00c8 RISORTO!&#8221; (Mt 28,6)<\/span><\/span><\/span><\/article><article class='slide-entry flex_column  post-entry post-entry-4859 slide-entry-overview slide-loop-104 slide-parity-even  av_one_third  real-thumbnail post-format-standard'  itemscope=\"itemscope\" itemtype=\"https:\/\/schema.org\/CreativeWork\" ><a href='http:\/\/www.amormisericordioso.org\/ita\/18-marzo-ordinazione-episcopale-s-e-r-salvatore-rumeo\/' data-rel='slide-1' class='slide-image' title='18 marzo: ORDINAZIONE EPISCOPALE S.E.R. Salvatore Rumeo'><img decoding=\"async\" width=\"495\" height=\"400\" src=\"http:\/\/www.amormisericordioso.org\/ita\/wp-content\/uploads\/2023\/03\/Immagini-in-Evidenza-SITO-AM-22-495x400.png\" class=\"wp-image-4871 avia-img-lazy-loading-not-4871 attachment-portfolio size-portfolio wp-post-image\" alt=\"\" srcset=\"http:\/\/www.amormisericordioso.org\/ita\/wp-content\/uploads\/2023\/03\/Immagini-in-Evidenza-SITO-AM-22-495x400.png 495w, http:\/\/www.amormisericordioso.org\/ita\/wp-content\/uploads\/2023\/03\/Immagini-in-Evidenza-SITO-AM-22-845x684.png 845w\" sizes=\"(max-width: 495px) 100vw, 495px\" \/><\/a><div class='slide-content'><header class=\"entry-content-header\"><h3 class='slide-entry-title entry-title '  itemprop=\"headline\" ><a href='http:\/\/www.amormisericordioso.org\/ita\/18-marzo-ordinazione-episcopale-s-e-r-salvatore-rumeo\/' title='18 marzo: ORDINAZIONE EPISCOPALE S.E.R. Salvatore Rumeo'>18 marzo: ORDINAZIONE EPISCOPALE S.E.R. Salvatore Rumeo<\/a><\/h3><span class=\"av-vertical-delimiter\"><\/span><\/header><div class='slide-meta'><div class='slide-meta-comments'><a href='http:\/\/www.amormisericordioso.org\/ita\/18-marzo-ordinazione-episcopale-s-e-r-salvatore-rumeo\/#respond'>0 Commenti<\/a><\/div><div class='slide-meta-del'>\/<\/div><time class='slide-meta-time updated'  itemprop=\"datePublished\" datetime=\"2023-03-19T11:09:43+01:00\" >19 Marzo 2023<\/time><\/div><div class='slide-entry-excerpt entry-content'  itemprop=\"text\" >\n\n\n\n\n\n<\/div><\/div><footer class=\"entry-footer\"><\/footer><span class='hidden'>\n\t\t\t\t<span class='av-structured-data'  itemprop=\"image\" itemscope=\"itemscope\" itemtype=\"https:\/\/schema.org\/ImageObject\" >\n\t\t\t\t\t\t<span itemprop='url'>http:\/\/www.amormisericordioso.org\/ita\/wp-content\/uploads\/2023\/03\/Immagini-in-Evidenza-SITO-AM-22.png<\/span>\n\t\t\t\t\t\t<span itemprop='height'>1080<\/span>\n\t\t\t\t\t\t<span itemprop='width'>1080<\/span>\n\t\t\t\t<\/span>\n\t\t\t\t<span class='av-structured-data'  itemprop=\"publisher\" itemtype=\"https:\/\/schema.org\/Organization\" itemscope=\"itemscope\" >\n\t\t\t\t\t\t<span itemprop='name'>Famiglia dell'Amore Misericordioso<\/span>\n\t\t\t\t\t\t<span itemprop='logo' itemscope itemtype='https:\/\/schema.org\/ImageObject'>\n\t\t\t\t\t\t\t<span itemprop='url'>http:\/\/www.amormisericordioso.org\/ita\/wp-content\/uploads\/2018\/02\/logo-fam-italiano.png<\/span>\n\t\t\t\t\t\t <\/span>\n\t\t\t\t<\/span><span class='av-structured-data'  itemprop=\"author\" itemscope=\"itemscope\" itemtype=\"https:\/\/schema.org\/Person\" ><span itemprop='name'>Famiglia dell'Amore Misericordioso<\/span><\/span><span class='av-structured-data'  itemprop=\"datePublished\" datetime=\"2022-01-05T05:11:44+01:00\" >2023-03-19 11:09:43<\/span><span class='av-structured-data'  itemprop=\"dateModified\" itemtype=\"https:\/\/schema.org\/dateModified\" >2023-03-19 11:09:45<\/span><span class='av-structured-data'  itemprop=\"mainEntityOfPage\" itemtype=\"https:\/\/schema.org\/mainEntityOfPage\" ><span itemprop='name'>18 marzo: ORDINAZIONE EPISCOPALE S.E.R. Salvatore Rumeo<\/span><\/span><\/span><\/article><article class='slide-entry flex_column  post-entry post-entry-4844 slide-entry-overview slide-loop-105 slide-parity-odd  av_one_third  real-thumbnail post-format-standard'  itemscope=\"itemscope\" itemtype=\"https:\/\/schema.org\/CreativeWork\" ><a href='http:\/\/www.amormisericordioso.org\/ita\/la-via-crucis-meditata-dai-giovani-dellamore-misericordioso\/' data-rel='slide-1' class='slide-image' title='La VIA CRUCIS meditata dai GIOVANI DELL&#8217;AMORE MISERICORDIOSO'><img decoding=\"async\" width=\"495\" height=\"400\" src=\"http:\/\/www.amormisericordioso.org\/ita\/wp-content\/uploads\/2023\/03\/Immagini-in-Evidenza-SITO-AM-21-495x400.png\" class=\"wp-image-4852 avia-img-lazy-loading-not-4852 attachment-portfolio size-portfolio wp-post-image\" alt=\"\" srcset=\"http:\/\/www.amormisericordioso.org\/ita\/wp-content\/uploads\/2023\/03\/Immagini-in-Evidenza-SITO-AM-21-495x400.png 495w, http:\/\/www.amormisericordioso.org\/ita\/wp-content\/uploads\/2023\/03\/Immagini-in-Evidenza-SITO-AM-21-845x684.png 845w\" sizes=\"(max-width: 495px) 100vw, 495px\" \/><\/a><div class='slide-content'><header class=\"entry-content-header\"><h3 class='slide-entry-title entry-title '  itemprop=\"headline\" ><a href='http:\/\/www.amormisericordioso.org\/ita\/la-via-crucis-meditata-dai-giovani-dellamore-misericordioso\/' title='La VIA CRUCIS meditata dai GIOVANI DELL&#8217;AMORE MISERICORDIOSO'>La VIA CRUCIS meditata dai GIOVANI DELL&#8217;AMORE MISERICORDIOSO<\/a><\/h3><span class=\"av-vertical-delimiter\"><\/span><\/header><div class='slide-meta'><div class='slide-meta-comments'><a href='http:\/\/www.amormisericordioso.org\/ita\/la-via-crucis-meditata-dai-giovani-dellamore-misericordioso\/#respond'>0 Commenti<\/a><\/div><div class='slide-meta-del'>\/<\/div><time class='slide-meta-time updated'  itemprop=\"datePublished\" datetime=\"2023-03-10T09:42:15+01:00\" >10 Marzo 2023<\/time><\/div><div class='slide-entry-excerpt entry-content'  itemprop=\"text\" >\n\n\n\n<\/div><\/div><footer class=\"entry-footer\"><\/footer><span class='hidden'>\n\t\t\t\t<span class='av-structured-data'  itemprop=\"image\" itemscope=\"itemscope\" itemtype=\"https:\/\/schema.org\/ImageObject\" >\n\t\t\t\t\t\t<span itemprop='url'>http:\/\/www.amormisericordioso.org\/ita\/wp-content\/uploads\/2023\/03\/Immagini-in-Evidenza-SITO-AM-21.png<\/span>\n\t\t\t\t\t\t<span itemprop='height'>1080<\/span>\n\t\t\t\t\t\t<span itemprop='width'>1080<\/span>\n\t\t\t\t<\/span>\n\t\t\t\t<span class='av-structured-data'  itemprop=\"publisher\" itemtype=\"https:\/\/schema.org\/Organization\" itemscope=\"itemscope\" >\n\t\t\t\t\t\t<span itemprop='name'>Famiglia dell'Amore Misericordioso<\/span>\n\t\t\t\t\t\t<span itemprop='logo' itemscope itemtype='https:\/\/schema.org\/ImageObject'>\n\t\t\t\t\t\t\t<span itemprop='url'>http:\/\/www.amormisericordioso.org\/ita\/wp-content\/uploads\/2018\/02\/logo-fam-italiano.png<\/span>\n\t\t\t\t\t\t <\/span>\n\t\t\t\t<\/span><span class='av-structured-data'  itemprop=\"author\" itemscope=\"itemscope\" itemtype=\"https:\/\/schema.org\/Person\" ><span itemprop='name'>Famiglia dell'Amore Misericordioso<\/span><\/span><span class='av-structured-data'  itemprop=\"datePublished\" datetime=\"2022-01-05T05:11:44+01:00\" >2023-03-10 09:42:15<\/span><span class='av-structured-data'  itemprop=\"dateModified\" itemtype=\"https:\/\/schema.org\/dateModified\" >2023-03-10 10:30:22<\/span><span class='av-structured-data'  itemprop=\"mainEntityOfPage\" itemtype=\"https:\/\/schema.org\/mainEntityOfPage\" ><span itemprop='name'>La VIA CRUCIS meditata dai GIOVANI DELL&#8217;AMORE MISERICORDIOSO<\/span><\/span><\/span><\/article><\/div><div class='slide-entry-wrap'><article class='slide-entry flex_column  post-entry post-entry-4822 slide-entry-overview slide-loop-106 slide-parity-odd  av_one_third first real-thumbnail post-format-standard'  itemscope=\"itemscope\" itemtype=\"https:\/\/schema.org\/CreativeWork\" ><a href='http:\/\/www.amormisericordioso.org\/ita\/4822-2\/' data-rel='slide-1' class='slide-image' title='LA CASA DI MADRE SPERANZA'><img decoding=\"async\" width=\"495\" height=\"400\" src=\"http:\/\/www.amormisericordioso.org\/ita\/wp-content\/uploads\/2023\/03\/Immagini-in-Evidenza-SITO-AM-20-495x400.png\" class=\"wp-image-4827 avia-img-lazy-loading-not-4827 attachment-portfolio size-portfolio wp-post-image\" alt=\"\" srcset=\"http:\/\/www.amormisericordioso.org\/ita\/wp-content\/uploads\/2023\/03\/Immagini-in-Evidenza-SITO-AM-20-495x400.png 495w, http:\/\/www.amormisericordioso.org\/ita\/wp-content\/uploads\/2023\/03\/Immagini-in-Evidenza-SITO-AM-20-845x684.png 845w\" sizes=\"(max-width: 495px) 100vw, 495px\" \/><\/a><div class='slide-content'><header class=\"entry-content-header\"><h3 class='slide-entry-title entry-title '  itemprop=\"headline\" ><a href='http:\/\/www.amormisericordioso.org\/ita\/4822-2\/' title='LA CASA DI MADRE SPERANZA'>LA CASA DI MADRE SPERANZA<\/a><\/h3><span class=\"av-vertical-delimiter\"><\/span><\/header><div class='slide-meta'><div class='slide-meta-comments'><a href='http:\/\/www.amormisericordioso.org\/ita\/4822-2\/#respond'>0 Commenti<\/a><\/div><div class='slide-meta-del'>\/<\/div><time class='slide-meta-time updated'  itemprop=\"datePublished\" datetime=\"2023-03-03T11:53:48+01:00\" >3 Marzo 2023<\/time><\/div><div class='slide-entry-excerpt entry-content'  itemprop=\"text\" >\n\n\n\n\n\n<\/div><\/div><footer class=\"entry-footer\"><\/footer><span class='hidden'>\n\t\t\t\t<span class='av-structured-data'  itemprop=\"image\" itemscope=\"itemscope\" itemtype=\"https:\/\/schema.org\/ImageObject\" >\n\t\t\t\t\t\t<span itemprop='url'>http:\/\/www.amormisericordioso.org\/ita\/wp-content\/uploads\/2023\/03\/Immagini-in-Evidenza-SITO-AM-20.png<\/span>\n\t\t\t\t\t\t<span itemprop='height'>1080<\/span>\n\t\t\t\t\t\t<span itemprop='width'>1080<\/span>\n\t\t\t\t<\/span>\n\t\t\t\t<span class='av-structured-data'  itemprop=\"publisher\" itemtype=\"https:\/\/schema.org\/Organization\" itemscope=\"itemscope\" >\n\t\t\t\t\t\t<span itemprop='name'>Famiglia dell'Amore Misericordioso<\/span>\n\t\t\t\t\t\t<span itemprop='logo' itemscope itemtype='https:\/\/schema.org\/ImageObject'>\n\t\t\t\t\t\t\t<span itemprop='url'>http:\/\/www.amormisericordioso.org\/ita\/wp-content\/uploads\/2018\/02\/logo-fam-italiano.png<\/span>\n\t\t\t\t\t\t <\/span>\n\t\t\t\t<\/span><span class='av-structured-data'  itemprop=\"author\" itemscope=\"itemscope\" itemtype=\"https:\/\/schema.org\/Person\" ><span itemprop='name'>Famiglia dell'Amore Misericordioso<\/span><\/span><span class='av-structured-data'  itemprop=\"datePublished\" datetime=\"2022-01-05T05:11:44+01:00\" >2023-03-03 11:53:48<\/span><span class='av-structured-data'  itemprop=\"dateModified\" itemtype=\"https:\/\/schema.org\/dateModified\" >2023-03-03 11:58:05<\/span><span class='av-structured-data'  itemprop=\"mainEntityOfPage\" itemtype=\"https:\/\/schema.org\/mainEntityOfPage\" ><span itemprop='name'>LA CASA DI MADRE SPERANZA<\/span><\/span><\/span><\/article><article class='slide-entry flex_column  post-entry post-entry-4810 slide-entry-overview slide-loop-107 slide-parity-even  av_one_third  real-thumbnail post-format-standard'  itemscope=\"itemscope\" itemtype=\"https:\/\/schema.org\/CreativeWork\" ><a href='http:\/\/www.amormisericordioso.org\/ita\/la-contemplazione-della-passione-in-madre-speranza\/' data-rel='slide-1' class='slide-image' title='La contemplazione della PASSIONE in Madre Speranza'><img decoding=\"async\" width=\"495\" height=\"400\" src=\"http:\/\/www.amormisericordioso.org\/ita\/wp-content\/uploads\/2023\/02\/Immagini-in-Evidenza-SITO-AM-19-495x400.png\" class=\"wp-image-4811 avia-img-lazy-loading-not-4811 attachment-portfolio size-portfolio wp-post-image\" alt=\"\" srcset=\"http:\/\/www.amormisericordioso.org\/ita\/wp-content\/uploads\/2023\/02\/Immagini-in-Evidenza-SITO-AM-19-495x400.png 495w, http:\/\/www.amormisericordioso.org\/ita\/wp-content\/uploads\/2023\/02\/Immagini-in-Evidenza-SITO-AM-19-845x684.png 845w\" sizes=\"(max-width: 495px) 100vw, 495px\" \/><\/a><div class='slide-content'><header class=\"entry-content-header\"><h3 class='slide-entry-title entry-title '  itemprop=\"headline\" ><a href='http:\/\/www.amormisericordioso.org\/ita\/la-contemplazione-della-passione-in-madre-speranza\/' title='La contemplazione della PASSIONE in Madre Speranza'>La contemplazione della PASSIONE in Madre Speranza<\/a><\/h3><span class=\"av-vertical-delimiter\"><\/span><\/header><div class='slide-meta'><div class='slide-meta-comments'><a href='http:\/\/www.amormisericordioso.org\/ita\/la-contemplazione-della-passione-in-madre-speranza\/#respond'>0 Commenti<\/a><\/div><div class='slide-meta-del'>\/<\/div><time class='slide-meta-time updated'  itemprop=\"datePublished\" datetime=\"2023-02-22T06:00:00+01:00\" >22 Febbraio 2023<\/time><\/div><div class='slide-entry-excerpt entry-content'  itemprop=\"text\" >\n\n\n\n<\/div><\/div><footer class=\"entry-footer\"><\/footer><span class='hidden'>\n\t\t\t\t<span class='av-structured-data'  itemprop=\"image\" itemscope=\"itemscope\" itemtype=\"https:\/\/schema.org\/ImageObject\" >\n\t\t\t\t\t\t<span itemprop='url'>http:\/\/www.amormisericordioso.org\/ita\/wp-content\/uploads\/2023\/02\/Immagini-in-Evidenza-SITO-AM-19.png<\/span>\n\t\t\t\t\t\t<span itemprop='height'>1080<\/span>\n\t\t\t\t\t\t<span itemprop='width'>1080<\/span>\n\t\t\t\t<\/span>\n\t\t\t\t<span class='av-structured-data'  itemprop=\"publisher\" itemtype=\"https:\/\/schema.org\/Organization\" itemscope=\"itemscope\" >\n\t\t\t\t\t\t<span itemprop='name'>Famiglia dell'Amore Misericordioso<\/span>\n\t\t\t\t\t\t<span itemprop='logo' itemscope itemtype='https:\/\/schema.org\/ImageObject'>\n\t\t\t\t\t\t\t<span itemprop='url'>http:\/\/www.amormisericordioso.org\/ita\/wp-content\/uploads\/2018\/02\/logo-fam-italiano.png<\/span>\n\t\t\t\t\t\t <\/span>\n\t\t\t\t<\/span><span class='av-structured-data'  itemprop=\"author\" itemscope=\"itemscope\" itemtype=\"https:\/\/schema.org\/Person\" ><span itemprop='name'>Famiglia dell'Amore Misericordioso<\/span><\/span><span class='av-structured-data'  itemprop=\"datePublished\" datetime=\"2022-01-05T05:11:44+01:00\" >2023-02-22 06:00:00<\/span><span class='av-structured-data'  itemprop=\"dateModified\" itemtype=\"https:\/\/schema.org\/dateModified\" >2023-02-21 08:58:21<\/span><span class='av-structured-data'  itemprop=\"mainEntityOfPage\" itemtype=\"https:\/\/schema.org\/mainEntityOfPage\" ><span itemprop='name'>La contemplazione della PASSIONE in Madre Speranza<\/span><\/span><\/span><\/article><article class='slide-entry flex_column  post-entry post-entry-4764 slide-entry-overview slide-loop-108 slide-parity-odd  av_one_third  real-thumbnail post-format-standard'  itemscope=\"itemscope\" itemtype=\"https:\/\/schema.org\/CreativeWork\" ><a href='http:\/\/www.amormisericordioso.org\/ita\/sui-passi-di-madre-speranza-amore-e-liberta\/' data-rel='slide-1' class='slide-image' title='Sui passi di Madre Speranza \u2026 AMORE E LIBERT\u00c0'><img decoding=\"async\" width=\"495\" height=\"400\" src=\"http:\/\/www.amormisericordioso.org\/ita\/wp-content\/uploads\/2023\/02\/Immagini-in-Evidenza-SITO-AM-18-495x400.png\" class=\"wp-image-4805 avia-img-lazy-loading-not-4805 attachment-portfolio size-portfolio wp-post-image\" alt=\"\" srcset=\"http:\/\/www.amormisericordioso.org\/ita\/wp-content\/uploads\/2023\/02\/Immagini-in-Evidenza-SITO-AM-18-495x400.png 495w, http:\/\/www.amormisericordioso.org\/ita\/wp-content\/uploads\/2023\/02\/Immagini-in-Evidenza-SITO-AM-18-845x684.png 845w\" sizes=\"(max-width: 495px) 100vw, 495px\" \/><\/a><div class='slide-content'><header class=\"entry-content-header\"><h3 class='slide-entry-title entry-title '  itemprop=\"headline\" ><a href='http:\/\/www.amormisericordioso.org\/ita\/sui-passi-di-madre-speranza-amore-e-liberta\/' title='Sui passi di Madre Speranza \u2026 AMORE E LIBERT\u00c0'>Sui passi di Madre Speranza \u2026 AMORE E LIBERT\u00c0<\/a><\/h3><span class=\"av-vertical-delimiter\"><\/span><\/header><div class='slide-meta'><div class='slide-meta-comments'><a href='http:\/\/www.amormisericordioso.org\/ita\/sui-passi-di-madre-speranza-amore-e-liberta\/#respond'>0 Commenti<\/a><\/div><div class='slide-meta-del'>\/<\/div><time class='slide-meta-time updated'  itemprop=\"datePublished\" datetime=\"2023-02-14T11:04:27+01:00\" >14 Febbraio 2023<\/time><\/div><div class='slide-entry-excerpt entry-content'  itemprop=\"text\" >\n\n\n\n\n\n<\/div><\/div><footer class=\"entry-footer\"><\/footer><span class='hidden'>\n\t\t\t\t<span class='av-structured-data'  itemprop=\"image\" itemscope=\"itemscope\" itemtype=\"https:\/\/schema.org\/ImageObject\" >\n\t\t\t\t\t\t<span itemprop='url'>http:\/\/www.amormisericordioso.org\/ita\/wp-content\/uploads\/2023\/02\/Immagini-in-Evidenza-SITO-AM-18.png<\/span>\n\t\t\t\t\t\t<span itemprop='height'>1080<\/span>\n\t\t\t\t\t\t<span itemprop='width'>1080<\/span>\n\t\t\t\t<\/span>\n\t\t\t\t<span class='av-structured-data'  itemprop=\"publisher\" itemtype=\"https:\/\/schema.org\/Organization\" itemscope=\"itemscope\" >\n\t\t\t\t\t\t<span itemprop='name'>Famiglia dell'Amore Misericordioso<\/span>\n\t\t\t\t\t\t<span itemprop='logo' itemscope itemtype='https:\/\/schema.org\/ImageObject'>\n\t\t\t\t\t\t\t<span itemprop='url'>http:\/\/www.amormisericordioso.org\/ita\/wp-content\/uploads\/2018\/02\/logo-fam-italiano.png<\/span>\n\t\t\t\t\t\t <\/span>\n\t\t\t\t<\/span><span class='av-structured-data'  itemprop=\"author\" itemscope=\"itemscope\" itemtype=\"https:\/\/schema.org\/Person\" ><span itemprop='name'>Famiglia dell'Amore Misericordioso<\/span><\/span><span class='av-structured-data'  itemprop=\"datePublished\" datetime=\"2022-01-05T05:11:44+01:00\" >2023-02-14 11:04:27<\/span><span class='av-structured-data'  itemprop=\"dateModified\" itemtype=\"https:\/\/schema.org\/dateModified\" >2023-02-14 11:05:57<\/span><span class='av-structured-data'  itemprop=\"mainEntityOfPage\" itemtype=\"https:\/\/schema.org\/mainEntityOfPage\" ><span itemprop='name'>Sui passi di Madre Speranza \u2026 AMORE E LIBERT\u00c0<\/span><\/span><\/span><\/article><\/div><div class='slide-entry-wrap'><article class='slide-entry flex_column  post-entry post-entry-4740 slide-entry-overview slide-loop-109 slide-parity-odd  av_one_third first real-thumbnail post-format-standard'  itemscope=\"itemscope\" itemtype=\"https:\/\/schema.org\/CreativeWork\" ><a href='http:\/\/www.amormisericordioso.org\/ita\/giorni-di-grande-festa-per-i-figli-dellamore-misericordioso\/' data-rel='slide-1' class='slide-image' title='Giorni di grande festa per i FIGLI DELL&#8217;AMORE MISERICORDIOSO'><img decoding=\"async\" width=\"495\" height=\"400\" src=\"http:\/\/www.amormisericordioso.org\/ita\/wp-content\/uploads\/2023\/02\/Immagini-in-Evidenza-SITO-AM-17-495x400.png\" class=\"wp-image-4762 avia-img-lazy-loading-not-4762 attachment-portfolio size-portfolio wp-post-image\" alt=\"\" srcset=\"http:\/\/www.amormisericordioso.org\/ita\/wp-content\/uploads\/2023\/02\/Immagini-in-Evidenza-SITO-AM-17-495x400.png 495w, http:\/\/www.amormisericordioso.org\/ita\/wp-content\/uploads\/2023\/02\/Immagini-in-Evidenza-SITO-AM-17-845x684.png 845w\" sizes=\"(max-width: 495px) 100vw, 495px\" \/><\/a><div class='slide-content'><header class=\"entry-content-header\"><h3 class='slide-entry-title entry-title '  itemprop=\"headline\" ><a href='http:\/\/www.amormisericordioso.org\/ita\/giorni-di-grande-festa-per-i-figli-dellamore-misericordioso\/' title='Giorni di grande festa per i FIGLI DELL&#8217;AMORE MISERICORDIOSO'>Giorni di grande festa per i FIGLI DELL&#8217;AMORE MISERICORDIOSO<\/a><\/h3><span class=\"av-vertical-delimiter\"><\/span><\/header><div class='slide-meta'><div class='slide-meta-comments'><a href='http:\/\/www.amormisericordioso.org\/ita\/giorni-di-grande-festa-per-i-figli-dellamore-misericordioso\/#respond'>0 Commenti<\/a><\/div><div class='slide-meta-del'>\/<\/div><time class='slide-meta-time updated'  itemprop=\"datePublished\" datetime=\"2023-02-10T10:29:07+01:00\" >10 Febbraio 2023<\/time><\/div><div class='slide-entry-excerpt entry-content'  itemprop=\"text\" >\n\n\n\n\n\n<\/div><\/div><footer class=\"entry-footer\"><\/footer><span class='hidden'>\n\t\t\t\t<span class='av-structured-data'  itemprop=\"image\" itemscope=\"itemscope\" itemtype=\"https:\/\/schema.org\/ImageObject\" >\n\t\t\t\t\t\t<span itemprop='url'>http:\/\/www.amormisericordioso.org\/ita\/wp-content\/uploads\/2023\/02\/Immagini-in-Evidenza-SITO-AM-17.png<\/span>\n\t\t\t\t\t\t<span itemprop='height'>1080<\/span>\n\t\t\t\t\t\t<span itemprop='width'>1080<\/span>\n\t\t\t\t<\/span>\n\t\t\t\t<span class='av-structured-data'  itemprop=\"publisher\" itemtype=\"https:\/\/schema.org\/Organization\" itemscope=\"itemscope\" >\n\t\t\t\t\t\t<span itemprop='name'>Famiglia dell'Amore Misericordioso<\/span>\n\t\t\t\t\t\t<span itemprop='logo' itemscope itemtype='https:\/\/schema.org\/ImageObject'>\n\t\t\t\t\t\t\t<span itemprop='url'>http:\/\/www.amormisericordioso.org\/ita\/wp-content\/uploads\/2018\/02\/logo-fam-italiano.png<\/span>\n\t\t\t\t\t\t <\/span>\n\t\t\t\t<\/span><span class='av-structured-data'  itemprop=\"author\" itemscope=\"itemscope\" itemtype=\"https:\/\/schema.org\/Person\" ><span itemprop='name'>Famiglia dell'Amore Misericordioso<\/span><\/span><span class='av-structured-data'  itemprop=\"datePublished\" datetime=\"2022-01-05T05:11:44+01:00\" >2023-02-10 10:29:07<\/span><span class='av-structured-data'  itemprop=\"dateModified\" itemtype=\"https:\/\/schema.org\/dateModified\" >2023-02-10 10:29:10<\/span><span class='av-structured-data'  itemprop=\"mainEntityOfPage\" itemtype=\"https:\/\/schema.org\/mainEntityOfPage\" ><span itemprop='name'>Giorni di grande festa per i FIGLI DELL&#8217;AMORE MISERICORDIOSO<\/span><\/span><\/span><\/article><article class='slide-entry flex_column  post-entry post-entry-4737 slide-entry-overview slide-loop-110 slide-parity-even  av_one_third  real-thumbnail post-format-standard'  itemscope=\"itemscope\" itemtype=\"https:\/\/schema.org\/CreativeWork\" ><a href='http:\/\/www.amormisericordioso.org\/ita\/il-nome-e-il-volto-dellamore-40-anni-dalla-morte-di-madre-speranza\/' data-rel='slide-1' class='slide-image' title='IL NOME E IL VOLTO DELL&#8217;AMORE: 40 anni dalla morte di Madre Speranza'><img decoding=\"async\" width=\"495\" height=\"400\" src=\"http:\/\/www.amormisericordioso.org\/ita\/wp-content\/uploads\/2023\/01\/Immagini-in-Evidenza-SITO-AM-15-495x400.png\" class=\"wp-image-4725 avia-img-lazy-loading-not-4725 attachment-portfolio size-portfolio wp-post-image\" alt=\"\" srcset=\"http:\/\/www.amormisericordioso.org\/ita\/wp-content\/uploads\/2023\/01\/Immagini-in-Evidenza-SITO-AM-15-495x400.png 495w, http:\/\/www.amormisericordioso.org\/ita\/wp-content\/uploads\/2023\/01\/Immagini-in-Evidenza-SITO-AM-15-845x684.png 845w\" sizes=\"(max-width: 495px) 100vw, 495px\" \/><\/a><div class='slide-content'><header class=\"entry-content-header\"><h3 class='slide-entry-title entry-title '  itemprop=\"headline\" ><a href='http:\/\/www.amormisericordioso.org\/ita\/il-nome-e-il-volto-dellamore-40-anni-dalla-morte-di-madre-speranza\/' title='IL NOME E IL VOLTO DELL&#8217;AMORE: 40 anni dalla morte di Madre Speranza'>IL NOME E IL VOLTO DELL&#8217;AMORE: 40 anni dalla morte di Madre Speranza<\/a><\/h3><span class=\"av-vertical-delimiter\"><\/span><\/header><div class='slide-meta'><div class='slide-meta-comments'><a href='http:\/\/www.amormisericordioso.org\/ita\/il-nome-e-il-volto-dellamore-40-anni-dalla-morte-di-madre-speranza\/#respond'>0 Commenti<\/a><\/div><div class='slide-meta-del'>\/<\/div><time class='slide-meta-time updated'  itemprop=\"datePublished\" datetime=\"2023-02-10T09:45:09+01:00\" >10 Febbraio 2023<\/time><\/div><div class='slide-entry-excerpt entry-content'  itemprop=\"text\" >\n\n\n\n<\/div><\/div><footer class=\"entry-footer\"><\/footer><span class='hidden'>\n\t\t\t\t<span class='av-structured-data'  itemprop=\"image\" itemscope=\"itemscope\" itemtype=\"https:\/\/schema.org\/ImageObject\" >\n\t\t\t\t\t\t<span itemprop='url'>http:\/\/www.amormisericordioso.org\/ita\/wp-content\/uploads\/2023\/01\/Immagini-in-Evidenza-SITO-AM-15.png<\/span>\n\t\t\t\t\t\t<span itemprop='height'>1080<\/span>\n\t\t\t\t\t\t<span itemprop='width'>1080<\/span>\n\t\t\t\t<\/span>\n\t\t\t\t<span class='av-structured-data'  itemprop=\"publisher\" itemtype=\"https:\/\/schema.org\/Organization\" itemscope=\"itemscope\" >\n\t\t\t\t\t\t<span itemprop='name'>Famiglia dell'Amore Misericordioso<\/span>\n\t\t\t\t\t\t<span itemprop='logo' itemscope itemtype='https:\/\/schema.org\/ImageObject'>\n\t\t\t\t\t\t\t<span itemprop='url'>http:\/\/www.amormisericordioso.org\/ita\/wp-content\/uploads\/2018\/02\/logo-fam-italiano.png<\/span>\n\t\t\t\t\t\t <\/span>\n\t\t\t\t<\/span><span class='av-structured-data'  itemprop=\"author\" itemscope=\"itemscope\" itemtype=\"https:\/\/schema.org\/Person\" ><span itemprop='name'>Famiglia dell'Amore Misericordioso<\/span><\/span><span class='av-structured-data'  itemprop=\"datePublished\" datetime=\"2022-01-05T05:11:44+01:00\" >2023-02-10 09:45:09<\/span><span class='av-structured-data'  itemprop=\"dateModified\" itemtype=\"https:\/\/schema.org\/dateModified\" >2023-02-10 09:45:12<\/span><span class='av-structured-data'  itemprop=\"mainEntityOfPage\" itemtype=\"https:\/\/schema.org\/mainEntityOfPage\" ><span itemprop='name'>IL NOME E IL VOLTO DELL&#8217;AMORE: 40 anni dalla morte di Madre Speranza<\/span><\/span><\/span><\/article><article class='slide-entry flex_column  post-entry post-entry-4730 slide-entry-overview slide-loop-111 slide-parity-odd  av_one_third  real-thumbnail post-format-standard'  itemscope=\"itemscope\" itemtype=\"https:\/\/schema.org\/CreativeWork\" ><a href='http:\/\/www.amormisericordioso.org\/ita\/2-febbraio-festa-della-vita-consacrata\/' data-rel='slide-1' class='slide-image' title='2 febbraio: FESTA DELLA VITA CONSACRATA'><img decoding=\"async\" width=\"495\" height=\"400\" src=\"http:\/\/www.amormisericordioso.org\/ita\/wp-content\/uploads\/2023\/02\/Immagini-in-Evidenza-SITO-AM-16-495x400.png\" class=\"wp-image-4732 avia-img-lazy-loading-not-4732 attachment-portfolio size-portfolio wp-post-image\" alt=\"\" srcset=\"http:\/\/www.amormisericordioso.org\/ita\/wp-content\/uploads\/2023\/02\/Immagini-in-Evidenza-SITO-AM-16-495x400.png 495w, http:\/\/www.amormisericordioso.org\/ita\/wp-content\/uploads\/2023\/02\/Immagini-in-Evidenza-SITO-AM-16-845x684.png 845w\" sizes=\"(max-width: 495px) 100vw, 495px\" \/><\/a><div class='slide-content'><header class=\"entry-content-header\"><h3 class='slide-entry-title entry-title '  itemprop=\"headline\" ><a href='http:\/\/www.amormisericordioso.org\/ita\/2-febbraio-festa-della-vita-consacrata\/' title='2 febbraio: FESTA DELLA VITA CONSACRATA'>2 febbraio: FESTA DELLA VITA CONSACRATA<\/a><\/h3><span class=\"av-vertical-delimiter\"><\/span><\/header><div class='slide-meta'><div class='slide-meta-comments'><a href='http:\/\/www.amormisericordioso.org\/ita\/2-febbraio-festa-della-vita-consacrata\/#respond'>0 Commenti<\/a><\/div><div class='slide-meta-del'>\/<\/div><time class='slide-meta-time updated'  itemprop=\"datePublished\" datetime=\"2023-02-01T19:36:11+01:00\" >1 Febbraio 2023<\/time><\/div><div class='slide-entry-excerpt entry-content'  itemprop=\"text\" >\n\n\n\n<\/div><\/div><footer class=\"entry-footer\"><\/footer><span class='hidden'>\n\t\t\t\t<span class='av-structured-data'  itemprop=\"image\" itemscope=\"itemscope\" itemtype=\"https:\/\/schema.org\/ImageObject\" >\n\t\t\t\t\t\t<span itemprop='url'>http:\/\/www.amormisericordioso.org\/ita\/wp-content\/uploads\/2023\/02\/Immagini-in-Evidenza-SITO-AM-16.png<\/span>\n\t\t\t\t\t\t<span itemprop='height'>1080<\/span>\n\t\t\t\t\t\t<span itemprop='width'>1080<\/span>\n\t\t\t\t<\/span>\n\t\t\t\t<span class='av-structured-data'  itemprop=\"publisher\" itemtype=\"https:\/\/schema.org\/Organization\" itemscope=\"itemscope\" >\n\t\t\t\t\t\t<span itemprop='name'>Famiglia dell'Amore Misericordioso<\/span>\n\t\t\t\t\t\t<span itemprop='logo' itemscope itemtype='https:\/\/schema.org\/ImageObject'>\n\t\t\t\t\t\t\t<span itemprop='url'>http:\/\/www.amormisericordioso.org\/ita\/wp-content\/uploads\/2018\/02\/logo-fam-italiano.png<\/span>\n\t\t\t\t\t\t <\/span>\n\t\t\t\t<\/span><span class='av-structured-data'  itemprop=\"author\" itemscope=\"itemscope\" itemtype=\"https:\/\/schema.org\/Person\" ><span itemprop='name'>Famiglia dell'Amore Misericordioso<\/span><\/span><span class='av-structured-data'  itemprop=\"datePublished\" datetime=\"2022-01-05T05:11:44+01:00\" >2023-02-01 19:36:11<\/span><span class='av-structured-data'  itemprop=\"dateModified\" itemtype=\"https:\/\/schema.org\/dateModified\" >2023-02-01 19:37:04<\/span><span class='av-structured-data'  itemprop=\"mainEntityOfPage\" itemtype=\"https:\/\/schema.org\/mainEntityOfPage\" ><span itemprop='name'>2 febbraio: FESTA DELLA VITA CONSACRATA<\/span><\/span><\/span><\/article><\/div><div class='slide-entry-wrap'><article class='slide-entry flex_column  post-entry post-entry-4709 slide-entry-overview slide-loop-112 slide-parity-odd  av_one_third first real-thumbnail post-format-standard'  itemscope=\"itemscope\" itemtype=\"https:\/\/schema.org\/CreativeWork\" ><a href='http:\/\/www.amormisericordioso.org\/ita\/il-pranzo-dei-poveri-icona-natalizia-delle-ancelle-dellamore-misericordioso\/' data-rel='slide-1' class='slide-image' title='IL PRANZO DEI POVERI: icona natalizia delle Ancelle dell&#8217;Amore Misericordioso'><img decoding=\"async\" width=\"495\" height=\"400\" src=\"http:\/\/www.amormisericordioso.org\/ita\/wp-content\/uploads\/2022\/12\/Immagini-in-Evidenza-SITO-AM-13-495x400.png\" class=\"wp-image-4711 avia-img-lazy-loading-not-4711 attachment-portfolio size-portfolio wp-post-image\" alt=\"\" srcset=\"http:\/\/www.amormisericordioso.org\/ita\/wp-content\/uploads\/2022\/12\/Immagini-in-Evidenza-SITO-AM-13-495x400.png 495w, http:\/\/www.amormisericordioso.org\/ita\/wp-content\/uploads\/2022\/12\/Immagini-in-Evidenza-SITO-AM-13-845x684.png 845w\" sizes=\"(max-width: 495px) 100vw, 495px\" \/><\/a><div class='slide-content'><header class=\"entry-content-header\"><h3 class='slide-entry-title entry-title '  itemprop=\"headline\" ><a href='http:\/\/www.amormisericordioso.org\/ita\/il-pranzo-dei-poveri-icona-natalizia-delle-ancelle-dellamore-misericordioso\/' title='IL PRANZO DEI POVERI: icona natalizia delle Ancelle dell&#8217;Amore Misericordioso'>IL PRANZO DEI POVERI: icona natalizia delle Ancelle dell&#8217;Amore Misericordioso<\/a><\/h3><span class=\"av-vertical-delimiter\"><\/span><\/header><div class='slide-meta'><div class='slide-meta-comments'><a href='http:\/\/www.amormisericordioso.org\/ita\/il-pranzo-dei-poveri-icona-natalizia-delle-ancelle-dellamore-misericordioso\/#respond'>0 Commenti<\/a><\/div><div class='slide-meta-del'>\/<\/div><time class='slide-meta-time updated'  itemprop=\"datePublished\" datetime=\"2022-12-28T08:29:16+01:00\" >28 Dicembre 2022<\/time><\/div><div class='slide-entry-excerpt entry-content'  itemprop=\"text\" >\nFin dai primi anni di vita religiosa il Signore le fa comprendere\u2026<\/div><\/div><footer class=\"entry-footer\"><\/footer><span class='hidden'>\n\t\t\t\t<span class='av-structured-data'  itemprop=\"image\" itemscope=\"itemscope\" itemtype=\"https:\/\/schema.org\/ImageObject\" >\n\t\t\t\t\t\t<span itemprop='url'>http:\/\/www.amormisericordioso.org\/ita\/wp-content\/uploads\/2022\/12\/Immagini-in-Evidenza-SITO-AM-13.png<\/span>\n\t\t\t\t\t\t<span itemprop='height'>1080<\/span>\n\t\t\t\t\t\t<span itemprop='width'>1080<\/span>\n\t\t\t\t<\/span>\n\t\t\t\t<span class='av-structured-data'  itemprop=\"publisher\" itemtype=\"https:\/\/schema.org\/Organization\" itemscope=\"itemscope\" >\n\t\t\t\t\t\t<span itemprop='name'>Famiglia dell'Amore Misericordioso<\/span>\n\t\t\t\t\t\t<span itemprop='logo' itemscope itemtype='https:\/\/schema.org\/ImageObject'>\n\t\t\t\t\t\t\t<span itemprop='url'>http:\/\/www.amormisericordioso.org\/ita\/wp-content\/uploads\/2018\/02\/logo-fam-italiano.png<\/span>\n\t\t\t\t\t\t <\/span>\n\t\t\t\t<\/span><span class='av-structured-data'  itemprop=\"author\" itemscope=\"itemscope\" itemtype=\"https:\/\/schema.org\/Person\" ><span itemprop='name'>Famiglia dell'Amore Misericordioso<\/span><\/span><span class='av-structured-data'  itemprop=\"datePublished\" datetime=\"2022-01-05T05:11:44+01:00\" >2022-12-28 08:29:16<\/span><span class='av-structured-data'  itemprop=\"dateModified\" itemtype=\"https:\/\/schema.org\/dateModified\" >2022-12-28 08:29:19<\/span><span class='av-structured-data'  itemprop=\"mainEntityOfPage\" itemtype=\"https:\/\/schema.org\/mainEntityOfPage\" ><span itemprop='name'>IL PRANZO DEI POVERI: icona natalizia delle Ancelle dell&#8217;Amore Misericordioso<\/span><\/span><\/span><\/article><article class='slide-entry flex_column  post-entry post-entry-4674 slide-entry-overview slide-loop-113 slide-parity-even  av_one_third  real-thumbnail post-format-standard'  itemscope=\"itemscope\" itemtype=\"https:\/\/schema.org\/CreativeWork\" ><a href='http:\/\/www.amormisericordioso.org\/ita\/lamore-nasce-per-noi\/' data-rel='slide-1' class='slide-image' title='L&#8217;Amore NASCE per noi!'><img decoding=\"async\" width=\"495\" height=\"400\" src=\"http:\/\/www.amormisericordioso.org\/ita\/wp-content\/uploads\/2022\/12\/Immagini-in-Evidenza-SITO-AM-10-495x400.png\" class=\"wp-image-4682 avia-img-lazy-loading-not-4682 attachment-portfolio size-portfolio wp-post-image\" alt=\"\" srcset=\"http:\/\/www.amormisericordioso.org\/ita\/wp-content\/uploads\/2022\/12\/Immagini-in-Evidenza-SITO-AM-10-495x400.png 495w, http:\/\/www.amormisericordioso.org\/ita\/wp-content\/uploads\/2022\/12\/Immagini-in-Evidenza-SITO-AM-10-845x684.png 845w\" sizes=\"(max-width: 495px) 100vw, 495px\" \/><\/a><div class='slide-content'><header class=\"entry-content-header\"><h3 class='slide-entry-title entry-title '  itemprop=\"headline\" ><a href='http:\/\/www.amormisericordioso.org\/ita\/lamore-nasce-per-noi\/' title='L&#8217;Amore NASCE per noi!'>L&#8217;Amore NASCE per noi!<\/a><\/h3><span class=\"av-vertical-delimiter\"><\/span><\/header><div class='slide-meta'><div class='slide-meta-comments'><a href='http:\/\/www.amormisericordioso.org\/ita\/lamore-nasce-per-noi\/#respond'>0 Commenti<\/a><\/div><div class='slide-meta-del'>\/<\/div><time class='slide-meta-time updated'  itemprop=\"datePublished\" datetime=\"2022-12-25T01:00:00+01:00\" >25 Dicembre 2022<\/time><\/div><div class='slide-entry-excerpt entry-content'  itemprop=\"text\" >\n\n\n\n\n\n<\/div><\/div><footer class=\"entry-footer\"><\/footer><span class='hidden'>\n\t\t\t\t<span class='av-structured-data'  itemprop=\"image\" itemscope=\"itemscope\" itemtype=\"https:\/\/schema.org\/ImageObject\" >\n\t\t\t\t\t\t<span itemprop='url'>http:\/\/www.amormisericordioso.org\/ita\/wp-content\/uploads\/2022\/12\/Immagini-in-Evidenza-SITO-AM-10.png<\/span>\n\t\t\t\t\t\t<span itemprop='height'>1080<\/span>\n\t\t\t\t\t\t<span itemprop='width'>1080<\/span>\n\t\t\t\t<\/span>\n\t\t\t\t<span class='av-structured-data'  itemprop=\"publisher\" itemtype=\"https:\/\/schema.org\/Organization\" itemscope=\"itemscope\" >\n\t\t\t\t\t\t<span itemprop='name'>Famiglia dell'Amore Misericordioso<\/span>\n\t\t\t\t\t\t<span itemprop='logo' itemscope itemtype='https:\/\/schema.org\/ImageObject'>\n\t\t\t\t\t\t\t<span itemprop='url'>http:\/\/www.amormisericordioso.org\/ita\/wp-content\/uploads\/2018\/02\/logo-fam-italiano.png<\/span>\n\t\t\t\t\t\t <\/span>\n\t\t\t\t<\/span><span class='av-structured-data'  itemprop=\"author\" itemscope=\"itemscope\" itemtype=\"https:\/\/schema.org\/Person\" ><span itemprop='name'>Famiglia dell'Amore Misericordioso<\/span><\/span><span class='av-structured-data'  itemprop=\"datePublished\" datetime=\"2022-01-05T05:11:44+01:00\" >2022-12-25 01:00:00<\/span><span class='av-structured-data'  itemprop=\"dateModified\" itemtype=\"https:\/\/schema.org\/dateModified\" >2022-12-14 09:30:32<\/span><span class='av-structured-data'  itemprop=\"mainEntityOfPage\" itemtype=\"https:\/\/schema.org\/mainEntityOfPage\" ><span itemprop='name'>L&#8217;Amore NASCE per noi!<\/span><\/span><\/span><\/article><article class='slide-entry flex_column  post-entry post-entry-4703 slide-entry-overview slide-loop-114 slide-parity-odd  av_one_third  real-thumbnail post-format-standard'  itemscope=\"itemscope\" itemtype=\"https:\/\/schema.org\/CreativeWork\" ><a href='http:\/\/www.amormisericordioso.org\/ita\/mons-salvatore-rumeo-sdfam-nominato-vescovo-da-papa-francesco\/' data-rel='slide-1' class='slide-image' title='Mons. SALVATORE RUMEO (SDFAM) nominato VESCOVO da papa Francesco'><img decoding=\"async\" width=\"495\" height=\"400\" src=\"http:\/\/www.amormisericordioso.org\/ita\/wp-content\/uploads\/2022\/12\/Immagini-in-Evidenza-SITO-AM-12-495x400.png\" class=\"wp-image-4704 avia-img-lazy-loading-not-4704 attachment-portfolio size-portfolio wp-post-image\" alt=\"\" srcset=\"http:\/\/www.amormisericordioso.org\/ita\/wp-content\/uploads\/2022\/12\/Immagini-in-Evidenza-SITO-AM-12-495x400.png 495w, http:\/\/www.amormisericordioso.org\/ita\/wp-content\/uploads\/2022\/12\/Immagini-in-Evidenza-SITO-AM-12-845x684.png 845w\" sizes=\"(max-width: 495px) 100vw, 495px\" \/><\/a><div class='slide-content'><header class=\"entry-content-header\"><h3 class='slide-entry-title entry-title '  itemprop=\"headline\" ><a href='http:\/\/www.amormisericordioso.org\/ita\/mons-salvatore-rumeo-sdfam-nominato-vescovo-da-papa-francesco\/' title='Mons. SALVATORE RUMEO (SDFAM) nominato VESCOVO da papa Francesco'>Mons. SALVATORE RUMEO (SDFAM) nominato VESCOVO da papa Francesco<\/a><\/h3><span class=\"av-vertical-delimiter\"><\/span><\/header><div class='slide-meta'><div class='slide-meta-comments'><a href='http:\/\/www.amormisericordioso.org\/ita\/mons-salvatore-rumeo-sdfam-nominato-vescovo-da-papa-francesco\/#respond'>0 Commenti<\/a><\/div><div class='slide-meta-del'>\/<\/div><time class='slide-meta-time updated'  itemprop=\"datePublished\" datetime=\"2022-12-22T16:59:58+01:00\" >22 Dicembre 2022<\/time><\/div><div class='slide-entry-excerpt entry-content'  itemprop=\"text\" >\nLa Chiesa di Dio esulta oggi, 22 dicembre 2022, per la nomina\u2026<\/div><\/div><footer class=\"entry-footer\"><\/footer><span class='hidden'>\n\t\t\t\t<span class='av-structured-data'  itemprop=\"image\" itemscope=\"itemscope\" itemtype=\"https:\/\/schema.org\/ImageObject\" >\n\t\t\t\t\t\t<span itemprop='url'>http:\/\/www.amormisericordioso.org\/ita\/wp-content\/uploads\/2022\/12\/Immagini-in-Evidenza-SITO-AM-12.png<\/span>\n\t\t\t\t\t\t<span itemprop='height'>1080<\/span>\n\t\t\t\t\t\t<span itemprop='width'>1080<\/span>\n\t\t\t\t<\/span>\n\t\t\t\t<span class='av-structured-data'  itemprop=\"publisher\" itemtype=\"https:\/\/schema.org\/Organization\" itemscope=\"itemscope\" >\n\t\t\t\t\t\t<span itemprop='name'>Famiglia dell'Amore Misericordioso<\/span>\n\t\t\t\t\t\t<span itemprop='logo' itemscope itemtype='https:\/\/schema.org\/ImageObject'>\n\t\t\t\t\t\t\t<span itemprop='url'>http:\/\/www.amormisericordioso.org\/ita\/wp-content\/uploads\/2018\/02\/logo-fam-italiano.png<\/span>\n\t\t\t\t\t\t <\/span>\n\t\t\t\t<\/span><span class='av-structured-data'  itemprop=\"author\" itemscope=\"itemscope\" itemtype=\"https:\/\/schema.org\/Person\" ><span itemprop='name'>Famiglia dell'Amore Misericordioso<\/span><\/span><span class='av-structured-data'  itemprop=\"datePublished\" datetime=\"2022-01-05T05:11:44+01:00\" >2022-12-22 16:59:58<\/span><span class='av-structured-data'  itemprop=\"dateModified\" itemtype=\"https:\/\/schema.org\/dateModified\" >2022-12-22 17:00:00<\/span><span class='av-structured-data'  itemprop=\"mainEntityOfPage\" itemtype=\"https:\/\/schema.org\/mainEntityOfPage\" ><span itemprop='name'>Mons. SALVATORE RUMEO (SDFAM) nominato VESCOVO da papa Francesco<\/span><\/span><\/span><\/article><\/div><div class='slide-entry-wrap'><article class='slide-entry flex_column  post-entry post-entry-4686 slide-entry-overview slide-loop-115 slide-parity-odd  av_one_third first real-thumbnail post-format-standard'  itemscope=\"itemscope\" itemtype=\"https:\/\/schema.org\/CreativeWork\" ><a href='http:\/\/www.amormisericordioso.org\/ita\/sr-joana-paula-eam-il-18-dicembre-la-sua-professione-perpetua\/' data-rel='slide-1' class='slide-image' title='SR. JOANA PAULA EAM: il 18 dicembre la sua professione perpetua'><img decoding=\"async\" width=\"495\" height=\"400\" src=\"http:\/\/www.amormisericordioso.org\/ita\/wp-content\/uploads\/2022\/12\/Immagini-in-Evidenza-SITO-AM-11-495x400.png\" class=\"wp-image-4700 avia-img-lazy-loading-not-4700 attachment-portfolio size-portfolio wp-post-image\" alt=\"\" srcset=\"http:\/\/www.amormisericordioso.org\/ita\/wp-content\/uploads\/2022\/12\/Immagini-in-Evidenza-SITO-AM-11-495x400.png 495w, http:\/\/www.amormisericordioso.org\/ita\/wp-content\/uploads\/2022\/12\/Immagini-in-Evidenza-SITO-AM-11-845x684.png 845w\" sizes=\"(max-width: 495px) 100vw, 495px\" \/><\/a><div class='slide-content'><header class=\"entry-content-header\"><h3 class='slide-entry-title entry-title '  itemprop=\"headline\" ><a href='http:\/\/www.amormisericordioso.org\/ita\/sr-joana-paula-eam-il-18-dicembre-la-sua-professione-perpetua\/' title='SR. JOANA PAULA EAM: il 18 dicembre la sua professione perpetua'>SR. JOANA PAULA EAM: il 18 dicembre la sua professione perpetua<\/a><\/h3><span class=\"av-vertical-delimiter\"><\/span><\/header><div class='slide-meta'><div class='slide-meta-comments'><a href='http:\/\/www.amormisericordioso.org\/ita\/sr-joana-paula-eam-il-18-dicembre-la-sua-professione-perpetua\/#respond'>0 Commenti<\/a><\/div><div class='slide-meta-del'>\/<\/div><time class='slide-meta-time updated'  itemprop=\"datePublished\" datetime=\"2022-12-20T11:09:56+01:00\" >20 Dicembre 2022<\/time><\/div><div class='slide-entry-excerpt entry-content'  itemprop=\"text\" >\n\n\n\n\n\n<\/div><\/div><footer class=\"entry-footer\"><\/footer><span class='hidden'>\n\t\t\t\t<span class='av-structured-data'  itemprop=\"image\" itemscope=\"itemscope\" itemtype=\"https:\/\/schema.org\/ImageObject\" >\n\t\t\t\t\t\t<span itemprop='url'>http:\/\/www.amormisericordioso.org\/ita\/wp-content\/uploads\/2022\/12\/Immagini-in-Evidenza-SITO-AM-11.png<\/span>\n\t\t\t\t\t\t<span itemprop='height'>1080<\/span>\n\t\t\t\t\t\t<span itemprop='width'>1080<\/span>\n\t\t\t\t<\/span>\n\t\t\t\t<span class='av-structured-data'  itemprop=\"publisher\" itemtype=\"https:\/\/schema.org\/Organization\" itemscope=\"itemscope\" >\n\t\t\t\t\t\t<span itemprop='name'>Famiglia dell'Amore Misericordioso<\/span>\n\t\t\t\t\t\t<span itemprop='logo' itemscope itemtype='https:\/\/schema.org\/ImageObject'>\n\t\t\t\t\t\t\t<span itemprop='url'>http:\/\/www.amormisericordioso.org\/ita\/wp-content\/uploads\/2018\/02\/logo-fam-italiano.png<\/span>\n\t\t\t\t\t\t <\/span>\n\t\t\t\t<\/span><span class='av-structured-data'  itemprop=\"author\" itemscope=\"itemscope\" itemtype=\"https:\/\/schema.org\/Person\" ><span itemprop='name'>Famiglia dell'Amore Misericordioso<\/span><\/span><span class='av-structured-data'  itemprop=\"datePublished\" datetime=\"2022-01-05T05:11:44+01:00\" >2022-12-20 11:09:56<\/span><span class='av-structured-data'  itemprop=\"dateModified\" itemtype=\"https:\/\/schema.org\/dateModified\" >2022-12-20 11:09:59<\/span><span class='av-structured-data'  itemprop=\"mainEntityOfPage\" itemtype=\"https:\/\/schema.org\/mainEntityOfPage\" ><span itemprop='name'>SR. JOANA PAULA EAM: il 18 dicembre la sua professione perpetua<\/span><\/span><\/span><\/article><article class='slide-entry flex_column  post-entry post-entry-4669 slide-entry-overview slide-loop-116 slide-parity-even  av_one_third  real-thumbnail post-format-standard'  itemscope=\"itemscope\" itemtype=\"https:\/\/schema.org\/CreativeWork\" ><a href='http:\/\/www.amormisericordioso.org\/ita\/la-guarigione-di-francesco-il-miracolo-che-ha-reso-beata-madre-speranza\/' data-rel='slide-1' class='slide-image' title='La guarigione di Francesco: il miracolo che ha reso beata Madre Speranza'><img decoding=\"async\" width=\"495\" height=\"400\" src=\"http:\/\/www.amormisericordioso.org\/ita\/wp-content\/uploads\/2022\/12\/Immagini-in-Evidenza-SITO-AM-9-495x400.png\" class=\"wp-image-4671 avia-img-lazy-loading-not-4671 attachment-portfolio size-portfolio wp-post-image\" alt=\"\" srcset=\"http:\/\/www.amormisericordioso.org\/ita\/wp-content\/uploads\/2022\/12\/Immagini-in-Evidenza-SITO-AM-9-495x400.png 495w, http:\/\/www.amormisericordioso.org\/ita\/wp-content\/uploads\/2022\/12\/Immagini-in-Evidenza-SITO-AM-9-845x684.png 845w\" sizes=\"(max-width: 495px) 100vw, 495px\" \/><\/a><div class='slide-content'><header class=\"entry-content-header\"><h3 class='slide-entry-title entry-title '  itemprop=\"headline\" ><a href='http:\/\/www.amormisericordioso.org\/ita\/la-guarigione-di-francesco-il-miracolo-che-ha-reso-beata-madre-speranza\/' title='La guarigione di Francesco: il miracolo che ha reso beata Madre Speranza'>La guarigione di Francesco: il miracolo che ha reso beata Madre Speranza<\/a><\/h3><span class=\"av-vertical-delimiter\"><\/span><\/header><div class='slide-meta'><div class='slide-meta-comments'><a href='http:\/\/www.amormisericordioso.org\/ita\/la-guarigione-di-francesco-il-miracolo-che-ha-reso-beata-madre-speranza\/#respond'>0 Commenti<\/a><\/div><div class='slide-meta-del'>\/<\/div><time class='slide-meta-time updated'  itemprop=\"datePublished\" datetime=\"2022-12-12T08:21:08+01:00\" >12 Dicembre 2022<\/time><\/div><div class='slide-entry-excerpt entry-content'  itemprop=\"text\" >\nNella serie delle puntate dedicate all'Avvento nella trasmissione\u2026<\/div><\/div><footer class=\"entry-footer\"><\/footer><span class='hidden'>\n\t\t\t\t<span class='av-structured-data'  itemprop=\"image\" itemscope=\"itemscope\" itemtype=\"https:\/\/schema.org\/ImageObject\" >\n\t\t\t\t\t\t<span itemprop='url'>http:\/\/www.amormisericordioso.org\/ita\/wp-content\/uploads\/2022\/12\/Immagini-in-Evidenza-SITO-AM-9.png<\/span>\n\t\t\t\t\t\t<span itemprop='height'>1080<\/span>\n\t\t\t\t\t\t<span itemprop='width'>1080<\/span>\n\t\t\t\t<\/span>\n\t\t\t\t<span class='av-structured-data'  itemprop=\"publisher\" itemtype=\"https:\/\/schema.org\/Organization\" itemscope=\"itemscope\" >\n\t\t\t\t\t\t<span itemprop='name'>Famiglia dell'Amore Misericordioso<\/span>\n\t\t\t\t\t\t<span itemprop='logo' itemscope itemtype='https:\/\/schema.org\/ImageObject'>\n\t\t\t\t\t\t\t<span itemprop='url'>http:\/\/www.amormisericordioso.org\/ita\/wp-content\/uploads\/2018\/02\/logo-fam-italiano.png<\/span>\n\t\t\t\t\t\t <\/span>\n\t\t\t\t<\/span><span class='av-structured-data'  itemprop=\"author\" itemscope=\"itemscope\" itemtype=\"https:\/\/schema.org\/Person\" ><span itemprop='name'>Famiglia dell'Amore Misericordioso<\/span><\/span><span class='av-structured-data'  itemprop=\"datePublished\" datetime=\"2022-01-05T05:11:44+01:00\" >2022-12-12 08:21:08<\/span><span class='av-structured-data'  itemprop=\"dateModified\" itemtype=\"https:\/\/schema.org\/dateModified\" >2022-12-12 08:21:10<\/span><span class='av-structured-data'  itemprop=\"mainEntityOfPage\" itemtype=\"https:\/\/schema.org\/mainEntityOfPage\" ><span itemprop='name'>La guarigione di Francesco: il miracolo che ha reso beata Madre Speranza<\/span><\/span><\/span><\/article><article class='slide-entry flex_column  post-entry post-entry-4659 slide-entry-overview slide-loop-117 slide-parity-odd  av_one_third  real-thumbnail post-format-standard'  itemscope=\"itemscope\" itemtype=\"https:\/\/schema.org\/CreativeWork\" ><a href='http:\/\/www.amormisericordioso.org\/ita\/tv2000-torna-al-santuario-dellamore-misericordioso\/' data-rel='slide-1' class='slide-image' title='TV2000 torna al Santuario dell&#8217;Amore Misericordioso'><img decoding=\"async\" width=\"495\" height=\"400\" src=\"http:\/\/www.amormisericordioso.org\/ita\/wp-content\/uploads\/2022\/05\/XI-CAPITOLO-GENERALE-495x400.png\" class=\"wp-image-4355 avia-img-lazy-loading-not-4355 attachment-portfolio size-portfolio wp-post-image\" alt=\"\" srcset=\"http:\/\/www.amormisericordioso.org\/ita\/wp-content\/uploads\/2022\/05\/XI-CAPITOLO-GENERALE-495x400.png 495w, http:\/\/www.amormisericordioso.org\/ita\/wp-content\/uploads\/2022\/05\/XI-CAPITOLO-GENERALE-845x684.png 845w\" sizes=\"(max-width: 495px) 100vw, 495px\" \/><\/a><div class='slide-content'><header class=\"entry-content-header\"><h3 class='slide-entry-title entry-title '  itemprop=\"headline\" ><a href='http:\/\/www.amormisericordioso.org\/ita\/tv2000-torna-al-santuario-dellamore-misericordioso\/' title='TV2000 torna al Santuario dell&#8217;Amore Misericordioso'>TV2000 torna al Santuario dell&#8217;Amore Misericordioso<\/a><\/h3><span class=\"av-vertical-delimiter\"><\/span><\/header><div class='slide-meta'><div class='slide-meta-comments'><a href='http:\/\/www.amormisericordioso.org\/ita\/tv2000-torna-al-santuario-dellamore-misericordioso\/#respond'>0 Commenti<\/a><\/div><div class='slide-meta-del'>\/<\/div><time class='slide-meta-time updated'  itemprop=\"datePublished\" datetime=\"2022-11-27T09:10:02+01:00\" >27 Novembre 2022<\/time><\/div><div class='slide-entry-excerpt entry-content'  itemprop=\"text\" >\nSiamo lieti di potervi comunicare che dal 28 novembre 2022 al\u2026<\/div><\/div><footer class=\"entry-footer\"><\/footer><span class='hidden'>\n\t\t\t\t<span class='av-structured-data'  itemprop=\"image\" itemscope=\"itemscope\" itemtype=\"https:\/\/schema.org\/ImageObject\" >\n\t\t\t\t\t\t<span itemprop='url'>http:\/\/www.amormisericordioso.org\/ita\/wp-content\/uploads\/2022\/05\/XI-CAPITOLO-GENERALE.png<\/span>\n\t\t\t\t\t\t<span itemprop='height'>1080<\/span>\n\t\t\t\t\t\t<span itemprop='width'>1080<\/span>\n\t\t\t\t<\/span>\n\t\t\t\t<span class='av-structured-data'  itemprop=\"publisher\" itemtype=\"https:\/\/schema.org\/Organization\" itemscope=\"itemscope\" >\n\t\t\t\t\t\t<span itemprop='name'>Famiglia dell'Amore Misericordioso<\/span>\n\t\t\t\t\t\t<span itemprop='logo' itemscope itemtype='https:\/\/schema.org\/ImageObject'>\n\t\t\t\t\t\t\t<span itemprop='url'>http:\/\/www.amormisericordioso.org\/ita\/wp-content\/uploads\/2018\/02\/logo-fam-italiano.png<\/span>\n\t\t\t\t\t\t <\/span>\n\t\t\t\t<\/span><span class='av-structured-data'  itemprop=\"author\" itemscope=\"itemscope\" itemtype=\"https:\/\/schema.org\/Person\" ><span itemprop='name'>Famiglia dell'Amore Misericordioso<\/span><\/span><span class='av-structured-data'  itemprop=\"datePublished\" datetime=\"2022-01-05T05:11:44+01:00\" >2022-11-27 09:10:02<\/span><span class='av-structured-data'  itemprop=\"dateModified\" itemtype=\"https:\/\/schema.org\/dateModified\" >2022-11-27 09:10:05<\/span><span class='av-structured-data'  itemprop=\"mainEntityOfPage\" itemtype=\"https:\/\/schema.org\/mainEntityOfPage\" ><span itemprop='name'>TV2000 torna al Santuario dell&#8217;Amore Misericordioso<\/span><\/span><\/span><\/article><\/div><div class='slide-entry-wrap'><article class='slide-entry flex_column  post-entry post-entry-4652 slide-entry-overview slide-loop-118 slide-parity-odd  av_one_third first real-thumbnail post-format-standard'  itemscope=\"itemscope\" itemtype=\"https:\/\/schema.org\/CreativeWork\" ><a href='http:\/\/www.amormisericordioso.org\/ita\/p-joji-jerone-novello-presbitero-figlio-dellamore-misericordioso\/' data-rel='slide-1' class='slide-image' title='P. JOJI JERONE: novello presbitero Figlio dell\u2019Amore Misericordioso'><img decoding=\"async\" width=\"495\" height=\"400\" src=\"http:\/\/www.amormisericordioso.org\/ita\/wp-content\/uploads\/2022\/11\/Immagini-in-Evidenza-SITO-AM-8-495x400.png\" class=\"wp-image-4654 avia-img-lazy-loading-not-4654 attachment-portfolio size-portfolio wp-post-image\" alt=\"\" srcset=\"http:\/\/www.amormisericordioso.org\/ita\/wp-content\/uploads\/2022\/11\/Immagini-in-Evidenza-SITO-AM-8-495x400.png 495w, http:\/\/www.amormisericordioso.org\/ita\/wp-content\/uploads\/2022\/11\/Immagini-in-Evidenza-SITO-AM-8-845x684.png 845w\" sizes=\"(max-width: 495px) 100vw, 495px\" \/><\/a><div class='slide-content'><header class=\"entry-content-header\"><h3 class='slide-entry-title entry-title '  itemprop=\"headline\" ><a href='http:\/\/www.amormisericordioso.org\/ita\/p-joji-jerone-novello-presbitero-figlio-dellamore-misericordioso\/' title='P. JOJI JERONE: novello presbitero Figlio dell\u2019Amore Misericordioso'>P. JOJI JERONE: novello presbitero Figlio dell\u2019Amore Misericordioso<\/a><\/h3><span class=\"av-vertical-delimiter\"><\/span><\/header><div class='slide-meta'><div class='slide-meta-comments'><a href='http:\/\/www.amormisericordioso.org\/ita\/p-joji-jerone-novello-presbitero-figlio-dellamore-misericordioso\/#comments'>2 Commenti<\/a><\/div><div class='slide-meta-del'>\/<\/div><time class='slide-meta-time updated'  itemprop=\"datePublished\" datetime=\"2022-11-24T11:34:14+01:00\" >24 Novembre 2022<\/time><\/div><div class='slide-entry-excerpt entry-content'  itemprop=\"text\" >\nStamane, alle ore 06:00 (Italia), \u00e8 stato ordinato presbitero\u2026<\/div><\/div><footer class=\"entry-footer\"><\/footer><span class='hidden'>\n\t\t\t\t<span class='av-structured-data'  itemprop=\"image\" itemscope=\"itemscope\" itemtype=\"https:\/\/schema.org\/ImageObject\" >\n\t\t\t\t\t\t<span itemprop='url'>http:\/\/www.amormisericordioso.org\/ita\/wp-content\/uploads\/2022\/11\/Immagini-in-Evidenza-SITO-AM-8.png<\/span>\n\t\t\t\t\t\t<span itemprop='height'>1080<\/span>\n\t\t\t\t\t\t<span itemprop='width'>1080<\/span>\n\t\t\t\t<\/span>\n\t\t\t\t<span class='av-structured-data'  itemprop=\"publisher\" itemtype=\"https:\/\/schema.org\/Organization\" itemscope=\"itemscope\" >\n\t\t\t\t\t\t<span itemprop='name'>Famiglia dell'Amore Misericordioso<\/span>\n\t\t\t\t\t\t<span itemprop='logo' itemscope itemtype='https:\/\/schema.org\/ImageObject'>\n\t\t\t\t\t\t\t<span itemprop='url'>http:\/\/www.amormisericordioso.org\/ita\/wp-content\/uploads\/2018\/02\/logo-fam-italiano.png<\/span>\n\t\t\t\t\t\t <\/span>\n\t\t\t\t<\/span><span class='av-structured-data'  itemprop=\"author\" itemscope=\"itemscope\" itemtype=\"https:\/\/schema.org\/Person\" ><span itemprop='name'>Famiglia dell'Amore Misericordioso<\/span><\/span><span class='av-structured-data'  itemprop=\"datePublished\" datetime=\"2022-01-05T05:11:44+01:00\" >2022-11-24 11:34:14<\/span><span class='av-structured-data'  itemprop=\"dateModified\" itemtype=\"https:\/\/schema.org\/dateModified\" >2022-11-24 11:36:06<\/span><span class='av-structured-data'  itemprop=\"mainEntityOfPage\" itemtype=\"https:\/\/schema.org\/mainEntityOfPage\" ><span itemprop='name'>P. JOJI JERONE: novello presbitero Figlio dell\u2019Amore Misericordioso<\/span><\/span><\/span><\/article><article class='slide-entry flex_column  post-entry post-entry-4639 slide-entry-overview slide-loop-119 slide-parity-even  av_one_third  real-thumbnail post-format-standard'  itemscope=\"itemscope\" itemtype=\"https:\/\/schema.org\/CreativeWork\" ><a href='http:\/\/www.amormisericordioso.org\/ita\/con-lo-sguardo-verso-lui-attirero-tutti-a-me-18-20-novembre-2022\/' data-rel='slide-1' class='slide-image' title='\u201cCON LO SGUARDO VERSO LUI&#8230; attirer\u00f2 tutti a me\u201d (18-20 novembre 2022)'><img decoding=\"async\" width=\"495\" height=\"400\" src=\"http:\/\/www.amormisericordioso.org\/ita\/wp-content\/uploads\/2022\/11\/Immagini-in-Evidenza-SITO-AM-7-1-495x400.png\" class=\"wp-image-4649 avia-img-lazy-loading-not-4649 attachment-portfolio size-portfolio wp-post-image\" alt=\"\" srcset=\"http:\/\/www.amormisericordioso.org\/ita\/wp-content\/uploads\/2022\/11\/Immagini-in-Evidenza-SITO-AM-7-1-495x400.png 495w, http:\/\/www.amormisericordioso.org\/ita\/wp-content\/uploads\/2022\/11\/Immagini-in-Evidenza-SITO-AM-7-1-845x684.png 845w\" sizes=\"(max-width: 495px) 100vw, 495px\" \/><\/a><div class='slide-content'><header class=\"entry-content-header\"><h3 class='slide-entry-title entry-title '  itemprop=\"headline\" ><a href='http:\/\/www.amormisericordioso.org\/ita\/con-lo-sguardo-verso-lui-attirero-tutti-a-me-18-20-novembre-2022\/' title='\u201cCON LO SGUARDO VERSO LUI&#8230; attirer\u00f2 tutti a me\u201d (18-20 novembre 2022)'>\u201cCON LO SGUARDO VERSO LUI&#8230; attirer\u00f2 tutti a me\u201d (18-20 novembre 2022)<\/a><\/h3><span class=\"av-vertical-delimiter\"><\/span><\/header><div class='slide-meta'><div class='slide-meta-comments'><a href='http:\/\/www.amormisericordioso.org\/ita\/con-lo-sguardo-verso-lui-attirero-tutti-a-me-18-20-novembre-2022\/#respond'>0 Commenti<\/a><\/div><div class='slide-meta-del'>\/<\/div><time class='slide-meta-time updated'  itemprop=\"datePublished\" datetime=\"2022-11-22T08:45:46+01:00\" >22 Novembre 2022<\/time><\/div><div class='slide-entry-excerpt entry-content'  itemprop=\"text\" >\n\n\n\n\nSi \u00e8 svolto a Collevalenza, dal 18 al 20 novembre, il primo\u2026<\/div><\/div><footer class=\"entry-footer\"><\/footer><span class='hidden'>\n\t\t\t\t<span class='av-structured-data'  itemprop=\"image\" itemscope=\"itemscope\" itemtype=\"https:\/\/schema.org\/ImageObject\" >\n\t\t\t\t\t\t<span itemprop='url'>http:\/\/www.amormisericordioso.org\/ita\/wp-content\/uploads\/2022\/11\/Immagini-in-Evidenza-SITO-AM-7-1.png<\/span>\n\t\t\t\t\t\t<span itemprop='height'>1080<\/span>\n\t\t\t\t\t\t<span itemprop='width'>1080<\/span>\n\t\t\t\t<\/span>\n\t\t\t\t<span class='av-structured-data'  itemprop=\"publisher\" itemtype=\"https:\/\/schema.org\/Organization\" itemscope=\"itemscope\" >\n\t\t\t\t\t\t<span itemprop='name'>Famiglia dell'Amore Misericordioso<\/span>\n\t\t\t\t\t\t<span itemprop='logo' itemscope itemtype='https:\/\/schema.org\/ImageObject'>\n\t\t\t\t\t\t\t<span itemprop='url'>http:\/\/www.amormisericordioso.org\/ita\/wp-content\/uploads\/2018\/02\/logo-fam-italiano.png<\/span>\n\t\t\t\t\t\t <\/span>\n\t\t\t\t<\/span><span class='av-structured-data'  itemprop=\"author\" itemscope=\"itemscope\" itemtype=\"https:\/\/schema.org\/Person\" ><span itemprop='name'>Famiglia dell'Amore Misericordioso<\/span><\/span><span class='av-structured-data'  itemprop=\"datePublished\" datetime=\"2022-01-05T05:11:44+01:00\" >2022-11-22 08:45:46<\/span><span class='av-structured-data'  itemprop=\"dateModified\" itemtype=\"https:\/\/schema.org\/dateModified\" >2022-11-22 09:18:25<\/span><span class='av-structured-data'  itemprop=\"mainEntityOfPage\" itemtype=\"https:\/\/schema.org\/mainEntityOfPage\" ><span itemprop='name'>\u201cCON LO SGUARDO VERSO LUI&#8230; attirer\u00f2 tutti a me\u201d (18-20 novembre 2022)<\/span><\/span><\/span><\/article><article class='slide-entry flex_column  post-entry post-entry-4632 slide-entry-overview slide-loop-120 slide-parity-odd  av_one_third  real-thumbnail post-format-standard'  itemscope=\"itemscope\" itemtype=\"https:\/\/schema.org\/CreativeWork\" ><a href='http:\/\/www.amormisericordioso.org\/ita\/una-misma-familia-segno-profetico-nella-chiesa-e-nel-mondo-xxi-assemblea-sdfam-14-18-novembre\/' data-rel='slide-1' class='slide-image' title='UNA MISMA FAMILIA, segno profetico nella Chiesa e nel mondo. XXI Assemblea SDFAM (14-18 novembre)'><img decoding=\"async\" width=\"495\" height=\"400\" src=\"http:\/\/www.amormisericordioso.org\/ita\/wp-content\/uploads\/2022\/11\/Immagini-in-Evidenza-SITO-AM-7-495x400.png\" class=\"wp-image-4637 avia-img-lazy-loading-not-4637 attachment-portfolio size-portfolio wp-post-image\" alt=\"\" srcset=\"http:\/\/www.amormisericordioso.org\/ita\/wp-content\/uploads\/2022\/11\/Immagini-in-Evidenza-SITO-AM-7-495x400.png 495w, http:\/\/www.amormisericordioso.org\/ita\/wp-content\/uploads\/2022\/11\/Immagini-in-Evidenza-SITO-AM-7-845x684.png 845w\" sizes=\"(max-width: 495px) 100vw, 495px\" \/><\/a><div class='slide-content'><header class=\"entry-content-header\"><h3 class='slide-entry-title entry-title '  itemprop=\"headline\" ><a href='http:\/\/www.amormisericordioso.org\/ita\/una-misma-familia-segno-profetico-nella-chiesa-e-nel-mondo-xxi-assemblea-sdfam-14-18-novembre\/' title='UNA MISMA FAMILIA, segno profetico nella Chiesa e nel mondo. XXI Assemblea SDFAM (14-18 novembre)'>UNA MISMA FAMILIA, segno profetico nella Chiesa e nel mondo. XXI Assemblea SDFAM (14-18 novembre)<\/a><\/h3><span class=\"av-vertical-delimiter\"><\/span><\/header><div class='slide-meta'><div class='slide-meta-comments'><a href='http:\/\/www.amormisericordioso.org\/ita\/una-misma-familia-segno-profetico-nella-chiesa-e-nel-mondo-xxi-assemblea-sdfam-14-18-novembre\/#respond'>0 Commenti<\/a><\/div><div class='slide-meta-del'>\/<\/div><time class='slide-meta-time updated'  itemprop=\"datePublished\" datetime=\"2022-11-21T11:52:36+01:00\" >21 Novembre 2022<\/time><\/div><div class='slide-entry-excerpt entry-content'  itemprop=\"text\" >\n\n\n\n\nFinalmente, dopo la sofferta e forzata interruzione di due\u2026<\/div><\/div><footer class=\"entry-footer\"><\/footer><span class='hidden'>\n\t\t\t\t<span class='av-structured-data'  itemprop=\"image\" itemscope=\"itemscope\" itemtype=\"https:\/\/schema.org\/ImageObject\" >\n\t\t\t\t\t\t<span itemprop='url'>http:\/\/www.amormisericordioso.org\/ita\/wp-content\/uploads\/2022\/11\/Immagini-in-Evidenza-SITO-AM-7.png<\/span>\n\t\t\t\t\t\t<span itemprop='height'>1080<\/span>\n\t\t\t\t\t\t<span itemprop='width'>1080<\/span>\n\t\t\t\t<\/span>\n\t\t\t\t<span class='av-structured-data'  itemprop=\"publisher\" itemtype=\"https:\/\/schema.org\/Organization\" itemscope=\"itemscope\" >\n\t\t\t\t\t\t<span itemprop='name'>Famiglia dell'Amore Misericordioso<\/span>\n\t\t\t\t\t\t<span itemprop='logo' itemscope itemtype='https:\/\/schema.org\/ImageObject'>\n\t\t\t\t\t\t\t<span itemprop='url'>http:\/\/www.amormisericordioso.org\/ita\/wp-content\/uploads\/2018\/02\/logo-fam-italiano.png<\/span>\n\t\t\t\t\t\t <\/span>\n\t\t\t\t<\/span><span class='av-structured-data'  itemprop=\"author\" itemscope=\"itemscope\" itemtype=\"https:\/\/schema.org\/Person\" ><span itemprop='name'>Famiglia dell'Amore Misericordioso<\/span><\/span><span class='av-structured-data'  itemprop=\"datePublished\" datetime=\"2022-01-05T05:11:44+01:00\" >2022-11-21 11:52:36<\/span><span class='av-structured-data'  itemprop=\"dateModified\" itemtype=\"https:\/\/schema.org\/dateModified\" >2022-11-21 11:52:40<\/span><span class='av-structured-data'  itemprop=\"mainEntityOfPage\" itemtype=\"https:\/\/schema.org\/mainEntityOfPage\" ><span itemprop='name'>UNA MISMA FAMILIA, segno profetico nella Chiesa e nel mondo. XXI Assemblea SDFAM (14-18 novembre)<\/span><\/span><\/span><\/article><\/div><div class='slide-entry-wrap'><article class='slide-entry flex_column  post-entry post-entry-4603 slide-entry-overview slide-loop-121 slide-parity-odd  av_one_third first real-thumbnail post-format-standard'  itemscope=\"itemscope\" itemtype=\"https:\/\/schema.org\/CreativeWork\" ><a href='http:\/\/www.amormisericordioso.org\/ita\/finalmente-la-congregazione-eam-ha-vinto-il-covid-19\/' data-rel='slide-1' class='slide-image' title='Finalmente, LA CONGREGAZIONE EAM HA VINTO il covid-19!'><img decoding=\"async\" width=\"495\" height=\"400\" src=\"http:\/\/www.amormisericordioso.org\/ita\/wp-content\/uploads\/2022\/11\/Immagini-in-Evidenza-SITO-AM-6-495x400.png\" class=\"wp-image-4624 avia-img-lazy-loading-not-4624 attachment-portfolio size-portfolio wp-post-image\" alt=\"\" srcset=\"http:\/\/www.amormisericordioso.org\/ita\/wp-content\/uploads\/2022\/11\/Immagini-in-Evidenza-SITO-AM-6-495x400.png 495w, http:\/\/www.amormisericordioso.org\/ita\/wp-content\/uploads\/2022\/11\/Immagini-in-Evidenza-SITO-AM-6-845x684.png 845w\" sizes=\"(max-width: 495px) 100vw, 495px\" \/><\/a><div class='slide-content'><header class=\"entry-content-header\"><h3 class='slide-entry-title entry-title '  itemprop=\"headline\" ><a href='http:\/\/www.amormisericordioso.org\/ita\/finalmente-la-congregazione-eam-ha-vinto-il-covid-19\/' title='Finalmente, LA CONGREGAZIONE EAM HA VINTO il covid-19!'>Finalmente, LA CONGREGAZIONE EAM HA VINTO il covid-19!<\/a><\/h3><span class=\"av-vertical-delimiter\"><\/span><\/header><div class='slide-meta'><div class='slide-meta-comments'><a href='http:\/\/www.amormisericordioso.org\/ita\/finalmente-la-congregazione-eam-ha-vinto-il-covid-19\/#respond'>0 Commenti<\/a><\/div><div class='slide-meta-del'>\/<\/div><time class='slide-meta-time updated'  itemprop=\"datePublished\" datetime=\"2022-11-17T09:03:23+01:00\" >17 Novembre 2022<\/time><\/div><div class='slide-entry-excerpt entry-content'  itemprop=\"text\" >\nPu\u00f2 sembrare un titolo strano ma \u00e8 stato cos\u00ec. Da pi\u00f9 o\u2026<\/div><\/div><footer class=\"entry-footer\"><\/footer><span class='hidden'>\n\t\t\t\t<span class='av-structured-data'  itemprop=\"image\" itemscope=\"itemscope\" itemtype=\"https:\/\/schema.org\/ImageObject\" >\n\t\t\t\t\t\t<span itemprop='url'>http:\/\/www.amormisericordioso.org\/ita\/wp-content\/uploads\/2022\/11\/Immagini-in-Evidenza-SITO-AM-6.png<\/span>\n\t\t\t\t\t\t<span itemprop='height'>1080<\/span>\n\t\t\t\t\t\t<span itemprop='width'>1080<\/span>\n\t\t\t\t<\/span>\n\t\t\t\t<span class='av-structured-data'  itemprop=\"publisher\" itemtype=\"https:\/\/schema.org\/Organization\" itemscope=\"itemscope\" >\n\t\t\t\t\t\t<span itemprop='name'>Famiglia dell'Amore Misericordioso<\/span>\n\t\t\t\t\t\t<span itemprop='logo' itemscope itemtype='https:\/\/schema.org\/ImageObject'>\n\t\t\t\t\t\t\t<span itemprop='url'>http:\/\/www.amormisericordioso.org\/ita\/wp-content\/uploads\/2018\/02\/logo-fam-italiano.png<\/span>\n\t\t\t\t\t\t <\/span>\n\t\t\t\t<\/span><span class='av-structured-data'  itemprop=\"author\" itemscope=\"itemscope\" itemtype=\"https:\/\/schema.org\/Person\" ><span itemprop='name'>Famiglia dell'Amore Misericordioso<\/span><\/span><span class='av-structured-data'  itemprop=\"datePublished\" datetime=\"2022-01-05T05:11:44+01:00\" >2022-11-17 09:03:23<\/span><span class='av-structured-data'  itemprop=\"dateModified\" itemtype=\"https:\/\/schema.org\/dateModified\" >2022-11-17 09:03:25<\/span><span class='av-structured-data'  itemprop=\"mainEntityOfPage\" itemtype=\"https:\/\/schema.org\/mainEntityOfPage\" ><span itemprop='name'>Finalmente, LA CONGREGAZIONE EAM HA VINTO il covid-19!<\/span><\/span><\/span><\/article><article class='slide-entry flex_column  post-entry post-entry-4590 slide-entry-overview slide-loop-122 slide-parity-even  av_one_third  real-thumbnail post-format-standard'  itemscope=\"itemscope\" itemtype=\"https:\/\/schema.org\/CreativeWork\" ><a href='http:\/\/www.amormisericordioso.org\/ita\/verso-una-cultura-della-misericordia\/' data-rel='slide-1' class='slide-image' title='Verso una CULTURA DELLA MISERICORDIA'><img decoding=\"async\" width=\"495\" height=\"400\" src=\"http:\/\/www.amormisericordioso.org\/ita\/wp-content\/uploads\/2022\/11\/Immagini-in-Evidenza-SITO-AM-5-495x400.png\" class=\"wp-image-4595 avia-img-lazy-loading-not-4595 attachment-portfolio size-portfolio wp-post-image\" alt=\"\" srcset=\"http:\/\/www.amormisericordioso.org\/ita\/wp-content\/uploads\/2022\/11\/Immagini-in-Evidenza-SITO-AM-5-495x400.png 495w, http:\/\/www.amormisericordioso.org\/ita\/wp-content\/uploads\/2022\/11\/Immagini-in-Evidenza-SITO-AM-5-845x684.png 845w\" sizes=\"(max-width: 495px) 100vw, 495px\" \/><\/a><div class='slide-content'><header class=\"entry-content-header\"><h3 class='slide-entry-title entry-title '  itemprop=\"headline\" ><a href='http:\/\/www.amormisericordioso.org\/ita\/verso-una-cultura-della-misericordia\/' title='Verso una CULTURA DELLA MISERICORDIA'>Verso una CULTURA DELLA MISERICORDIA<\/a><\/h3><span class=\"av-vertical-delimiter\"><\/span><\/header><div class='slide-meta'><div class='slide-meta-comments'><a href='http:\/\/www.amormisericordioso.org\/ita\/verso-una-cultura-della-misericordia\/#respond'>0 Commenti<\/a><\/div><div class='slide-meta-del'>\/<\/div><time class='slide-meta-time updated'  itemprop=\"datePublished\" datetime=\"2022-11-07T09:40:07+01:00\" >7 Novembre 2022<\/time><\/div><div class='slide-entry-excerpt entry-content'  itemprop=\"text\" >\n\n\n\n\n\n<\/div><\/div><footer class=\"entry-footer\"><\/footer><span class='hidden'>\n\t\t\t\t<span class='av-structured-data'  itemprop=\"image\" itemscope=\"itemscope\" itemtype=\"https:\/\/schema.org\/ImageObject\" >\n\t\t\t\t\t\t<span itemprop='url'>http:\/\/www.amormisericordioso.org\/ita\/wp-content\/uploads\/2022\/11\/Immagini-in-Evidenza-SITO-AM-5.png<\/span>\n\t\t\t\t\t\t<span itemprop='height'>1080<\/span>\n\t\t\t\t\t\t<span itemprop='width'>1080<\/span>\n\t\t\t\t<\/span>\n\t\t\t\t<span class='av-structured-data'  itemprop=\"publisher\" itemtype=\"https:\/\/schema.org\/Organization\" itemscope=\"itemscope\" >\n\t\t\t\t\t\t<span itemprop='name'>Famiglia dell'Amore Misericordioso<\/span>\n\t\t\t\t\t\t<span itemprop='logo' itemscope itemtype='https:\/\/schema.org\/ImageObject'>\n\t\t\t\t\t\t\t<span itemprop='url'>http:\/\/www.amormisericordioso.org\/ita\/wp-content\/uploads\/2018\/02\/logo-fam-italiano.png<\/span>\n\t\t\t\t\t\t <\/span>\n\t\t\t\t<\/span><span class='av-structured-data'  itemprop=\"author\" itemscope=\"itemscope\" itemtype=\"https:\/\/schema.org\/Person\" ><span itemprop='name'>Famiglia dell'Amore Misericordioso<\/span><\/span><span class='av-structured-data'  itemprop=\"datePublished\" datetime=\"2022-01-05T05:11:44+01:00\" >2022-11-07 09:40:07<\/span><span class='av-structured-data'  itemprop=\"dateModified\" itemtype=\"https:\/\/schema.org\/dateModified\" >2022-11-07 09:40:48<\/span><span class='av-structured-data'  itemprop=\"mainEntityOfPage\" itemtype=\"https:\/\/schema.org\/mainEntityOfPage\" ><span itemprop='name'>Verso una CULTURA DELLA MISERICORDIA<\/span><\/span><\/span><\/article><article class='slide-entry flex_column  post-entry post-entry-4577 slide-entry-overview slide-loop-123 slide-parity-odd  av_one_third  real-thumbnail post-format-standard'  itemscope=\"itemscope\" itemtype=\"https:\/\/schema.org\/CreativeWork\" ><a href='http:\/\/www.amormisericordioso.org\/ita\/convegno-nazionale-lam-il-coraggio-di-essere-santi-oggi\/' data-rel='slide-1' class='slide-image' title='Convegno Nazionale LAM: \u201cIL CORAGGIO DI ESSERE SANTI OGGI\u201d'><img decoding=\"async\" width=\"495\" height=\"400\" src=\"http:\/\/www.amormisericordioso.org\/ita\/wp-content\/uploads\/2022\/11\/Immagini-in-Evidenza-SITO-AM-4-495x400.png\" class=\"wp-image-4588 avia-img-lazy-loading-not-4588 attachment-portfolio size-portfolio wp-post-image\" alt=\"\" srcset=\"http:\/\/www.amormisericordioso.org\/ita\/wp-content\/uploads\/2022\/11\/Immagini-in-Evidenza-SITO-AM-4-495x400.png 495w, http:\/\/www.amormisericordioso.org\/ita\/wp-content\/uploads\/2022\/11\/Immagini-in-Evidenza-SITO-AM-4-845x684.png 845w\" sizes=\"(max-width: 495px) 100vw, 495px\" \/><\/a><div class='slide-content'><header class=\"entry-content-header\"><h3 class='slide-entry-title entry-title '  itemprop=\"headline\" ><a href='http:\/\/www.amormisericordioso.org\/ita\/convegno-nazionale-lam-il-coraggio-di-essere-santi-oggi\/' title='Convegno Nazionale LAM: \u201cIL CORAGGIO DI ESSERE SANTI OGGI\u201d'>Convegno Nazionale LAM: \u201cIL CORAGGIO DI ESSERE SANTI OGGI\u201d<\/a><\/h3><span class=\"av-vertical-delimiter\"><\/span><\/header><div class='slide-meta'><div class='slide-meta-comments'><a href='http:\/\/www.amormisericordioso.org\/ita\/convegno-nazionale-lam-il-coraggio-di-essere-santi-oggi\/#respond'>0 Commenti<\/a><\/div><div class='slide-meta-del'>\/<\/div><time class='slide-meta-time updated'  itemprop=\"datePublished\" datetime=\"2022-11-03T08:59:42+01:00\" >3 Novembre 2022<\/time><\/div><div class='slide-entry-excerpt entry-content'  itemprop=\"text\" >\n\n\n\n\n\n<\/div><\/div><footer class=\"entry-footer\"><\/footer><span class='hidden'>\n\t\t\t\t<span class='av-structured-data'  itemprop=\"image\" itemscope=\"itemscope\" itemtype=\"https:\/\/schema.org\/ImageObject\" >\n\t\t\t\t\t\t<span itemprop='url'>http:\/\/www.amormisericordioso.org\/ita\/wp-content\/uploads\/2022\/11\/Immagini-in-Evidenza-SITO-AM-4.png<\/span>\n\t\t\t\t\t\t<span itemprop='height'>1080<\/span>\n\t\t\t\t\t\t<span itemprop='width'>1080<\/span>\n\t\t\t\t<\/span>\n\t\t\t\t<span class='av-structured-data'  itemprop=\"publisher\" itemtype=\"https:\/\/schema.org\/Organization\" itemscope=\"itemscope\" >\n\t\t\t\t\t\t<span itemprop='name'>Famiglia dell'Amore Misericordioso<\/span>\n\t\t\t\t\t\t<span itemprop='logo' itemscope itemtype='https:\/\/schema.org\/ImageObject'>\n\t\t\t\t\t\t\t<span itemprop='url'>http:\/\/www.amormisericordioso.org\/ita\/wp-content\/uploads\/2018\/02\/logo-fam-italiano.png<\/span>\n\t\t\t\t\t\t <\/span>\n\t\t\t\t<\/span><span class='av-structured-data'  itemprop=\"author\" itemscope=\"itemscope\" itemtype=\"https:\/\/schema.org\/Person\" ><span itemprop='name'>Famiglia dell'Amore Misericordioso<\/span><\/span><span class='av-structured-data'  itemprop=\"datePublished\" datetime=\"2022-01-05T05:11:44+01:00\" >2022-11-03 08:59:42<\/span><span class='av-structured-data'  itemprop=\"dateModified\" itemtype=\"https:\/\/schema.org\/dateModified\" >2022-11-03 08:59:45<\/span><span class='av-structured-data'  itemprop=\"mainEntityOfPage\" itemtype=\"https:\/\/schema.org\/mainEntityOfPage\" ><span itemprop='name'>Convegno Nazionale LAM: \u201cIL CORAGGIO DI ESSERE SANTI OGGI\u201d<\/span><\/span><\/span><\/article><\/div><div class='slide-entry-wrap'><article class='slide-entry flex_column  post-entry post-entry-4556 slide-entry-overview slide-loop-124 slide-parity-odd  av_one_third first real-thumbnail post-format-standard'  itemscope=\"itemscope\" itemtype=\"https:\/\/schema.org\/CreativeWork\" ><a href='http:\/\/www.amormisericordioso.org\/ita\/il-tuo-spirito-madre\/' data-rel='slide-1' class='slide-image' title='&#8220;Il tuo SPIRITO Madre!&#8221;'><img decoding=\"async\" width=\"495\" height=\"400\" src=\"http:\/\/www.amormisericordioso.org\/ita\/wp-content\/uploads\/2022\/10\/Immagini-in-Evidenza-SITO-AM-3-495x400.png\" class=\"wp-image-4558 avia-img-lazy-loading-not-4558 attachment-portfolio size-portfolio wp-post-image\" alt=\"\" srcset=\"http:\/\/www.amormisericordioso.org\/ita\/wp-content\/uploads\/2022\/10\/Immagini-in-Evidenza-SITO-AM-3-495x400.png 495w, http:\/\/www.amormisericordioso.org\/ita\/wp-content\/uploads\/2022\/10\/Immagini-in-Evidenza-SITO-AM-3-845x684.png 845w\" sizes=\"(max-width: 495px) 100vw, 495px\" \/><\/a><div class='slide-content'><header class=\"entry-content-header\"><h3 class='slide-entry-title entry-title '  itemprop=\"headline\" ><a href='http:\/\/www.amormisericordioso.org\/ita\/il-tuo-spirito-madre\/' title='&#8220;Il tuo SPIRITO Madre!&#8221;'>&#8220;Il tuo SPIRITO Madre!&#8221;<\/a><\/h3><span class=\"av-vertical-delimiter\"><\/span><\/header><div class='slide-meta'><div class='slide-meta-comments'><a href='http:\/\/www.amormisericordioso.org\/ita\/il-tuo-spirito-madre\/#respond'>0 Commenti<\/a><\/div><div class='slide-meta-del'>\/<\/div><time class='slide-meta-time updated'  itemprop=\"datePublished\" datetime=\"2022-10-21T09:32:24+02:00\" >21 Ottobre 2022<\/time><\/div><div class='slide-entry-excerpt entry-content'  itemprop=\"text\" >\n\n\n\n<\/div><\/div><footer class=\"entry-footer\"><\/footer><span class='hidden'>\n\t\t\t\t<span class='av-structured-data'  itemprop=\"image\" itemscope=\"itemscope\" itemtype=\"https:\/\/schema.org\/ImageObject\" >\n\t\t\t\t\t\t<span itemprop='url'>http:\/\/www.amormisericordioso.org\/ita\/wp-content\/uploads\/2022\/10\/Immagini-in-Evidenza-SITO-AM-3.png<\/span>\n\t\t\t\t\t\t<span itemprop='height'>1080<\/span>\n\t\t\t\t\t\t<span itemprop='width'>1080<\/span>\n\t\t\t\t<\/span>\n\t\t\t\t<span class='av-structured-data'  itemprop=\"publisher\" itemtype=\"https:\/\/schema.org\/Organization\" itemscope=\"itemscope\" >\n\t\t\t\t\t\t<span itemprop='name'>Famiglia dell'Amore Misericordioso<\/span>\n\t\t\t\t\t\t<span itemprop='logo' itemscope itemtype='https:\/\/schema.org\/ImageObject'>\n\t\t\t\t\t\t\t<span itemprop='url'>http:\/\/www.amormisericordioso.org\/ita\/wp-content\/uploads\/2018\/02\/logo-fam-italiano.png<\/span>\n\t\t\t\t\t\t <\/span>\n\t\t\t\t<\/span><span class='av-structured-data'  itemprop=\"author\" itemscope=\"itemscope\" itemtype=\"https:\/\/schema.org\/Person\" ><span itemprop='name'>Famiglia dell'Amore Misericordioso<\/span><\/span><span class='av-structured-data'  itemprop=\"datePublished\" datetime=\"2022-01-05T05:11:44+01:00\" >2022-10-21 09:32:24<\/span><span class='av-structured-data'  itemprop=\"dateModified\" itemtype=\"https:\/\/schema.org\/dateModified\" >2022-10-21 09:32:57<\/span><span class='av-structured-data'  itemprop=\"mainEntityOfPage\" itemtype=\"https:\/\/schema.org\/mainEntityOfPage\" ><span itemprop='name'>&#8220;Il tuo SPIRITO Madre!&#8221;<\/span><\/span><\/span><\/article><article class='slide-entry flex_column  post-entry post-entry-4548 slide-entry-overview slide-loop-125 slide-parity-even  av_one_third  real-thumbnail post-format-standard'  itemscope=\"itemscope\" itemtype=\"https:\/\/schema.org\/CreativeWork\" ><a href='http:\/\/www.amormisericordioso.org\/ita\/ordinazione-presbiterale-di-p-lenin-milton-castro-mendieta-fam\/' data-rel='slide-1' class='slide-image' title='ORDINAZIONE PRESBITERALE di p. Lenin Milton Castro Mendieta FAM'><img decoding=\"async\" width=\"495\" height=\"400\" src=\"http:\/\/www.amormisericordioso.org\/ita\/wp-content\/uploads\/2022\/10\/Immagini-in-Evidenza-SITO-AM-2-495x400.png\" class=\"wp-image-4551 avia-img-lazy-loading-not-4551 attachment-portfolio size-portfolio wp-post-image\" alt=\"\" srcset=\"http:\/\/www.amormisericordioso.org\/ita\/wp-content\/uploads\/2022\/10\/Immagini-in-Evidenza-SITO-AM-2-495x400.png 495w, http:\/\/www.amormisericordioso.org\/ita\/wp-content\/uploads\/2022\/10\/Immagini-in-Evidenza-SITO-AM-2-845x684.png 845w\" sizes=\"(max-width: 495px) 100vw, 495px\" \/><\/a><div class='slide-content'><header class=\"entry-content-header\"><h3 class='slide-entry-title entry-title '  itemprop=\"headline\" ><a href='http:\/\/www.amormisericordioso.org\/ita\/ordinazione-presbiterale-di-p-lenin-milton-castro-mendieta-fam\/' title='ORDINAZIONE PRESBITERALE di p. Lenin Milton Castro Mendieta FAM'>ORDINAZIONE PRESBITERALE di p. Lenin Milton Castro Mendieta FAM<\/a><\/h3><span class=\"av-vertical-delimiter\"><\/span><\/header><div class='slide-meta'><div class='slide-meta-comments'><a href='http:\/\/www.amormisericordioso.org\/ita\/ordinazione-presbiterale-di-p-lenin-milton-castro-mendieta-fam\/#respond'>0 Commenti<\/a><\/div><div class='slide-meta-del'>\/<\/div><time class='slide-meta-time updated'  itemprop=\"datePublished\" datetime=\"2022-10-16T10:11:39+02:00\" >16 Ottobre 2022<\/time><\/div><div class='slide-entry-excerpt entry-content'  itemprop=\"text\" >\n\n\n\n<\/div><\/div><footer class=\"entry-footer\"><\/footer><span class='hidden'>\n\t\t\t\t<span class='av-structured-data'  itemprop=\"image\" itemscope=\"itemscope\" itemtype=\"https:\/\/schema.org\/ImageObject\" >\n\t\t\t\t\t\t<span itemprop='url'>http:\/\/www.amormisericordioso.org\/ita\/wp-content\/uploads\/2022\/10\/Immagini-in-Evidenza-SITO-AM-2.png<\/span>\n\t\t\t\t\t\t<span itemprop='height'>1080<\/span>\n\t\t\t\t\t\t<span itemprop='width'>1080<\/span>\n\t\t\t\t<\/span>\n\t\t\t\t<span class='av-structured-data'  itemprop=\"publisher\" itemtype=\"https:\/\/schema.org\/Organization\" itemscope=\"itemscope\" >\n\t\t\t\t\t\t<span itemprop='name'>Famiglia dell'Amore Misericordioso<\/span>\n\t\t\t\t\t\t<span itemprop='logo' itemscope itemtype='https:\/\/schema.org\/ImageObject'>\n\t\t\t\t\t\t\t<span itemprop='url'>http:\/\/www.amormisericordioso.org\/ita\/wp-content\/uploads\/2018\/02\/logo-fam-italiano.png<\/span>\n\t\t\t\t\t\t <\/span>\n\t\t\t\t<\/span><span class='av-structured-data'  itemprop=\"author\" itemscope=\"itemscope\" itemtype=\"https:\/\/schema.org\/Person\" ><span itemprop='name'>Famiglia dell'Amore Misericordioso<\/span><\/span><span class='av-structured-data'  itemprop=\"datePublished\" datetime=\"2022-01-05T05:11:44+01:00\" >2022-10-16 10:11:39<\/span><span class='av-structured-data'  itemprop=\"dateModified\" itemtype=\"https:\/\/schema.org\/dateModified\" >2022-10-16 10:11:41<\/span><span class='av-structured-data'  itemprop=\"mainEntityOfPage\" itemtype=\"https:\/\/schema.org\/mainEntityOfPage\" ><span itemprop='name'>ORDINAZIONE PRESBITERALE di p. Lenin Milton Castro Mendieta FAM<\/span><\/span><\/span><\/article><article class='slide-entry flex_column  post-entry post-entry-4531 slide-entry-overview slide-loop-126 slide-parity-odd  av_one_third  real-thumbnail post-format-standard'  itemscope=\"itemscope\" itemtype=\"https:\/\/schema.org\/CreativeWork\" ><a href='http:\/\/www.amormisericordioso.org\/ita\/la-citta-di-pistoia-sulle-orme-di-madre-speranza\/' data-rel='slide-1' class='slide-image' title='La citt\u00e0 di PISTOIA sulle orme di MADRE SPERANZA'><img decoding=\"async\" width=\"495\" height=\"400\" src=\"http:\/\/www.amormisericordioso.org\/ita\/wp-content\/uploads\/2022\/10\/Immagini-in-Evidenza-SITO-AM-1-495x400.png\" class=\"wp-image-4532 avia-img-lazy-loading-not-4532 attachment-portfolio size-portfolio wp-post-image\" alt=\"\" srcset=\"http:\/\/www.amormisericordioso.org\/ita\/wp-content\/uploads\/2022\/10\/Immagini-in-Evidenza-SITO-AM-1-495x400.png 495w, http:\/\/www.amormisericordioso.org\/ita\/wp-content\/uploads\/2022\/10\/Immagini-in-Evidenza-SITO-AM-1-845x684.png 845w\" sizes=\"(max-width: 495px) 100vw, 495px\" \/><\/a><div class='slide-content'><header class=\"entry-content-header\"><h3 class='slide-entry-title entry-title '  itemprop=\"headline\" ><a href='http:\/\/www.amormisericordioso.org\/ita\/la-citta-di-pistoia-sulle-orme-di-madre-speranza\/' title='La citt\u00e0 di PISTOIA sulle orme di MADRE SPERANZA'>La citt\u00e0 di PISTOIA sulle orme di MADRE SPERANZA<\/a><\/h3><span class=\"av-vertical-delimiter\"><\/span><\/header><div class='slide-meta'><div class='slide-meta-comments'><a href='http:\/\/www.amormisericordioso.org\/ita\/la-citta-di-pistoia-sulle-orme-di-madre-speranza\/#respond'>0 Commenti<\/a><\/div><div class='slide-meta-del'>\/<\/div><time class='slide-meta-time updated'  itemprop=\"datePublished\" datetime=\"2022-10-12T09:38:10+02:00\" >12 Ottobre 2022<\/time><\/div><div class='slide-entry-excerpt entry-content'  itemprop=\"text\" >\n\n\n\n<\/div><\/div><footer class=\"entry-footer\"><\/footer><span class='hidden'>\n\t\t\t\t<span class='av-structured-data'  itemprop=\"image\" itemscope=\"itemscope\" itemtype=\"https:\/\/schema.org\/ImageObject\" >\n\t\t\t\t\t\t<span itemprop='url'>http:\/\/www.amormisericordioso.org\/ita\/wp-content\/uploads\/2022\/10\/Immagini-in-Evidenza-SITO-AM-1.png<\/span>\n\t\t\t\t\t\t<span itemprop='height'>1080<\/span>\n\t\t\t\t\t\t<span itemprop='width'>1080<\/span>\n\t\t\t\t<\/span>\n\t\t\t\t<span class='av-structured-data'  itemprop=\"publisher\" itemtype=\"https:\/\/schema.org\/Organization\" itemscope=\"itemscope\" >\n\t\t\t\t\t\t<span itemprop='name'>Famiglia dell'Amore Misericordioso<\/span>\n\t\t\t\t\t\t<span itemprop='logo' itemscope itemtype='https:\/\/schema.org\/ImageObject'>\n\t\t\t\t\t\t\t<span itemprop='url'>http:\/\/www.amormisericordioso.org\/ita\/wp-content\/uploads\/2018\/02\/logo-fam-italiano.png<\/span>\n\t\t\t\t\t\t <\/span>\n\t\t\t\t<\/span><span class='av-structured-data'  itemprop=\"author\" itemscope=\"itemscope\" itemtype=\"https:\/\/schema.org\/Person\" ><span itemprop='name'>Famiglia dell'Amore Misericordioso<\/span><\/span><span class='av-structured-data'  itemprop=\"datePublished\" datetime=\"2022-01-05T05:11:44+01:00\" >2022-10-12 09:38:10<\/span><span class='av-structured-data'  itemprop=\"dateModified\" itemtype=\"https:\/\/schema.org\/dateModified\" >2022-10-12 09:38:15<\/span><span class='av-structured-data'  itemprop=\"mainEntityOfPage\" itemtype=\"https:\/\/schema.org\/mainEntityOfPage\" ><span itemprop='name'>La citt\u00e0 di PISTOIA sulle orme di MADRE SPERANZA<\/span><\/span><\/span><\/article><\/div><div class='slide-entry-wrap'><article class='slide-entry flex_column  post-entry post-entry-4520 slide-entry-overview slide-loop-127 slide-parity-odd  av_one_third first real-thumbnail post-format-standard'  itemscope=\"itemscope\" itemtype=\"https:\/\/schema.org\/CreativeWork\" ><a href='http:\/\/www.amormisericordioso.org\/ita\/un-nuovo-inizio-al-c-f-p-artigianelli-fam-di-fermo\/' data-rel='slide-1' class='slide-image' title='Un nuovo inizio al C.F.P. &#8220;ARTIGIANELLI&#8221; FAM di Fermo'><img decoding=\"async\" width=\"495\" height=\"400\" src=\"http:\/\/www.amormisericordioso.org\/ita\/wp-content\/uploads\/2022\/10\/cfp-1-495x400.png\" class=\"wp-image-4524 avia-img-lazy-loading-not-4524 attachment-portfolio size-portfolio wp-post-image\" alt=\"\" \/><\/a><div class='slide-content'><header class=\"entry-content-header\"><h3 class='slide-entry-title entry-title '  itemprop=\"headline\" ><a href='http:\/\/www.amormisericordioso.org\/ita\/un-nuovo-inizio-al-c-f-p-artigianelli-fam-di-fermo\/' title='Un nuovo inizio al C.F.P. &#8220;ARTIGIANELLI&#8221; FAM di Fermo'>Un nuovo inizio al C.F.P. &#8220;ARTIGIANELLI&#8221; FAM di Fermo<\/a><\/h3><span class=\"av-vertical-delimiter\"><\/span><\/header><div class='slide-meta'><div class='slide-meta-comments'><a href='http:\/\/www.amormisericordioso.org\/ita\/un-nuovo-inizio-al-c-f-p-artigianelli-fam-di-fermo\/#respond'>0 Commenti<\/a><\/div><div class='slide-meta-del'>\/<\/div><time class='slide-meta-time updated'  itemprop=\"datePublished\" datetime=\"2022-10-08T21:52:46+02:00\" >8 Ottobre 2022<\/time><\/div><div class='slide-entry-excerpt entry-content'  itemprop=\"text\" >\n\n\n\n<\/div><\/div><footer class=\"entry-footer\"><\/footer><span class='hidden'>\n\t\t\t\t<span class='av-structured-data'  itemprop=\"image\" itemscope=\"itemscope\" itemtype=\"https:\/\/schema.org\/ImageObject\" >\n\t\t\t\t\t\t<span itemprop='url'>http:\/\/www.amormisericordioso.org\/ita\/wp-content\/uploads\/2022\/10\/cfp-1.png<\/span>\n\t\t\t\t\t\t<span itemprop='height'>765<\/span>\n\t\t\t\t\t\t<span itemprop='width'>712<\/span>\n\t\t\t\t<\/span>\n\t\t\t\t<span class='av-structured-data'  itemprop=\"publisher\" itemtype=\"https:\/\/schema.org\/Organization\" itemscope=\"itemscope\" >\n\t\t\t\t\t\t<span itemprop='name'>Famiglia dell'Amore Misericordioso<\/span>\n\t\t\t\t\t\t<span itemprop='logo' itemscope itemtype='https:\/\/schema.org\/ImageObject'>\n\t\t\t\t\t\t\t<span itemprop='url'>http:\/\/www.amormisericordioso.org\/ita\/wp-content\/uploads\/2018\/02\/logo-fam-italiano.png<\/span>\n\t\t\t\t\t\t <\/span>\n\t\t\t\t<\/span><span class='av-structured-data'  itemprop=\"author\" itemscope=\"itemscope\" itemtype=\"https:\/\/schema.org\/Person\" ><span itemprop='name'>Famiglia dell'Amore Misericordioso<\/span><\/span><span class='av-structured-data'  itemprop=\"datePublished\" datetime=\"2022-01-05T05:11:44+01:00\" >2022-10-08 21:52:46<\/span><span class='av-structured-data'  itemprop=\"dateModified\" itemtype=\"https:\/\/schema.org\/dateModified\" >2022-10-08 21:52:49<\/span><span class='av-structured-data'  itemprop=\"mainEntityOfPage\" itemtype=\"https:\/\/schema.org\/mainEntityOfPage\" ><span itemprop='name'>Un nuovo inizio al C.F.P. &#8220;ARTIGIANELLI&#8221; FAM di Fermo<\/span><\/span><\/span><\/article><article class='slide-entry flex_column  post-entry post-entry-4507 slide-entry-overview slide-loop-128 slide-parity-even  av_one_third  real-thumbnail post-format-standard'  itemscope=\"itemscope\" itemtype=\"https:\/\/schema.org\/CreativeWork\" ><a href='http:\/\/www.amormisericordioso.org\/ita\/lincontro-di-madre-speranza-con-teresa-di-gesu-bambino\/' data-rel='slide-1' class='slide-image' title='L&#8217;INCONTRO di Madre Speranza con Teresa di Ges\u00f9 Bambino'><img decoding=\"async\" width=\"495\" height=\"400\" src=\"http:\/\/www.amormisericordioso.org\/ita\/wp-content\/uploads\/2022\/09\/Immagini-in-Evidenza-SITO-AM-495x400.png\" class=\"wp-image-4510 avia-img-lazy-loading-not-4510 attachment-portfolio size-portfolio wp-post-image\" alt=\"\" srcset=\"http:\/\/www.amormisericordioso.org\/ita\/wp-content\/uploads\/2022\/09\/Immagini-in-Evidenza-SITO-AM-495x400.png 495w, http:\/\/www.amormisericordioso.org\/ita\/wp-content\/uploads\/2022\/09\/Immagini-in-Evidenza-SITO-AM-845x684.png 845w\" sizes=\"(max-width: 495px) 100vw, 495px\" \/><\/a><div class='slide-content'><header class=\"entry-content-header\"><h3 class='slide-entry-title entry-title '  itemprop=\"headline\" ><a href='http:\/\/www.amormisericordioso.org\/ita\/lincontro-di-madre-speranza-con-teresa-di-gesu-bambino\/' title='L&#8217;INCONTRO di Madre Speranza con Teresa di Ges\u00f9 Bambino'>L&#8217;INCONTRO di Madre Speranza con Teresa di Ges\u00f9 Bambino<\/a><\/h3><span class=\"av-vertical-delimiter\"><\/span><\/header><div class='slide-meta'><div class='slide-meta-comments'><a href='http:\/\/www.amormisericordioso.org\/ita\/lincontro-di-madre-speranza-con-teresa-di-gesu-bambino\/#respond'>0 Commenti<\/a><\/div><div class='slide-meta-del'>\/<\/div><time class='slide-meta-time updated'  itemprop=\"datePublished\" datetime=\"2022-10-01T00:00:00+02:00\" >1 Ottobre 2022<\/time><\/div><div class='slide-entry-excerpt entry-content'  itemprop=\"text\" >\n\n\n\n<\/div><\/div><footer class=\"entry-footer\"><\/footer><span class='hidden'>\n\t\t\t\t<span class='av-structured-data'  itemprop=\"image\" itemscope=\"itemscope\" itemtype=\"https:\/\/schema.org\/ImageObject\" >\n\t\t\t\t\t\t<span itemprop='url'>http:\/\/www.amormisericordioso.org\/ita\/wp-content\/uploads\/2022\/09\/Immagini-in-Evidenza-SITO-AM.png<\/span>\n\t\t\t\t\t\t<span itemprop='height'>1080<\/span>\n\t\t\t\t\t\t<span itemprop='width'>1080<\/span>\n\t\t\t\t<\/span>\n\t\t\t\t<span class='av-structured-data'  itemprop=\"publisher\" itemtype=\"https:\/\/schema.org\/Organization\" itemscope=\"itemscope\" >\n\t\t\t\t\t\t<span itemprop='name'>Famiglia dell'Amore Misericordioso<\/span>\n\t\t\t\t\t\t<span itemprop='logo' itemscope itemtype='https:\/\/schema.org\/ImageObject'>\n\t\t\t\t\t\t\t<span itemprop='url'>http:\/\/www.amormisericordioso.org\/ita\/wp-content\/uploads\/2018\/02\/logo-fam-italiano.png<\/span>\n\t\t\t\t\t\t <\/span>\n\t\t\t\t<\/span><span class='av-structured-data'  itemprop=\"author\" itemscope=\"itemscope\" itemtype=\"https:\/\/schema.org\/Person\" ><span itemprop='name'>Famiglia dell'Amore Misericordioso<\/span><\/span><span class='av-structured-data'  itemprop=\"datePublished\" datetime=\"2022-01-05T05:11:44+01:00\" >2022-10-01 00:00:00<\/span><span class='av-structured-data'  itemprop=\"dateModified\" itemtype=\"https:\/\/schema.org\/dateModified\" >2022-09-30 10:25:58<\/span><span class='av-structured-data'  itemprop=\"mainEntityOfPage\" itemtype=\"https:\/\/schema.org\/mainEntityOfPage\" ><span itemprop='name'>L&#8217;INCONTRO di Madre Speranza con Teresa di Ges\u00f9 Bambino<\/span><\/span><\/span><\/article><article class='slide-entry flex_column  post-entry post-entry-4496 slide-entry-overview slide-loop-129 slide-parity-odd  av_one_third  real-thumbnail post-format-standard'  itemscope=\"itemscope\" itemtype=\"https:\/\/schema.org\/CreativeWork\" ><a href='http:\/\/www.amormisericordioso.org\/ita\/lasciamoci-toccare-dallinfinita-misericordia-di-dio\/' data-rel='slide-1' class='slide-image' title='LASCIAMOCI TOCCARE dall&#8217;infinita misericordia di Dio'><img decoding=\"async\" width=\"495\" height=\"400\" src=\"http:\/\/www.amormisericordioso.org\/ita\/wp-content\/uploads\/2022\/09\/XI-CAPITOLO-GENERALE-3-495x400.png\" class=\"wp-image-4500 avia-img-lazy-loading-not-4500 attachment-portfolio size-portfolio wp-post-image\" alt=\"\" srcset=\"http:\/\/www.amormisericordioso.org\/ita\/wp-content\/uploads\/2022\/09\/XI-CAPITOLO-GENERALE-3-495x400.png 495w, http:\/\/www.amormisericordioso.org\/ita\/wp-content\/uploads\/2022\/09\/XI-CAPITOLO-GENERALE-3-845x684.png 845w\" sizes=\"(max-width: 495px) 100vw, 495px\" \/><\/a><div class='slide-content'><header class=\"entry-content-header\"><h3 class='slide-entry-title entry-title '  itemprop=\"headline\" ><a href='http:\/\/www.amormisericordioso.org\/ita\/lasciamoci-toccare-dallinfinita-misericordia-di-dio\/' title='LASCIAMOCI TOCCARE dall&#8217;infinita misericordia di Dio'>LASCIAMOCI TOCCARE dall&#8217;infinita misericordia di Dio<\/a><\/h3><span class=\"av-vertical-delimiter\"><\/span><\/header><div class='slide-meta'><div class='slide-meta-comments'><a href='http:\/\/www.amormisericordioso.org\/ita\/lasciamoci-toccare-dallinfinita-misericordia-di-dio\/#respond'>0 Commenti<\/a><\/div><div class='slide-meta-del'>\/<\/div><time class='slide-meta-time updated'  itemprop=\"datePublished\" datetime=\"2022-09-25T05:21:00+02:00\" >25 Settembre 2022<\/time><\/div><div class='slide-entry-excerpt entry-content'  itemprop=\"text\" >\n\n\n\n<\/div><\/div><footer class=\"entry-footer\"><\/footer><span class='hidden'>\n\t\t\t\t<span class='av-structured-data'  itemprop=\"image\" itemscope=\"itemscope\" itemtype=\"https:\/\/schema.org\/ImageObject\" >\n\t\t\t\t\t\t<span itemprop='url'>http:\/\/www.amormisericordioso.org\/ita\/wp-content\/uploads\/2022\/09\/XI-CAPITOLO-GENERALE-3.png<\/span>\n\t\t\t\t\t\t<span itemprop='height'>1080<\/span>\n\t\t\t\t\t\t<span itemprop='width'>1080<\/span>\n\t\t\t\t<\/span>\n\t\t\t\t<span class='av-structured-data'  itemprop=\"publisher\" itemtype=\"https:\/\/schema.org\/Organization\" itemscope=\"itemscope\" >\n\t\t\t\t\t\t<span itemprop='name'>Famiglia dell'Amore Misericordioso<\/span>\n\t\t\t\t\t\t<span itemprop='logo' itemscope itemtype='https:\/\/schema.org\/ImageObject'>\n\t\t\t\t\t\t\t<span itemprop='url'>http:\/\/www.amormisericordioso.org\/ita\/wp-content\/uploads\/2018\/02\/logo-fam-italiano.png<\/span>\n\t\t\t\t\t\t <\/span>\n\t\t\t\t<\/span><span class='av-structured-data'  itemprop=\"author\" itemscope=\"itemscope\" itemtype=\"https:\/\/schema.org\/Person\" ><span itemprop='name'>Famiglia dell'Amore Misericordioso<\/span><\/span><span class='av-structured-data'  itemprop=\"datePublished\" datetime=\"2022-01-05T05:11:44+01:00\" >2022-09-25 05:21:00<\/span><span class='av-structured-data'  itemprop=\"dateModified\" itemtype=\"https:\/\/schema.org\/dateModified\" >2022-09-28 16:34:23<\/span><span class='av-structured-data'  itemprop=\"mainEntityOfPage\" itemtype=\"https:\/\/schema.org\/mainEntityOfPage\" ><span itemprop='name'>LASCIAMOCI TOCCARE dall&#8217;infinita misericordia di Dio<\/span><\/span><\/span><\/article><\/div><div class='slide-entry-wrap'><article class='slide-entry flex_column  post-entry post-entry-4487 slide-entry-overview slide-loop-130 slide-parity-odd  av_one_third first real-thumbnail post-format-standard'  itemscope=\"itemscope\" itemtype=\"https:\/\/schema.org\/CreativeWork\" ><a href='http:\/\/www.amormisericordioso.org\/ita\/don-maurizio-busetti-novello-sacerdote-diocesano-figlio-dellamore-misericordioso\/' data-rel='slide-1' class='slide-image' title='DON MAURIZIO BUSETTI: novello sacerdote diocesano Figlio dell&#8217;Amore Misericordioso'><img decoding=\"async\" width=\"495\" height=\"400\" src=\"http:\/\/www.amormisericordioso.org\/ita\/wp-content\/uploads\/2022\/09\/XI-CAPITOLO-GENERALE-2-495x400.png\" class=\"wp-image-4491 avia-img-lazy-loading-not-4491 attachment-portfolio size-portfolio wp-post-image\" alt=\"\" srcset=\"http:\/\/www.amormisericordioso.org\/ita\/wp-content\/uploads\/2022\/09\/XI-CAPITOLO-GENERALE-2-495x400.png 495w, http:\/\/www.amormisericordioso.org\/ita\/wp-content\/uploads\/2022\/09\/XI-CAPITOLO-GENERALE-2-845x684.png 845w\" sizes=\"(max-width: 495px) 100vw, 495px\" \/><\/a><div class='slide-content'><header class=\"entry-content-header\"><h3 class='slide-entry-title entry-title '  itemprop=\"headline\" ><a href='http:\/\/www.amormisericordioso.org\/ita\/don-maurizio-busetti-novello-sacerdote-diocesano-figlio-dellamore-misericordioso\/' title='DON MAURIZIO BUSETTI: novello sacerdote diocesano Figlio dell&#8217;Amore Misericordioso'>DON MAURIZIO BUSETTI: novello sacerdote diocesano Figlio dell&#8217;Amore Misericordioso<\/a><\/h3><span class=\"av-vertical-delimiter\"><\/span><\/header><div class='slide-meta'><div class='slide-meta-comments'><a href='http:\/\/www.amormisericordioso.org\/ita\/don-maurizio-busetti-novello-sacerdote-diocesano-figlio-dellamore-misericordioso\/#respond'>0 Commenti<\/a><\/div><div class='slide-meta-del'>\/<\/div><time class='slide-meta-time updated'  itemprop=\"datePublished\" datetime=\"2022-09-24T20:00:00+02:00\" >24 Settembre 2022<\/time><\/div><div class='slide-entry-excerpt entry-content'  itemprop=\"text\" >\n\n\n\n<\/div><\/div><footer class=\"entry-footer\"><\/footer><span class='hidden'>\n\t\t\t\t<span class='av-structured-data'  itemprop=\"image\" itemscope=\"itemscope\" itemtype=\"https:\/\/schema.org\/ImageObject\" >\n\t\t\t\t\t\t<span itemprop='url'>http:\/\/www.amormisericordioso.org\/ita\/wp-content\/uploads\/2022\/09\/XI-CAPITOLO-GENERALE-2.png<\/span>\n\t\t\t\t\t\t<span itemprop='height'>1080<\/span>\n\t\t\t\t\t\t<span itemprop='width'>1080<\/span>\n\t\t\t\t<\/span>\n\t\t\t\t<span class='av-structured-data'  itemprop=\"publisher\" itemtype=\"https:\/\/schema.org\/Organization\" itemscope=\"itemscope\" >\n\t\t\t\t\t\t<span itemprop='name'>Famiglia dell'Amore Misericordioso<\/span>\n\t\t\t\t\t\t<span itemprop='logo' itemscope itemtype='https:\/\/schema.org\/ImageObject'>\n\t\t\t\t\t\t\t<span itemprop='url'>http:\/\/www.amormisericordioso.org\/ita\/wp-content\/uploads\/2018\/02\/logo-fam-italiano.png<\/span>\n\t\t\t\t\t\t <\/span>\n\t\t\t\t<\/span><span class='av-structured-data'  itemprop=\"author\" itemscope=\"itemscope\" itemtype=\"https:\/\/schema.org\/Person\" ><span itemprop='name'>Famiglia dell'Amore Misericordioso<\/span><\/span><span class='av-structured-data'  itemprop=\"datePublished\" datetime=\"2022-01-05T05:11:44+01:00\" >2022-09-24 20:00:00<\/span><span class='av-structured-data'  itemprop=\"dateModified\" itemtype=\"https:\/\/schema.org\/dateModified\" >2022-09-23 16:27:44<\/span><span class='av-structured-data'  itemprop=\"mainEntityOfPage\" itemtype=\"https:\/\/schema.org\/mainEntityOfPage\" ><span itemprop='name'>DON MAURIZIO BUSETTI: novello sacerdote diocesano Figlio dell&#8217;Amore Misericordioso<\/span><\/span><\/span><\/article><article class='slide-entry flex_column  post-entry post-entry-4483 slide-entry-overview slide-loop-131 slide-parity-even  av_one_third  real-thumbnail post-format-standard'  itemscope=\"itemscope\" itemtype=\"https:\/\/schema.org\/CreativeWork\" ><a href='http:\/\/www.amormisericordioso.org\/ita\/formarsi-per-formare\/' data-rel='slide-1' class='slide-image' title='FORMARSI PER FORMARE'><img decoding=\"async\" width=\"495\" height=\"400\" src=\"http:\/\/www.amormisericordioso.org\/ita\/wp-content\/uploads\/2022\/09\/XI-CAPITOLO-GENERALE-1-495x400.png\" class=\"wp-image-4484 avia-img-lazy-loading-not-4484 attachment-portfolio size-portfolio wp-post-image\" alt=\"\" srcset=\"http:\/\/www.amormisericordioso.org\/ita\/wp-content\/uploads\/2022\/09\/XI-CAPITOLO-GENERALE-1-495x400.png 495w, http:\/\/www.amormisericordioso.org\/ita\/wp-content\/uploads\/2022\/09\/XI-CAPITOLO-GENERALE-1-845x684.png 845w\" sizes=\"(max-width: 495px) 100vw, 495px\" \/><\/a><div class='slide-content'><header class=\"entry-content-header\"><h3 class='slide-entry-title entry-title '  itemprop=\"headline\" ><a href='http:\/\/www.amormisericordioso.org\/ita\/formarsi-per-formare\/' title='FORMARSI PER FORMARE'>FORMARSI PER FORMARE<\/a><\/h3><span class=\"av-vertical-delimiter\"><\/span><\/header><div class='slide-meta'><div class='slide-meta-comments'><a href='http:\/\/www.amormisericordioso.org\/ita\/formarsi-per-formare\/#respond'>0 Commenti<\/a><\/div><div class='slide-meta-del'>\/<\/div><time class='slide-meta-time updated'  itemprop=\"datePublished\" datetime=\"2022-09-23T09:52:13+02:00\" >23 Settembre 2022<\/time><\/div><div class='slide-entry-excerpt entry-content'  itemprop=\"text\" >\n\n\n\n<\/div><\/div><footer class=\"entry-footer\"><\/footer><span class='hidden'>\n\t\t\t\t<span class='av-structured-data'  itemprop=\"image\" itemscope=\"itemscope\" itemtype=\"https:\/\/schema.org\/ImageObject\" >\n\t\t\t\t\t\t<span itemprop='url'>http:\/\/www.amormisericordioso.org\/ita\/wp-content\/uploads\/2022\/09\/XI-CAPITOLO-GENERALE-1.png<\/span>\n\t\t\t\t\t\t<span itemprop='height'>1080<\/span>\n\t\t\t\t\t\t<span itemprop='width'>1080<\/span>\n\t\t\t\t<\/span>\n\t\t\t\t<span class='av-structured-data'  itemprop=\"publisher\" itemtype=\"https:\/\/schema.org\/Organization\" itemscope=\"itemscope\" >\n\t\t\t\t\t\t<span itemprop='name'>Famiglia dell'Amore Misericordioso<\/span>\n\t\t\t\t\t\t<span itemprop='logo' itemscope itemtype='https:\/\/schema.org\/ImageObject'>\n\t\t\t\t\t\t\t<span itemprop='url'>http:\/\/www.amormisericordioso.org\/ita\/wp-content\/uploads\/2018\/02\/logo-fam-italiano.png<\/span>\n\t\t\t\t\t\t <\/span>\n\t\t\t\t<\/span><span class='av-structured-data'  itemprop=\"author\" itemscope=\"itemscope\" itemtype=\"https:\/\/schema.org\/Person\" ><span itemprop='name'>Famiglia dell'Amore Misericordioso<\/span><\/span><span class='av-structured-data'  itemprop=\"datePublished\" datetime=\"2022-01-05T05:11:44+01:00\" >2022-09-23 09:52:13<\/span><span class='av-structured-data'  itemprop=\"dateModified\" itemtype=\"https:\/\/schema.org\/dateModified\" >2022-09-23 09:52:16<\/span><span class='av-structured-data'  itemprop=\"mainEntityOfPage\" itemtype=\"https:\/\/schema.org\/mainEntityOfPage\" ><span itemprop='name'>FORMARSI PER FORMARE<\/span><\/span><\/span><\/article><article class='slide-entry flex_column  post-entry post-entry-4468 slide-entry-overview slide-loop-132 slide-parity-odd  av_one_third  real-thumbnail post-format-standard'  itemscope=\"itemscope\" itemtype=\"https:\/\/schema.org\/CreativeWork\" ><a href='http:\/\/www.amormisericordioso.org\/ita\/la-vocazione-dellamore-misericordioso-alla-vita-consacrata\/' data-rel='slide-1' class='slide-image' title='LA VOCAZIONE dell&#8217;Amore Misericordioso alla VITA CONSACRATA'><img decoding=\"async\" width=\"495\" height=\"400\" src=\"http:\/\/www.amormisericordioso.org\/ita\/wp-content\/uploads\/2022\/09\/XI-CAPITOLO-GENERALE-495x400.png\" class=\"wp-image-4474 avia-img-lazy-loading-not-4474 attachment-portfolio size-portfolio wp-post-image\" alt=\"\" srcset=\"http:\/\/www.amormisericordioso.org\/ita\/wp-content\/uploads\/2022\/09\/XI-CAPITOLO-GENERALE-495x400.png 495w, http:\/\/www.amormisericordioso.org\/ita\/wp-content\/uploads\/2022\/09\/XI-CAPITOLO-GENERALE-845x684.png 845w\" sizes=\"(max-width: 495px) 100vw, 495px\" \/><\/a><div class='slide-content'><header class=\"entry-content-header\"><h3 class='slide-entry-title entry-title '  itemprop=\"headline\" ><a href='http:\/\/www.amormisericordioso.org\/ita\/la-vocazione-dellamore-misericordioso-alla-vita-consacrata\/' title='LA VOCAZIONE dell&#8217;Amore Misericordioso alla VITA CONSACRATA'>LA VOCAZIONE dell&#8217;Amore Misericordioso alla VITA CONSACRATA<\/a><\/h3><span class=\"av-vertical-delimiter\"><\/span><\/header><div class='slide-meta'><div class='slide-meta-comments'><a href='http:\/\/www.amormisericordioso.org\/ita\/la-vocazione-dellamore-misericordioso-alla-vita-consacrata\/#respond'>0 Commenti<\/a><\/div><div class='slide-meta-del'>\/<\/div><time class='slide-meta-time updated'  itemprop=\"datePublished\" datetime=\"2022-09-17T15:09:23+02:00\" >17 Settembre 2022<\/time><\/div><div class='slide-entry-excerpt entry-content'  itemprop=\"text\" >\n\n\n\n\n\n<\/div><\/div><footer class=\"entry-footer\"><\/footer><span class='hidden'>\n\t\t\t\t<span class='av-structured-data'  itemprop=\"image\" itemscope=\"itemscope\" itemtype=\"https:\/\/schema.org\/ImageObject\" >\n\t\t\t\t\t\t<span itemprop='url'>http:\/\/www.amormisericordioso.org\/ita\/wp-content\/uploads\/2022\/09\/XI-CAPITOLO-GENERALE.png<\/span>\n\t\t\t\t\t\t<span itemprop='height'>1080<\/span>\n\t\t\t\t\t\t<span itemprop='width'>1080<\/span>\n\t\t\t\t<\/span>\n\t\t\t\t<span class='av-structured-data'  itemprop=\"publisher\" itemtype=\"https:\/\/schema.org\/Organization\" itemscope=\"itemscope\" >\n\t\t\t\t\t\t<span itemprop='name'>Famiglia dell'Amore Misericordioso<\/span>\n\t\t\t\t\t\t<span itemprop='logo' itemscope itemtype='https:\/\/schema.org\/ImageObject'>\n\t\t\t\t\t\t\t<span itemprop='url'>http:\/\/www.amormisericordioso.org\/ita\/wp-content\/uploads\/2018\/02\/logo-fam-italiano.png<\/span>\n\t\t\t\t\t\t <\/span>\n\t\t\t\t<\/span><span class='av-structured-data'  itemprop=\"author\" itemscope=\"itemscope\" itemtype=\"https:\/\/schema.org\/Person\" ><span itemprop='name'>Famiglia dell'Amore Misericordioso<\/span><\/span><span class='av-structured-data'  itemprop=\"datePublished\" datetime=\"2022-01-05T05:11:44+01:00\" >2022-09-17 15:09:23<\/span><span class='av-structured-data'  itemprop=\"dateModified\" itemtype=\"https:\/\/schema.org\/dateModified\" >2022-09-17 15:10:53<\/span><span class='av-structured-data'  itemprop=\"mainEntityOfPage\" itemtype=\"https:\/\/schema.org\/mainEntityOfPage\" ><span itemprop='name'>LA VOCAZIONE dell&#8217;Amore Misericordioso alla VITA CONSACRATA<\/span><\/span><\/span><\/article><\/div><div class='slide-entry-wrap'><article class='slide-entry flex_column  post-entry post-entry-4445 slide-entry-overview slide-loop-133 slide-parity-odd  av_one_third first real-thumbnail post-format-standard'  itemscope=\"itemscope\" itemtype=\"https:\/\/schema.org\/CreativeWork\" ><a href='http:\/\/www.amormisericordioso.org\/ita\/4445-2\/' data-rel='slide-1' class='slide-image' title='CORSO GIOVANI 2022: sui passi dei discepoli di Emmaus'><img decoding=\"async\" width=\"495\" height=\"400\" src=\"http:\/\/www.amormisericordioso.org\/ita\/wp-content\/uploads\/2022\/08\/XI-CAPITOLO-GENERALE-495x400.png\" class=\"wp-image-4455 avia-img-lazy-loading-not-4455 attachment-portfolio size-portfolio wp-post-image\" alt=\"\" srcset=\"http:\/\/www.amormisericordioso.org\/ita\/wp-content\/uploads\/2022\/08\/XI-CAPITOLO-GENERALE-495x400.png 495w, http:\/\/www.amormisericordioso.org\/ita\/wp-content\/uploads\/2022\/08\/XI-CAPITOLO-GENERALE-845x684.png 845w\" sizes=\"(max-width: 495px) 100vw, 495px\" \/><\/a><div class='slide-content'><header class=\"entry-content-header\"><h3 class='slide-entry-title entry-title '  itemprop=\"headline\" ><a href='http:\/\/www.amormisericordioso.org\/ita\/4445-2\/' title='CORSO GIOVANI 2022: sui passi dei discepoli di Emmaus'>CORSO GIOVANI 2022: sui passi dei discepoli di Emmaus<\/a><\/h3><span class=\"av-vertical-delimiter\"><\/span><\/header><div class='slide-meta'><div class='slide-meta-comments'><a href='http:\/\/www.amormisericordioso.org\/ita\/4445-2\/#respond'>0 Commenti<\/a><\/div><div class='slide-meta-del'>\/<\/div><time class='slide-meta-time updated'  itemprop=\"datePublished\" datetime=\"2022-08-29T15:47:23+02:00\" >29 Agosto 2022<\/time><\/div><div class='slide-entry-excerpt entry-content'  itemprop=\"text\" >\n\n\n\n\n\n<\/div><\/div><footer class=\"entry-footer\"><\/footer><span class='hidden'>\n\t\t\t\t<span class='av-structured-data'  itemprop=\"image\" itemscope=\"itemscope\" itemtype=\"https:\/\/schema.org\/ImageObject\" >\n\t\t\t\t\t\t<span itemprop='url'>http:\/\/www.amormisericordioso.org\/ita\/wp-content\/uploads\/2022\/08\/XI-CAPITOLO-GENERALE.png<\/span>\n\t\t\t\t\t\t<span itemprop='height'>1080<\/span>\n\t\t\t\t\t\t<span itemprop='width'>1080<\/span>\n\t\t\t\t<\/span>\n\t\t\t\t<span class='av-structured-data'  itemprop=\"publisher\" itemtype=\"https:\/\/schema.org\/Organization\" itemscope=\"itemscope\" >\n\t\t\t\t\t\t<span itemprop='name'>Famiglia dell'Amore Misericordioso<\/span>\n\t\t\t\t\t\t<span itemprop='logo' itemscope itemtype='https:\/\/schema.org\/ImageObject'>\n\t\t\t\t\t\t\t<span itemprop='url'>http:\/\/www.amormisericordioso.org\/ita\/wp-content\/uploads\/2018\/02\/logo-fam-italiano.png<\/span>\n\t\t\t\t\t\t <\/span>\n\t\t\t\t<\/span><span class='av-structured-data'  itemprop=\"author\" itemscope=\"itemscope\" itemtype=\"https:\/\/schema.org\/Person\" ><span itemprop='name'>Famiglia dell'Amore Misericordioso<\/span><\/span><span class='av-structured-data'  itemprop=\"datePublished\" datetime=\"2022-01-05T05:11:44+01:00\" >2022-08-29 15:47:23<\/span><span class='av-structured-data'  itemprop=\"dateModified\" itemtype=\"https:\/\/schema.org\/dateModified\" >2022-08-29 15:48:29<\/span><span class='av-structured-data'  itemprop=\"mainEntityOfPage\" itemtype=\"https:\/\/schema.org\/mainEntityOfPage\" ><span itemprop='name'>CORSO GIOVANI 2022: sui passi dei discepoli di Emmaus<\/span><\/span><\/span><\/article><article class='slide-entry flex_column  post-entry post-entry-4437 slide-entry-overview slide-loop-134 slide-parity-even  av_one_third  real-thumbnail post-format-standard'  itemscope=\"itemscope\" itemtype=\"https:\/\/schema.org\/CreativeWork\" ><a href='http:\/\/www.amormisericordioso.org\/ita\/i-figli-dellamore-misericordioso-festeggiano-i-71-anni-di-fondazione\/' data-rel='slide-1' class='slide-image' title='I Figli dell&#8217;Amore Misericordioso festeggiano i 71 ANNI DI FONDAZIONE'><img decoding=\"async\" width=\"495\" height=\"400\" src=\"http:\/\/www.amormisericordioso.org\/ita\/wp-content\/uploads\/2022\/08\/f70214e7-6e74-4bd5-b64d-dca6cbc563bf-495x400.jpg\" class=\"wp-image-4438 avia-img-lazy-loading-not-4438 attachment-portfolio size-portfolio wp-post-image\" alt=\"\" srcset=\"http:\/\/www.amormisericordioso.org\/ita\/wp-content\/uploads\/2022\/08\/f70214e7-6e74-4bd5-b64d-dca6cbc563bf-495x400.jpg 495w, http:\/\/www.amormisericordioso.org\/ita\/wp-content\/uploads\/2022\/08\/f70214e7-6e74-4bd5-b64d-dca6cbc563bf-778x630.jpg 778w\" sizes=\"(max-width: 495px) 100vw, 495px\" \/><\/a><div class='slide-content'><header class=\"entry-content-header\"><h3 class='slide-entry-title entry-title '  itemprop=\"headline\" ><a href='http:\/\/www.amormisericordioso.org\/ita\/i-figli-dellamore-misericordioso-festeggiano-i-71-anni-di-fondazione\/' title='I Figli dell&#8217;Amore Misericordioso festeggiano i 71 ANNI DI FONDAZIONE'>I Figli dell&#8217;Amore Misericordioso festeggiano i 71 ANNI DI FONDAZIONE<\/a><\/h3><span class=\"av-vertical-delimiter\"><\/span><\/header><div class='slide-meta'><div class='slide-meta-comments'><a href='http:\/\/www.amormisericordioso.org\/ita\/i-figli-dellamore-misericordioso-festeggiano-i-71-anni-di-fondazione\/#respond'>0 Commenti<\/a><\/div><div class='slide-meta-del'>\/<\/div><time class='slide-meta-time updated'  itemprop=\"datePublished\" datetime=\"2022-08-15T02:00:00+02:00\" >15 Agosto 2022<\/time><\/div><div class='slide-entry-excerpt entry-content'  itemprop=\"text\" >\n\n\n\n<\/div><\/div><footer class=\"entry-footer\"><\/footer><span class='hidden'>\n\t\t\t\t<span class='av-structured-data'  itemprop=\"image\" itemscope=\"itemscope\" itemtype=\"https:\/\/schema.org\/ImageObject\" >\n\t\t\t\t\t\t<span itemprop='url'>http:\/\/www.amormisericordioso.org\/ita\/wp-content\/uploads\/2022\/08\/f70214e7-6e74-4bd5-b64d-dca6cbc563bf.jpg<\/span>\n\t\t\t\t\t\t<span itemprop='height'>778<\/span>\n\t\t\t\t\t\t<span itemprop='width'>778<\/span>\n\t\t\t\t<\/span>\n\t\t\t\t<span class='av-structured-data'  itemprop=\"publisher\" itemtype=\"https:\/\/schema.org\/Organization\" itemscope=\"itemscope\" >\n\t\t\t\t\t\t<span itemprop='name'>Famiglia dell'Amore Misericordioso<\/span>\n\t\t\t\t\t\t<span itemprop='logo' itemscope itemtype='https:\/\/schema.org\/ImageObject'>\n\t\t\t\t\t\t\t<span itemprop='url'>http:\/\/www.amormisericordioso.org\/ita\/wp-content\/uploads\/2018\/02\/logo-fam-italiano.png<\/span>\n\t\t\t\t\t\t <\/span>\n\t\t\t\t<\/span><span class='av-structured-data'  itemprop=\"author\" itemscope=\"itemscope\" itemtype=\"https:\/\/schema.org\/Person\" ><span itemprop='name'>Famiglia dell'Amore Misericordioso<\/span><\/span><span class='av-structured-data'  itemprop=\"datePublished\" datetime=\"2022-01-05T05:11:44+01:00\" >2022-08-15 02:00:00<\/span><span class='av-structured-data'  itemprop=\"dateModified\" itemtype=\"https:\/\/schema.org\/dateModified\" >2022-08-12 14:55:52<\/span><span class='av-structured-data'  itemprop=\"mainEntityOfPage\" itemtype=\"https:\/\/schema.org\/mainEntityOfPage\" ><span itemprop='name'>I Figli dell&#8217;Amore Misericordioso festeggiano i 71 ANNI DI FONDAZIONE<\/span><\/span><\/span><\/article><article class='slide-entry flex_column  post-entry post-entry-4428 slide-entry-overview slide-loop-135 slide-parity-odd  av_one_third  real-thumbnail post-format-standard'  itemscope=\"itemscope\" itemtype=\"https:\/\/schema.org\/CreativeWork\" ><a href='http:\/\/www.amormisericordioso.org\/ita\/fr-rosario-marino-fam-a-pochi-giorni-dalla-consacrazione-definitiva-tra-i-figli-dellamore-misericordioso\/' data-rel='slide-1' class='slide-image' title='Fr. ROSARIO MARINO fam: a pochi giorni dalla consacrazione definitiva tra i Figli dell\u2019Amore Misericordioso'><img decoding=\"async\" width=\"495\" height=\"400\" src=\"http:\/\/www.amormisericordioso.org\/ita\/wp-content\/uploads\/2022\/08\/682f331d-fd5f-46e0-9653-6e65c553c114-495x400.jpg\" class=\"wp-image-4431 avia-img-lazy-loading-not-4431 attachment-portfolio size-portfolio wp-post-image\" alt=\"\" srcset=\"http:\/\/www.amormisericordioso.org\/ita\/wp-content\/uploads\/2022\/08\/682f331d-fd5f-46e0-9653-6e65c553c114-495x400.jpg 495w, http:\/\/www.amormisericordioso.org\/ita\/wp-content\/uploads\/2022\/08\/682f331d-fd5f-46e0-9653-6e65c553c114-845x684.jpg 845w\" sizes=\"(max-width: 495px) 100vw, 495px\" \/><\/a><div class='slide-content'><header class=\"entry-content-header\"><h3 class='slide-entry-title entry-title '  itemprop=\"headline\" ><a href='http:\/\/www.amormisericordioso.org\/ita\/fr-rosario-marino-fam-a-pochi-giorni-dalla-consacrazione-definitiva-tra-i-figli-dellamore-misericordioso\/' title='Fr. ROSARIO MARINO fam: a pochi giorni dalla consacrazione definitiva tra i Figli dell\u2019Amore Misericordioso'>Fr. ROSARIO MARINO fam: a pochi giorni dalla consacrazione definitiva tra i Figli dell\u2019Amore Misericordioso<\/a><\/h3><span class=\"av-vertical-delimiter\"><\/span><\/header><div class='slide-meta'><div class='slide-meta-comments'><a href='http:\/\/www.amormisericordioso.org\/ita\/fr-rosario-marino-fam-a-pochi-giorni-dalla-consacrazione-definitiva-tra-i-figli-dellamore-misericordioso\/#respond'>0 Commenti<\/a><\/div><div class='slide-meta-del'>\/<\/div><time class='slide-meta-time updated'  itemprop=\"datePublished\" datetime=\"2022-08-08T23:11:08+02:00\" >8 Agosto 2022<\/time><\/div><div class='slide-entry-excerpt entry-content'  itemprop=\"text\" >\n\n\n\n<\/div><\/div><footer class=\"entry-footer\"><\/footer><span class='hidden'>\n\t\t\t\t<span class='av-structured-data'  itemprop=\"image\" itemscope=\"itemscope\" itemtype=\"https:\/\/schema.org\/ImageObject\" >\n\t\t\t\t\t\t<span itemprop='url'>http:\/\/www.amormisericordioso.org\/ita\/wp-content\/uploads\/2022\/08\/682f331d-fd5f-46e0-9653-6e65c553c114.jpg<\/span>\n\t\t\t\t\t\t<span itemprop='height'>1199<\/span>\n\t\t\t\t\t\t<span itemprop='width'>1199<\/span>\n\t\t\t\t<\/span>\n\t\t\t\t<span class='av-structured-data'  itemprop=\"publisher\" itemtype=\"https:\/\/schema.org\/Organization\" itemscope=\"itemscope\" >\n\t\t\t\t\t\t<span itemprop='name'>Famiglia dell'Amore Misericordioso<\/span>\n\t\t\t\t\t\t<span itemprop='logo' itemscope itemtype='https:\/\/schema.org\/ImageObject'>\n\t\t\t\t\t\t\t<span itemprop='url'>http:\/\/www.amormisericordioso.org\/ita\/wp-content\/uploads\/2018\/02\/logo-fam-italiano.png<\/span>\n\t\t\t\t\t\t <\/span>\n\t\t\t\t<\/span><span class='av-structured-data'  itemprop=\"author\" itemscope=\"itemscope\" itemtype=\"https:\/\/schema.org\/Person\" ><span itemprop='name'>Famiglia dell'Amore Misericordioso<\/span><\/span><span class='av-structured-data'  itemprop=\"datePublished\" datetime=\"2022-01-05T05:11:44+01:00\" >2022-08-08 23:11:08<\/span><span class='av-structured-data'  itemprop=\"dateModified\" itemtype=\"https:\/\/schema.org\/dateModified\" >2022-08-08 23:40:31<\/span><span class='av-structured-data'  itemprop=\"mainEntityOfPage\" itemtype=\"https:\/\/schema.org\/mainEntityOfPage\" ><span itemprop='name'>Fr. ROSARIO MARINO fam: a pochi giorni dalla consacrazione definitiva tra i Figli dell\u2019Amore Misericordioso<\/span><\/span><\/span><\/article><\/div><div class='slide-entry-wrap'><article class='slide-entry flex_column  post-entry post-entry-4416 slide-entry-overview slide-loop-136 slide-parity-odd  av_one_third first real-thumbnail post-format-standard'  itemscope=\"itemscope\" itemtype=\"https:\/\/schema.org\/CreativeWork\" ><a href='http:\/\/www.amormisericordioso.org\/ita\/la-misericordia-con-gli-occhi-di-san-francesco-e-della-beata-madre-speranza\/' data-rel='slide-1' class='slide-image' title='LA MISERICORDIA con gli occhi di san Francesco e della beata Madre Speranza'><img decoding=\"async\" width=\"495\" height=\"400\" src=\"http:\/\/www.amormisericordioso.org\/ita\/wp-content\/uploads\/2022\/08\/Copia-di-XI-CAPITOLO-GENERALE-495x400.png\" class=\"wp-image-4422 avia-img-lazy-loading-not-4422 attachment-portfolio size-portfolio wp-post-image\" alt=\"\" srcset=\"http:\/\/www.amormisericordioso.org\/ita\/wp-content\/uploads\/2022\/08\/Copia-di-XI-CAPITOLO-GENERALE-495x400.png 495w, http:\/\/www.amormisericordioso.org\/ita\/wp-content\/uploads\/2022\/08\/Copia-di-XI-CAPITOLO-GENERALE-845x684.png 845w\" sizes=\"(max-width: 495px) 100vw, 495px\" \/><\/a><div class='slide-content'><header class=\"entry-content-header\"><h3 class='slide-entry-title entry-title '  itemprop=\"headline\" ><a href='http:\/\/www.amormisericordioso.org\/ita\/la-misericordia-con-gli-occhi-di-san-francesco-e-della-beata-madre-speranza\/' title='LA MISERICORDIA con gli occhi di san Francesco e della beata Madre Speranza'>LA MISERICORDIA con gli occhi di san Francesco e della beata Madre Speranza<\/a><\/h3><span class=\"av-vertical-delimiter\"><\/span><\/header><div class='slide-meta'><div class='slide-meta-comments'><a href='http:\/\/www.amormisericordioso.org\/ita\/la-misericordia-con-gli-occhi-di-san-francesco-e-della-beata-madre-speranza\/#respond'>0 Commenti<\/a><\/div><div class='slide-meta-del'>\/<\/div><time class='slide-meta-time updated'  itemprop=\"datePublished\" datetime=\"2022-08-03T07:16:49+02:00\" >3 Agosto 2022<\/time><\/div><div class='slide-entry-excerpt entry-content'  itemprop=\"text\" >\n\n\n\n<\/div><\/div><footer class=\"entry-footer\"><\/footer><span class='hidden'>\n\t\t\t\t<span class='av-structured-data'  itemprop=\"image\" itemscope=\"itemscope\" itemtype=\"https:\/\/schema.org\/ImageObject\" >\n\t\t\t\t\t\t<span itemprop='url'>http:\/\/www.amormisericordioso.org\/ita\/wp-content\/uploads\/2022\/08\/Copia-di-XI-CAPITOLO-GENERALE.png<\/span>\n\t\t\t\t\t\t<span itemprop='height'>1080<\/span>\n\t\t\t\t\t\t<span itemprop='width'>1080<\/span>\n\t\t\t\t<\/span>\n\t\t\t\t<span class='av-structured-data'  itemprop=\"publisher\" itemtype=\"https:\/\/schema.org\/Organization\" itemscope=\"itemscope\" >\n\t\t\t\t\t\t<span itemprop='name'>Famiglia dell'Amore Misericordioso<\/span>\n\t\t\t\t\t\t<span itemprop='logo' itemscope itemtype='https:\/\/schema.org\/ImageObject'>\n\t\t\t\t\t\t\t<span itemprop='url'>http:\/\/www.amormisericordioso.org\/ita\/wp-content\/uploads\/2018\/02\/logo-fam-italiano.png<\/span>\n\t\t\t\t\t\t <\/span>\n\t\t\t\t<\/span><span class='av-structured-data'  itemprop=\"author\" itemscope=\"itemscope\" itemtype=\"https:\/\/schema.org\/Person\" ><span itemprop='name'>Famiglia dell'Amore Misericordioso<\/span><\/span><span class='av-structured-data'  itemprop=\"datePublished\" datetime=\"2022-01-05T05:11:44+01:00\" >2022-08-03 07:16:49<\/span><span class='av-structured-data'  itemprop=\"dateModified\" itemtype=\"https:\/\/schema.org\/dateModified\" >2022-08-03 07:16:52<\/span><span class='av-structured-data'  itemprop=\"mainEntityOfPage\" itemtype=\"https:\/\/schema.org\/mainEntityOfPage\" ><span itemprop='name'>LA MISERICORDIA con gli occhi di san Francesco e della beata Madre Speranza<\/span><\/span><\/span><\/article><article class='slide-entry flex_column  post-entry post-entry-4411 slide-entry-overview slide-loop-137 slide-parity-even  av_one_third  real-thumbnail post-format-standard'  itemscope=\"itemscope\" itemtype=\"https:\/\/schema.org\/CreativeWork\" ><a href='http:\/\/www.amormisericordioso.org\/ita\/professioni-perpetue-eam-fam-agosto-2022\/' data-rel='slide-1' class='slide-image' title='Professioni perpetue EAM-FAM agosto 2022'><img decoding=\"async\" width=\"495\" height=\"400\" src=\"http:\/\/www.amormisericordioso.org\/ita\/wp-content\/uploads\/2022\/07\/Copia-di-XI-CAPITOLO-GENERALE-495x400.png\" class=\"wp-image-4412 avia-img-lazy-loading-not-4412 attachment-portfolio size-portfolio wp-post-image\" alt=\"\" srcset=\"http:\/\/www.amormisericordioso.org\/ita\/wp-content\/uploads\/2022\/07\/Copia-di-XI-CAPITOLO-GENERALE-495x400.png 495w, http:\/\/www.amormisericordioso.org\/ita\/wp-content\/uploads\/2022\/07\/Copia-di-XI-CAPITOLO-GENERALE-845x684.png 845w\" sizes=\"(max-width: 495px) 100vw, 495px\" \/><\/a><div class='slide-content'><header class=\"entry-content-header\"><h3 class='slide-entry-title entry-title '  itemprop=\"headline\" ><a href='http:\/\/www.amormisericordioso.org\/ita\/professioni-perpetue-eam-fam-agosto-2022\/' title='Professioni perpetue EAM-FAM agosto 2022'>Professioni perpetue EAM-FAM agosto 2022<\/a><\/h3><span class=\"av-vertical-delimiter\"><\/span><\/header><div class='slide-meta'><time class='slide-meta-time updated'  itemprop=\"datePublished\" datetime=\"2022-07-20T07:39:48+02:00\" >20 Luglio 2022<\/time><\/div><div class='slide-entry-excerpt entry-content'  itemprop=\"text\" >\nIl mese di agosto sar\u00e0 ricco di eventi e di benedizione da\u2026<\/div><\/div><footer class=\"entry-footer\"><\/footer><span class='hidden'>\n\t\t\t\t<span class='av-structured-data'  itemprop=\"image\" itemscope=\"itemscope\" itemtype=\"https:\/\/schema.org\/ImageObject\" >\n\t\t\t\t\t\t<span itemprop='url'>http:\/\/www.amormisericordioso.org\/ita\/wp-content\/uploads\/2022\/07\/Copia-di-XI-CAPITOLO-GENERALE.png<\/span>\n\t\t\t\t\t\t<span itemprop='height'>1080<\/span>\n\t\t\t\t\t\t<span itemprop='width'>1080<\/span>\n\t\t\t\t<\/span>\n\t\t\t\t<span class='av-structured-data'  itemprop=\"publisher\" itemtype=\"https:\/\/schema.org\/Organization\" itemscope=\"itemscope\" >\n\t\t\t\t\t\t<span itemprop='name'>Famiglia dell'Amore Misericordioso<\/span>\n\t\t\t\t\t\t<span itemprop='logo' itemscope itemtype='https:\/\/schema.org\/ImageObject'>\n\t\t\t\t\t\t\t<span itemprop='url'>http:\/\/www.amormisericordioso.org\/ita\/wp-content\/uploads\/2018\/02\/logo-fam-italiano.png<\/span>\n\t\t\t\t\t\t <\/span>\n\t\t\t\t<\/span><span class='av-structured-data'  itemprop=\"author\" itemscope=\"itemscope\" itemtype=\"https:\/\/schema.org\/Person\" ><span itemprop='name'>Famiglia dell'Amore Misericordioso<\/span><\/span><span class='av-structured-data'  itemprop=\"datePublished\" datetime=\"2022-01-05T05:11:44+01:00\" >2022-07-20 07:39:48<\/span><span class='av-structured-data'  itemprop=\"dateModified\" itemtype=\"https:\/\/schema.org\/dateModified\" >2022-07-20 07:39:50<\/span><span class='av-structured-data'  itemprop=\"mainEntityOfPage\" itemtype=\"https:\/\/schema.org\/mainEntityOfPage\" ><span itemprop='name'>Professioni perpetue EAM-FAM agosto 2022<\/span><\/span><\/span><\/article><article class='slide-entry flex_column  post-entry post-entry-4400 slide-entry-overview slide-loop-138 slide-parity-odd  av_one_third  real-thumbnail post-format-standard'  itemscope=\"itemscope\" itemtype=\"https:\/\/schema.org\/CreativeWork\" ><a href='http:\/\/www.amormisericordioso.org\/ita\/50-anniversario-sacerdotale-di-p-domenico-cancian\/' data-rel='slide-1' class='slide-image' title='50\u00b0 anniversario sacerdotale di P. DOMENICO CANCIAN'><img decoding=\"async\" width=\"495\" height=\"400\" src=\"http:\/\/www.amormisericordioso.org\/ita\/wp-content\/uploads\/2022\/07\/XI-CAPITOLO-GENERALE-495x400.png\" class=\"wp-image-4402 avia-img-lazy-loading-not-4402 attachment-portfolio size-portfolio wp-post-image\" alt=\"\" srcset=\"http:\/\/www.amormisericordioso.org\/ita\/wp-content\/uploads\/2022\/07\/XI-CAPITOLO-GENERALE-495x400.png 495w, http:\/\/www.amormisericordioso.org\/ita\/wp-content\/uploads\/2022\/07\/XI-CAPITOLO-GENERALE-845x684.png 845w\" sizes=\"(max-width: 495px) 100vw, 495px\" \/><\/a><div class='slide-content'><header class=\"entry-content-header\"><h3 class='slide-entry-title entry-title '  itemprop=\"headline\" ><a href='http:\/\/www.amormisericordioso.org\/ita\/50-anniversario-sacerdotale-di-p-domenico-cancian\/' title='50\u00b0 anniversario sacerdotale di P. DOMENICO CANCIAN'>50\u00b0 anniversario sacerdotale di P. DOMENICO CANCIAN<\/a><\/h3><span class=\"av-vertical-delimiter\"><\/span><\/header><div class='slide-meta'><div class='slide-meta-comments'><a href='http:\/\/www.amormisericordioso.org\/ita\/50-anniversario-sacerdotale-di-p-domenico-cancian\/#respond'>0 Commenti<\/a><\/div><div class='slide-meta-del'>\/<\/div><time class='slide-meta-time updated'  itemprop=\"datePublished\" datetime=\"2022-07-17T17:23:50+02:00\" >17 Luglio 2022<\/time><\/div><div class='slide-entry-excerpt entry-content'  itemprop=\"text\" >\n\n\n\n<\/div><\/div><footer class=\"entry-footer\"><\/footer><span class='hidden'>\n\t\t\t\t<span class='av-structured-data'  itemprop=\"image\" itemscope=\"itemscope\" itemtype=\"https:\/\/schema.org\/ImageObject\" >\n\t\t\t\t\t\t<span itemprop='url'>http:\/\/www.amormisericordioso.org\/ita\/wp-content\/uploads\/2022\/07\/XI-CAPITOLO-GENERALE.png<\/span>\n\t\t\t\t\t\t<span itemprop='height'>1080<\/span>\n\t\t\t\t\t\t<span itemprop='width'>1080<\/span>\n\t\t\t\t<\/span>\n\t\t\t\t<span class='av-structured-data'  itemprop=\"publisher\" itemtype=\"https:\/\/schema.org\/Organization\" itemscope=\"itemscope\" >\n\t\t\t\t\t\t<span itemprop='name'>Famiglia dell'Amore Misericordioso<\/span>\n\t\t\t\t\t\t<span itemprop='logo' itemscope itemtype='https:\/\/schema.org\/ImageObject'>\n\t\t\t\t\t\t\t<span itemprop='url'>http:\/\/www.amormisericordioso.org\/ita\/wp-content\/uploads\/2018\/02\/logo-fam-italiano.png<\/span>\n\t\t\t\t\t\t <\/span>\n\t\t\t\t<\/span><span class='av-structured-data'  itemprop=\"author\" itemscope=\"itemscope\" itemtype=\"https:\/\/schema.org\/Person\" ><span itemprop='name'>Famiglia dell'Amore Misericordioso<\/span><\/span><span class='av-structured-data'  itemprop=\"datePublished\" datetime=\"2022-01-05T05:11:44+01:00\" >2022-07-17 17:23:50<\/span><span class='av-structured-data'  itemprop=\"dateModified\" itemtype=\"https:\/\/schema.org\/dateModified\" >2022-07-17 21:21:50<\/span><span class='av-structured-data'  itemprop=\"mainEntityOfPage\" itemtype=\"https:\/\/schema.org\/mainEntityOfPage\" ><span itemprop='name'>50\u00b0 anniversario sacerdotale di P. DOMENICO CANCIAN<\/span><\/span><\/span><\/article><\/div><div class='slide-entry-wrap'><article class='slide-entry flex_column  post-entry post-entry-4383 slide-entry-overview slide-loop-139 slide-parity-odd  av_one_third first real-thumbnail post-format-standard'  itemscope=\"itemscope\" itemtype=\"https:\/\/schema.org\/CreativeWork\" ><a href='http:\/\/www.amormisericordioso.org\/ita\/voi-stessi-date-loro-da-mangiare-lc-913\/' data-rel='slide-1' class='slide-image' title='&#8220;VOI STESSI DATE LORO DA MANGIARE&#8221; (Lc 9,13)'><img decoding=\"async\" width=\"495\" height=\"400\" src=\"http:\/\/www.amormisericordioso.org\/ita\/wp-content\/uploads\/2022\/06\/SITO-AM-495x400.png\" class=\"wp-image-4388 avia-img-lazy-loading-not-4388 attachment-portfolio size-portfolio wp-post-image\" alt=\"\" srcset=\"http:\/\/www.amormisericordioso.org\/ita\/wp-content\/uploads\/2022\/06\/SITO-AM-495x400.png 495w, http:\/\/www.amormisericordioso.org\/ita\/wp-content\/uploads\/2022\/06\/SITO-AM-845x684.png 845w\" sizes=\"(max-width: 495px) 100vw, 495px\" \/><\/a><div class='slide-content'><header class=\"entry-content-header\"><h3 class='slide-entry-title entry-title '  itemprop=\"headline\" ><a href='http:\/\/www.amormisericordioso.org\/ita\/voi-stessi-date-loro-da-mangiare-lc-913\/' title='&#8220;VOI STESSI DATE LORO DA MANGIARE&#8221; (Lc 9,13)'>&#8220;VOI STESSI DATE LORO DA MANGIARE&#8221; (Lc 9,13)<\/a><\/h3><span class=\"av-vertical-delimiter\"><\/span><\/header><div class='slide-meta'><div class='slide-meta-comments'><a href='http:\/\/www.amormisericordioso.org\/ita\/voi-stessi-date-loro-da-mangiare-lc-913\/#respond'>0 Commenti<\/a><\/div><div class='slide-meta-del'>\/<\/div><time class='slide-meta-time updated'  itemprop=\"datePublished\" datetime=\"2022-06-22T11:47:57+02:00\" >22 Giugno 2022<\/time><\/div><div class='slide-entry-excerpt entry-content'  itemprop=\"text\" >\n\n<\/div><\/div><footer class=\"entry-footer\"><\/footer><span class='hidden'>\n\t\t\t\t<span class='av-structured-data'  itemprop=\"image\" itemscope=\"itemscope\" itemtype=\"https:\/\/schema.org\/ImageObject\" >\n\t\t\t\t\t\t<span itemprop='url'>http:\/\/www.amormisericordioso.org\/ita\/wp-content\/uploads\/2022\/06\/SITO-AM.png<\/span>\n\t\t\t\t\t\t<span itemprop='height'>1080<\/span>\n\t\t\t\t\t\t<span itemprop='width'>1080<\/span>\n\t\t\t\t<\/span>\n\t\t\t\t<span class='av-structured-data'  itemprop=\"publisher\" itemtype=\"https:\/\/schema.org\/Organization\" itemscope=\"itemscope\" >\n\t\t\t\t\t\t<span itemprop='name'>Famiglia dell'Amore Misericordioso<\/span>\n\t\t\t\t\t\t<span itemprop='logo' itemscope itemtype='https:\/\/schema.org\/ImageObject'>\n\t\t\t\t\t\t\t<span itemprop='url'>http:\/\/www.amormisericordioso.org\/ita\/wp-content\/uploads\/2018\/02\/logo-fam-italiano.png<\/span>\n\t\t\t\t\t\t <\/span>\n\t\t\t\t<\/span><span class='av-structured-data'  itemprop=\"author\" itemscope=\"itemscope\" itemtype=\"https:\/\/schema.org\/Person\" ><span itemprop='name'>Famiglia dell'Amore Misericordioso<\/span><\/span><span class='av-structured-data'  itemprop=\"datePublished\" datetime=\"2022-01-05T05:11:44+01:00\" >2022-06-22 11:47:57<\/span><span class='av-structured-data'  itemprop=\"dateModified\" itemtype=\"https:\/\/schema.org\/dateModified\" >2022-06-22 11:47:58<\/span><span class='av-structured-data'  itemprop=\"mainEntityOfPage\" itemtype=\"https:\/\/schema.org\/mainEntityOfPage\" ><span itemprop='name'>&#8220;VOI STESSI DATE LORO DA MANGIARE&#8221; (Lc 9,13)<\/span><\/span><\/span><\/article><article class='slide-entry flex_column  post-entry post-entry-4358 slide-entry-overview slide-loop-140 slide-parity-even  av_one_third  real-thumbnail post-format-standard'  itemscope=\"itemscope\" itemtype=\"https:\/\/schema.org\/CreativeWork\" ><a href='http:\/\/www.amormisericordioso.org\/ita\/2014-31-maggio-2022-8-anniversario-della-beatificazione\/' data-rel='slide-1' class='slide-image' title='2014 &#8211; 31 Maggio &#8211; 2022: 8\u00b0 ANNIVERSARIO DELLA BEATIFICAZIONE'><img decoding=\"async\" width=\"495\" height=\"400\" src=\"http:\/\/www.amormisericordioso.org\/ita\/wp-content\/uploads\/2022\/05\/XI-CAPITOLO-GENERALE-1-495x400.png\" class=\"wp-image-4361 avia-img-lazy-loading-not-4361 attachment-portfolio size-portfolio wp-post-image\" alt=\"\" srcset=\"http:\/\/www.amormisericordioso.org\/ita\/wp-content\/uploads\/2022\/05\/XI-CAPITOLO-GENERALE-1-495x400.png 495w, http:\/\/www.amormisericordioso.org\/ita\/wp-content\/uploads\/2022\/05\/XI-CAPITOLO-GENERALE-1-845x684.png 845w\" sizes=\"(max-width: 495px) 100vw, 495px\" \/><\/a><div class='slide-content'><header class=\"entry-content-header\"><h3 class='slide-entry-title entry-title '  itemprop=\"headline\" ><a href='http:\/\/www.amormisericordioso.org\/ita\/2014-31-maggio-2022-8-anniversario-della-beatificazione\/' title='2014 &#8211; 31 Maggio &#8211; 2022: 8\u00b0 ANNIVERSARIO DELLA BEATIFICAZIONE'>2014 &#8211; 31 Maggio &#8211; 2022: 8\u00b0 ANNIVERSARIO DELLA BEATIFICAZIONE<\/a><\/h3><span class=\"av-vertical-delimiter\"><\/span><\/header><div class='slide-meta'><div class='slide-meta-comments'><a href='http:\/\/www.amormisericordioso.org\/ita\/2014-31-maggio-2022-8-anniversario-della-beatificazione\/#respond'>0 Commenti<\/a><\/div><div class='slide-meta-del'>\/<\/div><time class='slide-meta-time updated'  itemprop=\"datePublished\" datetime=\"2022-05-31T18:00:00+02:00\" >31 Maggio 2022<\/time><\/div><div class='slide-entry-excerpt entry-content'  itemprop=\"text\" >\n\n\n\n<\/div><\/div><footer class=\"entry-footer\"><\/footer><span class='hidden'>\n\t\t\t\t<span class='av-structured-data'  itemprop=\"image\" itemscope=\"itemscope\" itemtype=\"https:\/\/schema.org\/ImageObject\" >\n\t\t\t\t\t\t<span itemprop='url'>http:\/\/www.amormisericordioso.org\/ita\/wp-content\/uploads\/2022\/05\/XI-CAPITOLO-GENERALE-1.png<\/span>\n\t\t\t\t\t\t<span itemprop='height'>1080<\/span>\n\t\t\t\t\t\t<span itemprop='width'>1080<\/span>\n\t\t\t\t<\/span>\n\t\t\t\t<span class='av-structured-data'  itemprop=\"publisher\" itemtype=\"https:\/\/schema.org\/Organization\" itemscope=\"itemscope\" >\n\t\t\t\t\t\t<span itemprop='name'>Famiglia dell'Amore Misericordioso<\/span>\n\t\t\t\t\t\t<span itemprop='logo' itemscope itemtype='https:\/\/schema.org\/ImageObject'>\n\t\t\t\t\t\t\t<span itemprop='url'>http:\/\/www.amormisericordioso.org\/ita\/wp-content\/uploads\/2018\/02\/logo-fam-italiano.png<\/span>\n\t\t\t\t\t\t <\/span>\n\t\t\t\t<\/span><span class='av-structured-data'  itemprop=\"author\" itemscope=\"itemscope\" itemtype=\"https:\/\/schema.org\/Person\" ><span itemprop='name'>Famiglia dell'Amore Misericordioso<\/span><\/span><span class='av-structured-data'  itemprop=\"datePublished\" datetime=\"2022-01-05T05:11:44+01:00\" >2022-05-31 18:00:00<\/span><span class='av-structured-data'  itemprop=\"dateModified\" itemtype=\"https:\/\/schema.org\/dateModified\" >2022-05-30 16:02:07<\/span><span class='av-structured-data'  itemprop=\"mainEntityOfPage\" itemtype=\"https:\/\/schema.org\/mainEntityOfPage\" ><span itemprop='name'>2014 &#8211; 31 Maggio &#8211; 2022: 8\u00b0 ANNIVERSARIO DELLA BEATIFICAZIONE<\/span><\/span><\/span><\/article><article class='slide-entry flex_column  post-entry post-entry-4353 slide-entry-overview slide-loop-141 slide-parity-odd  av_one_third  real-thumbnail post-format-standard'  itemscope=\"itemscope\" itemtype=\"https:\/\/schema.org\/CreativeWork\" ><a href='http:\/\/www.amormisericordioso.org\/ita\/dirette-tv-dalla-basilica-del-santuario-dellamore-misericordioso\/' data-rel='slide-1' class='slide-image' title='DIRETTE TV dalla Basilica del Santuario dell&#8217;Amore Misericordioso'><img decoding=\"async\" width=\"495\" height=\"400\" src=\"http:\/\/www.amormisericordioso.org\/ita\/wp-content\/uploads\/2022\/05\/XI-CAPITOLO-GENERALE-495x400.png\" class=\"wp-image-4355 avia-img-lazy-loading-not-4355 attachment-portfolio size-portfolio wp-post-image\" alt=\"\" srcset=\"http:\/\/www.amormisericordioso.org\/ita\/wp-content\/uploads\/2022\/05\/XI-CAPITOLO-GENERALE-495x400.png 495w, http:\/\/www.amormisericordioso.org\/ita\/wp-content\/uploads\/2022\/05\/XI-CAPITOLO-GENERALE-845x684.png 845w\" sizes=\"(max-width: 495px) 100vw, 495px\" \/><\/a><div class='slide-content'><header class=\"entry-content-header\"><h3 class='slide-entry-title entry-title '  itemprop=\"headline\" ><a href='http:\/\/www.amormisericordioso.org\/ita\/dirette-tv-dalla-basilica-del-santuario-dellamore-misericordioso\/' title='DIRETTE TV dalla Basilica del Santuario dell&#8217;Amore Misericordioso'>DIRETTE TV dalla Basilica del Santuario dell&#8217;Amore Misericordioso<\/a><\/h3><span class=\"av-vertical-delimiter\"><\/span><\/header><div class='slide-meta'><time class='slide-meta-time updated'  itemprop=\"datePublished\" datetime=\"2022-05-30T06:00:00+02:00\" >30 Maggio 2022<\/time><\/div><div class='slide-entry-excerpt entry-content'  itemprop=\"text\" >\n\n\n\n\n\n<\/div><\/div><footer class=\"entry-footer\"><\/footer><span class='hidden'>\n\t\t\t\t<span class='av-structured-data'  itemprop=\"image\" itemscope=\"itemscope\" itemtype=\"https:\/\/schema.org\/ImageObject\" >\n\t\t\t\t\t\t<span itemprop='url'>http:\/\/www.amormisericordioso.org\/ita\/wp-content\/uploads\/2022\/05\/XI-CAPITOLO-GENERALE.png<\/span>\n\t\t\t\t\t\t<span itemprop='height'>1080<\/span>\n\t\t\t\t\t\t<span itemprop='width'>1080<\/span>\n\t\t\t\t<\/span>\n\t\t\t\t<span class='av-structured-data'  itemprop=\"publisher\" itemtype=\"https:\/\/schema.org\/Organization\" itemscope=\"itemscope\" >\n\t\t\t\t\t\t<span itemprop='name'>Famiglia dell'Amore Misericordioso<\/span>\n\t\t\t\t\t\t<span itemprop='logo' itemscope itemtype='https:\/\/schema.org\/ImageObject'>\n\t\t\t\t\t\t\t<span itemprop='url'>http:\/\/www.amormisericordioso.org\/ita\/wp-content\/uploads\/2018\/02\/logo-fam-italiano.png<\/span>\n\t\t\t\t\t\t <\/span>\n\t\t\t\t<\/span><span class='av-structured-data'  itemprop=\"author\" itemscope=\"itemscope\" itemtype=\"https:\/\/schema.org\/Person\" ><span itemprop='name'>Famiglia dell'Amore Misericordioso<\/span><\/span><span class='av-structured-data'  itemprop=\"datePublished\" datetime=\"2022-01-05T05:11:44+01:00\" >2022-05-30 06:00:00<\/span><span class='av-structured-data'  itemprop=\"dateModified\" itemtype=\"https:\/\/schema.org\/dateModified\" >2022-05-26 12:01:09<\/span><span class='av-structured-data'  itemprop=\"mainEntityOfPage\" itemtype=\"https:\/\/schema.org\/mainEntityOfPage\" ><span itemprop='name'>DIRETTE TV dalla Basilica del Santuario dell&#8217;Amore Misericordioso<\/span><\/span><\/span><\/article><\/div><div class='slide-entry-wrap'><article class='slide-entry flex_column  post-entry post-entry-4345 slide-entry-overview slide-loop-142 slide-parity-odd  av_one_third first real-thumbnail post-format-standard'  itemscope=\"itemscope\" itemtype=\"https:\/\/schema.org\/CreativeWork\" ><a href='http:\/\/www.amormisericordioso.org\/ita\/4345-2\/' data-rel='slide-1' class='slide-image' title='Madre Speranza e MARIA MEDIATRICE'><img decoding=\"async\" width=\"495\" height=\"400\" src=\"http:\/\/www.amormisericordioso.org\/ita\/wp-content\/uploads\/2022\/05\/XI-CAPITOLO-GENERALE-16-495x400.png\" class=\"wp-image-4347 avia-img-lazy-loading-not-4347 attachment-portfolio size-portfolio wp-post-image\" alt=\"\" srcset=\"http:\/\/www.amormisericordioso.org\/ita\/wp-content\/uploads\/2022\/05\/XI-CAPITOLO-GENERALE-16-495x400.png 495w, http:\/\/www.amormisericordioso.org\/ita\/wp-content\/uploads\/2022\/05\/XI-CAPITOLO-GENERALE-16-845x684.png 845w\" sizes=\"(max-width: 495px) 100vw, 495px\" \/><\/a><div class='slide-content'><header class=\"entry-content-header\"><h3 class='slide-entry-title entry-title '  itemprop=\"headline\" ><a href='http:\/\/www.amormisericordioso.org\/ita\/4345-2\/' title='Madre Speranza e MARIA MEDIATRICE'>Madre Speranza e MARIA MEDIATRICE<\/a><\/h3><span class=\"av-vertical-delimiter\"><\/span><\/header><div class='slide-meta'><div class='slide-meta-comments'><a href='http:\/\/www.amormisericordioso.org\/ita\/4345-2\/#respond'>0 Commenti<\/a><\/div><div class='slide-meta-del'>\/<\/div><time class='slide-meta-time updated'  itemprop=\"datePublished\" datetime=\"2022-05-13T10:12:46+02:00\" >13 Maggio 2022<\/time><\/div><div class='slide-entry-excerpt entry-content'  itemprop=\"text\" >\n\n\n\n<\/div><\/div><footer class=\"entry-footer\"><\/footer><span class='hidden'>\n\t\t\t\t<span class='av-structured-data'  itemprop=\"image\" itemscope=\"itemscope\" itemtype=\"https:\/\/schema.org\/ImageObject\" >\n\t\t\t\t\t\t<span itemprop='url'>http:\/\/www.amormisericordioso.org\/ita\/wp-content\/uploads\/2022\/05\/XI-CAPITOLO-GENERALE-16.png<\/span>\n\t\t\t\t\t\t<span itemprop='height'>1080<\/span>\n\t\t\t\t\t\t<span itemprop='width'>1080<\/span>\n\t\t\t\t<\/span>\n\t\t\t\t<span class='av-structured-data'  itemprop=\"publisher\" itemtype=\"https:\/\/schema.org\/Organization\" itemscope=\"itemscope\" >\n\t\t\t\t\t\t<span itemprop='name'>Famiglia dell'Amore Misericordioso<\/span>\n\t\t\t\t\t\t<span itemprop='logo' itemscope itemtype='https:\/\/schema.org\/ImageObject'>\n\t\t\t\t\t\t\t<span itemprop='url'>http:\/\/www.amormisericordioso.org\/ita\/wp-content\/uploads\/2018\/02\/logo-fam-italiano.png<\/span>\n\t\t\t\t\t\t <\/span>\n\t\t\t\t<\/span><span class='av-structured-data'  itemprop=\"author\" itemscope=\"itemscope\" itemtype=\"https:\/\/schema.org\/Person\" ><span itemprop='name'>Famiglia dell'Amore Misericordioso<\/span><\/span><span class='av-structured-data'  itemprop=\"datePublished\" datetime=\"2022-01-05T05:11:44+01:00\" >2022-05-13 10:12:46<\/span><span class='av-structured-data'  itemprop=\"dateModified\" itemtype=\"https:\/\/schema.org\/dateModified\" >2022-05-13 10:13:19<\/span><span class='av-structured-data'  itemprop=\"mainEntityOfPage\" itemtype=\"https:\/\/schema.org\/mainEntityOfPage\" ><span itemprop='name'>Madre Speranza e MARIA MEDIATRICE<\/span><\/span><\/span><\/article><article class='slide-entry flex_column  post-entry post-entry-4332 slide-entry-overview slide-loop-143 slide-parity-even  av_one_third  real-thumbnail post-format-standard'  itemscope=\"itemscope\" itemtype=\"https:\/\/schema.org\/CreativeWork\" ><a href='http:\/\/www.amormisericordioso.org\/ita\/fr-lenin-milton-castro-mendieta-novello-diacono-figlio-dellamore-misericordioso\/' data-rel='slide-1' class='slide-image' title='Fr. LENIN MILTON CASTRO MENDIETA: novello diacono Figlio dell&#8217;Amore Misericordioso'><img decoding=\"async\" width=\"495\" height=\"400\" src=\"http:\/\/www.amormisericordioso.org\/ita\/wp-content\/uploads\/2022\/05\/XI-CAPITOLO-GENERALE-15-495x400.png\" class=\"wp-image-4335 avia-img-lazy-loading-not-4335 attachment-portfolio size-portfolio wp-post-image\" alt=\"\" srcset=\"http:\/\/www.amormisericordioso.org\/ita\/wp-content\/uploads\/2022\/05\/XI-CAPITOLO-GENERALE-15-495x400.png 495w, http:\/\/www.amormisericordioso.org\/ita\/wp-content\/uploads\/2022\/05\/XI-CAPITOLO-GENERALE-15-845x684.png 845w\" sizes=\"(max-width: 495px) 100vw, 495px\" \/><\/a><div class='slide-content'><header class=\"entry-content-header\"><h3 class='slide-entry-title entry-title '  itemprop=\"headline\" ><a href='http:\/\/www.amormisericordioso.org\/ita\/fr-lenin-milton-castro-mendieta-novello-diacono-figlio-dellamore-misericordioso\/' title='Fr. LENIN MILTON CASTRO MENDIETA: novello diacono Figlio dell&#8217;Amore Misericordioso'>Fr. LENIN MILTON CASTRO MENDIETA: novello diacono Figlio dell&#8217;Amore Misericordioso<\/a><\/h3><span class=\"av-vertical-delimiter\"><\/span><\/header><div class='slide-meta'><div class='slide-meta-comments'><a href='http:\/\/www.amormisericordioso.org\/ita\/fr-lenin-milton-castro-mendieta-novello-diacono-figlio-dellamore-misericordioso\/#respond'>0 Commenti<\/a><\/div><div class='slide-meta-del'>\/<\/div><time class='slide-meta-time updated'  itemprop=\"datePublished\" datetime=\"2022-05-02T17:54:35+02:00\" >2 Maggio 2022<\/time><\/div><div class='slide-entry-excerpt entry-content'  itemprop=\"text\" >\n\n\n\n<\/div><\/div><footer class=\"entry-footer\"><\/footer><span class='hidden'>\n\t\t\t\t<span class='av-structured-data'  itemprop=\"image\" itemscope=\"itemscope\" itemtype=\"https:\/\/schema.org\/ImageObject\" >\n\t\t\t\t\t\t<span itemprop='url'>http:\/\/www.amormisericordioso.org\/ita\/wp-content\/uploads\/2022\/05\/XI-CAPITOLO-GENERALE-15.png<\/span>\n\t\t\t\t\t\t<span itemprop='height'>1080<\/span>\n\t\t\t\t\t\t<span itemprop='width'>1080<\/span>\n\t\t\t\t<\/span>\n\t\t\t\t<span class='av-structured-data'  itemprop=\"publisher\" itemtype=\"https:\/\/schema.org\/Organization\" itemscope=\"itemscope\" >\n\t\t\t\t\t\t<span itemprop='name'>Famiglia dell'Amore Misericordioso<\/span>\n\t\t\t\t\t\t<span itemprop='logo' itemscope itemtype='https:\/\/schema.org\/ImageObject'>\n\t\t\t\t\t\t\t<span itemprop='url'>http:\/\/www.amormisericordioso.org\/ita\/wp-content\/uploads\/2018\/02\/logo-fam-italiano.png<\/span>\n\t\t\t\t\t\t <\/span>\n\t\t\t\t<\/span><span class='av-structured-data'  itemprop=\"author\" itemscope=\"itemscope\" itemtype=\"https:\/\/schema.org\/Person\" ><span itemprop='name'>Famiglia dell'Amore Misericordioso<\/span><\/span><span class='av-structured-data'  itemprop=\"datePublished\" datetime=\"2022-01-05T05:11:44+01:00\" >2022-05-02 17:54:35<\/span><span class='av-structured-data'  itemprop=\"dateModified\" itemtype=\"https:\/\/schema.org\/dateModified\" >2022-05-02 17:54:37<\/span><span class='av-structured-data'  itemprop=\"mainEntityOfPage\" itemtype=\"https:\/\/schema.org\/mainEntityOfPage\" ><span itemprop='name'>Fr. LENIN MILTON CASTRO MENDIETA: novello diacono Figlio dell&#8217;Amore Misericordioso<\/span><\/span><\/span><\/article><article class='slide-entry flex_column  post-entry post-entry-4325 slide-entry-overview slide-loop-144 slide-parity-odd  av_one_third  real-thumbnail post-format-standard'  itemscope=\"itemscope\" itemtype=\"https:\/\/schema.org\/CreativeWork\" ><a href='http:\/\/www.amormisericordioso.org\/ita\/p-massimo-tofani-novello-presbitero-tra-i-figli-dellamore-misericordioso\/' data-rel='slide-1' class='slide-image' title='P. MASSIMO TOFANI: novello presbitero tra i Figli dell\u2019Amore Misericordioso'><img decoding=\"async\" width=\"495\" height=\"400\" src=\"http:\/\/www.amormisericordioso.org\/ita\/wp-content\/uploads\/2022\/04\/XI-CAPITOLO-GENERALE-14-495x400.png\" class=\"wp-image-4328 avia-img-lazy-loading-not-4328 attachment-portfolio size-portfolio wp-post-image\" alt=\"\" srcset=\"http:\/\/www.amormisericordioso.org\/ita\/wp-content\/uploads\/2022\/04\/XI-CAPITOLO-GENERALE-14-495x400.png 495w, http:\/\/www.amormisericordioso.org\/ita\/wp-content\/uploads\/2022\/04\/XI-CAPITOLO-GENERALE-14-845x684.png 845w\" sizes=\"(max-width: 495px) 100vw, 495px\" \/><\/a><div class='slide-content'><header class=\"entry-content-header\"><h3 class='slide-entry-title entry-title '  itemprop=\"headline\" ><a href='http:\/\/www.amormisericordioso.org\/ita\/p-massimo-tofani-novello-presbitero-tra-i-figli-dellamore-misericordioso\/' title='P. MASSIMO TOFANI: novello presbitero tra i Figli dell\u2019Amore Misericordioso'>P. MASSIMO TOFANI: novello presbitero tra i Figli dell\u2019Amore Misericordioso<\/a><\/h3><span class=\"av-vertical-delimiter\"><\/span><\/header><div class='slide-meta'><div class='slide-meta-comments'><a href='http:\/\/www.amormisericordioso.org\/ita\/p-massimo-tofani-novello-presbitero-tra-i-figli-dellamore-misericordioso\/#respond'>0 Commenti<\/a><\/div><div class='slide-meta-del'>\/<\/div><time class='slide-meta-time updated'  itemprop=\"datePublished\" datetime=\"2022-04-26T10:51:56+02:00\" >26 Aprile 2022<\/time><\/div><div class='slide-entry-excerpt entry-content'  itemprop=\"text\" >\n\n\n\n<\/div><\/div><footer class=\"entry-footer\"><\/footer><span class='hidden'>\n\t\t\t\t<span class='av-structured-data'  itemprop=\"image\" itemscope=\"itemscope\" itemtype=\"https:\/\/schema.org\/ImageObject\" >\n\t\t\t\t\t\t<span itemprop='url'>http:\/\/www.amormisericordioso.org\/ita\/wp-content\/uploads\/2022\/04\/XI-CAPITOLO-GENERALE-14.png<\/span>\n\t\t\t\t\t\t<span itemprop='height'>1080<\/span>\n\t\t\t\t\t\t<span itemprop='width'>1080<\/span>\n\t\t\t\t<\/span>\n\t\t\t\t<span class='av-structured-data'  itemprop=\"publisher\" itemtype=\"https:\/\/schema.org\/Organization\" itemscope=\"itemscope\" >\n\t\t\t\t\t\t<span itemprop='name'>Famiglia dell'Amore Misericordioso<\/span>\n\t\t\t\t\t\t<span itemprop='logo' itemscope itemtype='https:\/\/schema.org\/ImageObject'>\n\t\t\t\t\t\t\t<span itemprop='url'>http:\/\/www.amormisericordioso.org\/ita\/wp-content\/uploads\/2018\/02\/logo-fam-italiano.png<\/span>\n\t\t\t\t\t\t <\/span>\n\t\t\t\t<\/span><span class='av-structured-data'  itemprop=\"author\" itemscope=\"itemscope\" itemtype=\"https:\/\/schema.org\/Person\" ><span itemprop='name'>Famiglia dell'Amore Misericordioso<\/span><\/span><span class='av-structured-data'  itemprop=\"datePublished\" datetime=\"2022-01-05T05:11:44+01:00\" >2022-04-26 10:51:56<\/span><span class='av-structured-data'  itemprop=\"dateModified\" itemtype=\"https:\/\/schema.org\/dateModified\" >2022-04-26 10:52:53<\/span><span class='av-structured-data'  itemprop=\"mainEntityOfPage\" itemtype=\"https:\/\/schema.org\/mainEntityOfPage\" ><span itemprop='name'>P. MASSIMO TOFANI: novello presbitero tra i Figli dell\u2019Amore Misericordioso<\/span><\/span><\/span><\/article><\/div><div class='slide-entry-wrap'><article class='slide-entry flex_column  post-entry post-entry-4266 slide-entry-overview slide-loop-145 slide-parity-odd  av_one_third first real-thumbnail post-format-standard'  itemscope=\"itemscope\" itemtype=\"https:\/\/schema.org\/CreativeWork\" ><a href='http:\/\/www.amormisericordioso.org\/ita\/4266-2\/' data-rel='slide-1' class='slide-image' title='#6 IL VOLTO DELLA MISERICORDIA: il centurione ai piedi della croce'><img decoding=\"async\" width=\"495\" height=\"400\" src=\"http:\/\/www.amormisericordioso.org\/ita\/wp-content\/uploads\/2022\/03\/XI-CAPITOLO-GENERALE-12-495x400.png\" class=\"wp-image-4268 avia-img-lazy-loading-not-4268 attachment-portfolio size-portfolio wp-post-image\" alt=\"\" srcset=\"http:\/\/www.amormisericordioso.org\/ita\/wp-content\/uploads\/2022\/03\/XI-CAPITOLO-GENERALE-12-495x400.png 495w, http:\/\/www.amormisericordioso.org\/ita\/wp-content\/uploads\/2022\/03\/XI-CAPITOLO-GENERALE-12-845x684.png 845w\" sizes=\"(max-width: 495px) 100vw, 495px\" \/><\/a><div class='slide-content'><header class=\"entry-content-header\"><h3 class='slide-entry-title entry-title '  itemprop=\"headline\" ><a href='http:\/\/www.amormisericordioso.org\/ita\/4266-2\/' title='#6 IL VOLTO DELLA MISERICORDIA: il centurione ai piedi della croce'>#6 IL VOLTO DELLA MISERICORDIA: il centurione ai piedi della croce<\/a><\/h3><span class=\"av-vertical-delimiter\"><\/span><\/header><div class='slide-meta'><div class='slide-meta-comments'><a href='http:\/\/www.amormisericordioso.org\/ita\/4266-2\/#respond'>0 Commenti<\/a><\/div><div class='slide-meta-del'>\/<\/div><time class='slide-meta-time updated'  itemprop=\"datePublished\" datetime=\"2022-04-11T08:00:00+02:00\" >11 Aprile 2022<\/time><\/div><div class='slide-entry-excerpt entry-content'  itemprop=\"text\" >\n\n\n\n\n\n<\/div><\/div><footer class=\"entry-footer\"><\/footer><span class='hidden'>\n\t\t\t\t<span class='av-structured-data'  itemprop=\"image\" itemscope=\"itemscope\" itemtype=\"https:\/\/schema.org\/ImageObject\" >\n\t\t\t\t\t\t<span itemprop='url'>http:\/\/www.amormisericordioso.org\/ita\/wp-content\/uploads\/2022\/03\/XI-CAPITOLO-GENERALE-12.png<\/span>\n\t\t\t\t\t\t<span itemprop='height'>1080<\/span>\n\t\t\t\t\t\t<span itemprop='width'>1080<\/span>\n\t\t\t\t<\/span>\n\t\t\t\t<span class='av-structured-data'  itemprop=\"publisher\" itemtype=\"https:\/\/schema.org\/Organization\" itemscope=\"itemscope\" >\n\t\t\t\t\t\t<span itemprop='name'>Famiglia dell'Amore Misericordioso<\/span>\n\t\t\t\t\t\t<span itemprop='logo' itemscope itemtype='https:\/\/schema.org\/ImageObject'>\n\t\t\t\t\t\t\t<span itemprop='url'>http:\/\/www.amormisericordioso.org\/ita\/wp-content\/uploads\/2018\/02\/logo-fam-italiano.png<\/span>\n\t\t\t\t\t\t <\/span>\n\t\t\t\t<\/span><span class='av-structured-data'  itemprop=\"author\" itemscope=\"itemscope\" itemtype=\"https:\/\/schema.org\/Person\" ><span itemprop='name'>Famiglia dell'Amore Misericordioso<\/span><\/span><span class='av-structured-data'  itemprop=\"datePublished\" datetime=\"2022-01-05T05:11:44+01:00\" >2022-04-11 08:00:00<\/span><span class='av-structured-data'  itemprop=\"dateModified\" itemtype=\"https:\/\/schema.org\/dateModified\" >2022-03-08 17:35:41<\/span><span class='av-structured-data'  itemprop=\"mainEntityOfPage\" itemtype=\"https:\/\/schema.org\/mainEntityOfPage\" ><span itemprop='name'>#6 IL VOLTO DELLA MISERICORDIA: il centurione ai piedi della croce<\/span><\/span><\/span><\/article><article class='slide-entry flex_column  post-entry post-entry-4261 slide-entry-overview slide-loop-146 slide-parity-even  av_one_third  real-thumbnail post-format-standard'  itemscope=\"itemscope\" itemtype=\"https:\/\/schema.org\/CreativeWork\" ><a href='http:\/\/www.amormisericordioso.org\/ita\/4261-2\/' data-rel='slide-1' class='slide-image' title='#5 IL VOLTO DELLA MISERICORDIA: l\u2019Eucarestia'><img decoding=\"async\" width=\"495\" height=\"400\" src=\"http:\/\/www.amormisericordioso.org\/ita\/wp-content\/uploads\/2022\/03\/5-495x400.png\" class=\"wp-image-4263 avia-img-lazy-loading-not-4263 attachment-portfolio size-portfolio wp-post-image\" alt=\"\" srcset=\"http:\/\/www.amormisericordioso.org\/ita\/wp-content\/uploads\/2022\/03\/5-495x400.png 495w, http:\/\/www.amormisericordioso.org\/ita\/wp-content\/uploads\/2022\/03\/5-845x684.png 845w\" sizes=\"(max-width: 495px) 100vw, 495px\" \/><\/a><div class='slide-content'><header class=\"entry-content-header\"><h3 class='slide-entry-title entry-title '  itemprop=\"headline\" ><a href='http:\/\/www.amormisericordioso.org\/ita\/4261-2\/' title='#5 IL VOLTO DELLA MISERICORDIA: l\u2019Eucarestia'>#5 IL VOLTO DELLA MISERICORDIA: l\u2019Eucarestia<\/a><\/h3><span class=\"av-vertical-delimiter\"><\/span><\/header><div class='slide-meta'><div class='slide-meta-comments'><a href='http:\/\/www.amormisericordioso.org\/ita\/4261-2\/#respond'>0 Commenti<\/a><\/div><div class='slide-meta-del'>\/<\/div><time class='slide-meta-time updated'  itemprop=\"datePublished\" datetime=\"2022-04-04T08:00:00+02:00\" >4 Aprile 2022<\/time><\/div><div class='slide-entry-excerpt entry-content'  itemprop=\"text\" >\n\n\n\n\n\n<\/div><\/div><footer class=\"entry-footer\"><\/footer><span class='hidden'>\n\t\t\t\t<span class='av-structured-data'  itemprop=\"image\" itemscope=\"itemscope\" itemtype=\"https:\/\/schema.org\/ImageObject\" >\n\t\t\t\t\t\t<span itemprop='url'>http:\/\/www.amormisericordioso.org\/ita\/wp-content\/uploads\/2022\/03\/5.png<\/span>\n\t\t\t\t\t\t<span itemprop='height'>1080<\/span>\n\t\t\t\t\t\t<span itemprop='width'>1080<\/span>\n\t\t\t\t<\/span>\n\t\t\t\t<span class='av-structured-data'  itemprop=\"publisher\" itemtype=\"https:\/\/schema.org\/Organization\" itemscope=\"itemscope\" >\n\t\t\t\t\t\t<span itemprop='name'>Famiglia dell'Amore Misericordioso<\/span>\n\t\t\t\t\t\t<span itemprop='logo' itemscope itemtype='https:\/\/schema.org\/ImageObject'>\n\t\t\t\t\t\t\t<span itemprop='url'>http:\/\/www.amormisericordioso.org\/ita\/wp-content\/uploads\/2018\/02\/logo-fam-italiano.png<\/span>\n\t\t\t\t\t\t <\/span>\n\t\t\t\t<\/span><span class='av-structured-data'  itemprop=\"author\" itemscope=\"itemscope\" itemtype=\"https:\/\/schema.org\/Person\" ><span itemprop='name'>Famiglia dell'Amore Misericordioso<\/span><\/span><span class='av-structured-data'  itemprop=\"datePublished\" datetime=\"2022-01-05T05:11:44+01:00\" >2022-04-04 08:00:00<\/span><span class='av-structured-data'  itemprop=\"dateModified\" itemtype=\"https:\/\/schema.org\/dateModified\" >2022-03-08 16:53:52<\/span><span class='av-structured-data'  itemprop=\"mainEntityOfPage\" itemtype=\"https:\/\/schema.org\/mainEntityOfPage\" ><span itemprop='name'>#5 IL VOLTO DELLA MISERICORDIA: l\u2019Eucarestia<\/span><\/span><\/span><\/article><article class='slide-entry flex_column  post-entry post-entry-4256 slide-entry-overview slide-loop-147 slide-parity-odd  av_one_third  real-thumbnail post-format-standard'  itemscope=\"itemscope\" itemtype=\"https:\/\/schema.org\/CreativeWork\" ><a href='http:\/\/www.amormisericordioso.org\/ita\/4-il-volto-della-misericordia-la-corona-regale\/' data-rel='slide-1' class='slide-image' title='#4 IL VOLTO DELLA MISERICORDIA: la corona regale'><img decoding=\"async\" width=\"495\" height=\"400\" src=\"http:\/\/www.amormisericordioso.org\/ita\/wp-content\/uploads\/2022\/03\/41-495x400.png\" class=\"wp-image-4258 avia-img-lazy-loading-not-4258 attachment-portfolio size-portfolio wp-post-image\" alt=\"\" \/><\/a><div class='slide-content'><header class=\"entry-content-header\"><h3 class='slide-entry-title entry-title '  itemprop=\"headline\" ><a href='http:\/\/www.amormisericordioso.org\/ita\/4-il-volto-della-misericordia-la-corona-regale\/' title='#4 IL VOLTO DELLA MISERICORDIA: la corona regale'>#4 IL VOLTO DELLA MISERICORDIA: la corona regale<\/a><\/h3><span class=\"av-vertical-delimiter\"><\/span><\/header><div class='slide-meta'><div class='slide-meta-comments'><a href='http:\/\/www.amormisericordioso.org\/ita\/4-il-volto-della-misericordia-la-corona-regale\/#respond'>0 Commenti<\/a><\/div><div class='slide-meta-del'>\/<\/div><time class='slide-meta-time updated'  itemprop=\"datePublished\" datetime=\"2022-03-28T08:00:00+02:00\" >28 Marzo 2022<\/time><\/div><div class='slide-entry-excerpt entry-content'  itemprop=\"text\" >\n\n\n\n\n\n<\/div><\/div><footer class=\"entry-footer\"><\/footer><span class='hidden'>\n\t\t\t\t<span class='av-structured-data'  itemprop=\"image\" itemscope=\"itemscope\" itemtype=\"https:\/\/schema.org\/ImageObject\" >\n\t\t\t\t\t\t<span itemprop='url'>http:\/\/www.amormisericordioso.org\/ita\/wp-content\/uploads\/2022\/03\/41.png<\/span>\n\t\t\t\t\t\t<span itemprop='height'>1080<\/span>\n\t\t\t\t\t\t<span itemprop='width'>1080<\/span>\n\t\t\t\t<\/span>\n\t\t\t\t<span class='av-structured-data'  itemprop=\"publisher\" itemtype=\"https:\/\/schema.org\/Organization\" itemscope=\"itemscope\" >\n\t\t\t\t\t\t<span itemprop='name'>Famiglia dell'Amore Misericordioso<\/span>\n\t\t\t\t\t\t<span itemprop='logo' itemscope itemtype='https:\/\/schema.org\/ImageObject'>\n\t\t\t\t\t\t\t<span itemprop='url'>http:\/\/www.amormisericordioso.org\/ita\/wp-content\/uploads\/2018\/02\/logo-fam-italiano.png<\/span>\n\t\t\t\t\t\t <\/span>\n\t\t\t\t<\/span><span class='av-structured-data'  itemprop=\"author\" itemscope=\"itemscope\" itemtype=\"https:\/\/schema.org\/Person\" ><span itemprop='name'>Famiglia dell'Amore Misericordioso<\/span><\/span><span class='av-structured-data'  itemprop=\"datePublished\" datetime=\"2022-01-05T05:11:44+01:00\" >2022-03-28 08:00:00<\/span><span class='av-structured-data'  itemprop=\"dateModified\" itemtype=\"https:\/\/schema.org\/dateModified\" >2022-03-08 16:01:06<\/span><span class='av-structured-data'  itemprop=\"mainEntityOfPage\" itemtype=\"https:\/\/schema.org\/mainEntityOfPage\" ><span itemprop='name'>#4 IL VOLTO DELLA MISERICORDIA: la corona regale<\/span><\/span><\/span><\/article><\/div><div class='slide-entry-wrap'><article class='slide-entry flex_column  post-entry post-entry-4251 slide-entry-overview slide-loop-148 slide-parity-odd  av_one_third first real-thumbnail post-format-standard'  itemscope=\"itemscope\" itemtype=\"https:\/\/schema.org\/CreativeWork\" ><a href='http:\/\/www.amormisericordioso.org\/ita\/4251-2\/' data-rel='slide-1' class='slide-image' title='#3 IL VOLTO DELLA MISERICORDIA: il comandamento nuovo dell\u2019amore'><img decoding=\"async\" width=\"495\" height=\"400\" src=\"http:\/\/www.amormisericordioso.org\/ita\/wp-content\/uploads\/2022\/03\/31-495x400.png\" class=\"wp-image-4253 avia-img-lazy-loading-not-4253 attachment-portfolio size-portfolio wp-post-image\" alt=\"\" srcset=\"http:\/\/www.amormisericordioso.org\/ita\/wp-content\/uploads\/2022\/03\/31-495x400.png 495w, http:\/\/www.amormisericordioso.org\/ita\/wp-content\/uploads\/2022\/03\/31-845x684.png 845w\" sizes=\"(max-width: 495px) 100vw, 495px\" \/><\/a><div class='slide-content'><header class=\"entry-content-header\"><h3 class='slide-entry-title entry-title '  itemprop=\"headline\" ><a href='http:\/\/www.amormisericordioso.org\/ita\/4251-2\/' title='#3 IL VOLTO DELLA MISERICORDIA: il comandamento nuovo dell\u2019amore'>#3 IL VOLTO DELLA MISERICORDIA: il comandamento nuovo dell\u2019amore<\/a><\/h3><span class=\"av-vertical-delimiter\"><\/span><\/header><div class='slide-meta'><div class='slide-meta-comments'><a href='http:\/\/www.amormisericordioso.org\/ita\/4251-2\/#respond'>0 Commenti<\/a><\/div><div class='slide-meta-del'>\/<\/div><time class='slide-meta-time updated'  itemprop=\"datePublished\" datetime=\"2022-03-21T08:00:00+01:00\" >21 Marzo 2022<\/time><\/div><div class='slide-entry-excerpt entry-content'  itemprop=\"text\" >\n\n\n\n\n\n<\/div><\/div><footer class=\"entry-footer\"><\/footer><span class='hidden'>\n\t\t\t\t<span class='av-structured-data'  itemprop=\"image\" itemscope=\"itemscope\" itemtype=\"https:\/\/schema.org\/ImageObject\" >\n\t\t\t\t\t\t<span itemprop='url'>http:\/\/www.amormisericordioso.org\/ita\/wp-content\/uploads\/2022\/03\/31.png<\/span>\n\t\t\t\t\t\t<span itemprop='height'>1080<\/span>\n\t\t\t\t\t\t<span itemprop='width'>1080<\/span>\n\t\t\t\t<\/span>\n\t\t\t\t<span class='av-structured-data'  itemprop=\"publisher\" itemtype=\"https:\/\/schema.org\/Organization\" itemscope=\"itemscope\" >\n\t\t\t\t\t\t<span itemprop='name'>Famiglia dell'Amore Misericordioso<\/span>\n\t\t\t\t\t\t<span itemprop='logo' itemscope itemtype='https:\/\/schema.org\/ImageObject'>\n\t\t\t\t\t\t\t<span itemprop='url'>http:\/\/www.amormisericordioso.org\/ita\/wp-content\/uploads\/2018\/02\/logo-fam-italiano.png<\/span>\n\t\t\t\t\t\t <\/span>\n\t\t\t\t<\/span><span class='av-structured-data'  itemprop=\"author\" itemscope=\"itemscope\" itemtype=\"https:\/\/schema.org\/Person\" ><span itemprop='name'>Famiglia dell'Amore Misericordioso<\/span><\/span><span class='av-structured-data'  itemprop=\"datePublished\" datetime=\"2022-01-05T05:11:44+01:00\" >2022-03-21 08:00:00<\/span><span class='av-structured-data'  itemprop=\"dateModified\" itemtype=\"https:\/\/schema.org\/dateModified\" >2022-03-08 16:21:13<\/span><span class='av-structured-data'  itemprop=\"mainEntityOfPage\" itemtype=\"https:\/\/schema.org\/mainEntityOfPage\" ><span itemprop='name'>#3 IL VOLTO DELLA MISERICORDIA: il comandamento nuovo dell\u2019amore<\/span><\/span><\/span><\/article><article class='slide-entry flex_column  post-entry post-entry-4307 slide-entry-overview slide-loop-149 slide-parity-even  av_one_third  real-thumbnail post-format-standard'  itemscope=\"itemscope\" itemtype=\"https:\/\/schema.org\/CreativeWork\" ><a href='http:\/\/www.amormisericordioso.org\/ita\/la-famiglia-dellamore-misericordioso-in-udienza-da-papa-francesco\/' data-rel='slide-1' class='slide-image' title='La FAMIGLIA DELL&#8217;AMORE MISERICORDIOSO in Udienza da Papa Francesco'><img decoding=\"async\" width=\"495\" height=\"400\" src=\"http:\/\/www.amormisericordioso.org\/ita\/wp-content\/uploads\/2022\/03\/XI-CAPITOLO-GENERALE-13-495x400.png\" class=\"wp-image-4308 avia-img-lazy-loading-not-4308 attachment-portfolio size-portfolio wp-post-image\" alt=\"\" srcset=\"http:\/\/www.amormisericordioso.org\/ita\/wp-content\/uploads\/2022\/03\/XI-CAPITOLO-GENERALE-13-495x400.png 495w, http:\/\/www.amormisericordioso.org\/ita\/wp-content\/uploads\/2022\/03\/XI-CAPITOLO-GENERALE-13-845x684.png 845w\" sizes=\"(max-width: 495px) 100vw, 495px\" \/><\/a><div class='slide-content'><header class=\"entry-content-header\"><h3 class='slide-entry-title entry-title '  itemprop=\"headline\" ><a href='http:\/\/www.amormisericordioso.org\/ita\/la-famiglia-dellamore-misericordioso-in-udienza-da-papa-francesco\/' title='La FAMIGLIA DELL&#8217;AMORE MISERICORDIOSO in Udienza da Papa Francesco'>La FAMIGLIA DELL&#8217;AMORE MISERICORDIOSO in Udienza da Papa Francesco<\/a><\/h3><span class=\"av-vertical-delimiter\"><\/span><\/header><div class='slide-meta'><div class='slide-meta-comments'><a href='http:\/\/www.amormisericordioso.org\/ita\/la-famiglia-dellamore-misericordioso-in-udienza-da-papa-francesco\/#respond'>0 Commenti<\/a><\/div><div class='slide-meta-del'>\/<\/div><time class='slide-meta-time updated'  itemprop=\"datePublished\" datetime=\"2022-03-16T17:25:30+01:00\" >16 Marzo 2022<\/time><\/div><div class='slide-entry-excerpt entry-content'  itemprop=\"text\" >\n\n\n\n<\/div><\/div><footer class=\"entry-footer\"><\/footer><span class='hidden'>\n\t\t\t\t<span class='av-structured-data'  itemprop=\"image\" itemscope=\"itemscope\" itemtype=\"https:\/\/schema.org\/ImageObject\" >\n\t\t\t\t\t\t<span itemprop='url'>http:\/\/www.amormisericordioso.org\/ita\/wp-content\/uploads\/2022\/03\/XI-CAPITOLO-GENERALE-13.png<\/span>\n\t\t\t\t\t\t<span itemprop='height'>1080<\/span>\n\t\t\t\t\t\t<span itemprop='width'>1080<\/span>\n\t\t\t\t<\/span>\n\t\t\t\t<span class='av-structured-data'  itemprop=\"publisher\" itemtype=\"https:\/\/schema.org\/Organization\" itemscope=\"itemscope\" >\n\t\t\t\t\t\t<span itemprop='name'>Famiglia dell'Amore Misericordioso<\/span>\n\t\t\t\t\t\t<span itemprop='logo' itemscope itemtype='https:\/\/schema.org\/ImageObject'>\n\t\t\t\t\t\t\t<span itemprop='url'>http:\/\/www.amormisericordioso.org\/ita\/wp-content\/uploads\/2018\/02\/logo-fam-italiano.png<\/span>\n\t\t\t\t\t\t <\/span>\n\t\t\t\t<\/span><span class='av-structured-data'  itemprop=\"author\" itemscope=\"itemscope\" itemtype=\"https:\/\/schema.org\/Person\" ><span itemprop='name'>Famiglia dell'Amore Misericordioso<\/span><\/span><span class='av-structured-data'  itemprop=\"datePublished\" datetime=\"2022-01-05T05:11:44+01:00\" >2022-03-16 17:25:30<\/span><span class='av-structured-data'  itemprop=\"dateModified\" itemtype=\"https:\/\/schema.org\/dateModified\" >2022-03-16 17:25:34<\/span><span class='av-structured-data'  itemprop=\"mainEntityOfPage\" itemtype=\"https:\/\/schema.org\/mainEntityOfPage\" ><span itemprop='name'>La FAMIGLIA DELL&#8217;AMORE MISERICORDIOSO in Udienza da Papa Francesco<\/span><\/span><\/span><\/article><article class='slide-entry flex_column  post-entry post-entry-4246 slide-entry-overview slide-loop-150 slide-parity-odd  av_one_third  real-thumbnail post-format-standard'  itemscope=\"itemscope\" itemtype=\"https:\/\/schema.org\/CreativeWork\" ><a href='http:\/\/www.amormisericordioso.org\/ita\/2-il-volto-della-misericordia-il-cuore-dipinto-sul-petto\/' data-rel='slide-1' class='slide-image' title='#2 IL VOLTO DELLA MISERICORDIA: il cuore dipinto sul petto'><img decoding=\"async\" width=\"495\" height=\"400\" src=\"http:\/\/www.amormisericordioso.org\/ita\/wp-content\/uploads\/2022\/03\/21-495x400.png\" class=\"wp-image-4248 avia-img-lazy-loading-not-4248 attachment-portfolio size-portfolio wp-post-image\" alt=\"\" srcset=\"http:\/\/www.amormisericordioso.org\/ita\/wp-content\/uploads\/2022\/03\/21-495x400.png 495w, http:\/\/www.amormisericordioso.org\/ita\/wp-content\/uploads\/2022\/03\/21-845x684.png 845w\" sizes=\"(max-width: 495px) 100vw, 495px\" \/><\/a><div class='slide-content'><header class=\"entry-content-header\"><h3 class='slide-entry-title entry-title '  itemprop=\"headline\" ><a href='http:\/\/www.amormisericordioso.org\/ita\/2-il-volto-della-misericordia-il-cuore-dipinto-sul-petto\/' title='#2 IL VOLTO DELLA MISERICORDIA: il cuore dipinto sul petto'>#2 IL VOLTO DELLA MISERICORDIA: il cuore dipinto sul petto<\/a><\/h3><span class=\"av-vertical-delimiter\"><\/span><\/header><div class='slide-meta'><div class='slide-meta-comments'><a href='http:\/\/www.amormisericordioso.org\/ita\/2-il-volto-della-misericordia-il-cuore-dipinto-sul-petto\/#respond'>0 Commenti<\/a><\/div><div class='slide-meta-del'>\/<\/div><time class='slide-meta-time updated'  itemprop=\"datePublished\" datetime=\"2022-03-14T08:00:00+01:00\" >14 Marzo 2022<\/time><\/div><div class='slide-entry-excerpt entry-content'  itemprop=\"text\" >\n\n\n\n\n\n<\/div><\/div><footer class=\"entry-footer\"><\/footer><span class='hidden'>\n\t\t\t\t<span class='av-structured-data'  itemprop=\"image\" itemscope=\"itemscope\" itemtype=\"https:\/\/schema.org\/ImageObject\" >\n\t\t\t\t\t\t<span itemprop='url'>http:\/\/www.amormisericordioso.org\/ita\/wp-content\/uploads\/2022\/03\/21.png<\/span>\n\t\t\t\t\t\t<span itemprop='height'>1080<\/span>\n\t\t\t\t\t\t<span itemprop='width'>1080<\/span>\n\t\t\t\t<\/span>\n\t\t\t\t<span class='av-structured-data'  itemprop=\"publisher\" itemtype=\"https:\/\/schema.org\/Organization\" itemscope=\"itemscope\" >\n\t\t\t\t\t\t<span itemprop='name'>Famiglia dell'Amore Misericordioso<\/span>\n\t\t\t\t\t\t<span itemprop='logo' itemscope itemtype='https:\/\/schema.org\/ImageObject'>\n\t\t\t\t\t\t\t<span itemprop='url'>http:\/\/www.amormisericordioso.org\/ita\/wp-content\/uploads\/2018\/02\/logo-fam-italiano.png<\/span>\n\t\t\t\t\t\t <\/span>\n\t\t\t\t<\/span><span class='av-structured-data'  itemprop=\"author\" itemscope=\"itemscope\" itemtype=\"https:\/\/schema.org\/Person\" ><span itemprop='name'>Famiglia dell'Amore Misericordioso<\/span><\/span><span class='av-structured-data'  itemprop=\"datePublished\" datetime=\"2022-01-05T05:11:44+01:00\" >2022-03-14 08:00:00<\/span><span class='av-structured-data'  itemprop=\"dateModified\" itemtype=\"https:\/\/schema.org\/dateModified\" >2022-03-08 14:32:30<\/span><span class='av-structured-data'  itemprop=\"mainEntityOfPage\" itemtype=\"https:\/\/schema.org\/mainEntityOfPage\" ><span itemprop='name'>#2 IL VOLTO DELLA MISERICORDIA: il cuore dipinto sul petto<\/span><\/span><\/span><\/article><\/div><div class='slide-entry-wrap'><article class='slide-entry flex_column  post-entry post-entry-4241 slide-entry-overview slide-loop-151 slide-parity-odd  av_one_third first real-thumbnail post-format-standard'  itemscope=\"itemscope\" itemtype=\"https:\/\/schema.org\/CreativeWork\" ><a href='http:\/\/www.amormisericordioso.org\/ita\/1-il-volto-della-misericordia-lo-sguardo-di-gesu\/' data-rel='slide-1' class='slide-image' title='#1 IL VOLTO DELLA MISERICORDIA: lo sguardo di Ges\u00f9'><img decoding=\"async\" width=\"495\" height=\"400\" src=\"http:\/\/www.amormisericordioso.org\/ita\/wp-content\/uploads\/2022\/03\/11-495x400.png\" class=\"wp-image-4244 avia-img-lazy-loading-not-4244 attachment-portfolio size-portfolio wp-post-image\" alt=\"\" srcset=\"http:\/\/www.amormisericordioso.org\/ita\/wp-content\/uploads\/2022\/03\/11-495x400.png 495w, http:\/\/www.amormisericordioso.org\/ita\/wp-content\/uploads\/2022\/03\/11-845x684.png 845w\" sizes=\"(max-width: 495px) 100vw, 495px\" \/><\/a><div class='slide-content'><header class=\"entry-content-header\"><h3 class='slide-entry-title entry-title '  itemprop=\"headline\" ><a href='http:\/\/www.amormisericordioso.org\/ita\/1-il-volto-della-misericordia-lo-sguardo-di-gesu\/' title='#1 IL VOLTO DELLA MISERICORDIA: lo sguardo di Ges\u00f9'>#1 IL VOLTO DELLA MISERICORDIA: lo sguardo di Ges\u00f9<\/a><\/h3><span class=\"av-vertical-delimiter\"><\/span><\/header><div class='slide-meta'><div class='slide-meta-comments'><a href='http:\/\/www.amormisericordioso.org\/ita\/1-il-volto-della-misericordia-lo-sguardo-di-gesu\/#respond'>0 Commenti<\/a><\/div><div class='slide-meta-del'>\/<\/div><time class='slide-meta-time updated'  itemprop=\"datePublished\" datetime=\"2022-03-07T15:56:03+01:00\" >7 Marzo 2022<\/time><\/div><div class='slide-entry-excerpt entry-content'  itemprop=\"text\" >\n\n\n\n\n\n<\/div><\/div><footer class=\"entry-footer\"><\/footer><span class='hidden'>\n\t\t\t\t<span class='av-structured-data'  itemprop=\"image\" itemscope=\"itemscope\" itemtype=\"https:\/\/schema.org\/ImageObject\" >\n\t\t\t\t\t\t<span itemprop='url'>http:\/\/www.amormisericordioso.org\/ita\/wp-content\/uploads\/2022\/03\/11.png<\/span>\n\t\t\t\t\t\t<span itemprop='height'>1080<\/span>\n\t\t\t\t\t\t<span itemprop='width'>1080<\/span>\n\t\t\t\t<\/span>\n\t\t\t\t<span class='av-structured-data'  itemprop=\"publisher\" itemtype=\"https:\/\/schema.org\/Organization\" itemscope=\"itemscope\" >\n\t\t\t\t\t\t<span itemprop='name'>Famiglia dell'Amore Misericordioso<\/span>\n\t\t\t\t\t\t<span itemprop='logo' itemscope itemtype='https:\/\/schema.org\/ImageObject'>\n\t\t\t\t\t\t\t<span itemprop='url'>http:\/\/www.amormisericordioso.org\/ita\/wp-content\/uploads\/2018\/02\/logo-fam-italiano.png<\/span>\n\t\t\t\t\t\t <\/span>\n\t\t\t\t<\/span><span class='av-structured-data'  itemprop=\"author\" itemscope=\"itemscope\" itemtype=\"https:\/\/schema.org\/Person\" ><span itemprop='name'>Famiglia dell'Amore Misericordioso<\/span><\/span><span class='av-structured-data'  itemprop=\"datePublished\" datetime=\"2022-01-05T05:11:44+01:00\" >2022-03-07 15:56:03<\/span><span class='av-structured-data'  itemprop=\"dateModified\" itemtype=\"https:\/\/schema.org\/dateModified\" >2023-02-21 19:17:05<\/span><span class='av-structured-data'  itemprop=\"mainEntityOfPage\" itemtype=\"https:\/\/schema.org\/mainEntityOfPage\" ><span itemprop='name'>#1 IL VOLTO DELLA MISERICORDIA: lo sguardo di Ges\u00f9<\/span><\/span><\/span><\/article><article class='slide-entry flex_column  post-entry post-entry-4185 slide-entry-overview slide-loop-152 slide-parity-even  av_one_third  real-thumbnail post-format-standard'  itemscope=\"itemscope\" itemtype=\"https:\/\/schema.org\/CreativeWork\" ><a href='http:\/\/www.amormisericordioso.org\/ita\/p-alfredo-di-penta-fam-umile-come-la-terra\/' data-rel='slide-1' class='slide-image' title='P. ALFREDO DI PENTA, FAM: &#8220;umile, come la terra&#8221;'><img decoding=\"async\" width=\"495\" height=\"400\" src=\"http:\/\/www.amormisericordioso.org\/ita\/wp-content\/uploads\/2022\/02\/XI-CAPITOLO-GENERALE-8-495x400.png\" class=\"wp-image-4189 avia-img-lazy-loading-not-4189 attachment-portfolio size-portfolio wp-post-image\" alt=\"\" srcset=\"http:\/\/www.amormisericordioso.org\/ita\/wp-content\/uploads\/2022\/02\/XI-CAPITOLO-GENERALE-8-495x400.png 495w, http:\/\/www.amormisericordioso.org\/ita\/wp-content\/uploads\/2022\/02\/XI-CAPITOLO-GENERALE-8-845x684.png 845w\" sizes=\"(max-width: 495px) 100vw, 495px\" \/><\/a><div class='slide-content'><header class=\"entry-content-header\"><h3 class='slide-entry-title entry-title '  itemprop=\"headline\" ><a href='http:\/\/www.amormisericordioso.org\/ita\/p-alfredo-di-penta-fam-umile-come-la-terra\/' title='P. ALFREDO DI PENTA, FAM: &#8220;umile, come la terra&#8221;'>P. ALFREDO DI PENTA, FAM: &#8220;umile, come la terra&#8221;<\/a><\/h3><span class=\"av-vertical-delimiter\"><\/span><\/header><div class='slide-meta'><div class='slide-meta-comments'><a href='http:\/\/www.amormisericordioso.org\/ita\/p-alfredo-di-penta-fam-umile-come-la-terra\/#respond'>0 Commenti<\/a><\/div><div class='slide-meta-del'>\/<\/div><time class='slide-meta-time updated'  itemprop=\"datePublished\" datetime=\"2022-02-25T09:00:00+01:00\" >25 Febbraio 2022<\/time><\/div><div class='slide-entry-excerpt entry-content'  itemprop=\"text\" >\n\n\n\n<\/div><\/div><footer class=\"entry-footer\"><\/footer><span class='hidden'>\n\t\t\t\t<span class='av-structured-data'  itemprop=\"image\" itemscope=\"itemscope\" itemtype=\"https:\/\/schema.org\/ImageObject\" >\n\t\t\t\t\t\t<span itemprop='url'>http:\/\/www.amormisericordioso.org\/ita\/wp-content\/uploads\/2022\/02\/XI-CAPITOLO-GENERALE-8.png<\/span>\n\t\t\t\t\t\t<span itemprop='height'>1080<\/span>\n\t\t\t\t\t\t<span itemprop='width'>1080<\/span>\n\t\t\t\t<\/span>\n\t\t\t\t<span class='av-structured-data'  itemprop=\"publisher\" itemtype=\"https:\/\/schema.org\/Organization\" itemscope=\"itemscope\" >\n\t\t\t\t\t\t<span itemprop='name'>Famiglia dell'Amore Misericordioso<\/span>\n\t\t\t\t\t\t<span itemprop='logo' itemscope itemtype='https:\/\/schema.org\/ImageObject'>\n\t\t\t\t\t\t\t<span itemprop='url'>http:\/\/www.amormisericordioso.org\/ita\/wp-content\/uploads\/2018\/02\/logo-fam-italiano.png<\/span>\n\t\t\t\t\t\t <\/span>\n\t\t\t\t<\/span><span class='av-structured-data'  itemprop=\"author\" itemscope=\"itemscope\" itemtype=\"https:\/\/schema.org\/Person\" ><span itemprop='name'>Famiglia dell'Amore Misericordioso<\/span><\/span><span class='av-structured-data'  itemprop=\"datePublished\" datetime=\"2022-01-05T05:11:44+01:00\" >2022-02-25 09:00:00<\/span><span class='av-structured-data'  itemprop=\"dateModified\" itemtype=\"https:\/\/schema.org\/dateModified\" >2022-02-25 12:32:17<\/span><span class='av-structured-data'  itemprop=\"mainEntityOfPage\" itemtype=\"https:\/\/schema.org\/mainEntityOfPage\" ><span itemprop='name'>P. ALFREDO DI PENTA, FAM: &#8220;umile, come la terra&#8221;<\/span><\/span><\/span><\/article><article class='slide-entry flex_column  post-entry post-entry-4201 slide-entry-overview slide-loop-153 slide-parity-odd  av_one_third  real-thumbnail post-format-standard'  itemscope=\"itemscope\" itemtype=\"https:\/\/schema.org\/CreativeWork\" ><a href='http:\/\/www.amormisericordioso.org\/ita\/trisagio-alla-ss-trinita-in-preghiera-per-la-pace\/' data-rel='slide-1' class='slide-image' title='TRISAGIO ALLA SS. TRINIT\u00c0: in preghiera per la pace'><img decoding=\"async\" width=\"495\" height=\"400\" src=\"http:\/\/www.amormisericordioso.org\/ita\/wp-content\/uploads\/2022\/02\/XI-CAPITOLO-GENERALE-9-495x400.png\" class=\"wp-image-4202 avia-img-lazy-loading-not-4202 attachment-portfolio size-portfolio wp-post-image\" alt=\"\" srcset=\"http:\/\/www.amormisericordioso.org\/ita\/wp-content\/uploads\/2022\/02\/XI-CAPITOLO-GENERALE-9-495x400.png 495w, http:\/\/www.amormisericordioso.org\/ita\/wp-content\/uploads\/2022\/02\/XI-CAPITOLO-GENERALE-9-845x684.png 845w\" sizes=\"(max-width: 495px) 100vw, 495px\" \/><\/a><div class='slide-content'><header class=\"entry-content-header\"><h3 class='slide-entry-title entry-title '  itemprop=\"headline\" ><a href='http:\/\/www.amormisericordioso.org\/ita\/trisagio-alla-ss-trinita-in-preghiera-per-la-pace\/' title='TRISAGIO ALLA SS. TRINIT\u00c0: in preghiera per la pace'>TRISAGIO ALLA SS. TRINIT\u00c0: in preghiera per la pace<\/a><\/h3><span class=\"av-vertical-delimiter\"><\/span><\/header><div class='slide-meta'><div class='slide-meta-comments'><a href='http:\/\/www.amormisericordioso.org\/ita\/trisagio-alla-ss-trinita-in-preghiera-per-la-pace\/#respond'>0 Commenti<\/a><\/div><div class='slide-meta-del'>\/<\/div><time class='slide-meta-time updated'  itemprop=\"datePublished\" datetime=\"2022-02-24T11:30:42+01:00\" >24 Febbraio 2022<\/time><\/div><div class='slide-entry-excerpt entry-content'  itemprop=\"text\" >\n\n\n\n\n\n\n\n<\/div><\/div><footer class=\"entry-footer\"><\/footer><span class='hidden'>\n\t\t\t\t<span class='av-structured-data'  itemprop=\"image\" itemscope=\"itemscope\" itemtype=\"https:\/\/schema.org\/ImageObject\" >\n\t\t\t\t\t\t<span itemprop='url'>http:\/\/www.amormisericordioso.org\/ita\/wp-content\/uploads\/2022\/02\/XI-CAPITOLO-GENERALE-9.png<\/span>\n\t\t\t\t\t\t<span itemprop='height'>1080<\/span>\n\t\t\t\t\t\t<span itemprop='width'>1080<\/span>\n\t\t\t\t<\/span>\n\t\t\t\t<span class='av-structured-data'  itemprop=\"publisher\" itemtype=\"https:\/\/schema.org\/Organization\" itemscope=\"itemscope\" >\n\t\t\t\t\t\t<span itemprop='name'>Famiglia dell'Amore Misericordioso<\/span>\n\t\t\t\t\t\t<span itemprop='logo' itemscope itemtype='https:\/\/schema.org\/ImageObject'>\n\t\t\t\t\t\t\t<span itemprop='url'>http:\/\/www.amormisericordioso.org\/ita\/wp-content\/uploads\/2018\/02\/logo-fam-italiano.png<\/span>\n\t\t\t\t\t\t <\/span>\n\t\t\t\t<\/span><span class='av-structured-data'  itemprop=\"author\" itemscope=\"itemscope\" itemtype=\"https:\/\/schema.org\/Person\" ><span itemprop='name'>Famiglia dell'Amore Misericordioso<\/span><\/span><span class='av-structured-data'  itemprop=\"datePublished\" datetime=\"2022-01-05T05:11:44+01:00\" >2022-02-24 11:30:42<\/span><span class='av-structured-data'  itemprop=\"dateModified\" itemtype=\"https:\/\/schema.org\/dateModified\" >2022-02-24 11:39:30<\/span><span class='av-structured-data'  itemprop=\"mainEntityOfPage\" itemtype=\"https:\/\/schema.org\/mainEntityOfPage\" ><span itemprop='name'>TRISAGIO ALLA SS. TRINIT\u00c0: in preghiera per la pace<\/span><\/span><\/span><\/article><\/div><div class='slide-entry-wrap'><article class='slide-entry flex_column  post-entry post-entry-4192 slide-entry-overview slide-loop-154 slide-parity-odd  av_one_third first real-thumbnail post-format-standard'  itemscope=\"itemscope\" itemtype=\"https:\/\/schema.org\/CreativeWork\" ><a href='http:\/\/www.amormisericordioso.org\/ita\/4192-2\/' data-rel='slide-1' class='slide-image' title='XIII Capitolo Generale EAM &#8211; Comunicazione n\u00b0 7'><img decoding=\"async\" width=\"495\" height=\"400\" src=\"http:\/\/www.amormisericordioso.org\/ita\/wp-content\/uploads\/2022\/02\/14-495x400.png\" class=\"wp-image-4147 avia-img-lazy-loading-not-4147 attachment-portfolio size-portfolio wp-post-image\" alt=\"\" srcset=\"http:\/\/www.amormisericordioso.org\/ita\/wp-content\/uploads\/2022\/02\/14-495x400.png 495w, http:\/\/www.amormisericordioso.org\/ita\/wp-content\/uploads\/2022\/02\/14-845x684.png 845w\" sizes=\"(max-width: 495px) 100vw, 495px\" \/><\/a><div class='slide-content'><header class=\"entry-content-header\"><h3 class='slide-entry-title entry-title '  itemprop=\"headline\" ><a href='http:\/\/www.amormisericordioso.org\/ita\/4192-2\/' title='XIII Capitolo Generale EAM &#8211; Comunicazione n\u00b0 7'>XIII Capitolo Generale EAM &#8211; Comunicazione n\u00b0 7<\/a><\/h3><span class=\"av-vertical-delimiter\"><\/span><\/header><div class='slide-meta'><div class='slide-meta-comments'><a href='http:\/\/www.amormisericordioso.org\/ita\/4192-2\/#respond'>0 Commenti<\/a><\/div><div class='slide-meta-del'>\/<\/div><time class='slide-meta-time updated'  itemprop=\"datePublished\" datetime=\"2022-02-22T14:22:23+01:00\" >22 Febbraio 2022<\/time><\/div><div class='slide-entry-excerpt entry-content'  itemprop=\"text\" >\n\n\n\n<\/div><\/div><footer class=\"entry-footer\"><\/footer><span class='hidden'>\n\t\t\t\t<span class='av-structured-data'  itemprop=\"image\" itemscope=\"itemscope\" itemtype=\"https:\/\/schema.org\/ImageObject\" >\n\t\t\t\t\t\t<span itemprop='url'>http:\/\/www.amormisericordioso.org\/ita\/wp-content\/uploads\/2022\/02\/14.png<\/span>\n\t\t\t\t\t\t<span itemprop='height'>1080<\/span>\n\t\t\t\t\t\t<span itemprop='width'>1080<\/span>\n\t\t\t\t<\/span>\n\t\t\t\t<span class='av-structured-data'  itemprop=\"publisher\" itemtype=\"https:\/\/schema.org\/Organization\" itemscope=\"itemscope\" >\n\t\t\t\t\t\t<span itemprop='name'>Famiglia dell'Amore Misericordioso<\/span>\n\t\t\t\t\t\t<span itemprop='logo' itemscope itemtype='https:\/\/schema.org\/ImageObject'>\n\t\t\t\t\t\t\t<span itemprop='url'>http:\/\/www.amormisericordioso.org\/ita\/wp-content\/uploads\/2018\/02\/logo-fam-italiano.png<\/span>\n\t\t\t\t\t\t <\/span>\n\t\t\t\t<\/span><span class='av-structured-data'  itemprop=\"author\" itemscope=\"itemscope\" itemtype=\"https:\/\/schema.org\/Person\" ><span itemprop='name'>Famiglia dell'Amore Misericordioso<\/span><\/span><span class='av-structured-data'  itemprop=\"datePublished\" datetime=\"2022-01-05T05:11:44+01:00\" >2022-02-22 14:22:23<\/span><span class='av-structured-data'  itemprop=\"dateModified\" itemtype=\"https:\/\/schema.org\/dateModified\" >2022-02-22 14:34:09<\/span><span class='av-structured-data'  itemprop=\"mainEntityOfPage\" itemtype=\"https:\/\/schema.org\/mainEntityOfPage\" ><span itemprop='name'>XIII Capitolo Generale EAM &#8211; Comunicazione n\u00b0 7<\/span><\/span><\/span><\/article><article class='slide-entry flex_column  post-entry post-entry-4180 slide-entry-overview slide-loop-155 slide-parity-even  av_one_third  real-thumbnail post-format-standard'  itemscope=\"itemscope\" itemtype=\"https:\/\/schema.org\/CreativeWork\" ><a href='http:\/\/www.amormisericordioso.org\/ita\/xiii-capitolo-generale-eam-co\/' data-rel='slide-1' class='slide-image' title='XIII Capitolo Generale EAM &#8211; Comunicazione n\u00b0 6'><img decoding=\"async\" width=\"495\" height=\"400\" src=\"http:\/\/www.amormisericordioso.org\/ita\/wp-content\/uploads\/2022\/02\/XI-CAPITOLO-GENERALE-7-495x400.png\" class=\"wp-image-4181 avia-img-lazy-loading-not-4181 attachment-portfolio size-portfolio wp-post-image\" alt=\"\" srcset=\"http:\/\/www.amormisericordioso.org\/ita\/wp-content\/uploads\/2022\/02\/XI-CAPITOLO-GENERALE-7-495x400.png 495w, http:\/\/www.amormisericordioso.org\/ita\/wp-content\/uploads\/2022\/02\/XI-CAPITOLO-GENERALE-7-845x684.png 845w\" sizes=\"(max-width: 495px) 100vw, 495px\" \/><\/a><div class='slide-content'><header class=\"entry-content-header\"><h3 class='slide-entry-title entry-title '  itemprop=\"headline\" ><a href='http:\/\/www.amormisericordioso.org\/ita\/xiii-capitolo-generale-eam-co\/' title='XIII Capitolo Generale EAM &#8211; Comunicazione n\u00b0 6'>XIII Capitolo Generale EAM &#8211; Comunicazione n\u00b0 6<\/a><\/h3><span class=\"av-vertical-delimiter\"><\/span><\/header><div class='slide-meta'><div class='slide-meta-comments'><a href='http:\/\/www.amormisericordioso.org\/ita\/xiii-capitolo-generale-eam-co\/#respond'>0 Commenti<\/a><\/div><div class='slide-meta-del'>\/<\/div><time class='slide-meta-time updated'  itemprop=\"datePublished\" datetime=\"2022-02-22T11:41:58+01:00\" >22 Febbraio 2022<\/time><\/div><div class='slide-entry-excerpt entry-content'  itemprop=\"text\" >\n\n\n\n<\/div><\/div><footer class=\"entry-footer\"><\/footer><span class='hidden'>\n\t\t\t\t<span class='av-structured-data'  itemprop=\"image\" itemscope=\"itemscope\" itemtype=\"https:\/\/schema.org\/ImageObject\" >\n\t\t\t\t\t\t<span itemprop='url'>http:\/\/www.amormisericordioso.org\/ita\/wp-content\/uploads\/2022\/02\/XI-CAPITOLO-GENERALE-7.png<\/span>\n\t\t\t\t\t\t<span itemprop='height'>1080<\/span>\n\t\t\t\t\t\t<span itemprop='width'>1080<\/span>\n\t\t\t\t<\/span>\n\t\t\t\t<span class='av-structured-data'  itemprop=\"publisher\" itemtype=\"https:\/\/schema.org\/Organization\" itemscope=\"itemscope\" >\n\t\t\t\t\t\t<span itemprop='name'>Famiglia dell'Amore Misericordioso<\/span>\n\t\t\t\t\t\t<span itemprop='logo' itemscope itemtype='https:\/\/schema.org\/ImageObject'>\n\t\t\t\t\t\t\t<span itemprop='url'>http:\/\/www.amormisericordioso.org\/ita\/wp-content\/uploads\/2018\/02\/logo-fam-italiano.png<\/span>\n\t\t\t\t\t\t <\/span>\n\t\t\t\t<\/span><span class='av-structured-data'  itemprop=\"author\" itemscope=\"itemscope\" itemtype=\"https:\/\/schema.org\/Person\" ><span itemprop='name'>Famiglia dell'Amore Misericordioso<\/span><\/span><span class='av-structured-data'  itemprop=\"datePublished\" datetime=\"2022-01-05T05:11:44+01:00\" >2022-02-22 11:41:58<\/span><span class='av-structured-data'  itemprop=\"dateModified\" itemtype=\"https:\/\/schema.org\/dateModified\" >2022-02-22 11:42:51<\/span><span class='av-structured-data'  itemprop=\"mainEntityOfPage\" itemtype=\"https:\/\/schema.org\/mainEntityOfPage\" ><span itemprop='name'>XIII Capitolo Generale EAM &#8211; Comunicazione n\u00b0 6<\/span><\/span><\/span><\/article><article class='slide-entry flex_column  post-entry post-entry-4176 slide-entry-overview slide-loop-156 slide-parity-odd  av_one_third  real-thumbnail post-format-standard'  itemscope=\"itemscope\" itemtype=\"https:\/\/schema.org\/CreativeWork\" ><a href='http:\/\/www.amormisericordioso.org\/ita\/xiii-capitolo-generale-eam-comunicazione-n-5\/' data-rel='slide-1' class='slide-image' title='XIII Capitolo Generale EAM &#8211; Comunicazione n\u00b0 5'><img decoding=\"async\" width=\"495\" height=\"400\" src=\"http:\/\/www.amormisericordioso.org\/ita\/wp-content\/uploads\/2022\/02\/14-495x400.png\" class=\"wp-image-4147 avia-img-lazy-loading-not-4147 attachment-portfolio size-portfolio wp-post-image\" alt=\"\" srcset=\"http:\/\/www.amormisericordioso.org\/ita\/wp-content\/uploads\/2022\/02\/14-495x400.png 495w, http:\/\/www.amormisericordioso.org\/ita\/wp-content\/uploads\/2022\/02\/14-845x684.png 845w\" sizes=\"(max-width: 495px) 100vw, 495px\" \/><\/a><div class='slide-content'><header class=\"entry-content-header\"><h3 class='slide-entry-title entry-title '  itemprop=\"headline\" ><a href='http:\/\/www.amormisericordioso.org\/ita\/xiii-capitolo-generale-eam-comunicazione-n-5\/' title='XIII Capitolo Generale EAM &#8211; Comunicazione n\u00b0 5'>XIII Capitolo Generale EAM &#8211; Comunicazione n\u00b0 5<\/a><\/h3><span class=\"av-vertical-delimiter\"><\/span><\/header><div class='slide-meta'><div class='slide-meta-comments'><a href='http:\/\/www.amormisericordioso.org\/ita\/xiii-capitolo-generale-eam-comunicazione-n-5\/#respond'>0 Commenti<\/a><\/div><div class='slide-meta-del'>\/<\/div><time class='slide-meta-time updated'  itemprop=\"datePublished\" datetime=\"2022-02-21T16:26:54+01:00\" >21 Febbraio 2022<\/time><\/div><div class='slide-entry-excerpt entry-content'  itemprop=\"text\" >\n\n\n\n<\/div><\/div><footer class=\"entry-footer\"><\/footer><span class='hidden'>\n\t\t\t\t<span class='av-structured-data'  itemprop=\"image\" itemscope=\"itemscope\" itemtype=\"https:\/\/schema.org\/ImageObject\" >\n\t\t\t\t\t\t<span itemprop='url'>http:\/\/www.amormisericordioso.org\/ita\/wp-content\/uploads\/2022\/02\/14.png<\/span>\n\t\t\t\t\t\t<span itemprop='height'>1080<\/span>\n\t\t\t\t\t\t<span itemprop='width'>1080<\/span>\n\t\t\t\t<\/span>\n\t\t\t\t<span class='av-structured-data'  itemprop=\"publisher\" itemtype=\"https:\/\/schema.org\/Organization\" itemscope=\"itemscope\" >\n\t\t\t\t\t\t<span itemprop='name'>Famiglia dell'Amore Misericordioso<\/span>\n\t\t\t\t\t\t<span itemprop='logo' itemscope itemtype='https:\/\/schema.org\/ImageObject'>\n\t\t\t\t\t\t\t<span itemprop='url'>http:\/\/www.amormisericordioso.org\/ita\/wp-content\/uploads\/2018\/02\/logo-fam-italiano.png<\/span>\n\t\t\t\t\t\t <\/span>\n\t\t\t\t<\/span><span class='av-structured-data'  itemprop=\"author\" itemscope=\"itemscope\" itemtype=\"https:\/\/schema.org\/Person\" ><span itemprop='name'>Famiglia dell'Amore Misericordioso<\/span><\/span><span class='av-structured-data'  itemprop=\"datePublished\" datetime=\"2022-01-05T05:11:44+01:00\" >2022-02-21 16:26:54<\/span><span class='av-structured-data'  itemprop=\"dateModified\" itemtype=\"https:\/\/schema.org\/dateModified\" >2022-02-21 16:27:15<\/span><span class='av-structured-data'  itemprop=\"mainEntityOfPage\" itemtype=\"https:\/\/schema.org\/mainEntityOfPage\" ><span itemprop='name'>XIII Capitolo Generale EAM &#8211; Comunicazione n\u00b0 5<\/span><\/span><\/span><\/article><\/div><div class='slide-entry-wrap'><article class='slide-entry flex_column  post-entry post-entry-4174 slide-entry-overview slide-loop-157 slide-parity-odd  av_one_third first real-thumbnail post-format-standard'  itemscope=\"itemscope\" itemtype=\"https:\/\/schema.org\/CreativeWork\" ><a href='http:\/\/www.amormisericordioso.org\/ita\/xiii-capitolo-generale-eam-comunicazione-n-4\/' data-rel='slide-1' class='slide-image' title='XIII Capitolo Generale EAM &#8211; Comunicazione n\u00b0 4'><img decoding=\"async\" width=\"495\" height=\"400\" src=\"http:\/\/www.amormisericordioso.org\/ita\/wp-content\/uploads\/2022\/02\/14-495x400.png\" class=\"wp-image-4147 avia-img-lazy-loading-not-4147 attachment-portfolio size-portfolio wp-post-image\" alt=\"\" srcset=\"http:\/\/www.amormisericordioso.org\/ita\/wp-content\/uploads\/2022\/02\/14-495x400.png 495w, http:\/\/www.amormisericordioso.org\/ita\/wp-content\/uploads\/2022\/02\/14-845x684.png 845w\" sizes=\"(max-width: 495px) 100vw, 495px\" \/><\/a><div class='slide-content'><header class=\"entry-content-header\"><h3 class='slide-entry-title entry-title '  itemprop=\"headline\" ><a href='http:\/\/www.amormisericordioso.org\/ita\/xiii-capitolo-generale-eam-comunicazione-n-4\/' title='XIII Capitolo Generale EAM &#8211; Comunicazione n\u00b0 4'>XIII Capitolo Generale EAM &#8211; Comunicazione n\u00b0 4<\/a><\/h3><span class=\"av-vertical-delimiter\"><\/span><\/header><div class='slide-meta'><div class='slide-meta-comments'><a href='http:\/\/www.amormisericordioso.org\/ita\/xiii-capitolo-generale-eam-comunicazione-n-4\/#respond'>0 Commenti<\/a><\/div><div class='slide-meta-del'>\/<\/div><time class='slide-meta-time updated'  itemprop=\"datePublished\" datetime=\"2022-02-17T20:56:02+01:00\" >17 Febbraio 2022<\/time><\/div><div class='slide-entry-excerpt entry-content'  itemprop=\"text\" >\n\n<\/div><\/div><footer class=\"entry-footer\"><\/footer><span class='hidden'>\n\t\t\t\t<span class='av-structured-data'  itemprop=\"image\" itemscope=\"itemscope\" itemtype=\"https:\/\/schema.org\/ImageObject\" >\n\t\t\t\t\t\t<span itemprop='url'>http:\/\/www.amormisericordioso.org\/ita\/wp-content\/uploads\/2022\/02\/14.png<\/span>\n\t\t\t\t\t\t<span itemprop='height'>1080<\/span>\n\t\t\t\t\t\t<span itemprop='width'>1080<\/span>\n\t\t\t\t<\/span>\n\t\t\t\t<span class='av-structured-data'  itemprop=\"publisher\" itemtype=\"https:\/\/schema.org\/Organization\" itemscope=\"itemscope\" >\n\t\t\t\t\t\t<span itemprop='name'>Famiglia dell'Amore Misericordioso<\/span>\n\t\t\t\t\t\t<span itemprop='logo' itemscope itemtype='https:\/\/schema.org\/ImageObject'>\n\t\t\t\t\t\t\t<span itemprop='url'>http:\/\/www.amormisericordioso.org\/ita\/wp-content\/uploads\/2018\/02\/logo-fam-italiano.png<\/span>\n\t\t\t\t\t\t <\/span>\n\t\t\t\t<\/span><span class='av-structured-data'  itemprop=\"author\" itemscope=\"itemscope\" itemtype=\"https:\/\/schema.org\/Person\" ><span itemprop='name'>Famiglia dell'Amore Misericordioso<\/span><\/span><span class='av-structured-data'  itemprop=\"datePublished\" datetime=\"2022-01-05T05:11:44+01:00\" >2022-02-17 20:56:02<\/span><span class='av-structured-data'  itemprop=\"dateModified\" itemtype=\"https:\/\/schema.org\/dateModified\" >2022-02-17 20:56:06<\/span><span class='av-structured-data'  itemprop=\"mainEntityOfPage\" itemtype=\"https:\/\/schema.org\/mainEntityOfPage\" ><span itemprop='name'>XIII Capitolo Generale EAM &#8211; Comunicazione n\u00b0 4<\/span><\/span><\/span><\/article><article class='slide-entry flex_column  post-entry post-entry-4166 slide-entry-overview slide-loop-158 slide-parity-even  av_one_third  real-thumbnail post-format-standard'  itemscope=\"itemscope\" itemtype=\"https:\/\/schema.org\/CreativeWork\" ><a href='http:\/\/www.amormisericordioso.org\/ita\/xiii-capitolo-generale-eam-comunicazione-n-3\/' data-rel='slide-1' class='slide-image' title='XIII Capitolo Generale EAM &#8211; Comunicazione n\u00b0 3'><img decoding=\"async\" width=\"495\" height=\"400\" src=\"http:\/\/www.amormisericordioso.org\/ita\/wp-content\/uploads\/2022\/02\/14-495x400.png\" class=\"wp-image-4147 avia-img-lazy-loading-not-4147 attachment-portfolio size-portfolio wp-post-image\" alt=\"\" srcset=\"http:\/\/www.amormisericordioso.org\/ita\/wp-content\/uploads\/2022\/02\/14-495x400.png 495w, http:\/\/www.amormisericordioso.org\/ita\/wp-content\/uploads\/2022\/02\/14-845x684.png 845w\" sizes=\"(max-width: 495px) 100vw, 495px\" \/><\/a><div class='slide-content'><header class=\"entry-content-header\"><h3 class='slide-entry-title entry-title '  itemprop=\"headline\" ><a href='http:\/\/www.amormisericordioso.org\/ita\/xiii-capitolo-generale-eam-comunicazione-n-3\/' title='XIII Capitolo Generale EAM &#8211; Comunicazione n\u00b0 3'>XIII Capitolo Generale EAM &#8211; Comunicazione n\u00b0 3<\/a><\/h3><span class=\"av-vertical-delimiter\"><\/span><\/header><div class='slide-meta'><div class='slide-meta-comments'><a href='http:\/\/www.amormisericordioso.org\/ita\/xiii-capitolo-generale-eam-comunicazione-n-3\/#respond'>0 Commenti<\/a><\/div><div class='slide-meta-del'>\/<\/div><time class='slide-meta-time updated'  itemprop=\"datePublished\" datetime=\"2022-02-17T20:52:33+01:00\" >17 Febbraio 2022<\/time><\/div><div class='slide-entry-excerpt entry-content'  itemprop=\"text\" >\n\n\n\n<\/div><\/div><footer class=\"entry-footer\"><\/footer><span class='hidden'>\n\t\t\t\t<span class='av-structured-data'  itemprop=\"image\" itemscope=\"itemscope\" itemtype=\"https:\/\/schema.org\/ImageObject\" >\n\t\t\t\t\t\t<span itemprop='url'>http:\/\/www.amormisericordioso.org\/ita\/wp-content\/uploads\/2022\/02\/14.png<\/span>\n\t\t\t\t\t\t<span itemprop='height'>1080<\/span>\n\t\t\t\t\t\t<span itemprop='width'>1080<\/span>\n\t\t\t\t<\/span>\n\t\t\t\t<span class='av-structured-data'  itemprop=\"publisher\" itemtype=\"https:\/\/schema.org\/Organization\" itemscope=\"itemscope\" >\n\t\t\t\t\t\t<span itemprop='name'>Famiglia dell'Amore Misericordioso<\/span>\n\t\t\t\t\t\t<span itemprop='logo' itemscope itemtype='https:\/\/schema.org\/ImageObject'>\n\t\t\t\t\t\t\t<span itemprop='url'>http:\/\/www.amormisericordioso.org\/ita\/wp-content\/uploads\/2018\/02\/logo-fam-italiano.png<\/span>\n\t\t\t\t\t\t <\/span>\n\t\t\t\t<\/span><span class='av-structured-data'  itemprop=\"author\" itemscope=\"itemscope\" itemtype=\"https:\/\/schema.org\/Person\" ><span itemprop='name'>Famiglia dell'Amore Misericordioso<\/span><\/span><span class='av-structured-data'  itemprop=\"datePublished\" datetime=\"2022-01-05T05:11:44+01:00\" >2022-02-17 20:52:33<\/span><span class='av-structured-data'  itemprop=\"dateModified\" itemtype=\"https:\/\/schema.org\/dateModified\" >2022-02-17 20:52:38<\/span><span class='av-structured-data'  itemprop=\"mainEntityOfPage\" itemtype=\"https:\/\/schema.org\/mainEntityOfPage\" ><span itemprop='name'>XIII Capitolo Generale EAM &#8211; Comunicazione n\u00b0 3<\/span><\/span><\/span><\/article><article class='slide-entry flex_column  post-entry post-entry-4159 slide-entry-overview slide-loop-159 slide-parity-odd  av_one_third  real-thumbnail post-format-standard'  itemscope=\"itemscope\" itemtype=\"https:\/\/schema.org\/CreativeWork\" ><a href='http:\/\/www.amormisericordioso.org\/ita\/xiii-capitolo-generale-eam-comunicazione-n-2\/' data-rel='slide-1' class='slide-image' title='XIII Capitolo Generale EAM &#8211; comunicazione n\u00b0 2'><img decoding=\"async\" width=\"495\" height=\"400\" src=\"http:\/\/www.amormisericordioso.org\/ita\/wp-content\/uploads\/2022\/02\/14-495x400.png\" class=\"wp-image-4147 avia-img-lazy-loading-not-4147 attachment-portfolio size-portfolio wp-post-image\" alt=\"\" srcset=\"http:\/\/www.amormisericordioso.org\/ita\/wp-content\/uploads\/2022\/02\/14-495x400.png 495w, http:\/\/www.amormisericordioso.org\/ita\/wp-content\/uploads\/2022\/02\/14-845x684.png 845w\" sizes=\"(max-width: 495px) 100vw, 495px\" \/><\/a><div class='slide-content'><header class=\"entry-content-header\"><h3 class='slide-entry-title entry-title '  itemprop=\"headline\" ><a href='http:\/\/www.amormisericordioso.org\/ita\/xiii-capitolo-generale-eam-comunicazione-n-2\/' title='XIII Capitolo Generale EAM &#8211; comunicazione n\u00b0 2'>XIII Capitolo Generale EAM &#8211; comunicazione n\u00b0 2<\/a><\/h3><span class=\"av-vertical-delimiter\"><\/span><\/header><div class='slide-meta'><div class='slide-meta-comments'><a href='http:\/\/www.amormisericordioso.org\/ita\/xiii-capitolo-generale-eam-comunicazione-n-2\/#respond'>0 Commenti<\/a><\/div><div class='slide-meta-del'>\/<\/div><time class='slide-meta-time updated'  itemprop=\"datePublished\" datetime=\"2022-02-12T11:20:51+01:00\" >12 Febbraio 2022<\/time><\/div><div class='slide-entry-excerpt entry-content'  itemprop=\"text\" >\n\n\n\n<\/div><\/div><footer class=\"entry-footer\"><\/footer><span class='hidden'>\n\t\t\t\t<span class='av-structured-data'  itemprop=\"image\" itemscope=\"itemscope\" itemtype=\"https:\/\/schema.org\/ImageObject\" >\n\t\t\t\t\t\t<span itemprop='url'>http:\/\/www.amormisericordioso.org\/ita\/wp-content\/uploads\/2022\/02\/14.png<\/span>\n\t\t\t\t\t\t<span itemprop='height'>1080<\/span>\n\t\t\t\t\t\t<span itemprop='width'>1080<\/span>\n\t\t\t\t<\/span>\n\t\t\t\t<span class='av-structured-data'  itemprop=\"publisher\" itemtype=\"https:\/\/schema.org\/Organization\" itemscope=\"itemscope\" >\n\t\t\t\t\t\t<span itemprop='name'>Famiglia dell'Amore Misericordioso<\/span>\n\t\t\t\t\t\t<span itemprop='logo' itemscope itemtype='https:\/\/schema.org\/ImageObject'>\n\t\t\t\t\t\t\t<span itemprop='url'>http:\/\/www.amormisericordioso.org\/ita\/wp-content\/uploads\/2018\/02\/logo-fam-italiano.png<\/span>\n\t\t\t\t\t\t <\/span>\n\t\t\t\t<\/span><span class='av-structured-data'  itemprop=\"author\" itemscope=\"itemscope\" itemtype=\"https:\/\/schema.org\/Person\" ><span itemprop='name'>Famiglia dell'Amore Misericordioso<\/span><\/span><span class='av-structured-data'  itemprop=\"datePublished\" datetime=\"2022-01-05T05:11:44+01:00\" >2022-02-12 11:20:51<\/span><span class='av-structured-data'  itemprop=\"dateModified\" itemtype=\"https:\/\/schema.org\/dateModified\" >2022-02-12 11:20:55<\/span><span class='av-structured-data'  itemprop=\"mainEntityOfPage\" itemtype=\"https:\/\/schema.org\/mainEntityOfPage\" ><span itemprop='name'>XIII Capitolo Generale EAM &#8211; comunicazione n\u00b0 2<\/span><\/span><\/span><\/article><\/div><div class='slide-entry-wrap'><article class='slide-entry flex_column  post-entry post-entry-4150 slide-entry-overview slide-loop-160 slide-parity-odd  av_one_third first real-thumbnail post-format-standard'  itemscope=\"itemscope\" itemtype=\"https:\/\/schema.org\/CreativeWork\" ><a href='http:\/\/www.amormisericordioso.org\/ita\/beata-speranza-di-gesu-portinaia-di-coloro-che-soffrono\/' data-rel='slide-1' class='slide-image' title='BEATA SPERANZA DI GES\u00d9: portinaia di coloro che soffrono'><img decoding=\"async\" width=\"495\" height=\"400\" src=\"http:\/\/www.amormisericordioso.org\/ita\/wp-content\/uploads\/2022\/02\/XI-CAPITOLO-GENERALE-6-495x400.png\" class=\"wp-image-4154 avia-img-lazy-loading-not-4154 attachment-portfolio size-portfolio wp-post-image\" alt=\"\" srcset=\"http:\/\/www.amormisericordioso.org\/ita\/wp-content\/uploads\/2022\/02\/XI-CAPITOLO-GENERALE-6-495x400.png 495w, http:\/\/www.amormisericordioso.org\/ita\/wp-content\/uploads\/2022\/02\/XI-CAPITOLO-GENERALE-6-845x684.png 845w\" sizes=\"(max-width: 495px) 100vw, 495px\" \/><\/a><div class='slide-content'><header class=\"entry-content-header\"><h3 class='slide-entry-title entry-title '  itemprop=\"headline\" ><a href='http:\/\/www.amormisericordioso.org\/ita\/beata-speranza-di-gesu-portinaia-di-coloro-che-soffrono\/' title='BEATA SPERANZA DI GES\u00d9: portinaia di coloro che soffrono'>BEATA SPERANZA DI GES\u00d9: portinaia di coloro che soffrono<\/a><\/h3><span class=\"av-vertical-delimiter\"><\/span><\/header><div class='slide-meta'><div class='slide-meta-comments'><a href='http:\/\/www.amormisericordioso.org\/ita\/beata-speranza-di-gesu-portinaia-di-coloro-che-soffrono\/#respond'>0 Commenti<\/a><\/div><div class='slide-meta-del'>\/<\/div><time class='slide-meta-time updated'  itemprop=\"datePublished\" datetime=\"2022-02-08T16:12:53+01:00\" >8 Febbraio 2022<\/time><\/div><div class='slide-entry-excerpt entry-content'  itemprop=\"text\" >\n\n\n\n<\/div><\/div><footer class=\"entry-footer\"><\/footer><span class='hidden'>\n\t\t\t\t<span class='av-structured-data'  itemprop=\"image\" itemscope=\"itemscope\" itemtype=\"https:\/\/schema.org\/ImageObject\" >\n\t\t\t\t\t\t<span itemprop='url'>http:\/\/www.amormisericordioso.org\/ita\/wp-content\/uploads\/2022\/02\/XI-CAPITOLO-GENERALE-6.png<\/span>\n\t\t\t\t\t\t<span itemprop='height'>1080<\/span>\n\t\t\t\t\t\t<span itemprop='width'>1080<\/span>\n\t\t\t\t<\/span>\n\t\t\t\t<span class='av-structured-data'  itemprop=\"publisher\" itemtype=\"https:\/\/schema.org\/Organization\" itemscope=\"itemscope\" >\n\t\t\t\t\t\t<span itemprop='name'>Famiglia dell'Amore Misericordioso<\/span>\n\t\t\t\t\t\t<span itemprop='logo' itemscope itemtype='https:\/\/schema.org\/ImageObject'>\n\t\t\t\t\t\t\t<span itemprop='url'>http:\/\/www.amormisericordioso.org\/ita\/wp-content\/uploads\/2018\/02\/logo-fam-italiano.png<\/span>\n\t\t\t\t\t\t <\/span>\n\t\t\t\t<\/span><span class='av-structured-data'  itemprop=\"author\" itemscope=\"itemscope\" itemtype=\"https:\/\/schema.org\/Person\" ><span itemprop='name'>Famiglia dell'Amore Misericordioso<\/span><\/span><span class='av-structured-data'  itemprop=\"datePublished\" datetime=\"2022-01-05T05:11:44+01:00\" >2022-02-08 16:12:53<\/span><span class='av-structured-data'  itemprop=\"dateModified\" itemtype=\"https:\/\/schema.org\/dateModified\" >2022-02-12 10:20:38<\/span><span class='av-structured-data'  itemprop=\"mainEntityOfPage\" itemtype=\"https:\/\/schema.org\/mainEntityOfPage\" ><span itemprop='name'>BEATA SPERANZA DI GES\u00d9: portinaia di coloro che soffrono<\/span><\/span><\/span><\/article><article class='slide-entry flex_column  post-entry post-entry-4143 slide-entry-overview slide-loop-161 slide-parity-even  av_one_third  real-thumbnail post-format-standard'  itemscope=\"itemscope\" itemtype=\"https:\/\/schema.org\/CreativeWork\" ><a href='http:\/\/www.amormisericordioso.org\/ita\/xiii-capitolo-generale-eam-comunicazione-n-1\/' data-rel='slide-1' class='slide-image' title='XIII Capitolo Generale EAM &#8211; comunicazione n\u00b0 1'><img decoding=\"async\" width=\"495\" height=\"400\" src=\"http:\/\/www.amormisericordioso.org\/ita\/wp-content\/uploads\/2022\/02\/14-495x400.png\" class=\"wp-image-4147 avia-img-lazy-loading-not-4147 attachment-portfolio size-portfolio wp-post-image\" alt=\"\" srcset=\"http:\/\/www.amormisericordioso.org\/ita\/wp-content\/uploads\/2022\/02\/14-495x400.png 495w, http:\/\/www.amormisericordioso.org\/ita\/wp-content\/uploads\/2022\/02\/14-845x684.png 845w\" sizes=\"(max-width: 495px) 100vw, 495px\" \/><\/a><div class='slide-content'><header class=\"entry-content-header\"><h3 class='slide-entry-title entry-title '  itemprop=\"headline\" ><a href='http:\/\/www.amormisericordioso.org\/ita\/xiii-capitolo-generale-eam-comunicazione-n-1\/' title='XIII Capitolo Generale EAM &#8211; comunicazione n\u00b0 1'>XIII Capitolo Generale EAM &#8211; comunicazione n\u00b0 1<\/a><\/h3><span class=\"av-vertical-delimiter\"><\/span><\/header><div class='slide-meta'><div class='slide-meta-comments'><a href='http:\/\/www.amormisericordioso.org\/ita\/xiii-capitolo-generale-eam-comunicazione-n-1\/#respond'>0 Commenti<\/a><\/div><div class='slide-meta-del'>\/<\/div><time class='slide-meta-time updated'  itemprop=\"datePublished\" datetime=\"2022-02-07T23:19:27+01:00\" >7 Febbraio 2022<\/time><\/div><div class='slide-entry-excerpt entry-content'  itemprop=\"text\" >\n\n\n\n<\/div><\/div><footer class=\"entry-footer\"><\/footer><span class='hidden'>\n\t\t\t\t<span class='av-structured-data'  itemprop=\"image\" itemscope=\"itemscope\" itemtype=\"https:\/\/schema.org\/ImageObject\" >\n\t\t\t\t\t\t<span itemprop='url'>http:\/\/www.amormisericordioso.org\/ita\/wp-content\/uploads\/2022\/02\/14.png<\/span>\n\t\t\t\t\t\t<span itemprop='height'>1080<\/span>\n\t\t\t\t\t\t<span itemprop='width'>1080<\/span>\n\t\t\t\t<\/span>\n\t\t\t\t<span class='av-structured-data'  itemprop=\"publisher\" itemtype=\"https:\/\/schema.org\/Organization\" itemscope=\"itemscope\" >\n\t\t\t\t\t\t<span itemprop='name'>Famiglia dell'Amore Misericordioso<\/span>\n\t\t\t\t\t\t<span itemprop='logo' itemscope itemtype='https:\/\/schema.org\/ImageObject'>\n\t\t\t\t\t\t\t<span itemprop='url'>http:\/\/www.amormisericordioso.org\/ita\/wp-content\/uploads\/2018\/02\/logo-fam-italiano.png<\/span>\n\t\t\t\t\t\t <\/span>\n\t\t\t\t<\/span><span class='av-structured-data'  itemprop=\"author\" itemscope=\"itemscope\" itemtype=\"https:\/\/schema.org\/Person\" ><span itemprop='name'>Famiglia dell'Amore Misericordioso<\/span><\/span><span class='av-structured-data'  itemprop=\"datePublished\" datetime=\"2022-01-05T05:11:44+01:00\" >2022-02-07 23:19:27<\/span><span class='av-structured-data'  itemprop=\"dateModified\" itemtype=\"https:\/\/schema.org\/dateModified\" >2022-02-07 23:36:07<\/span><span class='av-structured-data'  itemprop=\"mainEntityOfPage\" itemtype=\"https:\/\/schema.org\/mainEntityOfPage\" ><span itemprop='name'>XIII Capitolo Generale EAM &#8211; comunicazione n\u00b0 1<\/span><\/span><\/span><\/article><article class='slide-entry flex_column  post-entry post-entry-4130 slide-entry-overview slide-loop-162 slide-parity-odd  av_one_third  real-thumbnail post-format-standard'  itemscope=\"itemscope\" itemtype=\"https:\/\/schema.org\/CreativeWork\" ><a href='http:\/\/www.amormisericordioso.org\/ita\/xi-capitolo-generale-fam-comunicazione-n-7\/' data-rel='slide-1' class='slide-image' title='XI CAPITOLO GENERALE FAM &#8211; Comunicazione n. 7'><img decoding=\"async\" width=\"495\" height=\"400\" src=\"http:\/\/www.amormisericordioso.org\/ita\/wp-content\/uploads\/2022\/01\/XI-CAPITOLO-GENERALE-495x400.png\" class=\"wp-image-4032 avia-img-lazy-loading-not-4032 attachment-portfolio size-portfolio wp-post-image\" alt=\"\" srcset=\"http:\/\/www.amormisericordioso.org\/ita\/wp-content\/uploads\/2022\/01\/XI-CAPITOLO-GENERALE-495x400.png 495w, http:\/\/www.amormisericordioso.org\/ita\/wp-content\/uploads\/2022\/01\/XI-CAPITOLO-GENERALE-845x684.png 845w\" sizes=\"(max-width: 495px) 100vw, 495px\" \/><\/a><div class='slide-content'><header class=\"entry-content-header\"><h3 class='slide-entry-title entry-title '  itemprop=\"headline\" ><a href='http:\/\/www.amormisericordioso.org\/ita\/xi-capitolo-generale-fam-comunicazione-n-7\/' title='XI CAPITOLO GENERALE FAM &#8211; Comunicazione n. 7'>XI CAPITOLO GENERALE FAM &#8211; Comunicazione n. 7<\/a><\/h3><span class=\"av-vertical-delimiter\"><\/span><\/header><div class='slide-meta'><div class='slide-meta-comments'><a href='http:\/\/www.amormisericordioso.org\/ita\/xi-capitolo-generale-fam-comunicazione-n-7\/#respond'>0 Commenti<\/a><\/div><div class='slide-meta-del'>\/<\/div><time class='slide-meta-time updated'  itemprop=\"datePublished\" datetime=\"2022-01-19T23:36:10+01:00\" >19 Gennaio 2022<\/time><\/div><div class='slide-entry-excerpt entry-content'  itemprop=\"text\" >\n\n\n\n<\/div><\/div><footer class=\"entry-footer\"><\/footer><span class='hidden'>\n\t\t\t\t<span class='av-structured-data'  itemprop=\"image\" itemscope=\"itemscope\" itemtype=\"https:\/\/schema.org\/ImageObject\" >\n\t\t\t\t\t\t<span itemprop='url'>http:\/\/www.amormisericordioso.org\/ita\/wp-content\/uploads\/2022\/01\/XI-CAPITOLO-GENERALE.png<\/span>\n\t\t\t\t\t\t<span itemprop='height'>1080<\/span>\n\t\t\t\t\t\t<span itemprop='width'>1080<\/span>\n\t\t\t\t<\/span>\n\t\t\t\t<span class='av-structured-data'  itemprop=\"publisher\" itemtype=\"https:\/\/schema.org\/Organization\" itemscope=\"itemscope\" >\n\t\t\t\t\t\t<span itemprop='name'>Famiglia dell'Amore Misericordioso<\/span>\n\t\t\t\t\t\t<span itemprop='logo' itemscope itemtype='https:\/\/schema.org\/ImageObject'>\n\t\t\t\t\t\t\t<span itemprop='url'>http:\/\/www.amormisericordioso.org\/ita\/wp-content\/uploads\/2018\/02\/logo-fam-italiano.png<\/span>\n\t\t\t\t\t\t <\/span>\n\t\t\t\t<\/span><span class='av-structured-data'  itemprop=\"author\" itemscope=\"itemscope\" itemtype=\"https:\/\/schema.org\/Person\" ><span itemprop='name'>Famiglia dell'Amore Misericordioso<\/span><\/span><span class='av-structured-data'  itemprop=\"datePublished\" datetime=\"2022-01-05T05:11:44+01:00\" >2022-01-19 23:36:10<\/span><span class='av-structured-data'  itemprop=\"dateModified\" itemtype=\"https:\/\/schema.org\/dateModified\" >2022-01-19 23:37:07<\/span><span class='av-structured-data'  itemprop=\"mainEntityOfPage\" itemtype=\"https:\/\/schema.org\/mainEntityOfPage\" ><span itemprop='name'>XI CAPITOLO GENERALE FAM &#8211; Comunicazione n. 7<\/span><\/span><\/span><\/article><\/div><div class='slide-entry-wrap'><article class='slide-entry flex_column  post-entry post-entry-4124 slide-entry-overview slide-loop-163 slide-parity-odd  av_one_third first real-thumbnail post-format-standard'  itemscope=\"itemscope\" itemtype=\"https:\/\/schema.org\/CreativeWork\" ><a href='http:\/\/www.amormisericordioso.org\/ita\/xi-capitolo-generale-fam-comunicazione-n-6\/' data-rel='slide-1' class='slide-image' title='XI CAPITOLO GENERALE FAM &#8211; Comunicazione n. 6'><img decoding=\"async\" width=\"495\" height=\"400\" src=\"http:\/\/www.amormisericordioso.org\/ita\/wp-content\/uploads\/2022\/01\/XI-CAPITOLO-GENERALE-4-495x400.png\" class=\"wp-image-4125 avia-img-lazy-loading-not-4125 attachment-portfolio size-portfolio wp-post-image\" alt=\"\" srcset=\"http:\/\/www.amormisericordioso.org\/ita\/wp-content\/uploads\/2022\/01\/XI-CAPITOLO-GENERALE-4-495x400.png 495w, http:\/\/www.amormisericordioso.org\/ita\/wp-content\/uploads\/2022\/01\/XI-CAPITOLO-GENERALE-4-845x684.png 845w\" sizes=\"(max-width: 495px) 100vw, 495px\" \/><\/a><div class='slide-content'><header class=\"entry-content-header\"><h3 class='slide-entry-title entry-title '  itemprop=\"headline\" ><a href='http:\/\/www.amormisericordioso.org\/ita\/xi-capitolo-generale-fam-comunicazione-n-6\/' title='XI CAPITOLO GENERALE FAM &#8211; Comunicazione n. 6'>XI CAPITOLO GENERALE FAM &#8211; Comunicazione n. 6<\/a><\/h3><span class=\"av-vertical-delimiter\"><\/span><\/header><div class='slide-meta'><div class='slide-meta-comments'><a href='http:\/\/www.amormisericordioso.org\/ita\/xi-capitolo-generale-fam-comunicazione-n-6\/#respond'>0 Commenti<\/a><\/div><div class='slide-meta-del'>\/<\/div><time class='slide-meta-time updated'  itemprop=\"datePublished\" datetime=\"2022-01-19T14:10:30+01:00\" >19 Gennaio 2022<\/time><\/div><div class='slide-entry-excerpt entry-content'  itemprop=\"text\" >\n\n\n\n<\/div><\/div><footer class=\"entry-footer\"><\/footer><span class='hidden'>\n\t\t\t\t<span class='av-structured-data'  itemprop=\"image\" itemscope=\"itemscope\" itemtype=\"https:\/\/schema.org\/ImageObject\" >\n\t\t\t\t\t\t<span itemprop='url'>http:\/\/www.amormisericordioso.org\/ita\/wp-content\/uploads\/2022\/01\/XI-CAPITOLO-GENERALE-4.png<\/span>\n\t\t\t\t\t\t<span itemprop='height'>1080<\/span>\n\t\t\t\t\t\t<span itemprop='width'>1080<\/span>\n\t\t\t\t<\/span>\n\t\t\t\t<span class='av-structured-data'  itemprop=\"publisher\" itemtype=\"https:\/\/schema.org\/Organization\" itemscope=\"itemscope\" >\n\t\t\t\t\t\t<span itemprop='name'>Famiglia dell'Amore Misericordioso<\/span>\n\t\t\t\t\t\t<span itemprop='logo' itemscope itemtype='https:\/\/schema.org\/ImageObject'>\n\t\t\t\t\t\t\t<span itemprop='url'>http:\/\/www.amormisericordioso.org\/ita\/wp-content\/uploads\/2018\/02\/logo-fam-italiano.png<\/span>\n\t\t\t\t\t\t <\/span>\n\t\t\t\t<\/span><span class='av-structured-data'  itemprop=\"author\" itemscope=\"itemscope\" itemtype=\"https:\/\/schema.org\/Person\" ><span itemprop='name'>Famiglia dell'Amore Misericordioso<\/span><\/span><span class='av-structured-data'  itemprop=\"datePublished\" datetime=\"2022-01-05T05:11:44+01:00\" >2022-01-19 14:10:30<\/span><span class='av-structured-data'  itemprop=\"dateModified\" itemtype=\"https:\/\/schema.org\/dateModified\" >2022-01-19 14:10:33<\/span><span class='av-structured-data'  itemprop=\"mainEntityOfPage\" itemtype=\"https:\/\/schema.org\/mainEntityOfPage\" ><span itemprop='name'>XI CAPITOLO GENERALE FAM &#8211; Comunicazione n. 6<\/span><\/span><\/span><\/article><article class='slide-entry flex_column  post-entry post-entry-4114 slide-entry-overview slide-loop-164 slide-parity-even  av_one_third  real-thumbnail post-format-standard'  itemscope=\"itemscope\" itemtype=\"https:\/\/schema.org\/CreativeWork\" ><a href='http:\/\/www.amormisericordioso.org\/ita\/xi-capitolo-generale-fam-comunicazione-n-5\/' data-rel='slide-1' class='slide-image' title='XI CAPITOLO GENERALE FAM &#8211; Comunicazione n. 5'><img decoding=\"async\" width=\"495\" height=\"400\" src=\"http:\/\/www.amormisericordioso.org\/ita\/wp-content\/uploads\/2022\/01\/XI-CAPITOLO-GENERALE-495x400.png\" class=\"wp-image-4032 avia-img-lazy-loading-not-4032 attachment-portfolio size-portfolio wp-post-image\" alt=\"\" srcset=\"http:\/\/www.amormisericordioso.org\/ita\/wp-content\/uploads\/2022\/01\/XI-CAPITOLO-GENERALE-495x400.png 495w, http:\/\/www.amormisericordioso.org\/ita\/wp-content\/uploads\/2022\/01\/XI-CAPITOLO-GENERALE-845x684.png 845w\" sizes=\"(max-width: 495px) 100vw, 495px\" \/><\/a><div class='slide-content'><header class=\"entry-content-header\"><h3 class='slide-entry-title entry-title '  itemprop=\"headline\" ><a href='http:\/\/www.amormisericordioso.org\/ita\/xi-capitolo-generale-fam-comunicazione-n-5\/' title='XI CAPITOLO GENERALE FAM &#8211; Comunicazione n. 5'>XI CAPITOLO GENERALE FAM &#8211; Comunicazione n. 5<\/a><\/h3><span class=\"av-vertical-delimiter\"><\/span><\/header><div class='slide-meta'><div class='slide-meta-comments'><a href='http:\/\/www.amormisericordioso.org\/ita\/xi-capitolo-generale-fam-comunicazione-n-5\/#respond'>0 Commenti<\/a><\/div><div class='slide-meta-del'>\/<\/div><time class='slide-meta-time updated'  itemprop=\"datePublished\" datetime=\"2022-01-18T21:56:23+01:00\" >18 Gennaio 2022<\/time><\/div><div class='slide-entry-excerpt entry-content'  itemprop=\"text\" >\n\n\n\n<\/div><\/div><footer class=\"entry-footer\"><\/footer><span class='hidden'>\n\t\t\t\t<span class='av-structured-data'  itemprop=\"image\" itemscope=\"itemscope\" itemtype=\"https:\/\/schema.org\/ImageObject\" >\n\t\t\t\t\t\t<span itemprop='url'>http:\/\/www.amormisericordioso.org\/ita\/wp-content\/uploads\/2022\/01\/XI-CAPITOLO-GENERALE.png<\/span>\n\t\t\t\t\t\t<span itemprop='height'>1080<\/span>\n\t\t\t\t\t\t<span itemprop='width'>1080<\/span>\n\t\t\t\t<\/span>\n\t\t\t\t<span class='av-structured-data'  itemprop=\"publisher\" itemtype=\"https:\/\/schema.org\/Organization\" itemscope=\"itemscope\" >\n\t\t\t\t\t\t<span itemprop='name'>Famiglia dell'Amore Misericordioso<\/span>\n\t\t\t\t\t\t<span itemprop='logo' itemscope itemtype='https:\/\/schema.org\/ImageObject'>\n\t\t\t\t\t\t\t<span itemprop='url'>http:\/\/www.amormisericordioso.org\/ita\/wp-content\/uploads\/2018\/02\/logo-fam-italiano.png<\/span>\n\t\t\t\t\t\t <\/span>\n\t\t\t\t<\/span><span class='av-structured-data'  itemprop=\"author\" itemscope=\"itemscope\" itemtype=\"https:\/\/schema.org\/Person\" ><span itemprop='name'>Famiglia dell'Amore Misericordioso<\/span><\/span><span class='av-structured-data'  itemprop=\"datePublished\" datetime=\"2022-01-05T05:11:44+01:00\" >2022-01-18 21:56:23<\/span><span class='av-structured-data'  itemprop=\"dateModified\" itemtype=\"https:\/\/schema.org\/dateModified\" >2026-02-11 12:22:26<\/span><span class='av-structured-data'  itemprop=\"mainEntityOfPage\" itemtype=\"https:\/\/schema.org\/mainEntityOfPage\" ><span itemprop='name'>XI CAPITOLO GENERALE FAM &#8211; Comunicazione n. 5<\/span><\/span><\/span><\/article><article class='slide-entry flex_column  post-entry post-entry-4109 slide-entry-overview slide-loop-165 slide-parity-odd  av_one_third  real-thumbnail post-format-standard'  itemscope=\"itemscope\" itemtype=\"https:\/\/schema.org\/CreativeWork\" ><a href='http:\/\/www.amormisericordioso.org\/ita\/xi-capitolo-generale-fam-comunicazione-n-4\/' data-rel='slide-1' class='slide-image' title='XI CAPITOLO GENERALE FAM &#8211; Comunicazione n\u00b0 4'><img decoding=\"async\" width=\"495\" height=\"400\" src=\"http:\/\/www.amormisericordioso.org\/ita\/wp-content\/uploads\/2022\/01\/XI-CAPITOLO-GENERALE-495x400.png\" class=\"wp-image-4032 avia-img-lazy-loading-not-4032 attachment-portfolio size-portfolio wp-post-image\" alt=\"\" srcset=\"http:\/\/www.amormisericordioso.org\/ita\/wp-content\/uploads\/2022\/01\/XI-CAPITOLO-GENERALE-495x400.png 495w, http:\/\/www.amormisericordioso.org\/ita\/wp-content\/uploads\/2022\/01\/XI-CAPITOLO-GENERALE-845x684.png 845w\" sizes=\"(max-width: 495px) 100vw, 495px\" \/><\/a><div class='slide-content'><header class=\"entry-content-header\"><h3 class='slide-entry-title entry-title '  itemprop=\"headline\" ><a href='http:\/\/www.amormisericordioso.org\/ita\/xi-capitolo-generale-fam-comunicazione-n-4\/' title='XI CAPITOLO GENERALE FAM &#8211; Comunicazione n\u00b0 4'>XI CAPITOLO GENERALE FAM &#8211; Comunicazione n\u00b0 4<\/a><\/h3><span class=\"av-vertical-delimiter\"><\/span><\/header><div class='slide-meta'><div class='slide-meta-comments'><a href='http:\/\/www.amormisericordioso.org\/ita\/xi-capitolo-generale-fam-comunicazione-n-4\/#respond'>0 Commenti<\/a><\/div><div class='slide-meta-del'>\/<\/div><time class='slide-meta-time updated'  itemprop=\"datePublished\" datetime=\"2022-01-17T19:13:54+01:00\" >17 Gennaio 2022<\/time><\/div><div class='slide-entry-excerpt entry-content'  itemprop=\"text\" >\n\n\n\n<\/div><\/div><footer class=\"entry-footer\"><\/footer><span class='hidden'>\n\t\t\t\t<span class='av-structured-data'  itemprop=\"image\" itemscope=\"itemscope\" itemtype=\"https:\/\/schema.org\/ImageObject\" >\n\t\t\t\t\t\t<span itemprop='url'>http:\/\/www.amormisericordioso.org\/ita\/wp-content\/uploads\/2022\/01\/XI-CAPITOLO-GENERALE.png<\/span>\n\t\t\t\t\t\t<span itemprop='height'>1080<\/span>\n\t\t\t\t\t\t<span itemprop='width'>1080<\/span>\n\t\t\t\t<\/span>\n\t\t\t\t<span class='av-structured-data'  itemprop=\"publisher\" itemtype=\"https:\/\/schema.org\/Organization\" itemscope=\"itemscope\" >\n\t\t\t\t\t\t<span itemprop='name'>Famiglia dell'Amore Misericordioso<\/span>\n\t\t\t\t\t\t<span itemprop='logo' itemscope itemtype='https:\/\/schema.org\/ImageObject'>\n\t\t\t\t\t\t\t<span itemprop='url'>http:\/\/www.amormisericordioso.org\/ita\/wp-content\/uploads\/2018\/02\/logo-fam-italiano.png<\/span>\n\t\t\t\t\t\t <\/span>\n\t\t\t\t<\/span><span class='av-structured-data'  itemprop=\"author\" itemscope=\"itemscope\" itemtype=\"https:\/\/schema.org\/Person\" ><span itemprop='name'>Famiglia dell'Amore Misericordioso<\/span><\/span><span class='av-structured-data'  itemprop=\"datePublished\" datetime=\"2022-01-05T05:11:44+01:00\" >2022-01-17 19:13:54<\/span><span class='av-structured-data'  itemprop=\"dateModified\" itemtype=\"https:\/\/schema.org\/dateModified\" >2026-02-11 12:23:00<\/span><span class='av-structured-data'  itemprop=\"mainEntityOfPage\" itemtype=\"https:\/\/schema.org\/mainEntityOfPage\" ><span itemprop='name'>XI CAPITOLO GENERALE FAM &#8211; Comunicazione n\u00b0 4<\/span><\/span><\/span><\/article><\/div><div class='slide-entry-wrap'><article class='slide-entry flex_column  post-entry post-entry-4081 slide-entry-overview slide-loop-166 slide-parity-odd  av_one_third first real-thumbnail post-format-standard'  itemscope=\"itemscope\" itemtype=\"https:\/\/schema.org\/CreativeWork\" ><a href='http:\/\/www.amormisericordioso.org\/ita\/xi-capitolo-generale-fam-comunicazione-n-3\/' data-rel='slide-1' class='slide-image' title='XI CAPITOLO GENERALE FAM &#8211; Comunicazione n\u00b0 3'><img decoding=\"async\" width=\"495\" height=\"400\" src=\"http:\/\/www.amormisericordioso.org\/ita\/wp-content\/uploads\/2022\/01\/XI-CAPITOLO-GENERALE-495x400.png\" class=\"wp-image-4032 avia-img-lazy-loading-not-4032 attachment-portfolio size-portfolio wp-post-image\" alt=\"\" srcset=\"http:\/\/www.amormisericordioso.org\/ita\/wp-content\/uploads\/2022\/01\/XI-CAPITOLO-GENERALE-495x400.png 495w, http:\/\/www.amormisericordioso.org\/ita\/wp-content\/uploads\/2022\/01\/XI-CAPITOLO-GENERALE-845x684.png 845w\" sizes=\"(max-width: 495px) 100vw, 495px\" \/><\/a><div class='slide-content'><header class=\"entry-content-header\"><h3 class='slide-entry-title entry-title '  itemprop=\"headline\" ><a href='http:\/\/www.amormisericordioso.org\/ita\/xi-capitolo-generale-fam-comunicazione-n-3\/' title='XI CAPITOLO GENERALE FAM &#8211; Comunicazione n\u00b0 3'>XI CAPITOLO GENERALE FAM &#8211; Comunicazione n\u00b0 3<\/a><\/h3><span class=\"av-vertical-delimiter\"><\/span><\/header><div class='slide-meta'><div class='slide-meta-comments'><a href='http:\/\/www.amormisericordioso.org\/ita\/xi-capitolo-generale-fam-comunicazione-n-3\/#respond'>0 Commenti<\/a><\/div><div class='slide-meta-del'>\/<\/div><time class='slide-meta-time updated'  itemprop=\"datePublished\" datetime=\"2022-01-13T22:01:14+01:00\" >13 Gennaio 2022<\/time><\/div><div class='slide-entry-excerpt entry-content'  itemprop=\"text\" >\n\n\n\n<\/div><\/div><footer class=\"entry-footer\"><\/footer><span class='hidden'>\n\t\t\t\t<span class='av-structured-data'  itemprop=\"image\" itemscope=\"itemscope\" itemtype=\"https:\/\/schema.org\/ImageObject\" >\n\t\t\t\t\t\t<span itemprop='url'>http:\/\/www.amormisericordioso.org\/ita\/wp-content\/uploads\/2022\/01\/XI-CAPITOLO-GENERALE.png<\/span>\n\t\t\t\t\t\t<span itemprop='height'>1080<\/span>\n\t\t\t\t\t\t<span itemprop='width'>1080<\/span>\n\t\t\t\t<\/span>\n\t\t\t\t<span class='av-structured-data'  itemprop=\"publisher\" itemtype=\"https:\/\/schema.org\/Organization\" itemscope=\"itemscope\" >\n\t\t\t\t\t\t<span itemprop='name'>Famiglia dell'Amore Misericordioso<\/span>\n\t\t\t\t\t\t<span itemprop='logo' itemscope itemtype='https:\/\/schema.org\/ImageObject'>\n\t\t\t\t\t\t\t<span itemprop='url'>http:\/\/www.amormisericordioso.org\/ita\/wp-content\/uploads\/2018\/02\/logo-fam-italiano.png<\/span>\n\t\t\t\t\t\t <\/span>\n\t\t\t\t<\/span><span class='av-structured-data'  itemprop=\"author\" itemscope=\"itemscope\" itemtype=\"https:\/\/schema.org\/Person\" ><span itemprop='name'>Famiglia dell'Amore Misericordioso<\/span><\/span><span class='av-structured-data'  itemprop=\"datePublished\" datetime=\"2022-01-05T05:11:44+01:00\" >2022-01-13 22:01:14<\/span><span class='av-structured-data'  itemprop=\"dateModified\" itemtype=\"https:\/\/schema.org\/dateModified\" >2022-01-13 22:01:17<\/span><span class='av-structured-data'  itemprop=\"mainEntityOfPage\" itemtype=\"https:\/\/schema.org\/mainEntityOfPage\" ><span itemprop='name'>XI CAPITOLO GENERALE FAM &#8211; Comunicazione n\u00b0 3<\/span><\/span><\/span><\/article><article class='slide-entry flex_column  post-entry post-entry-4077 slide-entry-overview slide-loop-167 slide-parity-even  av_one_third  real-thumbnail post-format-standard'  itemscope=\"itemscope\" itemtype=\"https:\/\/schema.org\/CreativeWork\" ><a href='http:\/\/www.amormisericordioso.org\/ita\/xi-capitolo-generale-fam-comunicazione-n-2\/' data-rel='slide-1' class='slide-image' title='XI Capitolo Generale FAM &#8211; Comunicazione n\u00b0 2'><img decoding=\"async\" width=\"495\" height=\"400\" src=\"http:\/\/www.amormisericordioso.org\/ita\/wp-content\/uploads\/2022\/01\/XI-CAPITOLO-GENERALE-495x400.png\" class=\"wp-image-4032 avia-img-lazy-loading-not-4032 attachment-portfolio size-portfolio wp-post-image\" alt=\"\" srcset=\"http:\/\/www.amormisericordioso.org\/ita\/wp-content\/uploads\/2022\/01\/XI-CAPITOLO-GENERALE-495x400.png 495w, http:\/\/www.amormisericordioso.org\/ita\/wp-content\/uploads\/2022\/01\/XI-CAPITOLO-GENERALE-845x684.png 845w\" sizes=\"(max-width: 495px) 100vw, 495px\" \/><\/a><div class='slide-content'><header class=\"entry-content-header\"><h3 class='slide-entry-title entry-title '  itemprop=\"headline\" ><a href='http:\/\/www.amormisericordioso.org\/ita\/xi-capitolo-generale-fam-comunicazione-n-2\/' title='XI Capitolo Generale FAM &#8211; Comunicazione n\u00b0 2'>XI Capitolo Generale FAM &#8211; Comunicazione n\u00b0 2<\/a><\/h3><span class=\"av-vertical-delimiter\"><\/span><\/header><div class='slide-meta'><div class='slide-meta-comments'><a href='http:\/\/www.amormisericordioso.org\/ita\/xi-capitolo-generale-fam-comunicazione-n-2\/#respond'>0 Commenti<\/a><\/div><div class='slide-meta-del'>\/<\/div><time class='slide-meta-time updated'  itemprop=\"datePublished\" datetime=\"2022-01-11T09:23:25+01:00\" >11 Gennaio 2022<\/time><\/div><div class='slide-entry-excerpt entry-content'  itemprop=\"text\" >\n\n\n\n<\/div><\/div><footer class=\"entry-footer\"><\/footer><span class='hidden'>\n\t\t\t\t<span class='av-structured-data'  itemprop=\"image\" itemscope=\"itemscope\" itemtype=\"https:\/\/schema.org\/ImageObject\" >\n\t\t\t\t\t\t<span itemprop='url'>http:\/\/www.amormisericordioso.org\/ita\/wp-content\/uploads\/2022\/01\/XI-CAPITOLO-GENERALE.png<\/span>\n\t\t\t\t\t\t<span itemprop='height'>1080<\/span>\n\t\t\t\t\t\t<span itemprop='width'>1080<\/span>\n\t\t\t\t<\/span>\n\t\t\t\t<span class='av-structured-data'  itemprop=\"publisher\" itemtype=\"https:\/\/schema.org\/Organization\" itemscope=\"itemscope\" >\n\t\t\t\t\t\t<span itemprop='name'>Famiglia dell'Amore Misericordioso<\/span>\n\t\t\t\t\t\t<span itemprop='logo' itemscope itemtype='https:\/\/schema.org\/ImageObject'>\n\t\t\t\t\t\t\t<span itemprop='url'>http:\/\/www.amormisericordioso.org\/ita\/wp-content\/uploads\/2018\/02\/logo-fam-italiano.png<\/span>\n\t\t\t\t\t\t <\/span>\n\t\t\t\t<\/span><span class='av-structured-data'  itemprop=\"author\" itemscope=\"itemscope\" itemtype=\"https:\/\/schema.org\/Person\" ><span itemprop='name'>Famiglia dell'Amore Misericordioso<\/span><\/span><span class='av-structured-data'  itemprop=\"datePublished\" datetime=\"2022-01-05T05:11:44+01:00\" >2022-01-11 09:23:25<\/span><span class='av-structured-data'  itemprop=\"dateModified\" itemtype=\"https:\/\/schema.org\/dateModified\" >2022-01-11 09:23:29<\/span><span class='av-structured-data'  itemprop=\"mainEntityOfPage\" itemtype=\"https:\/\/schema.org\/mainEntityOfPage\" ><span itemprop='name'>XI Capitolo Generale FAM &#8211; Comunicazione n\u00b0 2<\/span><\/span><\/span><\/article><article class='slide-entry flex_column  post-entry post-entry-4029 slide-entry-overview slide-loop-168 slide-parity-odd  av_one_third  real-thumbnail post-format-standard'  itemscope=\"itemscope\" itemtype=\"https:\/\/schema.org\/CreativeWork\" ><a href='http:\/\/www.amormisericordioso.org\/ita\/xi-capitolo-generale-fam-1\/' data-rel='slide-1' class='slide-image' title='XI Capitolo Generale FAM &#8211; Comunicazione n\u00b0 1'><img decoding=\"async\" width=\"495\" height=\"400\" src=\"http:\/\/www.amormisericordioso.org\/ita\/wp-content\/uploads\/2022\/01\/XI-CAPITOLO-GENERALE-495x400.png\" class=\"wp-image-4032 avia-img-lazy-loading-not-4032 attachment-portfolio size-portfolio wp-post-image\" alt=\"\" srcset=\"http:\/\/www.amormisericordioso.org\/ita\/wp-content\/uploads\/2022\/01\/XI-CAPITOLO-GENERALE-495x400.png 495w, http:\/\/www.amormisericordioso.org\/ita\/wp-content\/uploads\/2022\/01\/XI-CAPITOLO-GENERALE-845x684.png 845w\" sizes=\"(max-width: 495px) 100vw, 495px\" \/><\/a><div class='slide-content'><header class=\"entry-content-header\"><h3 class='slide-entry-title entry-title '  itemprop=\"headline\" ><a href='http:\/\/www.amormisericordioso.org\/ita\/xi-capitolo-generale-fam-1\/' title='XI Capitolo Generale FAM &#8211; Comunicazione n\u00b0 1'>XI Capitolo Generale FAM &#8211; Comunicazione n\u00b0 1<\/a><\/h3><span class=\"av-vertical-delimiter\"><\/span><\/header><div class='slide-meta'><div class='slide-meta-comments'><a href='http:\/\/www.amormisericordioso.org\/ita\/xi-capitolo-generale-fam-1\/#respond'>0 Commenti<\/a><\/div><div class='slide-meta-del'>\/<\/div><time class='slide-meta-time updated'  itemprop=\"datePublished\" datetime=\"2022-01-09T09:19:00+01:00\" >9 Gennaio 2022<\/time><\/div><div class='slide-entry-excerpt entry-content'  itemprop=\"text\" >\n\n\n\n<\/div><\/div><footer class=\"entry-footer\"><\/footer><span class='hidden'>\n\t\t\t\t<span class='av-structured-data'  itemprop=\"image\" itemscope=\"itemscope\" itemtype=\"https:\/\/schema.org\/ImageObject\" >\n\t\t\t\t\t\t<span itemprop='url'>http:\/\/www.amormisericordioso.org\/ita\/wp-content\/uploads\/2022\/01\/XI-CAPITOLO-GENERALE.png<\/span>\n\t\t\t\t\t\t<span itemprop='height'>1080<\/span>\n\t\t\t\t\t\t<span itemprop='width'>1080<\/span>\n\t\t\t\t<\/span>\n\t\t\t\t<span class='av-structured-data'  itemprop=\"publisher\" itemtype=\"https:\/\/schema.org\/Organization\" itemscope=\"itemscope\" >\n\t\t\t\t\t\t<span itemprop='name'>Famiglia dell'Amore Misericordioso<\/span>\n\t\t\t\t\t\t<span itemprop='logo' itemscope itemtype='https:\/\/schema.org\/ImageObject'>\n\t\t\t\t\t\t\t<span itemprop='url'>http:\/\/www.amormisericordioso.org\/ita\/wp-content\/uploads\/2018\/02\/logo-fam-italiano.png<\/span>\n\t\t\t\t\t\t <\/span>\n\t\t\t\t<\/span><span class='av-structured-data'  itemprop=\"author\" itemscope=\"itemscope\" itemtype=\"https:\/\/schema.org\/Person\" ><span itemprop='name'>Famiglia dell'Amore Misericordioso<\/span><\/span><span class='av-structured-data'  itemprop=\"datePublished\" datetime=\"2022-01-05T05:11:44+01:00\" >2022-01-09 09:19:00<\/span><span class='av-structured-data'  itemprop=\"dateModified\" itemtype=\"https:\/\/schema.org\/dateModified\" >2022-01-11 01:44:21<\/span><span class='av-structured-data'  itemprop=\"mainEntityOfPage\" itemtype=\"https:\/\/schema.org\/mainEntityOfPage\" ><span itemprop='name'>XI Capitolo Generale FAM &#8211; Comunicazione n\u00b0 1<\/span><\/span><\/span><\/article><\/div><div class='slide-entry-wrap'><article class='slide-entry flex_column  post-entry post-entry-3443 slide-entry-overview slide-loop-169 slide-parity-odd  av_one_third first real-thumbnail post-format-standard'  itemscope=\"itemscope\" itemtype=\"https:\/\/schema.org\/CreativeWork\" ><a href='http:\/\/www.amormisericordioso.org\/ita\/3443-2\/' data-rel='slide-1' class='slide-image' title='\u00c8 NATO IL SALVATORE, CRISTO GES\u00d9'><img decoding=\"async\" width=\"495\" height=\"400\" src=\"http:\/\/www.amormisericordioso.org\/ita\/wp-content\/uploads\/2021\/12\/1-495x400.png\" class=\"wp-image-3700 avia-img-lazy-loading-not-3700 attachment-portfolio size-portfolio wp-post-image\" alt=\"\" \/><\/a><div class='slide-content'><header class=\"entry-content-header\"><h3 class='slide-entry-title entry-title '  itemprop=\"headline\" ><a href='http:\/\/www.amormisericordioso.org\/ita\/3443-2\/' title='\u00c8 NATO IL SALVATORE, CRISTO GES\u00d9'>\u00c8 NATO IL SALVATORE, CRISTO GES\u00d9<\/a><\/h3><span class=\"av-vertical-delimiter\"><\/span><\/header><div class='slide-meta'><div class='slide-meta-comments'><a href='http:\/\/www.amormisericordioso.org\/ita\/3443-2\/#respond'>0 Commenti<\/a><\/div><div class='slide-meta-del'>\/<\/div><time class='slide-meta-time updated'  itemprop=\"datePublished\" datetime=\"2021-12-25T10:00:00+01:00\" >25 Dicembre 2021<\/time><\/div><div class='slide-entry-excerpt entry-content'  itemprop=\"text\" >\n\n\n\n\n\n<\/div><\/div><footer class=\"entry-footer\"><\/footer><span class='hidden'>\n\t\t\t\t<span class='av-structured-data'  itemprop=\"image\" itemscope=\"itemscope\" itemtype=\"https:\/\/schema.org\/ImageObject\" >\n\t\t\t\t\t\t<span itemprop='url'>http:\/\/www.amormisericordioso.org\/ita\/wp-content\/uploads\/2021\/12\/1.png<\/span>\n\t\t\t\t\t\t<span itemprop='height'>1080<\/span>\n\t\t\t\t\t\t<span itemprop='width'>1080<\/span>\n\t\t\t\t<\/span>\n\t\t\t\t<span class='av-structured-data'  itemprop=\"publisher\" itemtype=\"https:\/\/schema.org\/Organization\" itemscope=\"itemscope\" >\n\t\t\t\t\t\t<span itemprop='name'>Famiglia dell'Amore Misericordioso<\/span>\n\t\t\t\t\t\t<span itemprop='logo' itemscope itemtype='https:\/\/schema.org\/ImageObject'>\n\t\t\t\t\t\t\t<span itemprop='url'>http:\/\/www.amormisericordioso.org\/ita\/wp-content\/uploads\/2018\/02\/logo-fam-italiano.png<\/span>\n\t\t\t\t\t\t <\/span>\n\t\t\t\t<\/span><span class='av-structured-data'  itemprop=\"author\" itemscope=\"itemscope\" itemtype=\"https:\/\/schema.org\/Person\" ><span itemprop='name'>Famiglia dell'Amore Misericordioso<\/span><\/span><span class='av-structured-data'  itemprop=\"datePublished\" datetime=\"2022-01-05T05:11:44+01:00\" >2021-12-25 10:00:00<\/span><span class='av-structured-data'  itemprop=\"dateModified\" itemtype=\"https:\/\/schema.org\/dateModified\" >2022-01-04 03:59:52<\/span><span class='av-structured-data'  itemprop=\"mainEntityOfPage\" itemtype=\"https:\/\/schema.org\/mainEntityOfPage\" ><span itemprop='name'>\u00c8 NATO IL SALVATORE, CRISTO GES\u00d9<\/span><\/span><\/span><\/article><article class='slide-entry flex_column  post-entry post-entry-3410 slide-entry-overview slide-loop-170 slide-parity-even  av_one_third  real-thumbnail post-format-standard'  itemscope=\"itemscope\" itemtype=\"https:\/\/schema.org\/CreativeWork\" ><a href='http:\/\/www.amormisericordioso.org\/ita\/il-presepe-per-contemplare-lamore-di-dio\/' data-rel='slide-1' class='slide-image' title='IL PRESEPE: la contemplazione dell&#8217;Amore di Dio'><img decoding=\"async\" width=\"495\" height=\"400\" src=\"http:\/\/www.amormisericordioso.org\/ita\/wp-content\/uploads\/2021\/12\/2-3-495x400.png\" class=\"wp-image-3701 avia-img-lazy-loading-not-3701 attachment-portfolio size-portfolio wp-post-image\" alt=\"\" srcset=\"http:\/\/www.amormisericordioso.org\/ita\/wp-content\/uploads\/2021\/12\/2-3-495x400.png 495w, http:\/\/www.amormisericordioso.org\/ita\/wp-content\/uploads\/2021\/12\/2-3-845x684.png 845w\" sizes=\"(max-width: 495px) 100vw, 495px\" \/><\/a><div class='slide-content'><header class=\"entry-content-header\"><h3 class='slide-entry-title entry-title '  itemprop=\"headline\" ><a href='http:\/\/www.amormisericordioso.org\/ita\/il-presepe-per-contemplare-lamore-di-dio\/' title='IL PRESEPE: la contemplazione dell&#8217;Amore di Dio'>IL PRESEPE: la contemplazione dell&#8217;Amore di Dio<\/a><\/h3><span class=\"av-vertical-delimiter\"><\/span><\/header><div class='slide-meta'><div class='slide-meta-comments'><a href='http:\/\/www.amormisericordioso.org\/ita\/il-presepe-per-contemplare-lamore-di-dio\/#respond'>0 Commenti<\/a><\/div><div class='slide-meta-del'>\/<\/div><time class='slide-meta-time updated'  itemprop=\"datePublished\" datetime=\"2021-12-07T02:40:12+01:00\" >7 Dicembre 2021<\/time><\/div><div class='slide-entry-excerpt entry-content'  itemprop=\"text\" >\n\n\n\n<\/div><\/div><footer class=\"entry-footer\"><\/footer><span class='hidden'>\n\t\t\t\t<span class='av-structured-data'  itemprop=\"image\" itemscope=\"itemscope\" itemtype=\"https:\/\/schema.org\/ImageObject\" >\n\t\t\t\t\t\t<span itemprop='url'>http:\/\/www.amormisericordioso.org\/ita\/wp-content\/uploads\/2021\/12\/2-3.png<\/span>\n\t\t\t\t\t\t<span itemprop='height'>1080<\/span>\n\t\t\t\t\t\t<span itemprop='width'>1080<\/span>\n\t\t\t\t<\/span>\n\t\t\t\t<span class='av-structured-data'  itemprop=\"publisher\" itemtype=\"https:\/\/schema.org\/Organization\" itemscope=\"itemscope\" >\n\t\t\t\t\t\t<span itemprop='name'>Famiglia dell'Amore Misericordioso<\/span>\n\t\t\t\t\t\t<span itemprop='logo' itemscope itemtype='https:\/\/schema.org\/ImageObject'>\n\t\t\t\t\t\t\t<span itemprop='url'>http:\/\/www.amormisericordioso.org\/ita\/wp-content\/uploads\/2018\/02\/logo-fam-italiano.png<\/span>\n\t\t\t\t\t\t <\/span>\n\t\t\t\t<\/span><span class='av-structured-data'  itemprop=\"author\" itemscope=\"itemscope\" itemtype=\"https:\/\/schema.org\/Person\" ><span itemprop='name'>Famiglia dell'Amore Misericordioso<\/span><\/span><span class='av-structured-data'  itemprop=\"datePublished\" datetime=\"2022-01-05T05:11:44+01:00\" >2021-12-07 02:40:12<\/span><span class='av-structured-data'  itemprop=\"dateModified\" itemtype=\"https:\/\/schema.org\/dateModified\" >2022-01-04 04:00:57<\/span><span class='av-structured-data'  itemprop=\"mainEntityOfPage\" itemtype=\"https:\/\/schema.org\/mainEntityOfPage\" ><span itemprop='name'>IL PRESEPE: la contemplazione dell&#8217;Amore di Dio<\/span><\/span><\/span><\/article><article class='slide-entry flex_column  post-entry post-entry-3100 slide-entry-overview slide-loop-171 slide-parity-odd  av_one_third  real-thumbnail post-format-standard'  itemscope=\"itemscope\" itemtype=\"https:\/\/schema.org\/CreativeWork\" ><a href='http:\/\/www.amormisericordioso.org\/ita\/solennita-di-cristo-re\/' data-rel='slide-1' class='slide-image' title='SOLENNIT\u00c0 DI CRISTO RE'><img decoding=\"async\" width=\"495\" height=\"400\" src=\"http:\/\/www.amormisericordioso.org\/ita\/wp-content\/uploads\/2021\/12\/3-2-495x400.png\" class=\"wp-image-3702 avia-img-lazy-loading-not-3702 attachment-portfolio size-portfolio wp-post-image\" alt=\"\" srcset=\"http:\/\/www.amormisericordioso.org\/ita\/wp-content\/uploads\/2021\/12\/3-2-495x400.png 495w, http:\/\/www.amormisericordioso.org\/ita\/wp-content\/uploads\/2021\/12\/3-2-845x684.png 845w\" sizes=\"(max-width: 495px) 100vw, 495px\" \/><\/a><div class='slide-content'><header class=\"entry-content-header\"><h3 class='slide-entry-title entry-title '  itemprop=\"headline\" ><a href='http:\/\/www.amormisericordioso.org\/ita\/solennita-di-cristo-re\/' title='SOLENNIT\u00c0 DI CRISTO RE'>SOLENNIT\u00c0 DI CRISTO RE<\/a><\/h3><span class=\"av-vertical-delimiter\"><\/span><\/header><div class='slide-meta'><div class='slide-meta-comments'><a href='http:\/\/www.amormisericordioso.org\/ita\/solennita-di-cristo-re\/#respond'>0 Commenti<\/a><\/div><div class='slide-meta-del'>\/<\/div><time class='slide-meta-time updated'  itemprop=\"datePublished\" datetime=\"2021-11-21T06:00:00+01:00\" >21 Novembre 2021<\/time><\/div><div class='slide-entry-excerpt entry-content'  itemprop=\"text\" >\nLa solennit\u00e0 di Cristo Re dell'Universo segna la conclusione\u2026<\/div><\/div><footer class=\"entry-footer\"><\/footer><span class='hidden'>\n\t\t\t\t<span class='av-structured-data'  itemprop=\"image\" itemscope=\"itemscope\" itemtype=\"https:\/\/schema.org\/ImageObject\" >\n\t\t\t\t\t\t<span itemprop='url'>http:\/\/www.amormisericordioso.org\/ita\/wp-content\/uploads\/2021\/12\/3-2.png<\/span>\n\t\t\t\t\t\t<span itemprop='height'>1080<\/span>\n\t\t\t\t\t\t<span itemprop='width'>1080<\/span>\n\t\t\t\t<\/span>\n\t\t\t\t<span class='av-structured-data'  itemprop=\"publisher\" itemtype=\"https:\/\/schema.org\/Organization\" itemscope=\"itemscope\" >\n\t\t\t\t\t\t<span itemprop='name'>Famiglia dell'Amore Misericordioso<\/span>\n\t\t\t\t\t\t<span itemprop='logo' itemscope itemtype='https:\/\/schema.org\/ImageObject'>\n\t\t\t\t\t\t\t<span itemprop='url'>http:\/\/www.amormisericordioso.org\/ita\/wp-content\/uploads\/2018\/02\/logo-fam-italiano.png<\/span>\n\t\t\t\t\t\t <\/span>\n\t\t\t\t<\/span><span class='av-structured-data'  itemprop=\"author\" itemscope=\"itemscope\" itemtype=\"https:\/\/schema.org\/Person\" ><span itemprop='name'>Famiglia dell'Amore Misericordioso<\/span><\/span><span class='av-structured-data'  itemprop=\"datePublished\" datetime=\"2022-01-05T05:11:44+01:00\" >2021-11-21 06:00:00<\/span><span class='av-structured-data'  itemprop=\"dateModified\" itemtype=\"https:\/\/schema.org\/dateModified\" >2022-11-15 08:49:32<\/span><span class='av-structured-data'  itemprop=\"mainEntityOfPage\" itemtype=\"https:\/\/schema.org\/mainEntityOfPage\" ><span itemprop='name'>SOLENNIT\u00c0 DI CRISTO RE<\/span><\/span><\/span><\/article><\/div><div class='slide-entry-wrap'><article class='slide-entry flex_column  post-entry post-entry-3029 slide-entry-overview slide-loop-172 slide-parity-odd  av_one_third first real-thumbnail post-format-standard'  itemscope=\"itemscope\" itemtype=\"https:\/\/schema.org\/CreativeWork\" ><a href='http:\/\/www.amormisericordioso.org\/ita\/ix-assemblea-nazionale-alam-servire-e-regnare\/' data-rel='slide-1' class='slide-image' title='IX Assemblea Nazionale Associazione LAM: Servire e Regnare'><img decoding=\"async\" width=\"495\" height=\"400\" src=\"http:\/\/www.amormisericordioso.org\/ita\/wp-content\/uploads\/2021\/11\/4-495x400.png\" class=\"wp-image-3703 avia-img-lazy-loading-not-3703 attachment-portfolio size-portfolio wp-post-image\" alt=\"\" srcset=\"http:\/\/www.amormisericordioso.org\/ita\/wp-content\/uploads\/2021\/11\/4-495x400.png 495w, http:\/\/www.amormisericordioso.org\/ita\/wp-content\/uploads\/2021\/11\/4-845x684.png 845w\" sizes=\"(max-width: 495px) 100vw, 495px\" \/><\/a><div class='slide-content'><header class=\"entry-content-header\"><h3 class='slide-entry-title entry-title '  itemprop=\"headline\" ><a href='http:\/\/www.amormisericordioso.org\/ita\/ix-assemblea-nazionale-alam-servire-e-regnare\/' title='IX Assemblea Nazionale Associazione LAM: Servire e Regnare'>IX Assemblea Nazionale Associazione LAM: Servire e Regnare<\/a><\/h3><span class=\"av-vertical-delimiter\"><\/span><\/header><div class='slide-meta'><div class='slide-meta-comments'><a href='http:\/\/www.amormisericordioso.org\/ita\/ix-assemblea-nazionale-alam-servire-e-regnare\/#respond'>0 Commenti<\/a><\/div><div class='slide-meta-del'>\/<\/div><time class='slide-meta-time updated'  itemprop=\"datePublished\" datetime=\"2021-11-04T04:19:41+01:00\" >4 Novembre 2021<\/time><\/div><div class='slide-entry-excerpt entry-content'  itemprop=\"text\" >\nNei giorni 22-24 ottobre \u00e8 stata celebrata a Collevalenza la\u2026<\/div><\/div><footer class=\"entry-footer\"><\/footer><span class='hidden'>\n\t\t\t\t<span class='av-structured-data'  itemprop=\"image\" itemscope=\"itemscope\" itemtype=\"https:\/\/schema.org\/ImageObject\" >\n\t\t\t\t\t\t<span itemprop='url'>http:\/\/www.amormisericordioso.org\/ita\/wp-content\/uploads\/2021\/11\/4.png<\/span>\n\t\t\t\t\t\t<span itemprop='height'>1080<\/span>\n\t\t\t\t\t\t<span itemprop='width'>1080<\/span>\n\t\t\t\t<\/span>\n\t\t\t\t<span class='av-structured-data'  itemprop=\"publisher\" itemtype=\"https:\/\/schema.org\/Organization\" itemscope=\"itemscope\" >\n\t\t\t\t\t\t<span itemprop='name'>Famiglia dell'Amore Misericordioso<\/span>\n\t\t\t\t\t\t<span itemprop='logo' itemscope itemtype='https:\/\/schema.org\/ImageObject'>\n\t\t\t\t\t\t\t<span itemprop='url'>http:\/\/www.amormisericordioso.org\/ita\/wp-content\/uploads\/2018\/02\/logo-fam-italiano.png<\/span>\n\t\t\t\t\t\t <\/span>\n\t\t\t\t<\/span><span class='av-structured-data'  itemprop=\"author\" itemscope=\"itemscope\" itemtype=\"https:\/\/schema.org\/Person\" ><span itemprop='name'>Famiglia dell'Amore Misericordioso<\/span><\/span><span class='av-structured-data'  itemprop=\"datePublished\" datetime=\"2022-01-05T05:11:44+01:00\" >2021-11-04 04:19:41<\/span><span class='av-structured-data'  itemprop=\"dateModified\" itemtype=\"https:\/\/schema.org\/dateModified\" >2026-02-11 12:14:52<\/span><span class='av-structured-data'  itemprop=\"mainEntityOfPage\" itemtype=\"https:\/\/schema.org\/mainEntityOfPage\" ><span itemprop='name'>IX Assemblea Nazionale Associazione LAM: Servire e Regnare<\/span><\/span><\/span><\/article><article class='slide-entry flex_column  post-entry post-entry-3019 slide-entry-overview slide-loop-173 slide-parity-even  av_one_third  real-thumbnail post-format-standard'  itemscope=\"itemscope\" itemtype=\"https:\/\/schema.org\/CreativeWork\" ><a href='http:\/\/www.amormisericordioso.org\/ita\/1965-31-ottobre-2021-basilica-dellamore-misericordioso\/' data-rel='slide-1' class='slide-image' title='1965 &#8211; 31 ottobre &#8211; 2021: BASILICA DELL&#8217;AMORE MISERICORDIOSO'><img decoding=\"async\" width=\"495\" height=\"400\" src=\"http:\/\/www.amormisericordioso.org\/ita\/wp-content\/uploads\/2021\/10\/5-495x400.png\" class=\"wp-image-3705 avia-img-lazy-loading-not-3705 attachment-portfolio size-portfolio wp-post-image\" alt=\"\" srcset=\"http:\/\/www.amormisericordioso.org\/ita\/wp-content\/uploads\/2021\/10\/5-495x400.png 495w, http:\/\/www.amormisericordioso.org\/ita\/wp-content\/uploads\/2021\/10\/5-845x684.png 845w\" sizes=\"(max-width: 495px) 100vw, 495px\" \/><\/a><div class='slide-content'><header class=\"entry-content-header\"><h3 class='slide-entry-title entry-title '  itemprop=\"headline\" ><a href='http:\/\/www.amormisericordioso.org\/ita\/1965-31-ottobre-2021-basilica-dellamore-misericordioso\/' title='1965 &#8211; 31 ottobre &#8211; 2021: BASILICA DELL&#8217;AMORE MISERICORDIOSO'>1965 &#8211; 31 ottobre &#8211; 2021: BASILICA DELL&#8217;AMORE MISERICORDIOSO<\/a><\/h3><span class=\"av-vertical-delimiter\"><\/span><\/header><div class='slide-meta'><div class='slide-meta-comments'><a href='http:\/\/www.amormisericordioso.org\/ita\/1965-31-ottobre-2021-basilica-dellamore-misericordioso\/#respond'>0 Commenti<\/a><\/div><div class='slide-meta-del'>\/<\/div><time class='slide-meta-time updated'  itemprop=\"datePublished\" datetime=\"2021-10-31T15:20:59+01:00\" >31 Ottobre 2021<\/time><\/div><div class='slide-entry-excerpt entry-content'  itemprop=\"text\" >\nDio stesso ha voluto dare al Santuario dell'Amore Misericordioso\u2026<\/div><\/div><footer class=\"entry-footer\"><\/footer><span class='hidden'>\n\t\t\t\t<span class='av-structured-data'  itemprop=\"image\" itemscope=\"itemscope\" itemtype=\"https:\/\/schema.org\/ImageObject\" >\n\t\t\t\t\t\t<span itemprop='url'>http:\/\/www.amormisericordioso.org\/ita\/wp-content\/uploads\/2021\/10\/5.png<\/span>\n\t\t\t\t\t\t<span itemprop='height'>1080<\/span>\n\t\t\t\t\t\t<span itemprop='width'>1080<\/span>\n\t\t\t\t<\/span>\n\t\t\t\t<span class='av-structured-data'  itemprop=\"publisher\" itemtype=\"https:\/\/schema.org\/Organization\" itemscope=\"itemscope\" >\n\t\t\t\t\t\t<span itemprop='name'>Famiglia dell'Amore Misericordioso<\/span>\n\t\t\t\t\t\t<span itemprop='logo' itemscope itemtype='https:\/\/schema.org\/ImageObject'>\n\t\t\t\t\t\t\t<span itemprop='url'>http:\/\/www.amormisericordioso.org\/ita\/wp-content\/uploads\/2018\/02\/logo-fam-italiano.png<\/span>\n\t\t\t\t\t\t <\/span>\n\t\t\t\t<\/span><span class='av-structured-data'  itemprop=\"author\" itemscope=\"itemscope\" itemtype=\"https:\/\/schema.org\/Person\" ><span itemprop='name'>Famiglia dell'Amore Misericordioso<\/span><\/span><span class='av-structured-data'  itemprop=\"datePublished\" datetime=\"2022-01-05T05:11:44+01:00\" >2021-10-31 15:20:59<\/span><span class='av-structured-data'  itemprop=\"dateModified\" itemtype=\"https:\/\/schema.org\/dateModified\" >2022-01-04 04:07:15<\/span><span class='av-structured-data'  itemprop=\"mainEntityOfPage\" itemtype=\"https:\/\/schema.org\/mainEntityOfPage\" ><span itemprop='name'>1965 &#8211; 31 ottobre &#8211; 2021: BASILICA DELL&#8217;AMORE MISERICORDIOSO<\/span><\/span><\/span><\/article><article class='slide-entry flex_column  post-entry post-entry-3014 slide-entry-overview slide-loop-174 slide-parity-odd  av_one_third  real-thumbnail post-format-standard'  itemscope=\"itemscope\" itemtype=\"https:\/\/schema.org\/CreativeWork\" ><a href='http:\/\/www.amormisericordioso.org\/ita\/testimoni-e-profeti-giornata-mondiale-missionaria-2021\/' data-rel='slide-1' class='slide-image' title='TESTIMONI E PROFETI: Giornata Mondiale Missionaria 2021'><img decoding=\"async\" width=\"495\" height=\"400\" src=\"http:\/\/www.amormisericordioso.org\/ita\/wp-content\/uploads\/2021\/10\/6-495x400.png\" class=\"wp-image-3706 avia-img-lazy-loading-not-3706 attachment-portfolio size-portfolio wp-post-image\" alt=\"\" srcset=\"http:\/\/www.amormisericordioso.org\/ita\/wp-content\/uploads\/2021\/10\/6-495x400.png 495w, http:\/\/www.amormisericordioso.org\/ita\/wp-content\/uploads\/2021\/10\/6-845x684.png 845w\" sizes=\"(max-width: 495px) 100vw, 495px\" \/><\/a><div class='slide-content'><header class=\"entry-content-header\"><h3 class='slide-entry-title entry-title '  itemprop=\"headline\" ><a href='http:\/\/www.amormisericordioso.org\/ita\/testimoni-e-profeti-giornata-mondiale-missionaria-2021\/' title='TESTIMONI E PROFETI: Giornata Mondiale Missionaria 2021'>TESTIMONI E PROFETI: Giornata Mondiale Missionaria 2021<\/a><\/h3><span class=\"av-vertical-delimiter\"><\/span><\/header><div class='slide-meta'><time class='slide-meta-time updated'  itemprop=\"datePublished\" datetime=\"2021-10-25T04:00:57+02:00\" >25 Ottobre 2021<\/time><\/div><div class='slide-entry-excerpt entry-content'  itemprop=\"text\" >\nSi \u00e8 celebrata ieri in tutto il mondo la Giornata Missionaria,\u2026<\/div><\/div><footer class=\"entry-footer\"><\/footer><span class='hidden'>\n\t\t\t\t<span class='av-structured-data'  itemprop=\"image\" itemscope=\"itemscope\" itemtype=\"https:\/\/schema.org\/ImageObject\" >\n\t\t\t\t\t\t<span itemprop='url'>http:\/\/www.amormisericordioso.org\/ita\/wp-content\/uploads\/2021\/10\/6.png<\/span>\n\t\t\t\t\t\t<span itemprop='height'>1080<\/span>\n\t\t\t\t\t\t<span itemprop='width'>1080<\/span>\n\t\t\t\t<\/span>\n\t\t\t\t<span class='av-structured-data'  itemprop=\"publisher\" itemtype=\"https:\/\/schema.org\/Organization\" itemscope=\"itemscope\" >\n\t\t\t\t\t\t<span itemprop='name'>Famiglia dell'Amore Misericordioso<\/span>\n\t\t\t\t\t\t<span itemprop='logo' itemscope itemtype='https:\/\/schema.org\/ImageObject'>\n\t\t\t\t\t\t\t<span itemprop='url'>http:\/\/www.amormisericordioso.org\/ita\/wp-content\/uploads\/2018\/02\/logo-fam-italiano.png<\/span>\n\t\t\t\t\t\t <\/span>\n\t\t\t\t<\/span><span class='av-structured-data'  itemprop=\"author\" itemscope=\"itemscope\" itemtype=\"https:\/\/schema.org\/Person\" ><span itemprop='name'>Famiglia dell'Amore Misericordioso<\/span><\/span><span class='av-structured-data'  itemprop=\"datePublished\" datetime=\"2022-01-05T05:11:44+01:00\" >2021-10-25 04:00:57<\/span><span class='av-structured-data'  itemprop=\"dateModified\" itemtype=\"https:\/\/schema.org\/dateModified\" >2022-01-25 18:05:35<\/span><span class='av-structured-data'  itemprop=\"mainEntityOfPage\" itemtype=\"https:\/\/schema.org\/mainEntityOfPage\" ><span itemprop='name'>TESTIMONI E PROFETI: Giornata Mondiale Missionaria 2021<\/span><\/span><\/span><\/article><\/div><div class='slide-entry-wrap'><article class='slide-entry flex_column  post-entry post-entry-3009 slide-entry-overview slide-loop-175 slide-parity-odd  av_one_third first real-thumbnail post-format-standard'  itemscope=\"itemscope\" itemtype=\"https:\/\/schema.org\/CreativeWork\" ><a href='http:\/\/www.amormisericordioso.org\/ita\/cesam-in-dialogo-con-fratelli-tutti-oltre-le-ombre-di-un-mondo-chiuso\/' data-rel='slide-1' class='slide-image' title='CeSAM. In dialogo con \u201cFratelli tutti\u201d: oltre le ombre di un mondo chiuso'><img decoding=\"async\" width=\"495\" height=\"400\" src=\"http:\/\/www.amormisericordioso.org\/ita\/wp-content\/uploads\/2021\/10\/7-495x400.png\" class=\"wp-image-3707 avia-img-lazy-loading-not-3707 attachment-portfolio size-portfolio wp-post-image\" alt=\"\" srcset=\"http:\/\/www.amormisericordioso.org\/ita\/wp-content\/uploads\/2021\/10\/7-495x400.png 495w, http:\/\/www.amormisericordioso.org\/ita\/wp-content\/uploads\/2021\/10\/7-845x684.png 845w\" sizes=\"(max-width: 495px) 100vw, 495px\" \/><\/a><div class='slide-content'><header class=\"entry-content-header\"><h3 class='slide-entry-title entry-title '  itemprop=\"headline\" ><a href='http:\/\/www.amormisericordioso.org\/ita\/cesam-in-dialogo-con-fratelli-tutti-oltre-le-ombre-di-un-mondo-chiuso\/' title='CeSAM. In dialogo con \u201cFratelli tutti\u201d: oltre le ombre di un mondo chiuso'>CeSAM. In dialogo con \u201cFratelli tutti\u201d: oltre le ombre di un mondo chiuso<\/a><\/h3><span class=\"av-vertical-delimiter\"><\/span><\/header><div class='slide-meta'><time class='slide-meta-time updated'  itemprop=\"datePublished\" datetime=\"2021-10-19T06:28:31+02:00\" >19 Ottobre 2021<\/time><\/div><div class='slide-entry-excerpt entry-content'  itemprop=\"text\" >\n\n\n\n\nIl 15 e 16 ottobre, si \u00e8 tenuto a Collevalenza - in modalit\u00e0\u2026<\/div><\/div><footer class=\"entry-footer\"><\/footer><span class='hidden'>\n\t\t\t\t<span class='av-structured-data'  itemprop=\"image\" itemscope=\"itemscope\" itemtype=\"https:\/\/schema.org\/ImageObject\" >\n\t\t\t\t\t\t<span itemprop='url'>http:\/\/www.amormisericordioso.org\/ita\/wp-content\/uploads\/2021\/10\/7.png<\/span>\n\t\t\t\t\t\t<span itemprop='height'>1080<\/span>\n\t\t\t\t\t\t<span itemprop='width'>1080<\/span>\n\t\t\t\t<\/span>\n\t\t\t\t<span class='av-structured-data'  itemprop=\"publisher\" itemtype=\"https:\/\/schema.org\/Organization\" itemscope=\"itemscope\" >\n\t\t\t\t\t\t<span itemprop='name'>Famiglia dell'Amore Misericordioso<\/span>\n\t\t\t\t\t\t<span itemprop='logo' itemscope itemtype='https:\/\/schema.org\/ImageObject'>\n\t\t\t\t\t\t\t<span itemprop='url'>http:\/\/www.amormisericordioso.org\/ita\/wp-content\/uploads\/2018\/02\/logo-fam-italiano.png<\/span>\n\t\t\t\t\t\t <\/span>\n\t\t\t\t<\/span><span class='av-structured-data'  itemprop=\"author\" itemscope=\"itemscope\" itemtype=\"https:\/\/schema.org\/Person\" ><span itemprop='name'>Famiglia dell'Amore Misericordioso<\/span><\/span><span class='av-structured-data'  itemprop=\"datePublished\" datetime=\"2022-01-05T05:11:44+01:00\" >2021-10-19 06:28:31<\/span><span class='av-structured-data'  itemprop=\"dateModified\" itemtype=\"https:\/\/schema.org\/dateModified\" >2022-01-04 04:08:53<\/span><span class='av-structured-data'  itemprop=\"mainEntityOfPage\" itemtype=\"https:\/\/schema.org\/mainEntityOfPage\" ><span itemprop='name'>CeSAM. In dialogo con \u201cFratelli tutti\u201d: oltre le ombre di un mondo chiuso<\/span><\/span><\/span><\/article><article class='slide-entry flex_column  post-entry post-entry-2999 slide-entry-overview slide-loop-176 slide-parity-even  av_one_third  real-thumbnail post-format-standard'  itemscope=\"itemscope\" itemtype=\"https:\/\/schema.org\/CreativeWork\" ><a href='http:\/\/www.amormisericordioso.org\/ita\/lultimo-giorno-di-settembre-128-anno-dalla-nascita-della-beata-speranza-di-gesu\/' data-rel='slide-1' class='slide-image' title='L&#8217;ULTIMO GIORNO DI SETTEMBRE- 128\u00b0 anno dalla nascita della Beata Speranza di Ges\u00f9'><img decoding=\"async\" width=\"495\" height=\"400\" src=\"http:\/\/www.amormisericordioso.org\/ita\/wp-content\/uploads\/2021\/10\/8-495x400.png\" class=\"wp-image-3708 avia-img-lazy-loading-not-3708 attachment-portfolio size-portfolio wp-post-image\" alt=\"\" srcset=\"http:\/\/www.amormisericordioso.org\/ita\/wp-content\/uploads\/2021\/10\/8-495x400.png 495w, http:\/\/www.amormisericordioso.org\/ita\/wp-content\/uploads\/2021\/10\/8-845x684.png 845w\" sizes=\"(max-width: 495px) 100vw, 495px\" \/><\/a><div class='slide-content'><header class=\"entry-content-header\"><h3 class='slide-entry-title entry-title '  itemprop=\"headline\" ><a href='http:\/\/www.amormisericordioso.org\/ita\/lultimo-giorno-di-settembre-128-anno-dalla-nascita-della-beata-speranza-di-gesu\/' title='L&#8217;ULTIMO GIORNO DI SETTEMBRE- 128\u00b0 anno dalla nascita della Beata Speranza di Ges\u00f9'>L&#8217;ULTIMO GIORNO DI SETTEMBRE- 128\u00b0 anno dalla nascita della Beata Speranza di Ges\u00f9<\/a><\/h3><span class=\"av-vertical-delimiter\"><\/span><\/header><div class='slide-meta'><div class='slide-meta-comments'><a href='http:\/\/www.amormisericordioso.org\/ita\/lultimo-giorno-di-settembre-128-anno-dalla-nascita-della-beata-speranza-di-gesu\/#respond'>0 Commenti<\/a><\/div><div class='slide-meta-del'>\/<\/div><time class='slide-meta-time updated'  itemprop=\"datePublished\" datetime=\"2021-09-30T15:46:29+02:00\" >30 Settembre 2021<\/time><\/div><div class='slide-entry-excerpt entry-content'  itemprop=\"text\" >\nStamattina, in questo ultimo giorno di settembre, mentre aspettavo\u2026<\/div><\/div><footer class=\"entry-footer\"><\/footer><span class='hidden'>\n\t\t\t\t<span class='av-structured-data'  itemprop=\"image\" itemscope=\"itemscope\" itemtype=\"https:\/\/schema.org\/ImageObject\" >\n\t\t\t\t\t\t<span itemprop='url'>http:\/\/www.amormisericordioso.org\/ita\/wp-content\/uploads\/2021\/10\/8.png<\/span>\n\t\t\t\t\t\t<span itemprop='height'>1080<\/span>\n\t\t\t\t\t\t<span itemprop='width'>1080<\/span>\n\t\t\t\t<\/span>\n\t\t\t\t<span class='av-structured-data'  itemprop=\"publisher\" itemtype=\"https:\/\/schema.org\/Organization\" itemscope=\"itemscope\" >\n\t\t\t\t\t\t<span itemprop='name'>Famiglia dell'Amore Misericordioso<\/span>\n\t\t\t\t\t\t<span itemprop='logo' itemscope itemtype='https:\/\/schema.org\/ImageObject'>\n\t\t\t\t\t\t\t<span itemprop='url'>http:\/\/www.amormisericordioso.org\/ita\/wp-content\/uploads\/2018\/02\/logo-fam-italiano.png<\/span>\n\t\t\t\t\t\t <\/span>\n\t\t\t\t<\/span><span class='av-structured-data'  itemprop=\"author\" itemscope=\"itemscope\" itemtype=\"https:\/\/schema.org\/Person\" ><span itemprop='name'>Famiglia dell'Amore Misericordioso<\/span><\/span><span class='av-structured-data'  itemprop=\"datePublished\" datetime=\"2022-01-05T05:11:44+01:00\" >2021-09-30 15:46:29<\/span><span class='av-structured-data'  itemprop=\"dateModified\" itemtype=\"https:\/\/schema.org\/dateModified\" >2022-01-04 04:09:59<\/span><span class='av-structured-data'  itemprop=\"mainEntityOfPage\" itemtype=\"https:\/\/schema.org\/mainEntityOfPage\" ><span itemprop='name'>L&#8217;ULTIMO GIORNO DI SETTEMBRE- 128\u00b0 anno dalla nascita della Beata Speranza di Ges\u00f9<\/span><\/span><\/span><\/article><article class='slide-entry flex_column  post-entry post-entry-2992 slide-entry-overview slide-loop-177 slide-parity-odd  av_one_third  real-thumbnail post-format-standard'  itemscope=\"itemscope\" itemtype=\"https:\/\/schema.org\/CreativeWork\" ><a href='http:\/\/www.amormisericordioso.org\/ita\/26-settembre-2021-festa-del-santuario-dellamore-misericordioso\/' data-rel='slide-1' class='slide-image' title='26 settembre 2021: FESTA DEL SANTUARIO DELL&#8217;AMORE MISERICORDIOSO'><img decoding=\"async\" width=\"495\" height=\"400\" src=\"http:\/\/www.amormisericordioso.org\/ita\/wp-content\/uploads\/2021\/10\/9-495x400.png\" class=\"wp-image-3709 avia-img-lazy-loading-not-3709 attachment-portfolio size-portfolio wp-post-image\" alt=\"\" \/><\/a><div class='slide-content'><header class=\"entry-content-header\"><h3 class='slide-entry-title entry-title '  itemprop=\"headline\" ><a href='http:\/\/www.amormisericordioso.org\/ita\/26-settembre-2021-festa-del-santuario-dellamore-misericordioso\/' title='26 settembre 2021: FESTA DEL SANTUARIO DELL&#8217;AMORE MISERICORDIOSO'>26 settembre 2021: FESTA DEL SANTUARIO DELL&#8217;AMORE MISERICORDIOSO<\/a><\/h3><span class=\"av-vertical-delimiter\"><\/span><\/header><div class='slide-meta'><div class='slide-meta-comments'><a href='http:\/\/www.amormisericordioso.org\/ita\/26-settembre-2021-festa-del-santuario-dellamore-misericordioso\/#respond'>0 Commenti<\/a><\/div><div class='slide-meta-del'>\/<\/div><time class='slide-meta-time updated'  itemprop=\"datePublished\" datetime=\"2021-09-26T15:40:37+02:00\" >26 Settembre 2021<\/time><\/div><div class='slide-entry-excerpt entry-content'  itemprop=\"text\" >\nAl termine di questo giorno, le Ancelle e i Figli dell\u2019Amore\u2026<\/div><\/div><footer class=\"entry-footer\"><\/footer><span class='hidden'>\n\t\t\t\t<span class='av-structured-data'  itemprop=\"image\" itemscope=\"itemscope\" itemtype=\"https:\/\/schema.org\/ImageObject\" >\n\t\t\t\t\t\t<span itemprop='url'>http:\/\/www.amormisericordioso.org\/ita\/wp-content\/uploads\/2021\/10\/9.png<\/span>\n\t\t\t\t\t\t<span itemprop='height'>1080<\/span>\n\t\t\t\t\t\t<span itemprop='width'>1080<\/span>\n\t\t\t\t<\/span>\n\t\t\t\t<span class='av-structured-data'  itemprop=\"publisher\" itemtype=\"https:\/\/schema.org\/Organization\" itemscope=\"itemscope\" >\n\t\t\t\t\t\t<span itemprop='name'>Famiglia dell'Amore Misericordioso<\/span>\n\t\t\t\t\t\t<span itemprop='logo' itemscope itemtype='https:\/\/schema.org\/ImageObject'>\n\t\t\t\t\t\t\t<span itemprop='url'>http:\/\/www.amormisericordioso.org\/ita\/wp-content\/uploads\/2018\/02\/logo-fam-italiano.png<\/span>\n\t\t\t\t\t\t <\/span>\n\t\t\t\t<\/span><span class='av-structured-data'  itemprop=\"author\" itemscope=\"itemscope\" itemtype=\"https:\/\/schema.org\/Person\" ><span itemprop='name'>Famiglia dell'Amore Misericordioso<\/span><\/span><span class='av-structured-data'  itemprop=\"datePublished\" datetime=\"2022-01-05T05:11:44+01:00\" >2021-09-26 15:40:37<\/span><span class='av-structured-data'  itemprop=\"dateModified\" itemtype=\"https:\/\/schema.org\/dateModified\" >2022-01-04 04:11:49<\/span><span class='av-structured-data'  itemprop=\"mainEntityOfPage\" itemtype=\"https:\/\/schema.org\/mainEntityOfPage\" ><span itemprop='name'>26 settembre 2021: FESTA DEL SANTUARIO DELL&#8217;AMORE MISERICORDIOSO<\/span><\/span><\/span><\/article><\/div><div class='slide-entry-wrap'><article class='slide-entry flex_column  post-entry post-entry-2982 slide-entry-overview slide-loop-178 slide-parity-odd  av_one_third first real-thumbnail post-format-standard'  itemscope=\"itemscope\" itemtype=\"https:\/\/schema.org\/CreativeWork\" ><a href='http:\/\/www.amormisericordioso.org\/ita\/professioni-religiose\/' data-rel='slide-1' class='slide-image' title='PROFESSIONI RELIGIOSE'><img decoding=\"async\" width=\"495\" height=\"400\" src=\"http:\/\/www.amormisericordioso.org\/ita\/wp-content\/uploads\/2021\/09\/10-495x400.png\" class=\"wp-image-3712 avia-img-lazy-loading-not-3712 attachment-portfolio size-portfolio wp-post-image\" alt=\"\" srcset=\"http:\/\/www.amormisericordioso.org\/ita\/wp-content\/uploads\/2021\/09\/10-495x400.png 495w, http:\/\/www.amormisericordioso.org\/ita\/wp-content\/uploads\/2021\/09\/10-845x684.png 845w\" sizes=\"(max-width: 495px) 100vw, 495px\" \/><\/a><div class='slide-content'><header class=\"entry-content-header\"><h3 class='slide-entry-title entry-title '  itemprop=\"headline\" ><a href='http:\/\/www.amormisericordioso.org\/ita\/professioni-religiose\/' title='PROFESSIONI RELIGIOSE'>PROFESSIONI RELIGIOSE<\/a><\/h3><span class=\"av-vertical-delimiter\"><\/span><\/header><div class='slide-meta'><div class='slide-meta-comments'><a href='http:\/\/www.amormisericordioso.org\/ita\/professioni-religiose\/#respond'>0 Commenti<\/a><\/div><div class='slide-meta-del'>\/<\/div><time class='slide-meta-time updated'  itemprop=\"datePublished\" datetime=\"2021-09-17T09:38:24+02:00\" >17 Settembre 2021<\/time><\/div><div class='slide-entry-excerpt entry-content'  itemprop=\"text\" >\nScegliendo di consacrare la propria vita attraverso i consigli\u2026<\/div><\/div><footer class=\"entry-footer\"><\/footer><span class='hidden'>\n\t\t\t\t<span class='av-structured-data'  itemprop=\"image\" itemscope=\"itemscope\" itemtype=\"https:\/\/schema.org\/ImageObject\" >\n\t\t\t\t\t\t<span itemprop='url'>http:\/\/www.amormisericordioso.org\/ita\/wp-content\/uploads\/2021\/09\/10.png<\/span>\n\t\t\t\t\t\t<span itemprop='height'>1080<\/span>\n\t\t\t\t\t\t<span itemprop='width'>1080<\/span>\n\t\t\t\t<\/span>\n\t\t\t\t<span class='av-structured-data'  itemprop=\"publisher\" itemtype=\"https:\/\/schema.org\/Organization\" itemscope=\"itemscope\" >\n\t\t\t\t\t\t<span itemprop='name'>Famiglia dell'Amore Misericordioso<\/span>\n\t\t\t\t\t\t<span itemprop='logo' itemscope itemtype='https:\/\/schema.org\/ImageObject'>\n\t\t\t\t\t\t\t<span itemprop='url'>http:\/\/www.amormisericordioso.org\/ita\/wp-content\/uploads\/2018\/02\/logo-fam-italiano.png<\/span>\n\t\t\t\t\t\t <\/span>\n\t\t\t\t<\/span><span class='av-structured-data'  itemprop=\"author\" itemscope=\"itemscope\" itemtype=\"https:\/\/schema.org\/Person\" ><span itemprop='name'>Famiglia dell'Amore Misericordioso<\/span><\/span><span class='av-structured-data'  itemprop=\"datePublished\" datetime=\"2022-01-05T05:11:44+01:00\" >2021-09-17 09:38:24<\/span><span class='av-structured-data'  itemprop=\"dateModified\" itemtype=\"https:\/\/schema.org\/dateModified\" >2022-01-04 04:14:21<\/span><span class='av-structured-data'  itemprop=\"mainEntityOfPage\" itemtype=\"https:\/\/schema.org\/mainEntityOfPage\" ><span itemprop='name'>PROFESSIONI RELIGIOSE<\/span><\/span><\/span><\/article><article class='slide-entry flex_column  post-entry post-entry-2971 slide-entry-overview slide-loop-179 slide-parity-even  av_one_third  real-thumbnail post-format-standard'  itemscope=\"itemscope\" itemtype=\"https:\/\/schema.org\/CreativeWork\" ><a href='http:\/\/www.amormisericordioso.org\/ita\/scoprire-di-essere-amati-per-amare-a-nostra-volta-attivita-estive-della-pastorale-giovanile-vocazionale-dellam\/' data-rel='slide-1' class='slide-image' title='SCOPRIRE DI ESSERE AMATI PER AMARE A NOSTRA VOLTA &#8211; Attivit\u00e0 estive della Pastorale giovanile-vocazionale dell&#8217;AM'><img decoding=\"async\" width=\"495\" height=\"400\" src=\"http:\/\/www.amormisericordioso.org\/ita\/wp-content\/uploads\/2021\/09\/11-495x400.png\" class=\"wp-image-3713 avia-img-lazy-loading-not-3713 attachment-portfolio size-portfolio wp-post-image\" alt=\"\" srcset=\"http:\/\/www.amormisericordioso.org\/ita\/wp-content\/uploads\/2021\/09\/11-495x400.png 495w, http:\/\/www.amormisericordioso.org\/ita\/wp-content\/uploads\/2021\/09\/11-845x684.png 845w\" sizes=\"(max-width: 495px) 100vw, 495px\" \/><\/a><div class='slide-content'><header class=\"entry-content-header\"><h3 class='slide-entry-title entry-title '  itemprop=\"headline\" ><a href='http:\/\/www.amormisericordioso.org\/ita\/scoprire-di-essere-amati-per-amare-a-nostra-volta-attivita-estive-della-pastorale-giovanile-vocazionale-dellam\/' title='SCOPRIRE DI ESSERE AMATI PER AMARE A NOSTRA VOLTA &#8211; Attivit\u00e0 estive della Pastorale giovanile-vocazionale dell&#8217;AM'>SCOPRIRE DI ESSERE AMATI PER AMARE A NOSTRA VOLTA &#8211; Attivit\u00e0 estive della Pastorale giovanile-vocazionale dell&#8217;AM<\/a><\/h3><span class=\"av-vertical-delimiter\"><\/span><\/header><div class='slide-meta'><div class='slide-meta-comments'><a href='http:\/\/www.amormisericordioso.org\/ita\/scoprire-di-essere-amati-per-amare-a-nostra-volta-attivita-estive-della-pastorale-giovanile-vocazionale-dellam\/#respond'>0 Commenti<\/a><\/div><div class='slide-meta-del'>\/<\/div><time class='slide-meta-time updated'  itemprop=\"datePublished\" datetime=\"2021-09-17T04:48:01+02:00\" >17 Settembre 2021<\/time><\/div><div class='slide-entry-excerpt entry-content'  itemprop=\"text\" >\nCon il back to school si pu\u00f2 definire conclusa la lunga pausa\u2026<\/div><\/div><footer class=\"entry-footer\"><\/footer><span class='hidden'>\n\t\t\t\t<span class='av-structured-data'  itemprop=\"image\" itemscope=\"itemscope\" itemtype=\"https:\/\/schema.org\/ImageObject\" >\n\t\t\t\t\t\t<span itemprop='url'>http:\/\/www.amormisericordioso.org\/ita\/wp-content\/uploads\/2021\/09\/11.png<\/span>\n\t\t\t\t\t\t<span itemprop='height'>1080<\/span>\n\t\t\t\t\t\t<span itemprop='width'>1080<\/span>\n\t\t\t\t<\/span>\n\t\t\t\t<span class='av-structured-data'  itemprop=\"publisher\" itemtype=\"https:\/\/schema.org\/Organization\" itemscope=\"itemscope\" >\n\t\t\t\t\t\t<span itemprop='name'>Famiglia dell'Amore Misericordioso<\/span>\n\t\t\t\t\t\t<span itemprop='logo' itemscope itemtype='https:\/\/schema.org\/ImageObject'>\n\t\t\t\t\t\t\t<span itemprop='url'>http:\/\/www.amormisericordioso.org\/ita\/wp-content\/uploads\/2018\/02\/logo-fam-italiano.png<\/span>\n\t\t\t\t\t\t <\/span>\n\t\t\t\t<\/span><span class='av-structured-data'  itemprop=\"author\" itemscope=\"itemscope\" itemtype=\"https:\/\/schema.org\/Person\" ><span itemprop='name'>Famiglia dell'Amore Misericordioso<\/span><\/span><span class='av-structured-data'  itemprop=\"datePublished\" datetime=\"2022-01-05T05:11:44+01:00\" >2021-09-17 04:48:01<\/span><span class='av-structured-data'  itemprop=\"dateModified\" itemtype=\"https:\/\/schema.org\/dateModified\" >2022-01-04 04:15:16<\/span><span class='av-structured-data'  itemprop=\"mainEntityOfPage\" itemtype=\"https:\/\/schema.org\/mainEntityOfPage\" ><span itemprop='name'>SCOPRIRE DI ESSERE AMATI PER AMARE A NOSTRA VOLTA &#8211; Attivit\u00e0 estive della Pastorale giovanile-vocazionale dell&#8217;AM<\/span><\/span><\/span><\/article><article class='slide-entry flex_column  post-entry post-entry-2957 slide-entry-overview slide-loop-180 slide-parity-odd  av_one_third  real-thumbnail post-format-standard'  itemscope=\"itemscope\" itemtype=\"https:\/\/schema.org\/CreativeWork\" ><a href='http:\/\/www.amormisericordioso.org\/ita\/70-anniversario-di-fondazione-della-congregazione-fam\/' data-rel='slide-1' class='slide-image' title='70\u00b0 Anniversario di fondazione della Congregazione FAM'><img decoding=\"async\" width=\"495\" height=\"400\" src=\"http:\/\/www.amormisericordioso.org\/ita\/wp-content\/uploads\/2021\/09\/12-495x400.png\" class=\"wp-image-3714 avia-img-lazy-loading-not-3714 attachment-portfolio size-portfolio wp-post-image\" alt=\"\" srcset=\"http:\/\/www.amormisericordioso.org\/ita\/wp-content\/uploads\/2021\/09\/12-495x400.png 495w, http:\/\/www.amormisericordioso.org\/ita\/wp-content\/uploads\/2021\/09\/12-845x684.png 845w\" sizes=\"(max-width: 495px) 100vw, 495px\" \/><\/a><div class='slide-content'><header class=\"entry-content-header\"><h3 class='slide-entry-title entry-title '  itemprop=\"headline\" ><a href='http:\/\/www.amormisericordioso.org\/ita\/70-anniversario-di-fondazione-della-congregazione-fam\/' title='70\u00b0 Anniversario di fondazione della Congregazione FAM'>70\u00b0 Anniversario di fondazione della Congregazione FAM<\/a><\/h3><span class=\"av-vertical-delimiter\"><\/span><\/header><div class='slide-meta'><div class='slide-meta-comments'><a href='http:\/\/www.amormisericordioso.org\/ita\/70-anniversario-di-fondazione-della-congregazione-fam\/#respond'>0 Commenti<\/a><\/div><div class='slide-meta-del'>\/<\/div><time class='slide-meta-time updated'  itemprop=\"datePublished\" datetime=\"2021-08-04T01:35:16+02:00\" >4 Agosto 2021<\/time><\/div><div class='slide-entry-excerpt entry-content'  itemprop=\"text\" >\n\n\n\n<\/div><\/div><footer class=\"entry-footer\"><\/footer><span class='hidden'>\n\t\t\t\t<span class='av-structured-data'  itemprop=\"image\" itemscope=\"itemscope\" itemtype=\"https:\/\/schema.org\/ImageObject\" >\n\t\t\t\t\t\t<span itemprop='url'>http:\/\/www.amormisericordioso.org\/ita\/wp-content\/uploads\/2021\/09\/12.png<\/span>\n\t\t\t\t\t\t<span itemprop='height'>1080<\/span>\n\t\t\t\t\t\t<span itemprop='width'>1080<\/span>\n\t\t\t\t<\/span>\n\t\t\t\t<span class='av-structured-data'  itemprop=\"publisher\" itemtype=\"https:\/\/schema.org\/Organization\" itemscope=\"itemscope\" >\n\t\t\t\t\t\t<span itemprop='name'>Famiglia dell'Amore Misericordioso<\/span>\n\t\t\t\t\t\t<span itemprop='logo' itemscope itemtype='https:\/\/schema.org\/ImageObject'>\n\t\t\t\t\t\t\t<span itemprop='url'>http:\/\/www.amormisericordioso.org\/ita\/wp-content\/uploads\/2018\/02\/logo-fam-italiano.png<\/span>\n\t\t\t\t\t\t <\/span>\n\t\t\t\t<\/span><span class='av-structured-data'  itemprop=\"author\" itemscope=\"itemscope\" itemtype=\"https:\/\/schema.org\/Person\" ><span itemprop='name'>Famiglia dell'Amore Misericordioso<\/span><\/span><span class='av-structured-data'  itemprop=\"datePublished\" datetime=\"2022-01-05T05:11:44+01:00\" >2021-08-04 01:35:16<\/span><span class='av-structured-data'  itemprop=\"dateModified\" itemtype=\"https:\/\/schema.org\/dateModified\" >2022-01-04 08:56:34<\/span><span class='av-structured-data'  itemprop=\"mainEntityOfPage\" itemtype=\"https:\/\/schema.org\/mainEntityOfPage\" ><span itemprop='name'>70\u00b0 Anniversario di fondazione della Congregazione FAM<\/span><\/span><\/span><\/article><\/div><div class='slide-entry-wrap'><article class='slide-entry flex_column  post-entry post-entry-2950 slide-entry-overview slide-loop-181 slide-parity-odd  av_one_third first real-thumbnail post-format-standard'  itemscope=\"itemscope\" itemtype=\"https:\/\/schema.org\/CreativeWork\" ><a href='http:\/\/www.amormisericordioso.org\/ita\/tre-novelli-diaconi\/' data-rel='slide-1' class='slide-image' title='TRE NOVELLI DIACONI'><img decoding=\"async\" width=\"495\" height=\"400\" src=\"http:\/\/www.amormisericordioso.org\/ita\/wp-content\/uploads\/2021\/05\/193505160_2299119980221069_8023321351060280337_n-495x400.jpg\" class=\"wp-image-2953 avia-img-lazy-loading-not-2953 attachment-portfolio size-portfolio wp-post-image\" alt=\"\" \/><\/a><div class='slide-content'><header class=\"entry-content-header\"><h3 class='slide-entry-title entry-title '  itemprop=\"headline\" ><a href='http:\/\/www.amormisericordioso.org\/ita\/tre-novelli-diaconi\/' title='TRE NOVELLI DIACONI'>TRE NOVELLI DIACONI<\/a><\/h3><span class=\"av-vertical-delimiter\"><\/span><\/header><div class='slide-meta'><time class='slide-meta-time updated'  itemprop=\"datePublished\" datetime=\"2021-05-31T09:27:06+02:00\" >31 Maggio 2021<\/time><\/div><div class='slide-entry-excerpt entry-content'  itemprop=\"text\" >\n\n\n\n\n\n<\/div><\/div><footer class=\"entry-footer\"><\/footer><span class='hidden'>\n\t\t\t\t<span class='av-structured-data'  itemprop=\"image\" itemscope=\"itemscope\" itemtype=\"https:\/\/schema.org\/ImageObject\" >\n\t\t\t\t\t\t<span itemprop='url'>http:\/\/www.amormisericordioso.org\/ita\/wp-content\/uploads\/2021\/05\/193505160_2299119980221069_8023321351060280337_n.jpg<\/span>\n\t\t\t\t\t\t<span itemprop='height'>539<\/span>\n\t\t\t\t\t\t<span itemprop='width'>960<\/span>\n\t\t\t\t<\/span>\n\t\t\t\t<span class='av-structured-data'  itemprop=\"publisher\" itemtype=\"https:\/\/schema.org\/Organization\" itemscope=\"itemscope\" >\n\t\t\t\t\t\t<span itemprop='name'>Famiglia dell'Amore Misericordioso<\/span>\n\t\t\t\t\t\t<span itemprop='logo' itemscope itemtype='https:\/\/schema.org\/ImageObject'>\n\t\t\t\t\t\t\t<span itemprop='url'>http:\/\/www.amormisericordioso.org\/ita\/wp-content\/uploads\/2018\/02\/logo-fam-italiano.png<\/span>\n\t\t\t\t\t\t <\/span>\n\t\t\t\t<\/span><span class='av-structured-data'  itemprop=\"author\" itemscope=\"itemscope\" itemtype=\"https:\/\/schema.org\/Person\" ><span itemprop='name'>Famiglia dell'Amore Misericordioso<\/span><\/span><span class='av-structured-data'  itemprop=\"datePublished\" datetime=\"2022-01-05T05:11:44+01:00\" >2021-05-31 09:27:06<\/span><span class='av-structured-data'  itemprop=\"dateModified\" itemtype=\"https:\/\/schema.org\/dateModified\" >2021-05-31 09:27:12<\/span><span class='av-structured-data'  itemprop=\"mainEntityOfPage\" itemtype=\"https:\/\/schema.org\/mainEntityOfPage\" ><span itemprop='name'>TRE NOVELLI DIACONI<\/span><\/span><\/span><\/article><article class='slide-entry flex_column  post-entry post-entry-2935 slide-entry-overview slide-loop-182 slide-parity-even  av_one_third  real-thumbnail post-format-standard'  itemscope=\"itemscope\" itemtype=\"https:\/\/schema.org\/CreativeWork\" ><a href='http:\/\/www.amormisericordioso.org\/ita\/auguri-madre-speranza\/' data-rel='slide-1' class='slide-image' title='AUGURI MADRE SPERANZA'><img decoding=\"async\" width=\"349\" height=\"400\" src=\"http:\/\/www.amormisericordioso.org\/ita\/wp-content\/uploads\/2021\/05\/campanile-349x400.jpg\" class=\"wp-image-2936 avia-img-lazy-loading-not-2936 attachment-portfolio size-portfolio wp-post-image\" alt=\"\" \/><\/a><div class='slide-content'><header class=\"entry-content-header\"><h3 class='slide-entry-title entry-title '  itemprop=\"headline\" ><a href='http:\/\/www.amormisericordioso.org\/ita\/auguri-madre-speranza\/' title='AUGURI MADRE SPERANZA'>AUGURI MADRE SPERANZA<\/a><\/h3><span class=\"av-vertical-delimiter\"><\/span><\/header><div class='slide-meta'><time class='slide-meta-time updated'  itemprop=\"datePublished\" datetime=\"2021-05-31T06:45:47+02:00\" >31 Maggio 2021<\/time><\/div><div class='slide-entry-excerpt entry-content'  itemprop=\"text\" >\n7\u00b0 Anniversario della Beatificazione\n\n\n\n\n\n\n\n\u201cL\u2019anima mia\u2026<\/div><\/div><footer class=\"entry-footer\"><\/footer><span class='hidden'>\n\t\t\t\t<span class='av-structured-data'  itemprop=\"image\" itemscope=\"itemscope\" itemtype=\"https:\/\/schema.org\/ImageObject\" >\n\t\t\t\t\t\t<span itemprop='url'>http:\/\/www.amormisericordioso.org\/ita\/wp-content\/uploads\/2021\/05\/campanile.jpg<\/span>\n\t\t\t\t\t\t<span itemprop='height'>518<\/span>\n\t\t\t\t\t\t<span itemprop='width'>349<\/span>\n\t\t\t\t<\/span>\n\t\t\t\t<span class='av-structured-data'  itemprop=\"publisher\" itemtype=\"https:\/\/schema.org\/Organization\" itemscope=\"itemscope\" >\n\t\t\t\t\t\t<span itemprop='name'>Famiglia dell'Amore Misericordioso<\/span>\n\t\t\t\t\t\t<span itemprop='logo' itemscope itemtype='https:\/\/schema.org\/ImageObject'>\n\t\t\t\t\t\t\t<span itemprop='url'>http:\/\/www.amormisericordioso.org\/ita\/wp-content\/uploads\/2018\/02\/logo-fam-italiano.png<\/span>\n\t\t\t\t\t\t <\/span>\n\t\t\t\t<\/span><span class='av-structured-data'  itemprop=\"author\" itemscope=\"itemscope\" itemtype=\"https:\/\/schema.org\/Person\" ><span itemprop='name'>Famiglia dell'Amore Misericordioso<\/span><\/span><span class='av-structured-data'  itemprop=\"datePublished\" datetime=\"2022-01-05T05:11:44+01:00\" >2021-05-31 06:45:47<\/span><span class='av-structured-data'  itemprop=\"dateModified\" itemtype=\"https:\/\/schema.org\/dateModified\" >2021-05-31 06:45:52<\/span><span class='av-structured-data'  itemprop=\"mainEntityOfPage\" itemtype=\"https:\/\/schema.org\/mainEntityOfPage\" ><span itemprop='name'>AUGURI MADRE SPERANZA<\/span><\/span><\/span><\/article><article class='slide-entry flex_column  post-entry post-entry-2918 slide-entry-overview slide-loop-183 slide-parity-odd  av_one_third  real-thumbnail post-format-standard'  itemscope=\"itemscope\" itemtype=\"https:\/\/schema.org\/CreativeWork\" ><a href='http:\/\/www.amormisericordioso.org\/ita\/31-maggio-2014-il-grande-giorno\/' data-rel='slide-1' class='slide-image' title='31 Maggio 2014: IL GRANDE GIORNO'><img decoding=\"async\" width=\"495\" height=\"400\" src=\"http:\/\/www.amormisericordioso.org\/ita\/wp-content\/uploads\/2021\/05\/m.Speranza-495x400.jpeg\" class=\"wp-image-2924 avia-img-lazy-loading-not-2924 attachment-portfolio size-portfolio wp-post-image\" alt=\"\" \/><\/a><div class='slide-content'><header class=\"entry-content-header\"><h3 class='slide-entry-title entry-title '  itemprop=\"headline\" ><a href='http:\/\/www.amormisericordioso.org\/ita\/31-maggio-2014-il-grande-giorno\/' title='31 Maggio 2014: IL GRANDE GIORNO'>31 Maggio 2014: IL GRANDE GIORNO<\/a><\/h3><span class=\"av-vertical-delimiter\"><\/span><\/header><div class='slide-meta'><time class='slide-meta-time updated'  itemprop=\"datePublished\" datetime=\"2021-05-31T01:27:44+02:00\" >31 Maggio 2021<\/time><\/div><div class='slide-entry-excerpt entry-content'  itemprop=\"text\" >\n\"Madre ricordati di me\"\n\n\n\nBeatificazione M.Speranza di Ges\u00f9\u2026<\/div><\/div><footer class=\"entry-footer\"><\/footer><span class='hidden'>\n\t\t\t\t<span class='av-structured-data'  itemprop=\"image\" itemscope=\"itemscope\" itemtype=\"https:\/\/schema.org\/ImageObject\" >\n\t\t\t\t\t\t<span itemprop='url'>http:\/\/www.amormisericordioso.org\/ita\/wp-content\/uploads\/2021\/05\/m.Speranza.jpeg<\/span>\n\t\t\t\t\t\t<span itemprop='height'>980<\/span>\n\t\t\t\t\t\t<span itemprop='width'>800<\/span>\n\t\t\t\t<\/span>\n\t\t\t\t<span class='av-structured-data'  itemprop=\"publisher\" itemtype=\"https:\/\/schema.org\/Organization\" itemscope=\"itemscope\" >\n\t\t\t\t\t\t<span itemprop='name'>Famiglia dell'Amore Misericordioso<\/span>\n\t\t\t\t\t\t<span itemprop='logo' itemscope itemtype='https:\/\/schema.org\/ImageObject'>\n\t\t\t\t\t\t\t<span itemprop='url'>http:\/\/www.amormisericordioso.org\/ita\/wp-content\/uploads\/2018\/02\/logo-fam-italiano.png<\/span>\n\t\t\t\t\t\t <\/span>\n\t\t\t\t<\/span><span class='av-structured-data'  itemprop=\"author\" itemscope=\"itemscope\" itemtype=\"https:\/\/schema.org\/Person\" ><span itemprop='name'>Famiglia dell'Amore Misericordioso<\/span><\/span><span class='av-structured-data'  itemprop=\"datePublished\" datetime=\"2022-01-05T05:11:44+01:00\" >2021-05-31 01:27:44<\/span><span class='av-structured-data'  itemprop=\"dateModified\" itemtype=\"https:\/\/schema.org\/dateModified\" >2021-05-31 01:27:50<\/span><span class='av-structured-data'  itemprop=\"mainEntityOfPage\" itemtype=\"https:\/\/schema.org\/mainEntityOfPage\" ><span itemprop='name'>31 Maggio 2014: IL GRANDE GIORNO<\/span><\/span><\/span><\/article><\/div><div class='slide-entry-wrap'><article class='slide-entry flex_column  post-entry post-entry-2905 slide-entry-overview slide-loop-184 slide-parity-odd  av_one_third first real-thumbnail post-format-standard'  itemscope=\"itemscope\" itemtype=\"https:\/\/schema.org\/CreativeWork\" ><a href='http:\/\/www.amormisericordioso.org\/ita\/7-anniversario-della-beatificazione-di-madre-speranza-di-gesu\/' data-rel='slide-1' class='slide-image' title='7\u00b0 ANNIVERSARIO DELLA BEATIFICAZIONE DI MADRE SPERANZA DI GESU&#8217;'><img decoding=\"async\" width=\"495\" height=\"400\" src=\"http:\/\/www.amormisericordioso.org\/ita\/wp-content\/uploads\/2021\/05\/WhatsApp-Image-2021-05-27-at-12.18.37-495x400.jpeg\" class=\"wp-image-2906 avia-img-lazy-loading-not-2906 attachment-portfolio size-portfolio wp-post-image\" alt=\"\" \/><\/a><div class='slide-content'><header class=\"entry-content-header\"><h3 class='slide-entry-title entry-title '  itemprop=\"headline\" ><a href='http:\/\/www.amormisericordioso.org\/ita\/7-anniversario-della-beatificazione-di-madre-speranza-di-gesu\/' title='7\u00b0 ANNIVERSARIO DELLA BEATIFICAZIONE DI MADRE SPERANZA DI GESU&#8217;'>7\u00b0 ANNIVERSARIO DELLA BEATIFICAZIONE DI MADRE SPERANZA DI GESU&#8217;<\/a><\/h3><span class=\"av-vertical-delimiter\"><\/span><\/header><div class='slide-meta'><div class='slide-meta-comments'><a href='http:\/\/www.amormisericordioso.org\/ita\/7-anniversario-della-beatificazione-di-madre-speranza-di-gesu\/#respond'>0 Commenti<\/a><\/div><div class='slide-meta-del'>\/<\/div><time class='slide-meta-time updated'  itemprop=\"datePublished\" datetime=\"2021-05-27T04:40:06+02:00\" >27 Maggio 2021<\/time><\/div><div class='slide-entry-excerpt entry-content'  itemprop=\"text\" >\n\n<\/div><\/div><footer class=\"entry-footer\"><\/footer><span class='hidden'>\n\t\t\t\t<span class='av-structured-data'  itemprop=\"image\" itemscope=\"itemscope\" itemtype=\"https:\/\/schema.org\/ImageObject\" >\n\t\t\t\t\t\t<span itemprop='url'>http:\/\/www.amormisericordioso.org\/ita\/wp-content\/uploads\/2021\/05\/WhatsApp-Image-2021-05-27-at-12.18.37.jpeg<\/span>\n\t\t\t\t\t\t<span itemprop='height'>509<\/span>\n\t\t\t\t\t\t<span itemprop='width'>720<\/span>\n\t\t\t\t<\/span>\n\t\t\t\t<span class='av-structured-data'  itemprop=\"publisher\" itemtype=\"https:\/\/schema.org\/Organization\" itemscope=\"itemscope\" >\n\t\t\t\t\t\t<span itemprop='name'>Famiglia dell'Amore Misericordioso<\/span>\n\t\t\t\t\t\t<span itemprop='logo' itemscope itemtype='https:\/\/schema.org\/ImageObject'>\n\t\t\t\t\t\t\t<span itemprop='url'>http:\/\/www.amormisericordioso.org\/ita\/wp-content\/uploads\/2018\/02\/logo-fam-italiano.png<\/span>\n\t\t\t\t\t\t <\/span>\n\t\t\t\t<\/span><span class='av-structured-data'  itemprop=\"author\" itemscope=\"itemscope\" itemtype=\"https:\/\/schema.org\/Person\" ><span itemprop='name'>Famiglia dell'Amore Misericordioso<\/span><\/span><span class='av-structured-data'  itemprop=\"datePublished\" datetime=\"2022-01-05T05:11:44+01:00\" >2021-05-27 04:40:06<\/span><span class='av-structured-data'  itemprop=\"dateModified\" itemtype=\"https:\/\/schema.org\/dateModified\" >2021-05-31 06:46:29<\/span><span class='av-structured-data'  itemprop=\"mainEntityOfPage\" itemtype=\"https:\/\/schema.org\/mainEntityOfPage\" ><span itemprop='name'>7\u00b0 ANNIVERSARIO DELLA BEATIFICAZIONE DI MADRE SPERANZA DI GESU&#8217;<\/span><\/span><\/span><\/article><article class='slide-entry flex_column  post-entry post-entry-2890 slide-entry-overview slide-loop-185 slide-parity-even  av_one_third  real-thumbnail post-format-standard'  itemscope=\"itemscope\" itemtype=\"https:\/\/schema.org\/CreativeWork\" ><a href='http:\/\/www.amormisericordioso.org\/ita\/8-maggio-festa-di-maria-mediatrice-e-rinnovo-voti-fam\/' data-rel='slide-1' class='slide-image' title='8 MAGGIO: Festa di Maria Mediatrice e Rinnovo voti FAM'><img decoding=\"async\" width=\"400\" height=\"400\" src=\"http:\/\/www.amormisericordioso.org\/ita\/wp-content\/uploads\/2021\/05\/Maria-Mediatrice-e1620419944353.jpg\" class=\"wp-image-2893 avia-img-lazy-loading-not-2893 attachment-portfolio size-portfolio wp-post-image\" alt=\"\" \/><small class='avia-copyright'>Digregorio Filippo<\/small><\/a><div class='slide-content'><header class=\"entry-content-header\"><h3 class='slide-entry-title entry-title '  itemprop=\"headline\" ><a href='http:\/\/www.amormisericordioso.org\/ita\/8-maggio-festa-di-maria-mediatrice-e-rinnovo-voti-fam\/' title='8 MAGGIO: Festa di Maria Mediatrice e Rinnovo voti FAM'>8 MAGGIO: Festa di Maria Mediatrice e Rinnovo voti FAM<\/a><\/h3><span class=\"av-vertical-delimiter\"><\/span><\/header><div class='slide-meta'><div class='slide-meta-comments'><a href='http:\/\/www.amormisericordioso.org\/ita\/8-maggio-festa-di-maria-mediatrice-e-rinnovo-voti-fam\/#respond'>0 Commenti<\/a><\/div><div class='slide-meta-del'>\/<\/div><time class='slide-meta-time updated'  itemprop=\"datePublished\" datetime=\"2021-05-08T03:32:44+02:00\" >8 Maggio 2021<\/time><\/div><div class='slide-entry-excerpt entry-content'  itemprop=\"text\" >\n\n\n\n<\/div><\/div><footer class=\"entry-footer\"><\/footer><span class='hidden'>\n\t\t\t\t<span class='av-structured-data'  itemprop=\"image\" itemscope=\"itemscope\" itemtype=\"https:\/\/schema.org\/ImageObject\" >\n\t\t\t\t\t\t<span itemprop='url'>http:\/\/www.amormisericordioso.org\/ita\/wp-content\/uploads\/2021\/05\/Maria-Mediatrice-e1620419944353.jpg<\/span>\n\t\t\t\t\t\t<span itemprop='height'>494<\/span>\n\t\t\t\t\t\t<span itemprop='width'>494<\/span>\n\t\t\t\t<\/span>\n\t\t\t\t<span class='av-structured-data'  itemprop=\"publisher\" itemtype=\"https:\/\/schema.org\/Organization\" itemscope=\"itemscope\" >\n\t\t\t\t\t\t<span itemprop='name'>Famiglia dell'Amore Misericordioso<\/span>\n\t\t\t\t\t\t<span itemprop='logo' itemscope itemtype='https:\/\/schema.org\/ImageObject'>\n\t\t\t\t\t\t\t<span itemprop='url'>http:\/\/www.amormisericordioso.org\/ita\/wp-content\/uploads\/2018\/02\/logo-fam-italiano.png<\/span>\n\t\t\t\t\t\t <\/span>\n\t\t\t\t<\/span><span class='av-structured-data'  itemprop=\"author\" itemscope=\"itemscope\" itemtype=\"https:\/\/schema.org\/Person\" ><span itemprop='name'>Famiglia dell'Amore Misericordioso<\/span><\/span><span class='av-structured-data'  itemprop=\"datePublished\" datetime=\"2022-01-05T05:11:44+01:00\" >2021-05-08 03:32:44<\/span><span class='av-structured-data'  itemprop=\"dateModified\" itemtype=\"https:\/\/schema.org\/dateModified\" >2021-05-08 03:32:49<\/span><span class='av-structured-data'  itemprop=\"mainEntityOfPage\" itemtype=\"https:\/\/schema.org\/mainEntityOfPage\" ><span itemprop='name'>8 MAGGIO: Festa di Maria Mediatrice e Rinnovo voti FAM<\/span><\/span><\/span><\/article><article class='slide-entry flex_column  post-entry post-entry-2868 slide-entry-overview slide-loop-186 slide-parity-odd  av_one_third  real-thumbnail post-format-standard'  itemscope=\"itemscope\" itemtype=\"https:\/\/schema.org\/CreativeWork\" ><a href='http:\/\/www.amormisericordioso.org\/ita\/alam-25-anni-dalla-costituzione-dellassociazione\/' data-rel='slide-1' class='slide-image' title='LAM: 25 anni dalla costituzione dell&#8217;Associazione'><img decoding=\"async\" width=\"495\" height=\"400\" src=\"http:\/\/www.amormisericordioso.org\/ita\/wp-content\/uploads\/2021\/04\/e71b87d1-b9ef-460c-951c-2469de88ee3d-495x400.jpg\" class=\"wp-image-2882 avia-img-lazy-loading-not-2882 attachment-portfolio size-portfolio wp-post-image\" alt=\"\" srcset=\"http:\/\/www.amormisericordioso.org\/ita\/wp-content\/uploads\/2021\/04\/e71b87d1-b9ef-460c-951c-2469de88ee3d-495x400.jpg 495w, http:\/\/www.amormisericordioso.org\/ita\/wp-content\/uploads\/2021\/04\/e71b87d1-b9ef-460c-951c-2469de88ee3d-845x684.jpg 845w\" sizes=\"(max-width: 495px) 100vw, 495px\" \/><\/a><div class='slide-content'><header class=\"entry-content-header\"><h3 class='slide-entry-title entry-title '  itemprop=\"headline\" ><a href='http:\/\/www.amormisericordioso.org\/ita\/alam-25-anni-dalla-costituzione-dellassociazione\/' title='LAM: 25 anni dalla costituzione dell&#8217;Associazione'>LAM: 25 anni dalla costituzione dell&#8217;Associazione<\/a><\/h3><span class=\"av-vertical-delimiter\"><\/span><\/header><div class='slide-meta'><time class='slide-meta-time updated'  itemprop=\"datePublished\" datetime=\"2021-04-28T02:33:04+02:00\" >28 Aprile 2021<\/time><\/div><div class='slide-entry-excerpt entry-content'  itemprop=\"text\" >\n\n\n\n\n\n<\/div><\/div><footer class=\"entry-footer\"><\/footer><span class='hidden'>\n\t\t\t\t<span class='av-structured-data'  itemprop=\"image\" itemscope=\"itemscope\" itemtype=\"https:\/\/schema.org\/ImageObject\" >\n\t\t\t\t\t\t<span itemprop='url'>http:\/\/www.amormisericordioso.org\/ita\/wp-content\/uploads\/2021\/04\/e71b87d1-b9ef-460c-951c-2469de88ee3d.jpg<\/span>\n\t\t\t\t\t\t<span itemprop='height'>1200<\/span>\n\t\t\t\t\t\t<span itemprop='width'>1600<\/span>\n\t\t\t\t<\/span>\n\t\t\t\t<span class='av-structured-data'  itemprop=\"publisher\" itemtype=\"https:\/\/schema.org\/Organization\" itemscope=\"itemscope\" >\n\t\t\t\t\t\t<span itemprop='name'>Famiglia dell'Amore Misericordioso<\/span>\n\t\t\t\t\t\t<span itemprop='logo' itemscope itemtype='https:\/\/schema.org\/ImageObject'>\n\t\t\t\t\t\t\t<span itemprop='url'>http:\/\/www.amormisericordioso.org\/ita\/wp-content\/uploads\/2018\/02\/logo-fam-italiano.png<\/span>\n\t\t\t\t\t\t <\/span>\n\t\t\t\t<\/span><span class='av-structured-data'  itemprop=\"author\" itemscope=\"itemscope\" itemtype=\"https:\/\/schema.org\/Person\" ><span itemprop='name'>Famiglia dell'Amore Misericordioso<\/span><\/span><span class='av-structured-data'  itemprop=\"datePublished\" datetime=\"2022-01-05T05:11:44+01:00\" >2021-04-28 02:33:04<\/span><span class='av-structured-data'  itemprop=\"dateModified\" itemtype=\"https:\/\/schema.org\/dateModified\" >2026-02-11 12:18:30<\/span><span class='av-structured-data'  itemprop=\"mainEntityOfPage\" itemtype=\"https:\/\/schema.org\/mainEntityOfPage\" ><span itemprop='name'>LAM: 25 anni dalla costituzione dell&#8217;Associazione<\/span><\/span><\/span><\/article><\/div><div class='slide-entry-wrap'><article class='slide-entry flex_column  post-entry post-entry-2832 slide-entry-overview slide-loop-187 slide-parity-odd  av_one_third first real-thumbnail post-format-standard'  itemscope=\"itemscope\" itemtype=\"https:\/\/schema.org\/CreativeWork\" ><a href='http:\/\/www.amormisericordioso.org\/ita\/chi-sono-i-giovani-amore-misericordioso\/' data-rel='slide-1' class='slide-image' title='CHI SONO I GIOVANI AMORE MISERICORDIOSO?'><img decoding=\"async\" width=\"495\" height=\"400\" src=\"http:\/\/www.amormisericordioso.org\/ita\/wp-content\/uploads\/2021\/04\/WhatsApp-Image-2021-04-20-at-10.15.55-495x400.jpeg\" class=\"wp-image-2846 avia-img-lazy-loading-not-2846 attachment-portfolio size-portfolio wp-post-image\" alt=\"\" \/><\/a><div class='slide-content'><header class=\"entry-content-header\"><h3 class='slide-entry-title entry-title '  itemprop=\"headline\" ><a href='http:\/\/www.amormisericordioso.org\/ita\/chi-sono-i-giovani-amore-misericordioso\/' title='CHI SONO I GIOVANI AMORE MISERICORDIOSO?'>CHI SONO I GIOVANI AMORE MISERICORDIOSO?<\/a><\/h3><span class=\"av-vertical-delimiter\"><\/span><\/header><div class='slide-meta'><time class='slide-meta-time updated'  itemprop=\"datePublished\" datetime=\"2021-04-20T02:27:03+02:00\" >20 Aprile 2021<\/time><\/div><div class='slide-entry-excerpt entry-content'  itemprop=\"text\" >\n\n\n\n\n\n<\/div><\/div><footer class=\"entry-footer\"><\/footer><span class='hidden'>\n\t\t\t\t<span class='av-structured-data'  itemprop=\"image\" itemscope=\"itemscope\" itemtype=\"https:\/\/schema.org\/ImageObject\" >\n\t\t\t\t\t\t<span itemprop='url'>http:\/\/www.amormisericordioso.org\/ita\/wp-content\/uploads\/2021\/04\/WhatsApp-Image-2021-04-20-at-10.15.55.jpeg<\/span>\n\t\t\t\t\t\t<span itemprop='height'>586<\/span>\n\t\t\t\t\t\t<span itemprop='width'>1280<\/span>\n\t\t\t\t<\/span>\n\t\t\t\t<span class='av-structured-data'  itemprop=\"publisher\" itemtype=\"https:\/\/schema.org\/Organization\" itemscope=\"itemscope\" >\n\t\t\t\t\t\t<span itemprop='name'>Famiglia dell'Amore Misericordioso<\/span>\n\t\t\t\t\t\t<span itemprop='logo' itemscope itemtype='https:\/\/schema.org\/ImageObject'>\n\t\t\t\t\t\t\t<span itemprop='url'>http:\/\/www.amormisericordioso.org\/ita\/wp-content\/uploads\/2018\/02\/logo-fam-italiano.png<\/span>\n\t\t\t\t\t\t <\/span>\n\t\t\t\t<\/span><span class='av-structured-data'  itemprop=\"author\" itemscope=\"itemscope\" itemtype=\"https:\/\/schema.org\/Person\" ><span itemprop='name'>Famiglia dell'Amore Misericordioso<\/span><\/span><span class='av-structured-data'  itemprop=\"datePublished\" datetime=\"2022-01-05T05:11:44+01:00\" >2021-04-20 02:27:03<\/span><span class='av-structured-data'  itemprop=\"dateModified\" itemtype=\"https:\/\/schema.org\/dateModified\" >2021-04-20 03:16:27<\/span><span class='av-structured-data'  itemprop=\"mainEntityOfPage\" itemtype=\"https:\/\/schema.org\/mainEntityOfPage\" ><span itemprop='name'>CHI SONO I GIOVANI AMORE MISERICORDIOSO?<\/span><\/span><\/span><\/article><article class='slide-entry flex_column  post-entry post-entry-2806 slide-entry-overview slide-loop-188 slide-parity-even  av_one_third  real-thumbnail post-format-standard'  itemscope=\"itemscope\" itemtype=\"https:\/\/schema.org\/CreativeWork\" ><a href='http:\/\/www.amormisericordioso.org\/ita\/webinar-ce-s-a-m\/' data-rel='slide-1' class='slide-image' title='Webinar Ce.S.A.M.'><img decoding=\"async\" width=\"495\" height=\"400\" src=\"http:\/\/www.amormisericordioso.org\/ita\/wp-content\/uploads\/2021\/03\/IMMAGINE-0-495x400.jpg\" class=\"wp-image-2807 avia-img-lazy-loading-not-2807 attachment-portfolio size-portfolio wp-post-image\" alt=\"\" srcset=\"http:\/\/www.amormisericordioso.org\/ita\/wp-content\/uploads\/2021\/03\/IMMAGINE-0-495x400.jpg 495w, http:\/\/www.amormisericordioso.org\/ita\/wp-content\/uploads\/2021\/03\/IMMAGINE-0-845x684.jpg 845w\" sizes=\"(max-width: 495px) 100vw, 495px\" \/><\/a><div class='slide-content'><header class=\"entry-content-header\"><h3 class='slide-entry-title entry-title '  itemprop=\"headline\" ><a href='http:\/\/www.amormisericordioso.org\/ita\/webinar-ce-s-a-m\/' title='Webinar Ce.S.A.M.'>Webinar Ce.S.A.M.<\/a><\/h3><span class=\"av-vertical-delimiter\"><\/span><\/header><div class='slide-meta'><time class='slide-meta-time updated'  itemprop=\"datePublished\" datetime=\"2021-03-18T01:54:28+01:00\" >18 Marzo 2021<\/time><\/div><div class='slide-entry-excerpt entry-content'  itemprop=\"text\" >\nIl Centro Studi \u201cAmore misericordioso\u201d da qualche anno cerca\u2026<\/div><\/div><footer class=\"entry-footer\"><\/footer><span class='hidden'>\n\t\t\t\t<span class='av-structured-data'  itemprop=\"image\" itemscope=\"itemscope\" itemtype=\"https:\/\/schema.org\/ImageObject\" >\n\t\t\t\t\t\t<span itemprop='url'>http:\/\/www.amormisericordioso.org\/ita\/wp-content\/uploads\/2021\/03\/IMMAGINE-0.jpg<\/span>\n\t\t\t\t\t\t<span itemprop='height'>720<\/span>\n\t\t\t\t\t\t<span itemprop='width'>1280<\/span>\n\t\t\t\t<\/span>\n\t\t\t\t<span class='av-structured-data'  itemprop=\"publisher\" itemtype=\"https:\/\/schema.org\/Organization\" itemscope=\"itemscope\" >\n\t\t\t\t\t\t<span itemprop='name'>Famiglia dell'Amore Misericordioso<\/span>\n\t\t\t\t\t\t<span itemprop='logo' itemscope itemtype='https:\/\/schema.org\/ImageObject'>\n\t\t\t\t\t\t\t<span itemprop='url'>http:\/\/www.amormisericordioso.org\/ita\/wp-content\/uploads\/2018\/02\/logo-fam-italiano.png<\/span>\n\t\t\t\t\t\t <\/span>\n\t\t\t\t<\/span><span class='av-structured-data'  itemprop=\"author\" itemscope=\"itemscope\" itemtype=\"https:\/\/schema.org\/Person\" ><span itemprop='name'>Famiglia dell'Amore Misericordioso<\/span><\/span><span class='av-structured-data'  itemprop=\"datePublished\" datetime=\"2022-01-05T05:11:44+01:00\" >2021-03-18 01:54:28<\/span><span class='av-structured-data'  itemprop=\"dateModified\" itemtype=\"https:\/\/schema.org\/dateModified\" >2021-03-18 02:03:41<\/span><span class='av-structured-data'  itemprop=\"mainEntityOfPage\" itemtype=\"https:\/\/schema.org\/mainEntityOfPage\" ><span itemprop='name'>Webinar Ce.S.A.M.<\/span><\/span><\/span><\/article><article class='slide-entry flex_column  post-entry post-entry-2802 slide-entry-overview slide-loop-189 slide-parity-odd  post-entry-last  av_one_third  real-thumbnail post-format-standard'  itemscope=\"itemscope\" itemtype=\"https:\/\/schema.org\/CreativeWork\" ><a href='http:\/\/www.amormisericordioso.org\/ita\/madre-speranza-nel-mondo\/' data-rel='slide-1' class='slide-image' title='Madre Speranza nel Mondo'><img decoding=\"async\" width=\"495\" height=\"400\" src=\"http:\/\/www.amormisericordioso.org\/ita\/wp-content\/uploads\/2021\/02\/cover-495x400.jpg\" class=\"wp-image-2803 avia-img-lazy-loading-not-2803 attachment-portfolio size-portfolio wp-post-image\" alt=\"\" srcset=\"http:\/\/www.amormisericordioso.org\/ita\/wp-content\/uploads\/2021\/02\/cover-495x400.jpg 495w, http:\/\/www.amormisericordioso.org\/ita\/wp-content\/uploads\/2021\/02\/cover-845x684.jpg 845w\" sizes=\"(max-width: 495px) 100vw, 495px\" \/><\/a><div class='slide-content'><header class=\"entry-content-header\"><h3 class='slide-entry-title entry-title '  itemprop=\"headline\" ><a href='http:\/\/www.amormisericordioso.org\/ita\/madre-speranza-nel-mondo\/' title='Madre Speranza nel Mondo'>Madre Speranza nel Mondo<\/a><\/h3><span class=\"av-vertical-delimiter\"><\/span><\/header><div class='slide-meta'><time class='slide-meta-time updated'  itemprop=\"datePublished\" datetime=\"2021-02-25T03:46:46+01:00\" >25 Febbraio 2021<\/time><\/div><div class='slide-entry-excerpt entry-content'  itemprop=\"text\" >\nIl giorno 8 febbraio 2021, festa liturgica della Beata Speranza\u2026<\/div><\/div><footer class=\"entry-footer\"><\/footer><span class='hidden'>\n\t\t\t\t<span class='av-structured-data'  itemprop=\"image\" itemscope=\"itemscope\" itemtype=\"https:\/\/schema.org\/ImageObject\" >\n\t\t\t\t\t\t<span itemprop='url'>http:\/\/www.amormisericordioso.org\/ita\/wp-content\/uploads\/2021\/02\/cover.jpg<\/span>\n\t\t\t\t\t\t<span itemprop='height'>800<\/span>\n\t\t\t\t\t\t<span itemprop='width'>1200<\/span>\n\t\t\t\t<\/span>\n\t\t\t\t<span class='av-structured-data'  itemprop=\"publisher\" itemtype=\"https:\/\/schema.org\/Organization\" itemscope=\"itemscope\" >\n\t\t\t\t\t\t<span itemprop='name'>Famiglia dell'Amore Misericordioso<\/span>\n\t\t\t\t\t\t<span itemprop='logo' itemscope itemtype='https:\/\/schema.org\/ImageObject'>\n\t\t\t\t\t\t\t<span itemprop='url'>http:\/\/www.amormisericordioso.org\/ita\/wp-content\/uploads\/2018\/02\/logo-fam-italiano.png<\/span>\n\t\t\t\t\t\t <\/span>\n\t\t\t\t<\/span><span class='av-structured-data'  itemprop=\"author\" itemscope=\"itemscope\" itemtype=\"https:\/\/schema.org\/Person\" ><span itemprop='name'>Famiglia dell'Amore Misericordioso<\/span><\/span><span class='av-structured-data'  itemprop=\"datePublished\" datetime=\"2022-01-05T05:11:44+01:00\" >2021-02-25 03:46:46<\/span><span class='av-structured-data'  itemprop=\"dateModified\" itemtype=\"https:\/\/schema.org\/dateModified\" >2021-03-18 01:55:20<\/span><span class='av-structured-data'  itemprop=\"mainEntityOfPage\" itemtype=\"https:\/\/schema.org\/mainEntityOfPage\" ><span itemprop='name'>Madre Speranza nel Mondo<\/span><\/span><\/span><\/article><\/div><\/div><\/div><\/div>\n","protected":false},"excerpt":{"rendered":"","protected":false},"author":4,"featured_media":0,"parent":0,"menu_order":0,"comment_status":"closed","ping_status":"closed","template":"","meta":{"_exactmetrics_skip_tracking":false,"_exactmetrics_sitenote_active":false,"_exactmetrics_sitenote_note":"","_exactmetrics_sitenote_category":0,"footnotes":""},"class_list":["post-3732","page","type-page","status-publish","hentry"],"jetpack_sharing_enabled":true,"_links":{"self":[{"href":"http:\/\/www.amormisericordioso.org\/ita\/wp-json\/wp\/v2\/pages\/3732","targetHints":{"allow":["GET"]}}],"collection":[{"href":"http:\/\/www.amormisericordioso.org\/ita\/wp-json\/wp\/v2\/pages"}],"about":[{"href":"http:\/\/www.amormisericordioso.org\/ita\/wp-json\/wp\/v2\/types\/page"}],"author":[{"embeddable":true,"href":"http:\/\/www.amormisericordioso.org\/ita\/wp-json\/wp\/v2\/users\/4"}],"replies":[{"embeddable":true,"href":"http:\/\/www.amormisericordioso.org\/ita\/wp-json\/wp\/v2\/comments?post=3732"}],"version-history":[{"count":2,"href":"http:\/\/www.amormisericordioso.org\/ita\/wp-json\/wp\/v2\/pages\/3732\/revisions"}],"predecessor-version":[{"id":3735,"href":"http:\/\/www.amormisericordioso.org\/ita\/wp-json\/wp\/v2\/pages\/3732\/revisions\/3735"}],"wp:attachment":[{"href":"http:\/\/www.amormisericordioso.org\/ita\/wp-json\/wp\/v2\/media?parent=3732"}],"curies":[{"name":"wp","href":"https:\/\/api.w.org\/{rel}","templated":true}]}}