{"id":12,"date":"2015-05-15T15:08:42","date_gmt":"2015-05-15T21:08:42","guid":{"rendered":"http:\/\/test.kriesi.at\/church\/?page_id=12"},"modified":"2026-04-13T09:42:24","modified_gmt":"2026-04-13T07:42:24","slug":"inizio","status":"publish","type":"page","link":"http:\/\/www.amormisericordioso.org\/ita\/","title":{"rendered":"Home"},"content":{"rendered":"<div id='full_slider_1'  class='avia-fullwidth-slider main_color avia-shadow   avia-builder-el-0  el_before_av_layout_row  avia-builder-el-first   container_wrap sidebar_right' style=' '  ><div   data-size='featured_large'  data-lightbox_size='large'  data-animation='slide'  data-conditional_play=''  data-ids='5441,4544,4373,5906,4062,5550,4060,4059,4064'  data-video_counter='0'  data-autoplay='true'  data-bg_slider='false'  data-slide_height=''  data-handle='av_slideshow_full'  data-interval='5'  data-class=' '  data-el_id=''  data-css_id=''  data-scroll_down=''  data-control_layout='av-control-default'  data-custom_markup=''  data-perma_caption=''  data-autoplay_stopper=''  data-image_attachment=''  data-min_height='0px'  data-lazy_loading='disabled'  data-src=''  data-position='top left'  data-repeat='no-repeat'  data-attach='scroll'  data-stretch=''  data-default-height='42'  class='avia-slideshow avia-slideshow-1  av-control-default av-default-height-applied avia-slideshow-featured_large av_slideshow_full   avia-slide-slider '  itemprop=\"image\" itemscope=\"itemscope\" itemtype=\"https:\/\/schema.org\/ImageObject\" ><ul class='avia-slideshow-inner ' style='padding-bottom: 40%;' ><li  class=' slide-1 ' ><a href='http:\/\/www.amormisericordioso.org\/ita\/beata-speranza-di-gesu\/beatificata-il-31-maggio-2014\/' target=\"_blank\"  data-rel='slideshow-1' class='avia-slide-wrap '   ><img decoding=\"async\" class=\"wp-image-5441 avia-img-lazy-loading-not-5441\"  src=\"http:\/\/www.amormisericordioso.org\/ita\/wp-content\/uploads\/2024\/04\/UN-ROCCOLO-6.png\" width=\"1500\" height=\"600\" title='UN ROCCOLO (6)' alt=''  itemprop=\"thumbnailUrl\" srcset=\"http:\/\/www.amormisericordioso.org\/ita\/wp-content\/uploads\/2024\/04\/UN-ROCCOLO-6.png 1500w, http:\/\/www.amormisericordioso.org\/ita\/wp-content\/uploads\/2024\/04\/UN-ROCCOLO-6-300x120.png 300w, http:\/\/www.amormisericordioso.org\/ita\/wp-content\/uploads\/2024\/04\/UN-ROCCOLO-6-1030x412.png 1030w, http:\/\/www.amormisericordioso.org\/ita\/wp-content\/uploads\/2024\/04\/UN-ROCCOLO-6-768x307.png 768w, http:\/\/www.amormisericordioso.org\/ita\/wp-content\/uploads\/2024\/04\/UN-ROCCOLO-6-705x282.png 705w\" sizes=\"(max-width: 1500px) 100vw, 1500px\" \/><\/a><\/li><li  class=' slide-2 ' ><div data-rel='slideshow-1' class='avia-slide-wrap '   ><div class = \"caption_fullwidth av-slideshow-caption caption_bottom\"><div class = \"container caption_container\"><div class = \"slideshow_caption\"><div class = \"slideshow_inner_caption\"><div class = \"slideshow_align_caption\"><a href='http:\/\/www.amormisericordioso.org\/ita\/progetto-giovani-anno-2025-2026\/'  target=\"_blank\"  class='avia-slideshow-button avia-button avia-color-light ' data-duration='800' data-easing='easeInOutQuad'>Scopri le date 2025-2026<\/a><\/div><\/div><\/div><\/div><\/div><img decoding=\"async\" class=\"wp-image-4544 avia-img-lazy-loading-not-4544\"  src=\"http:\/\/www.amormisericordioso.org\/ita\/wp-content\/uploads\/2022\/10\/UN-ROCCOLO-2.png\" width=\"1500\" height=\"600\" title='UN ROCCOLO (2)' alt=''  itemprop=\"thumbnailUrl\" srcset=\"http:\/\/www.amormisericordioso.org\/ita\/wp-content\/uploads\/2022\/10\/UN-ROCCOLO-2.png 1500w, http:\/\/www.amormisericordioso.org\/ita\/wp-content\/uploads\/2022\/10\/UN-ROCCOLO-2-300x120.png 300w, http:\/\/www.amormisericordioso.org\/ita\/wp-content\/uploads\/2022\/10\/UN-ROCCOLO-2-1030x412.png 1030w, http:\/\/www.amormisericordioso.org\/ita\/wp-content\/uploads\/2022\/10\/UN-ROCCOLO-2-768x307.png 768w, http:\/\/www.amormisericordioso.org\/ita\/wp-content\/uploads\/2022\/10\/UN-ROCCOLO-2-705x282.png 705w\" sizes=\"(max-width: 1500px) 100vw, 1500px\" \/><\/div><\/li><li  class=' slide-3 ' ><div data-rel='slideshow-1' class='avia-slide-wrap '   ><div class = \"caption_fullwidth av-slideshow-caption caption_bottom\"><div class = \"container caption_container\"><div class = \"slideshow_caption\"><div class = \"slideshow_inner_caption\"><div class = \"slideshow_align_caption\"><a href='http:\/\/www.amormisericordioso.org\/ita\/esercizi-spirituali-e-convegni-per-sacerdoti-2026\/'  target=\"_blank\"  class='avia-slideshow-button avia-button avia-color-light ' data-duration='800' data-easing='easeInOutQuad'>Scopri le date<\/a><\/div><\/div><\/div><\/div><\/div><img decoding=\"async\" class=\"wp-image-4373 avia-img-lazy-loading-not-4373\"  src=\"http:\/\/www.amormisericordioso.org\/ita\/wp-content\/uploads\/2022\/06\/UN-ROCCOLO-1.png\" width=\"1500\" height=\"600\" title='UN ROCCOLO (1)' alt=''  itemprop=\"thumbnailUrl\" srcset=\"http:\/\/www.amormisericordioso.org\/ita\/wp-content\/uploads\/2022\/06\/UN-ROCCOLO-1.png 1500w, http:\/\/www.amormisericordioso.org\/ita\/wp-content\/uploads\/2022\/06\/UN-ROCCOLO-1-300x120.png 300w, http:\/\/www.amormisericordioso.org\/ita\/wp-content\/uploads\/2022\/06\/UN-ROCCOLO-1-1030x412.png 1030w, http:\/\/www.amormisericordioso.org\/ita\/wp-content\/uploads\/2022\/06\/UN-ROCCOLO-1-768x307.png 768w, http:\/\/www.amormisericordioso.org\/ita\/wp-content\/uploads\/2022\/06\/UN-ROCCOLO-1-705x282.png 705w\" sizes=\"(max-width: 1500px) 100vw, 1500px\" \/><\/div><\/li><li  class=' slide-4 ' ><div data-rel='slideshow-1' class='avia-slide-wrap '   ><div class = \"caption_fullwidth av-slideshow-caption caption_bottom\"><div class = \"container caption_container\"><div class = \"slideshow_caption\"><div class = \"slideshow_inner_caption\"><div class = \"slideshow_align_caption\"><a href='http:\/\/www.amormisericordioso.org\/ita\/esercizi-spirituali-2026-ancelle-dellamore-misericordioso\/'  target=\"_blank\"  class='avia-slideshow-button avia-button avia-color-light ' data-duration='800' data-easing='easeInOutQuad'>Scopri le date<\/a><\/div><\/div><\/div><\/div><\/div><img decoding=\"async\" class=\"wp-image-5906 avia-img-lazy-loading-not-5906\"  src=\"http:\/\/www.amormisericordioso.org\/ita\/wp-content\/uploads\/2025\/01\/UN-ROCCOLO-12.png\" width=\"1500\" height=\"600\" title='UN ROCCOLO (12)' alt=''  itemprop=\"thumbnailUrl\" srcset=\"http:\/\/www.amormisericordioso.org\/ita\/wp-content\/uploads\/2025\/01\/UN-ROCCOLO-12.png 1500w, http:\/\/www.amormisericordioso.org\/ita\/wp-content\/uploads\/2025\/01\/UN-ROCCOLO-12-300x120.png 300w, http:\/\/www.amormisericordioso.org\/ita\/wp-content\/uploads\/2025\/01\/UN-ROCCOLO-12-1030x412.png 1030w, http:\/\/www.amormisericordioso.org\/ita\/wp-content\/uploads\/2025\/01\/UN-ROCCOLO-12-768x307.png 768w, http:\/\/www.amormisericordioso.org\/ita\/wp-content\/uploads\/2025\/01\/UN-ROCCOLO-12-705x282.png 705w\" sizes=\"(max-width: 1500px) 100vw, 1500px\" \/><\/div><\/li><li  class=' slide-5 ' ><div data-rel='slideshow-1' class='avia-slide-wrap '   ><div class = \"caption_fullwidth av-slideshow-caption caption_bottom\"><div class = \"container caption_container\"><div class = \"slideshow_caption\"><div class = \"slideshow_inner_caption\"><div class = \"slideshow_align_caption\"><a href='http:\/\/www.amormisericordioso.org\/ita\/beata-speranza-di-gesu\/'  target=\"_blank\"  class='avia-slideshow-button avia-button avia-color-light ' data-duration='800' data-easing='easeInOutQuad'>Scopri di pi\u00f9 su Madre Speranza<\/a><\/div><\/div><\/div><\/div><\/div><img decoding=\"async\" class=\"wp-image-4062 avia-img-lazy-loading-not-4062\"  src=\"http:\/\/www.amormisericordioso.org\/ita\/wp-content\/uploads\/2022\/01\/2.png\" width=\"1500\" height=\"600\" title='2' alt=''  itemprop=\"thumbnailUrl\" srcset=\"http:\/\/www.amormisericordioso.org\/ita\/wp-content\/uploads\/2022\/01\/2.png 1500w, http:\/\/www.amormisericordioso.org\/ita\/wp-content\/uploads\/2022\/01\/2-300x120.png 300w, http:\/\/www.amormisericordioso.org\/ita\/wp-content\/uploads\/2022\/01\/2-1030x412.png 1030w, http:\/\/www.amormisericordioso.org\/ita\/wp-content\/uploads\/2022\/01\/2-768x307.png 768w, http:\/\/www.amormisericordioso.org\/ita\/wp-content\/uploads\/2022\/01\/2-705x282.png 705w\" sizes=\"(max-width: 1500px) 100vw, 1500px\" \/><\/div><\/li><li  class=' slide-6 ' ><div data-rel='slideshow-1' class='avia-slide-wrap '   ><div class = \"caption_fullwidth av-slideshow-caption caption_bottom\"><div class = \"container caption_container\"><div class = \"slideshow_caption\"><div class = \"slideshow_inner_caption\"><div class = \"slideshow_align_caption\"><a href='http:\/\/www.amormisericordioso.org\/ita\/famiglia-dellamore-misericordioso\/'  target=\"_blank\"  class='avia-slideshow-button avia-button avia-color-light ' data-duration='800' data-easing='easeInOutQuad'>Scopri chi siamo<\/a><\/div><\/div><\/div><\/div><\/div><img decoding=\"async\" class=\"wp-image-5550 avia-img-lazy-loading-not-5550\"  src=\"http:\/\/www.amormisericordioso.org\/ita\/wp-content\/uploads\/2024\/06\/UN-ROCCOLO-11.png\" width=\"1500\" height=\"600\" title='UN ROCCOLO (11)' alt=''  itemprop=\"thumbnailUrl\" srcset=\"http:\/\/www.amormisericordioso.org\/ita\/wp-content\/uploads\/2024\/06\/UN-ROCCOLO-11.png 1500w, http:\/\/www.amormisericordioso.org\/ita\/wp-content\/uploads\/2024\/06\/UN-ROCCOLO-11-300x120.png 300w, http:\/\/www.amormisericordioso.org\/ita\/wp-content\/uploads\/2024\/06\/UN-ROCCOLO-11-1030x412.png 1030w, http:\/\/www.amormisericordioso.org\/ita\/wp-content\/uploads\/2024\/06\/UN-ROCCOLO-11-768x307.png 768w, http:\/\/www.amormisericordioso.org\/ita\/wp-content\/uploads\/2024\/06\/UN-ROCCOLO-11-705x282.png 705w\" sizes=\"(max-width: 1500px) 100vw, 1500px\" \/><\/div><\/li><li  class=' slide-7 ' ><div data-rel='slideshow-1' class='avia-slide-wrap '   ><div class = \"caption_fullwidth av-slideshow-caption caption_bottom\"><div class = \"container caption_container\"><div class = \"slideshow_caption\"><div class = \"slideshow_inner_caption\"><div class = \"slideshow_align_caption\"><a href='http:\/\/www.amormisericordioso.org\/ita\/carisma-identita-e-missione\/'  target=\"_blank\"  class='avia-slideshow-button avia-button avia-color-light ' data-duration='800' data-easing='easeInOutQuad'>Scopri il carisma, l\u2019identit\u00e0 e la missione<\/a><\/div><\/div><\/div><\/div><\/div><img decoding=\"async\" class=\"wp-image-4060 avia-img-lazy-loading-not-4060\"  src=\"http:\/\/www.amormisericordioso.org\/ita\/wp-content\/uploads\/2022\/01\/4.png\" width=\"1500\" height=\"600\" title='4' alt=''  itemprop=\"thumbnailUrl\" srcset=\"http:\/\/www.amormisericordioso.org\/ita\/wp-content\/uploads\/2022\/01\/4.png 1500w, http:\/\/www.amormisericordioso.org\/ita\/wp-content\/uploads\/2022\/01\/4-300x120.png 300w, http:\/\/www.amormisericordioso.org\/ita\/wp-content\/uploads\/2022\/01\/4-1030x412.png 1030w, http:\/\/www.amormisericordioso.org\/ita\/wp-content\/uploads\/2022\/01\/4-768x307.png 768w, http:\/\/www.amormisericordioso.org\/ita\/wp-content\/uploads\/2022\/01\/4-705x282.png 705w\" sizes=\"(max-width: 1500px) 100vw, 1500px\" \/><\/div><\/li><li  class=' slide-8 ' ><div data-rel='slideshow-1' class='avia-slide-wrap '   ><div class = \"caption_fullwidth av-slideshow-caption caption_bottom\"><div class = \"container caption_container\"><div class = \"slideshow_caption\"><div class = \"slideshow_inner_caption\"><div class = \"slideshow_align_caption\"><a href='http:\/\/www.amormisericordioso.org\/ita\/santuario-di-collevalenza\/'  target=\"_blank\"  class='avia-slideshow-button avia-button avia-color-light ' data-duration='800' data-easing='easeInOutQuad'>Scopri il Santuario dell\u2019Amore Misericordioso<\/a><\/div><\/div><\/div><\/div><\/div><img decoding=\"async\" class=\"wp-image-4059 avia-img-lazy-loading-not-4059\"  src=\"http:\/\/www.amormisericordioso.org\/ita\/wp-content\/uploads\/2022\/01\/1.png\" width=\"1500\" height=\"600\" title='1' alt=''  itemprop=\"thumbnailUrl\" srcset=\"http:\/\/www.amormisericordioso.org\/ita\/wp-content\/uploads\/2022\/01\/1.png 1500w, http:\/\/www.amormisericordioso.org\/ita\/wp-content\/uploads\/2022\/01\/1-300x120.png 300w, http:\/\/www.amormisericordioso.org\/ita\/wp-content\/uploads\/2022\/01\/1-1030x412.png 1030w, http:\/\/www.amormisericordioso.org\/ita\/wp-content\/uploads\/2022\/01\/1-768x307.png 768w, http:\/\/www.amormisericordioso.org\/ita\/wp-content\/uploads\/2022\/01\/1-705x282.png 705w\" sizes=\"(max-width: 1500px) 100vw, 1500px\" \/><\/div><\/li><li  class=' slide-9 ' ><div data-rel='slideshow-1' class='avia-slide-wrap '   ><div class = \"caption_fullwidth av-slideshow-caption caption_bottom\"><div class = \"container caption_container\"><div class = \"slideshow_caption\"><div class = \"slideshow_inner_caption\"><div class = \"slideshow_align_caption\"><a href='http:\/\/www.amormisericordioso.org\/ita\/famiglia-dellamore-misericordioso\/la-nostra-presenza-nel-mondo\/'  target=\"_blank\"  class='avia-slideshow-button avia-button avia-color-light ' data-duration='800' data-easing='easeInOutQuad'>Scopri le nostre comunit\u00e0 nel mondo<\/a><\/div><\/div><\/div><\/div><\/div><img decoding=\"async\" class=\"wp-image-4064 avia-img-lazy-loading-not-4064\"  src=\"http:\/\/www.amormisericordioso.org\/ita\/wp-content\/uploads\/2022\/01\/UN-ROCCOLO.png\" width=\"1500\" height=\"600\" title='UN ROCCOLO' alt=''  itemprop=\"thumbnailUrl\" srcset=\"http:\/\/www.amormisericordioso.org\/ita\/wp-content\/uploads\/2022\/01\/UN-ROCCOLO.png 1500w, http:\/\/www.amormisericordioso.org\/ita\/wp-content\/uploads\/2022\/01\/UN-ROCCOLO-300x120.png 300w, http:\/\/www.amormisericordioso.org\/ita\/wp-content\/uploads\/2022\/01\/UN-ROCCOLO-1030x412.png 1030w, http:\/\/www.amormisericordioso.org\/ita\/wp-content\/uploads\/2022\/01\/UN-ROCCOLO-768x307.png 768w, http:\/\/www.amormisericordioso.org\/ita\/wp-content\/uploads\/2022\/01\/UN-ROCCOLO-705x282.png 705w\" sizes=\"(max-width: 1500px) 100vw, 1500px\" \/><\/div><\/li><\/ul><div class='avia-slideshow-arrows avia-slideshow-controls'><a href='#prev' class='prev-slide' aria-hidden='true' data-av_icon='\ue87c' data-av_iconfont='entypo-fontello'>Anteriore<\/a><a href='#next' class='next-slide' aria-hidden='true' data-av_icon='\ue87d' data-av_iconfont='entypo-fontello'>Posteriore<\/a><\/div><div class='avia-slideshow-dots avia-slideshow-controls'><a href='#1' class='goto-slide active' >1<\/a><a href='#2' class='goto-slide ' >2<\/a><a href='#3' class='goto-slide ' >3<\/a><a href='#4' class='goto-slide ' >4<\/a><a href='#5' class='goto-slide ' >5<\/a><a href='#6' class='goto-slide ' >6<\/a><a href='#7' class='goto-slide ' >7<\/a><a href='#8' class='goto-slide ' >8<\/a><a href='#9' class='goto-slide ' >9<\/a><\/div><\/div><\/div>\n<div id='av-layout-grid-1'  class='av-layout-grid-container entry-content-wrapper main_color av-flex-cells   av-border-top-bottom  avia-builder-el-1  el_after_av_slideshow_full  el_before_av_layout_row  submenu-not-first container_wrap sidebar_right' style=' '  >\n<div class=\"flex_cell no_margin av_two_third  avia-builder-el-2  el_before_av_cell_one_third  avia-builder-el-first   \"  style='vertical-align:top; padding:30px; ' ><div class='flex_cell_inner' ><p><div  style='padding-bottom:22px; ' class='av-special-heading av-special-heading-h2    avia-builder-el-3  el_before_av_blog  avia-builder-el-first  '><h2 class='av-special-heading-tag '  itemprop=\"headline\"  >ULTIME NOTIZIE<\/h2><div class='special-heading-border'><div class='special-heading-inner-border' ><\/div><\/div><\/div><br \/>\n<div   data-autoplay=''  data-interval='5'  data-animation='fade'  data-show_slide_delay='90'  class='avia-content-slider avia-content-grid-active avia-content-slider1 avia-content-slider-odd  avia-builder-el-4  el_after_av_heading  el_before_av_button  '  itemscope=\"itemscope\" itemtype=\"https:\/\/schema.org\/Blog\" ><div class='avia-content-slider-inner'><div class='slide-entry-wrap'><article class='slide-entry flex_column  post-entry post-entry-6317 slide-entry-overview slide-loop-1 slide-parity-odd  av_one_third first real-thumbnail post-format-standard'  itemscope=\"itemscope\" itemtype=\"https:\/\/schema.org\/CreativeWork\" ><a href='http:\/\/www.amormisericordioso.org\/ita\/lassociazione-lam-celebra-i-suoi-30-anni-di-cammino\/' data-rel='slide-1' class='slide-image' title='L&#8217;Associazione LAM celebra i suoi 30 ANNI DI CAMMINO'><img decoding=\"async\" width=\"705\" height=\"705\" src=\"http:\/\/www.amormisericordioso.org\/ita\/wp-content\/uploads\/2026\/04\/Immagini-in-Evidenza-SITO-AM-2026-04-14T102707.974-705x705.png\" class=\"wp-image-6321 avia-img-lazy-loading-not-6321 attachment-masonry size-masonry wp-post-image\" alt=\"\" srcset=\"http:\/\/www.amormisericordioso.org\/ita\/wp-content\/uploads\/2026\/04\/Immagini-in-Evidenza-SITO-AM-2026-04-14T102707.974-705x705.png 705w, http:\/\/www.amormisericordioso.org\/ita\/wp-content\/uploads\/2026\/04\/Immagini-in-Evidenza-SITO-AM-2026-04-14T102707.974-300x300.png 300w, http:\/\/www.amormisericordioso.org\/ita\/wp-content\/uploads\/2026\/04\/Immagini-in-Evidenza-SITO-AM-2026-04-14T102707.974-1030x1030.png 1030w, http:\/\/www.amormisericordioso.org\/ita\/wp-content\/uploads\/2026\/04\/Immagini-in-Evidenza-SITO-AM-2026-04-14T102707.974-80x80.png 80w, http:\/\/www.amormisericordioso.org\/ita\/wp-content\/uploads\/2026\/04\/Immagini-in-Evidenza-SITO-AM-2026-04-14T102707.974-768x768.png 768w, http:\/\/www.amormisericordioso.org\/ita\/wp-content\/uploads\/2026\/04\/Immagini-in-Evidenza-SITO-AM-2026-04-14T102707.974-36x36.png 36w, http:\/\/www.amormisericordioso.org\/ita\/wp-content\/uploads\/2026\/04\/Immagini-in-Evidenza-SITO-AM-2026-04-14T102707.974-180x180.png 180w, http:\/\/www.amormisericordioso.org\/ita\/wp-content\/uploads\/2026\/04\/Immagini-in-Evidenza-SITO-AM-2026-04-14T102707.974.png 1080w\" sizes=\"(max-width: 705px) 100vw, 705px\" \/><\/a><div class='slide-content'><header class=\"entry-content-header\"><h3 class='slide-entry-title entry-title '  itemprop=\"headline\" ><a href='http:\/\/www.amormisericordioso.org\/ita\/lassociazione-lam-celebra-i-suoi-30-anni-di-cammino\/' title='L&#8217;Associazione LAM celebra i suoi 30 ANNI DI CAMMINO'>L&#8217;Associazione LAM celebra i suoi 30 ANNI DI CAMMINO<\/a><\/h3><span class=\"av-vertical-delimiter\"><\/span><\/header><div class='slide-meta'><time class='slide-meta-time updated'  itemprop=\"datePublished\" datetime=\"2026-04-14T10:28:54+02:00\" >14 Aprile 2026<\/time><\/div><div class='slide-entry-excerpt entry-content'  itemprop=\"text\" >\n\n\n\n\nC\u2019\u00e8 un tempo che scorre e un tempo che rimane. E quando\u2026<\/div><\/div><footer class=\"entry-footer\"><\/footer><span class='hidden'>\n\t\t\t\t<span class='av-structured-data'  itemprop=\"image\" itemscope=\"itemscope\" itemtype=\"https:\/\/schema.org\/ImageObject\" >\n\t\t\t\t\t\t<span itemprop='url'>http:\/\/www.amormisericordioso.org\/ita\/wp-content\/uploads\/2026\/04\/Immagini-in-Evidenza-SITO-AM-2026-04-14T102707.974.png<\/span>\n\t\t\t\t\t\t<span itemprop='height'>1080<\/span>\n\t\t\t\t\t\t<span itemprop='width'>1080<\/span>\n\t\t\t\t<\/span>\n\t\t\t\t<span class='av-structured-data'  itemprop=\"publisher\" itemtype=\"https:\/\/schema.org\/Organization\" itemscope=\"itemscope\" >\n\t\t\t\t\t\t<span itemprop='name'>Famiglia dell'Amore Misericordioso<\/span>\n\t\t\t\t\t\t<span itemprop='logo' itemscope itemtype='https:\/\/schema.org\/ImageObject'>\n\t\t\t\t\t\t\t<span itemprop='url'>http:\/\/www.amormisericordioso.org\/ita\/wp-content\/uploads\/2018\/02\/logo-fam-italiano.png<\/span>\n\t\t\t\t\t\t <\/span>\n\t\t\t\t<\/span><span class='av-structured-data'  itemprop=\"author\" itemscope=\"itemscope\" itemtype=\"https:\/\/schema.org\/Person\" ><span itemprop='name'>Famiglia dell'Amore Misericordioso<\/span><\/span><span class='av-structured-data'  itemprop=\"datePublished\" datetime=\"2015-05-15T15:08:42+02:00\" >2026-04-14 10:28:54<\/span><span class='av-structured-data'  itemprop=\"dateModified\" itemtype=\"https:\/\/schema.org\/dateModified\" >2026-04-14 10:28:56<\/span><span class='av-structured-data'  itemprop=\"mainEntityOfPage\" itemtype=\"https:\/\/schema.org\/mainEntityOfPage\" ><span itemprop='name'>L&#8217;Associazione LAM celebra i suoi 30 ANNI DI CAMMINO<\/span><\/span><\/span><\/article><article class='slide-entry flex_column  post-entry post-entry-6308 slide-entry-overview slide-loop-2 slide-parity-even  av_one_third  real-thumbnail post-format-standard'  itemscope=\"itemscope\" itemtype=\"https:\/\/schema.org\/CreativeWork\" ><a href='http:\/\/www.amormisericordioso.org\/ita\/convegno-nazionale-per-confessori\/' data-rel='slide-1' class='slide-image' title='Convegno nazionale per confessori'><img decoding=\"async\" width=\"705\" height=\"705\" src=\"http:\/\/www.amormisericordioso.org\/ita\/wp-content\/uploads\/2026\/04\/san_giuseppe-43-1-705x705.png\" class=\"wp-image-6314 avia-img-lazy-loading-not-6314 attachment-masonry size-masonry wp-post-image\" alt=\"\" srcset=\"http:\/\/www.amormisericordioso.org\/ita\/wp-content\/uploads\/2026\/04\/san_giuseppe-43-1-705x705.png 705w, http:\/\/www.amormisericordioso.org\/ita\/wp-content\/uploads\/2026\/04\/san_giuseppe-43-1-300x300.png 300w, http:\/\/www.amormisericordioso.org\/ita\/wp-content\/uploads\/2026\/04\/san_giuseppe-43-1-1030x1030.png 1030w, http:\/\/www.amormisericordioso.org\/ita\/wp-content\/uploads\/2026\/04\/san_giuseppe-43-1-80x80.png 80w, http:\/\/www.amormisericordioso.org\/ita\/wp-content\/uploads\/2026\/04\/san_giuseppe-43-1-768x768.png 768w, http:\/\/www.amormisericordioso.org\/ita\/wp-content\/uploads\/2026\/04\/san_giuseppe-43-1-1536x1536.png 1536w, http:\/\/www.amormisericordioso.org\/ita\/wp-content\/uploads\/2026\/04\/san_giuseppe-43-1-2048x2048.png 2048w, http:\/\/www.amormisericordioso.org\/ita\/wp-content\/uploads\/2026\/04\/san_giuseppe-43-1-36x36.png 36w, http:\/\/www.amormisericordioso.org\/ita\/wp-content\/uploads\/2026\/04\/san_giuseppe-43-1-180x180.png 180w, http:\/\/www.amormisericordioso.org\/ita\/wp-content\/uploads\/2026\/04\/san_giuseppe-43-1-1500x1500.png 1500w\" sizes=\"(max-width: 705px) 100vw, 705px\" \/><\/a><div class='slide-content'><header class=\"entry-content-header\"><h3 class='slide-entry-title entry-title '  itemprop=\"headline\" ><a href='http:\/\/www.amormisericordioso.org\/ita\/convegno-nazionale-per-confessori\/' title='Convegno nazionale per confessori'>Convegno nazionale per confessori<\/a><\/h3><span class=\"av-vertical-delimiter\"><\/span><\/header><div class='slide-meta'><time class='slide-meta-time updated'  itemprop=\"datePublished\" datetime=\"2026-04-13T10:27:04+02:00\" >13 Aprile 2026<\/time><\/div><div class='slide-entry-excerpt entry-content'  itemprop=\"text\" >\n\n\n\n\nNel cuore dell\u2019esperienza ecclesiale, il sacramento della\u2026<\/div><\/div><footer class=\"entry-footer\"><\/footer><span class='hidden'>\n\t\t\t\t<span class='av-structured-data'  itemprop=\"image\" itemscope=\"itemscope\" itemtype=\"https:\/\/schema.org\/ImageObject\" >\n\t\t\t\t\t\t<span itemprop='url'>http:\/\/www.amormisericordioso.org\/ita\/wp-content\/uploads\/2026\/04\/san_giuseppe-43-1-scaled.png<\/span>\n\t\t\t\t\t\t<span itemprop='height'>2560<\/span>\n\t\t\t\t\t\t<span itemprop='width'>2560<\/span>\n\t\t\t\t<\/span>\n\t\t\t\t<span class='av-structured-data'  itemprop=\"publisher\" itemtype=\"https:\/\/schema.org\/Organization\" itemscope=\"itemscope\" >\n\t\t\t\t\t\t<span itemprop='name'>Famiglia dell'Amore Misericordioso<\/span>\n\t\t\t\t\t\t<span itemprop='logo' itemscope itemtype='https:\/\/schema.org\/ImageObject'>\n\t\t\t\t\t\t\t<span itemprop='url'>http:\/\/www.amormisericordioso.org\/ita\/wp-content\/uploads\/2018\/02\/logo-fam-italiano.png<\/span>\n\t\t\t\t\t\t <\/span>\n\t\t\t\t<\/span><span class='av-structured-data'  itemprop=\"author\" itemscope=\"itemscope\" itemtype=\"https:\/\/schema.org\/Person\" ><span itemprop='name'>Famiglia dell'Amore Misericordioso<\/span><\/span><span class='av-structured-data'  itemprop=\"datePublished\" datetime=\"2015-05-15T15:08:42+02:00\" >2026-04-13 10:27:04<\/span><span class='av-structured-data'  itemprop=\"dateModified\" itemtype=\"https:\/\/schema.org\/dateModified\" >2026-04-13 10:30:39<\/span><span class='av-structured-data'  itemprop=\"mainEntityOfPage\" itemtype=\"https:\/\/schema.org\/mainEntityOfPage\" ><span itemprop='name'>Convegno nazionale per confessori<\/span><\/span><\/span><\/article><article class='slide-entry flex_column  post-entry post-entry-6285 slide-entry-overview slide-loop-3 slide-parity-odd  av_one_third  real-thumbnail post-format-standard'  itemscope=\"itemscope\" itemtype=\"https:\/\/schema.org\/CreativeWork\" ><a href='http:\/\/www.amormisericordioso.org\/ita\/sui-passi-di-madre-speranza-2026-edition\/' data-rel='slide-1' class='slide-image' title='Sui passi di Madre Speranza &#8211; 2026 edition'><img decoding=\"async\" width=\"705\" height=\"705\" src=\"http:\/\/www.amormisericordioso.org\/ita\/wp-content\/uploads\/2026\/02\/Immagini-in-Evidenza-SITO-AM-2026-02-11T112702.172-705x705.png\" class=\"wp-image-6288 avia-img-lazy-loading-not-6288 attachment-masonry size-masonry wp-post-image\" alt=\"\" srcset=\"http:\/\/www.amormisericordioso.org\/ita\/wp-content\/uploads\/2026\/02\/Immagini-in-Evidenza-SITO-AM-2026-02-11T112702.172-705x705.png 705w, http:\/\/www.amormisericordioso.org\/ita\/wp-content\/uploads\/2026\/02\/Immagini-in-Evidenza-SITO-AM-2026-02-11T112702.172-300x300.png 300w, http:\/\/www.amormisericordioso.org\/ita\/wp-content\/uploads\/2026\/02\/Immagini-in-Evidenza-SITO-AM-2026-02-11T112702.172-1030x1030.png 1030w, http:\/\/www.amormisericordioso.org\/ita\/wp-content\/uploads\/2026\/02\/Immagini-in-Evidenza-SITO-AM-2026-02-11T112702.172-80x80.png 80w, http:\/\/www.amormisericordioso.org\/ita\/wp-content\/uploads\/2026\/02\/Immagini-in-Evidenza-SITO-AM-2026-02-11T112702.172-768x768.png 768w, http:\/\/www.amormisericordioso.org\/ita\/wp-content\/uploads\/2026\/02\/Immagini-in-Evidenza-SITO-AM-2026-02-11T112702.172-36x36.png 36w, http:\/\/www.amormisericordioso.org\/ita\/wp-content\/uploads\/2026\/02\/Immagini-in-Evidenza-SITO-AM-2026-02-11T112702.172-180x180.png 180w, http:\/\/www.amormisericordioso.org\/ita\/wp-content\/uploads\/2026\/02\/Immagini-in-Evidenza-SITO-AM-2026-02-11T112702.172.png 1080w\" sizes=\"(max-width: 705px) 100vw, 705px\" \/><\/a><div class='slide-content'><header class=\"entry-content-header\"><h3 class='slide-entry-title entry-title '  itemprop=\"headline\" ><a href='http:\/\/www.amormisericordioso.org\/ita\/sui-passi-di-madre-speranza-2026-edition\/' title='Sui passi di Madre Speranza &#8211; 2026 edition'>Sui passi di Madre Speranza &#8211; 2026 edition<\/a><\/h3><span class=\"av-vertical-delimiter\"><\/span><\/header><div class='slide-meta'><time class='slide-meta-time updated'  itemprop=\"datePublished\" datetime=\"2026-02-11T11:41:43+01:00\" >11 Febbraio 2026<\/time><\/div><div class='slide-entry-excerpt entry-content'  itemprop=\"text\" >\n\n\n\n\nCi sono luoghi che non si visitano soltanto: si attraversano\u2026<\/div><\/div><footer class=\"entry-footer\"><\/footer><span class='hidden'>\n\t\t\t\t<span class='av-structured-data'  itemprop=\"image\" itemscope=\"itemscope\" itemtype=\"https:\/\/schema.org\/ImageObject\" >\n\t\t\t\t\t\t<span itemprop='url'>http:\/\/www.amormisericordioso.org\/ita\/wp-content\/uploads\/2026\/02\/Immagini-in-Evidenza-SITO-AM-2026-02-11T112702.172.png<\/span>\n\t\t\t\t\t\t<span itemprop='height'>1080<\/span>\n\t\t\t\t\t\t<span itemprop='width'>1080<\/span>\n\t\t\t\t<\/span>\n\t\t\t\t<span class='av-structured-data'  itemprop=\"publisher\" itemtype=\"https:\/\/schema.org\/Organization\" itemscope=\"itemscope\" >\n\t\t\t\t\t\t<span itemprop='name'>Famiglia dell'Amore Misericordioso<\/span>\n\t\t\t\t\t\t<span itemprop='logo' itemscope itemtype='https:\/\/schema.org\/ImageObject'>\n\t\t\t\t\t\t\t<span itemprop='url'>http:\/\/www.amormisericordioso.org\/ita\/wp-content\/uploads\/2018\/02\/logo-fam-italiano.png<\/span>\n\t\t\t\t\t\t <\/span>\n\t\t\t\t<\/span><span class='av-structured-data'  itemprop=\"author\" itemscope=\"itemscope\" itemtype=\"https:\/\/schema.org\/Person\" ><span itemprop='name'>Famiglia dell'Amore Misericordioso<\/span><\/span><span class='av-structured-data'  itemprop=\"datePublished\" datetime=\"2015-05-15T15:08:42+02:00\" >2026-02-11 11:41:43<\/span><span class='av-structured-data'  itemprop=\"dateModified\" itemtype=\"https:\/\/schema.org\/dateModified\" >2026-02-11 11:41:46<\/span><span class='av-structured-data'  itemprop=\"mainEntityOfPage\" itemtype=\"https:\/\/schema.org\/mainEntityOfPage\" ><span itemprop='name'>Sui passi di Madre Speranza &#8211; 2026 edition<\/span><\/span><\/span><\/article><\/div><div class='slide-entry-wrap'><article class='slide-entry flex_column  post-entry post-entry-6276 slide-entry-overview slide-loop-4 slide-parity-odd  av_one_third first real-thumbnail post-format-standard'  itemscope=\"itemscope\" itemtype=\"https:\/\/schema.org\/CreativeWork\" ><a href='http:\/\/www.amormisericordioso.org\/ita\/prima-professione-religiosa-di-sr-caterina-la-spisa\/' data-rel='slide-1' class='slide-image' title='Prima professione religiosa di SR. CATERINA La Spisa'><img decoding=\"async\" width=\"705\" height=\"705\" src=\"http:\/\/www.amormisericordioso.org\/ita\/wp-content\/uploads\/2026\/02\/Immagini-in-Evidenza-SITO-AM-2026-02-09T111304.009-705x705.png\" class=\"wp-image-6278 avia-img-lazy-loading-not-6278 attachment-masonry size-masonry wp-post-image\" alt=\"\" srcset=\"http:\/\/www.amormisericordioso.org\/ita\/wp-content\/uploads\/2026\/02\/Immagini-in-Evidenza-SITO-AM-2026-02-09T111304.009-705x705.png 705w, http:\/\/www.amormisericordioso.org\/ita\/wp-content\/uploads\/2026\/02\/Immagini-in-Evidenza-SITO-AM-2026-02-09T111304.009-300x300.png 300w, http:\/\/www.amormisericordioso.org\/ita\/wp-content\/uploads\/2026\/02\/Immagini-in-Evidenza-SITO-AM-2026-02-09T111304.009-1030x1030.png 1030w, http:\/\/www.amormisericordioso.org\/ita\/wp-content\/uploads\/2026\/02\/Immagini-in-Evidenza-SITO-AM-2026-02-09T111304.009-80x80.png 80w, http:\/\/www.amormisericordioso.org\/ita\/wp-content\/uploads\/2026\/02\/Immagini-in-Evidenza-SITO-AM-2026-02-09T111304.009-768x768.png 768w, http:\/\/www.amormisericordioso.org\/ita\/wp-content\/uploads\/2026\/02\/Immagini-in-Evidenza-SITO-AM-2026-02-09T111304.009-36x36.png 36w, http:\/\/www.amormisericordioso.org\/ita\/wp-content\/uploads\/2026\/02\/Immagini-in-Evidenza-SITO-AM-2026-02-09T111304.009-180x180.png 180w, http:\/\/www.amormisericordioso.org\/ita\/wp-content\/uploads\/2026\/02\/Immagini-in-Evidenza-SITO-AM-2026-02-09T111304.009.png 1080w\" sizes=\"(max-width: 705px) 100vw, 705px\" \/><\/a><div class='slide-content'><header class=\"entry-content-header\"><h3 class='slide-entry-title entry-title '  itemprop=\"headline\" ><a href='http:\/\/www.amormisericordioso.org\/ita\/prima-professione-religiosa-di-sr-caterina-la-spisa\/' title='Prima professione religiosa di SR. CATERINA La Spisa'>Prima professione religiosa di SR. CATERINA La Spisa<\/a><\/h3><span class=\"av-vertical-delimiter\"><\/span><\/header><div class='slide-meta'><time class='slide-meta-time updated'  itemprop=\"datePublished\" datetime=\"2026-02-09T19:26:39+01:00\" >9 Febbraio 2026<\/time><\/div><div class='slide-entry-excerpt entry-content'  itemprop=\"text\" >\n\n\n\n\nCi sono giorni in cui il Vangelo sembra uscire dalle pagine\u2026<\/div><\/div><footer class=\"entry-footer\"><\/footer><span class='hidden'>\n\t\t\t\t<span class='av-structured-data'  itemprop=\"image\" itemscope=\"itemscope\" itemtype=\"https:\/\/schema.org\/ImageObject\" >\n\t\t\t\t\t\t<span itemprop='url'>http:\/\/www.amormisericordioso.org\/ita\/wp-content\/uploads\/2026\/02\/Immagini-in-Evidenza-SITO-AM-2026-02-09T111304.009.png<\/span>\n\t\t\t\t\t\t<span itemprop='height'>1080<\/span>\n\t\t\t\t\t\t<span itemprop='width'>1080<\/span>\n\t\t\t\t<\/span>\n\t\t\t\t<span class='av-structured-data'  itemprop=\"publisher\" itemtype=\"https:\/\/schema.org\/Organization\" itemscope=\"itemscope\" >\n\t\t\t\t\t\t<span itemprop='name'>Famiglia dell'Amore Misericordioso<\/span>\n\t\t\t\t\t\t<span itemprop='logo' itemscope itemtype='https:\/\/schema.org\/ImageObject'>\n\t\t\t\t\t\t\t<span itemprop='url'>http:\/\/www.amormisericordioso.org\/ita\/wp-content\/uploads\/2018\/02\/logo-fam-italiano.png<\/span>\n\t\t\t\t\t\t <\/span>\n\t\t\t\t<\/span><span class='av-structured-data'  itemprop=\"author\" itemscope=\"itemscope\" itemtype=\"https:\/\/schema.org\/Person\" ><span itemprop='name'>Famiglia dell'Amore Misericordioso<\/span><\/span><span class='av-structured-data'  itemprop=\"datePublished\" datetime=\"2015-05-15T15:08:42+02:00\" >2026-02-09 19:26:39<\/span><span class='av-structured-data'  itemprop=\"dateModified\" itemtype=\"https:\/\/schema.org\/dateModified\" >2026-02-09 19:26:41<\/span><span class='av-structured-data'  itemprop=\"mainEntityOfPage\" itemtype=\"https:\/\/schema.org\/mainEntityOfPage\" ><span itemprop='name'>Prima professione religiosa di SR. CATERINA La Spisa<\/span><\/span><\/span><\/article><article class='slide-entry flex_column  post-entry post-entry-6264 slide-entry-overview slide-loop-5 slide-parity-even  av_one_third  real-thumbnail post-format-standard'  itemscope=\"itemscope\" itemtype=\"https:\/\/schema.org\/CreativeWork\" ><a href='http:\/\/www.amormisericordioso.org\/ita\/ostra-accoglie-il-primo-gruppo-lam-nella-diocesi-di-senigallia\/' data-rel='slide-1' class='slide-image' title='Ostra accoglie il primo gruppo LAM nella Diocesi di Senigallia'><img decoding=\"async\" width=\"705\" height=\"705\" src=\"http:\/\/www.amormisericordioso.org\/ita\/wp-content\/uploads\/2026\/02\/Immagini-in-Evidenza-SITO-AM-2026-02-03T092223.540-705x705.png\" class=\"wp-image-6268 avia-img-lazy-loading-not-6268 attachment-masonry size-masonry wp-post-image\" alt=\"\" srcset=\"http:\/\/www.amormisericordioso.org\/ita\/wp-content\/uploads\/2026\/02\/Immagini-in-Evidenza-SITO-AM-2026-02-03T092223.540-705x705.png 705w, http:\/\/www.amormisericordioso.org\/ita\/wp-content\/uploads\/2026\/02\/Immagini-in-Evidenza-SITO-AM-2026-02-03T092223.540-300x300.png 300w, http:\/\/www.amormisericordioso.org\/ita\/wp-content\/uploads\/2026\/02\/Immagini-in-Evidenza-SITO-AM-2026-02-03T092223.540-1030x1030.png 1030w, http:\/\/www.amormisericordioso.org\/ita\/wp-content\/uploads\/2026\/02\/Immagini-in-Evidenza-SITO-AM-2026-02-03T092223.540-80x80.png 80w, http:\/\/www.amormisericordioso.org\/ita\/wp-content\/uploads\/2026\/02\/Immagini-in-Evidenza-SITO-AM-2026-02-03T092223.540-768x768.png 768w, http:\/\/www.amormisericordioso.org\/ita\/wp-content\/uploads\/2026\/02\/Immagini-in-Evidenza-SITO-AM-2026-02-03T092223.540-36x36.png 36w, http:\/\/www.amormisericordioso.org\/ita\/wp-content\/uploads\/2026\/02\/Immagini-in-Evidenza-SITO-AM-2026-02-03T092223.540-180x180.png 180w, http:\/\/www.amormisericordioso.org\/ita\/wp-content\/uploads\/2026\/02\/Immagini-in-Evidenza-SITO-AM-2026-02-03T092223.540.png 1080w\" sizes=\"(max-width: 705px) 100vw, 705px\" \/><\/a><div class='slide-content'><header class=\"entry-content-header\"><h3 class='slide-entry-title entry-title '  itemprop=\"headline\" ><a href='http:\/\/www.amormisericordioso.org\/ita\/ostra-accoglie-il-primo-gruppo-lam-nella-diocesi-di-senigallia\/' title='Ostra accoglie il primo gruppo LAM nella Diocesi di Senigallia'>Ostra accoglie il primo gruppo LAM nella Diocesi di Senigallia<\/a><\/h3><span class=\"av-vertical-delimiter\"><\/span><\/header><div class='slide-meta'><time class='slide-meta-time updated'  itemprop=\"datePublished\" datetime=\"2026-02-02T10:00:00+01:00\" >2 Febbraio 2026<\/time><\/div><div class='slide-entry-excerpt entry-content'  itemprop=\"text\" >\n\n\n\n\nOstra (AN), 2 Febbraio\n\n\n\nDomenica 1\u00b0 febbraio, il Santuario\u2026<\/div><\/div><footer class=\"entry-footer\"><\/footer><span class='hidden'>\n\t\t\t\t<span class='av-structured-data'  itemprop=\"image\" itemscope=\"itemscope\" itemtype=\"https:\/\/schema.org\/ImageObject\" >\n\t\t\t\t\t\t<span itemprop='url'>http:\/\/www.amormisericordioso.org\/ita\/wp-content\/uploads\/2026\/02\/Immagini-in-Evidenza-SITO-AM-2026-02-03T092223.540.png<\/span>\n\t\t\t\t\t\t<span itemprop='height'>1080<\/span>\n\t\t\t\t\t\t<span itemprop='width'>1080<\/span>\n\t\t\t\t<\/span>\n\t\t\t\t<span class='av-structured-data'  itemprop=\"publisher\" itemtype=\"https:\/\/schema.org\/Organization\" itemscope=\"itemscope\" >\n\t\t\t\t\t\t<span itemprop='name'>Famiglia dell'Amore Misericordioso<\/span>\n\t\t\t\t\t\t<span itemprop='logo' itemscope itemtype='https:\/\/schema.org\/ImageObject'>\n\t\t\t\t\t\t\t<span itemprop='url'>http:\/\/www.amormisericordioso.org\/ita\/wp-content\/uploads\/2018\/02\/logo-fam-italiano.png<\/span>\n\t\t\t\t\t\t <\/span>\n\t\t\t\t<\/span><span class='av-structured-data'  itemprop=\"author\" itemscope=\"itemscope\" itemtype=\"https:\/\/schema.org\/Person\" ><span itemprop='name'>Famiglia dell'Amore Misericordioso<\/span><\/span><span class='av-structured-data'  itemprop=\"datePublished\" datetime=\"2015-05-15T15:08:42+02:00\" >2026-02-02 10:00:00<\/span><span class='av-structured-data'  itemprop=\"dateModified\" itemtype=\"https:\/\/schema.org\/dateModified\" >2026-02-03 09:26:58<\/span><span class='av-structured-data'  itemprop=\"mainEntityOfPage\" itemtype=\"https:\/\/schema.org\/mainEntityOfPage\" ><span itemprop='name'>Ostra accoglie il primo gruppo LAM nella Diocesi di Senigallia<\/span><\/span><\/span><\/article><article class='slide-entry flex_column  post-entry post-entry-6247 slide-entry-overview slide-loop-6 slide-parity-odd  av_one_third  real-thumbnail post-format-standard'  itemscope=\"itemscope\" itemtype=\"https:\/\/schema.org\/CreativeWork\" ><a href='http:\/\/www.amormisericordioso.org\/ita\/seguimi-mt-99-una-chiamata-che-trasforma\/' data-rel='slide-1' class='slide-image' title='&#8220;Seguimi&#8221; (Mt 9,9): una chiamata che trasforma'><img decoding=\"async\" width=\"705\" height=\"705\" src=\"http:\/\/www.amormisericordioso.org\/ita\/wp-content\/uploads\/2025\/12\/Immagini-in-Evidenza-SITO-AM-2025-12-31T115648.927-705x705.png\" class=\"wp-image-6251 avia-img-lazy-loading-not-6251 attachment-masonry size-masonry wp-post-image\" alt=\"\" srcset=\"http:\/\/www.amormisericordioso.org\/ita\/wp-content\/uploads\/2025\/12\/Immagini-in-Evidenza-SITO-AM-2025-12-31T115648.927-705x705.png 705w, http:\/\/www.amormisericordioso.org\/ita\/wp-content\/uploads\/2025\/12\/Immagini-in-Evidenza-SITO-AM-2025-12-31T115648.927-300x300.png 300w, http:\/\/www.amormisericordioso.org\/ita\/wp-content\/uploads\/2025\/12\/Immagini-in-Evidenza-SITO-AM-2025-12-31T115648.927-1030x1030.png 1030w, http:\/\/www.amormisericordioso.org\/ita\/wp-content\/uploads\/2025\/12\/Immagini-in-Evidenza-SITO-AM-2025-12-31T115648.927-80x80.png 80w, http:\/\/www.amormisericordioso.org\/ita\/wp-content\/uploads\/2025\/12\/Immagini-in-Evidenza-SITO-AM-2025-12-31T115648.927-768x768.png 768w, http:\/\/www.amormisericordioso.org\/ita\/wp-content\/uploads\/2025\/12\/Immagini-in-Evidenza-SITO-AM-2025-12-31T115648.927-36x36.png 36w, http:\/\/www.amormisericordioso.org\/ita\/wp-content\/uploads\/2025\/12\/Immagini-in-Evidenza-SITO-AM-2025-12-31T115648.927-180x180.png 180w, http:\/\/www.amormisericordioso.org\/ita\/wp-content\/uploads\/2025\/12\/Immagini-in-Evidenza-SITO-AM-2025-12-31T115648.927.png 1080w\" sizes=\"(max-width: 705px) 100vw, 705px\" \/><\/a><div class='slide-content'><header class=\"entry-content-header\"><h3 class='slide-entry-title entry-title '  itemprop=\"headline\" ><a href='http:\/\/www.amormisericordioso.org\/ita\/seguimi-mt-99-una-chiamata-che-trasforma\/' title='&#8220;Seguimi&#8221; (Mt 9,9): una chiamata che trasforma'>&#8220;Seguimi&#8221; (Mt 9,9): una chiamata che trasforma<\/a><\/h3><span class=\"av-vertical-delimiter\"><\/span><\/header><div class='slide-meta'><time class='slide-meta-time updated'  itemprop=\"datePublished\" datetime=\"2025-12-31T11:58:00+01:00\" >31 Dicembre 2025<\/time><\/div><div class='slide-entry-excerpt entry-content'  itemprop=\"text\" >\n\n\n\n\n\n\nCelebrata l\u2019Ordinazione Diaconale di P. Alexandru Cristinel\u2026<\/div><\/div><footer class=\"entry-footer\"><\/footer><span class='hidden'>\n\t\t\t\t<span class='av-structured-data'  itemprop=\"image\" itemscope=\"itemscope\" itemtype=\"https:\/\/schema.org\/ImageObject\" >\n\t\t\t\t\t\t<span itemprop='url'>http:\/\/www.amormisericordioso.org\/ita\/wp-content\/uploads\/2025\/12\/Immagini-in-Evidenza-SITO-AM-2025-12-31T115648.927.png<\/span>\n\t\t\t\t\t\t<span itemprop='height'>1080<\/span>\n\t\t\t\t\t\t<span itemprop='width'>1080<\/span>\n\t\t\t\t<\/span>\n\t\t\t\t<span class='av-structured-data'  itemprop=\"publisher\" itemtype=\"https:\/\/schema.org\/Organization\" itemscope=\"itemscope\" >\n\t\t\t\t\t\t<span itemprop='name'>Famiglia dell'Amore Misericordioso<\/span>\n\t\t\t\t\t\t<span itemprop='logo' itemscope itemtype='https:\/\/schema.org\/ImageObject'>\n\t\t\t\t\t\t\t<span itemprop='url'>http:\/\/www.amormisericordioso.org\/ita\/wp-content\/uploads\/2018\/02\/logo-fam-italiano.png<\/span>\n\t\t\t\t\t\t <\/span>\n\t\t\t\t<\/span><span class='av-structured-data'  itemprop=\"author\" itemscope=\"itemscope\" itemtype=\"https:\/\/schema.org\/Person\" ><span itemprop='name'>Famiglia dell'Amore Misericordioso<\/span><\/span><span class='av-structured-data'  itemprop=\"datePublished\" datetime=\"2015-05-15T15:08:42+02:00\" >2025-12-31 11:58:00<\/span><span class='av-structured-data'  itemprop=\"dateModified\" itemtype=\"https:\/\/schema.org\/dateModified\" >2025-12-31 11:58:02<\/span><span class='av-structured-data'  itemprop=\"mainEntityOfPage\" itemtype=\"https:\/\/schema.org\/mainEntityOfPage\" ><span itemprop='name'>&#8220;Seguimi&#8221; (Mt 9,9): una chiamata che trasforma<\/span><\/span><\/span><\/article><\/div><div class='slide-entry-wrap'><article class='slide-entry flex_column  post-entry post-entry-6242 slide-entry-overview slide-loop-7 slide-parity-odd  av_one_third first real-thumbnail post-format-standard'  itemscope=\"itemscope\" itemtype=\"https:\/\/schema.org\/CreativeWork\" ><a href='http:\/\/www.amormisericordioso.org\/ita\/maria-pilar-de-arratia-e-madre-speranza-di-gesu-sulle-orme-dellamore-misericordioso\/' data-rel='slide-1' class='slide-image' title='MARIA PILAR DE ARRATIA e Madre Speranza di Ges\u00f9, sulle orme dell&#8217;Amore Misericordioso'><img decoding=\"async\" width=\"705\" height=\"705\" src=\"http:\/\/www.amormisericordioso.org\/ita\/wp-content\/uploads\/2025\/12\/Immagini-in-Evidenza-SITO-AM-2025-12-15T171241.256-705x705.png\" class=\"wp-image-6244 avia-img-lazy-loading-not-6244 attachment-masonry size-masonry wp-post-image\" alt=\"\" srcset=\"http:\/\/www.amormisericordioso.org\/ita\/wp-content\/uploads\/2025\/12\/Immagini-in-Evidenza-SITO-AM-2025-12-15T171241.256-705x705.png 705w, http:\/\/www.amormisericordioso.org\/ita\/wp-content\/uploads\/2025\/12\/Immagini-in-Evidenza-SITO-AM-2025-12-15T171241.256-300x300.png 300w, http:\/\/www.amormisericordioso.org\/ita\/wp-content\/uploads\/2025\/12\/Immagini-in-Evidenza-SITO-AM-2025-12-15T171241.256-1030x1030.png 1030w, http:\/\/www.amormisericordioso.org\/ita\/wp-content\/uploads\/2025\/12\/Immagini-in-Evidenza-SITO-AM-2025-12-15T171241.256-80x80.png 80w, http:\/\/www.amormisericordioso.org\/ita\/wp-content\/uploads\/2025\/12\/Immagini-in-Evidenza-SITO-AM-2025-12-15T171241.256-768x768.png 768w, http:\/\/www.amormisericordioso.org\/ita\/wp-content\/uploads\/2025\/12\/Immagini-in-Evidenza-SITO-AM-2025-12-15T171241.256-36x36.png 36w, http:\/\/www.amormisericordioso.org\/ita\/wp-content\/uploads\/2025\/12\/Immagini-in-Evidenza-SITO-AM-2025-12-15T171241.256-180x180.png 180w, http:\/\/www.amormisericordioso.org\/ita\/wp-content\/uploads\/2025\/12\/Immagini-in-Evidenza-SITO-AM-2025-12-15T171241.256.png 1080w\" sizes=\"(max-width: 705px) 100vw, 705px\" \/><\/a><div class='slide-content'><header class=\"entry-content-header\"><h3 class='slide-entry-title entry-title '  itemprop=\"headline\" ><a href='http:\/\/www.amormisericordioso.org\/ita\/maria-pilar-de-arratia-e-madre-speranza-di-gesu-sulle-orme-dellamore-misericordioso\/' title='MARIA PILAR DE ARRATIA e Madre Speranza di Ges\u00f9, sulle orme dell&#8217;Amore Misericordioso'>MARIA PILAR DE ARRATIA e Madre Speranza di Ges\u00f9, sulle orme dell&#8217;Amore Misericordioso<\/a><\/h3><span class=\"av-vertical-delimiter\"><\/span><\/header><div class='slide-meta'><time class='slide-meta-time updated'  itemprop=\"datePublished\" datetime=\"2025-12-15T17:14:16+01:00\" >15 Dicembre 2025<\/time><\/div><div class='slide-entry-excerpt entry-content'  itemprop=\"text\" >\nIl libro\u00a0Maria Pilar de Arratia e Madre Speranza di Ges\u00f9:\u2026<\/div><\/div><footer class=\"entry-footer\"><\/footer><span class='hidden'>\n\t\t\t\t<span class='av-structured-data'  itemprop=\"image\" itemscope=\"itemscope\" itemtype=\"https:\/\/schema.org\/ImageObject\" >\n\t\t\t\t\t\t<span itemprop='url'>http:\/\/www.amormisericordioso.org\/ita\/wp-content\/uploads\/2025\/12\/Immagini-in-Evidenza-SITO-AM-2025-12-15T171241.256.png<\/span>\n\t\t\t\t\t\t<span itemprop='height'>1080<\/span>\n\t\t\t\t\t\t<span itemprop='width'>1080<\/span>\n\t\t\t\t<\/span>\n\t\t\t\t<span class='av-structured-data'  itemprop=\"publisher\" itemtype=\"https:\/\/schema.org\/Organization\" itemscope=\"itemscope\" >\n\t\t\t\t\t\t<span itemprop='name'>Famiglia dell'Amore Misericordioso<\/span>\n\t\t\t\t\t\t<span itemprop='logo' itemscope itemtype='https:\/\/schema.org\/ImageObject'>\n\t\t\t\t\t\t\t<span itemprop='url'>http:\/\/www.amormisericordioso.org\/ita\/wp-content\/uploads\/2018\/02\/logo-fam-italiano.png<\/span>\n\t\t\t\t\t\t <\/span>\n\t\t\t\t<\/span><span class='av-structured-data'  itemprop=\"author\" itemscope=\"itemscope\" itemtype=\"https:\/\/schema.org\/Person\" ><span itemprop='name'>Famiglia dell'Amore Misericordioso<\/span><\/span><span class='av-structured-data'  itemprop=\"datePublished\" datetime=\"2015-05-15T15:08:42+02:00\" >2025-12-15 17:14:16<\/span><span class='av-structured-data'  itemprop=\"dateModified\" itemtype=\"https:\/\/schema.org\/dateModified\" >2025-12-15 17:21:11<\/span><span class='av-structured-data'  itemprop=\"mainEntityOfPage\" itemtype=\"https:\/\/schema.org\/mainEntityOfPage\" ><span itemprop='name'>MARIA PILAR DE ARRATIA e Madre Speranza di Ges\u00f9, sulle orme dell&#8217;Amore Misericordioso<\/span><\/span><\/span><\/article><article class='slide-entry flex_column  post-entry post-entry-6237 slide-entry-overview slide-loop-8 slide-parity-even  av_one_third  real-thumbnail post-format-standard'  itemscope=\"itemscope\" itemtype=\"https:\/\/schema.org\/CreativeWork\" ><a href='http:\/\/www.amormisericordioso.org\/ita\/con-lo-sguardo-verso-lalto-2025\/' data-rel='slide-1' class='slide-image' title='Con lo sguardo verso l&#8217;alto 2025'><img decoding=\"async\" width=\"705\" height=\"705\" src=\"http:\/\/www.amormisericordioso.org\/ita\/wp-content\/uploads\/2025\/12\/Immagini-in-Evidenza-SITO-AM-2025-12-15T121448.431-705x705.png\" class=\"wp-image-6240 avia-img-lazy-loading-not-6240 attachment-masonry size-masonry wp-post-image\" alt=\"\" srcset=\"http:\/\/www.amormisericordioso.org\/ita\/wp-content\/uploads\/2025\/12\/Immagini-in-Evidenza-SITO-AM-2025-12-15T121448.431-705x705.png 705w, http:\/\/www.amormisericordioso.org\/ita\/wp-content\/uploads\/2025\/12\/Immagini-in-Evidenza-SITO-AM-2025-12-15T121448.431-300x300.png 300w, http:\/\/www.amormisericordioso.org\/ita\/wp-content\/uploads\/2025\/12\/Immagini-in-Evidenza-SITO-AM-2025-12-15T121448.431-1030x1030.png 1030w, http:\/\/www.amormisericordioso.org\/ita\/wp-content\/uploads\/2025\/12\/Immagini-in-Evidenza-SITO-AM-2025-12-15T121448.431-80x80.png 80w, http:\/\/www.amormisericordioso.org\/ita\/wp-content\/uploads\/2025\/12\/Immagini-in-Evidenza-SITO-AM-2025-12-15T121448.431-768x768.png 768w, http:\/\/www.amormisericordioso.org\/ita\/wp-content\/uploads\/2025\/12\/Immagini-in-Evidenza-SITO-AM-2025-12-15T121448.431-36x36.png 36w, http:\/\/www.amormisericordioso.org\/ita\/wp-content\/uploads\/2025\/12\/Immagini-in-Evidenza-SITO-AM-2025-12-15T121448.431-180x180.png 180w, http:\/\/www.amormisericordioso.org\/ita\/wp-content\/uploads\/2025\/12\/Immagini-in-Evidenza-SITO-AM-2025-12-15T121448.431.png 1080w\" sizes=\"(max-width: 705px) 100vw, 705px\" \/><\/a><div class='slide-content'><header class=\"entry-content-header\"><h3 class='slide-entry-title entry-title '  itemprop=\"headline\" ><a href='http:\/\/www.amormisericordioso.org\/ita\/con-lo-sguardo-verso-lalto-2025\/' title='Con lo sguardo verso l&#8217;alto 2025'>Con lo sguardo verso l&#8217;alto 2025<\/a><\/h3><span class=\"av-vertical-delimiter\"><\/span><\/header><div class='slide-meta'><time class='slide-meta-time updated'  itemprop=\"datePublished\" datetime=\"2025-12-01T12:17:24+01:00\" >1 Dicembre 2025<\/time><\/div><div class='slide-entry-excerpt entry-content'  itemprop=\"text\" >\n\n\n\n\n\u201cCon lo sguardo verso l\u2019alto\u201d non \u00e8 stata solo un\u2019esperienza\u2026<\/div><\/div><footer class=\"entry-footer\"><\/footer><span class='hidden'>\n\t\t\t\t<span class='av-structured-data'  itemprop=\"image\" itemscope=\"itemscope\" itemtype=\"https:\/\/schema.org\/ImageObject\" >\n\t\t\t\t\t\t<span itemprop='url'>http:\/\/www.amormisericordioso.org\/ita\/wp-content\/uploads\/2025\/12\/Immagini-in-Evidenza-SITO-AM-2025-12-15T121448.431.png<\/span>\n\t\t\t\t\t\t<span itemprop='height'>1080<\/span>\n\t\t\t\t\t\t<span itemprop='width'>1080<\/span>\n\t\t\t\t<\/span>\n\t\t\t\t<span class='av-structured-data'  itemprop=\"publisher\" itemtype=\"https:\/\/schema.org\/Organization\" itemscope=\"itemscope\" >\n\t\t\t\t\t\t<span itemprop='name'>Famiglia dell'Amore Misericordioso<\/span>\n\t\t\t\t\t\t<span itemprop='logo' itemscope itemtype='https:\/\/schema.org\/ImageObject'>\n\t\t\t\t\t\t\t<span itemprop='url'>http:\/\/www.amormisericordioso.org\/ita\/wp-content\/uploads\/2018\/02\/logo-fam-italiano.png<\/span>\n\t\t\t\t\t\t <\/span>\n\t\t\t\t<\/span><span class='av-structured-data'  itemprop=\"author\" itemscope=\"itemscope\" itemtype=\"https:\/\/schema.org\/Person\" ><span itemprop='name'>Famiglia dell'Amore Misericordioso<\/span><\/span><span class='av-structured-data'  itemprop=\"datePublished\" datetime=\"2015-05-15T15:08:42+02:00\" >2025-12-01 12:17:24<\/span><span class='av-structured-data'  itemprop=\"dateModified\" itemtype=\"https:\/\/schema.org\/dateModified\" >2025-12-15 12:27:08<\/span><span class='av-structured-data'  itemprop=\"mainEntityOfPage\" itemtype=\"https:\/\/schema.org\/mainEntityOfPage\" ><span itemprop='name'>Con lo sguardo verso l&#8217;alto 2025<\/span><\/span><\/span><\/article><article class='slide-entry flex_column  post-entry post-entry-6226 slide-entry-overview slide-loop-9 slide-parity-odd  av_one_third  real-thumbnail post-format-standard'  itemscope=\"itemscope\" itemtype=\"https:\/\/schema.org\/CreativeWork\" ><a href='http:\/\/www.amormisericordioso.org\/ita\/il-convegno-dei-laici-dellamore-misericordioso\/' data-rel='slide-1' class='slide-image' title='Il convegno dei Laici dell&#8217;Amore Misericordioso'><img decoding=\"async\" width=\"705\" height=\"705\" src=\"http:\/\/www.amormisericordioso.org\/ita\/wp-content\/uploads\/2025\/10\/Immagini-in-Evidenza-SITO-AM-2025-10-28T115107.589-705x705.png\" class=\"wp-image-6229 avia-img-lazy-loading-not-6229 attachment-masonry size-masonry wp-post-image\" alt=\"\" srcset=\"http:\/\/www.amormisericordioso.org\/ita\/wp-content\/uploads\/2025\/10\/Immagini-in-Evidenza-SITO-AM-2025-10-28T115107.589-705x705.png 705w, http:\/\/www.amormisericordioso.org\/ita\/wp-content\/uploads\/2025\/10\/Immagini-in-Evidenza-SITO-AM-2025-10-28T115107.589-300x300.png 300w, http:\/\/www.amormisericordioso.org\/ita\/wp-content\/uploads\/2025\/10\/Immagini-in-Evidenza-SITO-AM-2025-10-28T115107.589-1030x1030.png 1030w, http:\/\/www.amormisericordioso.org\/ita\/wp-content\/uploads\/2025\/10\/Immagini-in-Evidenza-SITO-AM-2025-10-28T115107.589-80x80.png 80w, http:\/\/www.amormisericordioso.org\/ita\/wp-content\/uploads\/2025\/10\/Immagini-in-Evidenza-SITO-AM-2025-10-28T115107.589-768x768.png 768w, http:\/\/www.amormisericordioso.org\/ita\/wp-content\/uploads\/2025\/10\/Immagini-in-Evidenza-SITO-AM-2025-10-28T115107.589-36x36.png 36w, http:\/\/www.amormisericordioso.org\/ita\/wp-content\/uploads\/2025\/10\/Immagini-in-Evidenza-SITO-AM-2025-10-28T115107.589-180x180.png 180w, http:\/\/www.amormisericordioso.org\/ita\/wp-content\/uploads\/2025\/10\/Immagini-in-Evidenza-SITO-AM-2025-10-28T115107.589.png 1080w\" sizes=\"(max-width: 705px) 100vw, 705px\" \/><\/a><div class='slide-content'><header class=\"entry-content-header\"><h3 class='slide-entry-title entry-title '  itemprop=\"headline\" ><a href='http:\/\/www.amormisericordioso.org\/ita\/il-convegno-dei-laici-dellamore-misericordioso\/' title='Il convegno dei Laici dell&#8217;Amore Misericordioso'>Il convegno dei Laici dell&#8217;Amore Misericordioso<\/a><\/h3><span class=\"av-vertical-delimiter\"><\/span><\/header><div class='slide-meta'><time class='slide-meta-time updated'  itemprop=\"datePublished\" datetime=\"2025-10-28T11:58:11+01:00\" >28 Ottobre 2025<\/time><\/div><div class='slide-entry-excerpt entry-content'  itemprop=\"text\" >\nIl prestigioso riconoscimento \u201cVoci di Speranza 2025\u201d assegnato\u2026<\/div><\/div><footer class=\"entry-footer\"><\/footer><span class='hidden'>\n\t\t\t\t<span class='av-structured-data'  itemprop=\"image\" itemscope=\"itemscope\" itemtype=\"https:\/\/schema.org\/ImageObject\" >\n\t\t\t\t\t\t<span itemprop='url'>http:\/\/www.amormisericordioso.org\/ita\/wp-content\/uploads\/2025\/10\/Immagini-in-Evidenza-SITO-AM-2025-10-28T115107.589.png<\/span>\n\t\t\t\t\t\t<span itemprop='height'>1080<\/span>\n\t\t\t\t\t\t<span itemprop='width'>1080<\/span>\n\t\t\t\t<\/span>\n\t\t\t\t<span class='av-structured-data'  itemprop=\"publisher\" itemtype=\"https:\/\/schema.org\/Organization\" itemscope=\"itemscope\" >\n\t\t\t\t\t\t<span itemprop='name'>Famiglia dell'Amore Misericordioso<\/span>\n\t\t\t\t\t\t<span itemprop='logo' itemscope itemtype='https:\/\/schema.org\/ImageObject'>\n\t\t\t\t\t\t\t<span itemprop='url'>http:\/\/www.amormisericordioso.org\/ita\/wp-content\/uploads\/2018\/02\/logo-fam-italiano.png<\/span>\n\t\t\t\t\t\t <\/span>\n\t\t\t\t<\/span><span class='av-structured-data'  itemprop=\"author\" itemscope=\"itemscope\" itemtype=\"https:\/\/schema.org\/Person\" ><span itemprop='name'>Famiglia dell'Amore Misericordioso<\/span><\/span><span class='av-structured-data'  itemprop=\"datePublished\" datetime=\"2015-05-15T15:08:42+02:00\" >2025-10-28 11:58:11<\/span><span class='av-structured-data'  itemprop=\"dateModified\" itemtype=\"https:\/\/schema.org\/dateModified\" >2025-10-29 09:29:42<\/span><span class='av-structured-data'  itemprop=\"mainEntityOfPage\" itemtype=\"https:\/\/schema.org\/mainEntityOfPage\" ><span itemprop='name'>Il convegno dei Laici dell&#8217;Amore Misericordioso<\/span><\/span><\/span><\/article><\/div><div class='slide-entry-wrap'><article class='slide-entry flex_column  post-entry post-entry-6207 slide-entry-overview slide-loop-10 slide-parity-odd  av_one_third first real-thumbnail post-format-standard'  itemscope=\"itemscope\" itemtype=\"https:\/\/schema.org\/CreativeWork\" ><a href='http:\/\/www.amormisericordioso.org\/ita\/eccomi-signore-la-prima-professione-religiosa-di-fr-paolo-cedro\/' data-rel='slide-1' class='slide-image' title='&#8220;Eccomi, Signore&#8221;. La PRIMA PROFESSIONE RELIGIOSA di fr. Paolo Cedro'><img decoding=\"async\" width=\"705\" height=\"705\" src=\"http:\/\/www.amormisericordioso.org\/ita\/wp-content\/uploads\/2025\/10\/Immagini-in-Evidenza-SITO-AM-2025-10-16T100058.586-705x705.png\" class=\"wp-image-6215 avia-img-lazy-loading-not-6215 attachment-masonry size-masonry wp-post-image\" alt=\"\" srcset=\"http:\/\/www.amormisericordioso.org\/ita\/wp-content\/uploads\/2025\/10\/Immagini-in-Evidenza-SITO-AM-2025-10-16T100058.586-705x705.png 705w, http:\/\/www.amormisericordioso.org\/ita\/wp-content\/uploads\/2025\/10\/Immagini-in-Evidenza-SITO-AM-2025-10-16T100058.586-300x300.png 300w, http:\/\/www.amormisericordioso.org\/ita\/wp-content\/uploads\/2025\/10\/Immagini-in-Evidenza-SITO-AM-2025-10-16T100058.586-1030x1030.png 1030w, http:\/\/www.amormisericordioso.org\/ita\/wp-content\/uploads\/2025\/10\/Immagini-in-Evidenza-SITO-AM-2025-10-16T100058.586-80x80.png 80w, http:\/\/www.amormisericordioso.org\/ita\/wp-content\/uploads\/2025\/10\/Immagini-in-Evidenza-SITO-AM-2025-10-16T100058.586-768x768.png 768w, http:\/\/www.amormisericordioso.org\/ita\/wp-content\/uploads\/2025\/10\/Immagini-in-Evidenza-SITO-AM-2025-10-16T100058.586-36x36.png 36w, http:\/\/www.amormisericordioso.org\/ita\/wp-content\/uploads\/2025\/10\/Immagini-in-Evidenza-SITO-AM-2025-10-16T100058.586-180x180.png 180w, http:\/\/www.amormisericordioso.org\/ita\/wp-content\/uploads\/2025\/10\/Immagini-in-Evidenza-SITO-AM-2025-10-16T100058.586.png 1080w\" sizes=\"(max-width: 705px) 100vw, 705px\" \/><\/a><div class='slide-content'><header class=\"entry-content-header\"><h3 class='slide-entry-title entry-title '  itemprop=\"headline\" ><a href='http:\/\/www.amormisericordioso.org\/ita\/eccomi-signore-la-prima-professione-religiosa-di-fr-paolo-cedro\/' title='&#8220;Eccomi, Signore&#8221;. La PRIMA PROFESSIONE RELIGIOSA di fr. Paolo Cedro'>&#8220;Eccomi, Signore&#8221;. La PRIMA PROFESSIONE RELIGIOSA di fr. Paolo Cedro<\/a><\/h3><span class=\"av-vertical-delimiter\"><\/span><\/header><div class='slide-meta'><time class='slide-meta-time updated'  itemprop=\"datePublished\" datetime=\"2025-10-16T10:03:05+02:00\" >16 Ottobre 2025<\/time><\/div><div class='slide-entry-excerpt entry-content'  itemprop=\"text\" >\n\n\n\n\nNella memoria liturgica di Santa Teresa d\u2019Avila, la Famiglia\u2026<\/div><\/div><footer class=\"entry-footer\"><\/footer><span class='hidden'>\n\t\t\t\t<span class='av-structured-data'  itemprop=\"image\" itemscope=\"itemscope\" itemtype=\"https:\/\/schema.org\/ImageObject\" >\n\t\t\t\t\t\t<span itemprop='url'>http:\/\/www.amormisericordioso.org\/ita\/wp-content\/uploads\/2025\/10\/Immagini-in-Evidenza-SITO-AM-2025-10-16T100058.586.png<\/span>\n\t\t\t\t\t\t<span itemprop='height'>1080<\/span>\n\t\t\t\t\t\t<span itemprop='width'>1080<\/span>\n\t\t\t\t<\/span>\n\t\t\t\t<span class='av-structured-data'  itemprop=\"publisher\" itemtype=\"https:\/\/schema.org\/Organization\" itemscope=\"itemscope\" >\n\t\t\t\t\t\t<span itemprop='name'>Famiglia dell'Amore Misericordioso<\/span>\n\t\t\t\t\t\t<span itemprop='logo' itemscope itemtype='https:\/\/schema.org\/ImageObject'>\n\t\t\t\t\t\t\t<span itemprop='url'>http:\/\/www.amormisericordioso.org\/ita\/wp-content\/uploads\/2018\/02\/logo-fam-italiano.png<\/span>\n\t\t\t\t\t\t <\/span>\n\t\t\t\t<\/span><span class='av-structured-data'  itemprop=\"author\" itemscope=\"itemscope\" itemtype=\"https:\/\/schema.org\/Person\" ><span itemprop='name'>Famiglia dell'Amore Misericordioso<\/span><\/span><span class='av-structured-data'  itemprop=\"datePublished\" datetime=\"2015-05-15T15:08:42+02:00\" >2025-10-16 10:03:05<\/span><span class='av-structured-data'  itemprop=\"dateModified\" itemtype=\"https:\/\/schema.org\/dateModified\" >2025-10-16 10:03:08<\/span><span class='av-structured-data'  itemprop=\"mainEntityOfPage\" itemtype=\"https:\/\/schema.org\/mainEntityOfPage\" ><span itemprop='name'>&#8220;Eccomi, Signore&#8221;. La PRIMA PROFESSIONE RELIGIOSA di fr. Paolo Cedro<\/span><\/span><\/span><\/article><article class='slide-entry flex_column  post-entry post-entry-6189 slide-entry-overview slide-loop-11 slide-parity-even  av_one_third  real-thumbnail post-format-standard'  itemscope=\"itemscope\" itemtype=\"https:\/\/schema.org\/CreativeWork\" ><a href='http:\/\/www.amormisericordioso.org\/ita\/tre-storie-ununica-chiamata-25-anni-di-fedelta-e-di-servizio\/' data-rel='slide-1' class='slide-image' title='Tre storie, un\u2019unica chiamata: 25 anni di fedelt\u00e0 e di servizio'><img decoding=\"async\" width=\"705\" height=\"705\" src=\"http:\/\/www.amormisericordioso.org\/ita\/wp-content\/uploads\/2025\/10\/Immagini-in-Evidenza-SITO-AM-2025-10-06T165745.295-705x705.png\" class=\"wp-image-6195 avia-img-lazy-loading-not-6195 attachment-masonry size-masonry wp-post-image\" alt=\"\" srcset=\"http:\/\/www.amormisericordioso.org\/ita\/wp-content\/uploads\/2025\/10\/Immagini-in-Evidenza-SITO-AM-2025-10-06T165745.295-705x705.png 705w, http:\/\/www.amormisericordioso.org\/ita\/wp-content\/uploads\/2025\/10\/Immagini-in-Evidenza-SITO-AM-2025-10-06T165745.295-300x300.png 300w, http:\/\/www.amormisericordioso.org\/ita\/wp-content\/uploads\/2025\/10\/Immagini-in-Evidenza-SITO-AM-2025-10-06T165745.295-1030x1030.png 1030w, http:\/\/www.amormisericordioso.org\/ita\/wp-content\/uploads\/2025\/10\/Immagini-in-Evidenza-SITO-AM-2025-10-06T165745.295-80x80.png 80w, http:\/\/www.amormisericordioso.org\/ita\/wp-content\/uploads\/2025\/10\/Immagini-in-Evidenza-SITO-AM-2025-10-06T165745.295-768x768.png 768w, http:\/\/www.amormisericordioso.org\/ita\/wp-content\/uploads\/2025\/10\/Immagini-in-Evidenza-SITO-AM-2025-10-06T165745.295-36x36.png 36w, http:\/\/www.amormisericordioso.org\/ita\/wp-content\/uploads\/2025\/10\/Immagini-in-Evidenza-SITO-AM-2025-10-06T165745.295-180x180.png 180w, http:\/\/www.amormisericordioso.org\/ita\/wp-content\/uploads\/2025\/10\/Immagini-in-Evidenza-SITO-AM-2025-10-06T165745.295.png 1080w\" sizes=\"(max-width: 705px) 100vw, 705px\" \/><\/a><div class='slide-content'><header class=\"entry-content-header\"><h3 class='slide-entry-title entry-title '  itemprop=\"headline\" ><a href='http:\/\/www.amormisericordioso.org\/ita\/tre-storie-ununica-chiamata-25-anni-di-fedelta-e-di-servizio\/' title='Tre storie, un\u2019unica chiamata: 25 anni di fedelt\u00e0 e di servizio'>Tre storie, un\u2019unica chiamata: 25 anni di fedelt\u00e0 e di servizio<\/a><\/h3><span class=\"av-vertical-delimiter\"><\/span><\/header><div class='slide-meta'><time class='slide-meta-time updated'  itemprop=\"datePublished\" datetime=\"2025-10-06T17:02:26+02:00\" >6 Ottobre 2025<\/time><\/div><div class='slide-entry-excerpt entry-content'  itemprop=\"text\" >\n\n\n\n\nDomenica 5 ottobre la comunit\u00e0 delle Ancelle dell'Amore\u2026<\/div><\/div><footer class=\"entry-footer\"><\/footer><span class='hidden'>\n\t\t\t\t<span class='av-structured-data'  itemprop=\"image\" itemscope=\"itemscope\" itemtype=\"https:\/\/schema.org\/ImageObject\" >\n\t\t\t\t\t\t<span itemprop='url'>http:\/\/www.amormisericordioso.org\/ita\/wp-content\/uploads\/2025\/10\/Immagini-in-Evidenza-SITO-AM-2025-10-06T165745.295.png<\/span>\n\t\t\t\t\t\t<span itemprop='height'>1080<\/span>\n\t\t\t\t\t\t<span itemprop='width'>1080<\/span>\n\t\t\t\t<\/span>\n\t\t\t\t<span class='av-structured-data'  itemprop=\"publisher\" itemtype=\"https:\/\/schema.org\/Organization\" itemscope=\"itemscope\" >\n\t\t\t\t\t\t<span itemprop='name'>Famiglia dell'Amore Misericordioso<\/span>\n\t\t\t\t\t\t<span itemprop='logo' itemscope itemtype='https:\/\/schema.org\/ImageObject'>\n\t\t\t\t\t\t\t<span itemprop='url'>http:\/\/www.amormisericordioso.org\/ita\/wp-content\/uploads\/2018\/02\/logo-fam-italiano.png<\/span>\n\t\t\t\t\t\t <\/span>\n\t\t\t\t<\/span><span class='av-structured-data'  itemprop=\"author\" itemscope=\"itemscope\" itemtype=\"https:\/\/schema.org\/Person\" ><span itemprop='name'>Famiglia dell'Amore Misericordioso<\/span><\/span><span class='av-structured-data'  itemprop=\"datePublished\" datetime=\"2015-05-15T15:08:42+02:00\" >2025-10-06 17:02:26<\/span><span class='av-structured-data'  itemprop=\"dateModified\" itemtype=\"https:\/\/schema.org\/dateModified\" >2025-10-06 17:02:28<\/span><span class='av-structured-data'  itemprop=\"mainEntityOfPage\" itemtype=\"https:\/\/schema.org\/mainEntityOfPage\" ><span itemprop='name'>Tre storie, un\u2019unica chiamata: 25 anni di fedelt\u00e0 e di servizio<\/span><\/span><\/span><\/article><article class='slide-entry flex_column  post-entry post-entry-6170 slide-entry-overview slide-loop-12 slide-parity-odd  post-entry-last  av_one_third  real-thumbnail post-format-standard'  itemscope=\"itemscope\" itemtype=\"https:\/\/schema.org\/CreativeWork\" ><a href='http:\/\/www.amormisericordioso.org\/ita\/professioni-perpetue-fam\/' data-rel='slide-1' class='slide-image' title='Professioni perpetue FAM'><img decoding=\"async\" width=\"705\" height=\"705\" src=\"http:\/\/www.amormisericordioso.org\/ita\/wp-content\/uploads\/2025\/10\/Immagini-in-Evidenza-SITO-AM-2025-10-02T191309.232-705x705.png\" class=\"wp-image-6181 avia-img-lazy-loading-not-6181 attachment-masonry size-masonry wp-post-image\" alt=\"\" srcset=\"http:\/\/www.amormisericordioso.org\/ita\/wp-content\/uploads\/2025\/10\/Immagini-in-Evidenza-SITO-AM-2025-10-02T191309.232-705x705.png 705w, http:\/\/www.amormisericordioso.org\/ita\/wp-content\/uploads\/2025\/10\/Immagini-in-Evidenza-SITO-AM-2025-10-02T191309.232-300x300.png 300w, http:\/\/www.amormisericordioso.org\/ita\/wp-content\/uploads\/2025\/10\/Immagini-in-Evidenza-SITO-AM-2025-10-02T191309.232-1030x1030.png 1030w, http:\/\/www.amormisericordioso.org\/ita\/wp-content\/uploads\/2025\/10\/Immagini-in-Evidenza-SITO-AM-2025-10-02T191309.232-80x80.png 80w, http:\/\/www.amormisericordioso.org\/ita\/wp-content\/uploads\/2025\/10\/Immagini-in-Evidenza-SITO-AM-2025-10-02T191309.232-768x768.png 768w, http:\/\/www.amormisericordioso.org\/ita\/wp-content\/uploads\/2025\/10\/Immagini-in-Evidenza-SITO-AM-2025-10-02T191309.232-36x36.png 36w, http:\/\/www.amormisericordioso.org\/ita\/wp-content\/uploads\/2025\/10\/Immagini-in-Evidenza-SITO-AM-2025-10-02T191309.232-180x180.png 180w, http:\/\/www.amormisericordioso.org\/ita\/wp-content\/uploads\/2025\/10\/Immagini-in-Evidenza-SITO-AM-2025-10-02T191309.232.png 1080w\" sizes=\"(max-width: 705px) 100vw, 705px\" \/><\/a><div class='slide-content'><header class=\"entry-content-header\"><h3 class='slide-entry-title entry-title '  itemprop=\"headline\" ><a href='http:\/\/www.amormisericordioso.org\/ita\/professioni-perpetue-fam\/' title='Professioni perpetue FAM'>Professioni perpetue FAM<\/a><\/h3><span class=\"av-vertical-delimiter\"><\/span><\/header><div class='slide-meta'><time class='slide-meta-time updated'  itemprop=\"datePublished\" datetime=\"2025-10-02T19:16:07+02:00\" >2 Ottobre 2025<\/time><\/div><div class='slide-entry-excerpt entry-content'  itemprop=\"text\" >\n\n\n\n\nSabato 27 settembre la nostra famiglia religiosa ha vissuto\u2026<\/div><\/div><footer class=\"entry-footer\"><\/footer><span class='hidden'>\n\t\t\t\t<span class='av-structured-data'  itemprop=\"image\" itemscope=\"itemscope\" itemtype=\"https:\/\/schema.org\/ImageObject\" >\n\t\t\t\t\t\t<span itemprop='url'>http:\/\/www.amormisericordioso.org\/ita\/wp-content\/uploads\/2025\/10\/Immagini-in-Evidenza-SITO-AM-2025-10-02T191309.232.png<\/span>\n\t\t\t\t\t\t<span itemprop='height'>1080<\/span>\n\t\t\t\t\t\t<span itemprop='width'>1080<\/span>\n\t\t\t\t<\/span>\n\t\t\t\t<span class='av-structured-data'  itemprop=\"publisher\" itemtype=\"https:\/\/schema.org\/Organization\" itemscope=\"itemscope\" >\n\t\t\t\t\t\t<span itemprop='name'>Famiglia dell'Amore Misericordioso<\/span>\n\t\t\t\t\t\t<span itemprop='logo' itemscope itemtype='https:\/\/schema.org\/ImageObject'>\n\t\t\t\t\t\t\t<span itemprop='url'>http:\/\/www.amormisericordioso.org\/ita\/wp-content\/uploads\/2018\/02\/logo-fam-italiano.png<\/span>\n\t\t\t\t\t\t <\/span>\n\t\t\t\t<\/span><span class='av-structured-data'  itemprop=\"author\" itemscope=\"itemscope\" itemtype=\"https:\/\/schema.org\/Person\" ><span itemprop='name'>Famiglia dell'Amore Misericordioso<\/span><\/span><span class='av-structured-data'  itemprop=\"datePublished\" datetime=\"2015-05-15T15:08:42+02:00\" >2025-10-02 19:16:07<\/span><span class='av-structured-data'  itemprop=\"dateModified\" itemtype=\"https:\/\/schema.org\/dateModified\" >2025-10-05 17:29:14<\/span><span class='av-structured-data'  itemprop=\"mainEntityOfPage\" itemtype=\"https:\/\/schema.org\/mainEntityOfPage\" ><span itemprop='name'>Professioni perpetue FAM<\/span><\/span><\/span><\/article><\/div><\/div><\/div><br \/>\n<div  class='avia-button-wrap avia-button-center  avia-builder-el-5  el_after_av_blog  avia-builder-el-last ' ><a href='http:\/\/www.amormisericordioso.org\/ita\/tutte-le-notizie\/'  class='avia-button  avia-color-theme-color   avia-icon_select-no avia-size-small avia-position-center '   ><span class='avia_iconbox_title' >Recupera gli articoli precedenti<\/span><\/a><\/div><\/p>\n<\/div><\/div><div class=\"flex_cell no_margin av_one_third  avia-builder-el-6  el_after_av_cell_two_third  avia-builder-el-last   \"  style='background:url(http:\/\/www.amormisericordioso.org\/ita\/wp-content\/uploads\/2022\/01\/OIP-14-80x80.jpg) center center no-repeat fixed; vertical-align:top; padding:30px; ' ><div class='flex_cell_inner' ><p><div  style='padding-bottom:22px; ' class='av-special-heading av-special-heading-h2    avia-builder-el-7  el_before_av_blog  avia-builder-el-first  '><h2 class='av-special-heading-tag '  itemprop=\"headline\"  >EVENTI<\/h2><div class='special-heading-border'><div class='special-heading-inner-border' ><\/div><\/div><\/div><br \/>\n<div  class='av-alb-blogposts template-blog  av-blog-meta-comments-disabled '  itemscope=\"itemscope\" itemtype=\"https:\/\/schema.org\/Blog\" ><article class='post-entry post-entry-type-standard post-entry-6324 post-loop-1 post-parity-odd single-small with-slider post-6324 post type-post status-publish format-standard has-post-thumbnail hentry category-evento tag-amore-misericordioso tag-collevalenza tag-figli-dellamore-misericordioso tag-madre-speranza tag-ordinazione-presbiterale'  itemscope=\"itemscope\" itemtype=\"https:\/\/schema.org\/BlogPosting\" ><div class='blog-meta'><a href='http:\/\/www.amormisericordioso.org\/ita\/ordinazione-presbiterale-p-alexandru-cristinel-chiriches-fam\/' class='small-preview'  title=\"Immagini in Evidenza - SITO AM - 2026-04-28T085442.056\"   itemprop=\"image\" itemscope=\"itemscope\" itemtype=\"https:\/\/schema.org\/ImageObject\" ><img loading=\"lazy\" decoding=\"async\" width=\"180\" height=\"180\" src=\"http:\/\/www.amormisericordioso.org\/ita\/wp-content\/uploads\/2026\/04\/Immagini-in-Evidenza-SITO-AM-2026-04-28T085442.056-180x180.png\" class=\"wp-image-6327 avia-img-lazy-loading-6327 attachment-square size-square wp-post-image\" alt=\"\" srcset=\"http:\/\/www.amormisericordioso.org\/ita\/wp-content\/uploads\/2026\/04\/Immagini-in-Evidenza-SITO-AM-2026-04-28T085442.056-180x180.png 180w, http:\/\/www.amormisericordioso.org\/ita\/wp-content\/uploads\/2026\/04\/Immagini-in-Evidenza-SITO-AM-2026-04-28T085442.056-300x300.png 300w, http:\/\/www.amormisericordioso.org\/ita\/wp-content\/uploads\/2026\/04\/Immagini-in-Evidenza-SITO-AM-2026-04-28T085442.056-1030x1030.png 1030w, http:\/\/www.amormisericordioso.org\/ita\/wp-content\/uploads\/2026\/04\/Immagini-in-Evidenza-SITO-AM-2026-04-28T085442.056-80x80.png 80w, http:\/\/www.amormisericordioso.org\/ita\/wp-content\/uploads\/2026\/04\/Immagini-in-Evidenza-SITO-AM-2026-04-28T085442.056-768x768.png 768w, http:\/\/www.amormisericordioso.org\/ita\/wp-content\/uploads\/2026\/04\/Immagini-in-Evidenza-SITO-AM-2026-04-28T085442.056-36x36.png 36w, http:\/\/www.amormisericordioso.org\/ita\/wp-content\/uploads\/2026\/04\/Immagini-in-Evidenza-SITO-AM-2026-04-28T085442.056-705x705.png 705w, http:\/\/www.amormisericordioso.org\/ita\/wp-content\/uploads\/2026\/04\/Immagini-in-Evidenza-SITO-AM-2026-04-28T085442.056.png 1080w\" sizes=\"auto, (max-width: 180px) 100vw, 180px\" \/><span class=\"iconfont\" aria-hidden='true' data-av_icon='\ue836' data-av_iconfont='entypo-fontello'><\/span><\/a><\/div><div class='entry-content-wrapper clearfix standard-content'><header class=\"entry-content-header\"><h2 class='post-title entry-title '  itemprop=\"headline\" >\t<a href='http:\/\/www.amormisericordioso.org\/ita\/ordinazione-presbiterale-p-alexandru-cristinel-chiriches-fam\/' rel='bookmark' title='Link Permanente: Ordinazione presbiterale P. ALEXANDRU CRISTINEL CHIRICHE\u015e fam'>Ordinazione presbiterale P. ALEXANDRU CRISTINEL CHIRICHE\u015e fam\t\t\t<span class='post-format-icon minor-meta'><\/span>\t<\/a><\/h2><span class='post-meta-infos'><time class='date-container minor-meta updated' >28 Aprile 2026<\/time><span class='text-sep text-sep-date'>\/<\/span><span class=\"blog-categories minor-meta\">in <a href=\"http:\/\/www.amormisericordioso.org\/ita\/category\/evento\/\" rel=\"tag\">Evento<\/a> <\/span><span class=\"text-sep text-sep-cat\">\/<\/span><span class=\"blog-author minor-meta\">da <span class=\"entry-author-link\"  itemprop=\"author\" ><span class=\"author\"><span class=\"fn\"><a href=\"http:\/\/www.amormisericordioso.org\/ita\/author\/tomas\/\" title=\"Articoli scritti da Famiglia dell&#039;Amore Misericordioso\" rel=\"author\">Famiglia dell'Amore Misericordioso<\/a><\/span><\/span><\/span><\/span><\/span><\/header><div class=\"entry-content\"  itemprop=\"text\" >\n<figure class=\"wp-block-image size-large\"><a href=\"http:\/\/www.amormisericordioso.org\/ita\/wp-content\/uploads\/2026\/04\/WhatsApp-Image-2026-04-28-at-08.42.48.jpeg\"><img loading=\"lazy\" decoding=\"async\" width=\"687\" height=\"1030\" src=\"http:\/\/www.amormisericordioso.org\/ita\/wp-content\/uploads\/2026\/04\/WhatsApp-Image-2026-04-28-at-08.42.48-687x1030.jpeg\" alt=\"\" class=\"wp-image-6325\" srcset=\"http:\/\/www.amormisericordioso.org\/ita\/wp-content\/uploads\/2026\/04\/WhatsApp-Image-2026-04-28-at-08.42.48-687x1030.jpeg 687w, http:\/\/www.amormisericordioso.org\/ita\/wp-content\/uploads\/2026\/04\/WhatsApp-Image-2026-04-28-at-08.42.48-200x300.jpeg 200w, http:\/\/www.amormisericordioso.org\/ita\/wp-content\/uploads\/2026\/04\/WhatsApp-Image-2026-04-28-at-08.42.48-768x1152.jpeg 768w, http:\/\/www.amormisericordioso.org\/ita\/wp-content\/uploads\/2026\/04\/WhatsApp-Image-2026-04-28-at-08.42.48-1024x1536.jpeg 1024w, http:\/\/www.amormisericordioso.org\/ita\/wp-content\/uploads\/2026\/04\/WhatsApp-Image-2026-04-28-at-08.42.48-1000x1500.jpeg 1000w, http:\/\/www.amormisericordioso.org\/ita\/wp-content\/uploads\/2026\/04\/WhatsApp-Image-2026-04-28-at-08.42.48-470x705.jpeg 470w, http:\/\/www.amormisericordioso.org\/ita\/wp-content\/uploads\/2026\/04\/WhatsApp-Image-2026-04-28-at-08.42.48.jpeg 1080w\" sizes=\"auto, (max-width: 687px) 100vw, 687px\" \/><\/a><\/figure>\n<\/div><footer class=\"entry-footer\"><\/footer><div class='post_delimiter'><\/div><\/div><div class='post_author_timeline'><\/div><span class='hidden'>\n\t\t\t\t<span class='av-structured-data'  itemprop=\"image\" itemscope=\"itemscope\" itemtype=\"https:\/\/schema.org\/ImageObject\" >\n\t\t\t\t\t\t<span itemprop='url'>http:\/\/www.amormisericordioso.org\/ita\/wp-content\/uploads\/2026\/04\/Immagini-in-Evidenza-SITO-AM-2026-04-28T085442.056.png<\/span>\n\t\t\t\t\t\t<span itemprop='height'>1080<\/span>\n\t\t\t\t\t\t<span itemprop='width'>1080<\/span>\n\t\t\t\t<\/span>\n\t\t\t\t<span class='av-structured-data'  itemprop=\"publisher\" itemtype=\"https:\/\/schema.org\/Organization\" itemscope=\"itemscope\" >\n\t\t\t\t\t\t<span itemprop='name'>Famiglia dell'Amore Misericordioso<\/span>\n\t\t\t\t\t\t<span itemprop='logo' itemscope itemtype='https:\/\/schema.org\/ImageObject'>\n\t\t\t\t\t\t\t<span itemprop='url'>http:\/\/www.amormisericordioso.org\/ita\/wp-content\/uploads\/2018\/02\/logo-fam-italiano.png<\/span>\n\t\t\t\t\t\t <\/span>\n\t\t\t\t<\/span><span class='av-structured-data'  itemprop=\"author\" itemscope=\"itemscope\" itemtype=\"https:\/\/schema.org\/Person\" ><span itemprop='name'>Famiglia dell'Amore Misericordioso<\/span><\/span><span class='av-structured-data'  itemprop=\"datePublished\" datetime=\"2026-04-28T08:56:12+02:00\" >2026-04-28 08:56:12<\/span><span class='av-structured-data'  itemprop=\"dateModified\" itemtype=\"https:\/\/schema.org\/dateModified\" >2026-04-28 08:56:14<\/span><span class='av-structured-data'  itemprop=\"mainEntityOfPage\" itemtype=\"https:\/\/schema.org\/mainEntityOfPage\" ><span itemprop='name'>Ordinazione presbiterale P. ALEXANDRU CRISTINEL CHIRICHE\u015e fam<\/span><\/span><\/span><\/article><article class='post-entry post-entry-type-standard post-entry-6304 post-loop-2 post-parity-even post-entry-last single-small with-slider post-6304 post type-post status-publish format-standard has-post-thumbnail hentry category-evento tag-amore-misericordioso tag-convegno tag-esercizi-spirituali tag-figli-dellamore-misericordioso tag-madre-speranza-di-gesu tag-sacerdoti'  itemscope=\"itemscope\" itemtype=\"https:\/\/schema.org\/BlogPosting\" ><div class='blog-meta'><a href='http:\/\/www.amormisericordioso.org\/ita\/esercizi-spirituali-e-convegni-per-sacerdoti-2026\/' class='small-preview'  title=\"2c115e5e3c9da4695960b66bb820b537\"   itemprop=\"image\" itemscope=\"itemscope\" itemtype=\"https:\/\/schema.org\/ImageObject\" ><img loading=\"lazy\" decoding=\"async\" width=\"180\" height=\"180\" src=\"http:\/\/www.amormisericordioso.org\/ita\/wp-content\/uploads\/2025\/07\/2c115e5e3c9da4695960b66bb820b537-180x180.jpg\" class=\"wp-image-5985 avia-img-lazy-loading-5985 attachment-square size-square wp-post-image\" alt=\"\" srcset=\"http:\/\/www.amormisericordioso.org\/ita\/wp-content\/uploads\/2025\/07\/2c115e5e3c9da4695960b66bb820b537-180x180.jpg 180w, http:\/\/www.amormisericordioso.org\/ita\/wp-content\/uploads\/2025\/07\/2c115e5e3c9da4695960b66bb820b537-80x80.jpg 80w, http:\/\/www.amormisericordioso.org\/ita\/wp-content\/uploads\/2025\/07\/2c115e5e3c9da4695960b66bb820b537-36x36.jpg 36w\" sizes=\"auto, (max-width: 180px) 100vw, 180px\" \/><span class=\"iconfont\" aria-hidden='true' data-av_icon='\ue836' data-av_iconfont='entypo-fontello'><\/span><\/a><\/div><div class='entry-content-wrapper clearfix standard-content'><header class=\"entry-content-header\"><h2 class='post-title entry-title '  itemprop=\"headline\" >\t<a href='http:\/\/www.amormisericordioso.org\/ita\/esercizi-spirituali-e-convegni-per-sacerdoti-2026\/' rel='bookmark' title='Link Permanente: ESERCIZI SPIRITUALI E CONVEGNI per sacerdoti 2026'>ESERCIZI SPIRITUALI E CONVEGNI per sacerdoti 2026\t\t\t<span class='post-format-icon minor-meta'><\/span>\t<\/a><\/h2><span class='post-meta-infos'><time class='date-container minor-meta updated' >13 Aprile 2026<\/time><span class='text-sep text-sep-date'>\/<\/span><span class=\"blog-categories minor-meta\">in <a href=\"http:\/\/www.amormisericordioso.org\/ita\/category\/evento\/\" rel=\"tag\">Evento<\/a> <\/span><span class=\"text-sep text-sep-cat\">\/<\/span><span class=\"blog-author minor-meta\">da <span class=\"entry-author-link\"  itemprop=\"author\" ><span class=\"author\"><span class=\"fn\"><a href=\"http:\/\/www.amormisericordioso.org\/ita\/author\/tomas\/\" title=\"Articoli scritti da Famiglia dell&#039;Amore Misericordioso\" rel=\"author\">Famiglia dell'Amore Misericordioso<\/a><\/span><\/span><\/span><\/span><\/span><\/header><div class=\"entry-content\"  itemprop=\"text\" >\n<figure class=\"wp-block-image size-large\"><a href=\"https:\/\/www.amormisericordioso.org\/ita\/wp-content\/uploads\/2026\/04\/Locandina-99.png\"><img loading=\"lazy\" decoding=\"async\" width=\"728\" height=\"1030\" src=\"https:\/\/www.amormisericordioso.org\/ita\/wp-content\/uploads\/2026\/04\/Locandina-99-728x1030.png\" alt=\"\" class=\"wp-image-6305\" srcset=\"http:\/\/www.amormisericordioso.org\/ita\/wp-content\/uploads\/2026\/04\/Locandina-99-728x1030.png 728w, http:\/\/www.amormisericordioso.org\/ita\/wp-content\/uploads\/2026\/04\/Locandina-99-212x300.png 212w, http:\/\/www.amormisericordioso.org\/ita\/wp-content\/uploads\/2026\/04\/Locandina-99-768x1086.png 768w, http:\/\/www.amormisericordioso.org\/ita\/wp-content\/uploads\/2026\/04\/Locandina-99-1086x1536.png 1086w, http:\/\/www.amormisericordioso.org\/ita\/wp-content\/uploads\/2026\/04\/Locandina-99-1061x1500.png 1061w, http:\/\/www.amormisericordioso.org\/ita\/wp-content\/uploads\/2026\/04\/Locandina-99-498x705.png 498w, http:\/\/www.amormisericordioso.org\/ita\/wp-content\/uploads\/2026\/04\/Locandina-99.png 1414w\" sizes=\"auto, (max-width: 728px) 100vw, 728px\" \/><\/a><\/figure>\n<\/div><footer class=\"entry-footer\"><\/footer><div class='post_delimiter'><\/div><\/div><div class='post_author_timeline'><\/div><span class='hidden'>\n\t\t\t\t<span class='av-structured-data'  itemprop=\"image\" itemscope=\"itemscope\" itemtype=\"https:\/\/schema.org\/ImageObject\" >\n\t\t\t\t\t\t<span itemprop='url'>http:\/\/www.amormisericordioso.org\/ita\/wp-content\/uploads\/2025\/07\/2c115e5e3c9da4695960b66bb820b537.jpg<\/span>\n\t\t\t\t\t\t<span itemprop='height'>1161<\/span>\n\t\t\t\t\t\t<span itemprop='width'>736<\/span>\n\t\t\t\t<\/span>\n\t\t\t\t<span class='av-structured-data'  itemprop=\"publisher\" itemtype=\"https:\/\/schema.org\/Organization\" itemscope=\"itemscope\" >\n\t\t\t\t\t\t<span itemprop='name'>Famiglia dell'Amore Misericordioso<\/span>\n\t\t\t\t\t\t<span itemprop='logo' itemscope itemtype='https:\/\/schema.org\/ImageObject'>\n\t\t\t\t\t\t\t<span itemprop='url'>http:\/\/www.amormisericordioso.org\/ita\/wp-content\/uploads\/2018\/02\/logo-fam-italiano.png<\/span>\n\t\t\t\t\t\t <\/span>\n\t\t\t\t<\/span><span class='av-structured-data'  itemprop=\"author\" itemscope=\"itemscope\" itemtype=\"https:\/\/schema.org\/Person\" ><span itemprop='name'>Famiglia dell'Amore Misericordioso<\/span><\/span><span class='av-structured-data'  itemprop=\"datePublished\" datetime=\"2026-04-13T09:41:04+02:00\" >2026-04-13 09:41:04<\/span><span class='av-structured-data'  itemprop=\"dateModified\" itemtype=\"https:\/\/schema.org\/dateModified\" >2026-04-13 09:41:06<\/span><span class='av-structured-data'  itemprop=\"mainEntityOfPage\" itemtype=\"https:\/\/schema.org\/mainEntityOfPage\" ><span itemprop='name'>ESERCIZI SPIRITUALI E CONVEGNI per sacerdoti 2026<\/span><\/span><\/span><\/article><\/div><br \/>\n<div  class='avia-button-wrap avia-button-center ' ><a href='http:\/\/www.amormisericordioso.org\/ita\/tutti-gli-eventi\/'  class='avia-button  avia-color-theme-color   avia-icon_select-no avia-size-small avia-position-center '   ><span class='avia_iconbox_title' >Recupera gli eventi precedenti<\/span><\/a><\/div><\/p>\n<\/div><\/div>\n<\/div>\n<\/div><\/div><\/div><!-- close content main div --><\/div><\/div><div id='av-layout-grid-2'  class='av-layout-grid-container entry-content-wrapper main_color av-flex-cells   av-border-top-bottom  container_wrap sidebar_right' style=' '  >\n<div class=\"flex_cell no_margin av_one_fourth   \"  style='vertical-align:top; padding:30px; ' ><div class='flex_cell_inner' ><div  class='avia-image-container  av-styling-    avia-align-center '  itemprop=\"image\" itemscope=\"itemscope\" itemtype=\"https:\/\/schema.org\/ImageObject\"  ><div class='avia-image-container-inner'><div class='avia-image-overlay-wrap'><a href='http:\/\/www.amormisericordioso.org\/ita\/pastorale-giovanile-vocazionale\/' class='avia_image'  ><img decoding=\"async\" width=\"6912\" height=\"3456\" class='wp-image-4090 avia-img-lazy-loading-not-4090 avia_image' src=\"http:\/\/www.amormisericordioso.org\/ita\/wp-content\/uploads\/2022\/01\/1-1.png\" alt='' title='1'  itemprop=\"thumbnailUrl\" srcset=\"http:\/\/www.amormisericordioso.org\/ita\/wp-content\/uploads\/2022\/01\/1-1.png 6912w, http:\/\/www.amormisericordioso.org\/ita\/wp-content\/uploads\/2022\/01\/1-1-300x150.png 300w, http:\/\/www.amormisericordioso.org\/ita\/wp-content\/uploads\/2022\/01\/1-1-1030x515.png 1030w, http:\/\/www.amormisericordioso.org\/ita\/wp-content\/uploads\/2022\/01\/1-1-768x384.png 768w, http:\/\/www.amormisericordioso.org\/ita\/wp-content\/uploads\/2022\/01\/1-1-1536x768.png 1536w, http:\/\/www.amormisericordioso.org\/ita\/wp-content\/uploads\/2022\/01\/1-1-2048x1024.png 2048w, http:\/\/www.amormisericordioso.org\/ita\/wp-content\/uploads\/2022\/01\/1-1-1500x750.png 1500w, http:\/\/www.amormisericordioso.org\/ita\/wp-content\/uploads\/2022\/01\/1-1-705x353.png 705w\" sizes=\"(max-width: 6912px) 100vw, 6912px\" \/><\/a><\/div><\/div><\/div>\n<\/div><\/div><div class=\"flex_cell no_margin av_one_fourth   \"  style='vertical-align:top; padding:30px; ' ><div class='flex_cell_inner' ><div  class='avia-image-container  av-styling-    avia-align-center '  itemprop=\"image\" itemscope=\"itemscope\" itemtype=\"https:\/\/schema.org\/ImageObject\"  ><div class='avia-image-container-inner'><div class='avia-image-overlay-wrap'><a href='http:\/\/www.amormisericordioso.org\/ita\/beata-speranza-di-gesu\/' class='avia_image'   target=\"_blank\" ><img decoding=\"async\" width=\"6912\" height=\"3456\" class='wp-image-4093 avia-img-lazy-loading-not-4093 avia_image' src=\"http:\/\/www.amormisericordioso.org\/ita\/wp-content\/uploads\/2022\/01\/4-1.png\" alt='' title='4'  itemprop=\"thumbnailUrl\" srcset=\"http:\/\/www.amormisericordioso.org\/ita\/wp-content\/uploads\/2022\/01\/4-1.png 6912w, http:\/\/www.amormisericordioso.org\/ita\/wp-content\/uploads\/2022\/01\/4-1-300x150.png 300w, http:\/\/www.amormisericordioso.org\/ita\/wp-content\/uploads\/2022\/01\/4-1-1030x515.png 1030w, http:\/\/www.amormisericordioso.org\/ita\/wp-content\/uploads\/2022\/01\/4-1-768x384.png 768w, http:\/\/www.amormisericordioso.org\/ita\/wp-content\/uploads\/2022\/01\/4-1-1536x768.png 1536w, http:\/\/www.amormisericordioso.org\/ita\/wp-content\/uploads\/2022\/01\/4-1-2048x1024.png 2048w, http:\/\/www.amormisericordioso.org\/ita\/wp-content\/uploads\/2022\/01\/4-1-1500x750.png 1500w, http:\/\/www.amormisericordioso.org\/ita\/wp-content\/uploads\/2022\/01\/4-1-705x353.png 705w\" sizes=\"(max-width: 6912px) 100vw, 6912px\" \/><\/a><\/div><\/div><\/div>\n<\/div><\/div><div class=\"flex_cell no_margin av_one_fourth   \"  style='vertical-align:top; padding:30px; ' ><div class='flex_cell_inner' ><div  class='avia-image-container  av-styling-    avia-align-center '  itemprop=\"image\" itemscope=\"itemscope\" itemtype=\"https:\/\/schema.org\/ImageObject\"  ><div class='avia-image-container-inner'><div class='avia-image-overlay-wrap'><a href='http:\/\/www.amormisericordioso.org\/ita\/famiglia-dellamore-misericordioso\/la-nostra-presenza-nel-mondo\/' class='avia_image'  ><img decoding=\"async\" width=\"6912\" height=\"3456\" class='wp-image-4091 avia-img-lazy-loading-not-4091 avia_image' src=\"http:\/\/www.amormisericordioso.org\/ita\/wp-content\/uploads\/2022\/01\/2-1.png\" alt='' title='2'  itemprop=\"thumbnailUrl\" srcset=\"http:\/\/www.amormisericordioso.org\/ita\/wp-content\/uploads\/2022\/01\/2-1.png 6912w, http:\/\/www.amormisericordioso.org\/ita\/wp-content\/uploads\/2022\/01\/2-1-300x150.png 300w, http:\/\/www.amormisericordioso.org\/ita\/wp-content\/uploads\/2022\/01\/2-1-1030x515.png 1030w, http:\/\/www.amormisericordioso.org\/ita\/wp-content\/uploads\/2022\/01\/2-1-768x384.png 768w, http:\/\/www.amormisericordioso.org\/ita\/wp-content\/uploads\/2022\/01\/2-1-1536x768.png 1536w, http:\/\/www.amormisericordioso.org\/ita\/wp-content\/uploads\/2022\/01\/2-1-2048x1024.png 2048w, http:\/\/www.amormisericordioso.org\/ita\/wp-content\/uploads\/2022\/01\/2-1-1500x750.png 1500w, http:\/\/www.amormisericordioso.org\/ita\/wp-content\/uploads\/2022\/01\/2-1-705x353.png 705w\" sizes=\"(max-width: 6912px) 100vw, 6912px\" \/><\/a><\/div><\/div><\/div>\n<\/div><\/div><div class=\"flex_cell no_margin av_one_fourth   \"  style='vertical-align:top; padding:30px; ' ><div class='flex_cell_inner' ><div  class='avia-image-container  av-styling-    avia-align-center '  itemprop=\"image\" itemscope=\"itemscope\" itemtype=\"https:\/\/schema.org\/ImageObject\"  ><div class='avia-image-container-inner'><div class='avia-image-overlay-wrap'><a href='http:\/\/www.amormisericordioso.org\/ita\/canali-social\/' class='avia_image'   target=\"_blank\" ><img decoding=\"async\" width=\"6912\" height=\"3456\" class='wp-image-4092 avia-img-lazy-loading-not-4092 avia_image' src=\"http:\/\/www.amormisericordioso.org\/ita\/wp-content\/uploads\/2022\/01\/3-1.png\" alt='' title='3'  itemprop=\"thumbnailUrl\" srcset=\"http:\/\/www.amormisericordioso.org\/ita\/wp-content\/uploads\/2022\/01\/3-1.png 6912w, http:\/\/www.amormisericordioso.org\/ita\/wp-content\/uploads\/2022\/01\/3-1-300x150.png 300w, http:\/\/www.amormisericordioso.org\/ita\/wp-content\/uploads\/2022\/01\/3-1-1030x515.png 1030w, http:\/\/www.amormisericordioso.org\/ita\/wp-content\/uploads\/2022\/01\/3-1-768x384.png 768w, http:\/\/www.amormisericordioso.org\/ita\/wp-content\/uploads\/2022\/01\/3-1-1536x768.png 1536w, http:\/\/www.amormisericordioso.org\/ita\/wp-content\/uploads\/2022\/01\/3-1-2048x1024.png 2048w, http:\/\/www.amormisericordioso.org\/ita\/wp-content\/uploads\/2022\/01\/3-1-1500x750.png 1500w, http:\/\/www.amormisericordioso.org\/ita\/wp-content\/uploads\/2022\/01\/3-1-705x353.png 705w\" sizes=\"(max-width: 6912px) 100vw, 6912px\" \/><\/a><\/div><\/div><\/div>\n<\/div><\/div>\n<\/div>\n<\/div><\/div><\/div><!-- close content main div --><\/div><\/div><div id='av_section_1'  class='avia-section main_color avia-section-default avia-no-border-styling  avia-bg-style-scroll   container_wrap sidebar_right' style='background-color: #f1f1f1;  '  ><div class='container' ><div class='template-page content  av-content-small alpha units'><div class='post-entry post-entry-type-page post-entry-12'><div class='entry-content-wrapper clearfix'>\n<div   class='hr hr-default  '><span class='hr-inner ' ><span class='hr-inner-style'><\/span><\/span><\/div>\n<div class='flex_column_table av-equal-height-column-flextable -flextable' style='margin-top:-60px; margin-bottom:0px; '><div class=\"flex_column av_one_fourth  no_margin flex_column_table_cell av-equal-height-column av-align-top first  \" style='padding:30px; border-radius:0px; '><p><div  class='avia-image-container  av-styling-    avia-align-center '  itemprop=\"image\" itemscope=\"itemscope\" itemtype=\"https:\/\/schema.org\/ImageObject\"  ><div class='avia-image-container-inner'><div class='avia-image-overlay-wrap'><a href='http:\/\/www.amormisericordioso.org\/ita\/figli-dellamore-misericordioso\/chi-sono-i-fam\/' class='avia_image'  ><img decoding=\"async\" width=\"6912\" height=\"3456\" class='wp-image-3358 avia-img-lazy-loading-not-3358 avia_image' src=\"http:\/\/www.amormisericordioso.org\/ita\/wp-content\/uploads\/2021\/12\/Sito-AM-14.png\" alt='' title='Sito AM (14)'  itemprop=\"thumbnailUrl\" srcset=\"http:\/\/www.amormisericordioso.org\/ita\/wp-content\/uploads\/2021\/12\/Sito-AM-14.png 6912w, http:\/\/www.amormisericordioso.org\/ita\/wp-content\/uploads\/2021\/12\/Sito-AM-14-300x150.png 300w, http:\/\/www.amormisericordioso.org\/ita\/wp-content\/uploads\/2021\/12\/Sito-AM-14-1030x515.png 1030w, http:\/\/www.amormisericordioso.org\/ita\/wp-content\/uploads\/2021\/12\/Sito-AM-14-768x384.png 768w, http:\/\/www.amormisericordioso.org\/ita\/wp-content\/uploads\/2021\/12\/Sito-AM-14-1536x768.png 1536w\" sizes=\"(max-width: 6912px) 100vw, 6912px\" \/><\/a><\/div><\/div><\/div><br \/>\n<div  style='height:1px; margin-top:-30px'  class='hr hr-invisible  '><span class='hr-inner ' ><span class='hr-inner-style'><\/span><\/span><\/div><br \/>\n<div  style='padding-bottom:0px; font-size:26px;' class='av-special-heading av-special-heading-h3  blockquote modern-quote  av-inherit-size '><h3 class='av-special-heading-tag '  itemprop=\"headline\"  >I Figli dell\u2018Amore Misericordioso e l\u2019unione fraterna coi Sacerdoti  <\/h3><div class='special-heading-border'><div class='special-heading-inner-border' ><\/div><\/div><\/div><br \/>\n<section class=\"av_textblock_section \"  itemscope=\"itemscope\" itemtype=\"https:\/\/schema.org\/BlogPosting\" itemprop=\"blogPost\" ><div class='avia_textblock  '   itemprop=\"text\" ><p>I FAM sono una Congregazione di sacerdoti e fratelli che\u00a0<strong>annunciano l&#8217;Amore Misericordioso dedicandosi alla cura dei sacerdoti diocesani<\/strong> e &#8220;uniti a questi come fratelli, esercitano con entusiasmo e solo per amore di nostro Signore, tutte le altre opere di carit\u00e0&#8221; (Cost. FAM, Art. 18).<\/p>\n<\/div><\/section><br \/>\n<div  class='avia-button-wrap avia-button-left ' ><a href='http:\/\/www.amormisericordioso.org\/ita\/figli-dellamore-misericordioso\/'  class='avia-button av-icon-on-hover avia-color-theme-color   avia-icon_select-yes-left-icon avia-size-small avia-position-left '   ><span class='avia_button_icon avia_button_icon_left ' aria-hidden='true' data-av_icon='\ue832' data-av_iconfont='entypo-fontello'><\/span><span class='avia_iconbox_title' >Scopri di pi\u00f9<\/span><\/a><\/div><\/p><\/div><\/div><!--close column table wrapper. Autoclose: 1 --><div class='flex_column_table av-equal-height-column-flextable -flextable' style='margin-top:-60px; margin-bottom:0px; '><div class=\"flex_column av_one_fourth  avia-full-stretch no_margin flex_column_table_cell av-equal-height-column av-align-top   \" style='padding:30px; background-color:#ffffff; border-radius:0px; '><p><div  class='avia-image-container  av-styling-    avia-align-center '  itemprop=\"image\" itemscope=\"itemscope\" itemtype=\"https:\/\/schema.org\/ImageObject\"  ><div class='avia-image-container-inner'><div class='avia-image-overlay-wrap'><a href='http:\/\/www.amormisericordioso.org\/ita\/ancelle-dellamore-misericordioso\/chi-sono-le-eam\/' class='avia_image'  ><img decoding=\"async\" width=\"6912\" height=\"3456\" class='wp-image-3322 avia-img-lazy-loading-not-3322 avia_image' src=\"http:\/\/www.amormisericordioso.org\/ita\/wp-content\/uploads\/2021\/12\/Sito-AM-11.png\" alt='' title='Sito AM (11)'  itemprop=\"thumbnailUrl\" srcset=\"http:\/\/www.amormisericordioso.org\/ita\/wp-content\/uploads\/2021\/12\/Sito-AM-11.png 6912w, http:\/\/www.amormisericordioso.org\/ita\/wp-content\/uploads\/2021\/12\/Sito-AM-11-300x150.png 300w, http:\/\/www.amormisericordioso.org\/ita\/wp-content\/uploads\/2021\/12\/Sito-AM-11-1030x515.png 1030w, http:\/\/www.amormisericordioso.org\/ita\/wp-content\/uploads\/2021\/12\/Sito-AM-11-768x384.png 768w, http:\/\/www.amormisericordioso.org\/ita\/wp-content\/uploads\/2021\/12\/Sito-AM-11-1536x768.png 1536w\" sizes=\"(max-width: 6912px) 100vw, 6912px\" \/><\/a><\/div><\/div><\/div><br \/>\n<div  style='height:1px; margin-top:-30px'  class='hr hr-invisible  '><span class='hr-inner ' ><span class='hr-inner-style'><\/span><\/span><\/div><br \/>\n<div  style='padding-bottom:0px; font-size:26px;' class='av-special-heading av-special-heading-h3  blockquote modern-quote  av-inherit-size '><h3 class='av-special-heading-tag '  itemprop=\"headline\"  >Le Ancelle dell\u2019Amore Misericordioso e la loro carit\u00e0 senza limiti<\/h3><div class='special-heading-border'><div class='special-heading-inner-border' ><\/div><\/div><\/div><br \/>\n<section class=\"av_textblock_section \"  itemscope=\"itemscope\" itemtype=\"https:\/\/schema.org\/BlogPosting\" itemprop=\"blogPost\" ><div class='avia_textblock  '   itemprop=\"text\" ><p>Le EAM sono una Congregazione di religiose chiamate a testimoniare l&#8217;Amore Misericordioso, venendo incontro alle necessit\u00e0 dei pi\u00f9 bisognosi,\u00a0<strong>divenendo madri per i pi\u00f9 sfortunati, emarginati e poveri<\/strong>. Le EAM sono chiamate a farsi\u00a0<strong>segno di bont\u00e0 e di grazia<\/strong>.<\/p>\n<\/div><\/section><br \/>\n<div  class='avia-button-wrap avia-button-left ' ><a href='http:\/\/www.amormisericordioso.org\/ita\/ancelle-dellamore-misericordioso\/'  class='avia-button av-icon-on-hover avia-color-theme-color   avia-icon_select-yes-left-icon avia-size-small avia-position-left '   ><span class='avia_button_icon avia_button_icon_left ' aria-hidden='true' data-av_icon='\ue832' data-av_iconfont='entypo-fontello'><\/span><span class='avia_iconbox_title' >Scopri di pi\u00f9<\/span><\/a><\/div><\/p><\/div><\/div><!--close column table wrapper. Autoclose: 1 --><div class='flex_column_table av-equal-height-column-flextable -flextable' style='margin-top:-60px; margin-bottom:0px; '><div class=\"flex_column av_one_fourth  no_margin flex_column_table_cell av-equal-height-column av-align-top   \" style='padding:30px; border-radius:0px; '><p><div  class='avia-image-container  av-styling-    avia-align-center '  itemprop=\"image\" itemscope=\"itemscope\" itemtype=\"https:\/\/schema.org\/ImageObject\"  ><div class='avia-image-container-inner'><div class='avia-image-overlay-wrap'><a href='http:\/\/www.amormisericordioso.org\/ita\/giovani-dellamore-misericordioso\/' class='avia_image'  ><img decoding=\"async\" width=\"6912\" height=\"3456\" class='wp-image-3543 avia-img-lazy-loading-not-3543 avia_image' src=\"http:\/\/www.amormisericordioso.org\/ita\/wp-content\/uploads\/2021\/12\/Sito-AM-32.png\" alt='' title='Sito AM (32)'  itemprop=\"thumbnailUrl\" srcset=\"http:\/\/www.amormisericordioso.org\/ita\/wp-content\/uploads\/2021\/12\/Sito-AM-32.png 6912w, http:\/\/www.amormisericordioso.org\/ita\/wp-content\/uploads\/2021\/12\/Sito-AM-32-300x150.png 300w, http:\/\/www.amormisericordioso.org\/ita\/wp-content\/uploads\/2021\/12\/Sito-AM-32-1030x515.png 1030w, http:\/\/www.amormisericordioso.org\/ita\/wp-content\/uploads\/2021\/12\/Sito-AM-32-768x384.png 768w, http:\/\/www.amormisericordioso.org\/ita\/wp-content\/uploads\/2021\/12\/Sito-AM-32-1536x768.png 1536w\" sizes=\"(max-width: 6912px) 100vw, 6912px\" \/><\/a><\/div><\/div><\/div><br \/>\n<div  style='height:1px; margin-top:-30px'  class='hr hr-invisible  '><span class='hr-inner ' ><span class='hr-inner-style'><\/span><\/span><\/div><br \/>\n<div  style='padding-bottom:0px; font-size:26px;' class='av-special-heading av-special-heading-h3  blockquote modern-quote  av-inherit-size '><h3 class='av-special-heading-tag '  itemprop=\"headline\"  >Pastorale giovanile-vocazionale: formazione e accompagnamento dei giovani <\/h3><div class='special-heading-border'><div class='special-heading-inner-border' ><\/div><\/div><\/div><br \/>\n<section class=\"av_textblock_section \"  itemscope=\"itemscope\" itemtype=\"https:\/\/schema.org\/BlogPosting\" itemprop=\"blogPost\" ><div class='avia_textblock  '   itemprop=\"text\" ><p>La risposta sull&#8217;identit\u00e0 di questi giovani \u00e8 questa: ragazzi che sono stati attratti dall&#8217;Amore Misericordioso di Ges\u00f9 diffuso dalla vita e dall&#8217;insegnamento della beata Madre Speranza.\u00a0<strong>Giovani chiamati a camminare sulle sue orme per annunciare ad altri giovani che Dio li ama come un Padre e una tenera Madre.<\/strong><\/p>\n<\/div><\/section><br \/>\n<div  class='avia-button-wrap avia-button-left ' ><a href='http:\/\/www.amormisericordioso.org\/ita\/giovani-dellamore-misericordioso\/'  class='avia-button av-icon-on-hover avia-color-theme-color   avia-icon_select-yes-left-icon avia-size-small avia-position-left '   ><span class='avia_button_icon avia_button_icon_left ' aria-hidden='true' data-av_icon='\ue832' data-av_iconfont='entypo-fontello'><\/span><span class='avia_iconbox_title' >Scopri di pi\u00f9<\/span><\/a><\/div><\/p><\/div><\/div><!--close column table wrapper. Autoclose: 1 --><div class='flex_column_table av-equal-height-column-flextable -flextable' style='margin-top:-60px; margin-bottom:0px; '><div class=\"flex_column av_one_fourth  no_margin flex_column_table_cell av-equal-height-column av-align-top   \" style='padding:30px; background-color:#ffffff; border-radius:0px; '><p><div  class='avia-image-container  av-styling-    avia-align-center '  itemprop=\"image\" itemscope=\"itemscope\" itemtype=\"https:\/\/schema.org\/ImageObject\"  ><div class='avia-image-container-inner'><div class='avia-image-overlay-wrap'><a href='http:\/\/www.amormisericordioso.org\/ita\/famiglia-dellamore-misericordioso\/la-nostra-presenza-nel-mondo\/' class='avia_image'  ><img decoding=\"async\" width=\"2560\" height=\"1280\" class='wp-image-3037 avia-img-lazy-loading-not-3037 avia_image' src=\"http:\/\/www.amormisericordioso.org\/ita\/wp-content\/uploads\/2021\/11\/Congratulazioni-ai-laureati-del-2025-1-scaled.jpg\" alt='' title='Chiamati ad annunciare a tutto il mondo l&#039;Amore Misericordioso'  itemprop=\"thumbnailUrl\" srcset=\"http:\/\/www.amormisericordioso.org\/ita\/wp-content\/uploads\/2021\/11\/Congratulazioni-ai-laureati-del-2025-1-scaled.jpg 2560w, http:\/\/www.amormisericordioso.org\/ita\/wp-content\/uploads\/2021\/11\/Congratulazioni-ai-laureati-del-2025-1-300x150.jpg 300w, http:\/\/www.amormisericordioso.org\/ita\/wp-content\/uploads\/2021\/11\/Congratulazioni-ai-laureati-del-2025-1-1030x515.jpg 1030w, http:\/\/www.amormisericordioso.org\/ita\/wp-content\/uploads\/2021\/11\/Congratulazioni-ai-laureati-del-2025-1-768x384.jpg 768w, http:\/\/www.amormisericordioso.org\/ita\/wp-content\/uploads\/2021\/11\/Congratulazioni-ai-laureati-del-2025-1-1536x768.jpg 1536w, http:\/\/www.amormisericordioso.org\/ita\/wp-content\/uploads\/2021\/11\/Congratulazioni-ai-laureati-del-2025-1-2048x1024.jpg 2048w, http:\/\/www.amormisericordioso.org\/ita\/wp-content\/uploads\/2021\/11\/Congratulazioni-ai-laureati-del-2025-1-1500x750.jpg 1500w, http:\/\/www.amormisericordioso.org\/ita\/wp-content\/uploads\/2021\/11\/Congratulazioni-ai-laureati-del-2025-1-705x353.jpg 705w\" sizes=\"(max-width: 2560px) 100vw, 2560px\" \/><\/a><\/div><\/div><\/div><br \/>\n<div  style='height:1px; margin-top:-30px'  class='hr hr-invisible  '><span class='hr-inner ' ><span class='hr-inner-style'><\/span><\/span><\/div><br \/>\n<div  style='padding-bottom:0px; font-size:26px;' class='av-special-heading av-special-heading-h3  blockquote modern-quote  av-inherit-size '><h3 class='av-special-heading-tag '  itemprop=\"headline\"  >Un\u2019accoglienza gioiosa e fraterna riservata per tutti coloro che giungono alle nostre case<\/h3><div class='special-heading-border'><div class='special-heading-inner-border' ><\/div><\/div><\/div><br \/>\n<section class=\"av_textblock_section \"  itemscope=\"itemscope\" itemtype=\"https:\/\/schema.org\/BlogPosting\" itemprop=\"blogPost\" ><div class='avia_textblock  '   itemprop=\"text\" ><p class=\"p1\"><span class=\"s1\">Mentre siamo sempre alla scuola della Chiesa che ci insegna come essere famiglia nel senso evangelico,<span class=\"Apple-converted-space\">\u00a0<\/span>vogliamo, secondo il nostro carisma, <b>essere sempre pi\u00f9 famiglia che manifesta l&#8217;Amore Misericordioso nella Chiesa e nel mondo per tutti coloro che giungono nelle nostre comunit\u00e0.<\/b><\/span><\/p>\n<\/div><\/section><br \/>\n<div  class='avia-button-wrap avia-button-left ' ><a href='http:\/\/www.amormisericordioso.org\/ita\/famiglia-dellamore-misericordioso\/la-nostra-presenza-nel-mondo\/'  class='avia-button av-icon-on-hover avia-color-theme-color   avia-icon_select-yes-left-icon avia-size-small avia-position-left '   ><span class='avia_button_icon avia_button_icon_left ' aria-hidden='true' data-av_icon='\ue832' data-av_iconfont='entypo-fontello'><\/span><span class='avia_iconbox_title' >Scopri di pi\u00f9<\/span><\/a><\/div><\/p><\/div><\/div><!--close column table wrapper. Autoclose: 1 -->\n<\/div><\/div><\/div><!-- close content main div --><\/div><\/div><div id='after_section_1'  class='main_color av_default_container_wrap container_wrap sidebar_right' style=' '  ><div class='container' ><div class='template-page content  av-content-small alpha units'><div class='post-entry post-entry-type-page post-entry-12'><div class='entry-content-wrapper clearfix'>\n","protected":false},"excerpt":{"rendered":"","protected":false},"author":4,"featured_media":530,"parent":0,"menu_order":0,"comment_status":"open","ping_status":"closed","template":"","meta":{"_exactmetrics_skip_tracking":false,"_exactmetrics_sitenote_active":false,"_exactmetrics_sitenote_note":"","_exactmetrics_sitenote_category":0,"footnotes":""},"class_list":["post-12","page","type-page","status-publish","has-post-thumbnail","hentry"],"jetpack_sharing_enabled":true,"_links":{"self":[{"href":"http:\/\/www.amormisericordioso.org\/ita\/wp-json\/wp\/v2\/pages\/12","targetHints":{"allow":["GET"]}}],"collection":[{"href":"http:\/\/www.amormisericordioso.org\/ita\/wp-json\/wp\/v2\/pages"}],"about":[{"href":"http:\/\/www.amormisericordioso.org\/ita\/wp-json\/wp\/v2\/types\/page"}],"author":[{"embeddable":true,"href":"http:\/\/www.amormisericordioso.org\/ita\/wp-json\/wp\/v2\/users\/4"}],"replies":[{"embeddable":true,"href":"http:\/\/www.amormisericordioso.org\/ita\/wp-json\/wp\/v2\/comments?post=12"}],"version-history":[{"count":60,"href":"http:\/\/www.amormisericordioso.org\/ita\/wp-json\/wp\/v2\/pages\/12\/revisions"}],"predecessor-version":[{"id":6307,"href":"http:\/\/www.amormisericordioso.org\/ita\/wp-json\/wp\/v2\/pages\/12\/revisions\/6307"}],"wp:featuredmedia":[{"embeddable":true,"href":"http:\/\/www.amormisericordioso.org\/ita\/wp-json\/wp\/v2\/media\/530"}],"wp:attachment":[{"href":"http:\/\/www.amormisericordioso.org\/ita\/wp-json\/wp\/v2\/media?parent=12"}],"curies":[{"name":"wp","href":"https:\/\/api.w.org\/{rel}","templated":true}]}}